{"id":163494,"date":"2020-03-05T10:44:12","date_gmt":"2020-03-05T10:44:12","guid":{"rendered":"http:\/\/sites.ecclesia.pt\/liturgia\/?page_id=163494"},"modified":"2020-03-12T12:01:16","modified_gmt":"2020-03-12T12:01:16","slug":"ano-a-dehonianos","status":"publish","type":"page","link":"http:\/\/sites.ecclesia.pt\/liturgia\/ano-a-dehonianos\/","title":{"rendered":"Ano A &#8211; Dehonianos"},"content":{"rendered":"<p>[et_pb_section bb_built=&#8221;1&#8243; admin_label=&#8221;Hero Section&#8221; _builder_version=&#8221;4.3.4&#8243; use_background_color_gradient=&#8221;on&#8221; background_color_gradient_start=&#8221;rgba(0,0,0,0)&#8221; background_color_gradient_end=&#8221;rgba(0,0,0,0.73)&#8221; background_color_gradient_direction=&#8221;120deg&#8221; background_color_gradient_overlays_image=&#8221;on&#8221; background_image=&#8221;http:\/\/sites.ecclesia.pt\/liturgia\/wp-content\/uploads\/2020\/03\/bible-1869164_1920.jpg&#8221; custom_padding=&#8221;5%||5%|&#8221; next_background_color=&#8221;#ffffff&#8221; box_shadow_horizontal_tablet=&#8221;0px&#8221; box_shadow_vertical_tablet=&#8221;0px&#8221; box_shadow_blur_tablet=&#8221;40px&#8221; box_shadow_spread_tablet=&#8221;0px&#8221; vertical_offset_tablet=&#8221;0&#8243; horizontal_offset_tablet=&#8221;0&#8243; z_index_tablet=&#8221;0&#8243;][et_pb_row admin_label=&#8221;Hero Area&#8221; _builder_version=&#8221;3.0.93&#8243; width=&#8221;80%&#8221; max_width=&#8221;1280px&#8221;][et_pb_column type=&#8221;1_2&#8243; _builder_version=&#8221;3.0.47&#8243; parallax=&#8221;off&#8221; parallax_method=&#8221;on&#8221; custom_padding__hover=&#8221;|||&#8221; custom_padding=&#8221;|||&#8221;][et_pb_text admin_label=&#8221;Title&#8221; background_layout=&#8221;dark&#8221; _builder_version=&#8221;4.4.0&#8243; header_font=&#8221;Poppins|600|||||||&#8221; header_font_size=&#8221;50px&#8221; header_font_size_phone=&#8221;30px&#8221; header_font_size_last_edited=&#8221;on|desktop&#8221; header_line_height=&#8221;1.2em&#8221; animation_style=&#8221;fade&#8221; text_text_shadow_horizontal_length=&#8221;text_text_shadow_style,%91object Object%93&#8243; text_text_shadow_horizontal_length_tablet=&#8221;0px&#8221; text_text_shadow_vertical_length=&#8221;text_text_shadow_style,%91object Object%93&#8243; text_text_shadow_vertical_length_tablet=&#8221;0px&#8221; text_text_shadow_blur_strength=&#8221;text_text_shadow_style,%91object Object%93&#8243; text_text_shadow_blur_strength_tablet=&#8221;1px&#8221; link_text_shadow_horizontal_length=&#8221;link_text_shadow_style,%91object Object%93&#8243; link_text_shadow_horizontal_length_tablet=&#8221;0px&#8221; link_text_shadow_vertical_length=&#8221;link_text_shadow_style,%91object Object%93&#8243; link_text_shadow_vertical_length_tablet=&#8221;0px&#8221; link_text_shadow_blur_strength=&#8221;link_text_shadow_style,%91object Object%93&#8243; link_text_shadow_blur_strength_tablet=&#8221;1px&#8221; ul_text_shadow_horizontal_length=&#8221;ul_text_shadow_style,%91object Object%93&#8243; ul_text_shadow_horizontal_length_tablet=&#8221;0px&#8221; ul_text_shadow_vertical_length=&#8221;ul_text_shadow_style,%91object Object%93&#8243; ul_text_shadow_vertical_length_tablet=&#8221;0px&#8221; ul_text_shadow_blur_strength=&#8221;ul_text_shadow_style,%91object Object%93&#8243; ul_text_shadow_blur_strength_tablet=&#8221;1px&#8221; ol_text_shadow_horizontal_length=&#8221;ol_text_shadow_style,%91object Object%93&#8243; ol_text_shadow_horizontal_length_tablet=&#8221;0px&#8221; ol_text_shadow_vertical_length=&#8221;ol_text_shadow_style,%91object Object%93&#8243; ol_text_shadow_vertical_length_tablet=&#8221;0px&#8221; ol_text_shadow_blur_strength=&#8221;ol_text_shadow_style,%91object Object%93&#8243; ol_text_shadow_blur_strength_tablet=&#8221;1px&#8221; quote_text_shadow_horizontal_length=&#8221;quote_text_shadow_style,%91object Object%93&#8243; quote_text_shadow_horizontal_length_tablet=&#8221;0px&#8221; quote_text_shadow_vertical_length=&#8221;quote_text_shadow_style,%91object Object%93&#8243; quote_text_shadow_vertical_length_tablet=&#8221;0px&#8221; quote_text_shadow_blur_strength=&#8221;quote_text_shadow_style,%91object Object%93&#8243; quote_text_shadow_blur_strength_tablet=&#8221;1px&#8221; header_text_shadow_horizontal_length=&#8221;header_text_shadow_style,%91object Object%93&#8243; header_text_shadow_horizontal_length_tablet=&#8221;0px&#8221; header_text_shadow_vertical_length=&#8221;header_text_shadow_style,%91object Object%93&#8243; header_text_shadow_vertical_length_tablet=&#8221;0px&#8221; header_text_shadow_blur_strength=&#8221;header_text_shadow_style,%91object Object%93&#8243; header_text_shadow_blur_strength_tablet=&#8221;1px&#8221; header_2_text_shadow_horizontal_length=&#8221;header_2_text_shadow_style,%91object Object%93&#8243; header_2_text_shadow_horizontal_length_tablet=&#8221;0px&#8221; header_2_text_shadow_vertical_length=&#8221;header_2_text_shadow_style,%91object Object%93&#8243; header_2_text_shadow_vertical_length_tablet=&#8221;0px&#8221; header_2_text_shadow_blur_strength=&#8221;header_2_text_shadow_style,%91object Object%93&#8243; header_2_text_shadow_blur_strength_tablet=&#8221;1px&#8221; header_3_text_shadow_horizontal_length=&#8221;header_3_text_shadow_style,%91object Object%93&#8243; header_3_text_shadow_horizontal_length_tablet=&#8221;0px&#8221; header_3_text_shadow_vertical_length=&#8221;header_3_text_shadow_style,%91object Object%93&#8243; header_3_text_shadow_vertical_length_tablet=&#8221;0px&#8221; header_3_text_shadow_blur_strength=&#8221;header_3_text_shadow_style,%91object Object%93&#8243; header_3_text_shadow_blur_strength_tablet=&#8221;1px&#8221; header_4_text_shadow_horizontal_length=&#8221;header_4_text_shadow_style,%91object Object%93&#8243; header_4_text_shadow_horizontal_length_tablet=&#8221;0px&#8221; header_4_text_shadow_vertical_length=&#8221;header_4_text_shadow_style,%91object Object%93&#8243; header_4_text_shadow_vertical_length_tablet=&#8221;0px&#8221; header_4_text_shadow_blur_strength=&#8221;header_4_text_shadow_style,%91object Object%93&#8243; header_4_text_shadow_blur_strength_tablet=&#8221;1px&#8221; header_5_text_shadow_horizontal_length=&#8221;header_5_text_shadow_style,%91object Object%93&#8243; header_5_text_shadow_horizontal_length_tablet=&#8221;0px&#8221; header_5_text_shadow_vertical_length=&#8221;header_5_text_shadow_style,%91object Object%93&#8243; header_5_text_shadow_vertical_length_tablet=&#8221;0px&#8221; header_5_text_shadow_blur_strength=&#8221;header_5_text_shadow_style,%91object Object%93&#8243; header_5_text_shadow_blur_strength_tablet=&#8221;1px&#8221; header_6_text_shadow_horizontal_length=&#8221;header_6_text_shadow_style,%91object Object%93&#8243; header_6_text_shadow_horizontal_length_tablet=&#8221;0px&#8221; header_6_text_shadow_vertical_length=&#8221;header_6_text_shadow_style,%91object Object%93&#8243; header_6_text_shadow_vertical_length_tablet=&#8221;0px&#8221; header_6_text_shadow_blur_strength=&#8221;header_6_text_shadow_style,%91object Object%93&#8243; header_6_text_shadow_blur_strength_tablet=&#8221;1px&#8221; box_shadow_horizontal_tablet=&#8221;0px&#8221; box_shadow_vertical_tablet=&#8221;0px&#8221; box_shadow_blur_tablet=&#8221;40px&#8221; box_shadow_spread_tablet=&#8221;0px&#8221; vertical_offset_tablet=&#8221;0&#8243; horizontal_offset_tablet=&#8221;0&#8243; z_index_tablet=&#8221;0&#8243; header_font_size_tablet=&#8221;40px&#8221;]<\/p>\n<h1>ANO A<\/h1>\n<h1>Dehonianos<\/h1>\n<p>[\/et_pb_text][et_pb_text admin_label=&#8221;Subtitle&#8221; background_layout=&#8221;dark&#8221; _builder_version=&#8221;4.4.0&#8243; text_font=&#8221;Poppins||||||||&#8221; text_font_size=&#8221;18px&#8221; text_line_height=&#8221;1.8em&#8221; custom_margin=&#8221;|||&#8221; custom_padding=&#8221;|||&#8221; animation_style=&#8221;fade&#8221; text_text_shadow_horizontal_length=&#8221;text_text_shadow_style,%91object Object%93&#8243; text_text_shadow_horizontal_length_tablet=&#8221;0px&#8221; text_text_shadow_vertical_length=&#8221;text_text_shadow_style,%91object Object%93&#8243; text_text_shadow_vertical_length_tablet=&#8221;0px&#8221; text_text_shadow_blur_strength=&#8221;text_text_shadow_style,%91object Object%93&#8243; text_text_shadow_blur_strength_tablet=&#8221;1px&#8221; link_text_shadow_horizontal_length=&#8221;link_text_shadow_style,%91object Object%93&#8243; link_text_shadow_horizontal_length_tablet=&#8221;0px&#8221; link_text_shadow_vertical_length=&#8221;link_text_shadow_style,%91object Object%93&#8243; link_text_shadow_vertical_length_tablet=&#8221;0px&#8221; link_text_shadow_blur_strength=&#8221;link_text_shadow_style,%91object Object%93&#8243; link_text_shadow_blur_strength_tablet=&#8221;1px&#8221; ul_text_shadow_horizontal_length=&#8221;ul_text_shadow_style,%91object Object%93&#8243; ul_text_shadow_horizontal_length_tablet=&#8221;0px&#8221; ul_text_shadow_vertical_length=&#8221;ul_text_shadow_style,%91object Object%93&#8243; ul_text_shadow_vertical_length_tablet=&#8221;0px&#8221; ul_text_shadow_blur_strength=&#8221;ul_text_shadow_style,%91object Object%93&#8243; ul_text_shadow_blur_strength_tablet=&#8221;1px&#8221; ol_text_shadow_horizontal_length=&#8221;ol_text_shadow_style,%91object Object%93&#8243; ol_text_shadow_horizontal_length_tablet=&#8221;0px&#8221; ol_text_shadow_vertical_length=&#8221;ol_text_shadow_style,%91object Object%93&#8243; ol_text_shadow_vertical_length_tablet=&#8221;0px&#8221; ol_text_shadow_blur_strength=&#8221;ol_text_shadow_style,%91object Object%93&#8243; ol_text_shadow_blur_strength_tablet=&#8221;1px&#8221; quote_text_shadow_horizontal_length=&#8221;quote_text_shadow_style,%91object Object%93&#8243; quote_text_shadow_horizontal_length_tablet=&#8221;0px&#8221; quote_text_shadow_vertical_length=&#8221;quote_text_shadow_style,%91object Object%93&#8243; quote_text_shadow_vertical_length_tablet=&#8221;0px&#8221; quote_text_shadow_blur_strength=&#8221;quote_text_shadow_style,%91object Object%93&#8243; quote_text_shadow_blur_strength_tablet=&#8221;1px&#8221; header_text_shadow_horizontal_length=&#8221;header_text_shadow_style,%91object Object%93&#8243; header_text_shadow_horizontal_length_tablet=&#8221;0px&#8221; header_text_shadow_vertical_length=&#8221;header_text_shadow_style,%91object Object%93&#8243; header_text_shadow_vertical_length_tablet=&#8221;0px&#8221; header_text_shadow_blur_strength=&#8221;header_text_shadow_style,%91object Object%93&#8243; header_text_shadow_blur_strength_tablet=&#8221;1px&#8221; header_2_text_shadow_horizontal_length=&#8221;header_2_text_shadow_style,%91object Object%93&#8243; header_2_text_shadow_horizontal_length_tablet=&#8221;0px&#8221; header_2_text_shadow_vertical_length=&#8221;header_2_text_shadow_style,%91object Object%93&#8243; header_2_text_shadow_vertical_length_tablet=&#8221;0px&#8221; header_2_text_shadow_blur_strength=&#8221;header_2_text_shadow_style,%91object Object%93&#8243; header_2_text_shadow_blur_strength_tablet=&#8221;1px&#8221; header_3_text_shadow_horizontal_length=&#8221;header_3_text_shadow_style,%91object Object%93&#8243; header_3_text_shadow_horizontal_length_tablet=&#8221;0px&#8221; header_3_text_shadow_vertical_length=&#8221;header_3_text_shadow_style,%91object Object%93&#8243; header_3_text_shadow_vertical_length_tablet=&#8221;0px&#8221; header_3_text_shadow_blur_strength=&#8221;header_3_text_shadow_style,%91object Object%93&#8243; header_3_text_shadow_blur_strength_tablet=&#8221;1px&#8221; header_4_text_shadow_horizontal_length=&#8221;header_4_text_shadow_style,%91object Object%93&#8243; header_4_text_shadow_horizontal_length_tablet=&#8221;0px&#8221; header_4_text_shadow_vertical_length=&#8221;header_4_text_shadow_style,%91object Object%93&#8243; header_4_text_shadow_vertical_length_tablet=&#8221;0px&#8221; header_4_text_shadow_blur_strength=&#8221;header_4_text_shadow_style,%91object Object%93&#8243; header_4_text_shadow_blur_strength_tablet=&#8221;1px&#8221; header_5_text_shadow_horizontal_length=&#8221;header_5_text_shadow_style,%91object Object%93&#8243; header_5_text_shadow_horizontal_length_tablet=&#8221;0px&#8221; header_5_text_shadow_vertical_length=&#8221;header_5_text_shadow_style,%91object Object%93&#8243; header_5_text_shadow_vertical_length_tablet=&#8221;0px&#8221; header_5_text_shadow_blur_strength=&#8221;header_5_text_shadow_style,%91object Object%93&#8243; header_5_text_shadow_blur_strength_tablet=&#8221;1px&#8221; header_6_text_shadow_horizontal_length=&#8221;header_6_text_shadow_style,%91object Object%93&#8243; header_6_text_shadow_horizontal_length_tablet=&#8221;0px&#8221; header_6_text_shadow_vertical_length=&#8221;header_6_text_shadow_style,%91object Object%93&#8243; header_6_text_shadow_vertical_length_tablet=&#8221;0px&#8221; header_6_text_shadow_blur_strength=&#8221;header_6_text_shadow_style,%91object Object%93&#8243; header_6_text_shadow_blur_strength_tablet=&#8221;1px&#8221; box_shadow_horizontal_tablet=&#8221;0px&#8221; box_shadow_vertical_tablet=&#8221;0px&#8221; box_shadow_blur_tablet=&#8221;40px&#8221; box_shadow_spread_tablet=&#8221;0px&#8221; vertical_offset_tablet=&#8221;0&#8243; horizontal_offset_tablet=&#8221;0&#8243; z_index_tablet=&#8221;0&#8243;]<\/p>\n<p>Coment\u00e1rio do padre Manuel Barbosa, scj<\/p>\n<p>[\/et_pb_text][\/et_pb_column][et_pb_column type=&#8221;1_2&#8243; _builder_version=&#8221;3.0.47&#8243; parallax=&#8221;off&#8221; parallax_method=&#8221;on&#8221; custom_padding__hover=&#8221;|||&#8221; custom_padding=&#8221;|||&#8221;][\/et_pb_column][\/et_pb_row][\/et_pb_section][et_pb_section bb_built=&#8221;1&#8243; _builder_version=&#8221;3.22&#8243; prev_background_color=&#8221;#000000&#8243;][et_pb_row _builder_version=&#8221;3.25&#8243; background_size=&#8221;initial&#8221; background_position=&#8221;top_left&#8221; background_repeat=&#8221;repeat&#8221; column_structure=&#8221;1_2,1_2&#8243;][et_pb_column type=&#8221;1_2&#8243; _builder_version=&#8221;3.25&#8243; custom_padding=&#8221;|||&#8221; custom_padding__hover=&#8221;|||&#8221;][et_pb_text admin_label=&#8221;Tempo Comum&#8221; _builder_version=&#8221;4.3.4&#8243; vertical_offset_tablet=&#8221;0&#8243; horizontal_offset_tablet=&#8221;0&#8243; z_index_tablet=&#8221;0&#8243; text_text_shadow_horizontal_length_tablet=&#8221;0px&#8221; text_text_shadow_vertical_length_tablet=&#8221;0px&#8221; text_text_shadow_blur_strength_tablet=&#8221;1px&#8221; link_text_shadow_horizontal_length_tablet=&#8221;0px&#8221; link_text_shadow_vertical_length_tablet=&#8221;0px&#8221; link_text_shadow_blur_strength_tablet=&#8221;1px&#8221; ul_text_shadow_horizontal_length_tablet=&#8221;0px&#8221; ul_text_shadow_vertical_length_tablet=&#8221;0px&#8221; ul_text_shadow_blur_strength_tablet=&#8221;1px&#8221; ol_text_shadow_horizontal_length_tablet=&#8221;0px&#8221; ol_text_shadow_vertical_length_tablet=&#8221;0px&#8221; ol_text_shadow_blur_strength_tablet=&#8221;1px&#8221; quote_text_shadow_horizontal_length_tablet=&#8221;0px&#8221; quote_text_shadow_vertical_length_tablet=&#8221;0px&#8221; quote_text_shadow_blur_strength_tablet=&#8221;1px&#8221; header_text_shadow_horizontal_length_tablet=&#8221;0px&#8221; header_text_shadow_vertical_length_tablet=&#8221;0px&#8221; header_text_shadow_blur_strength_tablet=&#8221;1px&#8221; header_2_text_shadow_horizontal_length_tablet=&#8221;0px&#8221; header_2_text_shadow_vertical_length_tablet=&#8221;0px&#8221; header_2_text_shadow_blur_strength_tablet=&#8221;1px&#8221; header_3_text_shadow_horizontal_length_tablet=&#8221;0px&#8221; header_3_text_shadow_vertical_length_tablet=&#8221;0px&#8221; header_3_text_shadow_blur_strength_tablet=&#8221;1px&#8221; header_4_text_shadow_horizontal_length_tablet=&#8221;0px&#8221; header_4_text_shadow_vertical_length_tablet=&#8221;0px&#8221; header_4_text_shadow_blur_strength_tablet=&#8221;1px&#8221; header_5_text_shadow_horizontal_length_tablet=&#8221;0px&#8221; header_5_text_shadow_vertical_length_tablet=&#8221;0px&#8221; header_5_text_shadow_blur_strength_tablet=&#8221;1px&#8221; header_6_text_shadow_horizontal_length_tablet=&#8221;0px&#8221; header_6_text_shadow_vertical_length_tablet=&#8221;0px&#8221; header_6_text_shadow_blur_strength_tablet=&#8221;1px&#8221; box_shadow_horizontal_tablet=&#8221;0px&#8221; box_shadow_vertical_tablet=&#8221;0px&#8221; box_shadow_blur_tablet=&#8221;40px&#8221; box_shadow_spread_tablet=&#8221;0px&#8221; text_text_shadow_horizontal_length=&#8221;text_text_shadow_style,%91object Object%93&#8243; text_text_shadow_vertical_length=&#8221;text_text_shadow_style,%91object Object%93&#8243; text_text_shadow_blur_strength=&#8221;text_text_shadow_style,%91object Object%93&#8243; link_text_shadow_horizontal_length=&#8221;link_text_shadow_style,%91object Object%93&#8243; link_text_shadow_vertical_length=&#8221;link_text_shadow_style,%91object Object%93&#8243; link_text_shadow_blur_strength=&#8221;link_text_shadow_style,%91object Object%93&#8243; ul_text_shadow_horizontal_length=&#8221;ul_text_shadow_style,%91object Object%93&#8243; ul_text_shadow_vertical_length=&#8221;ul_text_shadow_style,%91object Object%93&#8243; ul_text_shadow_blur_strength=&#8221;ul_text_shadow_style,%91object Object%93&#8243; ol_text_shadow_horizontal_length=&#8221;ol_text_shadow_style,%91object Object%93&#8243; ol_text_shadow_vertical_length=&#8221;ol_text_shadow_style,%91object Object%93&#8243; ol_text_shadow_blur_strength=&#8221;ol_text_shadow_style,%91object Object%93&#8243; quote_text_shadow_horizontal_length=&#8221;quote_text_shadow_style,%91object Object%93&#8243; quote_text_shadow_vertical_length=&#8221;quote_text_shadow_style,%91object Object%93&#8243; quote_text_shadow_blur_strength=&#8221;quote_text_shadow_style,%91object Object%93&#8243; header_text_shadow_horizontal_length=&#8221;header_text_shadow_style,%91object Object%93&#8243; header_text_shadow_vertical_length=&#8221;header_text_shadow_style,%91object Object%93&#8243; header_text_shadow_blur_strength=&#8221;header_text_shadow_style,%91object Object%93&#8243; header_2_text_shadow_horizontal_length=&#8221;header_2_text_shadow_style,%91object Object%93&#8243; header_2_text_shadow_vertical_length=&#8221;header_2_text_shadow_style,%91object Object%93&#8243; header_2_text_shadow_blur_strength=&#8221;header_2_text_shadow_style,%91object Object%93&#8243; header_3_text_shadow_horizontal_length=&#8221;header_3_text_shadow_style,%91object Object%93&#8243; header_3_text_shadow_vertical_length=&#8221;header_3_text_shadow_style,%91object Object%93&#8243; header_3_text_shadow_blur_strength=&#8221;header_3_text_shadow_style,%91object Object%93&#8243; header_4_text_shadow_horizontal_length=&#8221;header_4_text_shadow_style,%91object Object%93&#8243; header_4_text_shadow_vertical_length=&#8221;header_4_text_shadow_style,%91object Object%93&#8243; header_4_text_shadow_blur_strength=&#8221;header_4_text_shadow_style,%91object Object%93&#8243; header_5_text_shadow_horizontal_length=&#8221;header_5_text_shadow_style,%91object Object%93&#8243; header_5_text_shadow_vertical_length=&#8221;header_5_text_shadow_style,%91object Object%93&#8243; header_5_text_shadow_blur_strength=&#8221;header_5_text_shadow_style,%91object Object%93&#8243; header_6_text_shadow_horizontal_length=&#8221;header_6_text_shadow_style,%91object Object%93&#8243; header_6_text_shadow_vertical_length=&#8221;header_6_text_shadow_style,%91object Object%93&#8243; header_6_text_shadow_blur_strength=&#8221;header_6_text_shadow_style,%91object Object%93&#8243;]<\/p>\n<h3>Tempo Comum<\/h3>\n<div class=\"pt-cv-wrapper et_smooth_scroll_disabled\"><div class=\"pt-cv-view pt-cv-collapsible\" id=\"pt-cv-view-2a0e478nja\"><div data-id=\"pt-cv-page-1\" class=\"pt-cv-page\" data-cvc=\"1\"><div class=\"panel-group\" id=\"acbd70fg3m\"><div class=\"panel panel-default pt-cv-content-item pt-cv-1-col\" >\r\n<div class=\"panel-heading pt-cv-title\">\r\n    <a class=\"panel-title\" data-toggle=\"cvcollapse\" data-parent=\"#acbd70fg3m\" data-target=\"#fb786093c4\" href='http:\/\/sites.ecclesia.pt\/liturgia\/ano-a-2-o-domingo-do-tempo-comum\/' onclick='event.preventDefault()'>\r\n\t\tAno A &#8211; 02.\u00ba Domingo do Tempo Comum &#8211; Dehonianos\t<\/a>\r\n\t<\/div>\r\n<div id=\"fb786093c4\" class=\"panel-collapse collapse \">\r\n\t<div class=\"panel-body\">\r\n\t\t<div class=\"pt-cv-content\"><p><iframe loading=\"lazy\" title=\"Ano A - 2.\u00ba Domingo do Tempo Comum\" width=\"1080\" height=\"810\" src=\"https:\/\/www.youtube.com\/embed\/ioIbBjOzFI0?feature=oembed\" frameborder=\"0\" allow=\"accelerometer; autoplay; encrypted-media; gyroscope; picture-in-picture\" allowfullscreen><\/iframe><\/p>\n<p><em>Santos e felizes em Deus<\/em><\/p>\n<p> <a href=\"http:\/\/sites.ecclesia.pt\/liturgia\/ano-a-2-o-domingo-do-tempo-comum\/#more-159861\" class=\"more-link\"><span aria-label=\"Continue a ler Ano A &#8211; 02.\u00ba Domingo do Tempo Comum &#8211; Dehonianos\">(mais&hellip;)<\/span><\/a><\/p>\n<\/div>\t<\/div>\r\n<\/div><\/div>\n<div class=\"panel panel-default pt-cv-content-item pt-cv-1-col\" >\r\n<div class=\"panel-heading pt-cv-title\">\r\n    <a class=\"panel-title\" data-toggle=\"cvcollapse\" data-parent=\"#acbd70fg3m\" data-target=\"#d6f23b2b46\" href='http:\/\/sites.ecclesia.pt\/liturgia\/ano-a-03o-domingo-do-tempo-comum\/' onclick='event.preventDefault()'>\r\n\t\tAno A &#8211; 03.\u00ba Domingo do Tempo Comum &#8211; Dehonianos\t<\/a>\r\n\t<\/div>\r\n<div id=\"d6f23b2b46\" class=\"panel-collapse collapse \">\r\n\t<div class=\"panel-body\">\r\n\t\t<div class=\"pt-cv-content\"><p><iframe loading=\"lazy\" title=\"Ano A - 3.\u00ba. Domingo do Tempo Comum\" width=\"1080\" height=\"608\" src=\"https:\/\/www.youtube.com\/embed\/89P99UDOdvM?feature=oembed\" frameborder=\"0\" allow=\"accelerometer; autoplay; encrypted-media; gyroscope; picture-in-picture\" allowfullscreen><\/iframe><\/p>\n<p><em>Irradiar a unidade em Cristo<\/em><\/p>\n<p> <a href=\"http:\/\/sites.ecclesia.pt\/liturgia\/ano-a-03o-domingo-do-tempo-comum\/#more-160607\" class=\"more-link\"><span aria-label=\"Continue a ler Ano A &#8211; 03.\u00ba Domingo do Tempo Comum &#8211; Dehonianos\">(mais&hellip;)<\/span><\/a><\/p>\n<\/div>\t<\/div>\r\n<\/div><\/div>\n<div class=\"panel panel-default pt-cv-content-item pt-cv-1-col\" >\r\n<div class=\"panel-heading pt-cv-title\">\r\n    <a class=\"panel-title\" data-toggle=\"cvcollapse\" data-parent=\"#acbd70fg3m\" data-target=\"#d5b4babecv\" href='http:\/\/sites.ecclesia.pt\/liturgia\/ano-a-05o-domingo-do-tempo-comum\/' onclick='event.preventDefault()'>\r\n\t\tAno A &#8211; 05.\u00ba Domingo do Tempo Comum &#8211; Dehonianos\t<\/a>\r\n\t<\/div>\r\n<div id=\"d5b4babecv\" class=\"panel-collapse collapse \">\r\n\t<div class=\"panel-body\">\r\n\t\t<div class=\"pt-cv-content\"><p><iframe loading=\"lazy\" title=\"Ano A - 5.\u00ba  domingo do Tempo Comum\" width=\"1080\" height=\"608\" src=\"https:\/\/www.youtube.com\/embed\/LNCH9963VhQ?feature=oembed\" frameborder=\"0\" allow=\"accelerometer; autoplay; encrypted-media; gyroscope; picture-in-picture\" allowfullscreen><\/iframe><\/p>\n<p><em>Iluminar com o sabor de Cristo<\/em><\/p>\n<p> <a href=\"http:\/\/sites.ecclesia.pt\/liturgia\/ano-a-05o-domingo-do-tempo-comum\/#more-162623\" class=\"more-link\"><span aria-label=\"Continue a ler Ano A &#8211; 05.\u00ba Domingo do Tempo Comum &#8211; Dehonianos\">(mais&hellip;)<\/span><\/a><\/p>\n<\/div>\t<\/div>\r\n<\/div><\/div>\n<div class=\"panel panel-default pt-cv-content-item pt-cv-1-col\" >\r\n<div class=\"panel-heading pt-cv-title\">\r\n    <a class=\"panel-title\" data-toggle=\"cvcollapse\" data-parent=\"#acbd70fg3m\" data-target=\"#7066a01c2x\" href='http:\/\/sites.ecclesia.pt\/liturgia\/ano-a-6-o-domingo-do-tempo-comum\/' onclick='event.preventDefault()'>\r\n\t\tAno A &#8211; 06.\u00ba Domingo do Tempo Comum &#8211; Dehonianos\t<\/a>\r\n\t<\/div>\r\n<div id=\"7066a01c2x\" class=\"panel-collapse collapse \">\r\n\t<div class=\"panel-body\">\r\n\t\t<div class=\"pt-cv-content\"><p><iframe loading=\"lazy\" title=\"Ano A - 6.\u00ba Domingo do Tempo Comum\" width=\"1080\" height=\"608\" src=\"https:\/\/www.youtube.com\/embed\/m8AIA9lgICg?feature=oembed\" frameborder=\"0\" allow=\"accelerometer; autoplay; encrypted-media; gyroscope; picture-in-picture\" allowfullscreen><\/iframe><\/p>\n<p><em>Lei como caminho de encontro com Deus<\/em><\/p>\n<p> <a href=\"http:\/\/sites.ecclesia.pt\/liturgia\/ano-a-6-o-domingo-do-tempo-comum\/#more-163874\" class=\"more-link\"><span aria-label=\"Continue a ler Ano A &#8211; 06.\u00ba Domingo do Tempo Comum &#8211; Dehonianos\">(mais&hellip;)<\/span><\/a><\/p>\n<\/div>\t<\/div>\r\n<\/div><\/div>\n<div class=\"panel panel-default pt-cv-content-item pt-cv-1-col\" >\r\n<div class=\"panel-heading pt-cv-title\">\r\n    <a class=\"panel-title\" data-toggle=\"cvcollapse\" data-parent=\"#acbd70fg3m\" data-target=\"#3940b8begy\" href='http:\/\/sites.ecclesia.pt\/liturgia\/ano-a-7o-domingo-do-tempo-comum-dehonianos\/' onclick='event.preventDefault()'>\r\n\t\tAno A &#8211; 07.\u00ba Domingo do Tempo Comum &#8211; Dehonianos\t<\/a>\r\n\t<\/div>\r\n<div id=\"3940b8begy\" class=\"panel-collapse collapse \">\r\n\t<div class=\"panel-body\">\r\n\t\t<div class=\"pt-cv-content\"><p><iframe loading=\"lazy\" title=\"Ano A - 7.\u00ba domingo do tempo comum\" width=\"1080\" height=\"608\" src=\"https:\/\/www.youtube.com\/embed\/mij-61srQOs?feature=oembed\" frameborder=\"0\" allow=\"accelerometer; autoplay; encrypted-media; gyroscope; picture-in-picture\" allowfullscreen><\/iframe><\/p>\n<p><em>Ser santo \u00e9 ser de Cristo<\/em><\/p>\n<p> <a href=\"http:\/\/sites.ecclesia.pt\/liturgia\/ano-a-7o-domingo-do-tempo-comum-dehonianos\/#more-163868\" class=\"more-link\"><span aria-label=\"Continue a ler Ano A &#8211; 07.\u00ba Domingo do Tempo Comum &#8211; Dehonianos\">(mais&hellip;)<\/span><\/a><\/p>\n<\/div>\t<\/div>\r\n<\/div><\/div>\n<div class=\"panel panel-default pt-cv-content-item pt-cv-1-col\" >\r\n<div class=\"panel-heading pt-cv-title\">\r\n    <a class=\"panel-title\" data-toggle=\"cvcollapse\" data-parent=\"#acbd70fg3m\" data-target=\"#76f2beb0vt\" href='http:\/\/sites.ecclesia.pt\/liturgia\/ano-a-11-o-domingo-do-tempo-comum\/' onclick='event.preventDefault()'>\r\n\t\tAno A &#8211; 11.\u00ba Domingo do Tempo Comum &#8211; Dehonianos\t<\/a>\r\n\t<\/div>\r\n<div id=\"76f2beb0vt\" class=\"panel-collapse collapse \">\r\n\t<div class=\"panel-body\">\r\n\t\t<div class=\"pt-cv-content\"><p><iframe loading=\"lazy\" title=\"Ano A - 11.\u00ba Domingo do Tempo Comum. Coment\u00e1rio do padre Manuel Barbosa, scj\" width=\"1080\" height=\"608\" src=\"https:\/\/www.youtube.com\/embed\/plH9Z5xQJaY?feature=oembed\"  allow=\"accelerometer; autoplay; clipboard-write; encrypted-media; gyroscope; picture-in-picture\" allowfullscreen><\/iframe><\/p>\n<p><em>Deus escolhe, chama e envia<\/em><\/p>\n<p> <a href=\"http:\/\/sites.ecclesia.pt\/liturgia\/ano-a-11-o-domingo-do-tempo-comum\/#more-178449\" class=\"more-link\"><span aria-label=\"Continue a ler Ano A &#8211; 11.\u00ba Domingo do Tempo Comum &#8211; Dehonianos\">(mais&hellip;)<\/span><\/a><\/p>\n<\/div>\t<\/div>\r\n<\/div><\/div>\n<div class=\"panel panel-default pt-cv-content-item pt-cv-1-col\" >\r\n<div class=\"panel-heading pt-cv-title\">\r\n    <a class=\"panel-title\" data-toggle=\"cvcollapse\" data-parent=\"#acbd70fg3m\" data-target=\"#83eaef8tub\" href='http:\/\/sites.ecclesia.pt\/liturgia\/ano-a-12-o-domingo-do-tempo-comum\/' onclick='event.preventDefault()'>\r\n\t\tAno A &#8211; 12.\u00ba Domingo do tempo comum &#8211; Dehonianos\t<\/a>\r\n\t<\/div>\r\n<div id=\"83eaef8tub\" class=\"panel-collapse collapse \">\r\n\t<div class=\"panel-body\">\r\n\t\t<div class=\"pt-cv-content\"><p><iframe loading=\"lazy\" title=\"Ano A - 12.\u00ba Domingo do tempo comum\" width=\"1080\" height=\"608\" src=\"https:\/\/www.youtube.com\/embed\/q9WwyNiriwI?feature=oembed\"  allow=\"accelerometer; autoplay; clipboard-write; encrypted-media; gyroscope; picture-in-picture\" allowfullscreen><\/iframe><\/p>\n<p><em>Deus cuida de n\u00f3s<\/em><\/p>\n<p> <a href=\"http:\/\/sites.ecclesia.pt\/liturgia\/ano-a-12-o-domingo-do-tempo-comum\/#more-179279\" class=\"more-link\"><span aria-label=\"Continue a ler Ano A &#8211; 12.\u00ba Domingo do tempo comum &#8211; Dehonianos\">(mais&hellip;)<\/span><\/a><\/p>\n<\/div>\t<\/div>\r\n<\/div><\/div>\n<div class=\"panel panel-default pt-cv-content-item pt-cv-1-col\" >\r\n<div class=\"panel-heading pt-cv-title\">\r\n    <a class=\"panel-title\" data-toggle=\"cvcollapse\" data-parent=\"#acbd70fg3m\" data-target=\"#3467afd1wr\" href='http:\/\/sites.ecclesia.pt\/liturgia\/ano-a-13-o-domingo-do-tempo-comum\/' onclick='event.preventDefault()'>\r\n\t\tAno A &#8211; 13.\u00ba Domingo do Tempo Comum &#8211; Dehonianos\t<\/a>\r\n\t<\/div>\r\n<div id=\"3467afd1wr\" class=\"panel-collapse collapse \">\r\n\t<div class=\"panel-body\">\r\n\t\t<div class=\"pt-cv-content\"><p><iframe loading=\"lazy\" title=\"Ano A - 13.\u00ba Ddomingo do tempo comum. Coment\u00e1rio do padre Manuel Barbosa, scj\" width=\"1080\" height=\"608\" src=\"https:\/\/www.youtube.com\/embed\/DUBo1mJ-GZQ?feature=oembed\"  allow=\"accelerometer; autoplay; clipboard-write; encrypted-media; gyroscope; picture-in-picture\" allowfullscreen><\/iframe><\/p>\n<p><em>Seguir Cristo na partilha com os irm\u00e3os<\/em><\/p>\n<p> <a href=\"http:\/\/sites.ecclesia.pt\/liturgia\/ano-a-13-o-domingo-do-tempo-comum\/#more-179825\" class=\"more-link\"><span aria-label=\"Continue a ler Ano A &#8211; 13.\u00ba Domingo do Tempo Comum &#8211; Dehonianos\">(mais&hellip;)<\/span><\/a><\/p>\n<\/div>\t<\/div>\r\n<\/div><\/div>\n<div class=\"panel panel-default pt-cv-content-item pt-cv-1-col\" >\r\n<div class=\"panel-heading pt-cv-title\">\r\n    <a class=\"panel-title\" data-toggle=\"cvcollapse\" data-parent=\"#acbd70fg3m\" data-target=\"#2d8cfbc5e6\" href='http:\/\/sites.ecclesia.pt\/liturgia\/ano-a-14-o-domingo-do-tempo-comum\/' onclick='event.preventDefault()'>\r\n\t\tAno A &#8211; 14.\u00ba Domingo do Tempo Comum &#8211; Dehonianos\t<\/a>\r\n\t<\/div>\r\n<div id=\"2d8cfbc5e6\" class=\"panel-collapse collapse \">\r\n\t<div class=\"panel-body\">\r\n\t\t<div class=\"pt-cv-content\"><p><iframe loading=\"lazy\" title=\"Ano A - 14\u00ba domingo do tempo comum. Coment\u00e1rio do padre Manuel Barbosa, scj\" width=\"1080\" height=\"608\" src=\"https:\/\/www.youtube.com\/embed\/BFU0dtYwSxE?feature=oembed\"  allow=\"accelerometer; autoplay; clipboard-write; encrypted-media; gyroscope; picture-in-picture\" allowfullscreen><\/iframe><\/p>\n<p><em>Simples e humildes de cora\u00e7\u00e3o<\/em><\/p>\n<p> <a href=\"http:\/\/sites.ecclesia.pt\/liturgia\/ano-a-14-o-domingo-do-tempo-comum\/#more-180425\" class=\"more-link\"><span aria-label=\"Continue a ler Ano A &#8211; 14.\u00ba Domingo do Tempo Comum &#8211; Dehonianos\">(mais&hellip;)<\/span><\/a><\/p>\n<\/div>\t<\/div>\r\n<\/div><\/div>\n<div class=\"panel panel-default pt-cv-content-item pt-cv-1-col\" >\r\n<div class=\"panel-heading pt-cv-title\">\r\n    <a class=\"panel-title\" data-toggle=\"cvcollapse\" data-parent=\"#acbd70fg3m\" data-target=\"#a5f2e62jaw\" href='http:\/\/sites.ecclesia.pt\/liturgia\/ano-a-15-o-domingo-do-tempo-comum\/' onclick='event.preventDefault()'>\r\n\t\tAno A &#8211; 15.\u00ba Domingo do tempo comum &#8211; Dehonianos\t<\/a>\r\n\t<\/div>\r\n<div id=\"a5f2e62jaw\" class=\"panel-collapse collapse \">\r\n\t<div class=\"panel-body\">\r\n\t\t<div class=\"pt-cv-content\"><p><iframe loading=\"lazy\" title=\"Ano A - 15.\u00ba Domingo do tempo comum. Coment\u00e1rio do padre Manuel Barbosa, scj\" width=\"1080\" height=\"608\" src=\"https:\/\/www.youtube.com\/embed\/U79lP9I6Efs?feature=oembed\"  allow=\"accelerometer; autoplay; clipboard-write; encrypted-media; gyroscope; picture-in-picture\" allowfullscreen><\/iframe><\/p>\n<p><em>Boa terra para semear o Evangelho!<\/em><\/p>\n<p> <a href=\"http:\/\/sites.ecclesia.pt\/liturgia\/ano-a-15-o-domingo-do-tempo-comum\/#more-180941\" class=\"more-link\"><span aria-label=\"Continue a ler Ano A &#8211; 15.\u00ba Domingo do tempo comum &#8211; Dehonianos\">(mais&hellip;)<\/span><\/a><\/p>\n<\/div>\t<\/div>\r\n<\/div><\/div>\n<div class=\"panel panel-default pt-cv-content-item pt-cv-1-col\" >\r\n<div class=\"panel-heading pt-cv-title\">\r\n    <a class=\"panel-title\" data-toggle=\"cvcollapse\" data-parent=\"#acbd70fg3m\" data-target=\"#1a42506otk\" href='http:\/\/sites.ecclesia.pt\/liturgia\/ano-a-16-o-domingo-do-tempo-comum\/' onclick='event.preventDefault()'>\r\n\t\tAno A &#8211; 16.\u00ba Domingo do tempo comum &#8211; Dehonianos\t<\/a>\r\n\t<\/div>\r\n<div id=\"1a42506otk\" class=\"panel-collapse collapse \">\r\n\t<div class=\"panel-body\">\r\n\t\t<div class=\"pt-cv-content\"><p><iframe loading=\"lazy\" title=\"Ano A - 16\u00ba Domingo do Tempo Comum. Coment\u00e1rio do padre Manuel Barbosa, scj\" width=\"1080\" height=\"608\" src=\"https:\/\/www.youtube.com\/embed\/9ZyfjTpdNOo?feature=oembed\"  allow=\"accelerometer; autoplay; clipboard-write; encrypted-media; gyroscope; picture-in-picture\" allowfullscreen><\/iframe><\/p>\n<p>Bondosos e misericordiosos, sempre!<\/p>\n<p> <a href=\"http:\/\/sites.ecclesia.pt\/liturgia\/ano-a-16-o-domingo-do-tempo-comum\/#more-181492\" class=\"more-link\"><span aria-label=\"Continue a ler Ano A &#8211; 16.\u00ba Domingo do tempo comum &#8211; Dehonianos\">(mais&hellip;)<\/span><\/a><\/p>\n<\/div>\t<\/div>\r\n<\/div><\/div>\n<div class=\"panel panel-default pt-cv-content-item pt-cv-1-col\" >\r\n<div class=\"panel-heading pt-cv-title\">\r\n    <a class=\"panel-title\" data-toggle=\"cvcollapse\" data-parent=\"#acbd70fg3m\" data-target=\"#07a1549owd\" href='http:\/\/sites.ecclesia.pt\/liturgia\/ano-a-18o-domingo-do-tempo-comum\/' onclick='event.preventDefault()'>\r\n\t\tAno A &#8211; 18.\u00ba Domingo do Tempo Comum &#8211; Dehonianos\t<\/a>\r\n\t<\/div>\r\n<div id=\"07a1549owd\" class=\"panel-collapse collapse \">\r\n\t<div class=\"panel-body\">\r\n\t\t<div class=\"pt-cv-content\"><p><iframe loading=\"lazy\" title=\"Ano A - 18\u00ba Domingo do Tempo Comum. Coment\u00e1rio do padre Manuel Barbosa, scj.\" width=\"1080\" height=\"608\" src=\"https:\/\/www.youtube.com\/embed\/92ZMiWHbF_s?feature=oembed\"  allow=\"accelerometer; autoplay; clipboard-write; encrypted-media; gyroscope; picture-in-picture\" allowfullscreen><\/iframe><\/p>\n<p><em>Acolher e repartir o P\u00e3o da Eucaristia<\/em><\/p>\n<p> <a href=\"http:\/\/sites.ecclesia.pt\/liturgia\/ano-a-18o-domingo-do-tempo-comum\/#more-182506\" class=\"more-link\"><span aria-label=\"Continue a ler Ano A &#8211; 18.\u00ba Domingo do Tempo Comum &#8211; Dehonianos\">(mais&hellip;)<\/span><\/a><\/p>\n<\/div>\t<\/div>\r\n<\/div><\/div>\n<div class=\"panel panel-default pt-cv-content-item pt-cv-1-col\" >\r\n<div class=\"panel-heading pt-cv-title\">\r\n    <a class=\"panel-title\" data-toggle=\"cvcollapse\" data-parent=\"#acbd70fg3m\" data-target=\"#ae03147tzo\" href='http:\/\/sites.ecclesia.pt\/liturgia\/ano-a-19-o-domingo-do-tempo-comum\/' onclick='event.preventDefault()'>\r\n\t\tAno A &#8211; 19.\u00ba Domingo do tempo comum &#8211; Dehonianos\t<\/a>\r\n\t<\/div>\r\n<div id=\"ae03147tzo\" class=\"panel-collapse collapse \">\r\n\t<div class=\"panel-body\">\r\n\t\t<div class=\"pt-cv-content\"><p><iframe loading=\"lazy\" title=\"Ano A - 19\u00ba domingo do tempo comum. Coment\u00e1rio do padre Manuel Barbosa, scj\" width=\"1080\" height=\"608\" src=\"https:\/\/www.youtube.com\/embed\/Spr2HEjShrM?feature=oembed\"  allow=\"accelerometer; autoplay; clipboard-write; encrypted-media; gyroscope; picture-in-picture\" allowfullscreen><\/iframe><\/p>\n<p>N\u00e3o ponhamos Deus de f\u00e9rias!<\/p>\n<p> <a href=\"http:\/\/sites.ecclesia.pt\/liturgia\/ano-a-19-o-domingo-do-tempo-comum\/#more-183003\" class=\"more-link\"><span aria-label=\"Continue a ler Ano A &#8211; 19.\u00ba Domingo do tempo comum &#8211; Dehonianos\">(mais&hellip;)<\/span><\/a><\/p>\n<\/div>\t<\/div>\r\n<\/div><\/div>\n<div class=\"panel panel-default pt-cv-content-item pt-cv-1-col\" >\r\n<div class=\"panel-heading pt-cv-title\">\r\n    <a class=\"panel-title\" data-toggle=\"cvcollapse\" data-parent=\"#acbd70fg3m\" data-target=\"#5f2d2158me\" href='http:\/\/sites.ecclesia.pt\/liturgia\/ano-a-20-o-domingo-do-tempo-comum\/' onclick='event.preventDefault()'>\r\n\t\tAno A &#8211; 20.\u00ba Domingo do Tempo Comum &#8211; Dehonianos\t<\/a>\r\n\t<\/div>\r\n<div id=\"5f2d2158me\" class=\"panel-collapse collapse \">\r\n\t<div class=\"panel-body\">\r\n\t\t<div class=\"pt-cv-content\"><p><iframe loading=\"lazy\" title=\"Ano A - 20\u00ba domingo do tempo comum. Coment\u00e1rio do padre Manuel Barbosa, scj\" width=\"1080\" height=\"608\" src=\"https:\/\/www.youtube.com\/embed\/Qg6ugcXXTYI?feature=oembed\"  allow=\"accelerometer; autoplay; clipboard-write; encrypted-media; gyroscope; picture-in-picture\" allowfullscreen><\/iframe><\/p>\n<p><em>Abrir o cora\u00e7\u00e3o a todos os irm\u00e3os<\/em><\/p>\n<p> <a href=\"http:\/\/sites.ecclesia.pt\/liturgia\/ano-a-20-o-domingo-do-tempo-comum\/#more-183288\" class=\"more-link\"><span aria-label=\"Continue a ler Ano A &#8211; 20.\u00ba Domingo do Tempo Comum &#8211; Dehonianos\">(mais&hellip;)<\/span><\/a><\/p>\n<\/div>\t<\/div>\r\n<\/div><\/div>\n<div class=\"panel panel-default pt-cv-content-item pt-cv-1-col\" >\r\n<div class=\"panel-heading pt-cv-title\">\r\n    <a class=\"panel-title\" data-toggle=\"cvcollapse\" data-parent=\"#acbd70fg3m\" data-target=\"#0124dd0wrm\" href='http:\/\/sites.ecclesia.pt\/liturgia\/ano-a-21-o-domingo-do-tempo-comum\/' onclick='event.preventDefault()'>\r\n\t\tAno A &#8211; 21.\u00ba Domingo do tempo comum &#8211; Dehonianos\t<\/a>\r\n\t<\/div>\r\n<div id=\"0124dd0wrm\" class=\"panel-collapse collapse \">\r\n\t<div class=\"panel-body\">\r\n\t\t<div class=\"pt-cv-content\"><p><iframe loading=\"lazy\" title=\"Ano A - 21\u00ba domingo do tempo comum. Coment\u00e1rio do padre Manuel Barbosa, scj\" width=\"1080\" height=\"608\" src=\"https:\/\/www.youtube.com\/embed\/p-c4Z5bI9GQ?feature=oembed\"  allow=\"accelerometer; autoplay; clipboard-write; encrypted-media; gyroscope; picture-in-picture\" allowfullscreen><\/iframe><\/p>\n<p><em>Quem \u00e9 Jesus para n\u00f3s?<\/em><\/p>\n<p> <a href=\"http:\/\/sites.ecclesia.pt\/liturgia\/ano-a-21-o-domingo-do-tempo-comum\/#more-183501\" class=\"more-link\"><span aria-label=\"Continue a ler Ano A &#8211; 21.\u00ba Domingo do tempo comum &#8211; Dehonianos\">(mais&hellip;)<\/span><\/a><\/p>\n<\/div>\t<\/div>\r\n<\/div><\/div>\n<div class=\"panel panel-default pt-cv-content-item pt-cv-1-col\" >\r\n<div class=\"panel-heading pt-cv-title\">\r\n    <a class=\"panel-title\" data-toggle=\"cvcollapse\" data-parent=\"#acbd70fg3m\" data-target=\"#a24b0c4j72\" href='http:\/\/sites.ecclesia.pt\/liturgia\/ano-a-22-o-domingo-do-tempo-comum\/' onclick='event.preventDefault()'>\r\n\t\tAno A &#8211; 22.\u00ba Domingo do tempo comum &#8211; Dehonianos\t<\/a>\r\n\t<\/div>\r\n<div id=\"a24b0c4j72\" class=\"panel-collapse collapse \">\r\n\t<div class=\"panel-body\">\r\n\t\t<div class=\"pt-cv-content\"><p><iframe loading=\"lazy\" title=\"Ano A - 22.\u00ba Domingo do tempo comum. Coment\u00e1rio do padre Manuel Barbosa, scj\" width=\"1080\" height=\"608\" src=\"https:\/\/www.youtube.com\/embed\/zKJE69aX35w?feature=oembed\"  allow=\"accelerometer; autoplay; clipboard-write; encrypted-media; gyroscope; picture-in-picture\" allowfullscreen><\/iframe><\/p>\n<p><em>Levar a cruz de Cristo<\/em><\/p>\n<p> <a href=\"http:\/\/sites.ecclesia.pt\/liturgia\/ano-a-22-o-domingo-do-tempo-comum\/#more-183693\" class=\"more-link\"><span aria-label=\"Continue a ler Ano A &#8211; 22.\u00ba Domingo do tempo comum &#8211; Dehonianos\">(mais&hellip;)<\/span><\/a><\/p>\n<\/div>\t<\/div>\r\n<\/div><\/div>\n<div class=\"panel panel-default pt-cv-content-item pt-cv-1-col\" >\r\n<div class=\"panel-heading pt-cv-title\">\r\n    <a class=\"panel-title\" data-toggle=\"cvcollapse\" data-parent=\"#acbd70fg3m\" data-target=\"#d3862ddux2\" href='http:\/\/sites.ecclesia.pt\/liturgia\/ano-a-23-o-domingo-do-tempo-comum\/' onclick='event.preventDefault()'>\r\n\t\tAno A &#8211; 23.\u00ba Domingo do Tempo Comum &#8211; Dehonianos\t<\/a>\r\n\t<\/div>\r\n<div id=\"d3862ddux2\" class=\"panel-collapse collapse \">\r\n\t<div class=\"panel-body\">\r\n\t\t<div class=\"pt-cv-content\"><p><iframe loading=\"lazy\" title=\"Ano A - 23\u00ba Domingo do tempo comum. Coment\u00e1rio do padre Manuel Barbosa, scj\" width=\"1080\" height=\"608\" src=\"https:\/\/www.youtube.com\/embed\/H-MUQP8iVNw?feature=oembed\"  allow=\"accelerometer; autoplay; clipboard-write; encrypted-media; gyroscope; picture-in-picture\" allowfullscreen><\/iframe><\/p>\n<p><em>Caminhar sempre no amor<\/em><\/p>\n<p> <a href=\"http:\/\/sites.ecclesia.pt\/liturgia\/ano-a-23-o-domingo-do-tempo-comum\/#more-184171\" class=\"more-link\"><span aria-label=\"Continue a ler Ano A &#8211; 23.\u00ba Domingo do Tempo Comum &#8211; Dehonianos\">(mais&hellip;)<\/span><\/a><\/p>\n<\/div>\t<\/div>\r\n<\/div><\/div>\n<div class=\"panel panel-default pt-cv-content-item pt-cv-1-col\" >\r\n<div class=\"panel-heading pt-cv-title\">\r\n    <a class=\"panel-title\" data-toggle=\"cvcollapse\" data-parent=\"#acbd70fg3m\" data-target=\"#67956ab4xm\" href='http:\/\/sites.ecclesia.pt\/liturgia\/ano-a-23o-domingo-do-tempo-comum-dehonianos\/' onclick='event.preventDefault()'>\r\n\t\tAno A &#8211; 23.\u00ba Domingo do Tempo Comum &#8211; Dehonianos\t<\/a>\r\n\t<\/div>\r\n<div id=\"67956ab4xm\" class=\"panel-collapse collapse \">\r\n\t<div class=\"panel-body\">\r\n\t\t<div class=\"pt-cv-content\"><p><iframe loading=\"lazy\" title=\"Ano A - 25.\u00ba domingo do Tempo Comum\" width=\"1080\" height=\"608\" src=\"https:\/\/www.youtube.com\/embed\/OVMEu_9uOO0?list=PLG68C8mrFzfTqEFrveAZJjudSYoxoMjY6\"  allow=\"accelerometer; autoplay; clipboard-write; encrypted-media; gyroscope; picture-in-picture\" allowfullscreen><\/iframe><\/p>\n<\/div>\t<\/div>\r\n<\/div><\/div>\n<div class=\"panel panel-default pt-cv-content-item pt-cv-1-col\" >\r\n<div class=\"panel-heading pt-cv-title\">\r\n    <a class=\"panel-title\" data-toggle=\"cvcollapse\" data-parent=\"#acbd70fg3m\" data-target=\"#e0f7087uzq\" href='http:\/\/sites.ecclesia.pt\/liturgia\/ano-a-24-o-domingo-do-tempo-comum\/' onclick='event.preventDefault()'>\r\n\t\tAno A &#8211; 24.\u00ba Domingo do Tempo Comum &#8211; Dehonianos\t<\/a>\r\n\t<\/div>\r\n<div id=\"e0f7087uzq\" class=\"panel-collapse collapse \">\r\n\t<div class=\"panel-body\">\r\n\t\t<div class=\"pt-cv-content\"><p><iframe loading=\"lazy\" title=\"Ano A - 24.\u00ba Domingo do Tempo Comum. Coment\u00e1rio do padre Manuel Barbosa, scj\" width=\"1080\" height=\"608\" src=\"https:\/\/www.youtube.com\/embed\/I2psjI6pSRc?feature=oembed\"  allow=\"accelerometer; autoplay; clipboard-write; encrypted-media; gyroscope; picture-in-picture\" allowfullscreen><\/iframe><\/p>\n<p><em>Perdoar sempre<\/em><\/p>\n<p> <a href=\"http:\/\/sites.ecclesia.pt\/liturgia\/ano-a-24-o-domingo-do-tempo-comum\/#more-184800\" class=\"more-link\"><span aria-label=\"Continue a ler Ano A &#8211; 24.\u00ba Domingo do Tempo Comum &#8211; Dehonianos\">(mais&hellip;)<\/span><\/a><\/p>\n<\/div>\t<\/div>\r\n<\/div><\/div>\n<div class=\"panel panel-default pt-cv-content-item pt-cv-1-col\" >\r\n<div class=\"panel-heading pt-cv-title\">\r\n    <a class=\"panel-title\" data-toggle=\"cvcollapse\" data-parent=\"#acbd70fg3m\" data-target=\"#87a1c69491\" href='http:\/\/sites.ecclesia.pt\/liturgia\/ano-a-25o-domingo-do-tempo-comum-dehonianos\/' onclick='event.preventDefault()'>\r\n\t\tAno A &#8211; 25.\u00ba Domingo do Tempo Comum &#8211; Dehonianos\t<\/a>\r\n\t<\/div>\r\n<div id=\"87a1c69491\" class=\"panel-collapse collapse \">\r\n\t<div class=\"panel-body\">\r\n\t\t<div class=\"pt-cv-content\"><p><iframe loading=\"lazy\" title=\"25.\u00ba domingo do Tempo Comum - Ano A\" width=\"1080\" height=\"608\" src=\"https:\/\/www.youtube.com\/embed\/OVMEu_9uOO0?feature=oembed\" frameborder=\"0\" allow=\"accelerometer; autoplay; encrypted-media; gyroscope; picture-in-picture\" allowfullscreen><\/iframe><\/p>\n<p>&nbsp;<\/p>\n<\/div>\t<\/div>\r\n<\/div><\/div>\n<div class=\"panel panel-default pt-cv-content-item pt-cv-1-col\" >\r\n<div class=\"panel-heading pt-cv-title\">\r\n    <a class=\"panel-title\" data-toggle=\"cvcollapse\" data-parent=\"#acbd70fg3m\" data-target=\"#8dd3b3bmpg\" href='http:\/\/sites.ecclesia.pt\/liturgia\/ano-a-26-o-domingo-do-tempo-comum\/' onclick='event.preventDefault()'>\r\n\t\tAno A &#8211; 26.\u00ba Domingo do Tempo Comum &#8211; Dehonianos\t<\/a>\r\n\t<\/div>\r\n<div id=\"8dd3b3bmpg\" class=\"panel-collapse collapse \">\r\n\t<div class=\"panel-body\">\r\n\t\t<div class=\"pt-cv-content\"><p><iframe loading=\"lazy\" title=\"Ano A - 26.\u00ba Domingo do Tempo Comum. Coment\u00e1rio do padre Manuel Barbosa\" width=\"1080\" height=\"608\" src=\"https:\/\/www.youtube.com\/embed\/vTzIudgQoc4?feature=oembed\"  allow=\"accelerometer; autoplay; clipboard-write; encrypted-media; gyroscope; picture-in-picture\" allowfullscreen><\/iframe><\/p>\n<p><em>Que significa dizer sim a Deus?<\/em><\/p>\n<p> <a href=\"http:\/\/sites.ecclesia.pt\/liturgia\/ano-a-26-o-domingo-do-tempo-comum\/#more-186113\" class=\"more-link\"><span aria-label=\"Continue a ler Ano A &#8211; 26.\u00ba Domingo do Tempo Comum &#8211; Dehonianos\">(mais&hellip;)<\/span><\/a><\/p>\n<\/div>\t<\/div>\r\n<\/div><\/div>\n<div class=\"panel panel-default pt-cv-content-item pt-cv-1-col\" >\r\n<div class=\"panel-heading pt-cv-title\">\r\n    <a class=\"panel-title\" data-toggle=\"cvcollapse\" data-parent=\"#acbd70fg3m\" data-target=\"#ad62467ru6\" href='http:\/\/sites.ecclesia.pt\/liturgia\/ano-a-26o-domingo-do-tempo-comum-dehonianos\/' onclick='event.preventDefault()'>\r\n\t\tAno A &#8211; 26.\u00ba Domingo do Tempo Comum &#8211; Dehonianos\t<\/a>\r\n\t<\/div>\r\n<div id=\"ad62467ru6\" class=\"panel-collapse collapse \">\r\n\t<div class=\"panel-body\">\r\n\t\t<div class=\"pt-cv-content\"><p><iframe loading=\"lazy\" title=\"Ano A - 26.\u00ba domingo do Tempo Comum\" width=\"1080\" height=\"608\" src=\"https:\/\/www.youtube.com\/embed\/rq9_qKaZQno?list=PLG68C8mrFzfTqEFrveAZJjudSYoxoMjY6\"  allow=\"accelerometer; autoplay; clipboard-write; encrypted-media; gyroscope; picture-in-picture\" allowfullscreen><\/iframe><\/p>\n<p>&nbsp;<\/p>\n<\/div>\t<\/div>\r\n<\/div><\/div>\n<div class=\"panel panel-default pt-cv-content-item pt-cv-1-col\" >\r\n<div class=\"panel-heading pt-cv-title\">\r\n    <a class=\"panel-title\" data-toggle=\"cvcollapse\" data-parent=\"#acbd70fg3m\" data-target=\"#dab1da1sn1\" href='http:\/\/sites.ecclesia.pt\/liturgia\/ano-a-27o-domingo-do-tempo-comum-dehonianos\/' onclick='event.preventDefault()'>\r\n\t\tAno A &#8211; 27.\u00ba Domingo do Tempo Comum &#8211; Dehonianos\t<\/a>\r\n\t<\/div>\r\n<div id=\"dab1da1sn1\" class=\"panel-collapse collapse \">\r\n\t<div class=\"panel-body\">\r\n\t\t<div class=\"pt-cv-content\"><p><iframe loading=\"lazy\" title=\"27.\u00ba domingo do tempo Comum - Ano A\" width=\"1080\" height=\"608\" src=\"https:\/\/www.youtube.com\/embed\/Ag_imn7TRhc?feature=oembed\" frameborder=\"0\" allow=\"accelerometer; autoplay; encrypted-media; gyroscope; picture-in-picture\" allowfullscreen><\/iframe><\/p>\n<\/div>\t<\/div>\r\n<\/div><\/div>\n<div class=\"panel panel-default pt-cv-content-item pt-cv-1-col\" >\r\n<div class=\"panel-heading pt-cv-title\">\r\n    <a class=\"panel-title\" data-toggle=\"cvcollapse\" data-parent=\"#acbd70fg3m\" data-target=\"#ba7dfc3n17\" href='http:\/\/sites.ecclesia.pt\/liturgia\/ano-a-28-o-domingo-do-tempo-comum\/' onclick='event.preventDefault()'>\r\n\t\tAno A &#8211; 28.\u00ba Domingo do Tempo Comum &#8211; Dehonianos\t<\/a>\r\n\t<\/div>\r\n<div id=\"ba7dfc3n17\" class=\"panel-collapse collapse \">\r\n\t<div class=\"panel-body\">\r\n\t\t<div class=\"pt-cv-content\"><p><iframe loading=\"lazy\" title=\"Ano A - 28.\u00ba Domingo do Tempo Comum. Coment\u00e1rio do padre Manuel Barbosa, scj\" width=\"1080\" height=\"608\" src=\"https:\/\/www.youtube.com\/embed\/EkEKQWRyUOk?feature=oembed\"  allow=\"accelerometer; autoplay; clipboard-write; encrypted-media; gyroscope; picture-in-picture\" allowfullscreen><\/iframe><\/p>\n<p><em>Aceitar o convite para o banquete<\/em><\/p>\n<p> <a href=\"http:\/\/sites.ecclesia.pt\/liturgia\/ano-a-28-o-domingo-do-tempo-comum\/#more-187405\" class=\"more-link\"><span aria-label=\"Continue a ler Ano A &#8211; 28.\u00ba Domingo do Tempo Comum &#8211; Dehonianos\">(mais&hellip;)<\/span><\/a><\/p>\n<\/div>\t<\/div>\r\n<\/div><\/div>\n<div class=\"panel panel-default pt-cv-content-item pt-cv-1-col\" >\r\n<div class=\"panel-heading pt-cv-title\">\r\n    <a class=\"panel-title\" data-toggle=\"cvcollapse\" data-parent=\"#acbd70fg3m\" data-target=\"#e209b0aiyc\" href='http:\/\/sites.ecclesia.pt\/liturgia\/ano-a-28o-domingo-do-tempo-comum-dehonianos\/' onclick='event.preventDefault()'>\r\n\t\tAno A &#8211; 28.\u00ba Domingo do Tempo Comum &#8211; Dehonianos\t<\/a>\r\n\t<\/div>\r\n<div id=\"e209b0aiyc\" class=\"panel-collapse collapse \">\r\n\t<div class=\"panel-body\">\r\n\t\t<div class=\"pt-cv-content\"><p><iframe loading=\"lazy\" title=\"28.\u00ba domingo do tempo Comum - Ano A\" width=\"1080\" height=\"608\" src=\"https:\/\/www.youtube.com\/embed\/TG88Y5sjPO8?feature=oembed\" frameborder=\"0\" allow=\"accelerometer; autoplay; encrypted-media; gyroscope; picture-in-picture\" allowfullscreen><\/iframe><\/p>\n<p>&nbsp;<\/p>\n<\/div>\t<\/div>\r\n<\/div><\/div>\n<div class=\"panel panel-default pt-cv-content-item pt-cv-1-col\" >\r\n<div class=\"panel-heading pt-cv-title\">\r\n    <a class=\"panel-title\" data-toggle=\"cvcollapse\" data-parent=\"#acbd70fg3m\" data-target=\"#2663dcdn5o\" href='http:\/\/sites.ecclesia.pt\/liturgia\/ano-a-29o-domingo-do-tempo-comum-dehonianos\/' onclick='event.preventDefault()'>\r\n\t\tAno A &#8211; 29.\u00ba Domingo do Tempo Comum &#8211; Dehonianos\t<\/a>\r\n\t<\/div>\r\n<div id=\"2663dcdn5o\" class=\"panel-collapse collapse \">\r\n\t<div class=\"panel-body\">\r\n\t\t<div class=\"pt-cv-content\"><p><iframe loading=\"lazy\" title=\"29.\u00ba domingo do Tempo Comum - Ano A\" width=\"1080\" height=\"608\" src=\"https:\/\/www.youtube.com\/embed\/7jp_Yn3Uu0Q?feature=oembed\" frameborder=\"0\" allow=\"accelerometer; autoplay; encrypted-media; gyroscope; picture-in-picture\" allowfullscreen><\/iframe><\/p>\n<\/div>\t<\/div>\r\n<\/div><\/div>\n<div class=\"panel panel-default pt-cv-content-item pt-cv-1-col\" >\r\n<div class=\"panel-heading pt-cv-title\">\r\n    <a class=\"panel-title\" data-toggle=\"cvcollapse\" data-parent=\"#acbd70fg3m\" data-target=\"#37bc243svm\" href='http:\/\/sites.ecclesia.pt\/liturgia\/ano-a-29-o-domingo-do-tempo-comum\/' onclick='event.preventDefault()'>\r\n\t\tAno A &#8211; 29.\u00ba Domingo do Tempo Comum &#8211; Dehonianos\t<\/a>\r\n\t<\/div>\r\n<div id=\"37bc243svm\" class=\"panel-collapse collapse \">\r\n\t<div class=\"panel-body\">\r\n\t\t<div class=\"pt-cv-content\"><p><iframe loading=\"lazy\" title=\"Ano A - 29.\u00ba Domingo do Tempo Comum. Coment\u00e1rio do padre Manuel Barbosa, scj\" width=\"1080\" height=\"608\" src=\"https:\/\/www.youtube.com\/embed\/60xp4EWpIcw?feature=oembed\"  allow=\"accelerometer; autoplay; clipboard-write; encrypted-media; gyroscope; picture-in-picture\" allowfullscreen><\/iframe><\/p>\n<p><em>Olhar Deus, colaborar no bem comum<\/em><\/p>\n<p> <a href=\"http:\/\/sites.ecclesia.pt\/liturgia\/ano-a-29-o-domingo-do-tempo-comum\/#more-188123\" class=\"more-link\"><span aria-label=\"Continue a ler Ano A &#8211; 29.\u00ba Domingo do Tempo Comum &#8211; Dehonianos\">(mais&hellip;)<\/span><\/a><\/p>\n<\/div>\t<\/div>\r\n<\/div><\/div>\n<div class=\"panel panel-default pt-cv-content-item pt-cv-1-col\" >\r\n<div class=\"panel-heading pt-cv-title\">\r\n    <a class=\"panel-title\" data-toggle=\"cvcollapse\" data-parent=\"#acbd70fg3m\" data-target=\"#e4e2ecc9kp\" href='http:\/\/sites.ecclesia.pt\/liturgia\/ano-a-30-o-domingo-do-tempo-comum\/' onclick='event.preventDefault()'>\r\n\t\tAno A &#8211; 30.\u00ba Domingo do Tempo Comum &#8211; Dehonianos\t<\/a>\r\n\t<\/div>\r\n<div id=\"e4e2ecc9kp\" class=\"panel-collapse collapse \">\r\n\t<div class=\"panel-body\">\r\n\t\t<div class=\"pt-cv-content\"><p><iframe loading=\"lazy\" title=\"Ano A - 30.\u00ba Domingo do Tempo Comum\" width=\"1080\" height=\"608\" src=\"https:\/\/www.youtube.com\/embed\/i_GpRwTQL6M?feature=oembed\"  allow=\"accelerometer; autoplay; clipboard-write; encrypted-media; gyroscope; picture-in-picture\" allowfullscreen><\/iframe><\/p>\n<p><em>Amar Deus, amar o pr\u00f3ximo<\/em><\/p>\n<p> <a href=\"http:\/\/sites.ecclesia.pt\/liturgia\/ano-a-30-o-domingo-do-tempo-comum\/#more-188817\" class=\"more-link\"><span aria-label=\"Continue a ler Ano A &#8211; 30.\u00ba Domingo do Tempo Comum &#8211; Dehonianos\">(mais&hellip;)<\/span><\/a><\/p>\n<\/div>\t<\/div>\r\n<\/div><\/div>\n<div class=\"panel panel-default pt-cv-content-item pt-cv-1-col\" >\r\n<div class=\"panel-heading pt-cv-title\">\r\n    <a class=\"panel-title\" data-toggle=\"cvcollapse\" data-parent=\"#acbd70fg3m\" data-target=\"#82f6773qxu\" href='http:\/\/sites.ecclesia.pt\/liturgia\/ano-a-30o-domingo-do-tempo-comum-dehonianos\/' onclick='event.preventDefault()'>\r\n\t\tAno A &#8211; 30\u00ba Domingo do Tempo Comum &#8211; Dehonianos\t<\/a>\r\n\t<\/div>\r\n<div id=\"82f6773qxu\" class=\"panel-collapse collapse \">\r\n\t<div class=\"panel-body\">\r\n\t\t<div class=\"pt-cv-content\"><p><iframe loading=\"lazy\" title=\"30.\u00ba domingo do Tempo Comum - Ano A\" width=\"1080\" height=\"608\" src=\"https:\/\/www.youtube.com\/embed\/HPsq-LOVM3k?feature=oembed\" frameborder=\"0\" allow=\"accelerometer; autoplay; encrypted-media; gyroscope; picture-in-picture\" allowfullscreen><\/iframe><\/p>\n<\/div>\t<\/div>\r\n<\/div><\/div>\n<div class=\"panel panel-default pt-cv-content-item pt-cv-1-col\" >\r\n<div class=\"panel-heading pt-cv-title\">\r\n    <a class=\"panel-title\" data-toggle=\"cvcollapse\" data-parent=\"#acbd70fg3m\" data-target=\"#fb41f09y86\" href='http:\/\/sites.ecclesia.pt\/liturgia\/ano-a-31o-domingo-do-tempo-comum-dehonianos\/' onclick='event.preventDefault()'>\r\n\t\tAno A &#8211; 31.\u00ba Domingo do Tempo Comum &#8211; Dehonianos\t<\/a>\r\n\t<\/div>\r\n<div id=\"fb41f09y86\" class=\"panel-collapse collapse \">\r\n\t<div class=\"panel-body\">\r\n\t\t<div class=\"pt-cv-content\"><p><iframe loading=\"lazy\" title=\"31.\u00ba domingo do Tempo Comum - Ano A\" width=\"1080\" height=\"608\" src=\"https:\/\/www.youtube.com\/embed\/aZCCnvov0Og?feature=oembed\" frameborder=\"0\" allow=\"accelerometer; autoplay; encrypted-media; gyroscope; picture-in-picture\" allowfullscreen><\/iframe><\/p>\n<\/div>\t<\/div>\r\n<\/div><\/div>\n<div class=\"panel panel-default pt-cv-content-item pt-cv-1-col\" >\r\n<div class=\"panel-heading pt-cv-title\">\r\n    <a class=\"panel-title\" data-toggle=\"cvcollapse\" data-parent=\"#acbd70fg3m\" data-target=\"#e4c8704tu8\" href='http:\/\/sites.ecclesia.pt\/liturgia\/ano-a-32o-domingo-do-tempo-comum\/' onclick='event.preventDefault()'>\r\n\t\tAno A &#8211; 32.\u00ba Domingo do Tempo Comum  &#8211; Dehonianos\t<\/a>\r\n\t<\/div>\r\n<div id=\"e4c8704tu8\" class=\"panel-collapse collapse \">\r\n\t<div class=\"panel-body\">\r\n\t\t<div class=\"pt-cv-content\"><p><iframe loading=\"lazy\" title=\"Ano A - 32\u00ba Domingo do Tempo Comum. Coment\u00e1rio do padre Manuel Barbosa, scj\" width=\"1080\" height=\"608\" src=\"https:\/\/www.youtube.com\/embed\/F3_SENZlVSA?feature=oembed\"  allow=\"accelerometer; autoplay; clipboard-write; encrypted-media; gyroscope; picture-in-picture\" allowfullscreen><\/iframe><\/p>\n<p><em>Preparados para acolher o Senhor<\/em><\/p>\n<p> <a href=\"http:\/\/sites.ecclesia.pt\/liturgia\/ano-a-32o-domingo-do-tempo-comum\/#more-189964\" class=\"more-link\"><span aria-label=\"Continue a ler Ano A &#8211; 32.\u00ba Domingo do Tempo Comum  &#8211; Dehonianos\">(mais&hellip;)<\/span><\/a><\/p>\n<\/div>\t<\/div>\r\n<\/div><\/div>\n<div class=\"panel panel-default pt-cv-content-item pt-cv-1-col\" >\r\n<div class=\"panel-heading pt-cv-title\">\r\n    <a class=\"panel-title\" data-toggle=\"cvcollapse\" data-parent=\"#acbd70fg3m\" data-target=\"#c596e0f2gy\" href='http:\/\/sites.ecclesia.pt\/liturgia\/ano-a-32o-domingo-do-tempo-comum-dehonianos\/' onclick='event.preventDefault()'>\r\n\t\tAno A &#8211; 32.\u00ba Domingo do Tempo Comum &#8211; Dehonianos\t<\/a>\r\n\t<\/div>\r\n<div id=\"c596e0f2gy\" class=\"panel-collapse collapse \">\r\n\t<div class=\"panel-body\">\r\n\t\t<div class=\"pt-cv-content\"><p><iframe loading=\"lazy\" title=\"32.\u00ba domingo do Tempo Comum - Ano A\" width=\"1080\" height=\"608\" src=\"https:\/\/www.youtube.com\/embed\/5_ozJfFBJE8?feature=oembed\" frameborder=\"0\" allow=\"accelerometer; autoplay; encrypted-media; gyroscope; picture-in-picture\" allowfullscreen><\/iframe><\/p>\n<\/div>\t<\/div>\r\n<\/div><\/div>\n<div class=\"panel panel-default pt-cv-content-item pt-cv-1-col\" >\r\n<div class=\"panel-heading pt-cv-title\">\r\n    <a class=\"panel-title\" data-toggle=\"cvcollapse\" data-parent=\"#acbd70fg3m\" data-target=\"#92fcc4b6yi\" href='http:\/\/sites.ecclesia.pt\/liturgia\/ano-a-33o-domingo-do-tempo-comum-dehonianos\/' onclick='event.preventDefault()'>\r\n\t\tAno A &#8211; 33.\u00ba Domingo do Tempo Comum &#8211; Dehonianos\t<\/a>\r\n\t<\/div>\r\n<div id=\"92fcc4b6yi\" class=\"panel-collapse collapse \">\r\n\t<div class=\"panel-body\">\r\n\t\t<div class=\"pt-cv-content\"><p><iframe loading=\"lazy\" title=\"33.\u00ba domingo do Tempo Comum - Ano A\" width=\"1080\" height=\"608\" src=\"https:\/\/www.youtube.com\/embed\/vkyJiUDVr5c?feature=oembed\" frameborder=\"0\" allow=\"accelerometer; autoplay; encrypted-media; gyroscope; picture-in-picture\" allowfullscreen><\/iframe><\/p>\n<p>&nbsp;<\/p>\n<\/div>\t<\/div>\r\n<\/div><\/div>\n<div class=\"panel panel-default pt-cv-content-item pt-cv-1-col\" >\r\n<div class=\"panel-heading pt-cv-title\">\r\n    <a class=\"panel-title\" data-toggle=\"cvcollapse\" data-parent=\"#acbd70fg3m\" data-target=\"#37b62adiq1\" href='http:\/\/sites.ecclesia.pt\/liturgia\/ano-a-33-o-domingo-do-tempo-comum\/' onclick='event.preventDefault()'>\r\n\t\tAno A &#8211; 33.\u00ba Domingo do Tempo Comum &#8211; Dehonianos\t<\/a>\r\n\t<\/div>\r\n<div id=\"37b62adiq1\" class=\"panel-collapse collapse \">\r\n\t<div class=\"panel-body\">\r\n\t\t<div class=\"pt-cv-content\"><p><iframe loading=\"lazy\" title=\"Ano A - 33\u00ba Domingo do Tempo Comum. Coment\u00e1rio do padre Manuel Barbosa, scj\" width=\"1080\" height=\"608\" src=\"https:\/\/www.youtube.com\/embed\/hULjl66l4Hk?feature=oembed\"  allow=\"accelerometer; autoplay; clipboard-write; encrypted-media; gyroscope; picture-in-picture\" allowfullscreen><\/iframe><\/p>\n<p><em>Entrar na alegria do Senhor<\/em><\/p>\n<p> <a href=\"http:\/\/sites.ecclesia.pt\/liturgia\/ano-a-33-o-domingo-do-tempo-comum\/#more-190671\" class=\"more-link\"><span aria-label=\"Continue a ler Ano A &#8211; 33.\u00ba Domingo do Tempo Comum &#8211; Dehonianos\">(mais&hellip;)<\/span><\/a><\/p>\n<\/div>\t<\/div>\r\n<\/div><\/div><\/div><\/div><\/div><\/div>\n<p>&nbsp;<\/p>\n<p>[\/et_pb_text][\/et_pb_column][et_pb_column type=&#8221;1_2&#8243; _builder_version=&#8221;3.25&#8243; custom_padding=&#8221;|||&#8221; custom_padding__hover=&#8221;|||&#8221;][et_pb_text admin_label=&#8221;Advento&#8221; _builder_version=&#8221;4.3.4&#8243; vertical_offset_tablet=&#8221;0&#8243; horizontal_offset_tablet=&#8221;0&#8243; z_index_tablet=&#8221;0&#8243; text_text_shadow_horizontal_length_tablet=&#8221;0px&#8221; text_text_shadow_vertical_length_tablet=&#8221;0px&#8221; text_text_shadow_blur_strength_tablet=&#8221;1px&#8221; link_text_shadow_horizontal_length_tablet=&#8221;0px&#8221; link_text_shadow_vertical_length_tablet=&#8221;0px&#8221; link_text_shadow_blur_strength_tablet=&#8221;1px&#8221; ul_text_shadow_horizontal_length_tablet=&#8221;0px&#8221; ul_text_shadow_vertical_length_tablet=&#8221;0px&#8221; ul_text_shadow_blur_strength_tablet=&#8221;1px&#8221; ol_text_shadow_horizontal_length_tablet=&#8221;0px&#8221; ol_text_shadow_vertical_length_tablet=&#8221;0px&#8221; ol_text_shadow_blur_strength_tablet=&#8221;1px&#8221; quote_text_shadow_horizontal_length_tablet=&#8221;0px&#8221; quote_text_shadow_vertical_length_tablet=&#8221;0px&#8221; quote_text_shadow_blur_strength_tablet=&#8221;1px&#8221; header_text_shadow_horizontal_length_tablet=&#8221;0px&#8221; header_text_shadow_vertical_length_tablet=&#8221;0px&#8221; header_text_shadow_blur_strength_tablet=&#8221;1px&#8221; header_2_text_shadow_horizontal_length_tablet=&#8221;0px&#8221; header_2_text_shadow_vertical_length_tablet=&#8221;0px&#8221; header_2_text_shadow_blur_strength_tablet=&#8221;1px&#8221; header_3_text_shadow_horizontal_length_tablet=&#8221;0px&#8221; header_3_text_shadow_vertical_length_tablet=&#8221;0px&#8221; header_3_text_shadow_blur_strength_tablet=&#8221;1px&#8221; header_4_text_shadow_horizontal_length_tablet=&#8221;0px&#8221; header_4_text_shadow_vertical_length_tablet=&#8221;0px&#8221; header_4_text_shadow_blur_strength_tablet=&#8221;1px&#8221; header_5_text_shadow_horizontal_length_tablet=&#8221;0px&#8221; header_5_text_shadow_vertical_length_tablet=&#8221;0px&#8221; header_5_text_shadow_blur_strength_tablet=&#8221;1px&#8221; header_6_text_shadow_horizontal_length_tablet=&#8221;0px&#8221; header_6_text_shadow_vertical_length_tablet=&#8221;0px&#8221; header_6_text_shadow_blur_strength_tablet=&#8221;1px&#8221; box_shadow_horizontal_tablet=&#8221;0px&#8221; box_shadow_vertical_tablet=&#8221;0px&#8221; box_shadow_blur_tablet=&#8221;40px&#8221; box_shadow_spread_tablet=&#8221;0px&#8221; text_text_shadow_horizontal_length=&#8221;text_text_shadow_style,%91object Object%93&#8243; text_text_shadow_vertical_length=&#8221;text_text_shadow_style,%91object Object%93&#8243; text_text_shadow_blur_strength=&#8221;text_text_shadow_style,%91object Object%93&#8243; link_text_shadow_horizontal_length=&#8221;link_text_shadow_style,%91object Object%93&#8243; link_text_shadow_vertical_length=&#8221;link_text_shadow_style,%91object Object%93&#8243; link_text_shadow_blur_strength=&#8221;link_text_shadow_style,%91object Object%93&#8243; ul_text_shadow_horizontal_length=&#8221;ul_text_shadow_style,%91object Object%93&#8243; ul_text_shadow_vertical_length=&#8221;ul_text_shadow_style,%91object Object%93&#8243; ul_text_shadow_blur_strength=&#8221;ul_text_shadow_style,%91object Object%93&#8243; ol_text_shadow_horizontal_length=&#8221;ol_text_shadow_style,%91object Object%93&#8243; ol_text_shadow_vertical_length=&#8221;ol_text_shadow_style,%91object Object%93&#8243; ol_text_shadow_blur_strength=&#8221;ol_text_shadow_style,%91object Object%93&#8243; quote_text_shadow_horizontal_length=&#8221;quote_text_shadow_style,%91object Object%93&#8243; quote_text_shadow_vertical_length=&#8221;quote_text_shadow_style,%91object Object%93&#8243; quote_text_shadow_blur_strength=&#8221;quote_text_shadow_style,%91object Object%93&#8243; header_text_shadow_horizontal_length=&#8221;header_text_shadow_style,%91object Object%93&#8243; header_text_shadow_vertical_length=&#8221;header_text_shadow_style,%91object Object%93&#8243; header_text_shadow_blur_strength=&#8221;header_text_shadow_style,%91object Object%93&#8243; header_2_text_shadow_horizontal_length=&#8221;header_2_text_shadow_style,%91object Object%93&#8243; header_2_text_shadow_vertical_length=&#8221;header_2_text_shadow_style,%91object Object%93&#8243; header_2_text_shadow_blur_strength=&#8221;header_2_text_shadow_style,%91object Object%93&#8243; header_3_text_shadow_horizontal_length=&#8221;header_3_text_shadow_style,%91object Object%93&#8243; header_3_text_shadow_vertical_length=&#8221;header_3_text_shadow_style,%91object Object%93&#8243; header_3_text_shadow_blur_strength=&#8221;header_3_text_shadow_style,%91object Object%93&#8243; header_4_text_shadow_horizontal_length=&#8221;header_4_text_shadow_style,%91object Object%93&#8243; header_4_text_shadow_vertical_length=&#8221;header_4_text_shadow_style,%91object Object%93&#8243; header_4_text_shadow_blur_strength=&#8221;header_4_text_shadow_style,%91object Object%93&#8243; header_5_text_shadow_horizontal_length=&#8221;header_5_text_shadow_style,%91object Object%93&#8243; header_5_text_shadow_vertical_length=&#8221;header_5_text_shadow_style,%91object Object%93&#8243; header_5_text_shadow_blur_strength=&#8221;header_5_text_shadow_style,%91object Object%93&#8243; header_6_text_shadow_horizontal_length=&#8221;header_6_text_shadow_style,%91object Object%93&#8243; header_6_text_shadow_vertical_length=&#8221;header_6_text_shadow_style,%91object Object%93&#8243; header_6_text_shadow_blur_strength=&#8221;header_6_text_shadow_style,%91object Object%93&#8243;]<\/p>\n<h3>ADVENTO<\/h3>\n<div class=\"pt-cv-wrapper et_smooth_scroll_disabled\"><div class=\"pt-cv-view pt-cv-collapsible\" id=\"pt-cv-view-9a3c85bea3\"><div data-id=\"pt-cv-page-1\" class=\"pt-cv-page\" data-cvc=\"1\"><div class=\"panel-group\" id=\"d417894pua\"><div class=\"panel panel-default pt-cv-content-item pt-cv-1-col\" >\r\n<div class=\"panel-heading pt-cv-title\">\r\n    <a class=\"panel-title\" data-toggle=\"cvcollapse\" data-parent=\"#d417894pua\" data-target=\"#3735b076jl\" href='http:\/\/sites.ecclesia.pt\/liturgia\/ano-a-1o-domingo-do-advento-2\/' onclick='event.preventDefault()'>\r\n\t\tAno A &#8211; 01.\u00ba Domingo do Advento &#8211; Dehonianos\t<\/a>\r\n\t<\/div>\r\n<div id=\"3735b076jl\" class=\"panel-collapse collapse \">\r\n\t<div class=\"panel-body\">\r\n\t\t<div class=\"pt-cv-content\"><p><iframe loading=\"lazy\" title=\"Ano A - 1.\u00ba Domingo do Advento. Coment\u00e1rio do padre Manuel Barbosa, scj\" width=\"1080\" height=\"608\" src=\"https:\/\/www.youtube.com\/embed\/yb2BYVNQYxY?feature=oembed\" frameborder=\"0\" allow=\"accelerometer; autoplay; encrypted-media; gyroscope; picture-in-picture\" allowfullscreen><\/iframe><\/p>\n<p><em>Caminhemos \u00e0 luz do Senhor!<\/em><\/p>\n<p> <a href=\"http:\/\/sites.ecclesia.pt\/liturgia\/ano-a-1o-domingo-do-advento-2\/#more-155636\" class=\"more-link\"><span aria-label=\"Continue a ler Ano A &#8211; 01.\u00ba Domingo do Advento &#8211; Dehonianos\">(mais&hellip;)<\/span><\/a><\/p>\n<\/div>\t<\/div>\r\n<\/div><\/div>\n<div class=\"panel panel-default pt-cv-content-item pt-cv-1-col\" >\r\n<div class=\"panel-heading pt-cv-title\">\r\n    <a class=\"panel-title\" data-toggle=\"cvcollapse\" data-parent=\"#d417894pua\" data-target=\"#0d3b93ahl9\" href='http:\/\/sites.ecclesia.pt\/liturgia\/ano-a-02o-domingo-do-advento\/' onclick='event.preventDefault()'>\r\n\t\tAno A &#8211; 02.\u00ba Domingo do Advento &#8211; Dehonianos\t<\/a>\r\n\t<\/div>\r\n<div id=\"0d3b93ahl9\" class=\"panel-collapse collapse \">\r\n\t<div class=\"panel-body\">\r\n\t\t<div class=\"pt-cv-content\"><p><iframe loading=\"lazy\" title=\"Ano A - Solenidade da Imaculada Concei\u00e7\u00e3o\" width=\"1080\" height=\"608\" src=\"https:\/\/www.youtube.com\/embed\/oFvlOO1IUKM?feature=oembed\" frameborder=\"0\" allow=\"accelerometer; autoplay; encrypted-media; gyroscope; picture-in-picture\" allowfullscreen><\/iframe><\/p>\n<p>Acolher o sim de Maria<\/p>\n<p> <a href=\"http:\/\/sites.ecclesia.pt\/liturgia\/ano-a-02o-domingo-do-advento\/#more-156357\" class=\"more-link\"><span aria-label=\"Continue a ler Ano A &#8211; 02.\u00ba Domingo do Advento &#8211; Dehonianos\">(mais&hellip;)<\/span><\/a><\/p>\n<\/div>\t<\/div>\r\n<\/div><\/div>\n<div class=\"panel panel-default pt-cv-content-item pt-cv-1-col\" >\r\n<div class=\"panel-heading pt-cv-title\">\r\n    <a class=\"panel-title\" data-toggle=\"cvcollapse\" data-parent=\"#d417894pua\" data-target=\"#981b603m2r\" href='http:\/\/sites.ecclesia.pt\/liturgia\/ano-a-2-o-domingo-do-advento-e-solenidade-da-imaculada-conceicao\/' onclick='event.preventDefault()'>\r\n\t\tAno A &#8211; 02.\u00ba Domingo do Advento e Solenidade da Imaculada Concei\u00e7\u00e3o\t<\/a>\r\n\t<\/div>\r\n<div id=\"981b603m2r\" class=\"panel-collapse collapse \">\r\n\t<div class=\"panel-body\">\r\n\t\t<div class=\"pt-cv-content\"><p><iframe loading=\"lazy\" title=\"Ano A - Solenidade da Imaculada Concei\u00e7\u00e3o\" width=\"1080\" height=\"608\" src=\"https:\/\/www.youtube.com\/embed\/oFvlOO1IUKM?feature=oembed\" frameborder=\"0\" allow=\"accelerometer; autoplay; encrypted-media; gyroscope; picture-in-picture\" allowfullscreen><\/iframe><\/p>\n<p>Acolher o sim de Maria<\/p>\n<p> <a href=\"http:\/\/sites.ecclesia.pt\/liturgia\/ano-a-2-o-domingo-do-advento-e-solenidade-da-imaculada-conceicao\/#more-164483\" class=\"more-link\"><span aria-label=\"Continue a ler Ano A &#8211; 02.\u00ba Domingo do Advento e Solenidade da Imaculada Concei\u00e7\u00e3o\">(mais&hellip;)<\/span><\/a><\/p>\n<\/div>\t<\/div>\r\n<\/div><\/div>\n<div class=\"panel panel-default pt-cv-content-item pt-cv-1-col\" >\r\n<div class=\"panel-heading pt-cv-title\">\r\n    <a class=\"panel-title\" data-toggle=\"cvcollapse\" data-parent=\"#d417894pua\" data-target=\"#b081767eo2\" href='http:\/\/sites.ecclesia.pt\/liturgia\/ano-a-03o-domingo-do-advento-2\/' onclick='event.preventDefault()'>\r\n\t\tAno A &#8211; 03.\u00ba Domingo do Advento &#8211; Dehonianos\t<\/a>\r\n\t<\/div>\r\n<div id=\"b081767eo2\" class=\"panel-collapse collapse \">\r\n\t<div class=\"panel-body\">\r\n\t\t<div class=\"pt-cv-content\"><p><iframe loading=\"lazy\" title=\"Ano A - 3.\u00ba domingo do Advento\" width=\"1080\" height=\"608\" src=\"https:\/\/www.youtube.com\/embed\/UWj4x9TEN-w?feature=oembed\" frameborder=\"0\" allow=\"accelerometer; autoplay; encrypted-media; gyroscope; picture-in-picture\" allowfullscreen><\/iframe><\/p>\n<p><em>Viver o Evangelho na alegria<\/em><\/p>\n<p> <a href=\"http:\/\/sites.ecclesia.pt\/liturgia\/ano-a-03o-domingo-do-advento-2\/#more-157000\" class=\"more-link\"><span aria-label=\"Continue a ler Ano A &#8211; 03.\u00ba Domingo do Advento &#8211; Dehonianos\">(mais&hellip;)<\/span><\/a><\/p>\n<\/div>\t<\/div>\r\n<\/div><\/div>\n<div class=\"panel panel-default pt-cv-content-item pt-cv-1-col\" >\r\n<div class=\"panel-heading pt-cv-title\">\r\n    <a class=\"panel-title\" data-toggle=\"cvcollapse\" data-parent=\"#d417894pua\" data-target=\"#58f06190pa\" href='http:\/\/sites.ecclesia.pt\/liturgia\/ano-a-04o-domingo-do-advento\/' onclick='event.preventDefault()'>\r\n\t\tAno A &#8211; 04.\u00ba Domingo do Advento &#8211; Dehonianos\t<\/a>\r\n\t<\/div>\r\n<div id=\"58f06190pa\" class=\"panel-collapse collapse \">\r\n\t<div class=\"panel-body\">\r\n\t\t<div class=\"pt-cv-content\"><p><iframe loading=\"lazy\" title=\"Ano A - 4.\u00ba  domingo de Advento\" width=\"1080\" height=\"608\" src=\"https:\/\/www.youtube.com\/embed\/jmP5VyjKb_Y?feature=oembed\" frameborder=\"0\" allow=\"accelerometer; autoplay; encrypted-media; gyroscope; picture-in-picture\" allowfullscreen><\/iframe><\/p>\n<p><em>Acolher o Deus connosco<\/em><\/p>\n<p> <a href=\"http:\/\/sites.ecclesia.pt\/liturgia\/ano-a-04o-domingo-do-advento\/#more-157659\" class=\"more-link\"><span aria-label=\"Continue a ler Ano A &#8211; 04.\u00ba Domingo do Advento &#8211; Dehonianos\">(mais&hellip;)<\/span><\/a><\/p>\n<\/div>\t<\/div>\r\n<\/div><\/div><\/div><\/div><\/div><\/div>\n<p>[\/et_pb_text][et_pb_text admin_label=&#8221;QUARESMA&#8221; _builder_version=&#8221;4.3.4&#8243; vertical_offset_tablet=&#8221;0&#8243; horizontal_offset_tablet=&#8221;0&#8243; z_index_tablet=&#8221;0&#8243; text_text_shadow_horizontal_length_tablet=&#8221;0px&#8221; text_text_shadow_vertical_length_tablet=&#8221;0px&#8221; text_text_shadow_blur_strength_tablet=&#8221;1px&#8221; link_text_shadow_horizontal_length_tablet=&#8221;0px&#8221; link_text_shadow_vertical_length_tablet=&#8221;0px&#8221; link_text_shadow_blur_strength_tablet=&#8221;1px&#8221; ul_text_shadow_horizontal_length_tablet=&#8221;0px&#8221; ul_text_shadow_vertical_length_tablet=&#8221;0px&#8221; ul_text_shadow_blur_strength_tablet=&#8221;1px&#8221; ol_text_shadow_horizontal_length_tablet=&#8221;0px&#8221; ol_text_shadow_vertical_length_tablet=&#8221;0px&#8221; ol_text_shadow_blur_strength_tablet=&#8221;1px&#8221; quote_text_shadow_horizontal_length_tablet=&#8221;0px&#8221; quote_text_shadow_vertical_length_tablet=&#8221;0px&#8221; quote_text_shadow_blur_strength_tablet=&#8221;1px&#8221; header_text_shadow_horizontal_length_tablet=&#8221;0px&#8221; header_text_shadow_vertical_length_tablet=&#8221;0px&#8221; header_text_shadow_blur_strength_tablet=&#8221;1px&#8221; header_2_text_shadow_horizontal_length_tablet=&#8221;0px&#8221; header_2_text_shadow_vertical_length_tablet=&#8221;0px&#8221; header_2_text_shadow_blur_strength_tablet=&#8221;1px&#8221; header_3_text_shadow_horizontal_length_tablet=&#8221;0px&#8221; header_3_text_shadow_vertical_length_tablet=&#8221;0px&#8221; header_3_text_shadow_blur_strength_tablet=&#8221;1px&#8221; header_4_text_shadow_horizontal_length_tablet=&#8221;0px&#8221; header_4_text_shadow_vertical_length_tablet=&#8221;0px&#8221; header_4_text_shadow_blur_strength_tablet=&#8221;1px&#8221; header_5_text_shadow_horizontal_length_tablet=&#8221;0px&#8221; header_5_text_shadow_vertical_length_tablet=&#8221;0px&#8221; header_5_text_shadow_blur_strength_tablet=&#8221;1px&#8221; header_6_text_shadow_horizontal_length_tablet=&#8221;0px&#8221; header_6_text_shadow_vertical_length_tablet=&#8221;0px&#8221; header_6_text_shadow_blur_strength_tablet=&#8221;1px&#8221; box_shadow_horizontal_tablet=&#8221;0px&#8221; box_shadow_vertical_tablet=&#8221;0px&#8221; box_shadow_blur_tablet=&#8221;40px&#8221; box_shadow_spread_tablet=&#8221;0px&#8221; text_text_shadow_horizontal_length=&#8221;text_text_shadow_style,%91object Object%93&#8243; text_text_shadow_vertical_length=&#8221;text_text_shadow_style,%91object Object%93&#8243; text_text_shadow_blur_strength=&#8221;text_text_shadow_style,%91object Object%93&#8243; link_text_shadow_horizontal_length=&#8221;link_text_shadow_style,%91object Object%93&#8243; link_text_shadow_vertical_length=&#8221;link_text_shadow_style,%91object Object%93&#8243; link_text_shadow_blur_strength=&#8221;link_text_shadow_style,%91object Object%93&#8243; ul_text_shadow_horizontal_length=&#8221;ul_text_shadow_style,%91object Object%93&#8243; ul_text_shadow_vertical_length=&#8221;ul_text_shadow_style,%91object Object%93&#8243; ul_text_shadow_blur_strength=&#8221;ul_text_shadow_style,%91object Object%93&#8243; ol_text_shadow_horizontal_length=&#8221;ol_text_shadow_style,%91object Object%93&#8243; ol_text_shadow_vertical_length=&#8221;ol_text_shadow_style,%91object Object%93&#8243; ol_text_shadow_blur_strength=&#8221;ol_text_shadow_style,%91object Object%93&#8243; quote_text_shadow_horizontal_length=&#8221;quote_text_shadow_style,%91object Object%93&#8243; quote_text_shadow_vertical_length=&#8221;quote_text_shadow_style,%91object Object%93&#8243; quote_text_shadow_blur_strength=&#8221;quote_text_shadow_style,%91object Object%93&#8243; header_text_shadow_horizontal_length=&#8221;header_text_shadow_style,%91object Object%93&#8243; header_text_shadow_vertical_length=&#8221;header_text_shadow_style,%91object Object%93&#8243; header_text_shadow_blur_strength=&#8221;header_text_shadow_style,%91object Object%93&#8243; header_2_text_shadow_horizontal_length=&#8221;header_2_text_shadow_style,%91object Object%93&#8243; header_2_text_shadow_vertical_length=&#8221;header_2_text_shadow_style,%91object Object%93&#8243; header_2_text_shadow_blur_strength=&#8221;header_2_text_shadow_style,%91object Object%93&#8243; header_3_text_shadow_horizontal_length=&#8221;header_3_text_shadow_style,%91object Object%93&#8243; header_3_text_shadow_vertical_length=&#8221;header_3_text_shadow_style,%91object Object%93&#8243; header_3_text_shadow_blur_strength=&#8221;header_3_text_shadow_style,%91object Object%93&#8243; header_4_text_shadow_horizontal_length=&#8221;header_4_text_shadow_style,%91object Object%93&#8243; header_4_text_shadow_vertical_length=&#8221;header_4_text_shadow_style,%91object Object%93&#8243; header_4_text_shadow_blur_strength=&#8221;header_4_text_shadow_style,%91object Object%93&#8243; header_5_text_shadow_horizontal_length=&#8221;header_5_text_shadow_style,%91object Object%93&#8243; header_5_text_shadow_vertical_length=&#8221;header_5_text_shadow_style,%91object Object%93&#8243; header_5_text_shadow_blur_strength=&#8221;header_5_text_shadow_style,%91object Object%93&#8243; header_6_text_shadow_horizontal_length=&#8221;header_6_text_shadow_style,%91object Object%93&#8243; header_6_text_shadow_vertical_length=&#8221;header_6_text_shadow_style,%91object Object%93&#8243; header_6_text_shadow_blur_strength=&#8221;header_6_text_shadow_style,%91object Object%93&#8243;]<\/p>\n<h3>QUARESMA<\/h3>\n<div class=\"pt-cv-wrapper et_smooth_scroll_disabled\"><div class=\"pt-cv-view pt-cv-collapsible\" id=\"pt-cv-view-6516e75pjk\"><div data-id=\"pt-cv-page-1\" class=\"pt-cv-page\" data-cvc=\"1\"><div class=\"panel-group\" id=\"ad72a87x8v\"><div class=\"panel panel-default pt-cv-content-item pt-cv-1-col\" >\r\n<div class=\"panel-heading pt-cv-title\">\r\n    <a class=\"panel-title\" data-toggle=\"cvcollapse\" data-parent=\"#ad72a87x8v\" data-target=\"#73e58143ca\" href='http:\/\/sites.ecclesia.pt\/liturgia\/ano-a-1-o-domingo-da-quaresma-dehonianos\/' onclick='event.preventDefault()'>\r\n\t\tAno A &#8211; 01.\u00ba Domingo da Quaresma &#8211; Dehonianos\t<\/a>\r\n\t<\/div>\r\n<div id=\"73e58143ca\" class=\"panel-collapse collapse \">\r\n\t<div class=\"panel-body\">\r\n\t\t<div class=\"pt-cv-content\"><p><iframe loading=\"lazy\" title=\"Ano A - 1.\u00ba domingo da Quaresma\" width=\"1080\" height=\"608\" src=\"https:\/\/www.youtube.com\/embed\/x5FlZjcnBDw?feature=oembed\" frameborder=\"0\" allow=\"accelerometer; autoplay; encrypted-media; gyroscope; picture-in-picture\" allowfullscreen><\/iframe><\/p>\n<p><em>Caminhar das cinzas para a luz pascal<\/em><\/p>\n<p> <a href=\"http:\/\/sites.ecclesia.pt\/liturgia\/ano-a-1-o-domingo-da-quaresma-dehonianos\/#more-163865\" class=\"more-link\"><span aria-label=\"Continue a ler Ano A &#8211; 01.\u00ba Domingo da Quaresma &#8211; Dehonianos\">(mais&hellip;)<\/span><\/a><\/p>\n<\/div>\t<\/div>\r\n<\/div><\/div>\n<div class=\"panel panel-default pt-cv-content-item pt-cv-1-col\" >\r\n<div class=\"panel-heading pt-cv-title\">\r\n    <a class=\"panel-title\" data-toggle=\"cvcollapse\" data-parent=\"#ad72a87x8v\" data-target=\"#2a0790de1o\" href='http:\/\/sites.ecclesia.pt\/liturgia\/ano-a-2o-domingo-da-quaresma-dehonianos\/' onclick='event.preventDefault()'>\r\n\t\tAno A &#8211; 02.\u00ba Domingo da Quaresma &#8211; Dehonianos\t<\/a>\r\n\t<\/div>\r\n<div id=\"2a0790de1o\" class=\"panel-collapse collapse \">\r\n\t<div class=\"panel-body\">\r\n\t\t<div class=\"pt-cv-content\"><p><iframe loading=\"lazy\" title=\"Ano A - 2.\u00ba domingo da Quaresma\" width=\"1080\" height=\"608\" src=\"https:\/\/www.youtube.com\/embed\/vDXI0AhS3LM?feature=oembed\" frameborder=\"0\" allow=\"accelerometer; autoplay; encrypted-media; gyroscope; picture-in-picture\" allowfullscreen><\/iframe><\/p>\n<p><em>Partir transfigurados<\/em><\/p>\n<p> <a href=\"http:\/\/sites.ecclesia.pt\/liturgia\/ano-a-2o-domingo-da-quaresma-dehonianos\/#more-163858\" class=\"more-link\"><span aria-label=\"Continue a ler Ano A &#8211; 02.\u00ba Domingo da Quaresma &#8211; Dehonianos\">(mais&hellip;)<\/span><\/a><\/p>\n<\/div>\t<\/div>\r\n<\/div><\/div>\n<div class=\"panel panel-default pt-cv-content-item pt-cv-1-col\" >\r\n<div class=\"panel-heading pt-cv-title\">\r\n    <a class=\"panel-title\" data-toggle=\"cvcollapse\" data-parent=\"#ad72a87x8v\" data-target=\"#24c8646pmu\" href='http:\/\/sites.ecclesia.pt\/liturgia\/ano-a-3o-domingo-da-quaresma-dehonianos\/' onclick='event.preventDefault()'>\r\n\t\tAno A &#8211; 03.\u00ba Domingo da Quaresma &#8211; Dehonianos\t<\/a>\r\n\t<\/div>\r\n<div id=\"24c8646pmu\" class=\"panel-collapse collapse \">\r\n\t<div class=\"panel-body\">\r\n\t\t<div class=\"pt-cv-content\"><p><iframe loading=\"lazy\" title=\"Ano A - 3.\u00ba Domingo da Quaresma\" width=\"1080\" height=\"608\" src=\"https:\/\/www.youtube.com\/embed\/cGl28shT4_8?feature=oembed\" frameborder=\"0\" allow=\"accelerometer; autoplay; encrypted-media; gyroscope; picture-in-picture\" allowfullscreen><\/iframe><\/p>\n<p><em>Visitar a Fonte, a \u00c1gua, a Vida!<\/em><\/p>\n<p> <a href=\"http:\/\/sites.ecclesia.pt\/liturgia\/ano-a-3o-domingo-da-quaresma-dehonianos\/#more-164277\" class=\"more-link\"><span aria-label=\"Continue a ler Ano A &#8211; 03.\u00ba Domingo da Quaresma &#8211; Dehonianos\">(mais&hellip;)<\/span><\/a><\/p>\n<\/div>\t<\/div>\r\n<\/div><\/div>\n<div class=\"panel panel-default pt-cv-content-item pt-cv-1-col\" >\r\n<div class=\"panel-heading pt-cv-title\">\r\n    <a class=\"panel-title\" data-toggle=\"cvcollapse\" data-parent=\"#ad72a87x8v\" data-target=\"#b4130ebw5i\" href='http:\/\/sites.ecclesia.pt\/liturgia\/ano-a-04o-domingo-da-quaresma-dehonianos\/' onclick='event.preventDefault()'>\r\n\t\tAno A &#8211; 04.\u00ba Domingo da Quaresma &#8211; Dehonianos\t<\/a>\r\n\t<\/div>\r\n<div id=\"b4130ebw5i\" class=\"panel-collapse collapse \">\r\n\t<div class=\"panel-body\">\r\n\t\t<div class=\"pt-cv-content\"><p><iframe loading=\"lazy\" title=\"Ano A - 04.\u00ba Domingo da Quaresma\" width=\"1080\" height=\"608\" src=\"https:\/\/www.youtube.com\/embed\/7gZFlyr1FH8?feature=oembed\" frameborder=\"0\" allow=\"accelerometer; autoplay; encrypted-media; gyroscope; picture-in-picture\" allowfullscreen><\/iframe><\/p>\n<p><em>Viver como filhos da luz<\/em><\/p>\n<p> <a href=\"http:\/\/sites.ecclesia.pt\/liturgia\/ano-a-04o-domingo-da-quaresma-dehonianos\/#more-164286\" class=\"more-link\"><span aria-label=\"Continue a ler Ano A &#8211; 04.\u00ba Domingo da Quaresma &#8211; Dehonianos\">(mais&hellip;)<\/span><\/a><\/p>\n<\/div>\t<\/div>\r\n<\/div><\/div>\n<div class=\"panel panel-default pt-cv-content-item pt-cv-1-col\" >\r\n<div class=\"panel-heading pt-cv-title\">\r\n    <a class=\"panel-title\" data-toggle=\"cvcollapse\" data-parent=\"#ad72a87x8v\" data-target=\"#304b9f8jiw\" href='http:\/\/sites.ecclesia.pt\/liturgia\/ano-a-5o-domingo-da-quaresma-dehonianos\/' onclick='event.preventDefault()'>\r\n\t\tAno A &#8211; 05.\u00ba Domingo da Quaresma &#8211; Dehonianos\t<\/a>\r\n\t<\/div>\r\n<div id=\"304b9f8jiw\" class=\"panel-collapse collapse \">\r\n\t<div class=\"panel-body\">\r\n\t\t<div class=\"pt-cv-content\"><p><iframe loading=\"lazy\" title=\"Ano A - 5.\u00ba Domingo da Quaresma\" width=\"1080\" height=\"608\" src=\"https:\/\/www.youtube.com\/embed\/Hok2wWm6EMs?feature=oembed\" frameborder=\"0\" allow=\"accelerometer; autoplay; encrypted-media; gyroscope; picture-in-picture\" allowfullscreen><\/iframe><\/p>\n<p><em>Creio no Senhor da Vida<\/em><\/p>\n<p> <a href=\"http:\/\/sites.ecclesia.pt\/liturgia\/ano-a-5o-domingo-da-quaresma-dehonianos\/#more-164289\" class=\"more-link\"><span aria-label=\"Continue a ler Ano A &#8211; 05.\u00ba Domingo da Quaresma &#8211; Dehonianos\">(mais&hellip;)<\/span><\/a><\/p>\n<\/div>\t<\/div>\r\n<\/div><\/div>\n<div class=\"panel panel-default pt-cv-content-item pt-cv-1-col\" >\r\n<div class=\"panel-heading pt-cv-title\">\r\n    <a class=\"panel-title\" data-toggle=\"cvcollapse\" data-parent=\"#ad72a87x8v\" data-target=\"#914e9ed3sc\" href='http:\/\/sites.ecclesia.pt\/liturgia\/ano-a-domingo-de-ramos-dehonianos\/' onclick='event.preventDefault()'>\r\n\t\tAno A &#8211; Domingo de Ramos &#8211; Dehonianos\t<\/a>\r\n\t<\/div>\r\n<div id=\"914e9ed3sc\" class=\"panel-collapse collapse \">\r\n\t<div class=\"panel-body\">\r\n\t\t<div class=\"pt-cv-content\"><p><iframe loading=\"lazy\" title=\"Ano A - Domingo de Ramos\" width=\"1080\" height=\"608\" src=\"https:\/\/www.youtube.com\/embed\/6XaFXMJSJP4?feature=oembed\" frameborder=\"0\" allow=\"accelerometer; autoplay; encrypted-media; gyroscope; picture-in-picture\" allowfullscreen><\/iframe><\/p>\n<p><em>Apaixonados pela Cruz de Cristo<\/em><\/p>\n<p> <a href=\"http:\/\/sites.ecclesia.pt\/liturgia\/ano-a-domingo-de-ramos-dehonianos\/#more-164297\" class=\"more-link\"><span aria-label=\"Continue a ler Ano A &#8211; Domingo de Ramos &#8211; Dehonianos\">(mais&hellip;)<\/span><\/a><\/p>\n<\/div>\t<\/div>\r\n<\/div><\/div><\/div><\/div><\/div><\/div>\n<p>[\/et_pb_text][et_pb_text admin_label=&#8221;Pascoa&#8221; _builder_version=&#8221;4.3.4&#8243; vertical_offset_tablet=&#8221;0&#8243; horizontal_offset_tablet=&#8221;0&#8243; z_index_tablet=&#8221;0&#8243; text_text_shadow_horizontal_length_tablet=&#8221;0px&#8221; text_text_shadow_vertical_length_tablet=&#8221;0px&#8221; text_text_shadow_blur_strength_tablet=&#8221;1px&#8221; link_text_shadow_horizontal_length_tablet=&#8221;0px&#8221; link_text_shadow_vertical_length_tablet=&#8221;0px&#8221; link_text_shadow_blur_strength_tablet=&#8221;1px&#8221; ul_text_shadow_horizontal_length_tablet=&#8221;0px&#8221; ul_text_shadow_vertical_length_tablet=&#8221;0px&#8221; ul_text_shadow_blur_strength_tablet=&#8221;1px&#8221; ol_text_shadow_horizontal_length_tablet=&#8221;0px&#8221; ol_text_shadow_vertical_length_tablet=&#8221;0px&#8221; ol_text_shadow_blur_strength_tablet=&#8221;1px&#8221; quote_text_shadow_horizontal_length_tablet=&#8221;0px&#8221; quote_text_shadow_vertical_length_tablet=&#8221;0px&#8221; quote_text_shadow_blur_strength_tablet=&#8221;1px&#8221; header_text_shadow_horizontal_length_tablet=&#8221;0px&#8221; header_text_shadow_vertical_length_tablet=&#8221;0px&#8221; header_text_shadow_blur_strength_tablet=&#8221;1px&#8221; header_2_text_shadow_horizontal_length_tablet=&#8221;0px&#8221; header_2_text_shadow_vertical_length_tablet=&#8221;0px&#8221; header_2_text_shadow_blur_strength_tablet=&#8221;1px&#8221; header_3_text_shadow_horizontal_length_tablet=&#8221;0px&#8221; header_3_text_shadow_vertical_length_tablet=&#8221;0px&#8221; header_3_text_shadow_blur_strength_tablet=&#8221;1px&#8221; header_4_text_shadow_horizontal_length_tablet=&#8221;0px&#8221; header_4_text_shadow_vertical_length_tablet=&#8221;0px&#8221; header_4_text_shadow_blur_strength_tablet=&#8221;1px&#8221; header_5_text_shadow_horizontal_length_tablet=&#8221;0px&#8221; header_5_text_shadow_vertical_length_tablet=&#8221;0px&#8221; header_5_text_shadow_blur_strength_tablet=&#8221;1px&#8221; header_6_text_shadow_horizontal_length_tablet=&#8221;0px&#8221; header_6_text_shadow_vertical_length_tablet=&#8221;0px&#8221; header_6_text_shadow_blur_strength_tablet=&#8221;1px&#8221; box_shadow_horizontal_tablet=&#8221;0px&#8221; box_shadow_vertical_tablet=&#8221;0px&#8221; box_shadow_blur_tablet=&#8221;40px&#8221; box_shadow_spread_tablet=&#8221;0px&#8221; text_text_shadow_horizontal_length=&#8221;text_text_shadow_style,%91object Object%93&#8243; text_text_shadow_vertical_length=&#8221;text_text_shadow_style,%91object Object%93&#8243; text_text_shadow_blur_strength=&#8221;text_text_shadow_style,%91object Object%93&#8243; link_text_shadow_horizontal_length=&#8221;link_text_shadow_style,%91object Object%93&#8243; link_text_shadow_vertical_length=&#8221;link_text_shadow_style,%91object Object%93&#8243; link_text_shadow_blur_strength=&#8221;link_text_shadow_style,%91object Object%93&#8243; ul_text_shadow_horizontal_length=&#8221;ul_text_shadow_style,%91object Object%93&#8243; ul_text_shadow_vertical_length=&#8221;ul_text_shadow_style,%91object Object%93&#8243; ul_text_shadow_blur_strength=&#8221;ul_text_shadow_style,%91object Object%93&#8243; ol_text_shadow_horizontal_length=&#8221;ol_text_shadow_style,%91object Object%93&#8243; ol_text_shadow_vertical_length=&#8221;ol_text_shadow_style,%91object Object%93&#8243; ol_text_shadow_blur_strength=&#8221;ol_text_shadow_style,%91object Object%93&#8243; quote_text_shadow_horizontal_length=&#8221;quote_text_shadow_style,%91object Object%93&#8243; quote_text_shadow_vertical_length=&#8221;quote_text_shadow_style,%91object Object%93&#8243; quote_text_shadow_blur_strength=&#8221;quote_text_shadow_style,%91object Object%93&#8243; header_text_shadow_horizontal_length=&#8221;header_text_shadow_style,%91object Object%93&#8243; header_text_shadow_vertical_length=&#8221;header_text_shadow_style,%91object Object%93&#8243; header_text_shadow_blur_strength=&#8221;header_text_shadow_style,%91object Object%93&#8243; header_2_text_shadow_horizontal_length=&#8221;header_2_text_shadow_style,%91object Object%93&#8243; header_2_text_shadow_vertical_length=&#8221;header_2_text_shadow_style,%91object Object%93&#8243; header_2_text_shadow_blur_strength=&#8221;header_2_text_shadow_style,%91object Object%93&#8243; header_3_text_shadow_horizontal_length=&#8221;header_3_text_shadow_style,%91object Object%93&#8243; header_3_text_shadow_vertical_length=&#8221;header_3_text_shadow_style,%91object Object%93&#8243; header_3_text_shadow_blur_strength=&#8221;header_3_text_shadow_style,%91object Object%93&#8243; header_4_text_shadow_horizontal_length=&#8221;header_4_text_shadow_style,%91object Object%93&#8243; header_4_text_shadow_vertical_length=&#8221;header_4_text_shadow_style,%91object Object%93&#8243; header_4_text_shadow_blur_strength=&#8221;header_4_text_shadow_style,%91object Object%93&#8243; header_5_text_shadow_horizontal_length=&#8221;header_5_text_shadow_style,%91object Object%93&#8243; header_5_text_shadow_vertical_length=&#8221;header_5_text_shadow_style,%91object Object%93&#8243; header_5_text_shadow_blur_strength=&#8221;header_5_text_shadow_style,%91object Object%93&#8243; header_6_text_shadow_horizontal_length=&#8221;header_6_text_shadow_style,%91object Object%93&#8243; header_6_text_shadow_vertical_length=&#8221;header_6_text_shadow_style,%91object Object%93&#8243; header_6_text_shadow_blur_strength=&#8221;header_6_text_shadow_style,%91object Object%93&#8243;]<\/p>\n<h3>P\u00c1SCOA<\/h3>\n<div class=\"pt-cv-wrapper et_smooth_scroll_disabled\"><div class=\"pt-cv-view pt-cv-collapsible\" id=\"pt-cv-view-1ffc8f876v\"><div data-id=\"pt-cv-page-1\" class=\"pt-cv-page\" data-cvc=\"1\"><div class=\"panel-group\" id=\"12af625rad\"><div class=\"panel panel-default pt-cv-content-item pt-cv-1-col\" >\r\n<div class=\"panel-heading pt-cv-title\">\r\n    <a class=\"panel-title\" data-toggle=\"cvcollapse\" data-parent=\"#12af625rad\" data-target=\"#4cc30bevuj\" href='http:\/\/sites.ecclesia.pt\/liturgia\/ano-a-2o-domingo-da-pascoa-dehonianos\/' onclick='event.preventDefault()'>\r\n\t\tAno A &#8211; 02.\u00ba Domingo da P\u00e1scoa &#8211; Dehonianos\t<\/a>\r\n\t<\/div>\r\n<div id=\"4cc30bevuj\" class=\"panel-collapse collapse \">\r\n\t<div class=\"panel-body\">\r\n\t\t<div class=\"pt-cv-content\"><p><iframe loading=\"lazy\" title=\"2.\u00ba Domingo da P\u00e1scoa 2020\" width=\"1080\" height=\"608\" src=\"https:\/\/www.youtube.com\/embed\/C2paejJs4D8?feature=oembed\" frameborder=\"0\" allow=\"accelerometer; autoplay; encrypted-media; gyroscope; picture-in-picture\" allowfullscreen><\/iframe><\/p>\n<p><em>Comunidades com cora\u00e7\u00e3o misericordioso<\/em><\/p>\n<p> <a href=\"http:\/\/sites.ecclesia.pt\/liturgia\/ano-a-2o-domingo-da-pascoa-dehonianos\/#more-164269\" class=\"more-link\"><span aria-label=\"Continue a ler Ano A &#8211; 02.\u00ba Domingo da P\u00e1scoa &#8211; Dehonianos\">(mais&hellip;)<\/span><\/a><\/p>\n<\/div>\t<\/div>\r\n<\/div><\/div>\n<div class=\"panel panel-default pt-cv-content-item pt-cv-1-col\" >\r\n<div class=\"panel-heading pt-cv-title\">\r\n    <a class=\"panel-title\" data-toggle=\"cvcollapse\" data-parent=\"#12af625rad\" data-target=\"#58043d0ng7\" href='http:\/\/sites.ecclesia.pt\/liturgia\/ano-a-3o-domingo-da-pascoa-dehonianos\/' onclick='event.preventDefault()'>\r\n\t\tAno A &#8211; 03.\u00ba Domingo da P\u00e1scoa &#8211; Dehonianos\t<\/a>\r\n\t<\/div>\r\n<div id=\"58043d0ng7\" class=\"panel-collapse collapse \">\r\n\t<div class=\"panel-body\">\r\n\t\t<div class=\"pt-cv-content\"><p><iframe loading=\"lazy\" title=\"Ano A - 3.\u00ba domingo da P\u00e1scoa. Coment\u00e1rio do padre Manuel Barbosa, scj\" width=\"1080\" height=\"608\" src=\"https:\/\/www.youtube.com\/embed\/7a5T3HGmEds?feature=oembed\" frameborder=\"0\" allow=\"accelerometer; autoplay; encrypted-media; gyroscope; picture-in-picture\" allowfullscreen><\/iframe><\/p>\n<p><em>Caminhar como os disc\u00edpulos de Ema\u00fas<\/em><\/p>\n<p> <a href=\"http:\/\/sites.ecclesia.pt\/liturgia\/ano-a-3o-domingo-da-pascoa-dehonianos\/#more-164272\" class=\"more-link\"><span aria-label=\"Continue a ler Ano A &#8211; 03.\u00ba Domingo da P\u00e1scoa &#8211; Dehonianos\">(mais&hellip;)<\/span><\/a><\/p>\n<\/div>\t<\/div>\r\n<\/div><\/div>\n<div class=\"panel panel-default pt-cv-content-item pt-cv-1-col\" >\r\n<div class=\"panel-heading pt-cv-title\">\r\n    <a class=\"panel-title\" data-toggle=\"cvcollapse\" data-parent=\"#12af625rad\" data-target=\"#8e11c2clrs\" href='http:\/\/sites.ecclesia.pt\/liturgia\/ano-a-5-o-domingo-da-pascoa\/' onclick='event.preventDefault()'>\r\n\t\tAno A &#8211; 05.\u00ba Domingo da P\u00e1scoa &#8211; Dehonianos\t<\/a>\r\n\t<\/div>\r\n<div id=\"8e11c2clrs\" class=\"panel-collapse collapse \">\r\n\t<div class=\"panel-body\">\r\n\t\t<div class=\"pt-cv-content\"><p><iframe loading=\"lazy\" title=\"Ano A - 5.\u00ba domingo da P\u00e1scoa\" width=\"1080\" height=\"608\" src=\"https:\/\/www.youtube.com\/embed\/VoMG1NrwIJA?feature=oembed\" frameborder=\"0\" allow=\"accelerometer; autoplay; encrypted-media; gyroscope; picture-in-picture\" allowfullscreen><\/iframe><\/p>\n<p><em>Que Igreja somos n\u00f3s?<\/em><\/p>\n<p> <a href=\"http:\/\/sites.ecclesia.pt\/liturgia\/ano-a-5-o-domingo-da-pascoa\/#more-174222\" class=\"more-link\"><span aria-label=\"Continue a ler Ano A &#8211; 05.\u00ba Domingo da P\u00e1scoa &#8211; Dehonianos\">(mais&hellip;)<\/span><\/a><\/p>\n<\/div>\t<\/div>\r\n<\/div><\/div>\n<div class=\"panel panel-default pt-cv-content-item pt-cv-1-col\" >\r\n<div class=\"panel-heading pt-cv-title\">\r\n    <a class=\"panel-title\" data-toggle=\"cvcollapse\" data-parent=\"#12af625rad\" data-target=\"#96da123v5u\" href='http:\/\/sites.ecclesia.pt\/liturgia\/ano-a-6-o-domingo-da-pascoa\/' onclick='event.preventDefault()'>\r\n\t\tAno A &#8211; 06.\u00ba Domingo da P\u00e1scoa &#8211; Dehonianos\t<\/a>\r\n\t<\/div>\r\n<div id=\"96da123v5u\" class=\"panel-collapse collapse \">\r\n\t<div class=\"panel-body\">\r\n\t\t<div class=\"pt-cv-content\"><p><iframe loading=\"lazy\" title=\"Ano A - 6.\u00ba Domingo da P\u00e1scoa\" width=\"1080\" height=\"608\" src=\"https:\/\/www.youtube.com\/embed\/qY6flnvcPKQ?feature=oembed\"  allow=\"accelerometer; autoplay; clipboard-write; encrypted-media; gyroscope; picture-in-picture\" allowfullscreen><\/iframe><\/p>\n<p><em>\u201cN\u00e3o vos deixarei \u00f3rf\u00e3os\u201d<\/em><\/p>\n<p> <a href=\"http:\/\/sites.ecclesia.pt\/liturgia\/ano-a-6-o-domingo-da-pascoa\/#more-175070\" class=\"more-link\"><span aria-label=\"Continue a ler Ano A &#8211; 06.\u00ba Domingo da P\u00e1scoa &#8211; Dehonianos\">(mais&hellip;)<\/span><\/a><\/p>\n<\/div>\t<\/div>\r\n<\/div><\/div><\/div><\/div><\/div><\/div>\n<p>[\/et_pb_text][et_pb_text admin_label=&#8221;SOLENIDADES E FESTAS&#8221; _builder_version=&#8221;4.3.4&#8243; vertical_offset_tablet=&#8221;0&#8243; horizontal_offset_tablet=&#8221;0&#8243; z_index_tablet=&#8221;0&#8243; text_text_shadow_horizontal_length_tablet=&#8221;0px&#8221; text_text_shadow_vertical_length_tablet=&#8221;0px&#8221; text_text_shadow_blur_strength_tablet=&#8221;1px&#8221; link_text_shadow_horizontal_length_tablet=&#8221;0px&#8221; link_text_shadow_vertical_length_tablet=&#8221;0px&#8221; link_text_shadow_blur_strength_tablet=&#8221;1px&#8221; ul_text_shadow_horizontal_length_tablet=&#8221;0px&#8221; ul_text_shadow_vertical_length_tablet=&#8221;0px&#8221; ul_text_shadow_blur_strength_tablet=&#8221;1px&#8221; ol_text_shadow_horizontal_length_tablet=&#8221;0px&#8221; ol_text_shadow_vertical_length_tablet=&#8221;0px&#8221; ol_text_shadow_blur_strength_tablet=&#8221;1px&#8221; quote_text_shadow_horizontal_length_tablet=&#8221;0px&#8221; quote_text_shadow_vertical_length_tablet=&#8221;0px&#8221; quote_text_shadow_blur_strength_tablet=&#8221;1px&#8221; header_text_shadow_horizontal_length_tablet=&#8221;0px&#8221; header_text_shadow_vertical_length_tablet=&#8221;0px&#8221; header_text_shadow_blur_strength_tablet=&#8221;1px&#8221; header_2_text_shadow_horizontal_length_tablet=&#8221;0px&#8221; header_2_text_shadow_vertical_length_tablet=&#8221;0px&#8221; header_2_text_shadow_blur_strength_tablet=&#8221;1px&#8221; header_3_text_shadow_horizontal_length_tablet=&#8221;0px&#8221; header_3_text_shadow_vertical_length_tablet=&#8221;0px&#8221; header_3_text_shadow_blur_strength_tablet=&#8221;1px&#8221; header_4_text_shadow_horizontal_length_tablet=&#8221;0px&#8221; header_4_text_shadow_vertical_length_tablet=&#8221;0px&#8221; header_4_text_shadow_blur_strength_tablet=&#8221;1px&#8221; header_5_text_shadow_horizontal_length_tablet=&#8221;0px&#8221; header_5_text_shadow_vertical_length_tablet=&#8221;0px&#8221; header_5_text_shadow_blur_strength_tablet=&#8221;1px&#8221; header_6_text_shadow_horizontal_length_tablet=&#8221;0px&#8221; header_6_text_shadow_vertical_length_tablet=&#8221;0px&#8221; header_6_text_shadow_blur_strength_tablet=&#8221;1px&#8221; box_shadow_horizontal_tablet=&#8221;0px&#8221; box_shadow_vertical_tablet=&#8221;0px&#8221; box_shadow_blur_tablet=&#8221;40px&#8221; box_shadow_spread_tablet=&#8221;0px&#8221; text_text_shadow_horizontal_length=&#8221;text_text_shadow_style,%91object Object%93&#8243; text_text_shadow_vertical_length=&#8221;text_text_shadow_style,%91object Object%93&#8243; text_text_shadow_blur_strength=&#8221;text_text_shadow_style,%91object Object%93&#8243; link_text_shadow_horizontal_length=&#8221;link_text_shadow_style,%91object Object%93&#8243; link_text_shadow_vertical_length=&#8221;link_text_shadow_style,%91object Object%93&#8243; link_text_shadow_blur_strength=&#8221;link_text_shadow_style,%91object Object%93&#8243; ul_text_shadow_horizontal_length=&#8221;ul_text_shadow_style,%91object Object%93&#8243; ul_text_shadow_vertical_length=&#8221;ul_text_shadow_style,%91object Object%93&#8243; ul_text_shadow_blur_strength=&#8221;ul_text_shadow_style,%91object Object%93&#8243; ol_text_shadow_horizontal_length=&#8221;ol_text_shadow_style,%91object Object%93&#8243; ol_text_shadow_vertical_length=&#8221;ol_text_shadow_style,%91object Object%93&#8243; ol_text_shadow_blur_strength=&#8221;ol_text_shadow_style,%91object Object%93&#8243; quote_text_shadow_horizontal_length=&#8221;quote_text_shadow_style,%91object Object%93&#8243; quote_text_shadow_vertical_length=&#8221;quote_text_shadow_style,%91object Object%93&#8243; quote_text_shadow_blur_strength=&#8221;quote_text_shadow_style,%91object Object%93&#8243; header_text_shadow_horizontal_length=&#8221;header_text_shadow_style,%91object Object%93&#8243; header_text_shadow_vertical_length=&#8221;header_text_shadow_style,%91object Object%93&#8243; header_text_shadow_blur_strength=&#8221;header_text_shadow_style,%91object Object%93&#8243; header_2_text_shadow_horizontal_length=&#8221;header_2_text_shadow_style,%91object Object%93&#8243; header_2_text_shadow_vertical_length=&#8221;header_2_text_shadow_style,%91object Object%93&#8243; header_2_text_shadow_blur_strength=&#8221;header_2_text_shadow_style,%91object Object%93&#8243; header_3_text_shadow_horizontal_length=&#8221;header_3_text_shadow_style,%91object Object%93&#8243; header_3_text_shadow_vertical_length=&#8221;header_3_text_shadow_style,%91object Object%93&#8243; header_3_text_shadow_blur_strength=&#8221;header_3_text_shadow_style,%91object Object%93&#8243; header_4_text_shadow_horizontal_length=&#8221;header_4_text_shadow_style,%91object Object%93&#8243; header_4_text_shadow_vertical_length=&#8221;header_4_text_shadow_style,%91object Object%93&#8243; header_4_text_shadow_blur_strength=&#8221;header_4_text_shadow_style,%91object Object%93&#8243; header_5_text_shadow_horizontal_length=&#8221;header_5_text_shadow_style,%91object Object%93&#8243; header_5_text_shadow_vertical_length=&#8221;header_5_text_shadow_style,%91object Object%93&#8243; header_5_text_shadow_blur_strength=&#8221;header_5_text_shadow_style,%91object Object%93&#8243; header_6_text_shadow_horizontal_length=&#8221;header_6_text_shadow_style,%91object Object%93&#8243; header_6_text_shadow_vertical_length=&#8221;header_6_text_shadow_style,%91object Object%93&#8243; header_6_text_shadow_blur_strength=&#8221;header_6_text_shadow_style,%91object Object%93&#8243;]<\/p>\n<h3>SOLENIDADES E FESTAS<\/h3>\n<div class=\"pt-cv-wrapper et_smooth_scroll_disabled\"><div class=\"pt-cv-view pt-cv-collapsible\" id=\"pt-cv-view-efab8f8dlh\"><div data-id=\"pt-cv-page-1\" class=\"pt-cv-page\" data-cvc=\"1\"><div class=\"panel-group\" id=\"20919b223k\"><div class=\"panel panel-default pt-cv-content-item pt-cv-1-col\" >\r\n<div class=\"panel-heading pt-cv-title\">\r\n    <a class=\"panel-title\" data-toggle=\"cvcollapse\" data-parent=\"#20919b223k\" data-target=\"#0787c5amgk\" href='http:\/\/sites.ecclesia.pt\/liturgia\/ano-a-2-o-domingo-do-advento-e-solenidade-da-imaculada-conceicao\/' onclick='event.preventDefault()'>\r\n\t\tAno A &#8211; 02.\u00ba Domingo do Advento e Solenidade da Imaculada Concei\u00e7\u00e3o\t<\/a>\r\n\t<\/div>\r\n<div id=\"0787c5amgk\" class=\"panel-collapse collapse \">\r\n\t<div class=\"panel-body\">\r\n\t\t<div class=\"pt-cv-content\"><p><iframe loading=\"lazy\" title=\"Ano A - Solenidade da Imaculada Concei\u00e7\u00e3o\" width=\"1080\" height=\"608\" src=\"https:\/\/www.youtube.com\/embed\/oFvlOO1IUKM?feature=oembed\" frameborder=\"0\" allow=\"accelerometer; autoplay; encrypted-media; gyroscope; picture-in-picture\" allowfullscreen><\/iframe><\/p>\n<p>Acolher o sim de Maria<\/p>\n<p> <a href=\"http:\/\/sites.ecclesia.pt\/liturgia\/ano-a-2-o-domingo-do-advento-e-solenidade-da-imaculada-conceicao\/#more-164483\" class=\"more-link\"><span aria-label=\"Continue a ler Ano A &#8211; 02.\u00ba Domingo do Advento e Solenidade da Imaculada Concei\u00e7\u00e3o\">(mais&hellip;)<\/span><\/a><\/p>\n<\/div>\t<\/div>\r\n<\/div><\/div>\n<div class=\"panel panel-default pt-cv-content-item pt-cv-1-col\" >\r\n<div class=\"panel-heading pt-cv-title\">\r\n    <a class=\"panel-title\" data-toggle=\"cvcollapse\" data-parent=\"#20919b223k\" data-target=\"#e436ba9a4j\" href='http:\/\/sites.ecclesia.pt\/liturgia\/4-o-domingo-do-tempo-comum-festa-da-apresentacao-do-senhor\/' onclick='event.preventDefault()'>\r\n\t\tAno A &#8211; Festa da Apresenta\u00e7\u00e3o do Senhor &#8211; Dehonianos\t<\/a>\r\n\t<\/div>\r\n<div id=\"e436ba9a4j\" class=\"panel-collapse collapse \">\r\n\t<div class=\"panel-body\">\r\n\t\t<div class=\"pt-cv-content\"><p><iframe loading=\"lazy\" title=\"Ano A - Festa da Apresenta\u00e7\u00e3o do Senhor\" width=\"1080\" height=\"608\" src=\"https:\/\/www.youtube.com\/embed\/3xAbiYw-wa4?feature=oembed\"  allow=\"accelerometer; autoplay; clipboard-write; encrypted-media; gyroscope; picture-in-picture\" allowfullscreen><\/iframe><\/p>\n<p><em>Consagrados para evangelizar<\/em><\/p>\n<p> <a href=\"http:\/\/sites.ecclesia.pt\/liturgia\/4-o-domingo-do-tempo-comum-festa-da-apresentacao-do-senhor\/#more-164502\" class=\"more-link\"><span aria-label=\"Continue a ler Ano A &#8211; Festa da Apresenta\u00e7\u00e3o do Senhor &#8211; Dehonianos\">(mais&hellip;)<\/span><\/a><\/p>\n<\/div>\t<\/div>\r\n<\/div><\/div>\n<div class=\"panel panel-default pt-cv-content-item pt-cv-1-col\" >\r\n<div class=\"panel-heading pt-cv-title\">\r\n    <a class=\"panel-title\" data-toggle=\"cvcollapse\" data-parent=\"#20919b223k\" data-target=\"#2b2f0b2sbe\" href='http:\/\/sites.ecclesia.pt\/liturgia\/ano-a-festa-do-batismo-do-senhor\/' onclick='event.preventDefault()'>\r\n\t\tAno A &#8211; Festa do Batismo do Senhor &#8211; Dehonianos\t<\/a>\r\n\t<\/div>\r\n<div id=\"2b2f0b2sbe\" class=\"panel-collapse collapse \">\r\n\t<div class=\"panel-body\">\r\n\t\t<div class=\"pt-cv-content\"><p><iframe loading=\"lazy\" title=\"Ano A - Festa do Baptismo do Senhor\" width=\"1080\" height=\"608\" src=\"https:\/\/www.youtube.com\/embed\/xuLhr5yopIs?feature=oembed\" frameborder=\"0\" allow=\"accelerometer; autoplay; encrypted-media; gyroscope; picture-in-picture\" allowfullscreen><\/iframe><\/p>\n<p><em>Batizados num sim radical a Cristo<\/em><\/p>\n<p> <a href=\"http:\/\/sites.ecclesia.pt\/liturgia\/ano-a-festa-do-batismo-do-senhor\/#more-159202\" class=\"more-link\"><span aria-label=\"Continue a ler Ano A &#8211; Festa do Batismo do Senhor &#8211; Dehonianos\">(mais&hellip;)<\/span><\/a><\/p>\n<\/div>\t<\/div>\r\n<\/div><\/div>\n<div class=\"panel panel-default pt-cv-content-item pt-cv-1-col\" >\r\n<div class=\"panel-heading pt-cv-title\">\r\n    <a class=\"panel-title\" data-toggle=\"cvcollapse\" data-parent=\"#20919b223k\" data-target=\"#3d1e920o9e\" href='http:\/\/sites.ecclesia.pt\/liturgia\/ano-a-solenidade-da-ascensao-do-senhor\/' onclick='event.preventDefault()'>\r\n\t\tAno A &#8211; Solenidade da Ascens\u00e3o do Senhor &#8211; Dehonianos\t<\/a>\r\n\t<\/div>\r\n<div id=\"3d1e920o9e\" class=\"panel-collapse collapse \">\r\n\t<div class=\"panel-body\">\r\n\t\t<div class=\"pt-cv-content\"><p><iframe loading=\"lazy\" title=\"Ano A - Solenidade da Ascens\u00e3o. Coment\u00e1rio do padre manuel Barbosa, scj\" width=\"1080\" height=\"608\" src=\"https:\/\/www.youtube.com\/embed\/AWbKgwqjSEs?feature=oembed\"  allow=\"accelerometer; autoplay; clipboard-write; encrypted-media; gyroscope; picture-in-picture\" allowfullscreen><\/iframe><\/p>\n<p><em>Olhar para o C\u00e9u, partir em miss\u00e3o<\/em><\/p>\n<p> <a href=\"http:\/\/sites.ecclesia.pt\/liturgia\/ano-a-solenidade-da-ascensao-do-senhor\/#more-175966\" class=\"more-link\"><span aria-label=\"Continue a ler Ano A &#8211; Solenidade da Ascens\u00e3o do Senhor &#8211; Dehonianos\">(mais&hellip;)<\/span><\/a><\/p>\n<\/div>\t<\/div>\r\n<\/div><\/div>\n<div class=\"panel panel-default pt-cv-content-item pt-cv-1-col\" >\r\n<div class=\"panel-heading pt-cv-title\">\r\n    <a class=\"panel-title\" data-toggle=\"cvcollapse\" data-parent=\"#20919b223k\" data-target=\"#839c4a6fx5\" href='http:\/\/sites.ecclesia.pt\/liturgia\/ano-a-solenidade-da-epifania-do-senhor\/' onclick='event.preventDefault()'>\r\n\t\tAno A &#8211; Solenidade da Epifania do Senhor &#8211; Dehonianos\t<\/a>\r\n\t<\/div>\r\n<div id=\"839c4a6fx5\" class=\"panel-collapse collapse \">\r\n\t<div class=\"panel-body\">\r\n\t\t<div class=\"pt-cv-content\"><p><iframe loading=\"lazy\" title=\"Ano A - Solenidade da Epifania do Senhor\" width=\"1080\" height=\"608\" src=\"https:\/\/www.youtube.com\/embed\/jOAePU_otbA?feature=oembed\" frameborder=\"0\" allow=\"accelerometer; autoplay; encrypted-media; gyroscope; picture-in-picture\" allowfullscreen><\/iframe><\/p>\n<p><em>Acolher a luz e p\u00f4r-se a caminho<\/em><\/p>\n<p> <a href=\"http:\/\/sites.ecclesia.pt\/liturgia\/ano-a-solenidade-da-epifania-do-senhor\/#more-158646\" class=\"more-link\"><span aria-label=\"Continue a ler Ano A &#8211; Solenidade da Epifania do Senhor &#8211; Dehonianos\">(mais&hellip;)<\/span><\/a><\/p>\n<\/div>\t<\/div>\r\n<\/div><\/div>\n<div class=\"panel panel-default pt-cv-content-item pt-cv-1-col\" >\r\n<div class=\"panel-heading pt-cv-title\">\r\n    <a class=\"panel-title\" data-toggle=\"cvcollapse\" data-parent=\"#20919b223k\" data-target=\"#9dc8ae1c6q\" href='http:\/\/sites.ecclesia.pt\/liturgia\/ano-a-solenidade-da-imaculada-conceicao\/' onclick='event.preventDefault()'>\r\n\t\tAno A &#8211; Solenidade da Imaculada Concei\u00e7\u00e3o &#8211; Dehonianos\t<\/a>\r\n\t<\/div>\r\n<div id=\"9dc8ae1c6q\" class=\"panel-collapse collapse \">\r\n\t<div class=\"panel-body\">\r\n\t\t<div class=\"pt-cv-content\"><p><iframe loading=\"lazy\" title=\"Ano A - Solenidade da Imaculada Concei\u00e7\u00e3o\" width=\"1080\" height=\"608\" src=\"https:\/\/www.youtube.com\/embed\/oFvlOO1IUKM?feature=oembed\"  allow=\"accelerometer; autoplay; clipboard-write; encrypted-media; gyroscope; picture-in-picture\" allowfullscreen><\/iframe><\/p>\n<p>Acolher o sim de Maria<\/p>\n<p> <a href=\"http:\/\/sites.ecclesia.pt\/liturgia\/ano-a-solenidade-da-imaculada-conceicao\/#more-163906\" class=\"more-link\"><span aria-label=\"Continue a ler Ano A &#8211; Solenidade da Imaculada Concei\u00e7\u00e3o &#8211; Dehonianos\">(mais&hellip;)<\/span><\/a><\/p>\n<\/div>\t<\/div>\r\n<\/div><\/div>\n<div class=\"panel panel-default pt-cv-content-item pt-cv-1-col\" >\r\n<div class=\"panel-heading pt-cv-title\">\r\n    <a class=\"panel-title\" data-toggle=\"cvcollapse\" data-parent=\"#20919b223k\" data-target=\"#b2eece1yr8\" href='http:\/\/sites.ecclesia.pt\/liturgia\/ano-a-solenidade-da-santissima-trindade\/' onclick='event.preventDefault()'>\r\n\t\tAno A &#8211; Solenidade da Sant\u00edssima Trindade &#8211; Dehonianos\t<\/a>\r\n\t<\/div>\r\n<div id=\"b2eece1yr8\" class=\"panel-collapse collapse \">\r\n\t<div class=\"panel-body\">\r\n\t\t<div class=\"pt-cv-content\"><p><iframe loading=\"lazy\" title=\"Ano A - Solenidade da Sant\u00edssima Trindade. Coment\u00e1rio do padre Manuel Barbosa, scj\" width=\"1080\" height=\"608\" src=\"https:\/\/www.youtube.com\/embed\/O0_K0td97es?feature=oembed\"  allow=\"accelerometer; autoplay; clipboard-write; encrypted-media; gyroscope; picture-in-picture\" allowfullscreen><\/iframe><\/p>\n<p><em>Transformados no amor da Trindade<\/em><\/p>\n<p> <a href=\"http:\/\/sites.ecclesia.pt\/liturgia\/ano-a-solenidade-da-santissima-trindade\/#more-177731\" class=\"more-link\"><span aria-label=\"Continue a ler Ano A &#8211; Solenidade da Sant\u00edssima Trindade &#8211; Dehonianos\">(mais&hellip;)<\/span><\/a><\/p>\n<\/div>\t<\/div>\r\n<\/div><\/div>\n<div class=\"panel panel-default pt-cv-content-item pt-cv-1-col\" >\r\n<div class=\"panel-heading pt-cv-title\">\r\n    <a class=\"panel-title\" data-toggle=\"cvcollapse\" data-parent=\"#20919b223k\" data-target=\"#07a8aeezxm\" href='http:\/\/sites.ecclesia.pt\/liturgia\/ano-a-solenidade-de-nosso-senhor-jesus-cristo-rei-do-universo-dehonianos\/' onclick='event.preventDefault()'>\r\n\t\tAno A &#8211; Solenidade de Nosso Senhor Jesus Cristo, Rei do Universo &#8211; Dehonianos\t<\/a>\r\n\t<\/div>\r\n<div id=\"07a8aeezxm\" class=\"panel-collapse collapse \">\r\n\t<div class=\"panel-body\">\r\n\t\t<div class=\"pt-cv-content\"><p><iframe loading=\"lazy\" title=\"Solenidade de Nosso Senhor Jesus Cristo, Rei do Universo - Ano A\" width=\"1080\" height=\"608\" src=\"https:\/\/www.youtube.com\/embed\/kGdsqgC-LBA?feature=oembed\" frameborder=\"0\" allow=\"accelerometer; autoplay; encrypted-media; gyroscope; picture-in-picture\" allowfullscreen><\/iframe><\/p>\n<\/div>\t<\/div>\r\n<\/div><\/div>\n<div class=\"panel panel-default pt-cv-content-item pt-cv-1-col\" >\r\n<div class=\"panel-heading pt-cv-title\">\r\n    <a class=\"panel-title\" data-toggle=\"cvcollapse\" data-parent=\"#20919b223k\" data-target=\"#d3abe70s2z\" href='http:\/\/sites.ecclesia.pt\/liturgia\/ano-a-solenidade-de-todos-os-santos\/' onclick='event.preventDefault()'>\r\n\t\tAno A &#8211; Solenidade de todos os Santos &#8211; Dehonianos\t<\/a>\r\n\t<\/div>\r\n<div id=\"d3abe70s2z\" class=\"panel-collapse collapse \">\r\n\t<div class=\"panel-body\">\r\n\t\t<div class=\"pt-cv-content\"><p><iframe loading=\"lazy\" title=\"Ano A - Solenidade de todos os Santos. Coment\u00e1rio do padre Manuel Barbosa, scj\" width=\"1080\" height=\"608\" src=\"https:\/\/www.youtube.com\/embed\/lAzXPbxrrHY?feature=oembed\"  allow=\"accelerometer; autoplay; clipboard-write; encrypted-media; gyroscope; picture-in-picture\" allowfullscreen><\/iframe><\/p>\n<p><em>Felizes na santidade<\/em><\/p>\n<p> <a href=\"http:\/\/sites.ecclesia.pt\/liturgia\/ano-a-solenidade-de-todos-os-santos\/#more-189386\" class=\"more-link\"><span aria-label=\"Continue a ler Ano A &#8211; Solenidade de todos os Santos &#8211; Dehonianos\">(mais&hellip;)<\/span><\/a><\/p>\n<\/div>\t<\/div>\r\n<\/div><\/div><\/div><\/div><\/div><\/div>\n<p>[\/et_pb_text][\/et_pb_column][\/et_pb_row][\/et_pb_section]<\/p>\n","protected":false},"excerpt":{"rendered":"<p>ANO ADehonianos Coment\u00e1rio do padre Manuel Barbosa, scj Tempo Comum <div class=\"pt-cv-wrapper et_smooth_scroll_disabled\"><div class=\"pt-cv-view pt-cv-collapsible\" id=\"pt-cv-view-2a0e478nja\"><div data-id=\"pt-cv-page-1\" class=\"pt-cv-page\" data-cvc=\"1\"><div class=\"panel-group\" id=\"8cfbe47x25\"><div class=\"panel panel-default pt-cv-content-item pt-cv-1-col\" >\r\n<div class=\"panel-heading pt-cv-title\">\r\n    <a class=\"panel-title\" data-toggle=\"cvcollapse\" data-parent=\"#8cfbe47x25\" data-target=\"#f907a0agcu\" href='http:\/\/sites.ecclesia.pt\/liturgia\/ano-a-2-o-domingo-do-tempo-comum\/' onclick='event.preventDefault()'>\r\n\t\tAno A &#8211; 02.\u00ba Domingo do Tempo Comum &#8211; Dehonianos\t<\/a>\r\n\t<\/div>\r\n<div id=\"f907a0agcu\" class=\"panel-collapse collapse \">\r\n\t<div class=\"panel-body\">\r\n\t\t<div class=\"pt-cv-content\"><p><iframe loading=\"lazy\" title=\"Ano A - 2.\u00ba Domingo do Tempo Comum\" width=\"1080\" height=\"810\" src=\"https:\/\/www.youtube.com\/embed\/ioIbBjOzFI0?feature=oembed\" frameborder=\"0\" allow=\"accelerometer; autoplay; encrypted-media; gyroscope; picture-in-picture\" allowfullscreen><\/iframe><\/p>\n<p><em>Santos e felizes em Deus<\/em><\/p>\n<p> <a href=\"http:\/\/sites.ecclesia.pt\/liturgia\/ano-a-2-o-domingo-do-tempo-comum\/#more-159861\" class=\"more-link\"><span aria-label=\"Continue a ler Ano A &#8211; 02.\u00ba Domingo do Tempo Comum &#8211; Dehonianos\">(mais&hellip;)<\/span><\/a><\/p>\n<\/div>\t<\/div>\r\n<\/div><\/div>\n<div class=\"panel panel-default pt-cv-content-item pt-cv-1-col\" >\r\n<div class=\"panel-heading pt-cv-title\">\r\n    <a class=\"panel-title\" data-toggle=\"cvcollapse\" data-parent=\"#8cfbe47x25\" data-target=\"#9b5c65edbv\" href='http:\/\/sites.ecclesia.pt\/liturgia\/ano-a-03o-domingo-do-tempo-comum\/' onclick='event.preventDefault()'>\r\n\t\tAno A &#8211; 03.\u00ba Domingo do Tempo Comum &#8211; Dehonianos\t<\/a>\r\n\t<\/div>\r\n<div id=\"9b5c65edbv\" class=\"panel-collapse collapse \">\r\n\t<div class=\"panel-body\">\r\n\t\t<div class=\"pt-cv-content\"><p><iframe loading=\"lazy\" title=\"Ano A - 3.\u00ba. Domingo do Tempo Comum\" width=\"1080\" height=\"608\" src=\"https:\/\/www.youtube.com\/embed\/89P99UDOdvM?feature=oembed\" frameborder=\"0\" allow=\"accelerometer; autoplay; encrypted-media; gyroscope; picture-in-picture\" allowfullscreen><\/iframe><\/p>\n<p><em>Irradiar a unidade em Cristo<\/em><\/p>\n<p> <a href=\"http:\/\/sites.ecclesia.pt\/liturgia\/ano-a-03o-domingo-do-tempo-comum\/#more-160607\" class=\"more-link\"><span aria-label=\"Continue a ler Ano A &#8211; 03.\u00ba Domingo do Tempo Comum &#8211; Dehonianos\">(mais&hellip;)<\/span><\/a><\/p>\n<\/div>\t<\/div>\r\n<\/div><\/div>\n<div class=\"panel panel-default pt-cv-content-item pt-cv-1-col\" >\r\n<div class=\"panel-heading pt-cv-title\">\r\n    <a class=\"panel-title\" data-toggle=\"cvcollapse\" data-parent=\"#8cfbe47x25\" data-target=\"#f2d9d6b0ha\" href='http:\/\/sites.ecclesia.pt\/liturgia\/ano-a-05o-domingo-do-tempo-comum\/' onclick='event.preventDefault()'>\r\n\t\tAno A &#8211; 05.\u00ba Domingo do Tempo Comum &#8211; Dehonianos\t<\/a>\r\n\t<\/div>\r\n<div id=\"f2d9d6b0ha\" class=\"panel-collapse collapse \">\r\n\t<div class=\"panel-body\">\r\n\t\t<div class=\"pt-cv-content\"><p><iframe loading=\"lazy\" title=\"Ano A - 5.\u00ba  domingo do Tempo Comum\" width=\"1080\" height=\"608\" src=\"https:\/\/www.youtube.com\/embed\/LNCH9963VhQ?feature=oembed\" frameborder=\"0\" allow=\"accelerometer; autoplay; encrypted-media; gyroscope; picture-in-picture\" allowfullscreen><\/iframe><\/p>\n<p><em>Iluminar com o sabor de Cristo<\/em><\/p>\n<p> <a href=\"http:\/\/sites.ecclesia.pt\/liturgia\/ano-a-05o-domingo-do-tempo-comum\/#more-162623\" class=\"more-link\"><span aria-label=\"Continue a ler Ano A &#8211; 05.\u00ba Domingo do Tempo Comum &#8211; Dehonianos\">(mais&hellip;)<\/span><\/a><\/p>\n<\/div>\t<\/div>\r\n<\/div><\/div>\n<div class=\"panel panel-default pt-cv-content-item pt-cv-1-col\" >\r\n<div class=\"panel-heading pt-cv-title\">\r\n    <a class=\"panel-title\" data-toggle=\"cvcollapse\" data-parent=\"#8cfbe47x25\" data-target=\"#f4df99fykr\" href='http:\/\/sites.ecclesia.pt\/liturgia\/ano-a-6-o-domingo-do-tempo-comum\/' onclick='event.preventDefault()'>\r\n\t\tAno A &#8211; 06.\u00ba Domingo do Tempo Comum &#8211; Dehonianos\t<\/a>\r\n\t<\/div>\r\n<div id=\"f4df99fykr\" class=\"panel-collapse collapse \">\r\n\t<div class=\"panel-body\">\r\n\t\t<div class=\"pt-cv-content\"><p><iframe loading=\"lazy\" title=\"Ano A - 6.\u00ba Domingo do Tempo Comum\" width=\"1080\" height=\"608\" src=\"https:\/\/www.youtube.com\/embed\/m8AIA9lgICg?feature=oembed\" frameborder=\"0\" allow=\"accelerometer; autoplay; encrypted-media; gyroscope; picture-in-picture\" allowfullscreen><\/iframe><\/p>\n<p><em>Lei como caminho de encontro com Deus<\/em><\/p>\n<p> <a href=\"http:\/\/sites.ecclesia.pt\/liturgia\/ano-a-6-o-domingo-do-tempo-comum\/#more-163874\" class=\"more-link\"><span aria-label=\"Continue a ler Ano A &#8211; 06.\u00ba Domingo do Tempo Comum &#8211; Dehonianos\">(mais&hellip;)<\/span><\/a><\/p>\n<\/div>\t<\/div>\r\n<\/div><\/div>\n<div class=\"panel panel-default pt-cv-content-item pt-cv-1-col\" >\r\n<div class=\"panel-heading pt-cv-title\">\r\n    <a class=\"panel-title\" data-toggle=\"cvcollapse\" data-parent=\"#8cfbe47x25\" data-target=\"#9de53822nz\" href='http:\/\/sites.ecclesia.pt\/liturgia\/ano-a-7o-domingo-do-tempo-comum-dehonianos\/' onclick='event.preventDefault()'>\r\n\t\tAno A &#8211; 07.\u00ba Domingo do Tempo Comum &#8211; Dehonianos\t<\/a>\r\n\t<\/div>\r\n<div id=\"9de53822nz\" class=\"panel-collapse collapse \">\r\n\t<div class=\"panel-body\">\r\n\t\t<div class=\"pt-cv-content\"><p><iframe loading=\"lazy\" title=\"Ano A - 7.\u00ba domingo do tempo comum\" width=\"1080\" height=\"608\" src=\"https:\/\/www.youtube.com\/embed\/mij-61srQOs?feature=oembed\" frameborder=\"0\" allow=\"accelerometer; autoplay; encrypted-media; gyroscope; picture-in-picture\" allowfullscreen><\/iframe><\/p>\n<p><em>Ser santo \u00e9 ser de Cristo<\/em><\/p>\n<p> <a href=\"http:\/\/sites.ecclesia.pt\/liturgia\/ano-a-7o-domingo-do-tempo-comum-dehonianos\/#more-163868\" class=\"more-link\"><span aria-label=\"Continue a ler Ano A &#8211; 07.\u00ba Domingo do Tempo Comum &#8211; Dehonianos\">(mais&hellip;)<\/span><\/a><\/p>\n<\/div>\t<\/div>\r\n<\/div><\/div>\n<div class=\"panel panel-default pt-cv-content-item pt-cv-1-col\" >\r\n<div class=\"panel-heading pt-cv-title\">\r\n    <a class=\"panel-title\" data-toggle=\"cvcollapse\" data-parent=\"#8cfbe47x25\" data-target=\"#0fc5b91quy\" href='http:\/\/sites.ecclesia.pt\/liturgia\/ano-a-11-o-domingo-do-tempo-comum\/' onclick='event.preventDefault()'>\r\n\t\tAno A &#8211; 11.\u00ba Domingo do Tempo Comum &#8211; Dehonianos\t<\/a>\r\n\t<\/div>\r\n<div id=\"0fc5b91quy\" class=\"panel-collapse collapse \">\r\n\t<div class=\"panel-body\">\r\n\t\t<div class=\"pt-cv-content\"><p><iframe loading=\"lazy\" title=\"Ano A - 11.\u00ba Domingo do Tempo Comum. Coment\u00e1rio do padre Manuel Barbosa, scj\" width=\"1080\" height=\"608\" src=\"https:\/\/www.youtube.com\/embed\/plH9Z5xQJaY?feature=oembed\"  allow=\"accelerometer; autoplay; clipboard-write; encrypted-media; gyroscope; picture-in-picture\" allowfullscreen><\/iframe><\/p>\n<p><em>Deus escolhe, chama e envia<\/em><\/p>\n<p> <a href=\"http:\/\/sites.ecclesia.pt\/liturgia\/ano-a-11-o-domingo-do-tempo-comum\/#more-178449\" class=\"more-link\"><span aria-label=\"Continue a ler Ano A &#8211; 11.\u00ba Domingo do Tempo Comum &#8211; Dehonianos\">(mais&hellip;)<\/span><\/a><\/p>\n<\/div>\t<\/div>\r\n<\/div><\/div>\n<div class=\"panel panel-default pt-cv-content-item pt-cv-1-col\" >\r\n<div class=\"panel-heading pt-cv-title\">\r\n    <a class=\"panel-title\" data-toggle=\"cvcollapse\" data-parent=\"#8cfbe47x25\" data-target=\"#f7ce4846mt\" href='http:\/\/sites.ecclesia.pt\/liturgia\/ano-a-12-o-domingo-do-tempo-comum\/' onclick='event.preventDefault()'>\r\n\t\tAno A &#8211; 12.\u00ba Domingo do tempo comum &#8211; Dehonianos\t<\/a>\r\n\t<\/div>\r\n<div id=\"f7ce4846mt\" class=\"panel-collapse collapse \">\r\n\t<div class=\"panel-body\">\r\n\t\t<div class=\"pt-cv-content\"><p><iframe loading=\"lazy\" title=\"Ano A - 12.\u00ba Domingo do tempo comum\" width=\"1080\" height=\"608\" src=\"https:\/\/www.youtube.com\/embed\/q9WwyNiriwI?feature=oembed\"  allow=\"accelerometer; autoplay; clipboard-write; encrypted-media; gyroscope; picture-in-picture\" allowfullscreen><\/iframe><\/p>\n<p><em>Deus cuida de n\u00f3s<\/em><\/p>\n<p> <a href=\"http:\/\/sites.ecclesia.pt\/liturgia\/ano-a-12-o-domingo-do-tempo-comum\/#more-179279\" class=\"more-link\"><span aria-label=\"Continue a ler Ano A &#8211; 12.\u00ba Domingo do tempo comum &#8211; Dehonianos\">(mais&hellip;)<\/span><\/a><\/p>\n<\/div>\t<\/div>\r\n<\/div><\/div>\n<div class=\"panel panel-default pt-cv-content-item pt-cv-1-col\" >\r\n<div class=\"panel-heading pt-cv-title\">\r\n    <a class=\"panel-title\" data-toggle=\"cvcollapse\" data-parent=\"#8cfbe47x25\" data-target=\"#afaeb725ie\" href='http:\/\/sites.ecclesia.pt\/liturgia\/ano-a-13-o-domingo-do-tempo-comum\/' onclick='event.preventDefault()'>\r\n\t\tAno A &#8211; 13.\u00ba Domingo do Tempo Comum &#8211; Dehonianos\t<\/a>\r\n\t<\/div>\r\n<div id=\"afaeb725ie\" class=\"panel-collapse collapse \">\r\n\t<div class=\"panel-body\">\r\n\t\t<div class=\"pt-cv-content\"><p><iframe loading=\"lazy\" title=\"Ano A - 13.\u00ba Ddomingo do tempo comum. Coment\u00e1rio do padre Manuel Barbosa, scj\" width=\"1080\" height=\"608\" src=\"https:\/\/www.youtube.com\/embed\/DUBo1mJ-GZQ?feature=oembed\"  allow=\"accelerometer; autoplay; clipboard-write; encrypted-media; gyroscope; picture-in-picture\" allowfullscreen><\/iframe><\/p>\n<p><em>Seguir Cristo na partilha com os irm\u00e3os<\/em><\/p>\n<p> <a href=\"http:\/\/sites.ecclesia.pt\/liturgia\/ano-a-13-o-domingo-do-tempo-comum\/#more-179825\" class=\"more-link\"><span aria-label=\"Continue a ler Ano A &#8211; 13.\u00ba Domingo do Tempo Comum &#8211; Dehonianos\">(mais&hellip;)<\/span><\/a><\/p>\n<\/div>\t<\/div>\r\n<\/div><\/div>\n<div class=\"panel panel-default pt-cv-content-item pt-cv-1-col\" >\r\n<div class=\"panel-heading pt-cv-title\">\r\n    <a class=\"panel-title\" data-toggle=\"cvcollapse\" data-parent=\"#8cfbe47x25\" data-target=\"#6ab23cchck\" href='http:\/\/sites.ecclesia.pt\/liturgia\/ano-a-14-o-domingo-do-tempo-comum\/' onclick='event.preventDefault()'>\r\n\t\tAno A &#8211; 14.\u00ba Domingo do Tempo Comum &#8211; Dehonianos\t<\/a>\r\n\t<\/div>\r\n<div id=\"6ab23cchck\" class=\"panel-collapse collapse \">\r\n\t<div class=\"panel-body\">\r\n\t\t<div class=\"pt-cv-content\"><p><iframe loading=\"lazy\" title=\"Ano A - 14\u00ba domingo do tempo comum. Coment\u00e1rio do padre Manuel Barbosa, scj\" width=\"1080\" height=\"608\" src=\"https:\/\/www.youtube.com\/embed\/BFU0dtYwSxE?feature=oembed\"  allow=\"accelerometer; autoplay; clipboard-write; encrypted-media; gyroscope; picture-in-picture\" allowfullscreen><\/iframe><\/p>\n<p><em>Simples e humildes de cora\u00e7\u00e3o<\/em><\/p>\n<p> <a href=\"http:\/\/sites.ecclesia.pt\/liturgia\/ano-a-14-o-domingo-do-tempo-comum\/#more-180425\" class=\"more-link\"><span aria-label=\"Continue a ler Ano A &#8211; 14.\u00ba Domingo do Tempo Comum &#8211; Dehonianos\">(mais&hellip;)<\/span><\/a><\/p>\n<\/div>\t<\/div>\r\n<\/div><\/div>\n<div class=\"panel panel-default pt-cv-content-item pt-cv-1-col\" >\r\n<div class=\"panel-heading pt-cv-title\">\r\n    <a class=\"panel-title\" data-toggle=\"cvcollapse\" data-parent=\"#8cfbe47x25\" data-target=\"#b35393e1sl\" href='http:\/\/sites.ecclesia.pt\/liturgia\/ano-a-15-o-domingo-do-tempo-comum\/' onclick='event.preventDefault()'>\r\n\t\tAno A &#8211; 15.\u00ba Domingo do tempo comum &#8211; Dehonianos\t<\/a>\r\n\t<\/div>\r\n<div id=\"b35393e1sl\" class=\"panel-collapse collapse \">\r\n\t<div class=\"panel-body\">\r\n\t\t<div class=\"pt-cv-content\"><p><iframe loading=\"lazy\" title=\"Ano A - 15.\u00ba Domingo do tempo comum. Coment\u00e1rio do padre Manuel Barbosa, scj\" width=\"1080\" height=\"608\" src=\"https:\/\/www.youtube.com\/embed\/U79lP9I6Efs?feature=oembed\"  allow=\"accelerometer; autoplay; clipboard-write; encrypted-media; gyroscope; picture-in-picture\" allowfullscreen><\/iframe><\/p>\n<p><em>Boa terra para semear o Evangelho!<\/em><\/p>\n<p> <a href=\"http:\/\/sites.ecclesia.pt\/liturgia\/ano-a-15-o-domingo-do-tempo-comum\/#more-180941\" class=\"more-link\"><span aria-label=\"Continue a ler Ano A &#8211; 15.\u00ba Domingo do tempo comum &#8211; Dehonianos\">(mais&hellip;)<\/span><\/a><\/p>\n<\/div>\t<\/div>\r\n<\/div><\/div>\n<div class=\"panel panel-default pt-cv-content-item pt-cv-1-col\" >\r\n<div class=\"panel-heading pt-cv-title\">\r\n    <a class=\"panel-title\" data-toggle=\"cvcollapse\" data-parent=\"#8cfbe47x25\" data-target=\"#428b2e2mv9\" href='http:\/\/sites.ecclesia.pt\/liturgia\/ano-a-16-o-domingo-do-tempo-comum\/' onclick='event.preventDefault()'>\r\n\t\tAno A &#8211; 16.\u00ba Domingo do tempo comum &#8211; Dehonianos\t<\/a>\r\n\t<\/div>\r\n<div id=\"428b2e2mv9\" class=\"panel-collapse collapse \">\r\n\t<div class=\"panel-body\">\r\n\t\t<div class=\"pt-cv-content\"><p><iframe loading=\"lazy\" title=\"Ano A - 16\u00ba Domingo do Tempo Comum. Coment\u00e1rio do padre Manuel Barbosa, scj\" width=\"1080\" height=\"608\" src=\"https:\/\/www.youtube.com\/embed\/9ZyfjTpdNOo?feature=oembed\"  allow=\"accelerometer; autoplay; clipboard-write; encrypted-media; gyroscope; picture-in-picture\" allowfullscreen><\/iframe><\/p>\n<p>Bondosos e misericordiosos, sempre!<\/p>\n<p> <a href=\"http:\/\/sites.ecclesia.pt\/liturgia\/ano-a-16-o-domingo-do-tempo-comum\/#more-181492\" class=\"more-link\"><span aria-label=\"Continue a ler Ano A &#8211; 16.\u00ba Domingo do tempo comum &#8211; Dehonianos\">(mais&hellip;)<\/span><\/a><\/p>\n<\/div>\t<\/div>\r\n<\/div><\/div>\n<div class=\"panel panel-default pt-cv-content-item pt-cv-1-col\" >\r\n<div class=\"panel-heading pt-cv-title\">\r\n    <a class=\"panel-title\" data-toggle=\"cvcollapse\" data-parent=\"#8cfbe47x25\" data-target=\"#930fea4urs\" href='http:\/\/sites.ecclesia.pt\/liturgia\/ano-a-18o-domingo-do-tempo-comum\/' onclick='event.preventDefault()'>\r\n\t\tAno A &#8211; 18.\u00ba Domingo do Tempo Comum &#8211; Dehonianos\t<\/a>\r\n\t<\/div>\r\n<div id=\"930fea4urs\" class=\"panel-collapse collapse \">\r\n\t<div class=\"panel-body\">\r\n\t\t<div class=\"pt-cv-content\"><p><iframe loading=\"lazy\" title=\"Ano A - 18\u00ba Domingo do Tempo Comum. Coment\u00e1rio do padre Manuel Barbosa, scj.\" width=\"1080\" height=\"608\" src=\"https:\/\/www.youtube.com\/embed\/92ZMiWHbF_s?feature=oembed\"  allow=\"accelerometer; autoplay; clipboard-write; encrypted-media; gyroscope; picture-in-picture\" allowfullscreen><\/iframe><\/p>\n<p><em>Acolher e repartir o P\u00e3o da Eucaristia<\/em><\/p>\n<p> <a href=\"http:\/\/sites.ecclesia.pt\/liturgia\/ano-a-18o-domingo-do-tempo-comum\/#more-182506\" class=\"more-link\"><span aria-label=\"Continue a ler Ano A &#8211; 18.\u00ba Domingo do Tempo Comum &#8211; Dehonianos\">(mais&hellip;)<\/span><\/a><\/p>\n<\/div>\t<\/div>\r\n<\/div><\/div>\n<div class=\"panel panel-default pt-cv-content-item pt-cv-1-col\" >\r\n<div class=\"panel-heading pt-cv-title\">\r\n    <a class=\"panel-title\" data-toggle=\"cvcollapse\" data-parent=\"#8cfbe47x25\" data-target=\"#20b29910c3\" href='http:\/\/sites.ecclesia.pt\/liturgia\/ano-a-19-o-domingo-do-tempo-comum\/' onclick='event.preventDefault()'>\r\n\t\tAno A &#8211; 19.\u00ba Domingo do tempo comum &#8211; Dehonianos\t<\/a>\r\n\t<\/div>\r\n<div id=\"20b29910c3\" class=\"panel-collapse collapse \">\r\n\t<div class=\"panel-body\">\r\n\t\t<div class=\"pt-cv-content\"><p><iframe loading=\"lazy\" title=\"Ano A - 19\u00ba domingo do tempo comum. Coment\u00e1rio do padre Manuel Barbosa, scj\" width=\"1080\" height=\"608\" src=\"https:\/\/www.youtube.com\/embed\/Spr2HEjShrM?feature=oembed\"  allow=\"accelerometer; autoplay; clipboard-write; encrypted-media; gyroscope; picture-in-picture\" allowfullscreen><\/iframe><\/p>\n<p>N\u00e3o ponhamos Deus de f\u00e9rias!<\/p>\n<p> <a href=\"http:\/\/sites.ecclesia.pt\/liturgia\/ano-a-19-o-domingo-do-tempo-comum\/#more-183003\" class=\"more-link\"><span aria-label=\"Continue a ler Ano A &#8211; 19.\u00ba Domingo do tempo comum &#8211; Dehonianos\">(mais&hellip;)<\/span><\/a><\/p>\n<\/div>\t<\/div>\r\n<\/div><\/div>\n<div class=\"panel panel-default pt-cv-content-item pt-cv-1-col\" >\r\n<div class=\"panel-heading pt-cv-title\">\r\n    <a class=\"panel-title\" data-toggle=\"cvcollapse\" data-parent=\"#8cfbe47x25\" data-target=\"#75214cbdcp\" href='http:\/\/sites.ecclesia.pt\/liturgia\/ano-a-20-o-domingo-do-tempo-comum\/' onclick='event.preventDefault()'>\r\n\t\tAno A &#8211; 20.\u00ba Domingo do Tempo Comum &#8211; Dehonianos\t<\/a>\r\n\t<\/div>\r\n<div id=\"75214cbdcp\" class=\"panel-collapse collapse \">\r\n\t<div class=\"panel-body\">\r\n\t\t<div class=\"pt-cv-content\"><p><iframe loading=\"lazy\" title=\"Ano A - 20\u00ba domingo do tempo comum. Coment\u00e1rio do padre Manuel Barbosa, scj\" width=\"1080\" height=\"608\" src=\"https:\/\/www.youtube.com\/embed\/Qg6ugcXXTYI?feature=oembed\"  allow=\"accelerometer; autoplay; clipboard-write; encrypted-media; gyroscope; picture-in-picture\" allowfullscreen><\/iframe><\/p>\n<p><em>Abrir o cora\u00e7\u00e3o a todos os irm\u00e3os<\/em><\/p>\n<p> <a href=\"http:\/\/sites.ecclesia.pt\/liturgia\/ano-a-20-o-domingo-do-tempo-comum\/#more-183288\" class=\"more-link\"><span aria-label=\"Continue a ler Ano A &#8211; 20.\u00ba Domingo do Tempo Comum &#8211; Dehonianos\">(mais&hellip;)<\/span><\/a><\/p>\n<\/div>\t<\/div>\r\n<\/div><\/div>\n<div class=\"panel panel-default pt-cv-content-item pt-cv-1-col\" >\r\n<div class=\"panel-heading pt-cv-title\">\r\n    <a class=\"panel-title\" data-toggle=\"cvcollapse\" data-parent=\"#8cfbe47x25\" data-target=\"#b749fc28kp\" href='http:\/\/sites.ecclesia.pt\/liturgia\/ano-a-21-o-domingo-do-tempo-comum\/' onclick='event.preventDefault()'>\r\n\t\tAno A &#8211; 21.\u00ba Domingo do tempo comum &#8211; Dehonianos\t<\/a>\r\n\t<\/div>\r\n<div id=\"b749fc28kp\" class=\"panel-collapse collapse \">\r\n\t<div class=\"panel-body\">\r\n\t\t<div class=\"pt-cv-content\"><p><iframe loading=\"lazy\" title=\"Ano A - 21\u00ba domingo do tempo comum. Coment\u00e1rio do padre Manuel Barbosa, scj\" width=\"1080\" height=\"608\" src=\"https:\/\/www.youtube.com\/embed\/p-c4Z5bI9GQ?feature=oembed\"  allow=\"accelerometer; autoplay; clipboard-write; encrypted-media; gyroscope; picture-in-picture\" allowfullscreen><\/iframe><\/p>\n<p><em>Quem \u00e9 Jesus para n\u00f3s?<\/em><\/p>\n<p> <a href=\"http:\/\/sites.ecclesia.pt\/liturgia\/ano-a-21-o-domingo-do-tempo-comum\/#more-183501\" class=\"more-link\"><span aria-label=\"Continue a ler Ano A &#8211; 21.\u00ba Domingo do tempo comum &#8211; Dehonianos\">(mais&hellip;)<\/span><\/a><\/p>\n<\/div>\t<\/div>\r\n<\/div><\/div>\n<div class=\"panel panel-default pt-cv-content-item pt-cv-1-col\" >\r\n<div class=\"panel-heading pt-cv-title\">\r\n    <a class=\"panel-title\" data-toggle=\"cvcollapse\" data-parent=\"#8cfbe47x25\" data-target=\"#949d25fpc9\" href='http:\/\/sites.ecclesia.pt\/liturgia\/ano-a-22-o-domingo-do-tempo-comum\/' onclick='event.preventDefault()'>\r\n\t\tAno A &#8211; 22.\u00ba Domingo do tempo comum &#8211; Dehonianos\t<\/a>\r\n\t<\/div>\r\n<div id=\"949d25fpc9\" class=\"panel-collapse collapse \">\r\n\t<div class=\"panel-body\">\r\n\t\t<div class=\"pt-cv-content\"><p><iframe loading=\"lazy\" title=\"Ano A - 22.\u00ba Domingo do tempo comum. Coment\u00e1rio do padre Manuel Barbosa, scj\" width=\"1080\" height=\"608\" src=\"https:\/\/www.youtube.com\/embed\/zKJE69aX35w?feature=oembed\"  allow=\"accelerometer; autoplay; clipboard-write; encrypted-media; gyroscope; picture-in-picture\" allowfullscreen><\/iframe><\/p>\n<p><em>Levar a cruz de Cristo<\/em><\/p>\n<p> <a href=\"http:\/\/sites.ecclesia.pt\/liturgia\/ano-a-22-o-domingo-do-tempo-comum\/#more-183693\" class=\"more-link\"><span aria-label=\"Continue a ler Ano A &#8211; 22.\u00ba Domingo do tempo comum &#8211; Dehonianos\">(mais&hellip;)<\/span><\/a><\/p>\n<\/div>\t<\/div>\r\n<\/div><\/div>\n<div class=\"panel panel-default pt-cv-content-item pt-cv-1-col\" >\r\n<div class=\"panel-heading pt-cv-title\">\r\n    <a class=\"panel-title\" data-toggle=\"cvcollapse\" data-parent=\"#8cfbe47x25\" data-target=\"#223de7d962\" href='http:\/\/sites.ecclesia.pt\/liturgia\/ano-a-23-o-domingo-do-tempo-comum\/' onclick='event.preventDefault()'>\r\n\t\tAno A &#8211; 23.\u00ba Domingo do Tempo Comum &#8211; Dehonianos\t<\/a>\r\n\t<\/div>\r\n<div id=\"223de7d962\" class=\"panel-collapse collapse \">\r\n\t<div class=\"panel-body\">\r\n\t\t<div class=\"pt-cv-content\"><p><iframe loading=\"lazy\" title=\"Ano A - 23\u00ba Domingo do tempo comum. Coment\u00e1rio do padre Manuel Barbosa, scj\" width=\"1080\" height=\"608\" src=\"https:\/\/www.youtube.com\/embed\/H-MUQP8iVNw?feature=oembed\"  allow=\"accelerometer; autoplay; clipboard-write; encrypted-media; gyroscope; picture-in-picture\" allowfullscreen><\/iframe><\/p>\n<p><em>Caminhar sempre no amor<\/em><\/p>\n<p> <a href=\"http:\/\/sites.ecclesia.pt\/liturgia\/ano-a-23-o-domingo-do-tempo-comum\/#more-184171\" class=\"more-link\"><span aria-label=\"Continue a ler Ano A &#8211; 23.\u00ba Domingo do Tempo Comum &#8211; Dehonianos\">(mais&hellip;)<\/span><\/a><\/p>\n<\/div>\t<\/div>\r\n<\/div><\/div>\n<div class=\"panel panel-default pt-cv-content-item pt-cv-1-col\" >\r\n<div class=\"panel-heading pt-cv-title\">\r\n    <a class=\"panel-title\" data-toggle=\"cvcollapse\" data-parent=\"#8cfbe47x25\" data-target=\"#cfaca7ai7d\" href='http:\/\/sites.ecclesia.pt\/liturgia\/ano-a-23o-domingo-do-tempo-comum-dehonianos\/' onclick='event.preventDefault()'>\r\n\t\tAno A &#8211; 23.\u00ba Domingo do Tempo Comum &#8211; Dehonianos\t<\/a>\r\n\t<\/div>\r\n<div id=\"cfaca7ai7d\" class=\"panel-collapse collapse \">\r\n\t<div class=\"panel-body\">\r\n\t\t<div class=\"pt-cv-content\"><p><iframe loading=\"lazy\" title=\"Ano A - 25.\u00ba domingo do Tempo Comum\" width=\"1080\" height=\"608\" src=\"https:\/\/www.youtube.com\/embed\/OVMEu_9uOO0?list=PLG68C8mrFzfTqEFrveAZJjudSYoxoMjY6\"  allow=\"accelerometer; autoplay; clipboard-write; encrypted-media; gyroscope; picture-in-picture\" allowfullscreen><\/iframe><\/p>\n<\/div>\t<\/div>\r\n<\/div><\/div>\n<div class=\"panel panel-default pt-cv-content-item pt-cv-1-col\" >\r\n<div class=\"panel-heading pt-cv-title\">\r\n    <a class=\"panel-title\" data-toggle=\"cvcollapse\" data-parent=\"#8cfbe47x25\" data-target=\"#410d767nk7\" href='http:\/\/sites.ecclesia.pt\/liturgia\/ano-a-24-o-domingo-do-tempo-comum\/' onclick='event.preventDefault()'>\r\n\t\tAno A &#8211; 24.\u00ba Domingo do Tempo Comum &#8211; Dehonianos\t<\/a>\r\n\t<\/div>\r\n<div id=\"410d767nk7\" class=\"panel-collapse collapse \">\r\n\t<div class=\"panel-body\">\r\n\t\t<div class=\"pt-cv-content\"><p><iframe loading=\"lazy\" title=\"Ano A - 24.\u00ba Domingo do Tempo Comum. Coment\u00e1rio do padre Manuel Barbosa, scj\" width=\"1080\" height=\"608\" src=\"https:\/\/www.youtube.com\/embed\/I2psjI6pSRc?feature=oembed\"  allow=\"accelerometer; autoplay; clipboard-write; encrypted-media; gyroscope; picture-in-picture\" allowfullscreen><\/iframe><\/p>\n<p><em>Perdoar sempre<\/em><\/p>\n<p> <a href=\"http:\/\/sites.ecclesia.pt\/liturgia\/ano-a-24-o-domingo-do-tempo-comum\/#more-184800\" class=\"more-link\"><span aria-label=\"Continue a ler Ano A &#8211; 24.\u00ba Domingo do Tempo Comum &#8211; Dehonianos\">(mais&hellip;)<\/span><\/a><\/p>\n<\/div>\t<\/div>\r\n<\/div><\/div>\n<div class=\"panel panel-default pt-cv-content-item pt-cv-1-col\" >\r\n<div class=\"panel-heading pt-cv-title\">\r\n    <a class=\"panel-title\" data-toggle=\"cvcollapse\" data-parent=\"#8cfbe47x25\" data-target=\"#7eab427haf\" href='http:\/\/sites.ecclesia.pt\/liturgia\/ano-a-25o-domingo-do-tempo-comum-dehonianos\/' onclick='event.preventDefault()'>\r\n\t\tAno A &#8211; 25.\u00ba Domingo do Tempo Comum &#8211; Dehonianos\t<\/a>\r\n\t<\/div>\r\n<div id=\"7eab427haf\" class=\"panel-collapse collapse \">\r\n\t<div class=\"panel-body\">\r\n\t\t<div class=\"pt-cv-content\"><p><iframe loading=\"lazy\" title=\"25.\u00ba domingo do Tempo Comum - Ano A\" width=\"1080\" height=\"608\" src=\"https:\/\/www.youtube.com\/embed\/OVMEu_9uOO0?feature=oembed\" frameborder=\"0\" allow=\"accelerometer; autoplay; encrypted-media; gyroscope; picture-in-picture\" allowfullscreen><\/iframe><\/p>\n<p>&nbsp;<\/p>\n<\/div>\t<\/div>\r\n<\/div><\/div>\n<div class=\"panel panel-default pt-cv-content-item pt-cv-1-col\" >\r\n<div class=\"panel-heading pt-cv-title\">\r\n    <a class=\"panel-title\" data-toggle=\"cvcollapse\" data-parent=\"#8cfbe47x25\" data-target=\"#49dd54eijz\" href='http:\/\/sites.ecclesia.pt\/liturgia\/ano-a-26-o-domingo-do-tempo-comum\/' onclick='event.preventDefault()'>\r\n\t\tAno A &#8211; 26.\u00ba Domingo do Tempo Comum &#8211; Dehonianos\t<\/a>\r\n\t<\/div>\r\n<div id=\"49dd54eijz\" class=\"panel-collapse collapse \">\r\n\t<div class=\"panel-body\">\r\n\t\t<div class=\"pt-cv-content\"><p><iframe loading=\"lazy\" title=\"Ano A - 26.\u00ba Domingo do Tempo Comum. Coment\u00e1rio do padre Manuel Barbosa\" width=\"1080\" height=\"608\" src=\"https:\/\/www.youtube.com\/embed\/vTzIudgQoc4?feature=oembed\"  allow=\"accelerometer; autoplay; clipboard-write; encrypted-media; gyroscope; picture-in-picture\" allowfullscreen><\/iframe><\/p>\n<p><em>Que significa dizer sim a Deus?<\/em><\/p>\n<p> <a href=\"http:\/\/sites.ecclesia.pt\/liturgia\/ano-a-26-o-domingo-do-tempo-comum\/#more-186113\" class=\"more-link\"><span aria-label=\"Continue a ler Ano A &#8211; 26.\u00ba Domingo do Tempo Comum &#8211; Dehonianos\">(mais&hellip;)<\/span><\/a><\/p>\n<\/div>\t<\/div>\r\n<\/div><\/div>\n<div class=\"panel panel-default pt-cv-content-item pt-cv-1-col\" >\r\n<div class=\"panel-heading pt-cv-title\">\r\n    <a class=\"panel-title\" data-toggle=\"cvcollapse\" data-parent=\"#8cfbe47x25\" data-target=\"#5113897kq8\" href='http:\/\/sites.ecclesia.pt\/liturgia\/ano-a-26o-domingo-do-tempo-comum-dehonianos\/' onclick='event.preventDefault()'>\r\n\t\tAno A &#8211; 26.\u00ba Domingo do Tempo Comum &#8211; Dehonianos\t<\/a>\r\n\t<\/div>\r\n<div id=\"5113897kq8\" class=\"panel-collapse collapse \">\r\n\t<div class=\"panel-body\">\r\n\t\t<div class=\"pt-cv-content\"><p><iframe loading=\"lazy\" title=\"Ano A - 26.\u00ba domingo do Tempo Comum\" width=\"1080\" height=\"608\" src=\"https:\/\/www.youtube.com\/embed\/rq9_qKaZQno?list=PLG68C8mrFzfTqEFrveAZJjudSYoxoMjY6\"  allow=\"accelerometer; autoplay; clipboard-write; encrypted-media; gyroscope; picture-in-picture\" allowfullscreen><\/iframe><\/p>\n<p>&nbsp;<\/p>\n<\/div>\t<\/div>\r\n<\/div><\/div>\n<div class=\"panel panel-default pt-cv-content-item pt-cv-1-col\" >\r\n<div class=\"panel-heading pt-cv-title\">\r\n    <a class=\"panel-title\" data-toggle=\"cvcollapse\" data-parent=\"#8cfbe47x25\" data-target=\"#6686cadbsi\" href='http:\/\/sites.ecclesia.pt\/liturgia\/ano-a-27o-domingo-do-tempo-comum-dehonianos\/' onclick='event.preventDefault()'>\r\n\t\tAno A &#8211; 27.\u00ba Domingo do Tempo Comum &#8211; Dehonianos\t<\/a>\r\n\t<\/div>\r\n<div id=\"6686cadbsi\" class=\"panel-collapse collapse \">\r\n\t<div class=\"panel-body\">\r\n\t\t<div class=\"pt-cv-content\"><p><iframe loading=\"lazy\" title=\"27.\u00ba domingo do tempo Comum - Ano A\" width=\"1080\" height=\"608\" src=\"https:\/\/www.youtube.com\/embed\/Ag_imn7TRhc?feature=oembed\" frameborder=\"0\" allow=\"accelerometer; autoplay; encrypted-media; gyroscope; picture-in-picture\" allowfullscreen><\/iframe><\/p>\n<\/div>\t<\/div>\r\n<\/div><\/div>\n<div class=\"panel panel-default pt-cv-content-item pt-cv-1-col\" >\r\n<div class=\"panel-heading pt-cv-title\">\r\n    <a class=\"panel-title\" data-toggle=\"cvcollapse\" data-parent=\"#8cfbe47x25\" data-target=\"#d66ea9d6py\" href='http:\/\/sites.ecclesia.pt\/liturgia\/ano-a-28-o-domingo-do-tempo-comum\/' onclick='event.preventDefault()'>\r\n\t\tAno A &#8211; 28.\u00ba Domingo do Tempo Comum &#8211; Dehonianos\t<\/a>\r\n\t<\/div>\r\n<div id=\"d66ea9d6py\" class=\"panel-collapse collapse \">\r\n\t<div class=\"panel-body\">\r\n\t\t<div class=\"pt-cv-content\"><p><iframe loading=\"lazy\" title=\"Ano A - 28.\u00ba Domingo do Tempo Comum. Coment\u00e1rio do padre Manuel Barbosa, scj\" width=\"1080\" height=\"608\" src=\"https:\/\/www.youtube.com\/embed\/EkEKQWRyUOk?feature=oembed\"  allow=\"accelerometer; autoplay; clipboard-write; encrypted-media; gyroscope; picture-in-picture\" allowfullscreen><\/iframe><\/p>\n<p><em>Aceitar o convite para o banquete<\/em><\/p>\n<p> <a href=\"http:\/\/sites.ecclesia.pt\/liturgia\/ano-a-28-o-domingo-do-tempo-comum\/#more-187405\" class=\"more-link\"><span aria-label=\"Continue a ler Ano A &#8211; 28.\u00ba Domingo do Tempo Comum &#8211; Dehonianos\">(mais&hellip;)<\/span><\/a><\/p>\n<\/div>\t<\/div>\r\n<\/div><\/div>\n<div class=\"panel panel-default pt-cv-content-item pt-cv-1-col\" >\r\n<div class=\"panel-heading pt-cv-title\">\r\n    <a class=\"panel-title\" data-toggle=\"cvcollapse\" data-parent=\"#8cfbe47x25\" data-target=\"#a53caefqo7\" href='http:\/\/sites.ecclesia.pt\/liturgia\/ano-a-28o-domingo-do-tempo-comum-dehonianos\/' onclick='event.preventDefault()'>\r\n\t\tAno A &#8211; 28.\u00ba Domingo do Tempo Comum &#8211; Dehonianos\t<\/a>\r\n\t<\/div>\r\n<div id=\"a53caefqo7\" class=\"panel-collapse collapse \">\r\n\t<div class=\"panel-body\">\r\n\t\t<div class=\"pt-cv-content\"><p><iframe loading=\"lazy\" title=\"28.\u00ba domingo do tempo Comum - Ano A\" width=\"1080\" height=\"608\" src=\"https:\/\/www.youtube.com\/embed\/TG88Y5sjPO8?feature=oembed\" frameborder=\"0\" allow=\"accelerometer; autoplay; encrypted-media; gyroscope; picture-in-picture\" allowfullscreen><\/iframe><\/p>\n<p>&nbsp;<\/p>\n<\/div>\t<\/div>\r\n<\/div><\/div>\n<div class=\"panel panel-default pt-cv-content-item pt-cv-1-col\" >\r\n<div class=\"panel-heading pt-cv-title\">\r\n    <a class=\"panel-title\" data-toggle=\"cvcollapse\" data-parent=\"#8cfbe47x25\" data-target=\"#665e31av85\" href='http:\/\/sites.ecclesia.pt\/liturgia\/ano-a-29o-domingo-do-tempo-comum-dehonianos\/' onclick='event.preventDefault()'>\r\n\t\tAno A &#8211; 29.\u00ba Domingo do Tempo Comum &#8211; Dehonianos\t<\/a>\r\n\t<\/div>\r\n<div id=\"665e31av85\" class=\"panel-collapse collapse \">\r\n\t<div class=\"panel-body\">\r\n\t\t<div class=\"pt-cv-content\"><p><iframe loading=\"lazy\" title=\"29.\u00ba domingo do Tempo Comum - Ano A\" width=\"1080\" height=\"608\" src=\"https:\/\/www.youtube.com\/embed\/7jp_Yn3Uu0Q?feature=oembed\" frameborder=\"0\" allow=\"accelerometer; autoplay; encrypted-media; gyroscope; picture-in-picture\" allowfullscreen><\/iframe><\/p>\n<\/div>\t<\/div>\r\n<\/div><\/div>\n<div class=\"panel panel-default pt-cv-content-item pt-cv-1-col\" >\r\n<div class=\"panel-heading pt-cv-title\">\r\n    <a class=\"panel-title\" data-toggle=\"cvcollapse\" data-parent=\"#8cfbe47x25\" data-target=\"#5050af9w61\" href='http:\/\/sites.ecclesia.pt\/liturgia\/ano-a-29-o-domingo-do-tempo-comum\/' onclick='event.preventDefault()'>\r\n\t\tAno A &#8211; 29.\u00ba Domingo do Tempo Comum &#8211; Dehonianos\t<\/a>\r\n\t<\/div>\r\n<div id=\"5050af9w61\" class=\"panel-collapse collapse \">\r\n\t<div class=\"panel-body\">\r\n\t\t<div class=\"pt-cv-content\"><p><iframe loading=\"lazy\" title=\"Ano A - 29.\u00ba Domingo do Tempo Comum. Coment\u00e1rio do padre Manuel Barbosa, scj\" width=\"1080\" height=\"608\" src=\"https:\/\/www.youtube.com\/embed\/60xp4EWpIcw?feature=oembed\"  allow=\"accelerometer; autoplay; clipboard-write; encrypted-media; gyroscope; picture-in-picture\" allowfullscreen><\/iframe><\/p>\n<p><em>Olhar Deus, colaborar no bem comum<\/em><\/p>\n<p> <a href=\"http:\/\/sites.ecclesia.pt\/liturgia\/ano-a-29-o-domingo-do-tempo-comum\/#more-188123\" class=\"more-link\"><span aria-label=\"Continue a ler Ano A &#8211; 29.\u00ba Domingo do Tempo Comum &#8211; Dehonianos\">(mais&hellip;)<\/span><\/a><\/p>\n<\/div>\t<\/div>\r\n<\/div><\/div>\n<div class=\"panel panel-default pt-cv-content-item pt-cv-1-col\" >\r\n<div class=\"panel-heading pt-cv-title\">\r\n    <a class=\"panel-title\" data-toggle=\"cvcollapse\" data-parent=\"#8cfbe47x25\" data-target=\"#0d611a1239\" href='http:\/\/sites.ecclesia.pt\/liturgia\/ano-a-30-o-domingo-do-tempo-comum\/' onclick='event.preventDefault()'>\r\n\t\tAno A &#8211; 30.\u00ba Domingo do Tempo Comum &#8211; Dehonianos\t<\/a>\r\n\t<\/div>\r\n<div id=\"0d611a1239\" class=\"panel-collapse collapse \">\r\n\t<div class=\"panel-body\">\r\n\t\t<div class=\"pt-cv-content\"><p><iframe loading=\"lazy\" title=\"Ano A - 30.\u00ba Domingo do Tempo Comum\" width=\"1080\" height=\"608\" src=\"https:\/\/www.youtube.com\/embed\/i_GpRwTQL6M?feature=oembed\"  allow=\"accelerometer; autoplay; clipboard-write; encrypted-media; gyroscope; picture-in-picture\" allowfullscreen><\/iframe><\/p>\n<p><em>Amar Deus, amar o pr\u00f3ximo<\/em><\/p>\n<p> <a href=\"http:\/\/sites.ecclesia.pt\/liturgia\/ano-a-30-o-domingo-do-tempo-comum\/#more-188817\" class=\"more-link\"><span aria-label=\"Continue a ler Ano A &#8211; 30.\u00ba Domingo do Tempo Comum &#8211; Dehonianos\">(mais&hellip;)<\/span><\/a><\/p>\n<\/div>\t<\/div>\r\n<\/div><\/div>\n<div class=\"panel panel-default pt-cv-content-item pt-cv-1-col\" >\r\n<div class=\"panel-heading pt-cv-title\">\r\n    <a class=\"panel-title\" data-toggle=\"cvcollapse\" data-parent=\"#8cfbe47x25\" data-target=\"#7f83733wkt\" href='http:\/\/sites.ecclesia.pt\/liturgia\/ano-a-30o-domingo-do-tempo-comum-dehonianos\/' onclick='event.preventDefault()'>\r\n\t\tAno A &#8211; 30\u00ba Domingo do Tempo Comum &#8211; Dehonianos\t<\/a>\r\n\t<\/div>\r\n<div id=\"7f83733wkt\" class=\"panel-collapse collapse \">\r\n\t<div class=\"panel-body\">\r\n\t\t<div class=\"pt-cv-content\"><p><iframe loading=\"lazy\" title=\"30.\u00ba domingo do Tempo Comum - Ano A\" width=\"1080\" height=\"608\" src=\"https:\/\/www.youtube.com\/embed\/HPsq-LOVM3k?feature=oembed\" frameborder=\"0\" allow=\"accelerometer; autoplay; encrypted-media; gyroscope; picture-in-picture\" allowfullscreen><\/iframe><\/p>\n<\/div>\t<\/div>\r\n<\/div><\/div>\n<div class=\"panel panel-default pt-cv-content-item pt-cv-1-col\" >\r\n<div class=\"panel-heading pt-cv-title\">\r\n    <a class=\"panel-title\" data-toggle=\"cvcollapse\" data-parent=\"#8cfbe47x25\" data-target=\"#1c59e017sl\" href='http:\/\/sites.ecclesia.pt\/liturgia\/ano-a-31o-domingo-do-tempo-comum-dehonianos\/' onclick='event.preventDefault()'>\r\n\t\tAno A &#8211; 31.\u00ba Domingo do Tempo Comum &#8211; Dehonianos\t<\/a>\r\n\t<\/div>\r\n<div id=\"1c59e017sl\" class=\"panel-collapse collapse \">\r\n\t<div class=\"panel-body\">\r\n\t\t<div class=\"pt-cv-content\"><p><iframe loading=\"lazy\" title=\"31.\u00ba domingo do Tempo Comum - Ano A\" width=\"1080\" height=\"608\" src=\"https:\/\/www.youtube.com\/embed\/aZCCnvov0Og?feature=oembed\" frameborder=\"0\" allow=\"accelerometer; autoplay; encrypted-media; gyroscope; picture-in-picture\" allowfullscreen><\/iframe><\/p>\n<\/div>\t<\/div>\r\n<\/div><\/div>\n<div class=\"panel panel-default pt-cv-content-item pt-cv-1-col\" >\r\n<div class=\"panel-heading pt-cv-title\">\r\n    <a class=\"panel-title\" data-toggle=\"cvcollapse\" data-parent=\"#8cfbe47x25\" data-target=\"#d6dd80b2tv\" href='http:\/\/sites.ecclesia.pt\/liturgia\/ano-a-32o-domingo-do-tempo-comum\/' onclick='event.preventDefault()'>\r\n\t\tAno A &#8211; 32.\u00ba Domingo do Tempo Comum  &#8211; Dehonianos\t<\/a>\r\n\t<\/div>\r\n<div id=\"d6dd80b2tv\" class=\"panel-collapse collapse \">\r\n\t<div class=\"panel-body\">\r\n\t\t<div class=\"pt-cv-content\"><p><iframe loading=\"lazy\" title=\"Ano A - 32\u00ba Domingo do Tempo Comum. Coment\u00e1rio do padre Manuel Barbosa, scj\" width=\"1080\" height=\"608\" src=\"https:\/\/www.youtube.com\/embed\/F3_SENZlVSA?feature=oembed\"  allow=\"accelerometer; autoplay; clipboard-write; encrypted-media; gyroscope; picture-in-picture\" allowfullscreen><\/iframe><\/p>\n<p><em>Preparados para acolher o Senhor<\/em><\/p>\n<p> <a href=\"http:\/\/sites.ecclesia.pt\/liturgia\/ano-a-32o-domingo-do-tempo-comum\/#more-189964\" class=\"more-link\"><span aria-label=\"Continue a ler Ano A &#8211; 32.\u00ba Domingo do Tempo Comum  &#8211; Dehonianos\">(mais&hellip;)<\/span><\/a><\/p>\n<\/div>\t<\/div>\r\n<\/div><\/div>\n<div class=\"panel panel-default pt-cv-content-item pt-cv-1-col\" >\r\n<div class=\"panel-heading pt-cv-title\">\r\n    <a class=\"panel-title\" data-toggle=\"cvcollapse\" data-parent=\"#8cfbe47x25\" data-target=\"#a8b6782t0e\" href='http:\/\/sites.ecclesia.pt\/liturgia\/ano-a-32o-domingo-do-tempo-comum-dehonianos\/' onclick='event.preventDefault()'>\r\n\t\tAno A &#8211; 32.\u00ba Domingo do Tempo Comum &#8211; Dehonianos\t<\/a>\r\n\t<\/div>\r\n<div id=\"a8b6782t0e\" class=\"panel-collapse collapse \">\r\n\t<div class=\"panel-body\">\r\n\t\t<div class=\"pt-cv-content\"><p><iframe loading=\"lazy\" title=\"32.\u00ba domingo do Tempo Comum - Ano A\" width=\"1080\" height=\"608\" src=\"https:\/\/www.youtube.com\/embed\/5_ozJfFBJE8?feature=oembed\" frameborder=\"0\" allow=\"accelerometer; autoplay; encrypted-media; gyroscope; picture-in-picture\" allowfullscreen><\/iframe><\/p>\n<\/div>\t<\/div>\r\n<\/div><\/div>\n<div class=\"panel panel-default pt-cv-content-item pt-cv-1-col\" >\r\n<div class=\"panel-heading pt-cv-title\">\r\n    <a class=\"panel-title\" data-toggle=\"cvcollapse\" data-parent=\"#8cfbe47x25\" data-target=\"#2a1f9a5gi2\" href='http:\/\/sites.ecclesia.pt\/liturgia\/ano-a-33o-domingo-do-tempo-comum-dehonianos\/' onclick='event.preventDefault()'>\r\n\t\tAno A &#8211; 33.\u00ba Domingo do Tempo Comum &#8211; Dehonianos\t<\/a>\r\n\t<\/div>\r\n<div id=\"2a1f9a5gi2\" class=\"panel-collapse collapse \">\r\n\t<div class=\"panel-body\">\r\n\t\t<div class=\"pt-cv-content\"><p><iframe loading=\"lazy\" title=\"33.\u00ba domingo do Tempo Comum - Ano A\" width=\"1080\" height=\"608\" src=\"https:\/\/www.youtube.com\/embed\/vkyJiUDVr5c?feature=oembed\" frameborder=\"0\" allow=\"accelerometer; autoplay; encrypted-media; gyroscope; picture-in-picture\" allowfullscreen><\/iframe><\/p>\n<p>&nbsp;<\/p>\n<\/div>\t<\/div>\r\n<\/div><\/div>\n<div class=\"panel panel-default pt-cv-content-item pt-cv-1-col\" >\r\n<div class=\"panel-heading pt-cv-title\">\r\n    <a class=\"panel-title\" data-toggle=\"cvcollapse\" data-parent=\"#8cfbe47x25\" data-target=\"#79a4873wnz\" href='http:\/\/sites.ecclesia.pt\/liturgia\/ano-a-33-o-domingo-do-tempo-comum\/' onclick='event.preventDefault()'>\r\n\t\tAno A &#8211; 33.\u00ba Domingo do Tempo Comum &#8211; Dehonianos\t<\/a>\r\n\t<\/div>\r\n<div id=\"79a4873wnz\" class=\"panel-collapse collapse \">\r\n\t<div class=\"panel-body\">\r\n\t\t<div class=\"pt-cv-content\"><p><iframe loading=\"lazy\" title=\"Ano A - 33\u00ba Domingo do Tempo Comum. Coment\u00e1rio do padre Manuel Barbosa, scj\" width=\"1080\" height=\"608\" src=\"https:\/\/www.youtube.com\/embed\/hULjl66l4Hk?feature=oembed\"  allow=\"accelerometer; autoplay; clipboard-write; encrypted-media; gyroscope; picture-in-picture\" allowfullscreen><\/iframe><\/p>\n<p><em>Entrar na alegria do Senhor<\/em><\/p>\n<p> <a href=\"http:\/\/sites.ecclesia.pt\/liturgia\/ano-a-33-o-domingo-do-tempo-comum\/#more-190671\" class=\"more-link\"><span aria-label=\"Continue a ler Ano A &#8211; 33.\u00ba Domingo do Tempo Comum &#8211; Dehonianos\">(mais&hellip;)<\/span><\/a><\/p>\n<\/div>\t<\/div>\r\n<\/div><\/div><\/div><\/div><\/div><\/div> &nbsp; ADVENTO <div class=\"pt-cv-wrapper et_smooth_scroll_disabled\"><div class=\"pt-cv-view pt-cv-collapsible\" id=\"pt-cv-view-9a3c85bea3\"><div data-id=\"pt-cv-page-1\" class=\"pt-cv-page\" data-cvc=\"1\"><div class=\"panel-group\" id=\"f6b283365w\"><div class=\"panel panel-default pt-cv-content-item pt-cv-1-col\" >\r\n<div class=\"panel-heading pt-cv-title\">\r\n    <a class=\"panel-title\" data-toggle=\"cvcollapse\" data-parent=\"#f6b283365w\" data-target=\"#72cf8d73cm\" href='http:\/\/sites.ecclesia.pt\/liturgia\/ano-a-1o-domingo-do-advento-2\/' onclick='event.preventDefault()'>\r\n\t\tAno A &#8211; 01.\u00ba Domingo do Advento &#8211; Dehonianos\t<\/a>\r\n\t<\/div>\r\n<div id=\"72cf8d73cm\" class=\"panel-collapse collapse \">\r\n\t<div class=\"panel-body\">\r\n\t\t<div class=\"pt-cv-content\"><p><iframe loading=\"lazy\" title=\"Ano A - 1.\u00ba Domingo do Advento. Coment\u00e1rio do padre Manuel Barbosa, scj\" width=\"1080\" height=\"608\" src=\"https:\/\/www.youtube.com\/embed\/yb2BYVNQYxY?feature=oembed\" frameborder=\"0\" allow=\"accelerometer; autoplay; encrypted-media; gyroscope; picture-in-picture\" allowfullscreen><\/iframe><\/p>\n<p><em>Caminhemos \u00e0 luz do Senhor!<\/em><\/p>\n<p> <a href=\"http:\/\/sites.ecclesia.pt\/liturgia\/ano-a-1o-domingo-do-advento-2\/#more-155636\" class=\"more-link\"><span aria-label=\"Continue a ler Ano A &#8211; 01.\u00ba Domingo do Advento &#8211; Dehonianos\">(mais&hellip;)<\/span><\/a><\/p>\n<\/div>\t<\/div>\r\n<\/div><\/div>\n<div class=\"panel panel-default pt-cv-content-item pt-cv-1-col\" >\r\n<div class=\"panel-heading pt-cv-title\">\r\n    <a class=\"panel-title\" data-toggle=\"cvcollapse\" data-parent=\"#f6b283365w\" data-target=\"#ab974d9hs4\" href='http:\/\/sites.ecclesia.pt\/liturgia\/ano-a-02o-domingo-do-advento\/' onclick='event.preventDefault()'>\r\n\t\tAno A &#8211; 02.\u00ba Domingo do Advento &#8211; Dehonianos\t<\/a>\r\n\t<\/div>\r\n<div id=\"ab974d9hs4\" class=\"panel-collapse collapse \">\r\n\t<div class=\"panel-body\">\r\n\t\t<div class=\"pt-cv-content\"><p><iframe loading=\"lazy\" title=\"Ano A - Solenidade da Imaculada Concei\u00e7\u00e3o\" width=\"1080\" height=\"608\" src=\"https:\/\/www.youtube.com\/embed\/oFvlOO1IUKM?feature=oembed\" frameborder=\"0\" allow=\"accelerometer; autoplay; encrypted-media; gyroscope; picture-in-picture\" allowfullscreen><\/iframe><\/p>\n<p>Acolher o sim de Maria<\/p>\n<p> <a href=\"http:\/\/sites.ecclesia.pt\/liturgia\/ano-a-02o-domingo-do-advento\/#more-156357\" class=\"more-link\"><span aria-label=\"Continue a ler Ano A &#8211; 02.\u00ba Domingo do Advento &#8211; Dehonianos\">(mais&hellip;)<\/span><\/a><\/p>\n<\/div>\t<\/div>\r\n<\/div><\/div>\n<div class=\"panel panel-default pt-cv-content-item pt-cv-1-col\" >\r\n<div class=\"panel-heading pt-cv-title\">\r\n    <a class=\"panel-title\" data-toggle=\"cvcollapse\" data-parent=\"#f6b283365w\" data-target=\"#3af1d16j38\" href='http:\/\/sites.ecclesia.pt\/liturgia\/ano-a-2-o-domingo-do-advento-e-solenidade-da-imaculada-conceicao\/' onclick='event.preventDefault()'>\r\n\t\tAno A &#8211; 02.\u00ba Domingo do Advento e Solenidade da Imaculada Concei\u00e7\u00e3o\t<\/a>\r\n\t<\/div>\r\n<div id=\"3af1d16j38\" class=\"panel-collapse collapse \">\r\n\t<div class=\"panel-body\">\r\n\t\t<div class=\"pt-cv-content\"><p><iframe loading=\"lazy\" title=\"Ano A - Solenidade da Imaculada Concei\u00e7\u00e3o\" width=\"1080\" height=\"608\" src=\"https:\/\/www.youtube.com\/embed\/oFvlOO1IUKM?feature=oembed\" frameborder=\"0\" allow=\"accelerometer; autoplay; encrypted-media; gyroscope; picture-in-picture\" allowfullscreen><\/iframe><\/p>\n<p>Acolher o sim de Maria<\/p>\n<p> <a href=\"http:\/\/sites.ecclesia.pt\/liturgia\/ano-a-2-o-domingo-do-advento-e-solenidade-da-imaculada-conceicao\/#more-164483\" class=\"more-link\"><span aria-label=\"Continue a ler Ano A &#8211; 02.\u00ba Domingo do Advento e Solenidade da Imaculada Concei\u00e7\u00e3o\">(mais&hellip;)<\/span><\/a><\/p>\n<\/div>\t<\/div>\r\n<\/div><\/div>\n<div class=\"panel panel-default pt-cv-content-item pt-cv-1-col\" >\r\n<div class=\"panel-heading pt-cv-title\">\r\n    <a class=\"panel-title\" data-toggle=\"cvcollapse\" data-parent=\"#f6b283365w\" data-target=\"#4748f820f7\" href='http:\/\/sites.ecclesia.pt\/liturgia\/ano-a-03o-domingo-do-advento-2\/' onclick='event.preventDefault()'>\r\n\t\tAno A &#8211; 03.\u00ba Domingo do Advento &#8211; Dehonianos\t<\/a>\r\n\t<\/div>\r\n<div id=\"4748f820f7\" class=\"panel-collapse collapse \">\r\n\t<div class=\"panel-body\">\r\n\t\t<div class=\"pt-cv-content\"><p><iframe loading=\"lazy\" title=\"Ano A - 3.\u00ba domingo do Advento\" width=\"1080\" height=\"608\" src=\"https:\/\/www.youtube.com\/embed\/UWj4x9TEN-w?feature=oembed\" frameborder=\"0\" allow=\"accelerometer; autoplay; encrypted-media; gyroscope; picture-in-picture\" allowfullscreen><\/iframe><\/p>\n<p><em>Viver o Evangelho na alegria<\/em><\/p>\n<p> <a href=\"http:\/\/sites.ecclesia.pt\/liturgia\/ano-a-03o-domingo-do-advento-2\/#more-157000\" class=\"more-link\"><span aria-label=\"Continue a ler Ano A &#8211; 03.\u00ba Domingo do Advento &#8211; Dehonianos\">(mais&hellip;)<\/span><\/a><\/p>\n<\/div>\t<\/div>\r\n<\/div><\/div>\n<div class=\"panel panel-default pt-cv-content-item pt-cv-1-col\" >\r\n<div class=\"panel-heading pt-cv-title\">\r\n    <a class=\"panel-title\" data-toggle=\"cvcollapse\" data-parent=\"#f6b283365w\" data-target=\"#03f911fj67\" href='http:\/\/sites.ecclesia.pt\/liturgia\/ano-a-04o-domingo-do-advento\/' onclick='event.preventDefault()'>\r\n\t\tAno A &#8211; 04.\u00ba Domingo do Advento &#8211; Dehonianos\t<\/a>\r\n\t<\/div>\r\n<div id=\"03f911fj67\" class=\"panel-collapse collapse \">\r\n\t<div class=\"panel-body\">\r\n\t\t<div class=\"pt-cv-content\"><p><iframe loading=\"lazy\" title=\"Ano A - 4.\u00ba  domingo de Advento\" width=\"1080\" height=\"608\" src=\"https:\/\/www.youtube.com\/embed\/jmP5VyjKb_Y?feature=oembed\" frameborder=\"0\" allow=\"accelerometer; autoplay; encrypted-media; gyroscope; picture-in-picture\" allowfullscreen><\/iframe><\/p>\n<p><em>Acolher o Deus connosco<\/em><\/p>\n<p> <a href=\"http:\/\/sites.ecclesia.pt\/liturgia\/ano-a-04o-domingo-do-advento\/#more-157659\" class=\"more-link\"><span aria-label=\"Continue a ler Ano A &#8211; 04.\u00ba Domingo do Advento &#8211; Dehonianos\">(mais&hellip;)<\/span><\/a><\/p>\n<\/div>\t<\/div>\r\n<\/div><\/div><\/div><\/div><\/div><\/div> QUARESMA <div class=\"pt-cv-wrapper et_smooth_scroll_disabled\"><div class=\"pt-cv-view pt-cv-collapsible\" id=\"pt-cv-view-6516e75pjk\"><div data-id=\"pt-cv-page-1\" class=\"pt-cv-page\" data-cvc=\"1\"><div class=\"panel-group\" id=\"cd124efnx9\"><div class=\"panel panel-default pt-cv-content-item pt-cv-1-col\" >\r\n<div class=\"panel-heading pt-cv-title\">\r\n    <a class=\"panel-title\" data-toggle=\"cvcollapse\" data-parent=\"#cd124efnx9\" data-target=\"#9b46ddcvmu\" href='http:\/\/sites.ecclesia.pt\/liturgia\/ano-a-1-o-domingo-da-quaresma-dehonianos\/' onclick='event.preventDefault()'>\r\n\t\tAno A &#8211; 01.\u00ba Domingo da Quaresma &#8211; Dehonianos\t<\/a>\r\n\t<\/div>\r\n<div id=\"9b46ddcvmu\" class=\"panel-collapse collapse \">\r\n\t<div class=\"panel-body\">\r\n\t\t<div class=\"pt-cv-content\"><p><iframe loading=\"lazy\" title=\"Ano A - 1.\u00ba domingo da Quaresma\" width=\"1080\" height=\"608\" src=\"https:\/\/www.youtube.com\/embed\/x5FlZjcnBDw?feature=oembed\" frameborder=\"0\" allow=\"accelerometer; autoplay; encrypted-media; gyroscope; picture-in-picture\" allowfullscreen><\/iframe><\/p>\n<p><em>Caminhar das cinzas para a luz pascal<\/em><\/p>\n<p> <a href=\"http:\/\/sites.ecclesia.pt\/liturgia\/ano-a-1-o-domingo-da-quaresma-dehonianos\/#more-163865\" class=\"more-link\"><span aria-label=\"Continue a ler Ano A &#8211; 01.\u00ba Domingo da Quaresma &#8211; Dehonianos\">(mais&hellip;)<\/span><\/a><\/p>\n<\/div>\t<\/div>\r\n<\/div><\/div>\n<div class=\"panel panel-default pt-cv-content-item pt-cv-1-col\" >\r\n<div class=\"panel-heading pt-cv-title\">\r\n    <a class=\"panel-title\" data-toggle=\"cvcollapse\" data-parent=\"#cd124efnx9\" data-target=\"#5c9bdf0wqv\" href='http:\/\/sites.ecclesia.pt\/liturgia\/ano-a-2o-domingo-da-quaresma-dehonianos\/' onclick='event.preventDefault()'>\r\n\t\tAno A &#8211; 02.\u00ba Domingo da Quaresma &#8211; Dehonianos\t<\/a>\r\n\t<\/div>\r\n<div id=\"5c9bdf0wqv\" class=\"panel-collapse collapse \">\r\n\t<div class=\"panel-body\">\r\n\t\t<div class=\"pt-cv-content\"><p><iframe loading=\"lazy\" title=\"Ano A - 2.\u00ba domingo da Quaresma\" width=\"1080\" height=\"608\" src=\"https:\/\/www.youtube.com\/embed\/vDXI0AhS3LM?feature=oembed\" frameborder=\"0\" allow=\"accelerometer; autoplay; encrypted-media; gyroscope; picture-in-picture\" allowfullscreen><\/iframe><\/p>\n<p><em>Partir transfigurados<\/em><\/p>\n<p> <a href=\"http:\/\/sites.ecclesia.pt\/liturgia\/ano-a-2o-domingo-da-quaresma-dehonianos\/#more-163858\" class=\"more-link\"><span aria-label=\"Continue a ler Ano A &#8211; 02.\u00ba Domingo da Quaresma &#8211; Dehonianos\">(mais&hellip;)<\/span><\/a><\/p>\n<\/div>\t<\/div>\r\n<\/div><\/div>\n<div class=\"panel panel-default pt-cv-content-item pt-cv-1-col\" >\r\n<div class=\"panel-heading pt-cv-title\">\r\n    <a class=\"panel-title\" data-toggle=\"cvcollapse\" data-parent=\"#cd124efnx9\" data-target=\"#b25b5eflm3\" href='http:\/\/sites.ecclesia.pt\/liturgia\/ano-a-3o-domingo-da-quaresma-dehonianos\/' onclick='event.preventDefault()'>\r\n\t\tAno A &#8211; 03.\u00ba Domingo da Quaresma &#8211; Dehonianos\t<\/a>\r\n\t<\/div>\r\n<div id=\"b25b5eflm3\" class=\"panel-collapse collapse \">\r\n\t<div class=\"panel-body\">\r\n\t\t<div class=\"pt-cv-content\"><p><iframe loading=\"lazy\" title=\"Ano A - 3.\u00ba Domingo da Quaresma\" width=\"1080\" height=\"608\" src=\"https:\/\/www.youtube.com\/embed\/cGl28shT4_8?feature=oembed\" frameborder=\"0\" allow=\"accelerometer; autoplay; encrypted-media; gyroscope; picture-in-picture\" allowfullscreen><\/iframe><\/p>\n<p><em>Visitar a Fonte, a \u00c1gua, a Vida!<\/em><\/p>\n<p> <a href=\"http:\/\/sites.ecclesia.pt\/liturgia\/ano-a-3o-domingo-da-quaresma-dehonianos\/#more-164277\" class=\"more-link\"><span aria-label=\"Continue a ler Ano A &#8211; 03.\u00ba Domingo da Quaresma &#8211; Dehonianos\">(mais&hellip;)<\/span><\/a><\/p>\n<\/div>\t<\/div>\r\n<\/div><\/div>\n<div class=\"panel panel-default pt-cv-content-item pt-cv-1-col\" >\r\n<div class=\"panel-heading pt-cv-title\">\r\n    <a class=\"panel-title\" data-toggle=\"cvcollapse\" data-parent=\"#cd124efnx9\" data-target=\"#9850f27cea\" href='http:\/\/sites.ecclesia.pt\/liturgia\/ano-a-04o-domingo-da-quaresma-dehonianos\/' onclick='event.preventDefault()'>\r\n\t\tAno A &#8211; 04.\u00ba Domingo da Quaresma &#8211; Dehonianos\t<\/a>\r\n\t<\/div>\r\n<div id=\"9850f27cea\" class=\"panel-collapse collapse \">\r\n\t<div class=\"panel-body\">\r\n\t\t<div class=\"pt-cv-content\"><p><iframe loading=\"lazy\" title=\"Ano A - 04.\u00ba Domingo da Quaresma\" width=\"1080\" height=\"608\" src=\"https:\/\/www.youtube.com\/embed\/7gZFlyr1FH8?feature=oembed\" frameborder=\"0\" allow=\"accelerometer; autoplay; encrypted-media; gyroscope; picture-in-picture\" allowfullscreen><\/iframe><\/p>\n<p><em>Viver como filhos da luz<\/em><\/p>\n<p> <a href=\"http:\/\/sites.ecclesia.pt\/liturgia\/ano-a-04o-domingo-da-quaresma-dehonianos\/#more-164286\" class=\"more-link\"><span aria-label=\"Continue a ler Ano A &#8211; 04.\u00ba Domingo da Quaresma &#8211; Dehonianos\">(mais&hellip;)<\/span><\/a><\/p>\n<\/div>\t<\/div>\r\n<\/div><\/div>\n<div class=\"panel panel-default pt-cv-content-item pt-cv-1-col\" >\r\n<div class=\"panel-heading pt-cv-title\">\r\n    <a class=\"panel-title\" data-toggle=\"cvcollapse\" data-parent=\"#cd124efnx9\" data-target=\"#e0de459ko1\" href='http:\/\/sites.ecclesia.pt\/liturgia\/ano-a-5o-domingo-da-quaresma-dehonianos\/' onclick='event.preventDefault()'>\r\n\t\tAno A &#8211; 05.\u00ba Domingo da Quaresma &#8211; Dehonianos\t<\/a>\r\n\t<\/div>\r\n<div id=\"e0de459ko1\" class=\"panel-collapse collapse \">\r\n\t<div class=\"panel-body\">\r\n\t\t<div class=\"pt-cv-content\"><p><iframe loading=\"lazy\" title=\"Ano A - 5.\u00ba Domingo da Quaresma\" width=\"1080\" height=\"608\" src=\"https:\/\/www.youtube.com\/embed\/Hok2wWm6EMs?feature=oembed\" frameborder=\"0\" allow=\"accelerometer; autoplay; encrypted-media; gyroscope; picture-in-picture\" allowfullscreen><\/iframe><\/p>\n<p><em>Creio no Senhor da Vida<\/em><\/p>\n<p> <a href=\"http:\/\/sites.ecclesia.pt\/liturgia\/ano-a-5o-domingo-da-quaresma-dehonianos\/#more-164289\" class=\"more-link\"><span aria-label=\"Continue a ler Ano A &#8211; 05.\u00ba Domingo da Quaresma &#8211; Dehonianos\">(mais&hellip;)<\/span><\/a><\/p>\n<\/div>\t<\/div>\r\n<\/div><\/div>\n<div class=\"panel panel-default pt-cv-content-item pt-cv-1-col\" >\r\n<div class=\"panel-heading pt-cv-title\">\r\n    <a class=\"panel-title\" data-toggle=\"cvcollapse\" data-parent=\"#cd124efnx9\" data-target=\"#f640d7f7zs\" href='http:\/\/sites.ecclesia.pt\/liturgia\/ano-a-domingo-de-ramos-dehonianos\/' onclick='event.preventDefault()'>\r\n\t\tAno A &#8211; Domingo de Ramos &#8211; Dehonianos\t<\/a>\r\n\t<\/div>\r\n<div id=\"f640d7f7zs\" class=\"panel-collapse collapse \">\r\n\t<div class=\"panel-body\">\r\n\t\t<div class=\"pt-cv-content\"><p><iframe loading=\"lazy\" title=\"Ano A - Domingo de Ramos\" width=\"1080\" height=\"608\" src=\"https:\/\/www.youtube.com\/embed\/6XaFXMJSJP4?feature=oembed\" frameborder=\"0\" allow=\"accelerometer; autoplay; encrypted-media; gyroscope; picture-in-picture\" allowfullscreen><\/iframe><\/p>\n<p><em>Apaixonados pela Cruz de Cristo<\/em><\/p>\n<p> <a href=\"http:\/\/sites.ecclesia.pt\/liturgia\/ano-a-domingo-de-ramos-dehonianos\/#more-164297\" class=\"more-link\"><span aria-label=\"Continue a ler Ano A &#8211; Domingo de Ramos &#8211; Dehonianos\">(mais&hellip;)<\/span><\/a><\/p>\n<\/div>\t<\/div>\r\n<\/div><\/div><\/div><\/div><\/div><\/div> P\u00c1SCOA <div class=\"pt-cv-wrapper et_smooth_scroll_disabled\"><div class=\"pt-cv-view pt-cv-collapsible\" id=\"pt-cv-view-1ffc8f876v\"><div data-id=\"pt-cv-page-1\" class=\"pt-cv-page\" data-cvc=\"1\"><div class=\"panel-group\" id=\"08a4339g1p\"><div class=\"panel panel-default pt-cv-content-item pt-cv-1-col\" >\r\n<div class=\"panel-heading pt-cv-title\">\r\n    <a class=\"panel-title\" data-toggle=\"cvcollapse\" data-parent=\"#08a4339g1p\" data-target=\"#8c1b27eefq\" href='http:\/\/sites.ecclesia.pt\/liturgia\/ano-a-2o-domingo-da-pascoa-dehonianos\/' onclick='event.preventDefault()'>\r\n\t\tAno A &#8211; 02.\u00ba Domingo da P\u00e1scoa &#8211; Dehonianos\t<\/a>\r\n\t<\/div>\r\n<div id=\"8c1b27eefq\" class=\"panel-collapse collapse \">\r\n\t<div class=\"panel-body\">\r\n\t\t<div class=\"pt-cv-content\"><p><iframe loading=\"lazy\" title=\"2.\u00ba Domingo da P\u00e1scoa 2020\" width=\"1080\" height=\"608\" src=\"https:\/\/www.youtube.com\/embed\/C2paejJs4D8?feature=oembed\" frameborder=\"0\" allow=\"accelerometer; autoplay; encrypted-media; gyroscope; picture-in-picture\" allowfullscreen><\/iframe><\/p>\n<p><em>Comunidades com cora\u00e7\u00e3o misericordioso<\/em><\/p>\n<p> <a href=\"http:\/\/sites.ecclesia.pt\/liturgia\/ano-a-2o-domingo-da-pascoa-dehonianos\/#more-164269\" class=\"more-link\"><span aria-label=\"Continue a ler Ano A &#8211; 02.\u00ba Domingo da P\u00e1scoa &#8211; Dehonianos\">(mais&hellip;)<\/span><\/a><\/p>\n<\/div>\t<\/div>\r\n<\/div><\/div>\n<div class=\"panel panel-default pt-cv-content-item pt-cv-1-col\" >\r\n<div class=\"panel-heading pt-cv-title\">\r\n    <a class=\"panel-title\" data-toggle=\"cvcollapse\" data-parent=\"#08a4339g1p\" data-target=\"#f6eb269itz\" href='http:\/\/sites.ecclesia.pt\/liturgia\/ano-a-3o-domingo-da-pascoa-dehonianos\/' onclick='event.preventDefault()'>\r\n\t\tAno A &#8211; 03.\u00ba Domingo da P\u00e1scoa &#8211; Dehonianos\t<\/a>\r\n\t<\/div>\r\n<div id=\"f6eb269itz\" class=\"panel-collapse collapse \">\r\n\t<div class=\"panel-body\">\r\n\t\t<div class=\"pt-cv-content\"><p><iframe loading=\"lazy\" title=\"Ano A - 3.\u00ba domingo da P\u00e1scoa. Coment\u00e1rio do padre Manuel Barbosa, scj\" width=\"1080\" height=\"608\" src=\"https:\/\/www.youtube.com\/embed\/7a5T3HGmEds?feature=oembed\" frameborder=\"0\" allow=\"accelerometer; autoplay; encrypted-media; gyroscope; picture-in-picture\" allowfullscreen><\/iframe><\/p>\n<p><em>Caminhar como os disc\u00edpulos de Ema\u00fas<\/em><\/p>\n<p> <a href=\"http:\/\/sites.ecclesia.pt\/liturgia\/ano-a-3o-domingo-da-pascoa-dehonianos\/#more-164272\" class=\"more-link\"><span aria-label=\"Continue a ler Ano A &#8211; 03.\u00ba Domingo da P\u00e1scoa &#8211; Dehonianos\">(mais&hellip;)<\/span><\/a><\/p>\n<\/div>\t<\/div>\r\n<\/div><\/div>\n<div class=\"panel panel-default pt-cv-content-item pt-cv-1-col\" >\r\n<div class=\"panel-heading pt-cv-title\">\r\n    <a class=\"panel-title\" data-toggle=\"cvcollapse\" data-parent=\"#08a4339g1p\" data-target=\"#e660910bh8\" href='http:\/\/sites.ecclesia.pt\/liturgia\/ano-a-5-o-domingo-da-pascoa\/' onclick='event.preventDefault()'>\r\n\t\tAno A &#8211; 05.\u00ba Domingo da P\u00e1scoa &#8211; Dehonianos\t<\/a>\r\n\t<\/div>\r\n<div id=\"e660910bh8\" class=\"panel-collapse collapse \">\r\n\t<div class=\"panel-body\">\r\n\t\t<div class=\"pt-cv-content\"><p><iframe loading=\"lazy\" title=\"Ano A - 5.\u00ba domingo da P\u00e1scoa\" width=\"1080\" height=\"608\" src=\"https:\/\/www.youtube.com\/embed\/VoMG1NrwIJA?feature=oembed\" frameborder=\"0\" allow=\"accelerometer; autoplay; encrypted-media; gyroscope; picture-in-picture\" allowfullscreen><\/iframe><\/p>\n<p><em>Que Igreja somos n\u00f3s?<\/em><\/p>\n<p> <a href=\"http:\/\/sites.ecclesia.pt\/liturgia\/ano-a-5-o-domingo-da-pascoa\/#more-174222\" class=\"more-link\"><span aria-label=\"Continue a ler Ano A &#8211; 05.\u00ba Domingo da P\u00e1scoa &#8211; Dehonianos\">(mais&hellip;)<\/span><\/a><\/p>\n<\/div>\t<\/div>\r\n<\/div><\/div>\n<div class=\"panel panel-default pt-cv-content-item pt-cv-1-col\" >\r\n<div class=\"panel-heading pt-cv-title\">\r\n    <a class=\"panel-title\" data-toggle=\"cvcollapse\" data-parent=\"#08a4339g1p\" data-target=\"#8461885nul\" href='http:\/\/sites.ecclesia.pt\/liturgia\/ano-a-6-o-domingo-da-pascoa\/' onclick='event.preventDefault()'>\r\n\t\tAno A &#8211; 06.\u00ba Domingo da P\u00e1scoa &#8211; Dehonianos\t<\/a>\r\n\t<\/div>\r\n<div id=\"8461885nul\" class=\"panel-collapse collapse \">\r\n\t<div class=\"panel-body\">\r\n\t\t<div class=\"pt-cv-content\"><p><iframe loading=\"lazy\" title=\"Ano A - 6.\u00ba Domingo da P\u00e1scoa\" width=\"1080\" height=\"608\" src=\"https:\/\/www.youtube.com\/embed\/qY6flnvcPKQ?feature=oembed\"  allow=\"accelerometer; autoplay; clipboard-write; encrypted-media; gyroscope; picture-in-picture\" allowfullscreen><\/iframe><\/p>\n<p><em>\u201cN\u00e3o vos deixarei \u00f3rf\u00e3os\u201d<\/em><\/p>\n<p> <a href=\"http:\/\/sites.ecclesia.pt\/liturgia\/ano-a-6-o-domingo-da-pascoa\/#more-175070\" class=\"more-link\"><span aria-label=\"Continue a ler Ano A &#8211; 06.\u00ba Domingo da P\u00e1scoa &#8211; Dehonianos\">(mais&hellip;)<\/span><\/a><\/p>\n<\/div>\t<\/div>\r\n<\/div><\/div><\/div><\/div><\/div><\/div> SOLENIDADES E FESTAS <div class=\"pt-cv-wrapper et_smooth_scroll_disabled\"><div class=\"pt-cv-view pt-cv-collapsible\" id=\"pt-cv-view-efab8f8dlh\"><div data-id=\"pt-cv-page-1\" class=\"pt-cv-page\" data-cvc=\"1\"><div class=\"panel-group\" id=\"68fcd95slp\"><div class=\"panel panel-default pt-cv-content-item pt-cv-1-col\" >\r\n<div class=\"panel-heading pt-cv-title\">\r\n    <a class=\"panel-title\" data-toggle=\"cvcollapse\" data-parent=\"#68fcd95slp\" data-target=\"#3a5fde4deq\" href='http:\/\/sites.ecclesia.pt\/liturgia\/ano-a-2-o-domingo-do-advento-e-solenidade-da-imaculada-conceicao\/' onclick='event.preventDefault()'>\r\n\t\tAno A &#8211; 02.\u00ba Domingo do Advento e Solenidade da Imaculada Concei\u00e7\u00e3o\t<\/a>\r\n\t<\/div>\r\n<div id=\"3a5fde4deq\" class=\"panel-collapse collapse \">\r\n\t<div class=\"panel-body\">\r\n\t\t<div class=\"pt-cv-content\"><p><iframe loading=\"lazy\" title=\"Ano A - Solenidade da Imaculada Concei\u00e7\u00e3o\" width=\"1080\" height=\"608\" src=\"https:\/\/www.youtube.com\/embed\/oFvlOO1IUKM?feature=oembed\" frameborder=\"0\" allow=\"accelerometer; autoplay; encrypted-media; gyroscope; picture-in-picture\" allowfullscreen><\/iframe><\/p>\n<p>Acolher o sim de Maria<\/p>\n<p> <a href=\"http:\/\/sites.ecclesia.pt\/liturgia\/ano-a-2-o-domingo-do-advento-e-solenidade-da-imaculada-conceicao\/#more-164483\" class=\"more-link\"><span aria-label=\"Continue a ler Ano A &#8211; 02.\u00ba Domingo do Advento e Solenidade da Imaculada Concei\u00e7\u00e3o\">(mais&hellip;)<\/span><\/a><\/p>\n<\/div>\t<\/div>\r\n<\/div><\/div>\n<div class=\"panel panel-default pt-cv-content-item pt-cv-1-col\" >\r\n<div class=\"panel-heading pt-cv-title\">\r\n    <a class=\"panel-title\" data-toggle=\"cvcollapse\" data-parent=\"#68fcd95slp\" data-target=\"#6931295hl8\" href='http:\/\/sites.ecclesia.pt\/liturgia\/4-o-domingo-do-tempo-comum-festa-da-apresentacao-do-senhor\/' onclick='event.preventDefault()'>\r\n\t\tAno A &#8211; Festa da Apresenta\u00e7\u00e3o do Senhor &#8211; Dehonianos\t<\/a>\r\n\t<\/div>\r\n<div id=\"6931295hl8\" class=\"panel-collapse collapse \">\r\n\t<div class=\"panel-body\">\r\n\t\t<div class=\"pt-cv-content\"><p><iframe loading=\"lazy\" title=\"Ano A - Festa da Apresenta\u00e7\u00e3o do Senhor\" width=\"1080\" height=\"608\" src=\"https:\/\/www.youtube.com\/embed\/3xAbiYw-wa4?feature=oembed\"  allow=\"accelerometer; autoplay; clipboard-write; encrypted-media; gyroscope; picture-in-picture\" allowfullscreen><\/iframe><\/p>\n<p><em>Consagrados para evangelizar<\/em><\/p>\n<p> <a href=\"http:\/\/sites.ecclesia.pt\/liturgia\/4-o-domingo-do-tempo-comum-festa-da-apresentacao-do-senhor\/#more-164502\" class=\"more-link\"><span aria-label=\"Continue a ler Ano A &#8211; Festa da Apresenta\u00e7\u00e3o do Senhor &#8211; Dehonianos\">(mais&hellip;)<\/span><\/a><\/p>\n<\/div>\t<\/div>\r\n<\/div><\/div>\n<div class=\"panel panel-default pt-cv-content-item pt-cv-1-col\" >\r\n<div class=\"panel-heading pt-cv-title\">\r\n    <a class=\"panel-title\" data-toggle=\"cvcollapse\" data-parent=\"#68fcd95slp\" data-target=\"#0a80928cz3\" href='http:\/\/sites.ecclesia.pt\/liturgia\/ano-a-festa-do-batismo-do-senhor\/' onclick='event.preventDefault()'>\r\n\t\tAno A &#8211; Festa do Batismo do Senhor &#8211; Dehonianos\t<\/a>\r\n\t<\/div>\r\n<div id=\"0a80928cz3\" class=\"panel-collapse collapse \">\r\n\t<div class=\"panel-body\">\r\n\t\t<div class=\"pt-cv-content\"><p><iframe loading=\"lazy\" title=\"Ano A - Festa do Baptismo do Senhor\" width=\"1080\" height=\"608\" src=\"https:\/\/www.youtube.com\/embed\/xuLhr5yopIs?feature=oembed\" frameborder=\"0\" allow=\"accelerometer; autoplay; encrypted-media; gyroscope; picture-in-picture\" allowfullscreen><\/iframe><\/p>\n<p><em>Batizados num sim radical a Cristo<\/em><\/p>\n<p> <a href=\"http:\/\/sites.ecclesia.pt\/liturgia\/ano-a-festa-do-batismo-do-senhor\/#more-159202\" class=\"more-link\"><span aria-label=\"Continue a ler Ano A &#8211; Festa do Batismo do Senhor &#8211; Dehonianos\">(mais&hellip;)<\/span><\/a><\/p>\n<\/div>\t<\/div>\r\n<\/div><\/div>\n<div class=\"panel panel-default pt-cv-content-item pt-cv-1-col\" >\r\n<div class=\"panel-heading pt-cv-title\">\r\n    <a class=\"panel-title\" data-toggle=\"cvcollapse\" data-parent=\"#68fcd95slp\" data-target=\"#8e6fc99us5\" href='http:\/\/sites.ecclesia.pt\/liturgia\/ano-a-solenidade-da-ascensao-do-senhor\/' onclick='event.preventDefault()'>\r\n\t\tAno A &#8211; Solenidade da Ascens\u00e3o do Senhor &#8211; Dehonianos\t<\/a>\r\n\t<\/div>\r\n<div id=\"8e6fc99us5\" class=\"panel-collapse collapse \">\r\n\t<div class=\"panel-body\">\r\n\t\t<div class=\"pt-cv-content\"><p><iframe loading=\"lazy\" title=\"Ano A - Solenidade da Ascens\u00e3o. Coment\u00e1rio do padre manuel Barbosa, scj\" width=\"1080\" height=\"608\" src=\"https:\/\/www.youtube.com\/embed\/AWbKgwqjSEs?feature=oembed\"  allow=\"accelerometer; autoplay; clipboard-write; encrypted-media; gyroscope; picture-in-picture\" allowfullscreen><\/iframe><\/p>\n<p><em>Olhar para o C\u00e9u, partir em miss\u00e3o<\/em><\/p>\n<p> <a href=\"http:\/\/sites.ecclesia.pt\/liturgia\/ano-a-solenidade-da-ascensao-do-senhor\/#more-175966\" class=\"more-link\"><span aria-label=\"Continue a ler Ano A &#8211; Solenidade da Ascens\u00e3o do Senhor &#8211; Dehonianos\">(mais&hellip;)<\/span><\/a><\/p>\n<\/div>\t<\/div>\r\n<\/div><\/div>\n<div class=\"panel panel-default pt-cv-content-item pt-cv-1-col\" >\r\n<div class=\"panel-heading pt-cv-title\">\r\n    <a class=\"panel-title\" data-toggle=\"cvcollapse\" data-parent=\"#68fcd95slp\" data-target=\"#8fad0fa8b3\" href='http:\/\/sites.ecclesia.pt\/liturgia\/ano-a-solenidade-da-epifania-do-senhor\/' onclick='event.preventDefault()'>\r\n\t\tAno A &#8211; Solenidade da Epifania do Senhor &#8211; Dehonianos\t<\/a>\r\n\t<\/div>\r\n<div id=\"8fad0fa8b3\" class=\"panel-collapse collapse \">\r\n\t<div class=\"panel-body\">\r\n\t\t<div class=\"pt-cv-content\"><p><iframe loading=\"lazy\" title=\"Ano A - Solenidade da Epifania do Senhor\" width=\"1080\" height=\"608\" src=\"https:\/\/www.youtube.com\/embed\/jOAePU_otbA?feature=oembed\" frameborder=\"0\" allow=\"accelerometer; autoplay; encrypted-media; gyroscope; picture-in-picture\" allowfullscreen><\/iframe><\/p>\n<p><em>Acolher a luz e p\u00f4r-se a caminho<\/em><\/p>\n<p> <a href=\"http:\/\/sites.ecclesia.pt\/liturgia\/ano-a-solenidade-da-epifania-do-senhor\/#more-158646\" class=\"more-link\"><span aria-label=\"Continue a ler Ano A &#8211; Solenidade da Epifania do Senhor &#8211; Dehonianos\">(mais&hellip;)<\/span><\/a><\/p>\n<\/div>\t<\/div>\r\n<\/div><\/div>\n<div class=\"panel panel-default pt-cv-content-item pt-cv-1-col\" >\r\n<div class=\"panel-heading pt-cv-title\">\r\n    <a class=\"panel-title\" data-toggle=\"cvcollapse\" data-parent=\"#68fcd95slp\" data-target=\"#17c02detiq\" href='http:\/\/sites.ecclesia.pt\/liturgia\/ano-a-solenidade-da-imaculada-conceicao\/' onclick='event.preventDefault()'>\r\n\t\tAno A &#8211; Solenidade da Imaculada Concei\u00e7\u00e3o &#8211; Dehonianos\t<\/a>\r\n\t<\/div>\r\n<div id=\"17c02detiq\" class=\"panel-collapse collapse \">\r\n\t<div class=\"panel-body\">\r\n\t\t<div class=\"pt-cv-content\"><p><iframe loading=\"lazy\" title=\"Ano A - Solenidade da Imaculada Concei\u00e7\u00e3o\" width=\"1080\" height=\"608\" src=\"https:\/\/www.youtube.com\/embed\/oFvlOO1IUKM?feature=oembed\"  allow=\"accelerometer; autoplay; clipboard-write; encrypted-media; gyroscope; picture-in-picture\" allowfullscreen><\/iframe><\/p>\n<p>Acolher o sim de Maria<\/p>\n<p> <a href=\"http:\/\/sites.ecclesia.pt\/liturgia\/ano-a-solenidade-da-imaculada-conceicao\/#more-163906\" class=\"more-link\"><span aria-label=\"Continue a ler Ano A &#8211; Solenidade da Imaculada Concei\u00e7\u00e3o &#8211; Dehonianos\">(mais&hellip;)<\/span><\/a><\/p>\n<\/div>\t<\/div>\r\n<\/div><\/div>\n<div class=\"panel panel-default pt-cv-content-item pt-cv-1-col\" >\r\n<div class=\"panel-heading pt-cv-title\">\r\n    <a class=\"panel-title\" data-toggle=\"cvcollapse\" data-parent=\"#68fcd95slp\" data-target=\"#f1f5691e6k\" href='http:\/\/sites.ecclesia.pt\/liturgia\/ano-a-solenidade-da-santissima-trindade\/' onclick='event.preventDefault()'>\r\n\t\tAno A &#8211; Solenidade da Sant\u00edssima Trindade &#8211; Dehonianos\t<\/a>\r\n\t<\/div>\r\n<div id=\"f1f5691e6k\" class=\"panel-collapse collapse \">\r\n\t<div class=\"panel-body\">\r\n\t\t<div class=\"pt-cv-content\"><p><iframe loading=\"lazy\" title=\"Ano A - Solenidade da Sant\u00edssima Trindade. Coment\u00e1rio do padre Manuel Barbosa, scj\" width=\"1080\" height=\"608\" src=\"https:\/\/www.youtube.com\/embed\/O0_K0td97es?feature=oembed\"  allow=\"accelerometer; autoplay; clipboard-write; encrypted-media; gyroscope; picture-in-picture\" allowfullscreen><\/iframe><\/p>\n<p><em>Transformados no amor da Trindade<\/em><\/p>\n<p> <a href=\"http:\/\/sites.ecclesia.pt\/liturgia\/ano-a-solenidade-da-santissima-trindade\/#more-177731\" class=\"more-link\"><span aria-label=\"Continue a ler Ano A &#8211; Solenidade da Sant\u00edssima Trindade &#8211; Dehonianos\">(mais&hellip;)<\/span><\/a><\/p>\n<\/div>\t<\/div>\r\n<\/div><\/div>\n<div class=\"panel panel-default pt-cv-content-item pt-cv-1-col\" >\r\n<div class=\"panel-heading pt-cv-title\">\r\n    <a class=\"panel-title\" data-toggle=\"cvcollapse\" data-parent=\"#68fcd95slp\" data-target=\"#fa281f8xw6\" href='http:\/\/sites.ecclesia.pt\/liturgia\/ano-a-solenidade-de-nosso-senhor-jesus-cristo-rei-do-universo-dehonianos\/' onclick='event.preventDefault()'>\r\n\t\tAno A &#8211; Solenidade de Nosso Senhor Jesus Cristo, Rei do Universo &#8211; Dehonianos\t<\/a>\r\n\t<\/div>\r\n<div id=\"fa281f8xw6\" class=\"panel-collapse collapse \">\r\n\t<div class=\"panel-body\">\r\n\t\t<div class=\"pt-cv-content\"><p><iframe loading=\"lazy\" title=\"Solenidade de Nosso Senhor Jesus Cristo, Rei do Universo - Ano A\" width=\"1080\" height=\"608\" src=\"https:\/\/www.youtube.com\/embed\/kGdsqgC-LBA?feature=oembed\" frameborder=\"0\" allow=\"accelerometer; autoplay; encrypted-media; gyroscope; picture-in-picture\" allowfullscreen><\/iframe><\/p>\n<\/div>\t<\/div>\r\n<\/div><\/div>\n<div class=\"panel panel-default pt-cv-content-item pt-cv-1-col\" >\r\n<div class=\"panel-heading pt-cv-title\">\r\n    <a class=\"panel-title\" data-toggle=\"cvcollapse\" data-parent=\"#68fcd95slp\" data-target=\"#fa3e76d5ki\" href='http:\/\/sites.ecclesia.pt\/liturgia\/ano-a-solenidade-de-todos-os-santos\/' onclick='event.preventDefault()'>\r\n\t\tAno A &#8211; Solenidade de todos os Santos &#8211; Dehonianos\t<\/a>\r\n\t<\/div>\r\n<div id=\"fa3e76d5ki\" class=\"panel-collapse collapse \">\r\n\t<div class=\"panel-body\">\r\n\t\t<div class=\"pt-cv-content\"><p><iframe loading=\"lazy\" title=\"Ano A - Solenidade de todos os Santos. Coment\u00e1rio do padre Manuel Barbosa, scj\" width=\"1080\" height=\"608\" src=\"https:\/\/www.youtube.com\/embed\/lAzXPbxrrHY?feature=oembed\"  allow=\"accelerometer; autoplay; clipboard-write; encrypted-media; gyroscope; picture-in-picture\" allowfullscreen><\/iframe><\/p>\n<p><em>Felizes na santidade<\/em><\/p>\n<p> <a href=\"http:\/\/sites.ecclesia.pt\/liturgia\/ano-a-solenidade-de-todos-os-santos\/#more-189386\" class=\"more-link\"><span aria-label=\"Continue a ler Ano A &#8211; Solenidade de todos os Santos &#8211; Dehonianos\">(mais&hellip;)<\/span><\/a><\/p>\n<\/div>\t<\/div>\r\n<\/div><\/div><\/div><\/div><\/div><\/div><\/p>\n","protected":false},"author":1,"featured_media":0,"parent":0,"menu_order":0,"comment_status":"closed","ping_status":"closed","template":"","meta":{"_et_pb_use_builder":"on","_et_pb_old_content":"","_et_gb_content_width":"","footnotes":""},"class_list":["post-163494","page","type-page","status-publish","hentry"],"_links":{"self":[{"href":"http:\/\/sites.ecclesia.pt\/liturgia\/wp-json\/wp\/v2\/pages\/163494","targetHints":{"allow":["GET"]}}],"collection":[{"href":"http:\/\/sites.ecclesia.pt\/liturgia\/wp-json\/wp\/v2\/pages"}],"about":[{"href":"http:\/\/sites.ecclesia.pt\/liturgia\/wp-json\/wp\/v2\/types\/page"}],"author":[{"embeddable":true,"href":"http:\/\/sites.ecclesia.pt\/liturgia\/wp-json\/wp\/v2\/users\/1"}],"replies":[{"embeddable":true,"href":"http:\/\/sites.ecclesia.pt\/liturgia\/wp-json\/wp\/v2\/comments?post=163494"}],"version-history":[{"count":12,"href":"http:\/\/sites.ecclesia.pt\/liturgia\/wp-json\/wp\/v2\/pages\/163494\/revisions"}],"predecessor-version":[{"id":163966,"href":"http:\/\/sites.ecclesia.pt\/liturgia\/wp-json\/wp\/v2\/pages\/163494\/revisions\/163966"}],"wp:attachment":[{"href":"http:\/\/sites.ecclesia.pt\/liturgia\/wp-json\/wp\/v2\/media?parent=163494"}],"curies":[{"name":"wp","href":"https:\/\/api.w.org\/{rel}","templated":true}]}}