{"id":163503,"date":"2020-03-05T10:58:21","date_gmt":"2020-03-05T10:58:21","guid":{"rendered":"http:\/\/sites.ecclesia.pt\/liturgia\/?page_id=163503"},"modified":"2020-03-12T12:02:26","modified_gmt":"2020-03-12T12:02:26","slug":"ano-b-dehonianos","status":"publish","type":"page","link":"http:\/\/sites.ecclesia.pt\/liturgia\/ano-b-dehonianos\/","title":{"rendered":"Ano B &#8211; Dehonianos"},"content":{"rendered":"<p>[et_pb_section bb_built=&#8221;1&#8243; admin_label=&#8221;Hero Section&#8221; _builder_version=&#8221;4.3.4&#8243; use_background_color_gradient=&#8221;on&#8221; background_color_gradient_start=&#8221;rgba(0,0,0,0)&#8221; background_color_gradient_end=&#8221;rgba(0,0,0,0.73)&#8221; background_color_gradient_direction=&#8221;120deg&#8221; background_color_gradient_overlays_image=&#8221;on&#8221; background_image=&#8221;http:\/\/sites.ecclesia.pt\/liturgia\/wp-content\/uploads\/2020\/03\/bible-1869164_1920.jpg&#8221; custom_padding=&#8221;5%||5%|&#8221; next_background_color=&#8221;#ffffff&#8221; box_shadow_horizontal_tablet=&#8221;0px&#8221; box_shadow_vertical_tablet=&#8221;0px&#8221; box_shadow_blur_tablet=&#8221;40px&#8221; box_shadow_spread_tablet=&#8221;0px&#8221; vertical_offset_tablet=&#8221;0&#8243; horizontal_offset_tablet=&#8221;0&#8243; z_index_tablet=&#8221;0&#8243;][et_pb_row admin_label=&#8221;Hero Area&#8221; _builder_version=&#8221;3.0.93&#8243; width=&#8221;80%&#8221; max_width=&#8221;1280px&#8221;][et_pb_column type=&#8221;1_2&#8243; _builder_version=&#8221;3.0.47&#8243; parallax=&#8221;off&#8221; parallax_method=&#8221;on&#8221; custom_padding__hover=&#8221;|||&#8221; custom_padding=&#8221;|||&#8221;][et_pb_text admin_label=&#8221;Title&#8221; background_layout=&#8221;dark&#8221; _builder_version=&#8221;4.4.0&#8243; header_font=&#8221;Poppins|600|||||||&#8221; header_font_size=&#8221;50px&#8221; header_font_size_phone=&#8221;30px&#8221; header_font_size_last_edited=&#8221;on|desktop&#8221; header_line_height=&#8221;1.2em&#8221; animation_style=&#8221;fade&#8221; text_text_shadow_horizontal_length=&#8221;text_text_shadow_style,%91object Object%93&#8243; text_text_shadow_horizontal_length_tablet=&#8221;0px&#8221; text_text_shadow_vertical_length=&#8221;text_text_shadow_style,%91object Object%93&#8243; text_text_shadow_vertical_length_tablet=&#8221;0px&#8221; text_text_shadow_blur_strength=&#8221;text_text_shadow_style,%91object Object%93&#8243; text_text_shadow_blur_strength_tablet=&#8221;1px&#8221; link_text_shadow_horizontal_length=&#8221;link_text_shadow_style,%91object Object%93&#8243; link_text_shadow_horizontal_length_tablet=&#8221;0px&#8221; link_text_shadow_vertical_length=&#8221;link_text_shadow_style,%91object Object%93&#8243; link_text_shadow_vertical_length_tablet=&#8221;0px&#8221; link_text_shadow_blur_strength=&#8221;link_text_shadow_style,%91object Object%93&#8243; link_text_shadow_blur_strength_tablet=&#8221;1px&#8221; ul_text_shadow_horizontal_length=&#8221;ul_text_shadow_style,%91object Object%93&#8243; ul_text_shadow_horizontal_length_tablet=&#8221;0px&#8221; ul_text_shadow_vertical_length=&#8221;ul_text_shadow_style,%91object Object%93&#8243; ul_text_shadow_vertical_length_tablet=&#8221;0px&#8221; ul_text_shadow_blur_strength=&#8221;ul_text_shadow_style,%91object Object%93&#8243; ul_text_shadow_blur_strength_tablet=&#8221;1px&#8221; ol_text_shadow_horizontal_length=&#8221;ol_text_shadow_style,%91object Object%93&#8243; ol_text_shadow_horizontal_length_tablet=&#8221;0px&#8221; ol_text_shadow_vertical_length=&#8221;ol_text_shadow_style,%91object Object%93&#8243; ol_text_shadow_vertical_length_tablet=&#8221;0px&#8221; ol_text_shadow_blur_strength=&#8221;ol_text_shadow_style,%91object Object%93&#8243; ol_text_shadow_blur_strength_tablet=&#8221;1px&#8221; quote_text_shadow_horizontal_length=&#8221;quote_text_shadow_style,%91object Object%93&#8243; quote_text_shadow_horizontal_length_tablet=&#8221;0px&#8221; quote_text_shadow_vertical_length=&#8221;quote_text_shadow_style,%91object Object%93&#8243; quote_text_shadow_vertical_length_tablet=&#8221;0px&#8221; quote_text_shadow_blur_strength=&#8221;quote_text_shadow_style,%91object Object%93&#8243; quote_text_shadow_blur_strength_tablet=&#8221;1px&#8221; header_text_shadow_horizontal_length=&#8221;header_text_shadow_style,%91object Object%93&#8243; header_text_shadow_horizontal_length_tablet=&#8221;0px&#8221; header_text_shadow_vertical_length=&#8221;header_text_shadow_style,%91object Object%93&#8243; header_text_shadow_vertical_length_tablet=&#8221;0px&#8221; header_text_shadow_blur_strength=&#8221;header_text_shadow_style,%91object Object%93&#8243; header_text_shadow_blur_strength_tablet=&#8221;1px&#8221; header_2_text_shadow_horizontal_length=&#8221;header_2_text_shadow_style,%91object Object%93&#8243; header_2_text_shadow_horizontal_length_tablet=&#8221;0px&#8221; header_2_text_shadow_vertical_length=&#8221;header_2_text_shadow_style,%91object Object%93&#8243; header_2_text_shadow_vertical_length_tablet=&#8221;0px&#8221; header_2_text_shadow_blur_strength=&#8221;header_2_text_shadow_style,%91object Object%93&#8243; header_2_text_shadow_blur_strength_tablet=&#8221;1px&#8221; header_3_text_shadow_horizontal_length=&#8221;header_3_text_shadow_style,%91object Object%93&#8243; header_3_text_shadow_horizontal_length_tablet=&#8221;0px&#8221; header_3_text_shadow_vertical_length=&#8221;header_3_text_shadow_style,%91object Object%93&#8243; header_3_text_shadow_vertical_length_tablet=&#8221;0px&#8221; header_3_text_shadow_blur_strength=&#8221;header_3_text_shadow_style,%91object Object%93&#8243; header_3_text_shadow_blur_strength_tablet=&#8221;1px&#8221; header_4_text_shadow_horizontal_length=&#8221;header_4_text_shadow_style,%91object Object%93&#8243; header_4_text_shadow_horizontal_length_tablet=&#8221;0px&#8221; header_4_text_shadow_vertical_length=&#8221;header_4_text_shadow_style,%91object Object%93&#8243; header_4_text_shadow_vertical_length_tablet=&#8221;0px&#8221; header_4_text_shadow_blur_strength=&#8221;header_4_text_shadow_style,%91object Object%93&#8243; header_4_text_shadow_blur_strength_tablet=&#8221;1px&#8221; header_5_text_shadow_horizontal_length=&#8221;header_5_text_shadow_style,%91object Object%93&#8243; header_5_text_shadow_horizontal_length_tablet=&#8221;0px&#8221; header_5_text_shadow_vertical_length=&#8221;header_5_text_shadow_style,%91object Object%93&#8243; header_5_text_shadow_vertical_length_tablet=&#8221;0px&#8221; header_5_text_shadow_blur_strength=&#8221;header_5_text_shadow_style,%91object Object%93&#8243; header_5_text_shadow_blur_strength_tablet=&#8221;1px&#8221; header_6_text_shadow_horizontal_length=&#8221;header_6_text_shadow_style,%91object Object%93&#8243; header_6_text_shadow_horizontal_length_tablet=&#8221;0px&#8221; header_6_text_shadow_vertical_length=&#8221;header_6_text_shadow_style,%91object Object%93&#8243; header_6_text_shadow_vertical_length_tablet=&#8221;0px&#8221; header_6_text_shadow_blur_strength=&#8221;header_6_text_shadow_style,%91object Object%93&#8243; header_6_text_shadow_blur_strength_tablet=&#8221;1px&#8221; box_shadow_horizontal_tablet=&#8221;0px&#8221; box_shadow_vertical_tablet=&#8221;0px&#8221; box_shadow_blur_tablet=&#8221;40px&#8221; box_shadow_spread_tablet=&#8221;0px&#8221; vertical_offset_tablet=&#8221;0&#8243; horizontal_offset_tablet=&#8221;0&#8243; z_index_tablet=&#8221;0&#8243; header_font_size_tablet=&#8221;40px&#8221;]<\/p>\n<h1>Ano B<\/h1>\n<h1>Dehonianos\u00a0<\/h1>\n<p>[\/et_pb_text][et_pb_text admin_label=&#8221;Subtitle&#8221; background_layout=&#8221;dark&#8221; _builder_version=&#8221;4.4.0&#8243; text_font=&#8221;Poppins||||||||&#8221; text_font_size=&#8221;18px&#8221; text_line_height=&#8221;1.8em&#8221; custom_margin=&#8221;|||&#8221; custom_padding=&#8221;|||&#8221; animation_style=&#8221;fade&#8221; text_text_shadow_horizontal_length=&#8221;text_text_shadow_style,%91object Object%93&#8243; text_text_shadow_horizontal_length_tablet=&#8221;0px&#8221; text_text_shadow_vertical_length=&#8221;text_text_shadow_style,%91object Object%93&#8243; text_text_shadow_vertical_length_tablet=&#8221;0px&#8221; text_text_shadow_blur_strength=&#8221;text_text_shadow_style,%91object Object%93&#8243; text_text_shadow_blur_strength_tablet=&#8221;1px&#8221; link_text_shadow_horizontal_length=&#8221;link_text_shadow_style,%91object Object%93&#8243; link_text_shadow_horizontal_length_tablet=&#8221;0px&#8221; link_text_shadow_vertical_length=&#8221;link_text_shadow_style,%91object Object%93&#8243; link_text_shadow_vertical_length_tablet=&#8221;0px&#8221; link_text_shadow_blur_strength=&#8221;link_text_shadow_style,%91object Object%93&#8243; link_text_shadow_blur_strength_tablet=&#8221;1px&#8221; ul_text_shadow_horizontal_length=&#8221;ul_text_shadow_style,%91object Object%93&#8243; ul_text_shadow_horizontal_length_tablet=&#8221;0px&#8221; ul_text_shadow_vertical_length=&#8221;ul_text_shadow_style,%91object Object%93&#8243; ul_text_shadow_vertical_length_tablet=&#8221;0px&#8221; ul_text_shadow_blur_strength=&#8221;ul_text_shadow_style,%91object Object%93&#8243; ul_text_shadow_blur_strength_tablet=&#8221;1px&#8221; ol_text_shadow_horizontal_length=&#8221;ol_text_shadow_style,%91object Object%93&#8243; ol_text_shadow_horizontal_length_tablet=&#8221;0px&#8221; ol_text_shadow_vertical_length=&#8221;ol_text_shadow_style,%91object Object%93&#8243; ol_text_shadow_vertical_length_tablet=&#8221;0px&#8221; ol_text_shadow_blur_strength=&#8221;ol_text_shadow_style,%91object Object%93&#8243; ol_text_shadow_blur_strength_tablet=&#8221;1px&#8221; quote_text_shadow_horizontal_length=&#8221;quote_text_shadow_style,%91object Object%93&#8243; quote_text_shadow_horizontal_length_tablet=&#8221;0px&#8221; quote_text_shadow_vertical_length=&#8221;quote_text_shadow_style,%91object Object%93&#8243; quote_text_shadow_vertical_length_tablet=&#8221;0px&#8221; quote_text_shadow_blur_strength=&#8221;quote_text_shadow_style,%91object Object%93&#8243; quote_text_shadow_blur_strength_tablet=&#8221;1px&#8221; header_text_shadow_horizontal_length=&#8221;header_text_shadow_style,%91object Object%93&#8243; header_text_shadow_horizontal_length_tablet=&#8221;0px&#8221; header_text_shadow_vertical_length=&#8221;header_text_shadow_style,%91object Object%93&#8243; header_text_shadow_vertical_length_tablet=&#8221;0px&#8221; header_text_shadow_blur_strength=&#8221;header_text_shadow_style,%91object Object%93&#8243; header_text_shadow_blur_strength_tablet=&#8221;1px&#8221; header_2_text_shadow_horizontal_length=&#8221;header_2_text_shadow_style,%91object Object%93&#8243; header_2_text_shadow_horizontal_length_tablet=&#8221;0px&#8221; header_2_text_shadow_vertical_length=&#8221;header_2_text_shadow_style,%91object Object%93&#8243; header_2_text_shadow_vertical_length_tablet=&#8221;0px&#8221; header_2_text_shadow_blur_strength=&#8221;header_2_text_shadow_style,%91object Object%93&#8243; header_2_text_shadow_blur_strength_tablet=&#8221;1px&#8221; header_3_text_shadow_horizontal_length=&#8221;header_3_text_shadow_style,%91object Object%93&#8243; header_3_text_shadow_horizontal_length_tablet=&#8221;0px&#8221; header_3_text_shadow_vertical_length=&#8221;header_3_text_shadow_style,%91object Object%93&#8243; header_3_text_shadow_vertical_length_tablet=&#8221;0px&#8221; header_3_text_shadow_blur_strength=&#8221;header_3_text_shadow_style,%91object Object%93&#8243; header_3_text_shadow_blur_strength_tablet=&#8221;1px&#8221; header_4_text_shadow_horizontal_length=&#8221;header_4_text_shadow_style,%91object Object%93&#8243; header_4_text_shadow_horizontal_length_tablet=&#8221;0px&#8221; header_4_text_shadow_vertical_length=&#8221;header_4_text_shadow_style,%91object Object%93&#8243; header_4_text_shadow_vertical_length_tablet=&#8221;0px&#8221; header_4_text_shadow_blur_strength=&#8221;header_4_text_shadow_style,%91object Object%93&#8243; header_4_text_shadow_blur_strength_tablet=&#8221;1px&#8221; header_5_text_shadow_horizontal_length=&#8221;header_5_text_shadow_style,%91object Object%93&#8243; header_5_text_shadow_horizontal_length_tablet=&#8221;0px&#8221; header_5_text_shadow_vertical_length=&#8221;header_5_text_shadow_style,%91object Object%93&#8243; header_5_text_shadow_vertical_length_tablet=&#8221;0px&#8221; header_5_text_shadow_blur_strength=&#8221;header_5_text_shadow_style,%91object Object%93&#8243; header_5_text_shadow_blur_strength_tablet=&#8221;1px&#8221; header_6_text_shadow_horizontal_length=&#8221;header_6_text_shadow_style,%91object Object%93&#8243; header_6_text_shadow_horizontal_length_tablet=&#8221;0px&#8221; header_6_text_shadow_vertical_length=&#8221;header_6_text_shadow_style,%91object Object%93&#8243; header_6_text_shadow_vertical_length_tablet=&#8221;0px&#8221; header_6_text_shadow_blur_strength=&#8221;header_6_text_shadow_style,%91object Object%93&#8243; header_6_text_shadow_blur_strength_tablet=&#8221;1px&#8221; box_shadow_horizontal_tablet=&#8221;0px&#8221; box_shadow_vertical_tablet=&#8221;0px&#8221; box_shadow_blur_tablet=&#8221;40px&#8221; box_shadow_spread_tablet=&#8221;0px&#8221; vertical_offset_tablet=&#8221;0&#8243; horizontal_offset_tablet=&#8221;0&#8243; z_index_tablet=&#8221;0&#8243;]<\/p>\n<p>Coment\u00e1rio do padre Manuel Barbosa, scj<\/p>\n<p>[\/et_pb_text][\/et_pb_column][et_pb_column type=&#8221;1_2&#8243; _builder_version=&#8221;3.0.47&#8243; parallax=&#8221;off&#8221; parallax_method=&#8221;on&#8221; custom_padding__hover=&#8221;|||&#8221; custom_padding=&#8221;|||&#8221;][\/et_pb_column][\/et_pb_row][\/et_pb_section][et_pb_section bb_built=&#8221;1&#8243; _builder_version=&#8221;3.22&#8243; prev_background_color=&#8221;#000000&#8243;][et_pb_row _builder_version=&#8221;3.25&#8243; background_size=&#8221;initial&#8221; background_position=&#8221;top_left&#8221; background_repeat=&#8221;repeat&#8221; column_structure=&#8221;1_2,1_2&#8243;][et_pb_column type=&#8221;1_2&#8243; _builder_version=&#8221;3.25&#8243; custom_padding=&#8221;|||&#8221; custom_padding__hover=&#8221;|||&#8221;][et_pb_text admin_label=&#8221;Tempo Comum&#8221; _builder_version=&#8221;4.3.4&#8243; vertical_offset_tablet=&#8221;0&#8243; horizontal_offset_tablet=&#8221;0&#8243; z_index_tablet=&#8221;0&#8243; text_text_shadow_horizontal_length_tablet=&#8221;0px&#8221; text_text_shadow_vertical_length_tablet=&#8221;0px&#8221; text_text_shadow_blur_strength_tablet=&#8221;1px&#8221; link_text_shadow_horizontal_length_tablet=&#8221;0px&#8221; link_text_shadow_vertical_length_tablet=&#8221;0px&#8221; link_text_shadow_blur_strength_tablet=&#8221;1px&#8221; ul_text_shadow_horizontal_length_tablet=&#8221;0px&#8221; ul_text_shadow_vertical_length_tablet=&#8221;0px&#8221; ul_text_shadow_blur_strength_tablet=&#8221;1px&#8221; ol_text_shadow_horizontal_length_tablet=&#8221;0px&#8221; ol_text_shadow_vertical_length_tablet=&#8221;0px&#8221; ol_text_shadow_blur_strength_tablet=&#8221;1px&#8221; quote_text_shadow_horizontal_length_tablet=&#8221;0px&#8221; quote_text_shadow_vertical_length_tablet=&#8221;0px&#8221; quote_text_shadow_blur_strength_tablet=&#8221;1px&#8221; header_text_shadow_horizontal_length_tablet=&#8221;0px&#8221; header_text_shadow_vertical_length_tablet=&#8221;0px&#8221; header_text_shadow_blur_strength_tablet=&#8221;1px&#8221; header_2_text_shadow_horizontal_length_tablet=&#8221;0px&#8221; header_2_text_shadow_vertical_length_tablet=&#8221;0px&#8221; header_2_text_shadow_blur_strength_tablet=&#8221;1px&#8221; header_3_text_shadow_horizontal_length_tablet=&#8221;0px&#8221; header_3_text_shadow_vertical_length_tablet=&#8221;0px&#8221; header_3_text_shadow_blur_strength_tablet=&#8221;1px&#8221; header_4_text_shadow_horizontal_length_tablet=&#8221;0px&#8221; header_4_text_shadow_vertical_length_tablet=&#8221;0px&#8221; header_4_text_shadow_blur_strength_tablet=&#8221;1px&#8221; header_5_text_shadow_horizontal_length_tablet=&#8221;0px&#8221; header_5_text_shadow_vertical_length_tablet=&#8221;0px&#8221; header_5_text_shadow_blur_strength_tablet=&#8221;1px&#8221; header_6_text_shadow_horizontal_length_tablet=&#8221;0px&#8221; header_6_text_shadow_vertical_length_tablet=&#8221;0px&#8221; header_6_text_shadow_blur_strength_tablet=&#8221;1px&#8221; box_shadow_horizontal_tablet=&#8221;0px&#8221; box_shadow_vertical_tablet=&#8221;0px&#8221; box_shadow_blur_tablet=&#8221;40px&#8221; box_shadow_spread_tablet=&#8221;0px&#8221; text_text_shadow_horizontal_length=&#8221;text_text_shadow_style,%91object Object%93&#8243; text_text_shadow_vertical_length=&#8221;text_text_shadow_style,%91object Object%93&#8243; text_text_shadow_blur_strength=&#8221;text_text_shadow_style,%91object Object%93&#8243; link_text_shadow_horizontal_length=&#8221;link_text_shadow_style,%91object Object%93&#8243; link_text_shadow_vertical_length=&#8221;link_text_shadow_style,%91object Object%93&#8243; link_text_shadow_blur_strength=&#8221;link_text_shadow_style,%91object Object%93&#8243; ul_text_shadow_horizontal_length=&#8221;ul_text_shadow_style,%91object Object%93&#8243; ul_text_shadow_vertical_length=&#8221;ul_text_shadow_style,%91object Object%93&#8243; ul_text_shadow_blur_strength=&#8221;ul_text_shadow_style,%91object Object%93&#8243; ol_text_shadow_horizontal_length=&#8221;ol_text_shadow_style,%91object Object%93&#8243; ol_text_shadow_vertical_length=&#8221;ol_text_shadow_style,%91object Object%93&#8243; ol_text_shadow_blur_strength=&#8221;ol_text_shadow_style,%91object Object%93&#8243; quote_text_shadow_horizontal_length=&#8221;quote_text_shadow_style,%91object Object%93&#8243; quote_text_shadow_vertical_length=&#8221;quote_text_shadow_style,%91object Object%93&#8243; quote_text_shadow_blur_strength=&#8221;quote_text_shadow_style,%91object Object%93&#8243; header_text_shadow_horizontal_length=&#8221;header_text_shadow_style,%91object Object%93&#8243; header_text_shadow_vertical_length=&#8221;header_text_shadow_style,%91object Object%93&#8243; header_text_shadow_blur_strength=&#8221;header_text_shadow_style,%91object Object%93&#8243; header_2_text_shadow_horizontal_length=&#8221;header_2_text_shadow_style,%91object Object%93&#8243; header_2_text_shadow_vertical_length=&#8221;header_2_text_shadow_style,%91object Object%93&#8243; header_2_text_shadow_blur_strength=&#8221;header_2_text_shadow_style,%91object Object%93&#8243; header_3_text_shadow_horizontal_length=&#8221;header_3_text_shadow_style,%91object Object%93&#8243; header_3_text_shadow_vertical_length=&#8221;header_3_text_shadow_style,%91object Object%93&#8243; header_3_text_shadow_blur_strength=&#8221;header_3_text_shadow_style,%91object Object%93&#8243; header_4_text_shadow_horizontal_length=&#8221;header_4_text_shadow_style,%91object Object%93&#8243; header_4_text_shadow_vertical_length=&#8221;header_4_text_shadow_style,%91object Object%93&#8243; header_4_text_shadow_blur_strength=&#8221;header_4_text_shadow_style,%91object Object%93&#8243; header_5_text_shadow_horizontal_length=&#8221;header_5_text_shadow_style,%91object Object%93&#8243; header_5_text_shadow_vertical_length=&#8221;header_5_text_shadow_style,%91object Object%93&#8243; header_5_text_shadow_blur_strength=&#8221;header_5_text_shadow_style,%91object Object%93&#8243; header_6_text_shadow_horizontal_length=&#8221;header_6_text_shadow_style,%91object Object%93&#8243; header_6_text_shadow_vertical_length=&#8221;header_6_text_shadow_style,%91object Object%93&#8243; header_6_text_shadow_blur_strength=&#8221;header_6_text_shadow_style,%91object Object%93&#8243;]<\/p>\n<h3>Tempo Comum<\/h3>\n<div class=\"pt-cv-wrapper et_smooth_scroll_disabled\"><div class=\"pt-cv-view pt-cv-collapsible\" id=\"pt-cv-view-78b47c4k9q\"><div data-id=\"pt-cv-page-1\" class=\"pt-cv-page\" data-cvc=\"1\"><div class=\"panel-group\" id=\"4ec5b1aadk\"><div class=\"panel panel-default pt-cv-content-item pt-cv-1-col\" >\r\n<div class=\"panel-heading pt-cv-title\">\r\n    <a class=\"panel-title\" data-toggle=\"cvcollapse\" data-parent=\"#4ec5b1aadk\" data-target=\"#1ebc2ac90z\" href='http:\/\/sites.ecclesia.pt\/liturgia\/ano-b-2-o-domingo-do-tempo-comum\/' onclick='event.preventDefault()'>\r\n\t\tAno B &#8211; 02.\u00ba Domingo do Tempo Comum &#8211; Dehonianos\t<\/a>\r\n\t<\/div>\r\n<div id=\"1ebc2ac90z\" class=\"panel-collapse collapse \">\r\n\t<div class=\"panel-body\">\r\n\t\t<div class=\"pt-cv-content\"><p><iframe loading=\"lazy\" title=\"Ano B - 2\u00ba Domingo do Tempo Comum. Coment\u00e1rio do padre Manuel Barbosa, scj\" width=\"1080\" height=\"608\" src=\"https:\/\/www.youtube.com\/embed\/Dcsf02mC-gU?feature=oembed\"  allow=\"accelerometer; autoplay; clipboard-write; encrypted-media; gyroscope; picture-in-picture\" allowfullscreen><\/iframe><\/p>\n<p><em>Seguir Cristo, renovar a voca\u00e7\u00e3o<\/em><\/p>\n<p> <a href=\"http:\/\/sites.ecclesia.pt\/liturgia\/ano-b-2-o-domingo-do-tempo-comum\/#more-196147\" class=\"more-link\"><span aria-label=\"Continue a ler Ano B &#8211; 02.\u00ba Domingo do Tempo Comum &#8211; Dehonianos\">(mais&hellip;)<\/span><\/a><\/p>\n<\/div>\t<\/div>\r\n<\/div><\/div>\n<div class=\"panel panel-default pt-cv-content-item pt-cv-1-col\" >\r\n<div class=\"panel-heading pt-cv-title\">\r\n    <a class=\"panel-title\" data-toggle=\"cvcollapse\" data-parent=\"#4ec5b1aadk\" data-target=\"#855d1bco1m\" href='http:\/\/sites.ecclesia.pt\/liturgia\/ano-b-02o-domingo-do-tempo-comum-dehonianos\/' onclick='event.preventDefault()'>\r\n\t\tAno B &#8211; 02.\u00ba Domingo do Tempo Comum &#8211; Dehonianos\t<\/a>\r\n\t<\/div>\r\n<div id=\"855d1bco1m\" class=\"panel-collapse collapse \">\r\n\t<div class=\"panel-body\">\r\n\t\t<div class=\"pt-cv-content\"><p><iframe loading=\"lazy\" title=\"02.\u00ba Domingo do Tempo Comum . Ano B\" width=\"1080\" height=\"608\" src=\"https:\/\/www.youtube.com\/embed\/XEtwQBElM_o?feature=oembed\" frameborder=\"0\" allow=\"accelerometer; autoplay; encrypted-media; gyroscope; picture-in-picture\" allowfullscreen><\/iframe><\/p>\n<p>Coment\u00e1rio do padre Manuel Barbosa, scj<\/p>\n<p> <a href=\"http:\/\/sites.ecclesia.pt\/liturgia\/ano-b-02o-domingo-do-tempo-comum-dehonianos\/#more-91514\" class=\"more-link\"><span aria-label=\"Continue a ler Ano B &#8211; 02.\u00ba Domingo do Tempo Comum &#8211; Dehonianos\">(mais&hellip;)<\/span><\/a><\/p>\n<\/div>\t<\/div>\r\n<\/div><\/div>\n<div class=\"panel panel-default pt-cv-content-item pt-cv-1-col\" >\r\n<div class=\"panel-heading pt-cv-title\">\r\n    <a class=\"panel-title\" data-toggle=\"cvcollapse\" data-parent=\"#4ec5b1aadk\" data-target=\"#3c8abee73y\" href='http:\/\/sites.ecclesia.pt\/liturgia\/ano-b-3-o-domingo-do-tempo-comum-2\/' onclick='event.preventDefault()'>\r\n\t\tAno B &#8211; 03.\u00ba Domingo do Tempo Comum &#8211; Dehonianos\t<\/a>\r\n\t<\/div>\r\n<div id=\"3c8abee73y\" class=\"panel-collapse collapse \">\r\n\t<div class=\"panel-body\">\r\n\t\t<div class=\"pt-cv-content\"><p><iframe loading=\"lazy\" title=\"Ano B - 3\u00ba Domingo do tempo Comum. Coment\u00e1rio do padre Manuel Barbosa, scj\" width=\"1080\" height=\"608\" src=\"https:\/\/www.youtube.com\/embed\/BwITexZMd3g?feature=oembed\"  allow=\"accelerometer; autoplay; clipboard-write; encrypted-media; gyroscope; picture-in-picture\" allowfullscreen><\/iframe><\/p>\n<p><em>Como olhamos Deus e os irm\u00e3os?<\/em><\/p>\n<p> <a href=\"http:\/\/sites.ecclesia.pt\/liturgia\/ano-b-3-o-domingo-do-tempo-comum-2\/#more-196957\" class=\"more-link\"><span aria-label=\"Continue a ler Ano B &#8211; 03.\u00ba Domingo do Tempo Comum &#8211; Dehonianos\">(mais&hellip;)<\/span><\/a><\/p>\n<\/div>\t<\/div>\r\n<\/div><\/div>\n<div class=\"panel panel-default pt-cv-content-item pt-cv-1-col\" >\r\n<div class=\"panel-heading pt-cv-title\">\r\n    <a class=\"panel-title\" data-toggle=\"cvcollapse\" data-parent=\"#4ec5b1aadk\" data-target=\"#730b0b62tz\" href='http:\/\/sites.ecclesia.pt\/liturgia\/ano-b-03o-domingo-do-tempo-comum-dehonianos\/' onclick='event.preventDefault()'>\r\n\t\tAno B &#8211; 03.\u00ba Domingo do Tempo Comum &#8211; Dehonianos\t<\/a>\r\n\t<\/div>\r\n<div id=\"730b0b62tz\" class=\"panel-collapse collapse \">\r\n\t<div class=\"panel-body\">\r\n\t\t<div class=\"pt-cv-content\"><p><iframe loading=\"lazy\" title=\"03.\u00ba Domingo do Tempo Comum - Ano B\" width=\"1080\" height=\"608\" src=\"https:\/\/www.youtube.com\/embed\/t0T4utCAiHU?feature=oembed\" frameborder=\"0\" allow=\"accelerometer; autoplay; encrypted-media; gyroscope; picture-in-picture\" allowfullscreen><\/iframe><\/p>\n<p>&nbsp;<\/p>\n<\/div>\t<\/div>\r\n<\/div><\/div>\n<div class=\"panel panel-default pt-cv-content-item pt-cv-1-col\" >\r\n<div class=\"panel-heading pt-cv-title\">\r\n    <a class=\"panel-title\" data-toggle=\"cvcollapse\" data-parent=\"#4ec5b1aadk\" data-target=\"#6ad88bcw1u\" href='http:\/\/sites.ecclesia.pt\/liturgia\/ano-b-4-o-domingo-do-tempo-comum-3\/' onclick='event.preventDefault()'>\r\n\t\tAno B &#8211; 04.\u00ba Domingo do Tempo Comum &#8211; Dehonianos\t<\/a>\r\n\t<\/div>\r\n<div id=\"6ad88bcw1u\" class=\"panel-collapse collapse \">\r\n\t<div class=\"panel-body\">\r\n\t\t<div class=\"pt-cv-content\"><p><iframe loading=\"lazy\" title=\"Ano B - 4.\u00ba Domingo do Tempo Comum. Coment\u00e1rio do padre Manuel Barbosa, scj\" width=\"1080\" height=\"608\" src=\"https:\/\/www.youtube.com\/embed\/lME49vk9eFc?feature=oembed\"  allow=\"accelerometer; autoplay; clipboard-write; encrypted-media; gyroscope; picture-in-picture\" allowfullscreen><\/iframe><\/p>\n<p><em>Que fazemos da Palavra de Deus?<\/em><\/p>\n<p> <a href=\"http:\/\/sites.ecclesia.pt\/liturgia\/ano-b-4-o-domingo-do-tempo-comum-3\/#more-197582\" class=\"more-link\"><span aria-label=\"Continue a ler Ano B &#8211; 04.\u00ba Domingo do Tempo Comum &#8211; Dehonianos\">(mais&hellip;)<\/span><\/a><\/p>\n<\/div>\t<\/div>\r\n<\/div><\/div>\n<div class=\"panel panel-default pt-cv-content-item pt-cv-1-col\" >\r\n<div class=\"panel-heading pt-cv-title\">\r\n    <a class=\"panel-title\" data-toggle=\"cvcollapse\" data-parent=\"#4ec5b1aadk\" data-target=\"#0b16f0317v\" href='http:\/\/sites.ecclesia.pt\/liturgia\/ano-b-04o-domingo-do-tempo-comum-dehonianos\/' onclick='event.preventDefault()'>\r\n\t\tAno B &#8211; 04.\u00ba Domingo do Tempo Comum &#8211; Dehonianos\t<\/a>\r\n\t<\/div>\r\n<div id=\"0b16f0317v\" class=\"panel-collapse collapse \">\r\n\t<div class=\"panel-body\">\r\n\t\t<div class=\"pt-cv-content\"><p><iframe loading=\"lazy\" title=\"04.\u00ba Domingo do Tempo Comum - Ano B\" width=\"1080\" height=\"608\" src=\"https:\/\/www.youtube.com\/embed\/aGtAjd982kA?feature=oembed\" frameborder=\"0\" allow=\"accelerometer; autoplay; encrypted-media; gyroscope; picture-in-picture\" allowfullscreen><\/iframe><\/p>\n<\/div>\t<\/div>\r\n<\/div><\/div>\n<div class=\"panel panel-default pt-cv-content-item pt-cv-1-col\" >\r\n<div class=\"panel-heading pt-cv-title\">\r\n    <a class=\"panel-title\" data-toggle=\"cvcollapse\" data-parent=\"#4ec5b1aadk\" data-target=\"#30ab512xu3\" href='http:\/\/sites.ecclesia.pt\/liturgia\/ano-b-5-o-domingo-do-tempo-comum-2\/' onclick='event.preventDefault()'>\r\n\t\tAno B &#8211; 05.\u00ba Domingo do Tempo Comum &#8211; Dehonianos\t<\/a>\r\n\t<\/div>\r\n<div id=\"30ab512xu3\" class=\"panel-collapse collapse \">\r\n\t<div class=\"panel-body\">\r\n\t\t<div class=\"pt-cv-content\"><p><iframe loading=\"lazy\" title=\"Ano B - 5.\u00ba Domingo do Tempo Comum. Coment\u00e1rio do padre Manuel Barbosa, scj\" width=\"1080\" height=\"608\" src=\"https:\/\/www.youtube.com\/embed\/yrpGWpRurVc?feature=oembed\"  allow=\"accelerometer; autoplay; clipboard-write; encrypted-media; gyroscope; picture-in-picture\" allowfullscreen><\/iframe><\/p>\n<p><em>Comprometidos com o Evangelho<\/em><\/p>\n<p> <a href=\"http:\/\/sites.ecclesia.pt\/liturgia\/ano-b-5-o-domingo-do-tempo-comum-2\/#more-198546\" class=\"more-link\"><span aria-label=\"Continue a ler Ano B &#8211; 05.\u00ba Domingo do Tempo Comum &#8211; Dehonianos\">(mais&hellip;)<\/span><\/a><\/p>\n<\/div>\t<\/div>\r\n<\/div><\/div>\n<div class=\"panel panel-default pt-cv-content-item pt-cv-1-col\" >\r\n<div class=\"panel-heading pt-cv-title\">\r\n    <a class=\"panel-title\" data-toggle=\"cvcollapse\" data-parent=\"#4ec5b1aadk\" data-target=\"#054e239zdi\" href='http:\/\/sites.ecclesia.pt\/liturgia\/ano-b-05o-domingo-do-tempo-comum-dehonianos\/' onclick='event.preventDefault()'>\r\n\t\tAno B &#8211; 05.\u00ba Domingo do Tempo Comum &#8211; Dehonianos\t<\/a>\r\n\t<\/div>\r\n<div id=\"054e239zdi\" class=\"panel-collapse collapse \">\r\n\t<div class=\"panel-body\">\r\n\t\t<div class=\"pt-cv-content\"><p><iframe loading=\"lazy\" title=\"05.\u00ba domingo do Tempo Comum - Ano B\" width=\"1080\" height=\"608\" src=\"https:\/\/www.youtube.com\/embed\/IBkmcSNrTdg?feature=oembed\" frameborder=\"0\" allow=\"accelerometer; autoplay; encrypted-media; gyroscope; picture-in-picture\" allowfullscreen><\/iframe><\/p>\n<p>&nbsp;<\/p>\n<\/div>\t<\/div>\r\n<\/div><\/div>\n<div class=\"panel panel-default pt-cv-content-item pt-cv-1-col\" >\r\n<div class=\"panel-heading pt-cv-title\">\r\n    <a class=\"panel-title\" data-toggle=\"cvcollapse\" data-parent=\"#4ec5b1aadk\" data-target=\"#8258150ksy\" href='http:\/\/sites.ecclesia.pt\/liturgia\/ano-b-06-o-domingo-do-tempo-comum-dehonianos\/' onclick='event.preventDefault()'>\r\n\t\tAno B &#8211; 06.\u00ba Domingo do Tempo Comum &#8211; Dehonianos\t<\/a>\r\n\t<\/div>\r\n<div id=\"8258150ksy\" class=\"panel-collapse collapse \">\r\n\t<div class=\"panel-body\">\r\n\t\t<div class=\"pt-cv-content\"><p><iframe loading=\"lazy\" title=\"Ano B - 6.\u00ba Domingo do Tempo Comum\" width=\"1080\" height=\"608\" src=\"https:\/\/www.youtube.com\/embed\/M7lNRmiNmDk?feature=oembed\"  allow=\"accelerometer; autoplay; clipboard-write; encrypted-media; gyroscope; picture-in-picture\" allowfullscreen><\/iframe><\/p>\n<p>Passar da indiferen\u00e7a \u00e0 proximidade<\/p>\n<p> <a href=\"http:\/\/sites.ecclesia.pt\/liturgia\/ano-b-06-o-domingo-do-tempo-comum-dehonianos\/#more-199333\" class=\"more-link\"><span aria-label=\"Continue a ler Ano B &#8211; 06.\u00ba Domingo do Tempo Comum &#8211; Dehonianos\">(mais&hellip;)<\/span><\/a><\/p>\n<\/div>\t<\/div>\r\n<\/div><\/div>\n<div class=\"panel panel-default pt-cv-content-item pt-cv-1-col\" >\r\n<div class=\"panel-heading pt-cv-title\">\r\n    <a class=\"panel-title\" data-toggle=\"cvcollapse\" data-parent=\"#4ec5b1aadk\" data-target=\"#8844055l53\" href='http:\/\/sites.ecclesia.pt\/liturgia\/ano-b-06o-domingo-do-tempo-comum-dehonianos\/' onclick='event.preventDefault()'>\r\n\t\tAno B &#8211; 06.\u00ba Domingo do Tempo Comum &#8211; Dehonianos\t<\/a>\r\n\t<\/div>\r\n<div id=\"8844055l53\" class=\"panel-collapse collapse \">\r\n\t<div class=\"panel-body\">\r\n\t\t<div class=\"pt-cv-content\"><p><iframe loading=\"lazy\" title=\"06.\u00ba Domingo do Tempo Comum - Ano B\" width=\"1080\" height=\"608\" src=\"https:\/\/www.youtube.com\/embed\/IwoOhB9nIG4?feature=oembed\" frameborder=\"0\" allow=\"accelerometer; autoplay; encrypted-media; gyroscope; picture-in-picture\" allowfullscreen><\/iframe><\/p>\n<\/div>\t<\/div>\r\n<\/div><\/div>\n<div class=\"panel panel-default pt-cv-content-item pt-cv-1-col\" >\r\n<div class=\"panel-heading pt-cv-title\">\r\n    <a class=\"panel-title\" data-toggle=\"cvcollapse\" data-parent=\"#4ec5b1aadk\" data-target=\"#2b7f6c9xc4\" href='http:\/\/sites.ecclesia.pt\/liturgia\/ano-b-09o-domingo-do-tempo-comum-dehonianos\/' onclick='event.preventDefault()'>\r\n\t\tAno B &#8211; 09.\u00ba Domingo do Tempo Comum &#8211; Dehonianos\t<\/a>\r\n\t<\/div>\r\n<div id=\"2b7f6c9xc4\" class=\"panel-collapse collapse \">\r\n\t<div class=\"panel-body\">\r\n\t\t<div class=\"pt-cv-content\"><p><iframe loading=\"lazy\" title=\"Ano B - 9.\u00ba Domingo do tempo comum\" width=\"1080\" height=\"608\" src=\"https:\/\/www.youtube.com\/embed\/7Kkj_Rqq7t4?feature=oembed\"  allow=\"accelerometer; autoplay; clipboard-write; encrypted-media; gyroscope; picture-in-picture\" allowfullscreen><\/iframe><\/p>\n<p>Celebrar o Dia do Senhor <a href=\"http:\/\/sites.ecclesia.pt\/liturgia\/ano-b-09o-domingo-do-tempo-comum-dehonianos\/#more-106897\" class=\"more-link\"><span aria-label=\"Continue a ler Ano B &#8211; 09.\u00ba Domingo do Tempo Comum &#8211; Dehonianos\">(mais&hellip;)<\/span><\/a><\/p>\n<\/div>\t<\/div>\r\n<\/div><\/div>\n<div class=\"panel panel-default pt-cv-content-item pt-cv-1-col\" >\r\n<div class=\"panel-heading pt-cv-title\">\r\n    <a class=\"panel-title\" data-toggle=\"cvcollapse\" data-parent=\"#4ec5b1aadk\" data-target=\"#592fdef1gc\" href='http:\/\/sites.ecclesia.pt\/liturgia\/ano-b-10o-domingo-do-tempo-comum-dehonianos\/' onclick='event.preventDefault()'>\r\n\t\tAno B &#8211; 10.\u00ba Domingo do Tempo Comum &#8211; Dehonianos\t<\/a>\r\n\t<\/div>\r\n<div id=\"592fdef1gc\" class=\"panel-collapse collapse \">\r\n\t<div class=\"panel-body\">\r\n\t\t<div class=\"pt-cv-content\"><p><iframe loading=\"lazy\" width=\"1080\" height=\"608\" src=\"https:\/\/www.youtube.com\/embed\/ubPAQOzKajM?feature=oembed\" frameborder=\"0\" allow=\"autoplay; encrypted-media\" allowfullscreen><\/iframe><\/p>\n<p>Quem \u00e9 Jesus? Como seguimos Jesus? <a href=\"http:\/\/sites.ecclesia.pt\/liturgia\/ano-b-10o-domingo-do-tempo-comum-dehonianos\/#more-107266\" class=\"more-link\"><span aria-label=\"Continue a ler Ano B &#8211; 10.\u00ba Domingo do Tempo Comum &#8211; Dehonianos\">(mais&hellip;)<\/span><\/a><\/p>\n<\/div>\t<\/div>\r\n<\/div><\/div>\n<div class=\"panel panel-default pt-cv-content-item pt-cv-1-col\" >\r\n<div class=\"panel-heading pt-cv-title\">\r\n    <a class=\"panel-title\" data-toggle=\"cvcollapse\" data-parent=\"#4ec5b1aadk\" data-target=\"#9d25e19zpx\" href='http:\/\/sites.ecclesia.pt\/liturgia\/ano-b-10-o-domingo-do-tempo-comum-dehonianos\/' onclick='event.preventDefault()'>\r\n\t\tAno B &#8211; 10.\u00ba Domingo do Tempo Comum &#8211; Dehonianos\t<\/a>\r\n\t<\/div>\r\n<div id=\"9d25e19zpx\" class=\"panel-collapse collapse \">\r\n\t<div class=\"panel-body\">\r\n\t\t<div class=\"pt-cv-content\"><p><iframe loading=\"lazy\" title=\"Ano B - 10.\u00ba Domingo do Tempo Comum. Coment\u00e1rio do padre Manuel Barbosa, scj\" width=\"1080\" height=\"608\" src=\"https:\/\/www.youtube.com\/embed\/xeQz6CGzNZQ?feature=oembed\"  allow=\"accelerometer; autoplay; clipboard-write; encrypted-media; gyroscope; picture-in-picture\" allowfullscreen><\/iframe><\/p>\n<p><em>Quem \u00e9 Jesus? Como seguimos Jesus?<\/em><\/p>\n<p> <a href=\"http:\/\/sites.ecclesia.pt\/liturgia\/ano-b-10-o-domingo-do-tempo-comum-dehonianos\/#more-200027\" class=\"more-link\"><span aria-label=\"Continue a ler Ano B &#8211; 10.\u00ba Domingo do Tempo Comum &#8211; Dehonianos\">(mais&hellip;)<\/span><\/a><\/p>\n<\/div>\t<\/div>\r\n<\/div><\/div>\n<div class=\"panel panel-default pt-cv-content-item pt-cv-1-col\" >\r\n<div class=\"panel-heading pt-cv-title\">\r\n    <a class=\"panel-title\" data-toggle=\"cvcollapse\" data-parent=\"#4ec5b1aadk\" data-target=\"#82e4f047ry\" href='http:\/\/sites.ecclesia.pt\/liturgia\/ano-b-11-o-domingo-do-tempo-comum-dehonianos\/' onclick='event.preventDefault()'>\r\n\t\tAno B &#8211; 11.\u00ba Domingo do tempo Comum &#8211; Dehonianos\t<\/a>\r\n\t<\/div>\r\n<div id=\"82e4f047ry\" class=\"panel-collapse collapse \">\r\n\t<div class=\"panel-body\">\r\n\t\t<div class=\"pt-cv-content\"><p><iframe loading=\"lazy\" title=\"Ano B - 11.\u00ba Domingo do tempo Comum. Coment\u00e1rio do padre Manuel Barbosa, scj\" width=\"1080\" height=\"608\" src=\"https:\/\/www.youtube.com\/embed\/tKbzFC1iTWU?feature=oembed\"  allow=\"accelerometer; autoplay; clipboard-write; encrypted-media; gyroscope; picture-in-picture\" allowfullscreen><\/iframe><\/p>\n<p><em>Fazer crescer a semente do Reino<\/em><\/p>\n<p> <a href=\"http:\/\/sites.ecclesia.pt\/liturgia\/ano-b-11-o-domingo-do-tempo-comum-dehonianos\/#more-200037\" class=\"more-link\"><span aria-label=\"Continue a ler Ano B &#8211; 11.\u00ba Domingo do tempo Comum &#8211; Dehonianos\">(mais&hellip;)<\/span><\/a><\/p>\n<\/div>\t<\/div>\r\n<\/div><\/div>\n<div class=\"panel panel-default pt-cv-content-item pt-cv-1-col\" >\r\n<div class=\"panel-heading pt-cv-title\">\r\n    <a class=\"panel-title\" data-toggle=\"cvcollapse\" data-parent=\"#4ec5b1aadk\" data-target=\"#053f03ddpx\" href='http:\/\/sites.ecclesia.pt\/liturgia\/ano-b-11o-domingo-do-tempo-comum-dehonianos\/' onclick='event.preventDefault()'>\r\n\t\tAno B &#8211; 11.\u00ba Domingo do Tempo Comum &#8211; Dehonianos\t<\/a>\r\n\t<\/div>\r\n<div id=\"053f03ddpx\" class=\"panel-collapse collapse \">\r\n\t<div class=\"panel-body\">\r\n\t\t<div class=\"pt-cv-content\"><p><iframe loading=\"lazy\" title=\"Ano B - 11.\u00ba Domingo do Tempo Comum\" width=\"1080\" height=\"608\" src=\"https:\/\/www.youtube.com\/embed\/ibKsw5AJXak?feature=oembed\"  allow=\"accelerometer; autoplay; clipboard-write; encrypted-media; gyroscope; picture-in-picture\" allowfullscreen><\/iframe><\/p>\n<p><em>Fazer crescer a semente do Reino<\/em> <a href=\"http:\/\/sites.ecclesia.pt\/liturgia\/ano-b-11o-domingo-do-tempo-comum-dehonianos\/#more-107937\" class=\"more-link\"><span aria-label=\"Continue a ler Ano B &#8211; 11.\u00ba Domingo do Tempo Comum &#8211; Dehonianos\">(mais&hellip;)<\/span><\/a><\/p>\n<\/div>\t<\/div>\r\n<\/div><\/div>\n<div class=\"panel panel-default pt-cv-content-item pt-cv-1-col\" >\r\n<div class=\"panel-heading pt-cv-title\">\r\n    <a class=\"panel-title\" data-toggle=\"cvcollapse\" data-parent=\"#4ec5b1aadk\" data-target=\"#290a378qp1\" href='http:\/\/sites.ecclesia.pt\/liturgia\/ano-b-12-o-domingo-do-tempo-comum-dehonianos\/' onclick='event.preventDefault()'>\r\n\t\tAno B &#8211; 12.\u00ba Domingo do Tempo Comum &#8211; Dehonianos\t<\/a>\r\n\t<\/div>\r\n<div id=\"290a378qp1\" class=\"panel-collapse collapse \">\r\n\t<div class=\"panel-body\">\r\n\t\t<div class=\"pt-cv-content\"><p><iframe loading=\"lazy\" title=\"Ano B - 12.\u00ba Domingo do Tempo Comum. Coment\u00e1rio do padre Manuel Barbosa, scj\" width=\"1080\" height=\"608\" src=\"https:\/\/www.youtube.com\/embed\/0SB3Wwj1yOc?feature=oembed\"  allow=\"accelerometer; autoplay; clipboard-write; encrypted-media; gyroscope; picture-in-picture\" allowfullscreen><\/iframe><\/p>\n<p><em>Confiar sempre em Deus<\/em><\/p>\n<p> <a href=\"http:\/\/sites.ecclesia.pt\/liturgia\/ano-b-12-o-domingo-do-tempo-comum-dehonianos\/#more-200051\" class=\"more-link\"><span aria-label=\"Continue a ler Ano B &#8211; 12.\u00ba Domingo do Tempo Comum &#8211; Dehonianos\">(mais&hellip;)<\/span><\/a><\/p>\n<\/div>\t<\/div>\r\n<\/div><\/div>\n<div class=\"panel panel-default pt-cv-content-item pt-cv-1-col\" >\r\n<div class=\"panel-heading pt-cv-title\">\r\n    <a class=\"panel-title\" data-toggle=\"cvcollapse\" data-parent=\"#4ec5b1aadk\" data-target=\"#76c7c9en4i\" href='http:\/\/sites.ecclesia.pt\/liturgia\/ano-b-12o-domingo-do-tempo-comum-dehonianos\/' onclick='event.preventDefault()'>\r\n\t\tAno B &#8211; 12.\u00ba Domingo do Tempo Comum &#8211; Dehonianos\t<\/a>\r\n\t<\/div>\r\n<div id=\"76c7c9en4i\" class=\"panel-collapse collapse \">\r\n\t<div class=\"panel-body\">\r\n\t\t<div class=\"pt-cv-content\"><p><iframe loading=\"lazy\" title=\"12.\u00ba domingo do Tempo Comum - Ano B\" width=\"1080\" height=\"608\" src=\"https:\/\/www.youtube.com\/embed\/y9CPPWo-4rY?feature=oembed\" frameborder=\"0\" allow=\"accelerometer; autoplay; encrypted-media; gyroscope; picture-in-picture\" allowfullscreen><\/iframe><\/p>\n<\/div>\t<\/div>\r\n<\/div><\/div>\n<div class=\"panel panel-default pt-cv-content-item pt-cv-1-col\" >\r\n<div class=\"panel-heading pt-cv-title\">\r\n    <a class=\"panel-title\" data-toggle=\"cvcollapse\" data-parent=\"#4ec5b1aadk\" data-target=\"#d8b81dcdfr\" href='http:\/\/sites.ecclesia.pt\/liturgia\/ano-b-13-o-domingo-do-tempo-comum-dehonianos\/' onclick='event.preventDefault()'>\r\n\t\tAno B &#8211; 13.\u00ba Domingo do Tempo Comum &#8211; Dehonianos\t<\/a>\r\n\t<\/div>\r\n<div id=\"d8b81dcdfr\" class=\"panel-collapse collapse \">\r\n\t<div class=\"panel-body\">\r\n\t\t<div class=\"pt-cv-content\"><p><iframe loading=\"lazy\" title=\"Ano B - 13.\u00ba Domingo do Tempo Comum. Coment\u00e1rio do padre Manuel Barbosa, scj\" width=\"1080\" height=\"608\" src=\"https:\/\/www.youtube.com\/embed\/84DgQyq2bTw?feature=oembed\"  allow=\"accelerometer; autoplay; clipboard-write; encrypted-media; gyroscope; picture-in-picture\" allowfullscreen><\/iframe><\/p>\n<p><em>A f\u00e9 que faz viver<\/em><\/p>\n<p> <a href=\"http:\/\/sites.ecclesia.pt\/liturgia\/ano-b-13-o-domingo-do-tempo-comum-dehonianos\/#more-200060\" class=\"more-link\"><span aria-label=\"Continue a ler Ano B &#8211; 13.\u00ba Domingo do Tempo Comum &#8211; Dehonianos\">(mais&hellip;)<\/span><\/a><\/p>\n<\/div>\t<\/div>\r\n<\/div><\/div>\n<div class=\"panel panel-default pt-cv-content-item pt-cv-1-col\" >\r\n<div class=\"panel-heading pt-cv-title\">\r\n    <a class=\"panel-title\" data-toggle=\"cvcollapse\" data-parent=\"#4ec5b1aadk\" data-target=\"#b080ae8bnv\" href='http:\/\/sites.ecclesia.pt\/liturgia\/ano-b-13o-domingo-do-tempo-comum-dehonianos\/' onclick='event.preventDefault()'>\r\n\t\tAno B &#8211; 13.\u00ba Domingo do Tempo Comum &#8211; Dehonianos\t<\/a>\r\n\t<\/div>\r\n<div id=\"b080ae8bnv\" class=\"panel-collapse collapse \">\r\n\t<div class=\"panel-body\">\r\n\t\t<div class=\"pt-cv-content\"><p><iframe loading=\"lazy\" width=\"1080\" height=\"608\" src=\"https:\/\/www.youtube.com\/embed\/JUnoNRhM7uY?feature=oembed\" frameborder=\"0\" allow=\"autoplay; encrypted-media\" allowfullscreen><\/iframe><\/p>\n<p>A f\u00e9 que faz viver<\/p>\n<p> <a href=\"http:\/\/sites.ecclesia.pt\/liturgia\/ano-b-13o-domingo-do-tempo-comum-dehonianos\/#more-109279\" class=\"more-link\"><span aria-label=\"Continue a ler Ano B &#8211; 13.\u00ba Domingo do Tempo Comum &#8211; Dehonianos\">(mais&hellip;)<\/span><\/a><\/p>\n<\/div>\t<\/div>\r\n<\/div><\/div>\n<div class=\"panel panel-default pt-cv-content-item pt-cv-1-col\" >\r\n<div class=\"panel-heading pt-cv-title\">\r\n    <a class=\"panel-title\" data-toggle=\"cvcollapse\" data-parent=\"#4ec5b1aadk\" data-target=\"#973a080vrj\" href='http:\/\/sites.ecclesia.pt\/liturgia\/ano-b-14-o-domingo-do-tempo-comum-dehonianos\/' onclick='event.preventDefault()'>\r\n\t\tAno B &#8211; 14.\u00ba Domingo do Tempo Comum &#8211; Dehonianos\t<\/a>\r\n\t<\/div>\r\n<div id=\"973a080vrj\" class=\"panel-collapse collapse \">\r\n\t<div class=\"panel-body\">\r\n\t\t<div class=\"pt-cv-content\"><p><iframe loading=\"lazy\" title=\"Ano B - 14\u00ba Domingo do Tempo Comum. Coment\u00e1rio do padre Manuel Barbosa, scj\" width=\"1080\" height=\"608\" src=\"https:\/\/www.youtube.com\/embed\/3AE264j1_Og?feature=oembed\"  allow=\"accelerometer; autoplay; clipboard-write; encrypted-media; gyroscope; picture-in-picture\" allowfullscreen><\/iframe><\/p>\n<p><em>Profetas na alegria do Evangelho<\/em><\/p>\n<p> <a href=\"http:\/\/sites.ecclesia.pt\/liturgia\/ano-b-14-o-domingo-do-tempo-comum-dehonianos\/#more-200078\" class=\"more-link\"><span aria-label=\"Continue a ler Ano B &#8211; 14.\u00ba Domingo do Tempo Comum &#8211; Dehonianos\">(mais&hellip;)<\/span><\/a><\/p>\n<\/div>\t<\/div>\r\n<\/div><\/div>\n<div class=\"panel panel-default pt-cv-content-item pt-cv-1-col\" >\r\n<div class=\"panel-heading pt-cv-title\">\r\n    <a class=\"panel-title\" data-toggle=\"cvcollapse\" data-parent=\"#4ec5b1aadk\" data-target=\"#d1b4a65qth\" href='http:\/\/sites.ecclesia.pt\/liturgia\/ano-b-14o-domingo-do-tempo-comum-dehonianos\/' onclick='event.preventDefault()'>\r\n\t\tAno B &#8211; 14.\u00ba Domingo do Tempo Comum &#8211; Dehonianos\t<\/a>\r\n\t<\/div>\r\n<div id=\"d1b4a65qth\" class=\"panel-collapse collapse \">\r\n\t<div class=\"panel-body\">\r\n\t\t<div class=\"pt-cv-content\"><p><iframe loading=\"lazy\" title=\"14.\u00ba domingo do Tempo Comum - Ano B\" width=\"1080\" height=\"608\" src=\"https:\/\/www.youtube.com\/embed\/oV__NrGg-LM?feature=oembed\" frameborder=\"0\" allow=\"accelerometer; autoplay; encrypted-media; gyroscope; picture-in-picture\" allowfullscreen><\/iframe><\/p>\n<\/div>\t<\/div>\r\n<\/div><\/div>\n<div class=\"panel panel-default pt-cv-content-item pt-cv-1-col\" >\r\n<div class=\"panel-heading pt-cv-title\">\r\n    <a class=\"panel-title\" data-toggle=\"cvcollapse\" data-parent=\"#4ec5b1aadk\" data-target=\"#846c7e7r7a\" href='http:\/\/sites.ecclesia.pt\/liturgia\/ano-b-15-o-domingo-do-tempo-comum-dehonianos\/' onclick='event.preventDefault()'>\r\n\t\tAno B &#8211; 15.\u00ba Domingo do Tempo Comum &#8211; Dehonianos\t<\/a>\r\n\t<\/div>\r\n<div id=\"846c7e7r7a\" class=\"panel-collapse collapse \">\r\n\t<div class=\"panel-body\">\r\n\t\t<div class=\"pt-cv-content\"><p><iframe loading=\"lazy\" title=\"Ano B - 15.\u00ba Domingo do Tempo Comum. Coment\u00e1rio do padre Manuel Barbosa, scj\" width=\"1080\" height=\"608\" src=\"https:\/\/www.youtube.com\/embed\/RkivLoHc0x4?feature=oembed\"  allow=\"accelerometer; autoplay; clipboard-write; encrypted-media; gyroscope; picture-in-picture\" allowfullscreen><\/iframe><\/p>\n<p><em>Disc\u00edpulos de Cristo, sempre em miss\u00e3o<\/em><\/p>\n<p> <a href=\"http:\/\/sites.ecclesia.pt\/liturgia\/ano-b-15-o-domingo-do-tempo-comum-dehonianos\/#more-200085\" class=\"more-link\"><span aria-label=\"Continue a ler Ano B &#8211; 15.\u00ba Domingo do Tempo Comum &#8211; Dehonianos\">(mais&hellip;)<\/span><\/a><\/p>\n<\/div>\t<\/div>\r\n<\/div><\/div>\n<div class=\"panel panel-default pt-cv-content-item pt-cv-1-col\" >\r\n<div class=\"panel-heading pt-cv-title\">\r\n    <a class=\"panel-title\" data-toggle=\"cvcollapse\" data-parent=\"#4ec5b1aadk\" data-target=\"#42c12d5vf4\" href='http:\/\/sites.ecclesia.pt\/liturgia\/ano-b-15o-domingo-do-tempo-comum-dehonianos\/' onclick='event.preventDefault()'>\r\n\t\tAno B &#8211; 15.\u00ba Domingo do Tempo Comum &#8211; Dehonianos\t<\/a>\r\n\t<\/div>\r\n<div id=\"42c12d5vf4\" class=\"panel-collapse collapse \">\r\n\t<div class=\"panel-body\">\r\n\t\t<div class=\"pt-cv-content\"><p><iframe loading=\"lazy\" width=\"1080\" height=\"608\" src=\"https:\/\/www.youtube.com\/embed\/p1npCiC6AmM?feature=oembed\" frameborder=\"0\" allow=\"autoplay; encrypted-media\" allowfullscreen><\/iframe><\/p>\n<p>Disc\u00edpulos de Cristo, sempre em miss\u00e3o <a href=\"http:\/\/sites.ecclesia.pt\/liturgia\/ano-b-15o-domingo-do-tempo-comum-dehonianos\/#more-110254\" class=\"more-link\"><span aria-label=\"Continue a ler Ano B &#8211; 15.\u00ba Domingo do Tempo Comum &#8211; Dehonianos\">(mais&hellip;)<\/span><\/a><\/p>\n<\/div>\t<\/div>\r\n<\/div><\/div>\n<div class=\"panel panel-default pt-cv-content-item pt-cv-1-col\" >\r\n<div class=\"panel-heading pt-cv-title\">\r\n    <a class=\"panel-title\" data-toggle=\"cvcollapse\" data-parent=\"#4ec5b1aadk\" data-target=\"#81dc67e7zx\" href='http:\/\/sites.ecclesia.pt\/liturgia\/ano-b-16-o-domingo-do-tempo-comum-dehonianos\/' onclick='event.preventDefault()'>\r\n\t\tAno B &#8211; 16.\u00ba Domingo do Tempo Comum &#8211; Dehonianos\t<\/a>\r\n\t<\/div>\r\n<div id=\"81dc67e7zx\" class=\"panel-collapse collapse \">\r\n\t<div class=\"panel-body\">\r\n\t\t<div class=\"pt-cv-content\"><p><iframe loading=\"lazy\" title=\"Ano B - 16\u00ba Domingo do Tempo Comum. Coment\u00e1rio do padre Manuel Barbosa, scj\" width=\"1080\" height=\"608\" src=\"https:\/\/www.youtube.com\/embed\/tyKe4dukNl8?feature=oembed\"  allow=\"accelerometer; autoplay; clipboard-write; encrypted-media; gyroscope; picture-in-picture\" allowfullscreen><\/iframe><\/p>\n<p><em>O Pastor cuida dos seus disc\u00edpulos<\/em><\/p>\n<p> <a href=\"http:\/\/sites.ecclesia.pt\/liturgia\/ano-b-16-o-domingo-do-tempo-comum-dehonianos\/#more-200088\" class=\"more-link\"><span aria-label=\"Continue a ler Ano B &#8211; 16.\u00ba Domingo do Tempo Comum &#8211; Dehonianos\">(mais&hellip;)<\/span><\/a><\/p>\n<\/div>\t<\/div>\r\n<\/div><\/div>\n<div class=\"panel panel-default pt-cv-content-item pt-cv-1-col\" >\r\n<div class=\"panel-heading pt-cv-title\">\r\n    <a class=\"panel-title\" data-toggle=\"cvcollapse\" data-parent=\"#4ec5b1aadk\" data-target=\"#9da72623mo\" href='http:\/\/sites.ecclesia.pt\/liturgia\/ano-b-17-o-domingo-do-tempo-comum-dehonianos\/' onclick='event.preventDefault()'>\r\n\t\tAno B &#8211; 17.\u00ba Domingo do Tempo Comum &#8211; Dehonianos\t<\/a>\r\n\t<\/div>\r\n<div id=\"9da72623mo\" class=\"panel-collapse collapse \">\r\n\t<div class=\"panel-body\">\r\n\t\t<div class=\"pt-cv-content\"><p><iframe loading=\"lazy\" title=\"Ano B - 17.\u00ba Domingo do Tempo Comum. Coment\u00e1rio do padre Manuel Barbosa, scj\" width=\"1080\" height=\"608\" src=\"https:\/\/www.youtube.com\/embed\/iJ6UnVIIi2w?feature=oembed\"  allow=\"accelerometer; autoplay; clipboard-write; encrypted-media; gyroscope; picture-in-picture\" allowfullscreen><\/iframe><\/p>\n<p><em>Saciar as fomes do pr\u00f3ximo<\/em><\/p>\n<p> <a href=\"http:\/\/sites.ecclesia.pt\/liturgia\/ano-b-17-o-domingo-do-tempo-comum-dehonianos\/#more-200091\" class=\"more-link\"><span aria-label=\"Continue a ler Ano B &#8211; 17.\u00ba Domingo do Tempo Comum &#8211; Dehonianos\">(mais&hellip;)<\/span><\/a><\/p>\n<\/div>\t<\/div>\r\n<\/div><\/div>\n<div class=\"panel panel-default pt-cv-content-item pt-cv-1-col\" >\r\n<div class=\"panel-heading pt-cv-title\">\r\n    <a class=\"panel-title\" data-toggle=\"cvcollapse\" data-parent=\"#4ec5b1aadk\" data-target=\"#0786e49oh7\" href='http:\/\/sites.ecclesia.pt\/liturgia\/ano-b-18o-domingo-do-tempo-comum-dehonianos\/' onclick='event.preventDefault()'>\r\n\t\tAno B &#8211; 18\u00ba Domingo do Tempo Comum &#8211; Dehonianos\t<\/a>\r\n\t<\/div>\r\n<div id=\"0786e49oh7\" class=\"panel-collapse collapse \">\r\n\t<div class=\"panel-body\">\r\n\t\t<div class=\"pt-cv-content\"><p><iframe loading=\"lazy\" title=\"Ano B - 18.\u00ba Domingo do Tempo Comum. Coment\u00e1rio do padre Manuel Barbosa, scj\" width=\"1080\" height=\"608\" src=\"https:\/\/www.youtube.com\/embed\/ujDulq_6R8E?feature=oembed\"  allow=\"accelerometer; autoplay; clipboard-write; encrypted-media; gyroscope; picture-in-picture\" allowfullscreen><\/iframe><\/p>\n<p><em>Cristo \u00e9 o alimento do meu viver?<\/em><\/p>\n<p> <a href=\"http:\/\/sites.ecclesia.pt\/liturgia\/ano-b-18o-domingo-do-tempo-comum-dehonianos\/#more-200141\" class=\"more-link\"><span aria-label=\"Continue a ler Ano B &#8211; 18\u00ba Domingo do Tempo Comum &#8211; Dehonianos\">(mais&hellip;)<\/span><\/a><\/p>\n<\/div>\t<\/div>\r\n<\/div><\/div>\n<div class=\"panel panel-default pt-cv-content-item pt-cv-1-col\" >\r\n<div class=\"panel-heading pt-cv-title\">\r\n    <a class=\"panel-title\" data-toggle=\"cvcollapse\" data-parent=\"#4ec5b1aadk\" data-target=\"#c34a148tin\" href='http:\/\/sites.ecclesia.pt\/liturgia\/ano-b-23-o-domingo-do-tempo-comum-dehonianos\/' onclick='event.preventDefault()'>\r\n\t\tAno B &#8211; 23.\u00ba Domingo do Tempo Comum &#8211; Dehonianos\t<\/a>\r\n\t<\/div>\r\n<div id=\"c34a148tin\" class=\"panel-collapse collapse \">\r\n\t<div class=\"panel-body\">\r\n\t\t<div class=\"pt-cv-content\"><p><iframe loading=\"lazy\" title=\"Ano B - 23.\u00ba Domingo do Tempo Comum. Coment\u00e1rio do padre Manuel Barbosa, scj\" width=\"1080\" height=\"608\" src=\"https:\/\/www.youtube.com\/embed\/Qg-BvTLDsBk?feature=oembed\"  allow=\"accelerometer; autoplay; clipboard-write; encrypted-media; gyroscope; picture-in-picture\" allowfullscreen><\/iframe><\/p>\n<p><em>Abre-te!<\/em><\/p>\n<p> <a href=\"http:\/\/sites.ecclesia.pt\/liturgia\/ano-b-23-o-domingo-do-tempo-comum-dehonianos\/#more-200138\" class=\"more-link\"><span aria-label=\"Continue a ler Ano B &#8211; 23.\u00ba Domingo do Tempo Comum &#8211; Dehonianos\">(mais&hellip;)<\/span><\/a><\/p>\n<\/div>\t<\/div>\r\n<\/div><\/div>\n<div class=\"panel panel-default pt-cv-content-item pt-cv-1-col\" >\r\n<div class=\"panel-heading pt-cv-title\">\r\n    <a class=\"panel-title\" data-toggle=\"cvcollapse\" data-parent=\"#4ec5b1aadk\" data-target=\"#b82d37fome\" href='http:\/\/sites.ecclesia.pt\/liturgia\/ano-b-24o-domingo-do-tempo-comum-dehonianos\/' onclick='event.preventDefault()'>\r\n\t\tAno B &#8211; 24.\u00ba Domingo do Tempo Comum &#8211; Dehonianos\t<\/a>\r\n\t<\/div>\r\n<div id=\"b82d37fome\" class=\"panel-collapse collapse \">\r\n\t<div class=\"panel-body\">\r\n\t\t<div class=\"pt-cv-content\"><p><iframe loading=\"lazy\" width=\"1080\" height=\"608\" src=\"https:\/\/www.youtube.com\/embed\/Z9qZKkTD76M?feature=oembed\" frameborder=\"0\" allow=\"autoplay; encrypted-media\" allowfullscreen><\/iframe><\/p>\n<p>Seguir Jesus Cristo, dar a vida<\/p>\n<p> <a href=\"http:\/\/sites.ecclesia.pt\/liturgia\/ano-b-24o-domingo-do-tempo-comum-dehonianos\/#more-114477\" class=\"more-link\"><span aria-label=\"Continue a ler Ano B &#8211; 24.\u00ba Domingo do Tempo Comum &#8211; Dehonianos\">(mais&hellip;)<\/span><\/a><\/p>\n<\/div>\t<\/div>\r\n<\/div><\/div>\n<div class=\"panel panel-default pt-cv-content-item pt-cv-1-col\" >\r\n<div class=\"panel-heading pt-cv-title\">\r\n    <a class=\"panel-title\" data-toggle=\"cvcollapse\" data-parent=\"#4ec5b1aadk\" data-target=\"#6a6fa9f27h\" href='http:\/\/sites.ecclesia.pt\/liturgia\/ano-b-24-o-domingo-do-tempo-comum-dehonianos\/' onclick='event.preventDefault()'>\r\n\t\tAno B &#8211; 24.\u00ba Domingo do Tempo Comum &#8211; Dehonianos\t<\/a>\r\n\t<\/div>\r\n<div id=\"6a6fa9f27h\" class=\"panel-collapse collapse \">\r\n\t<div class=\"panel-body\">\r\n\t\t<div class=\"pt-cv-content\"><p><iframe loading=\"lazy\" title=\"Ano B - 24.\u00ba Domingo do Tempo Comum. Coment\u00e1rio do padre Manuel Barbosa, scj\" width=\"1080\" height=\"608\" src=\"https:\/\/www.youtube.com\/embed\/sKQwkowt1jk?feature=oembed\"  allow=\"accelerometer; autoplay; clipboard-write; encrypted-media; gyroscope; picture-in-picture\" allowfullscreen><\/iframe><\/p>\n<p><em>Seguir Jesus Cristo, dar a vida<\/em><\/p>\n<p> <a href=\"http:\/\/sites.ecclesia.pt\/liturgia\/ano-b-24-o-domingo-do-tempo-comum-dehonianos\/#more-200135\" class=\"more-link\"><span aria-label=\"Continue a ler Ano B &#8211; 24.\u00ba Domingo do Tempo Comum &#8211; Dehonianos\">(mais&hellip;)<\/span><\/a><\/p>\n<\/div>\t<\/div>\r\n<\/div><\/div>\n<div class=\"panel panel-default pt-cv-content-item pt-cv-1-col\" >\r\n<div class=\"panel-heading pt-cv-title\">\r\n    <a class=\"panel-title\" data-toggle=\"cvcollapse\" data-parent=\"#4ec5b1aadk\" data-target=\"#998d4bdg3i\" href='http:\/\/sites.ecclesia.pt\/liturgia\/ano-b-25-o-domingo-do-tempo-comum-dehonianos\/' onclick='event.preventDefault()'>\r\n\t\tAno B &#8211; 25.\u00ba Domingo do Tempo Comum &#8211; Dehonianos\t<\/a>\r\n\t<\/div>\r\n<div id=\"998d4bdg3i\" class=\"panel-collapse collapse \">\r\n\t<div class=\"panel-body\">\r\n\t\t<div class=\"pt-cv-content\"><p><iframe loading=\"lazy\" title=\"Ano B - 25\u00ba Domingo do tempo Comum. Coment\u00e1rio do padre Manuel Barbosa, scj\" width=\"1080\" height=\"608\" src=\"https:\/\/www.youtube.com\/embed\/KG2_ITD_Zws?feature=oembed\"  allow=\"accelerometer; autoplay; clipboard-write; encrypted-media; gyroscope; picture-in-picture\" allowfullscreen><\/iframe><\/p>\n<p><em>Viver na sabedoria de Deus<\/em><\/p>\n<p> <a href=\"http:\/\/sites.ecclesia.pt\/liturgia\/ano-b-25-o-domingo-do-tempo-comum-dehonianos\/#more-200132\" class=\"more-link\"><span aria-label=\"Continue a ler Ano B &#8211; 25.\u00ba Domingo do Tempo Comum &#8211; Dehonianos\">(mais&hellip;)<\/span><\/a><\/p>\n<\/div>\t<\/div>\r\n<\/div><\/div>\n<div class=\"panel panel-default pt-cv-content-item pt-cv-1-col\" >\r\n<div class=\"panel-heading pt-cv-title\">\r\n    <a class=\"panel-title\" data-toggle=\"cvcollapse\" data-parent=\"#4ec5b1aadk\" data-target=\"#3d98fcf7qo\" href='http:\/\/sites.ecclesia.pt\/liturgia\/ano-b-25o-domingo-do-tempo-comum-dehonianos\/' onclick='event.preventDefault()'>\r\n\t\tAno B &#8211; 25.\u00ba Domingo do Tempo Comum &#8211; Dehonianos\t<\/a>\r\n\t<\/div>\r\n<div id=\"3d98fcf7qo\" class=\"panel-collapse collapse \">\r\n\t<div class=\"panel-body\">\r\n\t\t<div class=\"pt-cv-content\"><p><iframe loading=\"lazy\" width=\"1080\" height=\"810\" src=\"https:\/\/www.youtube.com\/embed\/ZkSRxbqNnsI?feature=oembed\" frameborder=\"0\" allow=\"autoplay; encrypted-media\" allowfullscreen><\/iframe><\/p>\n<p><em>Viver na sabedoria de Deus<\/em><\/p>\n<p> <a href=\"http:\/\/sites.ecclesia.pt\/liturgia\/ano-b-25o-domingo-do-tempo-comum-dehonianos\/#more-114926\" class=\"more-link\"><span aria-label=\"Continue a ler Ano B &#8211; 25.\u00ba Domingo do Tempo Comum &#8211; Dehonianos\">(mais&hellip;)<\/span><\/a><\/p>\n<\/div>\t<\/div>\r\n<\/div><\/div>\n<div class=\"panel panel-default pt-cv-content-item pt-cv-1-col\" >\r\n<div class=\"panel-heading pt-cv-title\">\r\n    <a class=\"panel-title\" data-toggle=\"cvcollapse\" data-parent=\"#4ec5b1aadk\" data-target=\"#15d75698y7\" href='http:\/\/sites.ecclesia.pt\/liturgia\/ano-b-26-o-domingo-do-tempo-comum-dehonianos\/' onclick='event.preventDefault()'>\r\n\t\tAno B &#8211; 26.\u00ba Domingo do Tempo Comum &#8211; Dehonianos\t<\/a>\r\n\t<\/div>\r\n<div id=\"15d75698y7\" class=\"panel-collapse collapse \">\r\n\t<div class=\"panel-body\">\r\n\t\t<div class=\"pt-cv-content\"><p><iframe loading=\"lazy\" title=\"Ano B - 26.\u00ba Domingo do tempo Comum. Coment\u00e1rio do padre Manuel Barbosa, scj\" width=\"1080\" height=\"608\" src=\"https:\/\/www.youtube.com\/embed\/QUDELdm-tbA?feature=oembed\"  allow=\"accelerometer; autoplay; clipboard-write; encrypted-media; gyroscope; picture-in-picture\" allowfullscreen><\/iframe><\/p>\n<p><em>Amar, sem muros nem barreiras<\/em><\/p>\n<p> <a href=\"http:\/\/sites.ecclesia.pt\/liturgia\/ano-b-26-o-domingo-do-tempo-comum-dehonianos\/#more-200129\" class=\"more-link\"><span aria-label=\"Continue a ler Ano B &#8211; 26.\u00ba Domingo do Tempo Comum &#8211; Dehonianos\">(mais&hellip;)<\/span><\/a><\/p>\n<\/div>\t<\/div>\r\n<\/div><\/div>\n<div class=\"panel panel-default pt-cv-content-item pt-cv-1-col\" >\r\n<div class=\"panel-heading pt-cv-title\">\r\n    <a class=\"panel-title\" data-toggle=\"cvcollapse\" data-parent=\"#4ec5b1aadk\" data-target=\"#7c90c87qhe\" href='http:\/\/sites.ecclesia.pt\/liturgia\/ano-b-27o-domingo-do-tempo-comum-dehonianos\/' onclick='event.preventDefault()'>\r\n\t\tAno B &#8211; 27.\u00ba Domingo do Tempo Comum &#8211; Dehonianos\t<\/a>\r\n\t<\/div>\r\n<div id=\"7c90c87qhe\" class=\"panel-collapse collapse \">\r\n\t<div class=\"panel-body\">\r\n\t\t<div class=\"pt-cv-content\"><p><iframe loading=\"lazy\" width=\"1080\" height=\"608\" src=\"https:\/\/www.youtube.com\/embed\/wT0iLyNP6N8?feature=oembed\" frameborder=\"0\" allow=\"autoplay; encrypted-media\" allowfullscreen><\/iframe><\/p>\n<p><em>Fam\u00edlia, b\u00ean\u00e7\u00e3o do amor de Deus<\/em> <a href=\"http:\/\/sites.ecclesia.pt\/liturgia\/ano-b-27o-domingo-do-tempo-comum-dehonianos\/#more-115912\" class=\"more-link\"><span aria-label=\"Continue a ler Ano B &#8211; 27.\u00ba Domingo do Tempo Comum &#8211; Dehonianos\">(mais&hellip;)<\/span><\/a><\/p>\n<\/div>\t<\/div>\r\n<\/div><\/div>\n<div class=\"panel panel-default pt-cv-content-item pt-cv-1-col\" >\r\n<div class=\"panel-heading pt-cv-title\">\r\n    <a class=\"panel-title\" data-toggle=\"cvcollapse\" data-parent=\"#4ec5b1aadk\" data-target=\"#49bbbc07vu\" href='http:\/\/sites.ecclesia.pt\/liturgia\/ano-b-28o-domingo-do-tempo-comum-dehonianos\/' onclick='event.preventDefault()'>\r\n\t\tAno B &#8211; 28.\u00ba Domingo do Tempo Comum &#8211; Dehonianos\t<\/a>\r\n\t<\/div>\r\n<div id=\"49bbbc07vu\" class=\"panel-collapse collapse \">\r\n\t<div class=\"panel-body\">\r\n\t\t<div class=\"pt-cv-content\"><p><iframe loading=\"lazy\" width=\"1080\" height=\"608\" src=\"https:\/\/www.youtube.com\/embed\/gtmlV6AerAE?feature=oembed\" frameborder=\"0\" allow=\"autoplay; encrypted-media\" allowfullscreen><\/iframe><\/p>\n<p>Vida eterna no quotidiano<\/p>\n<p> <a href=\"http:\/\/sites.ecclesia.pt\/liturgia\/ano-b-28o-domingo-do-tempo-comum-dehonianos\/#more-116573\" class=\"more-link\"><span aria-label=\"Continue a ler Ano B &#8211; 28.\u00ba Domingo do Tempo Comum &#8211; Dehonianos\">(mais&hellip;)<\/span><\/a><\/p>\n<\/div>\t<\/div>\r\n<\/div><\/div>\n<div class=\"panel panel-default pt-cv-content-item pt-cv-1-col\" >\r\n<div class=\"panel-heading pt-cv-title\">\r\n    <a class=\"panel-title\" data-toggle=\"cvcollapse\" data-parent=\"#4ec5b1aadk\" data-target=\"#ff3499eqrx\" href='http:\/\/sites.ecclesia.pt\/liturgia\/ano-b-28-o-domingo-do-tempo-comum-dehonianos\/' onclick='event.preventDefault()'>\r\n\t\tAno B &#8211; 28.\u00ba Domingo do Tempo Comum &#8211; Dehonianos\t<\/a>\r\n\t<\/div>\r\n<div id=\"ff3499eqrx\" class=\"panel-collapse collapse \">\r\n\t<div class=\"panel-body\">\r\n\t\t<div class=\"pt-cv-content\"><p><iframe loading=\"lazy\" title=\"Ano B - 28.\u00ba Domingo do Tempo Comum. Coment\u00e1rio do padre Manuel Barbosa, scj\" width=\"1080\" height=\"608\" src=\"https:\/\/www.youtube.com\/embed\/NeFr_AaNoTw?feature=oembed\"  allow=\"accelerometer; autoplay; clipboard-write; encrypted-media; gyroscope; picture-in-picture\" allowfullscreen><\/iframe><\/p>\n<p><em>Vida eterna no quotidiano<\/em><\/p>\n<p> <a href=\"http:\/\/sites.ecclesia.pt\/liturgia\/ano-b-28-o-domingo-do-tempo-comum-dehonianos\/#more-200126\" class=\"more-link\"><span aria-label=\"Continue a ler Ano B &#8211; 28.\u00ba Domingo do Tempo Comum &#8211; Dehonianos\">(mais&hellip;)<\/span><\/a><\/p>\n<\/div>\t<\/div>\r\n<\/div><\/div>\n<div class=\"panel panel-default pt-cv-content-item pt-cv-1-col\" >\r\n<div class=\"panel-heading pt-cv-title\">\r\n    <a class=\"panel-title\" data-toggle=\"cvcollapse\" data-parent=\"#4ec5b1aadk\" data-target=\"#b1ee1c2nvj\" href='http:\/\/sites.ecclesia.pt\/liturgia\/ano-b-29o-domingo-do-tempo-comum-dehonianos\/' onclick='event.preventDefault()'>\r\n\t\tAno B &#8211; 29.\u00ba Domingo do Tempo Comum &#8211; Dehonianos\t<\/a>\r\n\t<\/div>\r\n<div id=\"b1ee1c2nvj\" class=\"panel-collapse collapse \">\r\n\t<div class=\"panel-body\">\r\n\t\t<div class=\"pt-cv-content\"><p><iframe loading=\"lazy\" title=\"Ano B - 29\u00ba domingo do tempo comum\" width=\"1080\" height=\"608\" src=\"https:\/\/www.youtube.com\/embed\/w7IRrIIt9U8?feature=oembed\"  allow=\"accelerometer; autoplay; clipboard-write; encrypted-media; gyroscope; picture-in-picture\" allowfullscreen><\/iframe><\/p>\n<p>Disc\u00edpulos de Cristo, ao servi\u00e7o da miss\u00e3o <a href=\"http:\/\/sites.ecclesia.pt\/liturgia\/ano-b-29o-domingo-do-tempo-comum-dehonianos\/#more-117316\" class=\"more-link\"><span aria-label=\"Continue a ler Ano B &#8211; 29.\u00ba Domingo do Tempo Comum &#8211; Dehonianos\">(mais&hellip;)<\/span><\/a><\/p>\n<\/div>\t<\/div>\r\n<\/div><\/div>\n<div class=\"panel panel-default pt-cv-content-item pt-cv-1-col\" >\r\n<div class=\"panel-heading pt-cv-title\">\r\n    <a class=\"panel-title\" data-toggle=\"cvcollapse\" data-parent=\"#4ec5b1aadk\" data-target=\"#111f8aa1be\" href='http:\/\/sites.ecclesia.pt\/liturgia\/ano-b-29-o-domingo-do-tempo-comum-dehonianos\/' onclick='event.preventDefault()'>\r\n\t\tAno B &#8211; 29.\u00ba Domingo do Tempo Comum &#8211; Dehonianos\t<\/a>\r\n\t<\/div>\r\n<div id=\"111f8aa1be\" class=\"panel-collapse collapse \">\r\n\t<div class=\"panel-body\">\r\n\t\t<div class=\"pt-cv-content\"><p><iframe loading=\"lazy\" title=\"Ano B - 29.\u00ba Domingo do Tempo Comum. Coment\u00e1rio do padre Manuel Barbosa, scj\" width=\"1080\" height=\"608\" src=\"https:\/\/www.youtube.com\/embed\/VDrYk3Bw8sc?feature=oembed\"  allow=\"accelerometer; autoplay; clipboard-write; encrypted-media; gyroscope; picture-in-picture\" allowfullscreen><\/iframe><\/p>\n<p><em>Disc\u00edpulos de Cristo, ao servi\u00e7o da miss\u00e3o<\/em><\/p>\n<p> <a href=\"http:\/\/sites.ecclesia.pt\/liturgia\/ano-b-29-o-domingo-do-tempo-comum-dehonianos\/#more-200120\" class=\"more-link\"><span aria-label=\"Continue a ler Ano B &#8211; 29.\u00ba Domingo do Tempo Comum &#8211; Dehonianos\">(mais&hellip;)<\/span><\/a><\/p>\n<\/div>\t<\/div>\r\n<\/div><\/div>\n<div class=\"panel panel-default pt-cv-content-item pt-cv-1-col\" >\r\n<div class=\"panel-heading pt-cv-title\">\r\n    <a class=\"panel-title\" data-toggle=\"cvcollapse\" data-parent=\"#4ec5b1aadk\" data-target=\"#ab62614g9h\" href='http:\/\/sites.ecclesia.pt\/liturgia\/ano-b-30-o-domingo-do-tempo-comum-dehonianos\/' onclick='event.preventDefault()'>\r\n\t\tAno B &#8211; 30.\u00ba Domingo do Tempo Comum &#8211; Dehonianos\t<\/a>\r\n\t<\/div>\r\n<div id=\"ab62614g9h\" class=\"panel-collapse collapse \">\r\n\t<div class=\"panel-body\">\r\n\t\t<div class=\"pt-cv-content\"><p><iframe loading=\"lazy\" title=\"Ano B - 30.\u00ba Domingo do Tempo Comum. Coment\u00e1rio do padre Manuel Barbosa, scj\" width=\"1080\" height=\"608\" src=\"https:\/\/www.youtube.com\/embed\/-gyfTrwTHHo?feature=oembed\"  allow=\"accelerometer; autoplay; clipboard-write; encrypted-media; gyroscope; picture-in-picture\" allowfullscreen><\/iframe><\/p>\n<p><em>Salvos na f\u00e9, partir em miss\u00e3o<\/em><\/p>\n<p> <a href=\"http:\/\/sites.ecclesia.pt\/liturgia\/ano-b-30-o-domingo-do-tempo-comum-dehonianos\/#more-200117\" class=\"more-link\"><span aria-label=\"Continue a ler Ano B &#8211; 30.\u00ba Domingo do Tempo Comum &#8211; Dehonianos\">(mais&hellip;)<\/span><\/a><\/p>\n<\/div>\t<\/div>\r\n<\/div><\/div>\n<div class=\"panel panel-default pt-cv-content-item pt-cv-1-col\" >\r\n<div class=\"panel-heading pt-cv-title\">\r\n    <a class=\"panel-title\" data-toggle=\"cvcollapse\" data-parent=\"#4ec5b1aadk\" data-target=\"#86f684czpj\" href='http:\/\/sites.ecclesia.pt\/liturgia\/ano-b-31-o-domingo-do-tempo-comum-dehonianos\/' onclick='event.preventDefault()'>\r\n\t\tAno B &#8211; 31.\u00ba Domingo do Tempo Comum &#8211; Dehonianos\t<\/a>\r\n\t<\/div>\r\n<div id=\"86f684czpj\" class=\"panel-collapse collapse \">\r\n\t<div class=\"panel-body\">\r\n\t\t<div class=\"pt-cv-content\"><p><iframe loading=\"lazy\" title=\"Ano B - 31.\u00ba Domingo do Tempo Comum. Coment\u00e1rio do padre Manuel Barbosa, scj\" width=\"1080\" height=\"608\" src=\"https:\/\/www.youtube.com\/embed\/k6hRXc3sC0I?feature=oembed\"  allow=\"accelerometer; autoplay; clipboard-write; encrypted-media; gyroscope; picture-in-picture\" allowfullscreen><\/iframe><\/p>\n<p><em>Amar a Deus, amar o pr\u00f3ximo<\/em><\/p>\n<p> <a href=\"http:\/\/sites.ecclesia.pt\/liturgia\/ano-b-31-o-domingo-do-tempo-comum-dehonianos\/#more-200114\" class=\"more-link\"><span aria-label=\"Continue a ler Ano B &#8211; 31.\u00ba Domingo do Tempo Comum &#8211; Dehonianos\">(mais&hellip;)<\/span><\/a><\/p>\n<\/div>\t<\/div>\r\n<\/div><\/div>\n<div class=\"panel panel-default pt-cv-content-item pt-cv-1-col\" >\r\n<div class=\"panel-heading pt-cv-title\">\r\n    <a class=\"panel-title\" data-toggle=\"cvcollapse\" data-parent=\"#4ec5b1aadk\" data-target=\"#2c552e3xbg\" href='http:\/\/sites.ecclesia.pt\/liturgia\/ano-b-32o-domingo-do-tempo-comum-dehonianos\/' onclick='event.preventDefault()'>\r\n\t\tAno B &#8211; 32.\u00ba Domingo do Tempo Comum &#8211; Dehonianos\t<\/a>\r\n\t<\/div>\r\n<div id=\"2c552e3xbg\" class=\"panel-collapse collapse \">\r\n\t<div class=\"panel-body\">\r\n\t\t<div class=\"pt-cv-content\"><p><iframe loading=\"lazy\" title=\"Ano B - 32.\u00ba Domingo do Tempo Comum\" width=\"1080\" height=\"608\" src=\"https:\/\/www.youtube.com\/embed\/57LaRLqh-8Y?feature=oembed\" frameborder=\"0\" allow=\"accelerometer; autoplay; encrypted-media; gyroscope; picture-in-picture\" allowfullscreen><\/iframe><\/p>\n<p>Nos pedit\u00f3rios da vida, dar o que somos <a href=\"http:\/\/sites.ecclesia.pt\/liturgia\/ano-b-32o-domingo-do-tempo-comum-dehonianos\/#more-119149\" class=\"more-link\"><span aria-label=\"Continue a ler Ano B &#8211; 32.\u00ba Domingo do Tempo Comum &#8211; Dehonianos\">(mais&hellip;)<\/span><\/a><\/p>\n<\/div>\t<\/div>\r\n<\/div><\/div>\n<div class=\"panel panel-default pt-cv-content-item pt-cv-1-col\" >\r\n<div class=\"panel-heading pt-cv-title\">\r\n    <a class=\"panel-title\" data-toggle=\"cvcollapse\" data-parent=\"#4ec5b1aadk\" data-target=\"#6b2aad3sg6\" href='http:\/\/sites.ecclesia.pt\/liturgia\/ano-b-32-o-domingo-do-tempo-comum-dehonianos\/' onclick='event.preventDefault()'>\r\n\t\tAno B &#8211; 32.\u00ba Domingo do Tempo Comum &#8211; Dehonianos\t<\/a>\r\n\t<\/div>\r\n<div id=\"6b2aad3sg6\" class=\"panel-collapse collapse \">\r\n\t<div class=\"panel-body\">\r\n\t\t<div class=\"pt-cv-content\"><p><iframe loading=\"lazy\" title=\"Ano B - 32.\u00ba Domingo do Tempo Comum. Coment\u00e1rio do padre Manuel Barbosa, scj\" width=\"1080\" height=\"608\" src=\"https:\/\/www.youtube.com\/embed\/gOdKZIxXyU8?feature=oembed\"  allow=\"accelerometer; autoplay; clipboard-write; encrypted-media; gyroscope; picture-in-picture\" allowfullscreen><\/iframe><\/p>\n<p><em>Nos pedit\u00f3rios da vida, dar o que somos<\/em><\/p>\n<p> <a href=\"http:\/\/sites.ecclesia.pt\/liturgia\/ano-b-32-o-domingo-do-tempo-comum-dehonianos\/#more-200111\" class=\"more-link\"><span aria-label=\"Continue a ler Ano B &#8211; 32.\u00ba Domingo do Tempo Comum &#8211; Dehonianos\">(mais&hellip;)<\/span><\/a><\/p>\n<\/div>\t<\/div>\r\n<\/div><\/div>\n<div class=\"panel panel-default pt-cv-content-item pt-cv-1-col\" >\r\n<div class=\"panel-heading pt-cv-title\">\r\n    <a class=\"panel-title\" data-toggle=\"cvcollapse\" data-parent=\"#4ec5b1aadk\" data-target=\"#87e5ec1kgr\" href='http:\/\/sites.ecclesia.pt\/liturgia\/ano-b-33o-domingo-do-tempo-comum-dehonianos\/' onclick='event.preventDefault()'>\r\n\t\tAno B &#8211; 33.\u00ba Domingo do Tempo Comum &#8211; Dehonianos\t<\/a>\r\n\t<\/div>\r\n<div id=\"87e5ec1kgr\" class=\"panel-collapse collapse \">\r\n\t<div class=\"panel-body\">\r\n\t\t<div class=\"pt-cv-content\"><p><iframe loading=\"lazy\" title=\"Ano B - 32.\u00ba Domingo do Tempo Comum.\" width=\"1080\" height=\"608\" src=\"https:\/\/www.youtube.com\/embed\/sUrb0VH4O8E?feature=oembed\" frameborder=\"0\" allow=\"accelerometer; autoplay; encrypted-media; gyroscope; picture-in-picture\" allowfullscreen><\/iframe><\/p>\n<p>Viver na esperan\u00e7a efetiva <a href=\"http:\/\/sites.ecclesia.pt\/liturgia\/ano-b-33o-domingo-do-tempo-comum-dehonianos\/#more-119710\" class=\"more-link\"><span aria-label=\"Continue a ler Ano B &#8211; 33.\u00ba Domingo do Tempo Comum &#8211; Dehonianos\">(mais&hellip;)<\/span><\/a><\/p>\n<\/div>\t<\/div>\r\n<\/div><\/div><\/div><\/div><\/div><\/div>\n<p>&nbsp;<\/p>\n<p>[\/et_pb_text][\/et_pb_column][et_pb_column type=&#8221;1_2&#8243; _builder_version=&#8221;3.25&#8243; custom_padding=&#8221;|||&#8221; custom_padding__hover=&#8221;|||&#8221;][et_pb_text admin_label=&#8221;Advento&#8221; _builder_version=&#8221;4.3.4&#8243; vertical_offset_tablet=&#8221;0&#8243; horizontal_offset_tablet=&#8221;0&#8243; z_index_tablet=&#8221;0&#8243; text_text_shadow_horizontal_length_tablet=&#8221;0px&#8221; text_text_shadow_vertical_length_tablet=&#8221;0px&#8221; text_text_shadow_blur_strength_tablet=&#8221;1px&#8221; link_text_shadow_horizontal_length_tablet=&#8221;0px&#8221; link_text_shadow_vertical_length_tablet=&#8221;0px&#8221; link_text_shadow_blur_strength_tablet=&#8221;1px&#8221; ul_text_shadow_horizontal_length_tablet=&#8221;0px&#8221; ul_text_shadow_vertical_length_tablet=&#8221;0px&#8221; ul_text_shadow_blur_strength_tablet=&#8221;1px&#8221; ol_text_shadow_horizontal_length_tablet=&#8221;0px&#8221; ol_text_shadow_vertical_length_tablet=&#8221;0px&#8221; ol_text_shadow_blur_strength_tablet=&#8221;1px&#8221; quote_text_shadow_horizontal_length_tablet=&#8221;0px&#8221; quote_text_shadow_vertical_length_tablet=&#8221;0px&#8221; quote_text_shadow_blur_strength_tablet=&#8221;1px&#8221; header_text_shadow_horizontal_length_tablet=&#8221;0px&#8221; header_text_shadow_vertical_length_tablet=&#8221;0px&#8221; header_text_shadow_blur_strength_tablet=&#8221;1px&#8221; header_2_text_shadow_horizontal_length_tablet=&#8221;0px&#8221; header_2_text_shadow_vertical_length_tablet=&#8221;0px&#8221; header_2_text_shadow_blur_strength_tablet=&#8221;1px&#8221; header_3_text_shadow_horizontal_length_tablet=&#8221;0px&#8221; header_3_text_shadow_vertical_length_tablet=&#8221;0px&#8221; header_3_text_shadow_blur_strength_tablet=&#8221;1px&#8221; header_4_text_shadow_horizontal_length_tablet=&#8221;0px&#8221; header_4_text_shadow_vertical_length_tablet=&#8221;0px&#8221; header_4_text_shadow_blur_strength_tablet=&#8221;1px&#8221; header_5_text_shadow_horizontal_length_tablet=&#8221;0px&#8221; header_5_text_shadow_vertical_length_tablet=&#8221;0px&#8221; header_5_text_shadow_blur_strength_tablet=&#8221;1px&#8221; header_6_text_shadow_horizontal_length_tablet=&#8221;0px&#8221; header_6_text_shadow_vertical_length_tablet=&#8221;0px&#8221; header_6_text_shadow_blur_strength_tablet=&#8221;1px&#8221; box_shadow_horizontal_tablet=&#8221;0px&#8221; box_shadow_vertical_tablet=&#8221;0px&#8221; box_shadow_blur_tablet=&#8221;40px&#8221; box_shadow_spread_tablet=&#8221;0px&#8221; text_text_shadow_horizontal_length=&#8221;text_text_shadow_style,%91object Object%93&#8243; text_text_shadow_vertical_length=&#8221;text_text_shadow_style,%91object Object%93&#8243; text_text_shadow_blur_strength=&#8221;text_text_shadow_style,%91object Object%93&#8243; link_text_shadow_horizontal_length=&#8221;link_text_shadow_style,%91object Object%93&#8243; link_text_shadow_vertical_length=&#8221;link_text_shadow_style,%91object Object%93&#8243; link_text_shadow_blur_strength=&#8221;link_text_shadow_style,%91object Object%93&#8243; ul_text_shadow_horizontal_length=&#8221;ul_text_shadow_style,%91object Object%93&#8243; ul_text_shadow_vertical_length=&#8221;ul_text_shadow_style,%91object Object%93&#8243; ul_text_shadow_blur_strength=&#8221;ul_text_shadow_style,%91object Object%93&#8243; ol_text_shadow_horizontal_length=&#8221;ol_text_shadow_style,%91object Object%93&#8243; ol_text_shadow_vertical_length=&#8221;ol_text_shadow_style,%91object Object%93&#8243; ol_text_shadow_blur_strength=&#8221;ol_text_shadow_style,%91object Object%93&#8243; quote_text_shadow_horizontal_length=&#8221;quote_text_shadow_style,%91object Object%93&#8243; quote_text_shadow_vertical_length=&#8221;quote_text_shadow_style,%91object Object%93&#8243; quote_text_shadow_blur_strength=&#8221;quote_text_shadow_style,%91object Object%93&#8243; header_text_shadow_horizontal_length=&#8221;header_text_shadow_style,%91object Object%93&#8243; header_text_shadow_vertical_length=&#8221;header_text_shadow_style,%91object Object%93&#8243; header_text_shadow_blur_strength=&#8221;header_text_shadow_style,%91object Object%93&#8243; header_2_text_shadow_horizontal_length=&#8221;header_2_text_shadow_style,%91object Object%93&#8243; header_2_text_shadow_vertical_length=&#8221;header_2_text_shadow_style,%91object Object%93&#8243; header_2_text_shadow_blur_strength=&#8221;header_2_text_shadow_style,%91object Object%93&#8243; header_3_text_shadow_horizontal_length=&#8221;header_3_text_shadow_style,%91object Object%93&#8243; header_3_text_shadow_vertical_length=&#8221;header_3_text_shadow_style,%91object Object%93&#8243; header_3_text_shadow_blur_strength=&#8221;header_3_text_shadow_style,%91object Object%93&#8243; header_4_text_shadow_horizontal_length=&#8221;header_4_text_shadow_style,%91object Object%93&#8243; header_4_text_shadow_vertical_length=&#8221;header_4_text_shadow_style,%91object Object%93&#8243; header_4_text_shadow_blur_strength=&#8221;header_4_text_shadow_style,%91object Object%93&#8243; header_5_text_shadow_horizontal_length=&#8221;header_5_text_shadow_style,%91object Object%93&#8243; header_5_text_shadow_vertical_length=&#8221;header_5_text_shadow_style,%91object Object%93&#8243; header_5_text_shadow_blur_strength=&#8221;header_5_text_shadow_style,%91object Object%93&#8243; header_6_text_shadow_horizontal_length=&#8221;header_6_text_shadow_style,%91object Object%93&#8243; header_6_text_shadow_vertical_length=&#8221;header_6_text_shadow_style,%91object Object%93&#8243; header_6_text_shadow_blur_strength=&#8221;header_6_text_shadow_style,%91object Object%93&#8243;]<\/p>\n<h3>ADVENTO<\/h3>\n<div class=\"pt-cv-wrapper et_smooth_scroll_disabled\"><div class=\"pt-cv-view pt-cv-collapsible\" id=\"pt-cv-view-839b1fefox\"><div data-id=\"pt-cv-page-1\" class=\"pt-cv-page\" data-cvc=\"1\"><div class=\"panel-group\" id=\"08ac893dpf\"><div class=\"panel panel-default pt-cv-content-item pt-cv-1-col\" >\r\n<div class=\"panel-heading pt-cv-title\">\r\n    <a class=\"panel-title\" data-toggle=\"cvcollapse\" data-parent=\"#08ac893dpf\" data-target=\"#7f326eedxh\" href='http:\/\/sites.ecclesia.pt\/liturgia\/ano-b-1o-domingo-do-advento\/' onclick='event.preventDefault()'>\r\n\t\tAno B &#8211; 01.\u00ba Domingo do Advento &#8211; Dehonianos\t<\/a>\r\n\t<\/div>\r\n<div id=\"7f326eedxh\" class=\"panel-collapse collapse \">\r\n\t<div class=\"panel-body\">\r\n\t\t<div class=\"pt-cv-content\"><p><iframe loading=\"lazy\" title=\"Ano B - 1\u00ba domingo do Advento. Coment\u00e1rio do padre Manuel Barbosa, scj\" width=\"1080\" height=\"608\" src=\"https:\/\/www.youtube.com\/embed\/ZYTrKQjd5M4?feature=oembed\"  allow=\"accelerometer; autoplay; clipboard-write; encrypted-media; gyroscope; picture-in-picture\" allowfullscreen><\/iframe><\/p>\n<p>Como viver o Advento?<\/p>\n<p> <a href=\"http:\/\/sites.ecclesia.pt\/liturgia\/ano-b-1o-domingo-do-advento\/#more-192113\" class=\"more-link\"><span aria-label=\"Continue a ler Ano B &#8211; 01.\u00ba Domingo do Advento &#8211; Dehonianos\">(mais&hellip;)<\/span><\/a><\/p>\n<\/div>\t<\/div>\r\n<\/div><\/div>\n<div class=\"panel panel-default pt-cv-content-item pt-cv-1-col\" >\r\n<div class=\"panel-heading pt-cv-title\">\r\n    <a class=\"panel-title\" data-toggle=\"cvcollapse\" data-parent=\"#08ac893dpf\" data-target=\"#5a4c7acuw4\" href='http:\/\/sites.ecclesia.pt\/liturgia\/ano-b-2-o-domingo-de-advento\/' onclick='event.preventDefault()'>\r\n\t\tAno B &#8211; 02.\u00ba Domingo de Advento &#8211; Dehonianos\t<\/a>\r\n\t<\/div>\r\n<div id=\"5a4c7acuw4\" class=\"panel-collapse collapse \">\r\n\t<div class=\"panel-body\">\r\n\t\t<div class=\"pt-cv-content\"><p><iframe loading=\"lazy\" title=\"Ano B - 2.\u00ba Domingo de Advento. Coment\u00e1rio do padre Manuel Barbosa, scj\" width=\"1080\" height=\"608\" src=\"https:\/\/www.youtube.com\/embed\/nUyE3iBVStE?feature=oembed\"  allow=\"accelerometer; autoplay; clipboard-write; encrypted-media; gyroscope; picture-in-picture\" allowfullscreen><\/iframe><\/p>\n<p><em>Dar todo o espa\u00e7o para Cristo<\/em><\/p>\n<p> <a href=\"http:\/\/sites.ecclesia.pt\/liturgia\/ano-b-2-o-domingo-de-advento\/#more-192616\" class=\"more-link\"><span aria-label=\"Continue a ler Ano B &#8211; 02.\u00ba Domingo de Advento &#8211; Dehonianos\">(mais&hellip;)<\/span><\/a><\/p>\n<\/div>\t<\/div>\r\n<\/div><\/div>\n<div class=\"panel panel-default pt-cv-content-item pt-cv-1-col\" >\r\n<div class=\"panel-heading pt-cv-title\">\r\n    <a class=\"panel-title\" data-toggle=\"cvcollapse\" data-parent=\"#08ac893dpf\" data-target=\"#6c644ffj5b\" href='http:\/\/sites.ecclesia.pt\/liturgia\/ano-b-02o-domingo-do-advento-dehonianos\/' onclick='event.preventDefault()'>\r\n\t\tAno B &#8211; 02.\u00ba Domingo do Advento &#8211; Dehonianos\t<\/a>\r\n\t<\/div>\r\n<div id=\"6c644ffj5b\" class=\"panel-collapse collapse \">\r\n\t<div class=\"panel-body\">\r\n\t\t<div class=\"pt-cv-content\"><p><iframe loading=\"lazy\" title=\"02.\u00ba domingo do advento - Ano B\" width=\"1080\" height=\"608\" src=\"https:\/\/www.youtube.com\/embed\/pXjPd3dW3K4?feature=oembed\" frameborder=\"0\" allow=\"accelerometer; autoplay; encrypted-media; gyroscope; picture-in-picture\" allowfullscreen><\/iframe><\/p>\n<p>&nbsp;<\/p>\n<\/div>\t<\/div>\r\n<\/div><\/div>\n<div class=\"panel panel-default pt-cv-content-item pt-cv-1-col\" >\r\n<div class=\"panel-heading pt-cv-title\">\r\n    <a class=\"panel-title\" data-toggle=\"cvcollapse\" data-parent=\"#08ac893dpf\" data-target=\"#1a4ae93r48\" href='http:\/\/sites.ecclesia.pt\/liturgia\/ano-b-03o-domingo-do-advento-dehonianos\/' onclick='event.preventDefault()'>\r\n\t\tAno B &#8211; 03.\u00ba Domingo do Advento &#8211; Dehonianos\t<\/a>\r\n\t<\/div>\r\n<div id=\"1a4ae93r48\" class=\"panel-collapse collapse \">\r\n\t<div class=\"panel-body\">\r\n\t\t<div class=\"pt-cv-content\"><p><iframe loading=\"lazy\" title=\"03.\u00ba domingo do Advento - Ano B\" width=\"1080\" height=\"608\" src=\"https:\/\/www.youtube.com\/embed\/rAXV6dAKRYc?feature=oembed\" frameborder=\"0\" allow=\"accelerometer; autoplay; encrypted-media; gyroscope; picture-in-picture\" allowfullscreen><\/iframe><\/p>\n<p>&nbsp;<\/p>\n<\/div>\t<\/div>\r\n<\/div><\/div>\n<div class=\"panel panel-default pt-cv-content-item pt-cv-1-col\" >\r\n<div class=\"panel-heading pt-cv-title\">\r\n    <a class=\"panel-title\" data-toggle=\"cvcollapse\" data-parent=\"#08ac893dpf\" data-target=\"#b0d985cz71\" href='http:\/\/sites.ecclesia.pt\/liturgia\/ano-b-3-o-domingo-do-advento\/' onclick='event.preventDefault()'>\r\n\t\tAno B &#8211; 03.\u00ba Domingo do Advento &#8211; Dehonianos\t<\/a>\r\n\t<\/div>\r\n<div id=\"b0d985cz71\" class=\"panel-collapse collapse \">\r\n\t<div class=\"panel-body\">\r\n\t\t<div class=\"pt-cv-content\"><p><iframe loading=\"lazy\" title=\"Ano B - 3.\u00ba Domingo do Advento. Coment\u00e1rio do padre Manuel Barbosa, scj\" width=\"1080\" height=\"608\" src=\"https:\/\/www.youtube.com\/embed\/DEGQK7JpNKg?feature=oembed\"  allow=\"accelerometer; autoplay; clipboard-write; encrypted-media; gyroscope; picture-in-picture\" allowfullscreen><\/iframe><\/p>\n<p><em>Viver alegres na esperan\u00e7a<\/em><\/p>\n<p> <a href=\"http:\/\/sites.ecclesia.pt\/liturgia\/ano-b-3-o-domingo-do-advento\/#more-193269\" class=\"more-link\"><span aria-label=\"Continue a ler Ano B &#8211; 03.\u00ba Domingo do Advento &#8211; Dehonianos\">(mais&hellip;)<\/span><\/a><\/p>\n<\/div>\t<\/div>\r\n<\/div><\/div>\n<div class=\"panel panel-default pt-cv-content-item pt-cv-1-col\" >\r\n<div class=\"panel-heading pt-cv-title\">\r\n    <a class=\"panel-title\" data-toggle=\"cvcollapse\" data-parent=\"#08ac893dpf\" data-target=\"#04eb7efloe\" href='http:\/\/sites.ecclesia.pt\/liturgia\/ano-b-4-o-domingo-do-advento\/' onclick='event.preventDefault()'>\r\n\t\tAno B &#8211; 04.\u00ba Domingo do Advento &#8211; Dehonianos\t<\/a>\r\n\t<\/div>\r\n<div id=\"04eb7efloe\" class=\"panel-collapse collapse \">\r\n\t<div class=\"panel-body\">\r\n\t\t<div class=\"pt-cv-content\"><p><iframe loading=\"lazy\" title=\"Ano B - 4.\u00ba Domingo do Advento. Coment\u00e1rio do padre Manuel Barbosa, scj\" width=\"1080\" height=\"608\" src=\"https:\/\/www.youtube.com\/embed\/xU0MregIfCw?feature=oembed\"  allow=\"accelerometer; autoplay; clipboard-write; encrypted-media; gyroscope; picture-in-picture\" allowfullscreen><\/iframe><\/p>\n<p><em>Como Maria, dizer sim \u00e0 ternura de Deus<\/em><\/p>\n<p> <a href=\"http:\/\/sites.ecclesia.pt\/liturgia\/ano-b-4-o-domingo-do-advento\/#more-193928\" class=\"more-link\"><span aria-label=\"Continue a ler Ano B &#8211; 04.\u00ba Domingo do Advento &#8211; Dehonianos\">(mais&hellip;)<\/span><\/a><\/p>\n<\/div>\t<\/div>\r\n<\/div><\/div>\n<div class=\"panel panel-default pt-cv-content-item pt-cv-1-col\" >\r\n<div class=\"panel-heading pt-cv-title\">\r\n    <a class=\"panel-title\" data-toggle=\"cvcollapse\" data-parent=\"#08ac893dpf\" data-target=\"#443eec40jy\" href='http:\/\/sites.ecclesia.pt\/liturgia\/ano-b-04o-domingo-do-advento-dehonianos\/' onclick='event.preventDefault()'>\r\n\t\tAno B &#8211; 04.\u00ba Domingo do Advento &#8211; Dehonianos\t<\/a>\r\n\t<\/div>\r\n<div id=\"443eec40jy\" class=\"panel-collapse collapse \">\r\n\t<div class=\"panel-body\">\r\n\t\t<div class=\"pt-cv-content\"><p><iframe loading=\"lazy\" title=\"04.\u00ba domingo do Advento - Ano B\" width=\"1080\" height=\"608\" src=\"https:\/\/www.youtube.com\/embed\/xEunKypILgA?feature=oembed\" frameborder=\"0\" allow=\"accelerometer; autoplay; encrypted-media; gyroscope; picture-in-picture\" allowfullscreen><\/iframe><\/p>\n<\/div>\t<\/div>\r\n<\/div><\/div><\/div><\/div><\/div><\/div>\n<p>[\/et_pb_text][et_pb_text admin_label=&#8221;QUARESMA&#8221; _builder_version=&#8221;4.3.4&#8243; vertical_offset_tablet=&#8221;0&#8243; horizontal_offset_tablet=&#8221;0&#8243; z_index_tablet=&#8221;0&#8243; text_text_shadow_horizontal_length_tablet=&#8221;0px&#8221; text_text_shadow_vertical_length_tablet=&#8221;0px&#8221; text_text_shadow_blur_strength_tablet=&#8221;1px&#8221; link_text_shadow_horizontal_length_tablet=&#8221;0px&#8221; link_text_shadow_vertical_length_tablet=&#8221;0px&#8221; link_text_shadow_blur_strength_tablet=&#8221;1px&#8221; ul_text_shadow_horizontal_length_tablet=&#8221;0px&#8221; ul_text_shadow_vertical_length_tablet=&#8221;0px&#8221; ul_text_shadow_blur_strength_tablet=&#8221;1px&#8221; ol_text_shadow_horizontal_length_tablet=&#8221;0px&#8221; ol_text_shadow_vertical_length_tablet=&#8221;0px&#8221; ol_text_shadow_blur_strength_tablet=&#8221;1px&#8221; quote_text_shadow_horizontal_length_tablet=&#8221;0px&#8221; quote_text_shadow_vertical_length_tablet=&#8221;0px&#8221; quote_text_shadow_blur_strength_tablet=&#8221;1px&#8221; header_text_shadow_horizontal_length_tablet=&#8221;0px&#8221; header_text_shadow_vertical_length_tablet=&#8221;0px&#8221; header_text_shadow_blur_strength_tablet=&#8221;1px&#8221; header_2_text_shadow_horizontal_length_tablet=&#8221;0px&#8221; header_2_text_shadow_vertical_length_tablet=&#8221;0px&#8221; header_2_text_shadow_blur_strength_tablet=&#8221;1px&#8221; header_3_text_shadow_horizontal_length_tablet=&#8221;0px&#8221; header_3_text_shadow_vertical_length_tablet=&#8221;0px&#8221; header_3_text_shadow_blur_strength_tablet=&#8221;1px&#8221; header_4_text_shadow_horizontal_length_tablet=&#8221;0px&#8221; header_4_text_shadow_vertical_length_tablet=&#8221;0px&#8221; header_4_text_shadow_blur_strength_tablet=&#8221;1px&#8221; header_5_text_shadow_horizontal_length_tablet=&#8221;0px&#8221; header_5_text_shadow_vertical_length_tablet=&#8221;0px&#8221; header_5_text_shadow_blur_strength_tablet=&#8221;1px&#8221; header_6_text_shadow_horizontal_length_tablet=&#8221;0px&#8221; header_6_text_shadow_vertical_length_tablet=&#8221;0px&#8221; header_6_text_shadow_blur_strength_tablet=&#8221;1px&#8221; box_shadow_horizontal_tablet=&#8221;0px&#8221; box_shadow_vertical_tablet=&#8221;0px&#8221; box_shadow_blur_tablet=&#8221;40px&#8221; box_shadow_spread_tablet=&#8221;0px&#8221; text_text_shadow_horizontal_length=&#8221;text_text_shadow_style,%91object Object%93&#8243; text_text_shadow_vertical_length=&#8221;text_text_shadow_style,%91object Object%93&#8243; text_text_shadow_blur_strength=&#8221;text_text_shadow_style,%91object Object%93&#8243; link_text_shadow_horizontal_length=&#8221;link_text_shadow_style,%91object Object%93&#8243; link_text_shadow_vertical_length=&#8221;link_text_shadow_style,%91object Object%93&#8243; link_text_shadow_blur_strength=&#8221;link_text_shadow_style,%91object Object%93&#8243; ul_text_shadow_horizontal_length=&#8221;ul_text_shadow_style,%91object Object%93&#8243; ul_text_shadow_vertical_length=&#8221;ul_text_shadow_style,%91object Object%93&#8243; ul_text_shadow_blur_strength=&#8221;ul_text_shadow_style,%91object Object%93&#8243; ol_text_shadow_horizontal_length=&#8221;ol_text_shadow_style,%91object Object%93&#8243; ol_text_shadow_vertical_length=&#8221;ol_text_shadow_style,%91object Object%93&#8243; ol_text_shadow_blur_strength=&#8221;ol_text_shadow_style,%91object Object%93&#8243; quote_text_shadow_horizontal_length=&#8221;quote_text_shadow_style,%91object Object%93&#8243; quote_text_shadow_vertical_length=&#8221;quote_text_shadow_style,%91object Object%93&#8243; quote_text_shadow_blur_strength=&#8221;quote_text_shadow_style,%91object Object%93&#8243; header_text_shadow_horizontal_length=&#8221;header_text_shadow_style,%91object Object%93&#8243; header_text_shadow_vertical_length=&#8221;header_text_shadow_style,%91object Object%93&#8243; header_text_shadow_blur_strength=&#8221;header_text_shadow_style,%91object Object%93&#8243; header_2_text_shadow_horizontal_length=&#8221;header_2_text_shadow_style,%91object Object%93&#8243; header_2_text_shadow_vertical_length=&#8221;header_2_text_shadow_style,%91object Object%93&#8243; header_2_text_shadow_blur_strength=&#8221;header_2_text_shadow_style,%91object Object%93&#8243; header_3_text_shadow_horizontal_length=&#8221;header_3_text_shadow_style,%91object Object%93&#8243; header_3_text_shadow_vertical_length=&#8221;header_3_text_shadow_style,%91object Object%93&#8243; header_3_text_shadow_blur_strength=&#8221;header_3_text_shadow_style,%91object Object%93&#8243; header_4_text_shadow_horizontal_length=&#8221;header_4_text_shadow_style,%91object Object%93&#8243; header_4_text_shadow_vertical_length=&#8221;header_4_text_shadow_style,%91object Object%93&#8243; header_4_text_shadow_blur_strength=&#8221;header_4_text_shadow_style,%91object Object%93&#8243; header_5_text_shadow_horizontal_length=&#8221;header_5_text_shadow_style,%91object Object%93&#8243; header_5_text_shadow_vertical_length=&#8221;header_5_text_shadow_style,%91object Object%93&#8243; header_5_text_shadow_blur_strength=&#8221;header_5_text_shadow_style,%91object Object%93&#8243; header_6_text_shadow_horizontal_length=&#8221;header_6_text_shadow_style,%91object Object%93&#8243; header_6_text_shadow_vertical_length=&#8221;header_6_text_shadow_style,%91object Object%93&#8243; header_6_text_shadow_blur_strength=&#8221;header_6_text_shadow_style,%91object Object%93&#8243;]<\/p>\n<h3>QUARESMA<\/h3>\n<div class=\"pt-cv-wrapper et_smooth_scroll_disabled\"><div class=\"pt-cv-view pt-cv-collapsible\" id=\"pt-cv-view-13ac67fp8s\"><div data-id=\"pt-cv-page-1\" class=\"pt-cv-page\" data-cvc=\"1\"><div class=\"panel-group\" id=\"2107251etz\"><div class=\"panel panel-default pt-cv-content-item pt-cv-1-col\" >\r\n<div class=\"panel-heading pt-cv-title\">\r\n    <a class=\"panel-title\" data-toggle=\"cvcollapse\" data-parent=\"#2107251etz\" data-target=\"#e1f98b6tcf\" href='http:\/\/sites.ecclesia.pt\/liturgia\/ano-b-01o-domingo-da-quaresma-dehonianos\/' onclick='event.preventDefault()'>\r\n\t\tAno B &#8211; 01.\u00ba Domingo da Quaresma &#8211; Dehonianos\t<\/a>\r\n\t<\/div>\r\n<div id=\"e1f98b6tcf\" class=\"panel-collapse collapse \">\r\n\t<div class=\"panel-body\">\r\n\t\t<div class=\"pt-cv-content\"><p><iframe loading=\"lazy\" title=\"1.\u00ba domingo da Quaresma - Ano B\" width=\"1080\" height=\"608\" src=\"https:\/\/www.youtube.com\/embed\/SmUYGnhvWK4?feature=oembed\" frameborder=\"0\" allow=\"accelerometer; autoplay; encrypted-media; gyroscope; picture-in-picture\" allowfullscreen><\/iframe><\/p>\n<p><em>Convers\u00e3o na alegria da Boa Nova<\/em><span id=\"more-96346\"><\/span><\/p>\n<p> <a href=\"http:\/\/sites.ecclesia.pt\/liturgia\/ano-b-01o-domingo-da-quaresma-dehonianos\/#more-163929\" class=\"more-link\"><span aria-label=\"Continue a ler Ano B &#8211; 01.\u00ba Domingo da Quaresma &#8211; Dehonianos\">(mais&hellip;)<\/span><\/a><\/p>\n<\/div>\t<\/div>\r\n<\/div><\/div>\n<div class=\"panel panel-default pt-cv-content-item pt-cv-1-col\" >\r\n<div class=\"panel-heading pt-cv-title\">\r\n    <a class=\"panel-title\" data-toggle=\"cvcollapse\" data-parent=\"#2107251etz\" data-target=\"#4f5a980sp4\" href='http:\/\/sites.ecclesia.pt\/liturgia\/ano-b-01-o-domingo-do-tempo-da-quaresma-dehonianos\/' onclick='event.preventDefault()'>\r\n\t\tAno B &#8211; 01.\u00ba Domingo da Quaresma &#8211; Dehonianos\t<\/a>\r\n\t<\/div>\r\n<div id=\"4f5a980sp4\" class=\"panel-collapse collapse \">\r\n\t<div class=\"panel-body\">\r\n\t\t<div class=\"pt-cv-content\"><p><iframe loading=\"lazy\" title=\"Ano B \u2013 1.\u00ba Domingo do tempo da Quaresma. Coment\u00e1rio do padre Manuel Barbosa, scj\" width=\"1080\" height=\"608\" src=\"https:\/\/www.youtube.com\/embed\/OpDNBg2lQVU?feature=oembed\"  allow=\"accelerometer; autoplay; clipboard-write; encrypted-media; gyroscope; picture-in-picture\" allowfullscreen><\/iframe><\/p>\n<\/div>\t<\/div>\r\n<\/div><\/div>\n<div class=\"panel panel-default pt-cv-content-item pt-cv-1-col\" >\r\n<div class=\"panel-heading pt-cv-title\">\r\n    <a class=\"panel-title\" data-toggle=\"cvcollapse\" data-parent=\"#2107251etz\" data-target=\"#558fbbeph0\" href='http:\/\/sites.ecclesia.pt\/liturgia\/ano-b-02o-domingo-da-quaresma-dehonianos\/' onclick='event.preventDefault()'>\r\n\t\tAno B &#8211; 02.\u00ba Domingo da Quaresma &#8211; Dehonianos\t<\/a>\r\n\t<\/div>\r\n<div id=\"558fbbeph0\" class=\"panel-collapse collapse \">\r\n\t<div class=\"panel-body\">\r\n\t\t<div class=\"pt-cv-content\"><p><iframe loading=\"lazy\" title=\"2.\u00ba Domingo da Quaresma - Ano B\" width=\"1080\" height=\"608\" src=\"https:\/\/www.youtube.com\/embed\/EwPtX7T4Qac?feature=oembed\" frameborder=\"0\" allow=\"accelerometer; autoplay; encrypted-media; gyroscope; picture-in-picture\" allowfullscreen><\/iframe><\/p>\n<p><em>Transfigurados em Cristo<\/em><span id=\"more-97143\"><\/span><\/p>\n<p> <a href=\"http:\/\/sites.ecclesia.pt\/liturgia\/ano-b-02o-domingo-da-quaresma-dehonianos\/#more-163932\" class=\"more-link\"><span aria-label=\"Continue a ler Ano B &#8211; 02.\u00ba Domingo da Quaresma &#8211; Dehonianos\">(mais&hellip;)<\/span><\/a><\/p>\n<\/div>\t<\/div>\r\n<\/div><\/div>\n<div class=\"panel panel-default pt-cv-content-item pt-cv-1-col\" >\r\n<div class=\"panel-heading pt-cv-title\">\r\n    <a class=\"panel-title\" data-toggle=\"cvcollapse\" data-parent=\"#2107251etz\" data-target=\"#290f2c461i\" href='http:\/\/sites.ecclesia.pt\/liturgia\/ano-b-2-o-domingo-da-quaresma-dehonianos\/' onclick='event.preventDefault()'>\r\n\t\tAno B &#8211; 02.\u00ba Domingo da Quaresma &#8211; Dehonianos\t<\/a>\r\n\t<\/div>\r\n<div id=\"290f2c461i\" class=\"panel-collapse collapse \">\r\n\t<div class=\"panel-body\">\r\n\t\t<div class=\"pt-cv-content\"><p><iframe loading=\"lazy\" title=\"Ano B - 2.\u00baDomingo da Quaresma. Coment\u00e1rio do padre Manuel Barbosa, scj\" width=\"1080\" height=\"608\" src=\"https:\/\/www.youtube.com\/embed\/7s0KEiFuRsM?feature=oembed\"  allow=\"accelerometer; autoplay; clipboard-write; encrypted-media; gyroscope; picture-in-picture\" allowfullscreen><\/iframe><\/p>\n<p><em>Transfigurados em Cristo<\/em><\/p>\n<p> <a href=\"http:\/\/sites.ecclesia.pt\/liturgia\/ano-b-2-o-domingo-da-quaresma-dehonianos\/#more-199805\" class=\"more-link\"><span aria-label=\"Continue a ler Ano B &#8211; 02.\u00ba Domingo da Quaresma &#8211; Dehonianos\">(mais&hellip;)<\/span><\/a><\/p>\n<\/div>\t<\/div>\r\n<\/div><\/div>\n<div class=\"panel panel-default pt-cv-content-item pt-cv-1-col\" >\r\n<div class=\"panel-heading pt-cv-title\">\r\n    <a class=\"panel-title\" data-toggle=\"cvcollapse\" data-parent=\"#2107251etz\" data-target=\"#f1d99bcedf\" href='http:\/\/sites.ecclesia.pt\/liturgia\/ano-b-03o-domingo-da-quaresma-dehonianos\/' onclick='event.preventDefault()'>\r\n\t\tAno B &#8211; 03.\u00ba Domingo da Quaresma &#8211; Dehonianos\t<\/a>\r\n\t<\/div>\r\n<div id=\"f1d99bcedf\" class=\"panel-collapse collapse \">\r\n\t<div class=\"panel-body\">\r\n\t\t<div class=\"pt-cv-content\"><p><iframe loading=\"lazy\" title=\"03 domingo da Quaresma - Ano B\" width=\"1080\" height=\"608\" src=\"https:\/\/www.youtube.com\/embed\/NTeduMC4cD4?feature=oembed\" frameborder=\"0\" allow=\"accelerometer; autoplay; encrypted-media; gyroscope; picture-in-picture\" allowfullscreen><\/iframe><\/p>\n<p><em>Pr\u00f3ximos de Deus junto dos irm\u00e3os<\/em><\/p>\n<p> <a href=\"http:\/\/sites.ecclesia.pt\/liturgia\/ano-b-03o-domingo-da-quaresma-dehonianos\/#more-163935\" class=\"more-link\"><span aria-label=\"Continue a ler Ano B &#8211; 03.\u00ba Domingo da Quaresma &#8211; Dehonianos\">(mais&hellip;)<\/span><\/a><\/p>\n<\/div>\t<\/div>\r\n<\/div><\/div>\n<div class=\"panel panel-default pt-cv-content-item pt-cv-1-col\" >\r\n<div class=\"panel-heading pt-cv-title\">\r\n    <a class=\"panel-title\" data-toggle=\"cvcollapse\" data-parent=\"#2107251etz\" data-target=\"#d086d51gtw\" href='http:\/\/sites.ecclesia.pt\/liturgia\/ano-b-03o-domingo-da-quaresma-dehonianos-2\/' onclick='event.preventDefault()'>\r\n\t\tAno B &#8211; 03.\u00ba Domingo da Quaresma &#8211; Dehonianos\t<\/a>\r\n\t<\/div>\r\n<div id=\"d086d51gtw\" class=\"panel-collapse collapse \">\r\n\t<div class=\"panel-body\">\r\n\t\t<div class=\"pt-cv-content\"><p><iframe loading=\"lazy\" title=\"Ano B - 3.\u00ba Domingo da Quaresma. Coment\u00e1rio do padre Manuel Barbosa, scj\" width=\"1080\" height=\"608\" src=\"https:\/\/www.youtube.com\/embed\/D-f-f16OgKQ?feature=oembed\"  allow=\"accelerometer; autoplay; clipboard-write; encrypted-media; gyroscope; picture-in-picture\" allowfullscreen><\/iframe><\/p>\n<p><em>Pr\u00f3ximos de Deus junto dos irm\u00e3os<\/em><\/p>\n<p> <a href=\"http:\/\/sites.ecclesia.pt\/liturgia\/ano-b-03o-domingo-da-quaresma-dehonianos-2\/#more-199864\" class=\"more-link\"><span aria-label=\"Continue a ler Ano B &#8211; 03.\u00ba Domingo da Quaresma &#8211; Dehonianos\">(mais&hellip;)<\/span><\/a><\/p>\n<\/div>\t<\/div>\r\n<\/div><\/div>\n<div class=\"panel panel-default pt-cv-content-item pt-cv-1-col\" >\r\n<div class=\"panel-heading pt-cv-title\">\r\n    <a class=\"panel-title\" data-toggle=\"cvcollapse\" data-parent=\"#2107251etz\" data-target=\"#232166eo4w\" href='http:\/\/sites.ecclesia.pt\/liturgia\/ano-b-04o-domingo-da-quaresma-dehonianos\/' onclick='event.preventDefault()'>\r\n\t\tAno B &#8211; 04.\u00ba Domingo da Quaresma &#8211; Dehonianos\t<\/a>\r\n\t<\/div>\r\n<div id=\"232166eo4w\" class=\"panel-collapse collapse \">\r\n\t<div class=\"panel-body\">\r\n\t\t<div class=\"pt-cv-content\"><p><iframe loading=\"lazy\" title=\"04.\u00ba domingo da Quaresma - Ano B\" width=\"1080\" height=\"608\" src=\"https:\/\/www.youtube.com\/embed\/TGmIk-4YyvY?feature=oembed\" frameborder=\"0\" allow=\"accelerometer; autoplay; encrypted-media; gyroscope; picture-in-picture\" allowfullscreen><\/iframe><\/p>\n<\/div>\t<\/div>\r\n<\/div><\/div>\n<div class=\"panel panel-default pt-cv-content-item pt-cv-1-col\" >\r\n<div class=\"panel-heading pt-cv-title\">\r\n    <a class=\"panel-title\" data-toggle=\"cvcollapse\" data-parent=\"#2107251etz\" data-target=\"#dd6cdd9kdr\" href='http:\/\/sites.ecclesia.pt\/liturgia\/ano-b-4-o-domingo-da-quaresma-dehonianos\/' onclick='event.preventDefault()'>\r\n\t\tAno B &#8211; 04.\u00ba Domingo da Quaresma &#8211; Dehonianos\t<\/a>\r\n\t<\/div>\r\n<div id=\"dd6cdd9kdr\" class=\"panel-collapse collapse \">\r\n\t<div class=\"panel-body\">\r\n\t\t<div class=\"pt-cv-content\"><p><iframe loading=\"lazy\" title=\"Ano B - 4.\u00ba Domingo da Quaresma. Coment\u00e1rio do padre Manuel Barbosa, scj\" width=\"1080\" height=\"608\" src=\"https:\/\/www.youtube.com\/embed\/0uSLagDp6xo?feature=oembed\"  allow=\"accelerometer; autoplay; clipboard-write; encrypted-media; gyroscope; picture-in-picture\" allowfullscreen><\/iframe><\/p>\n<\/div>\t<\/div>\r\n<\/div><\/div>\n<div class=\"panel panel-default pt-cv-content-item pt-cv-1-col\" >\r\n<div class=\"panel-heading pt-cv-title\">\r\n    <a class=\"panel-title\" data-toggle=\"cvcollapse\" data-parent=\"#2107251etz\" data-target=\"#4fb745d6s7\" href='http:\/\/sites.ecclesia.pt\/liturgia\/ano-b-05o-domingo-da-quaresma-dehonianos\/' onclick='event.preventDefault()'>\r\n\t\tAno B &#8211; 05.\u00ba Domingo da Quaresma &#8211; Dehonianos\t<\/a>\r\n\t<\/div>\r\n<div id=\"4fb745d6s7\" class=\"panel-collapse collapse \">\r\n\t<div class=\"panel-body\">\r\n\t\t<div class=\"pt-cv-content\"><p><iframe loading=\"lazy\" title=\"05.\u00ba domingo da Quaresma - Ano B\" width=\"1080\" height=\"608\" src=\"https:\/\/www.youtube.com\/embed\/GoTnaxBrfec?feature=oembed\" frameborder=\"0\" allow=\"accelerometer; autoplay; encrypted-media; gyroscope; picture-in-picture\" allowfullscreen><\/iframe><\/p>\n<\/div>\t<\/div>\r\n<\/div><\/div>\n<div class=\"panel panel-default pt-cv-content-item pt-cv-1-col\" >\r\n<div class=\"panel-heading pt-cv-title\">\r\n    <a class=\"panel-title\" data-toggle=\"cvcollapse\" data-parent=\"#2107251etz\" data-target=\"#b68ba92vr8\" href='http:\/\/sites.ecclesia.pt\/liturgia\/ano-b-05-o-domingo-da-quaresma-dehonianos\/' onclick='event.preventDefault()'>\r\n\t\tAno B &#8211; 05.\u00ba Domingo da Quaresma &#8211; Dehonianos\t<\/a>\r\n\t<\/div>\r\n<div id=\"b68ba92vr8\" class=\"panel-collapse collapse \">\r\n\t<div class=\"panel-body\">\r\n\t\t<div class=\"pt-cv-content\"><p><iframe loading=\"lazy\" title=\"Ano B - 05.\u00ba domingo da Quaresma. Coment\u00e1rio do padre Manuel Barbosa, scj\" width=\"1080\" height=\"608\" src=\"https:\/\/www.youtube.com\/embed\/PIn5f6Eb7Og?feature=oembed\"  allow=\"accelerometer; autoplay; clipboard-write; encrypted-media; gyroscope; picture-in-picture\" allowfullscreen><\/iframe><\/p>\n<p><em>Ver, servir e seguir Jesus<\/em><\/p>\n<p> <a href=\"http:\/\/sites.ecclesia.pt\/liturgia\/ano-b-05-o-domingo-da-quaresma-dehonianos\/#more-199892\" class=\"more-link\"><span aria-label=\"Continue a ler Ano B &#8211; 05.\u00ba Domingo da Quaresma &#8211; Dehonianos\">(mais&hellip;)<\/span><\/a><\/p>\n<\/div>\t<\/div>\r\n<\/div><\/div>\n<div class=\"panel panel-default pt-cv-content-item pt-cv-1-col\" >\r\n<div class=\"panel-heading pt-cv-title\">\r\n    <a class=\"panel-title\" data-toggle=\"cvcollapse\" data-parent=\"#2107251etz\" data-target=\"#427f40azqm\" href='http:\/\/sites.ecclesia.pt\/liturgia\/ano-b-domingo-de-ramos-dehonianos\/' onclick='event.preventDefault()'>\r\n\t\tAno B &#8211; Domingo de Ramos &#8211; Dehonianos\t<\/a>\r\n\t<\/div>\r\n<div id=\"427f40azqm\" class=\"panel-collapse collapse \">\r\n\t<div class=\"panel-body\">\r\n\t\t<div class=\"pt-cv-content\"><p><iframe loading=\"lazy\" title=\"Domingo de Ramos - ano B\" width=\"1080\" height=\"608\" src=\"https:\/\/www.youtube.com\/embed\/X7TrMJC_iLM?feature=oembed\" frameborder=\"0\" allow=\"accelerometer; autoplay; encrypted-media; gyroscope; picture-in-picture\" allowfullscreen><\/iframe><\/p>\n<\/div>\t<\/div>\r\n<\/div><\/div>\n<div class=\"panel panel-default pt-cv-content-item pt-cv-1-col\" >\r\n<div class=\"panel-heading pt-cv-title\">\r\n    <a class=\"panel-title\" data-toggle=\"cvcollapse\" data-parent=\"#2107251etz\" data-target=\"#41e152bos9\" href='http:\/\/sites.ecclesia.pt\/liturgia\/ano-b-domingo-de-ramos-na-paixao-do-senhor-dehonianos\/' onclick='event.preventDefault()'>\r\n\t\tAno B \u2013 Domingo de Ramos na Paix\u00e3o do Senhor &#8211; Dehonianos\t<\/a>\r\n\t<\/div>\r\n<div id=\"41e152bos9\" class=\"panel-collapse collapse \">\r\n\t<div class=\"panel-body\">\r\n\t\t<div class=\"pt-cv-content\"><p><iframe loading=\"lazy\" title=\"Ano B - Domingo de Ramos na Paix\u00e3o do Senhor. Coment\u00e1rio do padre Manuel Barbosa, scj\" width=\"1080\" height=\"608\" src=\"https:\/\/www.youtube.com\/embed\/DppzRK4Gj_M?feature=oembed\"  allow=\"accelerometer; autoplay; clipboard-write; encrypted-media; gyroscope; picture-in-picture\" allowfullscreen><\/iframe><\/p>\n<p><em>Contemplar a cruz, olhar o irm\u00e3o<\/em><\/p>\n<p> <a href=\"http:\/\/sites.ecclesia.pt\/liturgia\/ano-b-domingo-de-ramos-na-paixao-do-senhor-dehonianos\/#more-199899\" class=\"more-link\"><span aria-label=\"Continue a ler Ano B \u2013 Domingo de Ramos na Paix\u00e3o do Senhor &#8211; Dehonianos\">(mais&hellip;)<\/span><\/a><\/p>\n<\/div>\t<\/div>\r\n<\/div><\/div><\/div><\/div><\/div><\/div>\n<p>[\/et_pb_text][et_pb_text admin_label=&#8221;Pascoa&#8221; _builder_version=&#8221;4.3.4&#8243; vertical_offset_tablet=&#8221;0&#8243; horizontal_offset_tablet=&#8221;0&#8243; z_index_tablet=&#8221;0&#8243; text_text_shadow_horizontal_length_tablet=&#8221;0px&#8221; text_text_shadow_vertical_length_tablet=&#8221;0px&#8221; text_text_shadow_blur_strength_tablet=&#8221;1px&#8221; link_text_shadow_horizontal_length_tablet=&#8221;0px&#8221; link_text_shadow_vertical_length_tablet=&#8221;0px&#8221; link_text_shadow_blur_strength_tablet=&#8221;1px&#8221; ul_text_shadow_horizontal_length_tablet=&#8221;0px&#8221; ul_text_shadow_vertical_length_tablet=&#8221;0px&#8221; ul_text_shadow_blur_strength_tablet=&#8221;1px&#8221; ol_text_shadow_horizontal_length_tablet=&#8221;0px&#8221; ol_text_shadow_vertical_length_tablet=&#8221;0px&#8221; ol_text_shadow_blur_strength_tablet=&#8221;1px&#8221; quote_text_shadow_horizontal_length_tablet=&#8221;0px&#8221; quote_text_shadow_vertical_length_tablet=&#8221;0px&#8221; quote_text_shadow_blur_strength_tablet=&#8221;1px&#8221; header_text_shadow_horizontal_length_tablet=&#8221;0px&#8221; header_text_shadow_vertical_length_tablet=&#8221;0px&#8221; header_text_shadow_blur_strength_tablet=&#8221;1px&#8221; header_2_text_shadow_horizontal_length_tablet=&#8221;0px&#8221; header_2_text_shadow_vertical_length_tablet=&#8221;0px&#8221; header_2_text_shadow_blur_strength_tablet=&#8221;1px&#8221; header_3_text_shadow_horizontal_length_tablet=&#8221;0px&#8221; header_3_text_shadow_vertical_length_tablet=&#8221;0px&#8221; header_3_text_shadow_blur_strength_tablet=&#8221;1px&#8221; header_4_text_shadow_horizontal_length_tablet=&#8221;0px&#8221; header_4_text_shadow_vertical_length_tablet=&#8221;0px&#8221; header_4_text_shadow_blur_strength_tablet=&#8221;1px&#8221; header_5_text_shadow_horizontal_length_tablet=&#8221;0px&#8221; header_5_text_shadow_vertical_length_tablet=&#8221;0px&#8221; header_5_text_shadow_blur_strength_tablet=&#8221;1px&#8221; header_6_text_shadow_horizontal_length_tablet=&#8221;0px&#8221; header_6_text_shadow_vertical_length_tablet=&#8221;0px&#8221; header_6_text_shadow_blur_strength_tablet=&#8221;1px&#8221; box_shadow_horizontal_tablet=&#8221;0px&#8221; box_shadow_vertical_tablet=&#8221;0px&#8221; box_shadow_blur_tablet=&#8221;40px&#8221; box_shadow_spread_tablet=&#8221;0px&#8221; text_text_shadow_horizontal_length=&#8221;text_text_shadow_style,%91object Object%93&#8243; text_text_shadow_vertical_length=&#8221;text_text_shadow_style,%91object Object%93&#8243; text_text_shadow_blur_strength=&#8221;text_text_shadow_style,%91object Object%93&#8243; link_text_shadow_horizontal_length=&#8221;link_text_shadow_style,%91object Object%93&#8243; link_text_shadow_vertical_length=&#8221;link_text_shadow_style,%91object Object%93&#8243; link_text_shadow_blur_strength=&#8221;link_text_shadow_style,%91object Object%93&#8243; ul_text_shadow_horizontal_length=&#8221;ul_text_shadow_style,%91object Object%93&#8243; ul_text_shadow_vertical_length=&#8221;ul_text_shadow_style,%91object Object%93&#8243; ul_text_shadow_blur_strength=&#8221;ul_text_shadow_style,%91object Object%93&#8243; ol_text_shadow_horizontal_length=&#8221;ol_text_shadow_style,%91object Object%93&#8243; ol_text_shadow_vertical_length=&#8221;ol_text_shadow_style,%91object Object%93&#8243; ol_text_shadow_blur_strength=&#8221;ol_text_shadow_style,%91object Object%93&#8243; quote_text_shadow_horizontal_length=&#8221;quote_text_shadow_style,%91object Object%93&#8243; quote_text_shadow_vertical_length=&#8221;quote_text_shadow_style,%91object Object%93&#8243; quote_text_shadow_blur_strength=&#8221;quote_text_shadow_style,%91object Object%93&#8243; header_text_shadow_horizontal_length=&#8221;header_text_shadow_style,%91object Object%93&#8243; header_text_shadow_vertical_length=&#8221;header_text_shadow_style,%91object Object%93&#8243; header_text_shadow_blur_strength=&#8221;header_text_shadow_style,%91object Object%93&#8243; header_2_text_shadow_horizontal_length=&#8221;header_2_text_shadow_style,%91object Object%93&#8243; header_2_text_shadow_vertical_length=&#8221;header_2_text_shadow_style,%91object Object%93&#8243; header_2_text_shadow_blur_strength=&#8221;header_2_text_shadow_style,%91object Object%93&#8243; header_3_text_shadow_horizontal_length=&#8221;header_3_text_shadow_style,%91object Object%93&#8243; header_3_text_shadow_vertical_length=&#8221;header_3_text_shadow_style,%91object Object%93&#8243; header_3_text_shadow_blur_strength=&#8221;header_3_text_shadow_style,%91object Object%93&#8243; header_4_text_shadow_horizontal_length=&#8221;header_4_text_shadow_style,%91object Object%93&#8243; header_4_text_shadow_vertical_length=&#8221;header_4_text_shadow_style,%91object Object%93&#8243; header_4_text_shadow_blur_strength=&#8221;header_4_text_shadow_style,%91object Object%93&#8243; header_5_text_shadow_horizontal_length=&#8221;header_5_text_shadow_style,%91object Object%93&#8243; header_5_text_shadow_vertical_length=&#8221;header_5_text_shadow_style,%91object Object%93&#8243; header_5_text_shadow_blur_strength=&#8221;header_5_text_shadow_style,%91object Object%93&#8243; header_6_text_shadow_horizontal_length=&#8221;header_6_text_shadow_style,%91object Object%93&#8243; header_6_text_shadow_vertical_length=&#8221;header_6_text_shadow_style,%91object Object%93&#8243; header_6_text_shadow_blur_strength=&#8221;header_6_text_shadow_style,%91object Object%93&#8243;]<\/p>\n<h3>P\u00c1SCOA<\/h3>\n<div class=\"pt-cv-wrapper et_smooth_scroll_disabled\"><div class=\"pt-cv-view pt-cv-collapsible\" id=\"pt-cv-view-7b513a762o\"><div data-id=\"pt-cv-page-1\" class=\"pt-cv-page\" data-cvc=\"1\"><div class=\"panel-group\" id=\"1ea60920h9\"><div class=\"panel panel-default pt-cv-content-item pt-cv-1-col\" >\r\n<div class=\"panel-heading pt-cv-title\">\r\n    <a class=\"panel-title\" data-toggle=\"cvcollapse\" data-parent=\"#1ea60920h9\" data-target=\"#621158aflz\" href='http:\/\/sites.ecclesia.pt\/liturgia\/ano-b-01-o-domingo-de-pascoa-dehonianos\/' onclick='event.preventDefault()'>\r\n\t\tAno B &#8211; 01.\u00ba Domingo de P\u00e1scoa &#8211; Dehonianos\t<\/a>\r\n\t<\/div>\r\n<div id=\"621158aflz\" class=\"panel-collapse collapse \">\r\n\t<div class=\"panel-body\">\r\n\t\t<div class=\"pt-cv-content\"><p><iframe loading=\"lazy\" title=\"Domingo de P\u00e1scoa - Ano B\" width=\"1080\" height=\"608\" src=\"https:\/\/www.youtube.com\/embed\/IQKlRbP7z3Y?feature=oembed\" frameborder=\"0\" allow=\"accelerometer; autoplay; encrypted-media; gyroscope; picture-in-picture\" allowfullscreen><\/iframe><\/p>\n<\/div>\t<\/div>\r\n<\/div><\/div>\n<div class=\"panel panel-default pt-cv-content-item pt-cv-1-col\" >\r\n<div class=\"panel-heading pt-cv-title\">\r\n    <a class=\"panel-title\" data-toggle=\"cvcollapse\" data-parent=\"#1ea60920h9\" data-target=\"#ac59a000gz\" href='http:\/\/sites.ecclesia.pt\/liturgia\/ano-b-1-o-domingo-de-pascoa-dehonianos\/' onclick='event.preventDefault()'>\r\n\t\tAno B &#8211; 01.\u00ba Domingo de P\u00e1scoa &#8211; Dehonianos\t<\/a>\r\n\t<\/div>\r\n<div id=\"ac59a000gz\" class=\"panel-collapse collapse \">\r\n\t<div class=\"panel-body\">\r\n\t\t<div class=\"pt-cv-content\"><p><iframe loading=\"lazy\" title=\"Ano B \u2013 Domingo de P\u00e1scoa. Coment\u00e1rio do padre Manuel Barbosa, scj\" width=\"1080\" height=\"608\" src=\"https:\/\/www.youtube.com\/embed\/PtY3-Irv6g0?feature=oembed\"  allow=\"accelerometer; autoplay; clipboard-write; encrypted-media; gyroscope; picture-in-picture\" allowfullscreen><\/iframe><\/p>\n<p><em>Ver e acreditar que Cristo ressuscitou<\/em><\/p>\n<p> <a href=\"http:\/\/sites.ecclesia.pt\/liturgia\/ano-b-1-o-domingo-de-pascoa-dehonianos\/#more-199912\" class=\"more-link\"><span aria-label=\"Continue a ler Ano B &#8211; 01.\u00ba Domingo de P\u00e1scoa &#8211; Dehonianos\">(mais&hellip;)<\/span><\/a><\/p>\n<\/div>\t<\/div>\r\n<\/div><\/div>\n<div class=\"panel panel-default pt-cv-content-item pt-cv-1-col\" >\r\n<div class=\"panel-heading pt-cv-title\">\r\n    <a class=\"panel-title\" data-toggle=\"cvcollapse\" data-parent=\"#1ea60920h9\" data-target=\"#1d70ca6fil\" href='http:\/\/sites.ecclesia.pt\/liturgia\/ano-b-02o-domingo-da-pascoa-dehonianos\/' onclick='event.preventDefault()'>\r\n\t\tAno B &#8211; 02.\u00ba Domingo da P\u00e1scoa &#8211; Dehonianos\t<\/a>\r\n\t<\/div>\r\n<div id=\"1d70ca6fil\" class=\"panel-collapse collapse \">\r\n\t<div class=\"panel-body\">\r\n\t\t<div class=\"pt-cv-content\"><p><iframe loading=\"lazy\" title=\"Ano B - 2\u00ba domingo da P\u00e1scoa. Coment\u00e1rio do padre Manuel Barbosa, scj\" width=\"1080\" height=\"608\" src=\"https:\/\/www.youtube.com\/embed\/Th_NI2WFqB0?feature=oembed\"  allow=\"accelerometer; autoplay; clipboard-write; encrypted-media; gyroscope; picture-in-picture\" allowfullscreen><\/iframe><\/p>\n<p><em>Somos comunidades de miseric\u00f3rdia?<\/em><\/p>\n<p> <a href=\"http:\/\/sites.ecclesia.pt\/liturgia\/ano-b-02o-domingo-da-pascoa-dehonianos\/#more-199921\" class=\"more-link\"><span aria-label=\"Continue a ler Ano B &#8211; 02.\u00ba Domingo da P\u00e1scoa &#8211; Dehonianos\">(mais&hellip;)<\/span><\/a><\/p>\n<\/div>\t<\/div>\r\n<\/div><\/div>\n<div class=\"panel panel-default pt-cv-content-item pt-cv-1-col\" >\r\n<div class=\"panel-heading pt-cv-title\">\r\n    <a class=\"panel-title\" data-toggle=\"cvcollapse\" data-parent=\"#1ea60920h9\" data-target=\"#dc9101esz4\" href='http:\/\/sites.ecclesia.pt\/liturgia\/ano-b-02o-domingo-de-pascoa-dehonianos\/' onclick='event.preventDefault()'>\r\n\t\tAno B &#8211; 02.\u00ba Domingo de P\u00e1scoa &#8211; Dehonianos\t<\/a>\r\n\t<\/div>\r\n<div id=\"dc9101esz4\" class=\"panel-collapse collapse \">\r\n\t<div class=\"panel-body\">\r\n\t\t<div class=\"pt-cv-content\"><p><iframe loading=\"lazy\" title=\"02.\u00ba Domingo de P\u00e1scoa - Ano B\" width=\"1080\" height=\"608\" src=\"https:\/\/www.youtube.com\/embed\/xRNxkQsccgA?feature=oembed\" frameborder=\"0\" allow=\"accelerometer; autoplay; encrypted-media; gyroscope; picture-in-picture\" allowfullscreen><\/iframe><\/p>\n<\/div>\t<\/div>\r\n<\/div><\/div>\n<div class=\"panel panel-default pt-cv-content-item pt-cv-1-col\" >\r\n<div class=\"panel-heading pt-cv-title\">\r\n    <a class=\"panel-title\" data-toggle=\"cvcollapse\" data-parent=\"#1ea60920h9\" data-target=\"#3d4f39f4z0\" href='http:\/\/sites.ecclesia.pt\/liturgia\/ano-b-03-o-domingo-da-pascoa-dehonianos\/' onclick='event.preventDefault()'>\r\n\t\tAno B &#8211; 03.\u00ba Domingo da P\u00e1scoa \u2013 Dehonianos\t<\/a>\r\n\t<\/div>\r\n<div id=\"3d4f39f4z0\" class=\"panel-collapse collapse \">\r\n\t<div class=\"panel-body\">\r\n\t\t<div class=\"pt-cv-content\"><p><iframe loading=\"lazy\" title=\"Ano B - 3.\u00ba  Domingo da P\u00e1scoa. Coment\u00e1rio do padre Manuel Barbosa, scj\" width=\"1080\" height=\"608\" src=\"https:\/\/www.youtube.com\/embed\/326C2dpz_Xs?feature=oembed\"  allow=\"accelerometer; autoplay; clipboard-write; encrypted-media; gyroscope; picture-in-picture\" allowfullscreen><\/iframe><\/p>\n<p><em>Disc\u00edpulos mission\u00e1rios em Cristo Ressuscitado<\/em><\/p>\n<p> <a href=\"http:\/\/sites.ecclesia.pt\/liturgia\/ano-b-03-o-domingo-da-pascoa-dehonianos\/#more-199948\" class=\"more-link\"><span aria-label=\"Continue a ler Ano B &#8211; 03.\u00ba Domingo da P\u00e1scoa \u2013 Dehonianos\">(mais&hellip;)<\/span><\/a><\/p>\n<\/div>\t<\/div>\r\n<\/div><\/div>\n<div class=\"panel panel-default pt-cv-content-item pt-cv-1-col\" >\r\n<div class=\"panel-heading pt-cv-title\">\r\n    <a class=\"panel-title\" data-toggle=\"cvcollapse\" data-parent=\"#1ea60920h9\" data-target=\"#c0d5c99yat\" href='http:\/\/sites.ecclesia.pt\/liturgia\/ano-b-03o-domingo-de-pascoa-dehonianos\/' onclick='event.preventDefault()'>\r\n\t\tAno B &#8211; 03.\u00ba Domingo de P\u00e1scoa &#8211; Dehonianos\t<\/a>\r\n\t<\/div>\r\n<div id=\"c0d5c99yat\" class=\"panel-collapse collapse \">\r\n\t<div class=\"panel-body\">\r\n\t\t<div class=\"pt-cv-content\"><p><iframe loading=\"lazy\" title=\"03.\u00ba Domingo de P\u00e1scoa - Ano B\" width=\"1080\" height=\"608\" src=\"https:\/\/www.youtube.com\/embed\/hP-UUW7Yzp8?feature=oembed\" frameborder=\"0\" allow=\"accelerometer; autoplay; encrypted-media; gyroscope; picture-in-picture\" allowfullscreen><\/iframe><\/p>\n<\/div>\t<\/div>\r\n<\/div><\/div>\n<div class=\"panel panel-default pt-cv-content-item pt-cv-1-col\" >\r\n<div class=\"panel-heading pt-cv-title\">\r\n    <a class=\"panel-title\" data-toggle=\"cvcollapse\" data-parent=\"#1ea60920h9\" data-target=\"#c27654fjnw\" href='http:\/\/sites.ecclesia.pt\/liturgia\/ano-b-04-o-domingo-da-pascoa-dehonianos\/' onclick='event.preventDefault()'>\r\n\t\tAno B &#8211; 04.\u00ba Domingo da P\u00e1scoa &#8211; Dehonianos\t<\/a>\r\n\t<\/div>\r\n<div id=\"c27654fjnw\" class=\"panel-collapse collapse \">\r\n\t<div class=\"panel-body\">\r\n\t\t<div class=\"pt-cv-content\"><p><iframe loading=\"lazy\" title=\"Ano B - 04 Domingo da P\u00e1scoa. Coment\u00e1rio do padre Manuel Barbosa, scj\" width=\"1080\" height=\"608\" src=\"https:\/\/www.youtube.com\/embed\/MRz6J3MXsGc?feature=oembed\"  allow=\"accelerometer; autoplay; clipboard-write; encrypted-media; gyroscope; picture-in-picture\" allowfullscreen><\/iframe><\/p>\n<p><em>Seguir Cristo, o \u00fanico Pastor<\/em><\/p>\n<p> <a href=\"http:\/\/sites.ecclesia.pt\/liturgia\/ano-b-04-o-domingo-da-pascoa-dehonianos\/#more-199967\" class=\"more-link\"><span aria-label=\"Continue a ler Ano B &#8211; 04.\u00ba Domingo da P\u00e1scoa &#8211; Dehonianos\">(mais&hellip;)<\/span><\/a><\/p>\n<\/div>\t<\/div>\r\n<\/div><\/div>\n<div class=\"panel panel-default pt-cv-content-item pt-cv-1-col\" >\r\n<div class=\"panel-heading pt-cv-title\">\r\n    <a class=\"panel-title\" data-toggle=\"cvcollapse\" data-parent=\"#1ea60920h9\" data-target=\"#aee716d0kr\" href='http:\/\/sites.ecclesia.pt\/liturgia\/ano-b-04o-domingo-da-pascoa-dehonianos\/' onclick='event.preventDefault()'>\r\n\t\tAno B &#8211; 04.\u00ba Domingo da P\u00e1scoa &#8211; Dehonianos\t<\/a>\r\n\t<\/div>\r\n<div id=\"aee716d0kr\" class=\"panel-collapse collapse \">\r\n\t<div class=\"panel-body\">\r\n\t\t<div class=\"pt-cv-content\"><p><iframe loading=\"lazy\" title=\"04.\u00ba domingo da P\u00e1scoa - Ano B\" width=\"1080\" height=\"608\" src=\"https:\/\/www.youtube.com\/embed\/iYBv-rlBmz8?feature=oembed\" frameborder=\"0\" allow=\"accelerometer; autoplay; encrypted-media; gyroscope; picture-in-picture\" allowfullscreen><\/iframe><\/p>\n<\/div>\t<\/div>\r\n<\/div><\/div>\n<div class=\"panel panel-default pt-cv-content-item pt-cv-1-col\" >\r\n<div class=\"panel-heading pt-cv-title\">\r\n    <a class=\"panel-title\" data-toggle=\"cvcollapse\" data-parent=\"#1ea60920h9\" data-target=\"#12ddff10v2\" href='http:\/\/sites.ecclesia.pt\/liturgia\/ano-b-05-o-domingo-da-pascoa-dehonianos\/' onclick='event.preventDefault()'>\r\n\t\tAno B &#8211; 05.\u00ba Domingo da P\u00e1scoa &#8211; Dehonianos\t<\/a>\r\n\t<\/div>\r\n<div id=\"12ddff10v2\" class=\"panel-collapse collapse \">\r\n\t<div class=\"panel-body\">\r\n\t\t<div class=\"pt-cv-content\"><p><iframe loading=\"lazy\" title=\"Ano B - 5\u00ba Domingo da P\u00e1scoa. Coment\u00e1rio do padre Manuel Barbosa, scj\" width=\"1080\" height=\"608\" src=\"https:\/\/www.youtube.com\/embed\/Eb8yh4cyUaY?feature=oembed\"  allow=\"accelerometer; autoplay; clipboard-write; encrypted-media; gyroscope; picture-in-picture\" allowfullscreen><\/iframe><\/p>\n<p><em>Permanecer em Cristo<\/em><\/p>\n<p> <a href=\"http:\/\/sites.ecclesia.pt\/liturgia\/ano-b-05-o-domingo-da-pascoa-dehonianos\/#more-199971\" class=\"more-link\"><span aria-label=\"Continue a ler Ano B &#8211; 05.\u00ba Domingo da P\u00e1scoa &#8211; Dehonianos\">(mais&hellip;)<\/span><\/a><\/p>\n<\/div>\t<\/div>\r\n<\/div><\/div>\n<div class=\"panel panel-default pt-cv-content-item pt-cv-1-col\" >\r\n<div class=\"panel-heading pt-cv-title\">\r\n    <a class=\"panel-title\" data-toggle=\"cvcollapse\" data-parent=\"#1ea60920h9\" data-target=\"#e306e151ga\" href='http:\/\/sites.ecclesia.pt\/liturgia\/ano-b-05o-domingo-da-pascoa-dehonianos\/' onclick='event.preventDefault()'>\r\n\t\tAno B &#8211; 05.\u00ba Domingo da P\u00e1scoa &#8211; Dehonianos\t<\/a>\r\n\t<\/div>\r\n<div id=\"e306e151ga\" class=\"panel-collapse collapse \">\r\n\t<div class=\"panel-body\">\r\n\t\t<div class=\"pt-cv-content\"><p><iframe loading=\"lazy\" title=\"05.\u00ba Domingo da P\u00e1scoa - Ano B\" width=\"1080\" height=\"608\" src=\"https:\/\/www.youtube.com\/embed\/bR2G3B4b5wc?feature=oembed\" frameborder=\"0\" allow=\"accelerometer; autoplay; encrypted-media; gyroscope; picture-in-picture\" allowfullscreen><\/iframe><\/p>\n<\/div>\t<\/div>\r\n<\/div><\/div>\n<div class=\"panel panel-default pt-cv-content-item pt-cv-1-col\" >\r\n<div class=\"panel-heading pt-cv-title\">\r\n    <a class=\"panel-title\" data-toggle=\"cvcollapse\" data-parent=\"#1ea60920h9\" data-target=\"#4fde9d25we\" href='http:\/\/sites.ecclesia.pt\/liturgia\/ano-b-06-o-domingo-da-pascoa-dehonianos\/' onclick='event.preventDefault()'>\r\n\t\tAno B &#8211; 06.\u00ba Domingo da P\u00e1scoa &#8211; Dehonianos\t<\/a>\r\n\t<\/div>\r\n<div id=\"4fde9d25we\" class=\"panel-collapse collapse \">\r\n\t<div class=\"panel-body\">\r\n\t\t<div class=\"pt-cv-content\"><p><iframe loading=\"lazy\" title=\"Ano B - 06 Domingo da P\u00e1scoa. Coment\u00e1rio do padre Manuel Barbosa, scj\" width=\"1080\" height=\"608\" src=\"https:\/\/www.youtube.com\/embed\/AFASrxMr2Gg?feature=oembed\"  allow=\"accelerometer; autoplay; clipboard-write; encrypted-media; gyroscope; picture-in-picture\" allowfullscreen><\/iframe><\/p>\n<p>&nbsp;<\/p>\n<p><em>Deus ama-nos! Amemo-nos!<\/em><\/p>\n<p> <a href=\"http:\/\/sites.ecclesia.pt\/liturgia\/ano-b-06-o-domingo-da-pascoa-dehonianos\/#more-199987\" class=\"more-link\"><span aria-label=\"Continue a ler Ano B &#8211; 06.\u00ba Domingo da P\u00e1scoa &#8211; Dehonianos\">(mais&hellip;)<\/span><\/a><\/p>\n<\/div>\t<\/div>\r\n<\/div><\/div>\n<div class=\"panel panel-default pt-cv-content-item pt-cv-1-col\" >\r\n<div class=\"panel-heading pt-cv-title\">\r\n    <a class=\"panel-title\" data-toggle=\"cvcollapse\" data-parent=\"#1ea60920h9\" data-target=\"#aeb7570rmw\" href='http:\/\/sites.ecclesia.pt\/liturgia\/ano-b-6o-domingo-da-pascoa-dehonianos\/' onclick='event.preventDefault()'>\r\n\t\tAno B &#8211; 06.\u00ba Domingo da P\u00e1scoa &#8211; Dehonianos\t<\/a>\r\n\t<\/div>\r\n<div id=\"aeb7570rmw\" class=\"panel-collapse collapse \">\r\n\t<div class=\"panel-body\">\r\n\t\t<div class=\"pt-cv-content\"><p><iframe loading=\"lazy\" title=\"Ano B - 6.\u00ba domingo da P\u00e1scoa\" width=\"1080\" height=\"608\" src=\"https:\/\/www.youtube.com\/embed\/9SMkRwqbvMY?feature=oembed\" frameborder=\"0\" allow=\"accelerometer; autoplay; encrypted-media; gyroscope; picture-in-picture\" allowfullscreen><\/iframe><\/p>\n<p>&nbsp;<\/p>\n<\/div>\t<\/div>\r\n<\/div><\/div><\/div><\/div><\/div><\/div>\n<p>[\/et_pb_text][et_pb_text admin_label=&#8221;SOLENIDADES E FESTAS&#8221; _builder_version=&#8221;4.3.4&#8243; vertical_offset_tablet=&#8221;0&#8243; horizontal_offset_tablet=&#8221;0&#8243; z_index_tablet=&#8221;0&#8243; text_text_shadow_horizontal_length_tablet=&#8221;0px&#8221; text_text_shadow_vertical_length_tablet=&#8221;0px&#8221; text_text_shadow_blur_strength_tablet=&#8221;1px&#8221; link_text_shadow_horizontal_length_tablet=&#8221;0px&#8221; link_text_shadow_vertical_length_tablet=&#8221;0px&#8221; link_text_shadow_blur_strength_tablet=&#8221;1px&#8221; ul_text_shadow_horizontal_length_tablet=&#8221;0px&#8221; ul_text_shadow_vertical_length_tablet=&#8221;0px&#8221; ul_text_shadow_blur_strength_tablet=&#8221;1px&#8221; ol_text_shadow_horizontal_length_tablet=&#8221;0px&#8221; ol_text_shadow_vertical_length_tablet=&#8221;0px&#8221; ol_text_shadow_blur_strength_tablet=&#8221;1px&#8221; quote_text_shadow_horizontal_length_tablet=&#8221;0px&#8221; quote_text_shadow_vertical_length_tablet=&#8221;0px&#8221; quote_text_shadow_blur_strength_tablet=&#8221;1px&#8221; header_text_shadow_horizontal_length_tablet=&#8221;0px&#8221; header_text_shadow_vertical_length_tablet=&#8221;0px&#8221; header_text_shadow_blur_strength_tablet=&#8221;1px&#8221; header_2_text_shadow_horizontal_length_tablet=&#8221;0px&#8221; header_2_text_shadow_vertical_length_tablet=&#8221;0px&#8221; header_2_text_shadow_blur_strength_tablet=&#8221;1px&#8221; header_3_text_shadow_horizontal_length_tablet=&#8221;0px&#8221; header_3_text_shadow_vertical_length_tablet=&#8221;0px&#8221; header_3_text_shadow_blur_strength_tablet=&#8221;1px&#8221; header_4_text_shadow_horizontal_length_tablet=&#8221;0px&#8221; header_4_text_shadow_vertical_length_tablet=&#8221;0px&#8221; header_4_text_shadow_blur_strength_tablet=&#8221;1px&#8221; header_5_text_shadow_horizontal_length_tablet=&#8221;0px&#8221; header_5_text_shadow_vertical_length_tablet=&#8221;0px&#8221; header_5_text_shadow_blur_strength_tablet=&#8221;1px&#8221; header_6_text_shadow_horizontal_length_tablet=&#8221;0px&#8221; header_6_text_shadow_vertical_length_tablet=&#8221;0px&#8221; header_6_text_shadow_blur_strength_tablet=&#8221;1px&#8221; box_shadow_horizontal_tablet=&#8221;0px&#8221; box_shadow_vertical_tablet=&#8221;0px&#8221; box_shadow_blur_tablet=&#8221;40px&#8221; box_shadow_spread_tablet=&#8221;0px&#8221; text_text_shadow_horizontal_length=&#8221;text_text_shadow_style,%91object Object%93&#8243; text_text_shadow_vertical_length=&#8221;text_text_shadow_style,%91object Object%93&#8243; text_text_shadow_blur_strength=&#8221;text_text_shadow_style,%91object Object%93&#8243; link_text_shadow_horizontal_length=&#8221;link_text_shadow_style,%91object Object%93&#8243; link_text_shadow_vertical_length=&#8221;link_text_shadow_style,%91object Object%93&#8243; link_text_shadow_blur_strength=&#8221;link_text_shadow_style,%91object Object%93&#8243; ul_text_shadow_horizontal_length=&#8221;ul_text_shadow_style,%91object Object%93&#8243; ul_text_shadow_vertical_length=&#8221;ul_text_shadow_style,%91object Object%93&#8243; ul_text_shadow_blur_strength=&#8221;ul_text_shadow_style,%91object Object%93&#8243; ol_text_shadow_horizontal_length=&#8221;ol_text_shadow_style,%91object Object%93&#8243; ol_text_shadow_vertical_length=&#8221;ol_text_shadow_style,%91object Object%93&#8243; ol_text_shadow_blur_strength=&#8221;ol_text_shadow_style,%91object Object%93&#8243; quote_text_shadow_horizontal_length=&#8221;quote_text_shadow_style,%91object Object%93&#8243; quote_text_shadow_vertical_length=&#8221;quote_text_shadow_style,%91object Object%93&#8243; quote_text_shadow_blur_strength=&#8221;quote_text_shadow_style,%91object Object%93&#8243; header_text_shadow_horizontal_length=&#8221;header_text_shadow_style,%91object Object%93&#8243; header_text_shadow_vertical_length=&#8221;header_text_shadow_style,%91object Object%93&#8243; header_text_shadow_blur_strength=&#8221;header_text_shadow_style,%91object Object%93&#8243; header_2_text_shadow_horizontal_length=&#8221;header_2_text_shadow_style,%91object Object%93&#8243; header_2_text_shadow_vertical_length=&#8221;header_2_text_shadow_style,%91object Object%93&#8243; header_2_text_shadow_blur_strength=&#8221;header_2_text_shadow_style,%91object Object%93&#8243; header_3_text_shadow_horizontal_length=&#8221;header_3_text_shadow_style,%91object Object%93&#8243; header_3_text_shadow_vertical_length=&#8221;header_3_text_shadow_style,%91object Object%93&#8243; header_3_text_shadow_blur_strength=&#8221;header_3_text_shadow_style,%91object Object%93&#8243; header_4_text_shadow_horizontal_length=&#8221;header_4_text_shadow_style,%91object Object%93&#8243; header_4_text_shadow_vertical_length=&#8221;header_4_text_shadow_style,%91object Object%93&#8243; header_4_text_shadow_blur_strength=&#8221;header_4_text_shadow_style,%91object Object%93&#8243; header_5_text_shadow_horizontal_length=&#8221;header_5_text_shadow_style,%91object Object%93&#8243; header_5_text_shadow_vertical_length=&#8221;header_5_text_shadow_style,%91object Object%93&#8243; header_5_text_shadow_blur_strength=&#8221;header_5_text_shadow_style,%91object Object%93&#8243; header_6_text_shadow_horizontal_length=&#8221;header_6_text_shadow_style,%91object Object%93&#8243; header_6_text_shadow_vertical_length=&#8221;header_6_text_shadow_style,%91object Object%93&#8243; header_6_text_shadow_blur_strength=&#8221;header_6_text_shadow_style,%91object Object%93&#8243;]<\/p>\n<h3>SOLENIDADES E FESTAS<\/h3>\n<div class=\"pt-cv-wrapper et_smooth_scroll_disabled\"><div class=\"pt-cv-view pt-cv-collapsible\" id=\"pt-cv-view-b0323cduv5\"><div data-id=\"pt-cv-page-1\" class=\"pt-cv-page\" data-cvc=\"1\"><div class=\"panel-group\" id=\"067f520pus\"><div class=\"panel panel-default pt-cv-content-item pt-cv-1-col\" >\r\n<div class=\"panel-heading pt-cv-title\">\r\n    <a class=\"panel-title\" data-toggle=\"cvcollapse\" data-parent=\"#067f520pus\" data-target=\"#dabe97d6h4\" href='http:\/\/sites.ecclesia.pt\/liturgia\/ano-b-festa-do-batismo-do-senhor\/' onclick='event.preventDefault()'>\r\n\t\tAno B &#8211; Festa do Batismo do Senhor &#8211; Dehonianos\t<\/a>\r\n\t<\/div>\r\n<div id=\"dabe97d6h4\" class=\"panel-collapse collapse \">\r\n\t<div class=\"panel-body\">\r\n\t\t<div class=\"pt-cv-content\"><p><iframe loading=\"lazy\" title=\"Ano B - Festa do Batismo do Senhor. Coment\u00e1rio do padre Manuel Barbosa, scj\" width=\"1080\" height=\"608\" src=\"https:\/\/www.youtube.com\/embed\/s3aKA03j3FQ?feature=oembed\"  allow=\"accelerometer; autoplay; clipboard-write; encrypted-media; gyroscope; picture-in-picture\" allowfullscreen><\/iframe><\/p>\n<p><em>Batizados em Cristo, praticantes no Amor<\/em><\/p>\n<p> <a href=\"http:\/\/sites.ecclesia.pt\/liturgia\/ano-b-festa-do-batismo-do-senhor\/#more-195589\" class=\"more-link\"><span aria-label=\"Continue a ler Ano B &#8211; Festa do Batismo do Senhor &#8211; Dehonianos\">(mais&hellip;)<\/span><\/a><\/p>\n<\/div>\t<\/div>\r\n<\/div><\/div>\n<div class=\"panel panel-default pt-cv-content-item pt-cv-1-col\" >\r\n<div class=\"panel-heading pt-cv-title\">\r\n    <a class=\"panel-title\" data-toggle=\"cvcollapse\" data-parent=\"#067f520pus\" data-target=\"#a61f08a62j\" href='http:\/\/sites.ecclesia.pt\/liturgia\/ano-b-festa-do-batismo-do-senhor-dehonianos\/' onclick='event.preventDefault()'>\r\n\t\tAno B &#8211; Festa do Batismo do Senhor &#8211; Dehonianos\t<\/a>\r\n\t<\/div>\r\n<div id=\"a61f08a62j\" class=\"panel-collapse collapse \">\r\n\t<div class=\"panel-body\">\r\n\t\t<div class=\"pt-cv-content\"><p><iframe loading=\"lazy\" title=\"Festa do Batismo do Senhor - Ano B\" width=\"1080\" height=\"608\" src=\"https:\/\/www.youtube.com\/embed\/kAwdP_A_b1o?feature=oembed\" frameborder=\"0\" allow=\"accelerometer; autoplay; encrypted-media; gyroscope; picture-in-picture\" allowfullscreen><\/iframe><\/p>\n<p>&nbsp;<\/p>\n<\/div>\t<\/div>\r\n<\/div><\/div>\n<div class=\"panel panel-default pt-cv-content-item pt-cv-1-col\" >\r\n<div class=\"panel-heading pt-cv-title\">\r\n    <a class=\"panel-title\" data-toggle=\"cvcollapse\" data-parent=\"#067f520pus\" data-target=\"#760af44dz3\" href='http:\/\/sites.ecclesia.pt\/liturgia\/ano-b-solenidade-da-ascensao-do-senhor-dehonianos\/' onclick='event.preventDefault()'>\r\n\t\tAno B &#8211; Solenidade da Ascens\u00e3o do Senhor &#8211; Dehonianos\t<\/a>\r\n\t<\/div>\r\n<div id=\"760af44dz3\" class=\"panel-collapse collapse \">\r\n\t<div class=\"panel-body\">\r\n\t\t<div class=\"pt-cv-content\"><p><iframe loading=\"lazy\" width=\"1080\" height=\"608\" src=\"https:\/\/www.youtube.com\/embed\/yw9KLtz3du0?feature=oembed\" frameborder=\"0\" allow=\"autoplay; encrypted-media\" allowfullscreen><\/iframe><\/p>\n<p><em>Olhar para o c\u00e9u, partir em miss\u00e3o<\/em> <a href=\"http:\/\/sites.ecclesia.pt\/liturgia\/ano-b-solenidade-da-ascensao-do-senhor-dehonianos\/#more-104989\" class=\"more-link\"><span aria-label=\"Continue a ler Ano B &#8211; Solenidade da Ascens\u00e3o do Senhor &#8211; Dehonianos\">(mais&hellip;)<\/span><\/a><\/p>\n<\/div>\t<\/div>\r\n<\/div><\/div>\n<div class=\"panel panel-default pt-cv-content-item pt-cv-1-col\" >\r\n<div class=\"panel-heading pt-cv-title\">\r\n    <a class=\"panel-title\" data-toggle=\"cvcollapse\" data-parent=\"#067f520pus\" data-target=\"#062ce42g7h\" href='http:\/\/sites.ecclesia.pt\/liturgia\/ano-b-solenidade-da-ascensao-do-senhor-dehonianos-2\/' onclick='event.preventDefault()'>\r\n\t\tAno B &#8211; Solenidade da Ascens\u00e3o do Senhor &#8211; Dehonianos\t<\/a>\r\n\t<\/div>\r\n<div id=\"062ce42g7h\" class=\"panel-collapse collapse \">\r\n\t<div class=\"panel-body\">\r\n\t\t<div class=\"pt-cv-content\"><p><iframe loading=\"lazy\" title=\"Ano B - Solenidade da Ascens\u00e3o do Senhor. Coment\u00e1rio do padre Manuel Barbosa, scj\" width=\"1080\" height=\"608\" src=\"https:\/\/www.youtube.com\/embed\/rHIzFILbiLQ?feature=oembed\"  allow=\"accelerometer; autoplay; clipboard-write; encrypted-media; gyroscope; picture-in-picture\" allowfullscreen><\/iframe><\/p>\n<p><em>Olhar para o c\u00e9u, partir em miss\u00e3o<\/em><\/p>\n<p> <a href=\"http:\/\/sites.ecclesia.pt\/liturgia\/ano-b-solenidade-da-ascensao-do-senhor-dehonianos-2\/#more-199990\" class=\"more-link\"><span aria-label=\"Continue a ler Ano B &#8211; Solenidade da Ascens\u00e3o do Senhor &#8211; Dehonianos\">(mais&hellip;)<\/span><\/a><\/p>\n<\/div>\t<\/div>\r\n<\/div><\/div>\n<div class=\"panel panel-default pt-cv-content-item pt-cv-1-col\" >\r\n<div class=\"panel-heading pt-cv-title\">\r\n    <a class=\"panel-title\" data-toggle=\"cvcollapse\" data-parent=\"#067f520pus\" data-target=\"#5aec4a207f\" href='http:\/\/sites.ecclesia.pt\/liturgia\/ano-b-solenidade-da-epifania-do-senhor-2\/' onclick='event.preventDefault()'>\r\n\t\tAno B &#8211; Solenidade da Epifania do Senhor &#8211; Dehonianos\t<\/a>\r\n\t<\/div>\r\n<div id=\"5aec4a207f\" class=\"panel-collapse collapse \">\r\n\t<div class=\"panel-body\">\r\n\t\t<div class=\"pt-cv-content\"><p><iframe loading=\"lazy\" title=\"Ano B - Solenidade da Epifania do Senhor. Coment\u00e1rio do padre Manuel Barbosa, scj\" width=\"1080\" height=\"608\" src=\"https:\/\/www.youtube.com\/embed\/MhV8caAFHaE?feature=oembed\"  allow=\"accelerometer; autoplay; clipboard-write; encrypted-media; gyroscope; picture-in-picture\" allowfullscreen><\/iframe><\/p>\n<p>Erguer os olhos e p\u00f4r-se a caminho<\/p>\n<p> <a href=\"http:\/\/sites.ecclesia.pt\/liturgia\/ano-b-solenidade-da-epifania-do-senhor-2\/#more-195089\" class=\"more-link\"><span aria-label=\"Continue a ler Ano B &#8211; Solenidade da Epifania do Senhor &#8211; Dehonianos\">(mais&hellip;)<\/span><\/a><\/p>\n<\/div>\t<\/div>\r\n<\/div><\/div>\n<div class=\"panel panel-default pt-cv-content-item pt-cv-1-col\" >\r\n<div class=\"panel-heading pt-cv-title\">\r\n    <a class=\"panel-title\" data-toggle=\"cvcollapse\" data-parent=\"#067f520pus\" data-target=\"#15447a1eiz\" href='http:\/\/sites.ecclesia.pt\/liturgia\/ano-b-solenidade-da-santissima-trindade-dehonianos-2\/' onclick='event.preventDefault()'>\r\n\t\tAno B &#8211; Solenidade da Sant\u00edssima Trindade &#8211; Dehonianos\t<\/a>\r\n\t<\/div>\r\n<div id=\"15447a1eiz\" class=\"panel-collapse collapse \">\r\n\t<div class=\"panel-body\">\r\n\t\t<div class=\"pt-cv-content\"><p><iframe loading=\"lazy\" title=\"Ano B - Solenidade da Sant\u00edssima Trindade. Coment\u00e1rio do padre Manuel Barbosa, scj\" width=\"1080\" height=\"608\" src=\"https:\/\/www.youtube.com\/embed\/Fb-9c5QiloE?feature=oembed\"  allow=\"accelerometer; autoplay; clipboard-write; encrypted-media; gyroscope; picture-in-picture\" allowfullscreen><\/iframe><\/p>\n<p><em>Entrar no movimento do Amor da Trindade<\/em><\/p>\n<p> <a href=\"http:\/\/sites.ecclesia.pt\/liturgia\/ano-b-solenidade-da-santissima-trindade-dehonianos-2\/#more-200015\" class=\"more-link\"><span aria-label=\"Continue a ler Ano B &#8211; Solenidade da Sant\u00edssima Trindade &#8211; Dehonianos\">(mais&hellip;)<\/span><\/a><\/p>\n<\/div>\t<\/div>\r\n<\/div><\/div>\n<div class=\"panel panel-default pt-cv-content-item pt-cv-1-col\" >\r\n<div class=\"panel-heading pt-cv-title\">\r\n    <a class=\"panel-title\" data-toggle=\"cvcollapse\" data-parent=\"#067f520pus\" data-target=\"#62d1dda0j3\" href='http:\/\/sites.ecclesia.pt\/liturgia\/ano-b-solenidade-da-santissima-trindade-dehonianos\/' onclick='event.preventDefault()'>\r\n\t\tAno B &#8211; Solenidade da Sant\u00edssima Trindade &#8211; Dehonianos\t<\/a>\r\n\t<\/div>\r\n<div id=\"62d1dda0j3\" class=\"panel-collapse collapse \">\r\n\t<div class=\"panel-body\">\r\n\t\t<div class=\"pt-cv-content\"><p><em>Entrar no movimento do Amor da Trindade<\/em> <a href=\"http:\/\/sites.ecclesia.pt\/liturgia\/ano-b-solenidade-da-santissima-trindade-dehonianos\/#more-106337\" class=\"more-link\"><span aria-label=\"Continue a ler Ano B &#8211; Solenidade da Sant\u00edssima Trindade &#8211; Dehonianos\">(mais&hellip;)<\/span><\/a><\/p>\n<\/div>\t<\/div>\r\n<\/div><\/div>\n<div class=\"panel panel-default pt-cv-content-item pt-cv-1-col\" >\r\n<div class=\"panel-heading pt-cv-title\">\r\n    <a class=\"panel-title\" data-toggle=\"cvcollapse\" data-parent=\"#067f520pus\" data-target=\"#09ef8e1hcf\" href='http:\/\/sites.ecclesia.pt\/liturgia\/ano-b-solenidade-de-cristo-rei-senhor-do-universo-dehonianos\/' onclick='event.preventDefault()'>\r\n\t\tAno B &#8211; Solenidade de Cristo Rei, Senhor do Universo &#8211; Dehonianos\t<\/a>\r\n\t<\/div>\r\n<div id=\"09ef8e1hcf\" class=\"panel-collapse collapse \">\r\n\t<div class=\"panel-body\">\r\n\t\t<div class=\"pt-cv-content\"><p><iframe loading=\"lazy\" title=\"Ano B - 34.\u00ba Domingo do Tempo Comum - Solenidade de Cristo Rei, Senhor do Universo\" width=\"1080\" height=\"608\" src=\"https:\/\/www.youtube.com\/embed\/hI1ycxqWwXs?feature=oembed\" frameborder=\"0\" allow=\"accelerometer; autoplay; encrypted-media; gyroscope; picture-in-picture\" allowfullscreen><\/iframe><\/p>\n<p><em>Rei do amor e da verdade<\/em> <a href=\"http:\/\/sites.ecclesia.pt\/liturgia\/ano-b-solenidade-de-cristo-rei-senhor-do-universo-dehonianos\/#more-120272\" class=\"more-link\"><span aria-label=\"Continue a ler Ano B &#8211; Solenidade de Cristo Rei, Senhor do Universo &#8211; Dehonianos\">(mais&hellip;)<\/span><\/a><\/p>\n<\/div>\t<\/div>\r\n<\/div><\/div>\n<div class=\"panel panel-default pt-cv-content-item pt-cv-1-col\" >\r\n<div class=\"panel-heading pt-cv-title\">\r\n    <a class=\"panel-title\" data-toggle=\"cvcollapse\" data-parent=\"#067f520pus\" data-target=\"#b61315crb3\" href='http:\/\/sites.ecclesia.pt\/liturgia\/ano-b-solenidade-de-sao-joao-batista-dehonianos\/' onclick='event.preventDefault()'>\r\n\t\tAno B &#8211; Solenidade de S\u00e3o Jo\u00e3o Batista &#8211; Dehonianos\t<\/a>\r\n\t<\/div>\r\n<div id=\"b61315crb3\" class=\"panel-collapse collapse \">\r\n\t<div class=\"panel-body\">\r\n\t\t<div class=\"pt-cv-content\"><p><iframe loading=\"lazy\" title=\"Ano B - Solenidade de S\u00e3o Jo\u00e3o Batista\" width=\"1080\" height=\"608\" src=\"https:\/\/www.youtube.com\/embed\/NZdZufDKHzY?feature=oembed\" frameborder=\"0\" allow=\"accelerometer; autoplay; encrypted-media; gyroscope; picture-in-picture\" allowfullscreen><\/iframe><\/p>\n<p><em>Como Jo\u00e3o Batista, fi\u00e9is \u00e0 miss\u00e3o<\/em><\/p>\n<p> <a href=\"http:\/\/sites.ecclesia.pt\/liturgia\/ano-b-solenidade-de-sao-joao-batista-dehonianos\/#more-108605\" class=\"more-link\"><span aria-label=\"Continue a ler Ano B &#8211; Solenidade de S\u00e3o Jo\u00e3o Batista &#8211; Dehonianos\">(mais&hellip;)<\/span><\/a><\/p>\n<\/div>\t<\/div>\r\n<\/div><\/div>\n<div class=\"panel panel-default pt-cv-content-item pt-cv-1-col\" >\r\n<div class=\"panel-heading pt-cv-title\">\r\n    <a class=\"panel-title\" data-toggle=\"cvcollapse\" data-parent=\"#067f520pus\" data-target=\"#5897369w9o\" href='http:\/\/sites.ecclesia.pt\/liturgia\/ano-b-solenidade-do-pentecostes-dehonianos-2\/' onclick='event.preventDefault()'>\r\n\t\tAno B &#8211; Solenidade do Pentecostes &#8211; Dehonianos\t<\/a>\r\n\t<\/div>\r\n<div id=\"5897369w9o\" class=\"panel-collapse collapse \">\r\n\t<div class=\"panel-body\">\r\n\t\t<div class=\"pt-cv-content\"><p><iframe loading=\"lazy\" title=\"Ano B - Solenidade do Pentecostes. Coment\u00e1rio do padre Manuel Barbosa, scj\" width=\"1080\" height=\"608\" src=\"https:\/\/www.youtube.com\/embed\/-_O0zNYlHBI?feature=oembed\"  allow=\"accelerometer; autoplay; clipboard-write; encrypted-media; gyroscope; picture-in-picture\" allowfullscreen><\/iframe><\/p>\n<p><em>Reavivar os dons e os frutos do Esp\u00edrito<\/em><\/p>\n<p> <a href=\"http:\/\/sites.ecclesia.pt\/liturgia\/ano-b-solenidade-do-pentecostes-dehonianos-2\/#more-199997\" class=\"more-link\"><span aria-label=\"Continue a ler Ano B &#8211; Solenidade do Pentecostes &#8211; Dehonianos\">(mais&hellip;)<\/span><\/a><\/p>\n<\/div>\t<\/div>\r\n<\/div><\/div>\n<div class=\"panel panel-default pt-cv-content-item pt-cv-1-col\" >\r\n<div class=\"panel-heading pt-cv-title\">\r\n    <a class=\"panel-title\" data-toggle=\"cvcollapse\" data-parent=\"#067f520pus\" data-target=\"#2a29b59o7m\" href='http:\/\/sites.ecclesia.pt\/liturgia\/ano-b-solenidade-do-pentecostes-dehonianos\/' onclick='event.preventDefault()'>\r\n\t\tAno B &#8211; Solenidade do Pentecostes &#8211; Dehonianos\t<\/a>\r\n\t<\/div>\r\n<div id=\"2a29b59o7m\" class=\"panel-collapse collapse \">\r\n\t<div class=\"panel-body\">\r\n\t\t<div class=\"pt-cv-content\"><p><iframe loading=\"lazy\" width=\"1080\" height=\"608\" src=\"https:\/\/www.youtube.com\/embed\/I5mljqqCDhc?feature=oembed\" frameborder=\"0\" allow=\"autoplay; encrypted-media\" allowfullscreen><\/iframe><\/p>\n<p><em>Reavivar os dons e os frutos do Esp\u00edrito<\/em> <a href=\"http:\/\/sites.ecclesia.pt\/liturgia\/ano-b-solenidade-do-pentecostes-dehonianos\/#more-105699\" class=\"more-link\"><span aria-label=\"Continue a ler Ano B &#8211; Solenidade do Pentecostes &#8211; Dehonianos\">(mais&hellip;)<\/span><\/a><\/p>\n<\/div>\t<\/div>\r\n<\/div><\/div>\n<div class=\"panel panel-default pt-cv-content-item pt-cv-1-col\" >\r\n<div class=\"panel-heading pt-cv-title\">\r\n    <a class=\"panel-title\" data-toggle=\"cvcollapse\" data-parent=\"#067f520pus\" data-target=\"#98bfd88zwm\" href='http:\/\/sites.ecclesia.pt\/liturgia\/ano-b-solenidade-do-santissimo-corpo-e-sangue-de-cristo-dehonianos\/' onclick='event.preventDefault()'>\r\n\t\tAno B &#8211; Solenidade do Sant\u00edssimo Corpo e Sangue de Cristo &#8211; Dehonianos\t<\/a>\r\n\t<\/div>\r\n<div id=\"98bfd88zwm\" class=\"panel-collapse collapse \">\r\n\t<div class=\"panel-body\">\r\n\t\t<div class=\"pt-cv-content\"><p><iframe loading=\"lazy\" title=\"Solenidade do Sant\u00edssimo Corpo e Sangue de Cristo - Ano B\" width=\"1080\" height=\"608\" src=\"https:\/\/www.youtube.com\/embed\/x6wso6KpmYQ?feature=oembed\" frameborder=\"0\" allow=\"accelerometer; autoplay; encrypted-media; gyroscope; picture-in-picture\" allowfullscreen><\/iframe><\/p>\n<\/div>\t<\/div>\r\n<\/div><\/div><\/div><\/div><\/div><\/div>\n<p>[\/et_pb_text][\/et_pb_column][\/et_pb_row][\/et_pb_section]<\/p>\n","protected":false},"excerpt":{"rendered":"<p>Ano BDehonianos\u00a0 Coment\u00e1rio do padre Manuel Barbosa, scj Tempo Comum <div class=\"pt-cv-wrapper et_smooth_scroll_disabled\"><div class=\"pt-cv-view pt-cv-collapsible\" id=\"pt-cv-view-78b47c4k9q\"><div data-id=\"pt-cv-page-1\" class=\"pt-cv-page\" data-cvc=\"1\"><div class=\"panel-group\" id=\"a4466cbz75\"><div class=\"panel panel-default pt-cv-content-item pt-cv-1-col\" >\r\n<div class=\"panel-heading pt-cv-title\">\r\n    <a class=\"panel-title\" data-toggle=\"cvcollapse\" data-parent=\"#a4466cbz75\" data-target=\"#4745204ks4\" href='http:\/\/sites.ecclesia.pt\/liturgia\/ano-b-2-o-domingo-do-tempo-comum\/' onclick='event.preventDefault()'>\r\n\t\tAno B &#8211; 02.\u00ba Domingo do Tempo Comum &#8211; Dehonianos\t<\/a>\r\n\t<\/div>\r\n<div id=\"4745204ks4\" class=\"panel-collapse collapse \">\r\n\t<div class=\"panel-body\">\r\n\t\t<div class=\"pt-cv-content\"><p><iframe loading=\"lazy\" title=\"Ano B - 2\u00ba Domingo do Tempo Comum. Coment\u00e1rio do padre Manuel Barbosa, scj\" width=\"1080\" height=\"608\" src=\"https:\/\/www.youtube.com\/embed\/Dcsf02mC-gU?feature=oembed\"  allow=\"accelerometer; autoplay; clipboard-write; encrypted-media; gyroscope; picture-in-picture\" allowfullscreen><\/iframe><\/p>\n<p><em>Seguir Cristo, renovar a voca\u00e7\u00e3o<\/em><\/p>\n<p> <a href=\"http:\/\/sites.ecclesia.pt\/liturgia\/ano-b-2-o-domingo-do-tempo-comum\/#more-196147\" class=\"more-link\"><span aria-label=\"Continue a ler Ano B &#8211; 02.\u00ba Domingo do Tempo Comum &#8211; Dehonianos\">(mais&hellip;)<\/span><\/a><\/p>\n<\/div>\t<\/div>\r\n<\/div><\/div>\n<div class=\"panel panel-default pt-cv-content-item pt-cv-1-col\" >\r\n<div class=\"panel-heading pt-cv-title\">\r\n    <a class=\"panel-title\" data-toggle=\"cvcollapse\" data-parent=\"#a4466cbz75\" data-target=\"#f4f9734jbi\" href='http:\/\/sites.ecclesia.pt\/liturgia\/ano-b-02o-domingo-do-tempo-comum-dehonianos\/' onclick='event.preventDefault()'>\r\n\t\tAno B &#8211; 02.\u00ba Domingo do Tempo Comum &#8211; Dehonianos\t<\/a>\r\n\t<\/div>\r\n<div id=\"f4f9734jbi\" class=\"panel-collapse collapse \">\r\n\t<div class=\"panel-body\">\r\n\t\t<div class=\"pt-cv-content\"><p><iframe loading=\"lazy\" title=\"02.\u00ba Domingo do Tempo Comum . Ano B\" width=\"1080\" height=\"608\" src=\"https:\/\/www.youtube.com\/embed\/XEtwQBElM_o?feature=oembed\" frameborder=\"0\" allow=\"accelerometer; autoplay; encrypted-media; gyroscope; picture-in-picture\" allowfullscreen><\/iframe><\/p>\n<p>Coment\u00e1rio do padre Manuel Barbosa, scj<\/p>\n<p> <a href=\"http:\/\/sites.ecclesia.pt\/liturgia\/ano-b-02o-domingo-do-tempo-comum-dehonianos\/#more-91514\" class=\"more-link\"><span aria-label=\"Continue a ler Ano B &#8211; 02.\u00ba Domingo do Tempo Comum &#8211; Dehonianos\">(mais&hellip;)<\/span><\/a><\/p>\n<\/div>\t<\/div>\r\n<\/div><\/div>\n<div class=\"panel panel-default pt-cv-content-item pt-cv-1-col\" >\r\n<div class=\"panel-heading pt-cv-title\">\r\n    <a class=\"panel-title\" data-toggle=\"cvcollapse\" data-parent=\"#a4466cbz75\" data-target=\"#e9dec488ju\" href='http:\/\/sites.ecclesia.pt\/liturgia\/ano-b-3-o-domingo-do-tempo-comum-2\/' onclick='event.preventDefault()'>\r\n\t\tAno B &#8211; 03.\u00ba Domingo do Tempo Comum &#8211; Dehonianos\t<\/a>\r\n\t<\/div>\r\n<div id=\"e9dec488ju\" class=\"panel-collapse collapse \">\r\n\t<div class=\"panel-body\">\r\n\t\t<div class=\"pt-cv-content\"><p><iframe loading=\"lazy\" title=\"Ano B - 3\u00ba Domingo do tempo Comum. Coment\u00e1rio do padre Manuel Barbosa, scj\" width=\"1080\" height=\"608\" src=\"https:\/\/www.youtube.com\/embed\/BwITexZMd3g?feature=oembed\"  allow=\"accelerometer; autoplay; clipboard-write; encrypted-media; gyroscope; picture-in-picture\" allowfullscreen><\/iframe><\/p>\n<p><em>Como olhamos Deus e os irm\u00e3os?<\/em><\/p>\n<p> <a href=\"http:\/\/sites.ecclesia.pt\/liturgia\/ano-b-3-o-domingo-do-tempo-comum-2\/#more-196957\" class=\"more-link\"><span aria-label=\"Continue a ler Ano B &#8211; 03.\u00ba Domingo do Tempo Comum &#8211; Dehonianos\">(mais&hellip;)<\/span><\/a><\/p>\n<\/div>\t<\/div>\r\n<\/div><\/div>\n<div class=\"panel panel-default pt-cv-content-item pt-cv-1-col\" >\r\n<div class=\"panel-heading pt-cv-title\">\r\n    <a class=\"panel-title\" data-toggle=\"cvcollapse\" data-parent=\"#a4466cbz75\" data-target=\"#e65b704c9u\" href='http:\/\/sites.ecclesia.pt\/liturgia\/ano-b-03o-domingo-do-tempo-comum-dehonianos\/' onclick='event.preventDefault()'>\r\n\t\tAno B &#8211; 03.\u00ba Domingo do Tempo Comum &#8211; Dehonianos\t<\/a>\r\n\t<\/div>\r\n<div id=\"e65b704c9u\" class=\"panel-collapse collapse \">\r\n\t<div class=\"panel-body\">\r\n\t\t<div class=\"pt-cv-content\"><p><iframe loading=\"lazy\" title=\"03.\u00ba Domingo do Tempo Comum - Ano B\" width=\"1080\" height=\"608\" src=\"https:\/\/www.youtube.com\/embed\/t0T4utCAiHU?feature=oembed\" frameborder=\"0\" allow=\"accelerometer; autoplay; encrypted-media; gyroscope; picture-in-picture\" allowfullscreen><\/iframe><\/p>\n<p>&nbsp;<\/p>\n<\/div>\t<\/div>\r\n<\/div><\/div>\n<div class=\"panel panel-default pt-cv-content-item pt-cv-1-col\" >\r\n<div class=\"panel-heading pt-cv-title\">\r\n    <a class=\"panel-title\" data-toggle=\"cvcollapse\" data-parent=\"#a4466cbz75\" data-target=\"#6a39553wug\" href='http:\/\/sites.ecclesia.pt\/liturgia\/ano-b-4-o-domingo-do-tempo-comum-3\/' onclick='event.preventDefault()'>\r\n\t\tAno B &#8211; 04.\u00ba Domingo do Tempo Comum &#8211; Dehonianos\t<\/a>\r\n\t<\/div>\r\n<div id=\"6a39553wug\" class=\"panel-collapse collapse \">\r\n\t<div class=\"panel-body\">\r\n\t\t<div class=\"pt-cv-content\"><p><iframe loading=\"lazy\" title=\"Ano B - 4.\u00ba Domingo do Tempo Comum. Coment\u00e1rio do padre Manuel Barbosa, scj\" width=\"1080\" height=\"608\" src=\"https:\/\/www.youtube.com\/embed\/lME49vk9eFc?feature=oembed\"  allow=\"accelerometer; autoplay; clipboard-write; encrypted-media; gyroscope; picture-in-picture\" allowfullscreen><\/iframe><\/p>\n<p><em>Que fazemos da Palavra de Deus?<\/em><\/p>\n<p> <a href=\"http:\/\/sites.ecclesia.pt\/liturgia\/ano-b-4-o-domingo-do-tempo-comum-3\/#more-197582\" class=\"more-link\"><span aria-label=\"Continue a ler Ano B &#8211; 04.\u00ba Domingo do Tempo Comum &#8211; Dehonianos\">(mais&hellip;)<\/span><\/a><\/p>\n<\/div>\t<\/div>\r\n<\/div><\/div>\n<div class=\"panel panel-default pt-cv-content-item pt-cv-1-col\" >\r\n<div class=\"panel-heading pt-cv-title\">\r\n    <a class=\"panel-title\" data-toggle=\"cvcollapse\" data-parent=\"#a4466cbz75\" data-target=\"#ad934fcmnc\" href='http:\/\/sites.ecclesia.pt\/liturgia\/ano-b-04o-domingo-do-tempo-comum-dehonianos\/' onclick='event.preventDefault()'>\r\n\t\tAno B &#8211; 04.\u00ba Domingo do Tempo Comum &#8211; Dehonianos\t<\/a>\r\n\t<\/div>\r\n<div id=\"ad934fcmnc\" class=\"panel-collapse collapse \">\r\n\t<div class=\"panel-body\">\r\n\t\t<div class=\"pt-cv-content\"><p><iframe loading=\"lazy\" title=\"04.\u00ba Domingo do Tempo Comum - Ano B\" width=\"1080\" height=\"608\" src=\"https:\/\/www.youtube.com\/embed\/aGtAjd982kA?feature=oembed\" frameborder=\"0\" allow=\"accelerometer; autoplay; encrypted-media; gyroscope; picture-in-picture\" allowfullscreen><\/iframe><\/p>\n<\/div>\t<\/div>\r\n<\/div><\/div>\n<div class=\"panel panel-default pt-cv-content-item pt-cv-1-col\" >\r\n<div class=\"panel-heading pt-cv-title\">\r\n    <a class=\"panel-title\" data-toggle=\"cvcollapse\" data-parent=\"#a4466cbz75\" data-target=\"#142c5e65tm\" href='http:\/\/sites.ecclesia.pt\/liturgia\/ano-b-5-o-domingo-do-tempo-comum-2\/' onclick='event.preventDefault()'>\r\n\t\tAno B &#8211; 05.\u00ba Domingo do Tempo Comum &#8211; Dehonianos\t<\/a>\r\n\t<\/div>\r\n<div id=\"142c5e65tm\" class=\"panel-collapse collapse \">\r\n\t<div class=\"panel-body\">\r\n\t\t<div class=\"pt-cv-content\"><p><iframe loading=\"lazy\" title=\"Ano B - 5.\u00ba Domingo do Tempo Comum. Coment\u00e1rio do padre Manuel Barbosa, scj\" width=\"1080\" height=\"608\" src=\"https:\/\/www.youtube.com\/embed\/yrpGWpRurVc?feature=oembed\"  allow=\"accelerometer; autoplay; clipboard-write; encrypted-media; gyroscope; picture-in-picture\" allowfullscreen><\/iframe><\/p>\n<p><em>Comprometidos com o Evangelho<\/em><\/p>\n<p> <a href=\"http:\/\/sites.ecclesia.pt\/liturgia\/ano-b-5-o-domingo-do-tempo-comum-2\/#more-198546\" class=\"more-link\"><span aria-label=\"Continue a ler Ano B &#8211; 05.\u00ba Domingo do Tempo Comum &#8211; Dehonianos\">(mais&hellip;)<\/span><\/a><\/p>\n<\/div>\t<\/div>\r\n<\/div><\/div>\n<div class=\"panel panel-default pt-cv-content-item pt-cv-1-col\" >\r\n<div class=\"panel-heading pt-cv-title\">\r\n    <a class=\"panel-title\" data-toggle=\"cvcollapse\" data-parent=\"#a4466cbz75\" data-target=\"#f365aafqyx\" href='http:\/\/sites.ecclesia.pt\/liturgia\/ano-b-05o-domingo-do-tempo-comum-dehonianos\/' onclick='event.preventDefault()'>\r\n\t\tAno B &#8211; 05.\u00ba Domingo do Tempo Comum &#8211; Dehonianos\t<\/a>\r\n\t<\/div>\r\n<div id=\"f365aafqyx\" class=\"panel-collapse collapse \">\r\n\t<div class=\"panel-body\">\r\n\t\t<div class=\"pt-cv-content\"><p><iframe loading=\"lazy\" title=\"05.\u00ba domingo do Tempo Comum - Ano B\" width=\"1080\" height=\"608\" src=\"https:\/\/www.youtube.com\/embed\/IBkmcSNrTdg?feature=oembed\" frameborder=\"0\" allow=\"accelerometer; autoplay; encrypted-media; gyroscope; picture-in-picture\" allowfullscreen><\/iframe><\/p>\n<p>&nbsp;<\/p>\n<\/div>\t<\/div>\r\n<\/div><\/div>\n<div class=\"panel panel-default pt-cv-content-item pt-cv-1-col\" >\r\n<div class=\"panel-heading pt-cv-title\">\r\n    <a class=\"panel-title\" data-toggle=\"cvcollapse\" data-parent=\"#a4466cbz75\" data-target=\"#41d4fde6qx\" href='http:\/\/sites.ecclesia.pt\/liturgia\/ano-b-06-o-domingo-do-tempo-comum-dehonianos\/' onclick='event.preventDefault()'>\r\n\t\tAno B &#8211; 06.\u00ba Domingo do Tempo Comum &#8211; Dehonianos\t<\/a>\r\n\t<\/div>\r\n<div id=\"41d4fde6qx\" class=\"panel-collapse collapse \">\r\n\t<div class=\"panel-body\">\r\n\t\t<div class=\"pt-cv-content\"><p><iframe loading=\"lazy\" title=\"Ano B - 6.\u00ba Domingo do Tempo Comum\" width=\"1080\" height=\"608\" src=\"https:\/\/www.youtube.com\/embed\/M7lNRmiNmDk?feature=oembed\"  allow=\"accelerometer; autoplay; clipboard-write; encrypted-media; gyroscope; picture-in-picture\" allowfullscreen><\/iframe><\/p>\n<p>Passar da indiferen\u00e7a \u00e0 proximidade<\/p>\n<p> <a href=\"http:\/\/sites.ecclesia.pt\/liturgia\/ano-b-06-o-domingo-do-tempo-comum-dehonianos\/#more-199333\" class=\"more-link\"><span aria-label=\"Continue a ler Ano B &#8211; 06.\u00ba Domingo do Tempo Comum &#8211; Dehonianos\">(mais&hellip;)<\/span><\/a><\/p>\n<\/div>\t<\/div>\r\n<\/div><\/div>\n<div class=\"panel panel-default pt-cv-content-item pt-cv-1-col\" >\r\n<div class=\"panel-heading pt-cv-title\">\r\n    <a class=\"panel-title\" data-toggle=\"cvcollapse\" data-parent=\"#a4466cbz75\" data-target=\"#dcb5176p15\" href='http:\/\/sites.ecclesia.pt\/liturgia\/ano-b-06o-domingo-do-tempo-comum-dehonianos\/' onclick='event.preventDefault()'>\r\n\t\tAno B &#8211; 06.\u00ba Domingo do Tempo Comum &#8211; Dehonianos\t<\/a>\r\n\t<\/div>\r\n<div id=\"dcb5176p15\" class=\"panel-collapse collapse \">\r\n\t<div class=\"panel-body\">\r\n\t\t<div class=\"pt-cv-content\"><p><iframe loading=\"lazy\" title=\"06.\u00ba Domingo do Tempo Comum - Ano B\" width=\"1080\" height=\"608\" src=\"https:\/\/www.youtube.com\/embed\/IwoOhB9nIG4?feature=oembed\" frameborder=\"0\" allow=\"accelerometer; autoplay; encrypted-media; gyroscope; picture-in-picture\" allowfullscreen><\/iframe><\/p>\n<\/div>\t<\/div>\r\n<\/div><\/div>\n<div class=\"panel panel-default pt-cv-content-item pt-cv-1-col\" >\r\n<div class=\"panel-heading pt-cv-title\">\r\n    <a class=\"panel-title\" data-toggle=\"cvcollapse\" data-parent=\"#a4466cbz75\" data-target=\"#93cf1537s9\" href='http:\/\/sites.ecclesia.pt\/liturgia\/ano-b-09o-domingo-do-tempo-comum-dehonianos\/' onclick='event.preventDefault()'>\r\n\t\tAno B &#8211; 09.\u00ba Domingo do Tempo Comum &#8211; Dehonianos\t<\/a>\r\n\t<\/div>\r\n<div id=\"93cf1537s9\" class=\"panel-collapse collapse \">\r\n\t<div class=\"panel-body\">\r\n\t\t<div class=\"pt-cv-content\"><p><iframe loading=\"lazy\" title=\"Ano B - 9.\u00ba Domingo do tempo comum\" width=\"1080\" height=\"608\" src=\"https:\/\/www.youtube.com\/embed\/7Kkj_Rqq7t4?feature=oembed\"  allow=\"accelerometer; autoplay; clipboard-write; encrypted-media; gyroscope; picture-in-picture\" allowfullscreen><\/iframe><\/p>\n<p>Celebrar o Dia do Senhor <a href=\"http:\/\/sites.ecclesia.pt\/liturgia\/ano-b-09o-domingo-do-tempo-comum-dehonianos\/#more-106897\" class=\"more-link\"><span aria-label=\"Continue a ler Ano B &#8211; 09.\u00ba Domingo do Tempo Comum &#8211; Dehonianos\">(mais&hellip;)<\/span><\/a><\/p>\n<\/div>\t<\/div>\r\n<\/div><\/div>\n<div class=\"panel panel-default pt-cv-content-item pt-cv-1-col\" >\r\n<div class=\"panel-heading pt-cv-title\">\r\n    <a class=\"panel-title\" data-toggle=\"cvcollapse\" data-parent=\"#a4466cbz75\" data-target=\"#c176d2e5xv\" href='http:\/\/sites.ecclesia.pt\/liturgia\/ano-b-10o-domingo-do-tempo-comum-dehonianos\/' onclick='event.preventDefault()'>\r\n\t\tAno B &#8211; 10.\u00ba Domingo do Tempo Comum &#8211; Dehonianos\t<\/a>\r\n\t<\/div>\r\n<div id=\"c176d2e5xv\" class=\"panel-collapse collapse \">\r\n\t<div class=\"panel-body\">\r\n\t\t<div class=\"pt-cv-content\"><p><iframe loading=\"lazy\" width=\"1080\" height=\"608\" src=\"https:\/\/www.youtube.com\/embed\/ubPAQOzKajM?feature=oembed\" frameborder=\"0\" allow=\"autoplay; encrypted-media\" allowfullscreen><\/iframe><\/p>\n<p>Quem \u00e9 Jesus? Como seguimos Jesus? <a href=\"http:\/\/sites.ecclesia.pt\/liturgia\/ano-b-10o-domingo-do-tempo-comum-dehonianos\/#more-107266\" class=\"more-link\"><span aria-label=\"Continue a ler Ano B &#8211; 10.\u00ba Domingo do Tempo Comum &#8211; Dehonianos\">(mais&hellip;)<\/span><\/a><\/p>\n<\/div>\t<\/div>\r\n<\/div><\/div>\n<div class=\"panel panel-default pt-cv-content-item pt-cv-1-col\" >\r\n<div class=\"panel-heading pt-cv-title\">\r\n    <a class=\"panel-title\" data-toggle=\"cvcollapse\" data-parent=\"#a4466cbz75\" data-target=\"#3ae1dacnbh\" href='http:\/\/sites.ecclesia.pt\/liturgia\/ano-b-10-o-domingo-do-tempo-comum-dehonianos\/' onclick='event.preventDefault()'>\r\n\t\tAno B &#8211; 10.\u00ba Domingo do Tempo Comum &#8211; Dehonianos\t<\/a>\r\n\t<\/div>\r\n<div id=\"3ae1dacnbh\" class=\"panel-collapse collapse \">\r\n\t<div class=\"panel-body\">\r\n\t\t<div class=\"pt-cv-content\"><p><iframe loading=\"lazy\" title=\"Ano B - 10.\u00ba Domingo do Tempo Comum. Coment\u00e1rio do padre Manuel Barbosa, scj\" width=\"1080\" height=\"608\" src=\"https:\/\/www.youtube.com\/embed\/xeQz6CGzNZQ?feature=oembed\"  allow=\"accelerometer; autoplay; clipboard-write; encrypted-media; gyroscope; picture-in-picture\" allowfullscreen><\/iframe><\/p>\n<p><em>Quem \u00e9 Jesus? Como seguimos Jesus?<\/em><\/p>\n<p> <a href=\"http:\/\/sites.ecclesia.pt\/liturgia\/ano-b-10-o-domingo-do-tempo-comum-dehonianos\/#more-200027\" class=\"more-link\"><span aria-label=\"Continue a ler Ano B &#8211; 10.\u00ba Domingo do Tempo Comum &#8211; Dehonianos\">(mais&hellip;)<\/span><\/a><\/p>\n<\/div>\t<\/div>\r\n<\/div><\/div>\n<div class=\"panel panel-default pt-cv-content-item pt-cv-1-col\" >\r\n<div class=\"panel-heading pt-cv-title\">\r\n    <a class=\"panel-title\" data-toggle=\"cvcollapse\" data-parent=\"#a4466cbz75\" data-target=\"#57c4bb1z2a\" href='http:\/\/sites.ecclesia.pt\/liturgia\/ano-b-11-o-domingo-do-tempo-comum-dehonianos\/' onclick='event.preventDefault()'>\r\n\t\tAno B &#8211; 11.\u00ba Domingo do tempo Comum &#8211; Dehonianos\t<\/a>\r\n\t<\/div>\r\n<div id=\"57c4bb1z2a\" class=\"panel-collapse collapse \">\r\n\t<div class=\"panel-body\">\r\n\t\t<div class=\"pt-cv-content\"><p><iframe loading=\"lazy\" title=\"Ano B - 11.\u00ba Domingo do tempo Comum. Coment\u00e1rio do padre Manuel Barbosa, scj\" width=\"1080\" height=\"608\" src=\"https:\/\/www.youtube.com\/embed\/tKbzFC1iTWU?feature=oembed\"  allow=\"accelerometer; autoplay; clipboard-write; encrypted-media; gyroscope; picture-in-picture\" allowfullscreen><\/iframe><\/p>\n<p><em>Fazer crescer a semente do Reino<\/em><\/p>\n<p> <a href=\"http:\/\/sites.ecclesia.pt\/liturgia\/ano-b-11-o-domingo-do-tempo-comum-dehonianos\/#more-200037\" class=\"more-link\"><span aria-label=\"Continue a ler Ano B &#8211; 11.\u00ba Domingo do tempo Comum &#8211; Dehonianos\">(mais&hellip;)<\/span><\/a><\/p>\n<\/div>\t<\/div>\r\n<\/div><\/div>\n<div class=\"panel panel-default pt-cv-content-item pt-cv-1-col\" >\r\n<div class=\"panel-heading pt-cv-title\">\r\n    <a class=\"panel-title\" data-toggle=\"cvcollapse\" data-parent=\"#a4466cbz75\" data-target=\"#86f1f77p7v\" href='http:\/\/sites.ecclesia.pt\/liturgia\/ano-b-11o-domingo-do-tempo-comum-dehonianos\/' onclick='event.preventDefault()'>\r\n\t\tAno B &#8211; 11.\u00ba Domingo do Tempo Comum &#8211; Dehonianos\t<\/a>\r\n\t<\/div>\r\n<div id=\"86f1f77p7v\" class=\"panel-collapse collapse \">\r\n\t<div class=\"panel-body\">\r\n\t\t<div class=\"pt-cv-content\"><p><iframe loading=\"lazy\" title=\"Ano B - 11.\u00ba Domingo do Tempo Comum\" width=\"1080\" height=\"608\" src=\"https:\/\/www.youtube.com\/embed\/ibKsw5AJXak?feature=oembed\"  allow=\"accelerometer; autoplay; clipboard-write; encrypted-media; gyroscope; picture-in-picture\" allowfullscreen><\/iframe><\/p>\n<p><em>Fazer crescer a semente do Reino<\/em> <a href=\"http:\/\/sites.ecclesia.pt\/liturgia\/ano-b-11o-domingo-do-tempo-comum-dehonianos\/#more-107937\" class=\"more-link\"><span aria-label=\"Continue a ler Ano B &#8211; 11.\u00ba Domingo do Tempo Comum &#8211; Dehonianos\">(mais&hellip;)<\/span><\/a><\/p>\n<\/div>\t<\/div>\r\n<\/div><\/div>\n<div class=\"panel panel-default pt-cv-content-item pt-cv-1-col\" >\r\n<div class=\"panel-heading pt-cv-title\">\r\n    <a class=\"panel-title\" data-toggle=\"cvcollapse\" data-parent=\"#a4466cbz75\" data-target=\"#3d61cf1hup\" href='http:\/\/sites.ecclesia.pt\/liturgia\/ano-b-12-o-domingo-do-tempo-comum-dehonianos\/' onclick='event.preventDefault()'>\r\n\t\tAno B &#8211; 12.\u00ba Domingo do Tempo Comum &#8211; Dehonianos\t<\/a>\r\n\t<\/div>\r\n<div id=\"3d61cf1hup\" class=\"panel-collapse collapse \">\r\n\t<div class=\"panel-body\">\r\n\t\t<div class=\"pt-cv-content\"><p><iframe loading=\"lazy\" title=\"Ano B - 12.\u00ba Domingo do Tempo Comum. Coment\u00e1rio do padre Manuel Barbosa, scj\" width=\"1080\" height=\"608\" src=\"https:\/\/www.youtube.com\/embed\/0SB3Wwj1yOc?feature=oembed\"  allow=\"accelerometer; autoplay; clipboard-write; encrypted-media; gyroscope; picture-in-picture\" allowfullscreen><\/iframe><\/p>\n<p><em>Confiar sempre em Deus<\/em><\/p>\n<p> <a href=\"http:\/\/sites.ecclesia.pt\/liturgia\/ano-b-12-o-domingo-do-tempo-comum-dehonianos\/#more-200051\" class=\"more-link\"><span aria-label=\"Continue a ler Ano B &#8211; 12.\u00ba Domingo do Tempo Comum &#8211; Dehonianos\">(mais&hellip;)<\/span><\/a><\/p>\n<\/div>\t<\/div>\r\n<\/div><\/div>\n<div class=\"panel panel-default pt-cv-content-item pt-cv-1-col\" >\r\n<div class=\"panel-heading pt-cv-title\">\r\n    <a class=\"panel-title\" data-toggle=\"cvcollapse\" data-parent=\"#a4466cbz75\" data-target=\"#c3cc3158jx\" href='http:\/\/sites.ecclesia.pt\/liturgia\/ano-b-12o-domingo-do-tempo-comum-dehonianos\/' onclick='event.preventDefault()'>\r\n\t\tAno B &#8211; 12.\u00ba Domingo do Tempo Comum &#8211; Dehonianos\t<\/a>\r\n\t<\/div>\r\n<div id=\"c3cc3158jx\" class=\"panel-collapse collapse \">\r\n\t<div class=\"panel-body\">\r\n\t\t<div class=\"pt-cv-content\"><p><iframe loading=\"lazy\" title=\"12.\u00ba domingo do Tempo Comum - Ano B\" width=\"1080\" height=\"608\" src=\"https:\/\/www.youtube.com\/embed\/y9CPPWo-4rY?feature=oembed\" frameborder=\"0\" allow=\"accelerometer; autoplay; encrypted-media; gyroscope; picture-in-picture\" allowfullscreen><\/iframe><\/p>\n<\/div>\t<\/div>\r\n<\/div><\/div>\n<div class=\"panel panel-default pt-cv-content-item pt-cv-1-col\" >\r\n<div class=\"panel-heading pt-cv-title\">\r\n    <a class=\"panel-title\" data-toggle=\"cvcollapse\" data-parent=\"#a4466cbz75\" data-target=\"#d5c1356ta0\" href='http:\/\/sites.ecclesia.pt\/liturgia\/ano-b-13-o-domingo-do-tempo-comum-dehonianos\/' onclick='event.preventDefault()'>\r\n\t\tAno B &#8211; 13.\u00ba Domingo do Tempo Comum &#8211; Dehonianos\t<\/a>\r\n\t<\/div>\r\n<div id=\"d5c1356ta0\" class=\"panel-collapse collapse \">\r\n\t<div class=\"panel-body\">\r\n\t\t<div class=\"pt-cv-content\"><p><iframe loading=\"lazy\" title=\"Ano B - 13.\u00ba Domingo do Tempo Comum. Coment\u00e1rio do padre Manuel Barbosa, scj\" width=\"1080\" height=\"608\" src=\"https:\/\/www.youtube.com\/embed\/84DgQyq2bTw?feature=oembed\"  allow=\"accelerometer; autoplay; clipboard-write; encrypted-media; gyroscope; picture-in-picture\" allowfullscreen><\/iframe><\/p>\n<p><em>A f\u00e9 que faz viver<\/em><\/p>\n<p> <a href=\"http:\/\/sites.ecclesia.pt\/liturgia\/ano-b-13-o-domingo-do-tempo-comum-dehonianos\/#more-200060\" class=\"more-link\"><span aria-label=\"Continue a ler Ano B &#8211; 13.\u00ba Domingo do Tempo Comum &#8211; Dehonianos\">(mais&hellip;)<\/span><\/a><\/p>\n<\/div>\t<\/div>\r\n<\/div><\/div>\n<div class=\"panel panel-default pt-cv-content-item pt-cv-1-col\" >\r\n<div class=\"panel-heading pt-cv-title\">\r\n    <a class=\"panel-title\" data-toggle=\"cvcollapse\" data-parent=\"#a4466cbz75\" data-target=\"#18d3abez01\" href='http:\/\/sites.ecclesia.pt\/liturgia\/ano-b-13o-domingo-do-tempo-comum-dehonianos\/' onclick='event.preventDefault()'>\r\n\t\tAno B &#8211; 13.\u00ba Domingo do Tempo Comum &#8211; Dehonianos\t<\/a>\r\n\t<\/div>\r\n<div id=\"18d3abez01\" class=\"panel-collapse collapse \">\r\n\t<div class=\"panel-body\">\r\n\t\t<div class=\"pt-cv-content\"><p><iframe loading=\"lazy\" width=\"1080\" height=\"608\" src=\"https:\/\/www.youtube.com\/embed\/JUnoNRhM7uY?feature=oembed\" frameborder=\"0\" allow=\"autoplay; encrypted-media\" allowfullscreen><\/iframe><\/p>\n<p>A f\u00e9 que faz viver<\/p>\n<p> <a href=\"http:\/\/sites.ecclesia.pt\/liturgia\/ano-b-13o-domingo-do-tempo-comum-dehonianos\/#more-109279\" class=\"more-link\"><span aria-label=\"Continue a ler Ano B &#8211; 13.\u00ba Domingo do Tempo Comum &#8211; Dehonianos\">(mais&hellip;)<\/span><\/a><\/p>\n<\/div>\t<\/div>\r\n<\/div><\/div>\n<div class=\"panel panel-default pt-cv-content-item pt-cv-1-col\" >\r\n<div class=\"panel-heading pt-cv-title\">\r\n    <a class=\"panel-title\" data-toggle=\"cvcollapse\" data-parent=\"#a4466cbz75\" data-target=\"#03731eblxe\" href='http:\/\/sites.ecclesia.pt\/liturgia\/ano-b-14-o-domingo-do-tempo-comum-dehonianos\/' onclick='event.preventDefault()'>\r\n\t\tAno B &#8211; 14.\u00ba Domingo do Tempo Comum &#8211; Dehonianos\t<\/a>\r\n\t<\/div>\r\n<div id=\"03731eblxe\" class=\"panel-collapse collapse \">\r\n\t<div class=\"panel-body\">\r\n\t\t<div class=\"pt-cv-content\"><p><iframe loading=\"lazy\" title=\"Ano B - 14\u00ba Domingo do Tempo Comum. Coment\u00e1rio do padre Manuel Barbosa, scj\" width=\"1080\" height=\"608\" src=\"https:\/\/www.youtube.com\/embed\/3AE264j1_Og?feature=oembed\"  allow=\"accelerometer; autoplay; clipboard-write; encrypted-media; gyroscope; picture-in-picture\" allowfullscreen><\/iframe><\/p>\n<p><em>Profetas na alegria do Evangelho<\/em><\/p>\n<p> <a href=\"http:\/\/sites.ecclesia.pt\/liturgia\/ano-b-14-o-domingo-do-tempo-comum-dehonianos\/#more-200078\" class=\"more-link\"><span aria-label=\"Continue a ler Ano B &#8211; 14.\u00ba Domingo do Tempo Comum &#8211; Dehonianos\">(mais&hellip;)<\/span><\/a><\/p>\n<\/div>\t<\/div>\r\n<\/div><\/div>\n<div class=\"panel panel-default pt-cv-content-item pt-cv-1-col\" >\r\n<div class=\"panel-heading pt-cv-title\">\r\n    <a class=\"panel-title\" data-toggle=\"cvcollapse\" data-parent=\"#a4466cbz75\" data-target=\"#ffaa34euj1\" href='http:\/\/sites.ecclesia.pt\/liturgia\/ano-b-14o-domingo-do-tempo-comum-dehonianos\/' onclick='event.preventDefault()'>\r\n\t\tAno B &#8211; 14.\u00ba Domingo do Tempo Comum &#8211; Dehonianos\t<\/a>\r\n\t<\/div>\r\n<div id=\"ffaa34euj1\" class=\"panel-collapse collapse \">\r\n\t<div class=\"panel-body\">\r\n\t\t<div class=\"pt-cv-content\"><p><iframe loading=\"lazy\" title=\"14.\u00ba domingo do Tempo Comum - Ano B\" width=\"1080\" height=\"608\" src=\"https:\/\/www.youtube.com\/embed\/oV__NrGg-LM?feature=oembed\" frameborder=\"0\" allow=\"accelerometer; autoplay; encrypted-media; gyroscope; picture-in-picture\" allowfullscreen><\/iframe><\/p>\n<\/div>\t<\/div>\r\n<\/div><\/div>\n<div class=\"panel panel-default pt-cv-content-item pt-cv-1-col\" >\r\n<div class=\"panel-heading pt-cv-title\">\r\n    <a class=\"panel-title\" data-toggle=\"cvcollapse\" data-parent=\"#a4466cbz75\" data-target=\"#6147701ake\" href='http:\/\/sites.ecclesia.pt\/liturgia\/ano-b-15-o-domingo-do-tempo-comum-dehonianos\/' onclick='event.preventDefault()'>\r\n\t\tAno B &#8211; 15.\u00ba Domingo do Tempo Comum &#8211; Dehonianos\t<\/a>\r\n\t<\/div>\r\n<div id=\"6147701ake\" class=\"panel-collapse collapse \">\r\n\t<div class=\"panel-body\">\r\n\t\t<div class=\"pt-cv-content\"><p><iframe loading=\"lazy\" title=\"Ano B - 15.\u00ba Domingo do Tempo Comum. Coment\u00e1rio do padre Manuel Barbosa, scj\" width=\"1080\" height=\"608\" src=\"https:\/\/www.youtube.com\/embed\/RkivLoHc0x4?feature=oembed\"  allow=\"accelerometer; autoplay; clipboard-write; encrypted-media; gyroscope; picture-in-picture\" allowfullscreen><\/iframe><\/p>\n<p><em>Disc\u00edpulos de Cristo, sempre em miss\u00e3o<\/em><\/p>\n<p> <a href=\"http:\/\/sites.ecclesia.pt\/liturgia\/ano-b-15-o-domingo-do-tempo-comum-dehonianos\/#more-200085\" class=\"more-link\"><span aria-label=\"Continue a ler Ano B &#8211; 15.\u00ba Domingo do Tempo Comum &#8211; Dehonianos\">(mais&hellip;)<\/span><\/a><\/p>\n<\/div>\t<\/div>\r\n<\/div><\/div>\n<div class=\"panel panel-default pt-cv-content-item pt-cv-1-col\" >\r\n<div class=\"panel-heading pt-cv-title\">\r\n    <a class=\"panel-title\" data-toggle=\"cvcollapse\" data-parent=\"#a4466cbz75\" data-target=\"#9ca66e5uzk\" href='http:\/\/sites.ecclesia.pt\/liturgia\/ano-b-15o-domingo-do-tempo-comum-dehonianos\/' onclick='event.preventDefault()'>\r\n\t\tAno B &#8211; 15.\u00ba Domingo do Tempo Comum &#8211; Dehonianos\t<\/a>\r\n\t<\/div>\r\n<div id=\"9ca66e5uzk\" class=\"panel-collapse collapse \">\r\n\t<div class=\"panel-body\">\r\n\t\t<div class=\"pt-cv-content\"><p><iframe loading=\"lazy\" width=\"1080\" height=\"608\" src=\"https:\/\/www.youtube.com\/embed\/p1npCiC6AmM?feature=oembed\" frameborder=\"0\" allow=\"autoplay; encrypted-media\" allowfullscreen><\/iframe><\/p>\n<p>Disc\u00edpulos de Cristo, sempre em miss\u00e3o <a href=\"http:\/\/sites.ecclesia.pt\/liturgia\/ano-b-15o-domingo-do-tempo-comum-dehonianos\/#more-110254\" class=\"more-link\"><span aria-label=\"Continue a ler Ano B &#8211; 15.\u00ba Domingo do Tempo Comum &#8211; Dehonianos\">(mais&hellip;)<\/span><\/a><\/p>\n<\/div>\t<\/div>\r\n<\/div><\/div>\n<div class=\"panel panel-default pt-cv-content-item pt-cv-1-col\" >\r\n<div class=\"panel-heading pt-cv-title\">\r\n    <a class=\"panel-title\" data-toggle=\"cvcollapse\" data-parent=\"#a4466cbz75\" data-target=\"#a5229daqg4\" href='http:\/\/sites.ecclesia.pt\/liturgia\/ano-b-16-o-domingo-do-tempo-comum-dehonianos\/' onclick='event.preventDefault()'>\r\n\t\tAno B &#8211; 16.\u00ba Domingo do Tempo Comum &#8211; Dehonianos\t<\/a>\r\n\t<\/div>\r\n<div id=\"a5229daqg4\" class=\"panel-collapse collapse \">\r\n\t<div class=\"panel-body\">\r\n\t\t<div class=\"pt-cv-content\"><p><iframe loading=\"lazy\" title=\"Ano B - 16\u00ba Domingo do Tempo Comum. Coment\u00e1rio do padre Manuel Barbosa, scj\" width=\"1080\" height=\"608\" src=\"https:\/\/www.youtube.com\/embed\/tyKe4dukNl8?feature=oembed\"  allow=\"accelerometer; autoplay; clipboard-write; encrypted-media; gyroscope; picture-in-picture\" allowfullscreen><\/iframe><\/p>\n<p><em>O Pastor cuida dos seus disc\u00edpulos<\/em><\/p>\n<p> <a href=\"http:\/\/sites.ecclesia.pt\/liturgia\/ano-b-16-o-domingo-do-tempo-comum-dehonianos\/#more-200088\" class=\"more-link\"><span aria-label=\"Continue a ler Ano B &#8211; 16.\u00ba Domingo do Tempo Comum &#8211; Dehonianos\">(mais&hellip;)<\/span><\/a><\/p>\n<\/div>\t<\/div>\r\n<\/div><\/div>\n<div class=\"panel panel-default pt-cv-content-item pt-cv-1-col\" >\r\n<div class=\"panel-heading pt-cv-title\">\r\n    <a class=\"panel-title\" data-toggle=\"cvcollapse\" data-parent=\"#a4466cbz75\" data-target=\"#959ff62qaw\" href='http:\/\/sites.ecclesia.pt\/liturgia\/ano-b-17-o-domingo-do-tempo-comum-dehonianos\/' onclick='event.preventDefault()'>\r\n\t\tAno B &#8211; 17.\u00ba Domingo do Tempo Comum &#8211; Dehonianos\t<\/a>\r\n\t<\/div>\r\n<div id=\"959ff62qaw\" class=\"panel-collapse collapse \">\r\n\t<div class=\"panel-body\">\r\n\t\t<div class=\"pt-cv-content\"><p><iframe loading=\"lazy\" title=\"Ano B - 17.\u00ba Domingo do Tempo Comum. Coment\u00e1rio do padre Manuel Barbosa, scj\" width=\"1080\" height=\"608\" src=\"https:\/\/www.youtube.com\/embed\/iJ6UnVIIi2w?feature=oembed\"  allow=\"accelerometer; autoplay; clipboard-write; encrypted-media; gyroscope; picture-in-picture\" allowfullscreen><\/iframe><\/p>\n<p><em>Saciar as fomes do pr\u00f3ximo<\/em><\/p>\n<p> <a href=\"http:\/\/sites.ecclesia.pt\/liturgia\/ano-b-17-o-domingo-do-tempo-comum-dehonianos\/#more-200091\" class=\"more-link\"><span aria-label=\"Continue a ler Ano B &#8211; 17.\u00ba Domingo do Tempo Comum &#8211; Dehonianos\">(mais&hellip;)<\/span><\/a><\/p>\n<\/div>\t<\/div>\r\n<\/div><\/div>\n<div class=\"panel panel-default pt-cv-content-item pt-cv-1-col\" >\r\n<div class=\"panel-heading pt-cv-title\">\r\n    <a class=\"panel-title\" data-toggle=\"cvcollapse\" data-parent=\"#a4466cbz75\" data-target=\"#3519677ipx\" href='http:\/\/sites.ecclesia.pt\/liturgia\/ano-b-18o-domingo-do-tempo-comum-dehonianos\/' onclick='event.preventDefault()'>\r\n\t\tAno B &#8211; 18\u00ba Domingo do Tempo Comum &#8211; Dehonianos\t<\/a>\r\n\t<\/div>\r\n<div id=\"3519677ipx\" class=\"panel-collapse collapse \">\r\n\t<div class=\"panel-body\">\r\n\t\t<div class=\"pt-cv-content\"><p><iframe loading=\"lazy\" title=\"Ano B - 18.\u00ba Domingo do Tempo Comum. Coment\u00e1rio do padre Manuel Barbosa, scj\" width=\"1080\" height=\"608\" src=\"https:\/\/www.youtube.com\/embed\/ujDulq_6R8E?feature=oembed\"  allow=\"accelerometer; autoplay; clipboard-write; encrypted-media; gyroscope; picture-in-picture\" allowfullscreen><\/iframe><\/p>\n<p><em>Cristo \u00e9 o alimento do meu viver?<\/em><\/p>\n<p> <a href=\"http:\/\/sites.ecclesia.pt\/liturgia\/ano-b-18o-domingo-do-tempo-comum-dehonianos\/#more-200141\" class=\"more-link\"><span aria-label=\"Continue a ler Ano B &#8211; 18\u00ba Domingo do Tempo Comum &#8211; Dehonianos\">(mais&hellip;)<\/span><\/a><\/p>\n<\/div>\t<\/div>\r\n<\/div><\/div>\n<div class=\"panel panel-default pt-cv-content-item pt-cv-1-col\" >\r\n<div class=\"panel-heading pt-cv-title\">\r\n    <a class=\"panel-title\" data-toggle=\"cvcollapse\" data-parent=\"#a4466cbz75\" data-target=\"#310e2fad5m\" href='http:\/\/sites.ecclesia.pt\/liturgia\/ano-b-23-o-domingo-do-tempo-comum-dehonianos\/' onclick='event.preventDefault()'>\r\n\t\tAno B &#8211; 23.\u00ba Domingo do Tempo Comum &#8211; Dehonianos\t<\/a>\r\n\t<\/div>\r\n<div id=\"310e2fad5m\" class=\"panel-collapse collapse \">\r\n\t<div class=\"panel-body\">\r\n\t\t<div class=\"pt-cv-content\"><p><iframe loading=\"lazy\" title=\"Ano B - 23.\u00ba Domingo do Tempo Comum. Coment\u00e1rio do padre Manuel Barbosa, scj\" width=\"1080\" height=\"608\" src=\"https:\/\/www.youtube.com\/embed\/Qg-BvTLDsBk?feature=oembed\"  allow=\"accelerometer; autoplay; clipboard-write; encrypted-media; gyroscope; picture-in-picture\" allowfullscreen><\/iframe><\/p>\n<p><em>Abre-te!<\/em><\/p>\n<p> <a href=\"http:\/\/sites.ecclesia.pt\/liturgia\/ano-b-23-o-domingo-do-tempo-comum-dehonianos\/#more-200138\" class=\"more-link\"><span aria-label=\"Continue a ler Ano B &#8211; 23.\u00ba Domingo do Tempo Comum &#8211; Dehonianos\">(mais&hellip;)<\/span><\/a><\/p>\n<\/div>\t<\/div>\r\n<\/div><\/div>\n<div class=\"panel panel-default pt-cv-content-item pt-cv-1-col\" >\r\n<div class=\"panel-heading pt-cv-title\">\r\n    <a class=\"panel-title\" data-toggle=\"cvcollapse\" data-parent=\"#a4466cbz75\" data-target=\"#bae547fr64\" href='http:\/\/sites.ecclesia.pt\/liturgia\/ano-b-24o-domingo-do-tempo-comum-dehonianos\/' onclick='event.preventDefault()'>\r\n\t\tAno B &#8211; 24.\u00ba Domingo do Tempo Comum &#8211; Dehonianos\t<\/a>\r\n\t<\/div>\r\n<div id=\"bae547fr64\" class=\"panel-collapse collapse \">\r\n\t<div class=\"panel-body\">\r\n\t\t<div class=\"pt-cv-content\"><p><iframe loading=\"lazy\" width=\"1080\" height=\"608\" src=\"https:\/\/www.youtube.com\/embed\/Z9qZKkTD76M?feature=oembed\" frameborder=\"0\" allow=\"autoplay; encrypted-media\" allowfullscreen><\/iframe><\/p>\n<p>Seguir Jesus Cristo, dar a vida<\/p>\n<p> <a href=\"http:\/\/sites.ecclesia.pt\/liturgia\/ano-b-24o-domingo-do-tempo-comum-dehonianos\/#more-114477\" class=\"more-link\"><span aria-label=\"Continue a ler Ano B &#8211; 24.\u00ba Domingo do Tempo Comum &#8211; Dehonianos\">(mais&hellip;)<\/span><\/a><\/p>\n<\/div>\t<\/div>\r\n<\/div><\/div>\n<div class=\"panel panel-default pt-cv-content-item pt-cv-1-col\" >\r\n<div class=\"panel-heading pt-cv-title\">\r\n    <a class=\"panel-title\" data-toggle=\"cvcollapse\" data-parent=\"#a4466cbz75\" data-target=\"#c62557cijs\" href='http:\/\/sites.ecclesia.pt\/liturgia\/ano-b-24-o-domingo-do-tempo-comum-dehonianos\/' onclick='event.preventDefault()'>\r\n\t\tAno B &#8211; 24.\u00ba Domingo do Tempo Comum &#8211; Dehonianos\t<\/a>\r\n\t<\/div>\r\n<div id=\"c62557cijs\" class=\"panel-collapse collapse \">\r\n\t<div class=\"panel-body\">\r\n\t\t<div class=\"pt-cv-content\"><p><iframe loading=\"lazy\" title=\"Ano B - 24.\u00ba Domingo do Tempo Comum. Coment\u00e1rio do padre Manuel Barbosa, scj\" width=\"1080\" height=\"608\" src=\"https:\/\/www.youtube.com\/embed\/sKQwkowt1jk?feature=oembed\"  allow=\"accelerometer; autoplay; clipboard-write; encrypted-media; gyroscope; picture-in-picture\" allowfullscreen><\/iframe><\/p>\n<p><em>Seguir Jesus Cristo, dar a vida<\/em><\/p>\n<p> <a href=\"http:\/\/sites.ecclesia.pt\/liturgia\/ano-b-24-o-domingo-do-tempo-comum-dehonianos\/#more-200135\" class=\"more-link\"><span aria-label=\"Continue a ler Ano B &#8211; 24.\u00ba Domingo do Tempo Comum &#8211; Dehonianos\">(mais&hellip;)<\/span><\/a><\/p>\n<\/div>\t<\/div>\r\n<\/div><\/div>\n<div class=\"panel panel-default pt-cv-content-item pt-cv-1-col\" >\r\n<div class=\"panel-heading pt-cv-title\">\r\n    <a class=\"panel-title\" data-toggle=\"cvcollapse\" data-parent=\"#a4466cbz75\" data-target=\"#4a57e6cdhm\" href='http:\/\/sites.ecclesia.pt\/liturgia\/ano-b-25-o-domingo-do-tempo-comum-dehonianos\/' onclick='event.preventDefault()'>\r\n\t\tAno B &#8211; 25.\u00ba Domingo do Tempo Comum &#8211; Dehonianos\t<\/a>\r\n\t<\/div>\r\n<div id=\"4a57e6cdhm\" class=\"panel-collapse collapse \">\r\n\t<div class=\"panel-body\">\r\n\t\t<div class=\"pt-cv-content\"><p><iframe loading=\"lazy\" title=\"Ano B - 25\u00ba Domingo do tempo Comum. Coment\u00e1rio do padre Manuel Barbosa, scj\" width=\"1080\" height=\"608\" src=\"https:\/\/www.youtube.com\/embed\/KG2_ITD_Zws?feature=oembed\"  allow=\"accelerometer; autoplay; clipboard-write; encrypted-media; gyroscope; picture-in-picture\" allowfullscreen><\/iframe><\/p>\n<p><em>Viver na sabedoria de Deus<\/em><\/p>\n<p> <a href=\"http:\/\/sites.ecclesia.pt\/liturgia\/ano-b-25-o-domingo-do-tempo-comum-dehonianos\/#more-200132\" class=\"more-link\"><span aria-label=\"Continue a ler Ano B &#8211; 25.\u00ba Domingo do Tempo Comum &#8211; Dehonianos\">(mais&hellip;)<\/span><\/a><\/p>\n<\/div>\t<\/div>\r\n<\/div><\/div>\n<div class=\"panel panel-default pt-cv-content-item pt-cv-1-col\" >\r\n<div class=\"panel-heading pt-cv-title\">\r\n    <a class=\"panel-title\" data-toggle=\"cvcollapse\" data-parent=\"#a4466cbz75\" data-target=\"#fade563cdb\" href='http:\/\/sites.ecclesia.pt\/liturgia\/ano-b-25o-domingo-do-tempo-comum-dehonianos\/' onclick='event.preventDefault()'>\r\n\t\tAno B &#8211; 25.\u00ba Domingo do Tempo Comum &#8211; Dehonianos\t<\/a>\r\n\t<\/div>\r\n<div id=\"fade563cdb\" class=\"panel-collapse collapse \">\r\n\t<div class=\"panel-body\">\r\n\t\t<div class=\"pt-cv-content\"><p><iframe loading=\"lazy\" width=\"1080\" height=\"810\" src=\"https:\/\/www.youtube.com\/embed\/ZkSRxbqNnsI?feature=oembed\" frameborder=\"0\" allow=\"autoplay; encrypted-media\" allowfullscreen><\/iframe><\/p>\n<p><em>Viver na sabedoria de Deus<\/em><\/p>\n<p> <a href=\"http:\/\/sites.ecclesia.pt\/liturgia\/ano-b-25o-domingo-do-tempo-comum-dehonianos\/#more-114926\" class=\"more-link\"><span aria-label=\"Continue a ler Ano B &#8211; 25.\u00ba Domingo do Tempo Comum &#8211; Dehonianos\">(mais&hellip;)<\/span><\/a><\/p>\n<\/div>\t<\/div>\r\n<\/div><\/div>\n<div class=\"panel panel-default pt-cv-content-item pt-cv-1-col\" >\r\n<div class=\"panel-heading pt-cv-title\">\r\n    <a class=\"panel-title\" data-toggle=\"cvcollapse\" data-parent=\"#a4466cbz75\" data-target=\"#b84308fns7\" href='http:\/\/sites.ecclesia.pt\/liturgia\/ano-b-26-o-domingo-do-tempo-comum-dehonianos\/' onclick='event.preventDefault()'>\r\n\t\tAno B &#8211; 26.\u00ba Domingo do Tempo Comum &#8211; Dehonianos\t<\/a>\r\n\t<\/div>\r\n<div id=\"b84308fns7\" class=\"panel-collapse collapse \">\r\n\t<div class=\"panel-body\">\r\n\t\t<div class=\"pt-cv-content\"><p><iframe loading=\"lazy\" title=\"Ano B - 26.\u00ba Domingo do tempo Comum. Coment\u00e1rio do padre Manuel Barbosa, scj\" width=\"1080\" height=\"608\" src=\"https:\/\/www.youtube.com\/embed\/QUDELdm-tbA?feature=oembed\"  allow=\"accelerometer; autoplay; clipboard-write; encrypted-media; gyroscope; picture-in-picture\" allowfullscreen><\/iframe><\/p>\n<p><em>Amar, sem muros nem barreiras<\/em><\/p>\n<p> <a href=\"http:\/\/sites.ecclesia.pt\/liturgia\/ano-b-26-o-domingo-do-tempo-comum-dehonianos\/#more-200129\" class=\"more-link\"><span aria-label=\"Continue a ler Ano B &#8211; 26.\u00ba Domingo do Tempo Comum &#8211; Dehonianos\">(mais&hellip;)<\/span><\/a><\/p>\n<\/div>\t<\/div>\r\n<\/div><\/div>\n<div class=\"panel panel-default pt-cv-content-item pt-cv-1-col\" >\r\n<div class=\"panel-heading pt-cv-title\">\r\n    <a class=\"panel-title\" data-toggle=\"cvcollapse\" data-parent=\"#a4466cbz75\" data-target=\"#3d5adacq7l\" href='http:\/\/sites.ecclesia.pt\/liturgia\/ano-b-27o-domingo-do-tempo-comum-dehonianos\/' onclick='event.preventDefault()'>\r\n\t\tAno B &#8211; 27.\u00ba Domingo do Tempo Comum &#8211; Dehonianos\t<\/a>\r\n\t<\/div>\r\n<div id=\"3d5adacq7l\" class=\"panel-collapse collapse \">\r\n\t<div class=\"panel-body\">\r\n\t\t<div class=\"pt-cv-content\"><p><iframe loading=\"lazy\" width=\"1080\" height=\"608\" src=\"https:\/\/www.youtube.com\/embed\/wT0iLyNP6N8?feature=oembed\" frameborder=\"0\" allow=\"autoplay; encrypted-media\" allowfullscreen><\/iframe><\/p>\n<p><em>Fam\u00edlia, b\u00ean\u00e7\u00e3o do amor de Deus<\/em> <a href=\"http:\/\/sites.ecclesia.pt\/liturgia\/ano-b-27o-domingo-do-tempo-comum-dehonianos\/#more-115912\" class=\"more-link\"><span aria-label=\"Continue a ler Ano B &#8211; 27.\u00ba Domingo do Tempo Comum &#8211; Dehonianos\">(mais&hellip;)<\/span><\/a><\/p>\n<\/div>\t<\/div>\r\n<\/div><\/div>\n<div class=\"panel panel-default pt-cv-content-item pt-cv-1-col\" >\r\n<div class=\"panel-heading pt-cv-title\">\r\n    <a class=\"panel-title\" data-toggle=\"cvcollapse\" data-parent=\"#a4466cbz75\" data-target=\"#6587516e6i\" href='http:\/\/sites.ecclesia.pt\/liturgia\/ano-b-28o-domingo-do-tempo-comum-dehonianos\/' onclick='event.preventDefault()'>\r\n\t\tAno B &#8211; 28.\u00ba Domingo do Tempo Comum &#8211; Dehonianos\t<\/a>\r\n\t<\/div>\r\n<div id=\"6587516e6i\" class=\"panel-collapse collapse \">\r\n\t<div class=\"panel-body\">\r\n\t\t<div class=\"pt-cv-content\"><p><iframe loading=\"lazy\" width=\"1080\" height=\"608\" src=\"https:\/\/www.youtube.com\/embed\/gtmlV6AerAE?feature=oembed\" frameborder=\"0\" allow=\"autoplay; encrypted-media\" allowfullscreen><\/iframe><\/p>\n<p>Vida eterna no quotidiano<\/p>\n<p> <a href=\"http:\/\/sites.ecclesia.pt\/liturgia\/ano-b-28o-domingo-do-tempo-comum-dehonianos\/#more-116573\" class=\"more-link\"><span aria-label=\"Continue a ler Ano B &#8211; 28.\u00ba Domingo do Tempo Comum &#8211; Dehonianos\">(mais&hellip;)<\/span><\/a><\/p>\n<\/div>\t<\/div>\r\n<\/div><\/div>\n<div class=\"panel panel-default pt-cv-content-item pt-cv-1-col\" >\r\n<div class=\"panel-heading pt-cv-title\">\r\n    <a class=\"panel-title\" data-toggle=\"cvcollapse\" data-parent=\"#a4466cbz75\" data-target=\"#22b21c2kzg\" href='http:\/\/sites.ecclesia.pt\/liturgia\/ano-b-28-o-domingo-do-tempo-comum-dehonianos\/' onclick='event.preventDefault()'>\r\n\t\tAno B &#8211; 28.\u00ba Domingo do Tempo Comum &#8211; Dehonianos\t<\/a>\r\n\t<\/div>\r\n<div id=\"22b21c2kzg\" class=\"panel-collapse collapse \">\r\n\t<div class=\"panel-body\">\r\n\t\t<div class=\"pt-cv-content\"><p><iframe loading=\"lazy\" title=\"Ano B - 28.\u00ba Domingo do Tempo Comum. Coment\u00e1rio do padre Manuel Barbosa, scj\" width=\"1080\" height=\"608\" src=\"https:\/\/www.youtube.com\/embed\/NeFr_AaNoTw?feature=oembed\"  allow=\"accelerometer; autoplay; clipboard-write; encrypted-media; gyroscope; picture-in-picture\" allowfullscreen><\/iframe><\/p>\n<p><em>Vida eterna no quotidiano<\/em><\/p>\n<p> <a href=\"http:\/\/sites.ecclesia.pt\/liturgia\/ano-b-28-o-domingo-do-tempo-comum-dehonianos\/#more-200126\" class=\"more-link\"><span aria-label=\"Continue a ler Ano B &#8211; 28.\u00ba Domingo do Tempo Comum &#8211; Dehonianos\">(mais&hellip;)<\/span><\/a><\/p>\n<\/div>\t<\/div>\r\n<\/div><\/div>\n<div class=\"panel panel-default pt-cv-content-item pt-cv-1-col\" >\r\n<div class=\"panel-heading pt-cv-title\">\r\n    <a class=\"panel-title\" data-toggle=\"cvcollapse\" data-parent=\"#a4466cbz75\" data-target=\"#842a834sch\" href='http:\/\/sites.ecclesia.pt\/liturgia\/ano-b-29o-domingo-do-tempo-comum-dehonianos\/' onclick='event.preventDefault()'>\r\n\t\tAno B &#8211; 29.\u00ba Domingo do Tempo Comum &#8211; Dehonianos\t<\/a>\r\n\t<\/div>\r\n<div id=\"842a834sch\" class=\"panel-collapse collapse \">\r\n\t<div class=\"panel-body\">\r\n\t\t<div class=\"pt-cv-content\"><p><iframe loading=\"lazy\" title=\"Ano B - 29\u00ba domingo do tempo comum\" width=\"1080\" height=\"608\" src=\"https:\/\/www.youtube.com\/embed\/w7IRrIIt9U8?feature=oembed\"  allow=\"accelerometer; autoplay; clipboard-write; encrypted-media; gyroscope; picture-in-picture\" allowfullscreen><\/iframe><\/p>\n<p>Disc\u00edpulos de Cristo, ao servi\u00e7o da miss\u00e3o <a href=\"http:\/\/sites.ecclesia.pt\/liturgia\/ano-b-29o-domingo-do-tempo-comum-dehonianos\/#more-117316\" class=\"more-link\"><span aria-label=\"Continue a ler Ano B &#8211; 29.\u00ba Domingo do Tempo Comum &#8211; Dehonianos\">(mais&hellip;)<\/span><\/a><\/p>\n<\/div>\t<\/div>\r\n<\/div><\/div>\n<div class=\"panel panel-default pt-cv-content-item pt-cv-1-col\" >\r\n<div class=\"panel-heading pt-cv-title\">\r\n    <a class=\"panel-title\" data-toggle=\"cvcollapse\" data-parent=\"#a4466cbz75\" data-target=\"#d1e2672s8f\" href='http:\/\/sites.ecclesia.pt\/liturgia\/ano-b-29-o-domingo-do-tempo-comum-dehonianos\/' onclick='event.preventDefault()'>\r\n\t\tAno B &#8211; 29.\u00ba Domingo do Tempo Comum &#8211; Dehonianos\t<\/a>\r\n\t<\/div>\r\n<div id=\"d1e2672s8f\" class=\"panel-collapse collapse \">\r\n\t<div class=\"panel-body\">\r\n\t\t<div class=\"pt-cv-content\"><p><iframe loading=\"lazy\" title=\"Ano B - 29.\u00ba Domingo do Tempo Comum. Coment\u00e1rio do padre Manuel Barbosa, scj\" width=\"1080\" height=\"608\" src=\"https:\/\/www.youtube.com\/embed\/VDrYk3Bw8sc?feature=oembed\"  allow=\"accelerometer; autoplay; clipboard-write; encrypted-media; gyroscope; picture-in-picture\" allowfullscreen><\/iframe><\/p>\n<p><em>Disc\u00edpulos de Cristo, ao servi\u00e7o da miss\u00e3o<\/em><\/p>\n<p> <a href=\"http:\/\/sites.ecclesia.pt\/liturgia\/ano-b-29-o-domingo-do-tempo-comum-dehonianos\/#more-200120\" class=\"more-link\"><span aria-label=\"Continue a ler Ano B &#8211; 29.\u00ba Domingo do Tempo Comum &#8211; Dehonianos\">(mais&hellip;)<\/span><\/a><\/p>\n<\/div>\t<\/div>\r\n<\/div><\/div>\n<div class=\"panel panel-default pt-cv-content-item pt-cv-1-col\" >\r\n<div class=\"panel-heading pt-cv-title\">\r\n    <a class=\"panel-title\" data-toggle=\"cvcollapse\" data-parent=\"#a4466cbz75\" data-target=\"#9c1cc0bhno\" href='http:\/\/sites.ecclesia.pt\/liturgia\/ano-b-30-o-domingo-do-tempo-comum-dehonianos\/' onclick='event.preventDefault()'>\r\n\t\tAno B &#8211; 30.\u00ba Domingo do Tempo Comum &#8211; Dehonianos\t<\/a>\r\n\t<\/div>\r\n<div id=\"9c1cc0bhno\" class=\"panel-collapse collapse \">\r\n\t<div class=\"panel-body\">\r\n\t\t<div class=\"pt-cv-content\"><p><iframe loading=\"lazy\" title=\"Ano B - 30.\u00ba Domingo do Tempo Comum. Coment\u00e1rio do padre Manuel Barbosa, scj\" width=\"1080\" height=\"608\" src=\"https:\/\/www.youtube.com\/embed\/-gyfTrwTHHo?feature=oembed\"  allow=\"accelerometer; autoplay; clipboard-write; encrypted-media; gyroscope; picture-in-picture\" allowfullscreen><\/iframe><\/p>\n<p><em>Salvos na f\u00e9, partir em miss\u00e3o<\/em><\/p>\n<p> <a href=\"http:\/\/sites.ecclesia.pt\/liturgia\/ano-b-30-o-domingo-do-tempo-comum-dehonianos\/#more-200117\" class=\"more-link\"><span aria-label=\"Continue a ler Ano B &#8211; 30.\u00ba Domingo do Tempo Comum &#8211; Dehonianos\">(mais&hellip;)<\/span><\/a><\/p>\n<\/div>\t<\/div>\r\n<\/div><\/div>\n<div class=\"panel panel-default pt-cv-content-item pt-cv-1-col\" >\r\n<div class=\"panel-heading pt-cv-title\">\r\n    <a class=\"panel-title\" data-toggle=\"cvcollapse\" data-parent=\"#a4466cbz75\" data-target=\"#4ddb955vs1\" href='http:\/\/sites.ecclesia.pt\/liturgia\/ano-b-31-o-domingo-do-tempo-comum-dehonianos\/' onclick='event.preventDefault()'>\r\n\t\tAno B &#8211; 31.\u00ba Domingo do Tempo Comum &#8211; Dehonianos\t<\/a>\r\n\t<\/div>\r\n<div id=\"4ddb955vs1\" class=\"panel-collapse collapse \">\r\n\t<div class=\"panel-body\">\r\n\t\t<div class=\"pt-cv-content\"><p><iframe loading=\"lazy\" title=\"Ano B - 31.\u00ba Domingo do Tempo Comum. Coment\u00e1rio do padre Manuel Barbosa, scj\" width=\"1080\" height=\"608\" src=\"https:\/\/www.youtube.com\/embed\/k6hRXc3sC0I?feature=oembed\"  allow=\"accelerometer; autoplay; clipboard-write; encrypted-media; gyroscope; picture-in-picture\" allowfullscreen><\/iframe><\/p>\n<p><em>Amar a Deus, amar o pr\u00f3ximo<\/em><\/p>\n<p> <a href=\"http:\/\/sites.ecclesia.pt\/liturgia\/ano-b-31-o-domingo-do-tempo-comum-dehonianos\/#more-200114\" class=\"more-link\"><span aria-label=\"Continue a ler Ano B &#8211; 31.\u00ba Domingo do Tempo Comum &#8211; Dehonianos\">(mais&hellip;)<\/span><\/a><\/p>\n<\/div>\t<\/div>\r\n<\/div><\/div>\n<div class=\"panel panel-default pt-cv-content-item pt-cv-1-col\" >\r\n<div class=\"panel-heading pt-cv-title\">\r\n    <a class=\"panel-title\" data-toggle=\"cvcollapse\" data-parent=\"#a4466cbz75\" data-target=\"#da543db1dh\" href='http:\/\/sites.ecclesia.pt\/liturgia\/ano-b-32o-domingo-do-tempo-comum-dehonianos\/' onclick='event.preventDefault()'>\r\n\t\tAno B &#8211; 32.\u00ba Domingo do Tempo Comum &#8211; Dehonianos\t<\/a>\r\n\t<\/div>\r\n<div id=\"da543db1dh\" class=\"panel-collapse collapse \">\r\n\t<div class=\"panel-body\">\r\n\t\t<div class=\"pt-cv-content\"><p><iframe loading=\"lazy\" title=\"Ano B - 32.\u00ba Domingo do Tempo Comum\" width=\"1080\" height=\"608\" src=\"https:\/\/www.youtube.com\/embed\/57LaRLqh-8Y?feature=oembed\" frameborder=\"0\" allow=\"accelerometer; autoplay; encrypted-media; gyroscope; picture-in-picture\" allowfullscreen><\/iframe><\/p>\n<p>Nos pedit\u00f3rios da vida, dar o que somos <a href=\"http:\/\/sites.ecclesia.pt\/liturgia\/ano-b-32o-domingo-do-tempo-comum-dehonianos\/#more-119149\" class=\"more-link\"><span aria-label=\"Continue a ler Ano B &#8211; 32.\u00ba Domingo do Tempo Comum &#8211; Dehonianos\">(mais&hellip;)<\/span><\/a><\/p>\n<\/div>\t<\/div>\r\n<\/div><\/div>\n<div class=\"panel panel-default pt-cv-content-item pt-cv-1-col\" >\r\n<div class=\"panel-heading pt-cv-title\">\r\n    <a class=\"panel-title\" data-toggle=\"cvcollapse\" data-parent=\"#a4466cbz75\" data-target=\"#f4e5873vdp\" href='http:\/\/sites.ecclesia.pt\/liturgia\/ano-b-32-o-domingo-do-tempo-comum-dehonianos\/' onclick='event.preventDefault()'>\r\n\t\tAno B &#8211; 32.\u00ba Domingo do Tempo Comum &#8211; Dehonianos\t<\/a>\r\n\t<\/div>\r\n<div id=\"f4e5873vdp\" class=\"panel-collapse collapse \">\r\n\t<div class=\"panel-body\">\r\n\t\t<div class=\"pt-cv-content\"><p><iframe loading=\"lazy\" title=\"Ano B - 32.\u00ba Domingo do Tempo Comum. Coment\u00e1rio do padre Manuel Barbosa, scj\" width=\"1080\" height=\"608\" src=\"https:\/\/www.youtube.com\/embed\/gOdKZIxXyU8?feature=oembed\"  allow=\"accelerometer; autoplay; clipboard-write; encrypted-media; gyroscope; picture-in-picture\" allowfullscreen><\/iframe><\/p>\n<p><em>Nos pedit\u00f3rios da vida, dar o que somos<\/em><\/p>\n<p> <a href=\"http:\/\/sites.ecclesia.pt\/liturgia\/ano-b-32-o-domingo-do-tempo-comum-dehonianos\/#more-200111\" class=\"more-link\"><span aria-label=\"Continue a ler Ano B &#8211; 32.\u00ba Domingo do Tempo Comum &#8211; Dehonianos\">(mais&hellip;)<\/span><\/a><\/p>\n<\/div>\t<\/div>\r\n<\/div><\/div>\n<div class=\"panel panel-default pt-cv-content-item pt-cv-1-col\" >\r\n<div class=\"panel-heading pt-cv-title\">\r\n    <a class=\"panel-title\" data-toggle=\"cvcollapse\" data-parent=\"#a4466cbz75\" data-target=\"#94bf67eixl\" href='http:\/\/sites.ecclesia.pt\/liturgia\/ano-b-33o-domingo-do-tempo-comum-dehonianos\/' onclick='event.preventDefault()'>\r\n\t\tAno B &#8211; 33.\u00ba Domingo do Tempo Comum &#8211; Dehonianos\t<\/a>\r\n\t<\/div>\r\n<div id=\"94bf67eixl\" class=\"panel-collapse collapse \">\r\n\t<div class=\"panel-body\">\r\n\t\t<div class=\"pt-cv-content\"><p><iframe loading=\"lazy\" title=\"Ano B - 32.\u00ba Domingo do Tempo Comum.\" width=\"1080\" height=\"608\" src=\"https:\/\/www.youtube.com\/embed\/sUrb0VH4O8E?feature=oembed\" frameborder=\"0\" allow=\"accelerometer; autoplay; encrypted-media; gyroscope; picture-in-picture\" allowfullscreen><\/iframe><\/p>\n<p>Viver na esperan\u00e7a efetiva <a href=\"http:\/\/sites.ecclesia.pt\/liturgia\/ano-b-33o-domingo-do-tempo-comum-dehonianos\/#more-119710\" class=\"more-link\"><span aria-label=\"Continue a ler Ano B &#8211; 33.\u00ba Domingo do Tempo Comum &#8211; Dehonianos\">(mais&hellip;)<\/span><\/a><\/p>\n<\/div>\t<\/div>\r\n<\/div><\/div><\/div><\/div><\/div><\/div> &nbsp; ADVENTO <div class=\"pt-cv-wrapper et_smooth_scroll_disabled\"><div class=\"pt-cv-view pt-cv-collapsible\" id=\"pt-cv-view-839b1fefox\"><div data-id=\"pt-cv-page-1\" class=\"pt-cv-page\" data-cvc=\"1\"><div class=\"panel-group\" id=\"1700eb7qv5\"><div class=\"panel panel-default pt-cv-content-item pt-cv-1-col\" >\r\n<div class=\"panel-heading pt-cv-title\">\r\n    <a class=\"panel-title\" data-toggle=\"cvcollapse\" data-parent=\"#1700eb7qv5\" data-target=\"#7fb67e02ku\" href='http:\/\/sites.ecclesia.pt\/liturgia\/ano-b-1o-domingo-do-advento\/' onclick='event.preventDefault()'>\r\n\t\tAno B &#8211; 01.\u00ba Domingo do Advento &#8211; Dehonianos\t<\/a>\r\n\t<\/div>\r\n<div id=\"7fb67e02ku\" class=\"panel-collapse collapse \">\r\n\t<div class=\"panel-body\">\r\n\t\t<div class=\"pt-cv-content\"><p><iframe loading=\"lazy\" title=\"Ano B - 1\u00ba domingo do Advento. Coment\u00e1rio do padre Manuel Barbosa, scj\" width=\"1080\" height=\"608\" src=\"https:\/\/www.youtube.com\/embed\/ZYTrKQjd5M4?feature=oembed\"  allow=\"accelerometer; autoplay; clipboard-write; encrypted-media; gyroscope; picture-in-picture\" allowfullscreen><\/iframe><\/p>\n<p>Como viver o Advento?<\/p>\n<p> <a href=\"http:\/\/sites.ecclesia.pt\/liturgia\/ano-b-1o-domingo-do-advento\/#more-192113\" class=\"more-link\"><span aria-label=\"Continue a ler Ano B &#8211; 01.\u00ba Domingo do Advento &#8211; Dehonianos\">(mais&hellip;)<\/span><\/a><\/p>\n<\/div>\t<\/div>\r\n<\/div><\/div>\n<div class=\"panel panel-default pt-cv-content-item pt-cv-1-col\" >\r\n<div class=\"panel-heading pt-cv-title\">\r\n    <a class=\"panel-title\" data-toggle=\"cvcollapse\" data-parent=\"#1700eb7qv5\" data-target=\"#7452da2stm\" href='http:\/\/sites.ecclesia.pt\/liturgia\/ano-b-2-o-domingo-de-advento\/' onclick='event.preventDefault()'>\r\n\t\tAno B &#8211; 02.\u00ba Domingo de Advento &#8211; Dehonianos\t<\/a>\r\n\t<\/div>\r\n<div id=\"7452da2stm\" class=\"panel-collapse collapse \">\r\n\t<div class=\"panel-body\">\r\n\t\t<div class=\"pt-cv-content\"><p><iframe loading=\"lazy\" title=\"Ano B - 2.\u00ba Domingo de Advento. Coment\u00e1rio do padre Manuel Barbosa, scj\" width=\"1080\" height=\"608\" src=\"https:\/\/www.youtube.com\/embed\/nUyE3iBVStE?feature=oembed\"  allow=\"accelerometer; autoplay; clipboard-write; encrypted-media; gyroscope; picture-in-picture\" allowfullscreen><\/iframe><\/p>\n<p><em>Dar todo o espa\u00e7o para Cristo<\/em><\/p>\n<p> <a href=\"http:\/\/sites.ecclesia.pt\/liturgia\/ano-b-2-o-domingo-de-advento\/#more-192616\" class=\"more-link\"><span aria-label=\"Continue a ler Ano B &#8211; 02.\u00ba Domingo de Advento &#8211; Dehonianos\">(mais&hellip;)<\/span><\/a><\/p>\n<\/div>\t<\/div>\r\n<\/div><\/div>\n<div class=\"panel panel-default pt-cv-content-item pt-cv-1-col\" >\r\n<div class=\"panel-heading pt-cv-title\">\r\n    <a class=\"panel-title\" data-toggle=\"cvcollapse\" data-parent=\"#1700eb7qv5\" data-target=\"#f3e2252dwj\" href='http:\/\/sites.ecclesia.pt\/liturgia\/ano-b-02o-domingo-do-advento-dehonianos\/' onclick='event.preventDefault()'>\r\n\t\tAno B &#8211; 02.\u00ba Domingo do Advento &#8211; Dehonianos\t<\/a>\r\n\t<\/div>\r\n<div id=\"f3e2252dwj\" class=\"panel-collapse collapse \">\r\n\t<div class=\"panel-body\">\r\n\t\t<div class=\"pt-cv-content\"><p><iframe loading=\"lazy\" title=\"02.\u00ba domingo do advento - Ano B\" width=\"1080\" height=\"608\" src=\"https:\/\/www.youtube.com\/embed\/pXjPd3dW3K4?feature=oembed\" frameborder=\"0\" allow=\"accelerometer; autoplay; encrypted-media; gyroscope; picture-in-picture\" allowfullscreen><\/iframe><\/p>\n<p>&nbsp;<\/p>\n<\/div>\t<\/div>\r\n<\/div><\/div>\n<div class=\"panel panel-default pt-cv-content-item pt-cv-1-col\" >\r\n<div class=\"panel-heading pt-cv-title\">\r\n    <a class=\"panel-title\" data-toggle=\"cvcollapse\" data-parent=\"#1700eb7qv5\" data-target=\"#878d8afiue\" href='http:\/\/sites.ecclesia.pt\/liturgia\/ano-b-03o-domingo-do-advento-dehonianos\/' onclick='event.preventDefault()'>\r\n\t\tAno B &#8211; 03.\u00ba Domingo do Advento &#8211; Dehonianos\t<\/a>\r\n\t<\/div>\r\n<div id=\"878d8afiue\" class=\"panel-collapse collapse \">\r\n\t<div class=\"panel-body\">\r\n\t\t<div class=\"pt-cv-content\"><p><iframe loading=\"lazy\" title=\"03.\u00ba domingo do Advento - Ano B\" width=\"1080\" height=\"608\" src=\"https:\/\/www.youtube.com\/embed\/rAXV6dAKRYc?feature=oembed\" frameborder=\"0\" allow=\"accelerometer; autoplay; encrypted-media; gyroscope; picture-in-picture\" allowfullscreen><\/iframe><\/p>\n<p>&nbsp;<\/p>\n<\/div>\t<\/div>\r\n<\/div><\/div>\n<div class=\"panel panel-default pt-cv-content-item pt-cv-1-col\" >\r\n<div class=\"panel-heading pt-cv-title\">\r\n    <a class=\"panel-title\" data-toggle=\"cvcollapse\" data-parent=\"#1700eb7qv5\" data-target=\"#8917014ln3\" href='http:\/\/sites.ecclesia.pt\/liturgia\/ano-b-3-o-domingo-do-advento\/' onclick='event.preventDefault()'>\r\n\t\tAno B &#8211; 03.\u00ba Domingo do Advento &#8211; Dehonianos\t<\/a>\r\n\t<\/div>\r\n<div id=\"8917014ln3\" class=\"panel-collapse collapse \">\r\n\t<div class=\"panel-body\">\r\n\t\t<div class=\"pt-cv-content\"><p><iframe loading=\"lazy\" title=\"Ano B - 3.\u00ba Domingo do Advento. Coment\u00e1rio do padre Manuel Barbosa, scj\" width=\"1080\" height=\"608\" src=\"https:\/\/www.youtube.com\/embed\/DEGQK7JpNKg?feature=oembed\"  allow=\"accelerometer; autoplay; clipboard-write; encrypted-media; gyroscope; picture-in-picture\" allowfullscreen><\/iframe><\/p>\n<p><em>Viver alegres na esperan\u00e7a<\/em><\/p>\n<p> <a href=\"http:\/\/sites.ecclesia.pt\/liturgia\/ano-b-3-o-domingo-do-advento\/#more-193269\" class=\"more-link\"><span aria-label=\"Continue a ler Ano B &#8211; 03.\u00ba Domingo do Advento &#8211; Dehonianos\">(mais&hellip;)<\/span><\/a><\/p>\n<\/div>\t<\/div>\r\n<\/div><\/div>\n<div class=\"panel panel-default pt-cv-content-item pt-cv-1-col\" >\r\n<div class=\"panel-heading pt-cv-title\">\r\n    <a class=\"panel-title\" data-toggle=\"cvcollapse\" data-parent=\"#1700eb7qv5\" data-target=\"#4f24b37wfi\" href='http:\/\/sites.ecclesia.pt\/liturgia\/ano-b-4-o-domingo-do-advento\/' onclick='event.preventDefault()'>\r\n\t\tAno B &#8211; 04.\u00ba Domingo do Advento &#8211; Dehonianos\t<\/a>\r\n\t<\/div>\r\n<div id=\"4f24b37wfi\" class=\"panel-collapse collapse \">\r\n\t<div class=\"panel-body\">\r\n\t\t<div class=\"pt-cv-content\"><p><iframe loading=\"lazy\" title=\"Ano B - 4.\u00ba Domingo do Advento. Coment\u00e1rio do padre Manuel Barbosa, scj\" width=\"1080\" height=\"608\" src=\"https:\/\/www.youtube.com\/embed\/xU0MregIfCw?feature=oembed\"  allow=\"accelerometer; autoplay; clipboard-write; encrypted-media; gyroscope; picture-in-picture\" allowfullscreen><\/iframe><\/p>\n<p><em>Como Maria, dizer sim \u00e0 ternura de Deus<\/em><\/p>\n<p> <a href=\"http:\/\/sites.ecclesia.pt\/liturgia\/ano-b-4-o-domingo-do-advento\/#more-193928\" class=\"more-link\"><span aria-label=\"Continue a ler Ano B &#8211; 04.\u00ba Domingo do Advento &#8211; Dehonianos\">(mais&hellip;)<\/span><\/a><\/p>\n<\/div>\t<\/div>\r\n<\/div><\/div>\n<div class=\"panel panel-default pt-cv-content-item pt-cv-1-col\" >\r\n<div class=\"panel-heading pt-cv-title\">\r\n    <a class=\"panel-title\" data-toggle=\"cvcollapse\" data-parent=\"#1700eb7qv5\" data-target=\"#4b612c0t01\" href='http:\/\/sites.ecclesia.pt\/liturgia\/ano-b-04o-domingo-do-advento-dehonianos\/' onclick='event.preventDefault()'>\r\n\t\tAno B &#8211; 04.\u00ba Domingo do Advento &#8211; Dehonianos\t<\/a>\r\n\t<\/div>\r\n<div id=\"4b612c0t01\" class=\"panel-collapse collapse \">\r\n\t<div class=\"panel-body\">\r\n\t\t<div class=\"pt-cv-content\"><p><iframe loading=\"lazy\" title=\"04.\u00ba domingo do Advento - Ano B\" width=\"1080\" height=\"608\" src=\"https:\/\/www.youtube.com\/embed\/xEunKypILgA?feature=oembed\" frameborder=\"0\" allow=\"accelerometer; autoplay; encrypted-media; gyroscope; picture-in-picture\" allowfullscreen><\/iframe><\/p>\n<\/div>\t<\/div>\r\n<\/div><\/div><\/div><\/div><\/div><\/div> QUARESMA <div class=\"pt-cv-wrapper et_smooth_scroll_disabled\"><div class=\"pt-cv-view pt-cv-collapsible\" id=\"pt-cv-view-13ac67fp8s\"><div data-id=\"pt-cv-page-1\" class=\"pt-cv-page\" data-cvc=\"1\"><div class=\"panel-group\" id=\"f41779fe7c\"><div class=\"panel panel-default pt-cv-content-item pt-cv-1-col\" >\r\n<div class=\"panel-heading pt-cv-title\">\r\n    <a class=\"panel-title\" data-toggle=\"cvcollapse\" data-parent=\"#f41779fe7c\" data-target=\"#b8a50165ul\" href='http:\/\/sites.ecclesia.pt\/liturgia\/ano-b-01o-domingo-da-quaresma-dehonianos\/' onclick='event.preventDefault()'>\r\n\t\tAno B &#8211; 01.\u00ba Domingo da Quaresma &#8211; Dehonianos\t<\/a>\r\n\t<\/div>\r\n<div id=\"b8a50165ul\" class=\"panel-collapse collapse \">\r\n\t<div class=\"panel-body\">\r\n\t\t<div class=\"pt-cv-content\"><p><iframe loading=\"lazy\" title=\"1.\u00ba domingo da Quaresma - Ano B\" width=\"1080\" height=\"608\" src=\"https:\/\/www.youtube.com\/embed\/SmUYGnhvWK4?feature=oembed\" frameborder=\"0\" allow=\"accelerometer; autoplay; encrypted-media; gyroscope; picture-in-picture\" allowfullscreen><\/iframe><\/p>\n<p><em>Convers\u00e3o na alegria da Boa Nova<\/em><span id=\"more-96346\"><\/span><\/p>\n<p> <a href=\"http:\/\/sites.ecclesia.pt\/liturgia\/ano-b-01o-domingo-da-quaresma-dehonianos\/#more-163929\" class=\"more-link\"><span aria-label=\"Continue a ler Ano B &#8211; 01.\u00ba Domingo da Quaresma &#8211; Dehonianos\">(mais&hellip;)<\/span><\/a><\/p>\n<\/div>\t<\/div>\r\n<\/div><\/div>\n<div class=\"panel panel-default pt-cv-content-item pt-cv-1-col\" >\r\n<div class=\"panel-heading pt-cv-title\">\r\n    <a class=\"panel-title\" data-toggle=\"cvcollapse\" data-parent=\"#f41779fe7c\" data-target=\"#d496fb7i4w\" href='http:\/\/sites.ecclesia.pt\/liturgia\/ano-b-01-o-domingo-do-tempo-da-quaresma-dehonianos\/' onclick='event.preventDefault()'>\r\n\t\tAno B &#8211; 01.\u00ba Domingo da Quaresma &#8211; Dehonianos\t<\/a>\r\n\t<\/div>\r\n<div id=\"d496fb7i4w\" class=\"panel-collapse collapse \">\r\n\t<div class=\"panel-body\">\r\n\t\t<div class=\"pt-cv-content\"><p><iframe loading=\"lazy\" title=\"Ano B \u2013 1.\u00ba Domingo do tempo da Quaresma. Coment\u00e1rio do padre Manuel Barbosa, scj\" width=\"1080\" height=\"608\" src=\"https:\/\/www.youtube.com\/embed\/OpDNBg2lQVU?feature=oembed\"  allow=\"accelerometer; autoplay; clipboard-write; encrypted-media; gyroscope; picture-in-picture\" allowfullscreen><\/iframe><\/p>\n<\/div>\t<\/div>\r\n<\/div><\/div>\n<div class=\"panel panel-default pt-cv-content-item pt-cv-1-col\" >\r\n<div class=\"panel-heading pt-cv-title\">\r\n    <a class=\"panel-title\" data-toggle=\"cvcollapse\" data-parent=\"#f41779fe7c\" data-target=\"#ce934dd3iv\" href='http:\/\/sites.ecclesia.pt\/liturgia\/ano-b-02o-domingo-da-quaresma-dehonianos\/' onclick='event.preventDefault()'>\r\n\t\tAno B &#8211; 02.\u00ba Domingo da Quaresma &#8211; Dehonianos\t<\/a>\r\n\t<\/div>\r\n<div id=\"ce934dd3iv\" class=\"panel-collapse collapse \">\r\n\t<div class=\"panel-body\">\r\n\t\t<div class=\"pt-cv-content\"><p><iframe loading=\"lazy\" title=\"2.\u00ba Domingo da Quaresma - Ano B\" width=\"1080\" height=\"608\" src=\"https:\/\/www.youtube.com\/embed\/EwPtX7T4Qac?feature=oembed\" frameborder=\"0\" allow=\"accelerometer; autoplay; encrypted-media; gyroscope; picture-in-picture\" allowfullscreen><\/iframe><\/p>\n<p><em>Transfigurados em Cristo<\/em><span id=\"more-97143\"><\/span><\/p>\n<p> <a href=\"http:\/\/sites.ecclesia.pt\/liturgia\/ano-b-02o-domingo-da-quaresma-dehonianos\/#more-163932\" class=\"more-link\"><span aria-label=\"Continue a ler Ano B &#8211; 02.\u00ba Domingo da Quaresma &#8211; Dehonianos\">(mais&hellip;)<\/span><\/a><\/p>\n<\/div>\t<\/div>\r\n<\/div><\/div>\n<div class=\"panel panel-default pt-cv-content-item pt-cv-1-col\" >\r\n<div class=\"panel-heading pt-cv-title\">\r\n    <a class=\"panel-title\" data-toggle=\"cvcollapse\" data-parent=\"#f41779fe7c\" data-target=\"#75ee383zhb\" href='http:\/\/sites.ecclesia.pt\/liturgia\/ano-b-2-o-domingo-da-quaresma-dehonianos\/' onclick='event.preventDefault()'>\r\n\t\tAno B &#8211; 02.\u00ba Domingo da Quaresma &#8211; Dehonianos\t<\/a>\r\n\t<\/div>\r\n<div id=\"75ee383zhb\" class=\"panel-collapse collapse \">\r\n\t<div class=\"panel-body\">\r\n\t\t<div class=\"pt-cv-content\"><p><iframe loading=\"lazy\" title=\"Ano B - 2.\u00baDomingo da Quaresma. Coment\u00e1rio do padre Manuel Barbosa, scj\" width=\"1080\" height=\"608\" src=\"https:\/\/www.youtube.com\/embed\/7s0KEiFuRsM?feature=oembed\"  allow=\"accelerometer; autoplay; clipboard-write; encrypted-media; gyroscope; picture-in-picture\" allowfullscreen><\/iframe><\/p>\n<p><em>Transfigurados em Cristo<\/em><\/p>\n<p> <a href=\"http:\/\/sites.ecclesia.pt\/liturgia\/ano-b-2-o-domingo-da-quaresma-dehonianos\/#more-199805\" class=\"more-link\"><span aria-label=\"Continue a ler Ano B &#8211; 02.\u00ba Domingo da Quaresma &#8211; Dehonianos\">(mais&hellip;)<\/span><\/a><\/p>\n<\/div>\t<\/div>\r\n<\/div><\/div>\n<div class=\"panel panel-default pt-cv-content-item pt-cv-1-col\" >\r\n<div class=\"panel-heading pt-cv-title\">\r\n    <a class=\"panel-title\" data-toggle=\"cvcollapse\" data-parent=\"#f41779fe7c\" data-target=\"#c1f1ed1syx\" href='http:\/\/sites.ecclesia.pt\/liturgia\/ano-b-03o-domingo-da-quaresma-dehonianos\/' onclick='event.preventDefault()'>\r\n\t\tAno B &#8211; 03.\u00ba Domingo da Quaresma &#8211; Dehonianos\t<\/a>\r\n\t<\/div>\r\n<div id=\"c1f1ed1syx\" class=\"panel-collapse collapse \">\r\n\t<div class=\"panel-body\">\r\n\t\t<div class=\"pt-cv-content\"><p><iframe loading=\"lazy\" title=\"03 domingo da Quaresma - Ano B\" width=\"1080\" height=\"608\" src=\"https:\/\/www.youtube.com\/embed\/NTeduMC4cD4?feature=oembed\" frameborder=\"0\" allow=\"accelerometer; autoplay; encrypted-media; gyroscope; picture-in-picture\" allowfullscreen><\/iframe><\/p>\n<p><em>Pr\u00f3ximos de Deus junto dos irm\u00e3os<\/em><\/p>\n<p> <a href=\"http:\/\/sites.ecclesia.pt\/liturgia\/ano-b-03o-domingo-da-quaresma-dehonianos\/#more-163935\" class=\"more-link\"><span aria-label=\"Continue a ler Ano B &#8211; 03.\u00ba Domingo da Quaresma &#8211; Dehonianos\">(mais&hellip;)<\/span><\/a><\/p>\n<\/div>\t<\/div>\r\n<\/div><\/div>\n<div class=\"panel panel-default pt-cv-content-item pt-cv-1-col\" >\r\n<div class=\"panel-heading pt-cv-title\">\r\n    <a class=\"panel-title\" data-toggle=\"cvcollapse\" data-parent=\"#f41779fe7c\" data-target=\"#a7a858b3ys\" href='http:\/\/sites.ecclesia.pt\/liturgia\/ano-b-03o-domingo-da-quaresma-dehonianos-2\/' onclick='event.preventDefault()'>\r\n\t\tAno B &#8211; 03.\u00ba Domingo da Quaresma &#8211; Dehonianos\t<\/a>\r\n\t<\/div>\r\n<div id=\"a7a858b3ys\" class=\"panel-collapse collapse \">\r\n\t<div class=\"panel-body\">\r\n\t\t<div class=\"pt-cv-content\"><p><iframe loading=\"lazy\" title=\"Ano B - 3.\u00ba Domingo da Quaresma. Coment\u00e1rio do padre Manuel Barbosa, scj\" width=\"1080\" height=\"608\" src=\"https:\/\/www.youtube.com\/embed\/D-f-f16OgKQ?feature=oembed\"  allow=\"accelerometer; autoplay; clipboard-write; encrypted-media; gyroscope; picture-in-picture\" allowfullscreen><\/iframe><\/p>\n<p><em>Pr\u00f3ximos de Deus junto dos irm\u00e3os<\/em><\/p>\n<p> <a href=\"http:\/\/sites.ecclesia.pt\/liturgia\/ano-b-03o-domingo-da-quaresma-dehonianos-2\/#more-199864\" class=\"more-link\"><span aria-label=\"Continue a ler Ano B &#8211; 03.\u00ba Domingo da Quaresma &#8211; Dehonianos\">(mais&hellip;)<\/span><\/a><\/p>\n<\/div>\t<\/div>\r\n<\/div><\/div>\n<div class=\"panel panel-default pt-cv-content-item pt-cv-1-col\" >\r\n<div class=\"panel-heading pt-cv-title\">\r\n    <a class=\"panel-title\" data-toggle=\"cvcollapse\" data-parent=\"#f41779fe7c\" data-target=\"#f5bad37mtq\" href='http:\/\/sites.ecclesia.pt\/liturgia\/ano-b-04o-domingo-da-quaresma-dehonianos\/' onclick='event.preventDefault()'>\r\n\t\tAno B &#8211; 04.\u00ba Domingo da Quaresma &#8211; Dehonianos\t<\/a>\r\n\t<\/div>\r\n<div id=\"f5bad37mtq\" class=\"panel-collapse collapse \">\r\n\t<div class=\"panel-body\">\r\n\t\t<div class=\"pt-cv-content\"><p><iframe loading=\"lazy\" title=\"04.\u00ba domingo da Quaresma - Ano B\" width=\"1080\" height=\"608\" src=\"https:\/\/www.youtube.com\/embed\/TGmIk-4YyvY?feature=oembed\" frameborder=\"0\" allow=\"accelerometer; autoplay; encrypted-media; gyroscope; picture-in-picture\" allowfullscreen><\/iframe><\/p>\n<\/div>\t<\/div>\r\n<\/div><\/div>\n<div class=\"panel panel-default pt-cv-content-item pt-cv-1-col\" >\r\n<div class=\"panel-heading pt-cv-title\">\r\n    <a class=\"panel-title\" data-toggle=\"cvcollapse\" data-parent=\"#f41779fe7c\" data-target=\"#b066097oqx\" href='http:\/\/sites.ecclesia.pt\/liturgia\/ano-b-4-o-domingo-da-quaresma-dehonianos\/' onclick='event.preventDefault()'>\r\n\t\tAno B &#8211; 04.\u00ba Domingo da Quaresma &#8211; Dehonianos\t<\/a>\r\n\t<\/div>\r\n<div id=\"b066097oqx\" class=\"panel-collapse collapse \">\r\n\t<div class=\"panel-body\">\r\n\t\t<div class=\"pt-cv-content\"><p><iframe loading=\"lazy\" title=\"Ano B - 4.\u00ba Domingo da Quaresma. Coment\u00e1rio do padre Manuel Barbosa, scj\" width=\"1080\" height=\"608\" src=\"https:\/\/www.youtube.com\/embed\/0uSLagDp6xo?feature=oembed\"  allow=\"accelerometer; autoplay; clipboard-write; encrypted-media; gyroscope; picture-in-picture\" allowfullscreen><\/iframe><\/p>\n<\/div>\t<\/div>\r\n<\/div><\/div>\n<div class=\"panel panel-default pt-cv-content-item pt-cv-1-col\" >\r\n<div class=\"panel-heading pt-cv-title\">\r\n    <a class=\"panel-title\" data-toggle=\"cvcollapse\" data-parent=\"#f41779fe7c\" data-target=\"#0aad8729rm\" href='http:\/\/sites.ecclesia.pt\/liturgia\/ano-b-05o-domingo-da-quaresma-dehonianos\/' onclick='event.preventDefault()'>\r\n\t\tAno B &#8211; 05.\u00ba Domingo da Quaresma &#8211; Dehonianos\t<\/a>\r\n\t<\/div>\r\n<div id=\"0aad8729rm\" class=\"panel-collapse collapse \">\r\n\t<div class=\"panel-body\">\r\n\t\t<div class=\"pt-cv-content\"><p><iframe loading=\"lazy\" title=\"05.\u00ba domingo da Quaresma - Ano B\" width=\"1080\" height=\"608\" src=\"https:\/\/www.youtube.com\/embed\/GoTnaxBrfec?feature=oembed\" frameborder=\"0\" allow=\"accelerometer; autoplay; encrypted-media; gyroscope; picture-in-picture\" allowfullscreen><\/iframe><\/p>\n<\/div>\t<\/div>\r\n<\/div><\/div>\n<div class=\"panel panel-default pt-cv-content-item pt-cv-1-col\" >\r\n<div class=\"panel-heading pt-cv-title\">\r\n    <a class=\"panel-title\" data-toggle=\"cvcollapse\" data-parent=\"#f41779fe7c\" data-target=\"#93b0fbfog0\" href='http:\/\/sites.ecclesia.pt\/liturgia\/ano-b-05-o-domingo-da-quaresma-dehonianos\/' onclick='event.preventDefault()'>\r\n\t\tAno B &#8211; 05.\u00ba Domingo da Quaresma &#8211; Dehonianos\t<\/a>\r\n\t<\/div>\r\n<div id=\"93b0fbfog0\" class=\"panel-collapse collapse \">\r\n\t<div class=\"panel-body\">\r\n\t\t<div class=\"pt-cv-content\"><p><iframe loading=\"lazy\" title=\"Ano B - 05.\u00ba domingo da Quaresma. Coment\u00e1rio do padre Manuel Barbosa, scj\" width=\"1080\" height=\"608\" src=\"https:\/\/www.youtube.com\/embed\/PIn5f6Eb7Og?feature=oembed\"  allow=\"accelerometer; autoplay; clipboard-write; encrypted-media; gyroscope; picture-in-picture\" allowfullscreen><\/iframe><\/p>\n<p><em>Ver, servir e seguir Jesus<\/em><\/p>\n<p> <a href=\"http:\/\/sites.ecclesia.pt\/liturgia\/ano-b-05-o-domingo-da-quaresma-dehonianos\/#more-199892\" class=\"more-link\"><span aria-label=\"Continue a ler Ano B &#8211; 05.\u00ba Domingo da Quaresma &#8211; Dehonianos\">(mais&hellip;)<\/span><\/a><\/p>\n<\/div>\t<\/div>\r\n<\/div><\/div>\n<div class=\"panel panel-default pt-cv-content-item pt-cv-1-col\" >\r\n<div class=\"panel-heading pt-cv-title\">\r\n    <a class=\"panel-title\" data-toggle=\"cvcollapse\" data-parent=\"#f41779fe7c\" data-target=\"#8eeb522o21\" href='http:\/\/sites.ecclesia.pt\/liturgia\/ano-b-domingo-de-ramos-dehonianos\/' onclick='event.preventDefault()'>\r\n\t\tAno B &#8211; Domingo de Ramos &#8211; Dehonianos\t<\/a>\r\n\t<\/div>\r\n<div id=\"8eeb522o21\" class=\"panel-collapse collapse \">\r\n\t<div class=\"panel-body\">\r\n\t\t<div class=\"pt-cv-content\"><p><iframe loading=\"lazy\" title=\"Domingo de Ramos - ano B\" width=\"1080\" height=\"608\" src=\"https:\/\/www.youtube.com\/embed\/X7TrMJC_iLM?feature=oembed\" frameborder=\"0\" allow=\"accelerometer; autoplay; encrypted-media; gyroscope; picture-in-picture\" allowfullscreen><\/iframe><\/p>\n<\/div>\t<\/div>\r\n<\/div><\/div>\n<div class=\"panel panel-default pt-cv-content-item pt-cv-1-col\" >\r\n<div class=\"panel-heading pt-cv-title\">\r\n    <a class=\"panel-title\" data-toggle=\"cvcollapse\" data-parent=\"#f41779fe7c\" data-target=\"#1ac6bc2y97\" href='http:\/\/sites.ecclesia.pt\/liturgia\/ano-b-domingo-de-ramos-na-paixao-do-senhor-dehonianos\/' onclick='event.preventDefault()'>\r\n\t\tAno B \u2013 Domingo de Ramos na Paix\u00e3o do Senhor &#8211; Dehonianos\t<\/a>\r\n\t<\/div>\r\n<div id=\"1ac6bc2y97\" class=\"panel-collapse collapse \">\r\n\t<div class=\"panel-body\">\r\n\t\t<div class=\"pt-cv-content\"><p><iframe loading=\"lazy\" title=\"Ano B - Domingo de Ramos na Paix\u00e3o do Senhor. Coment\u00e1rio do padre Manuel Barbosa, scj\" width=\"1080\" height=\"608\" src=\"https:\/\/www.youtube.com\/embed\/DppzRK4Gj_M?feature=oembed\"  allow=\"accelerometer; autoplay; clipboard-write; encrypted-media; gyroscope; picture-in-picture\" allowfullscreen><\/iframe><\/p>\n<p><em>Contemplar a cruz, olhar o irm\u00e3o<\/em><\/p>\n<p> <a href=\"http:\/\/sites.ecclesia.pt\/liturgia\/ano-b-domingo-de-ramos-na-paixao-do-senhor-dehonianos\/#more-199899\" class=\"more-link\"><span aria-label=\"Continue a ler Ano B \u2013 Domingo de Ramos na Paix\u00e3o do Senhor &#8211; Dehonianos\">(mais&hellip;)<\/span><\/a><\/p>\n<\/div>\t<\/div>\r\n<\/div><\/div><\/div><\/div><\/div><\/div> P\u00c1SCOA <div class=\"pt-cv-wrapper et_smooth_scroll_disabled\"><div class=\"pt-cv-view pt-cv-collapsible\" id=\"pt-cv-view-7b513a762o\"><div data-id=\"pt-cv-page-1\" class=\"pt-cv-page\" data-cvc=\"1\"><div class=\"panel-group\" id=\"248cd0ahze\"><div class=\"panel panel-default pt-cv-content-item pt-cv-1-col\" >\r\n<div class=\"panel-heading pt-cv-title\">\r\n    <a class=\"panel-title\" data-toggle=\"cvcollapse\" data-parent=\"#248cd0ahze\" data-target=\"#4f9c23b94h\" href='http:\/\/sites.ecclesia.pt\/liturgia\/ano-b-01-o-domingo-de-pascoa-dehonianos\/' onclick='event.preventDefault()'>\r\n\t\tAno B &#8211; 01.\u00ba Domingo de P\u00e1scoa &#8211; Dehonianos\t<\/a>\r\n\t<\/div>\r\n<div id=\"4f9c23b94h\" class=\"panel-collapse collapse \">\r\n\t<div class=\"panel-body\">\r\n\t\t<div class=\"pt-cv-content\"><p><iframe loading=\"lazy\" title=\"Domingo de P\u00e1scoa - Ano B\" width=\"1080\" height=\"608\" src=\"https:\/\/www.youtube.com\/embed\/IQKlRbP7z3Y?feature=oembed\" frameborder=\"0\" allow=\"accelerometer; autoplay; encrypted-media; gyroscope; picture-in-picture\" allowfullscreen><\/iframe><\/p>\n<\/div>\t<\/div>\r\n<\/div><\/div>\n<div class=\"panel panel-default pt-cv-content-item pt-cv-1-col\" >\r\n<div class=\"panel-heading pt-cv-title\">\r\n    <a class=\"panel-title\" data-toggle=\"cvcollapse\" data-parent=\"#248cd0ahze\" data-target=\"#f58a92d7wn\" href='http:\/\/sites.ecclesia.pt\/liturgia\/ano-b-1-o-domingo-de-pascoa-dehonianos\/' onclick='event.preventDefault()'>\r\n\t\tAno B &#8211; 01.\u00ba Domingo de P\u00e1scoa &#8211; Dehonianos\t<\/a>\r\n\t<\/div>\r\n<div id=\"f58a92d7wn\" class=\"panel-collapse collapse \">\r\n\t<div class=\"panel-body\">\r\n\t\t<div class=\"pt-cv-content\"><p><iframe loading=\"lazy\" title=\"Ano B \u2013 Domingo de P\u00e1scoa. Coment\u00e1rio do padre Manuel Barbosa, scj\" width=\"1080\" height=\"608\" src=\"https:\/\/www.youtube.com\/embed\/PtY3-Irv6g0?feature=oembed\"  allow=\"accelerometer; autoplay; clipboard-write; encrypted-media; gyroscope; picture-in-picture\" allowfullscreen><\/iframe><\/p>\n<p><em>Ver e acreditar que Cristo ressuscitou<\/em><\/p>\n<p> <a href=\"http:\/\/sites.ecclesia.pt\/liturgia\/ano-b-1-o-domingo-de-pascoa-dehonianos\/#more-199912\" class=\"more-link\"><span aria-label=\"Continue a ler Ano B &#8211; 01.\u00ba Domingo de P\u00e1scoa &#8211; Dehonianos\">(mais&hellip;)<\/span><\/a><\/p>\n<\/div>\t<\/div>\r\n<\/div><\/div>\n<div class=\"panel panel-default pt-cv-content-item pt-cv-1-col\" >\r\n<div class=\"panel-heading pt-cv-title\">\r\n    <a class=\"panel-title\" data-toggle=\"cvcollapse\" data-parent=\"#248cd0ahze\" data-target=\"#cc826f5w92\" href='http:\/\/sites.ecclesia.pt\/liturgia\/ano-b-02o-domingo-da-pascoa-dehonianos\/' onclick='event.preventDefault()'>\r\n\t\tAno B &#8211; 02.\u00ba Domingo da P\u00e1scoa &#8211; Dehonianos\t<\/a>\r\n\t<\/div>\r\n<div id=\"cc826f5w92\" class=\"panel-collapse collapse \">\r\n\t<div class=\"panel-body\">\r\n\t\t<div class=\"pt-cv-content\"><p><iframe loading=\"lazy\" title=\"Ano B - 2\u00ba domingo da P\u00e1scoa. Coment\u00e1rio do padre Manuel Barbosa, scj\" width=\"1080\" height=\"608\" src=\"https:\/\/www.youtube.com\/embed\/Th_NI2WFqB0?feature=oembed\"  allow=\"accelerometer; autoplay; clipboard-write; encrypted-media; gyroscope; picture-in-picture\" allowfullscreen><\/iframe><\/p>\n<p><em>Somos comunidades de miseric\u00f3rdia?<\/em><\/p>\n<p> <a href=\"http:\/\/sites.ecclesia.pt\/liturgia\/ano-b-02o-domingo-da-pascoa-dehonianos\/#more-199921\" class=\"more-link\"><span aria-label=\"Continue a ler Ano B &#8211; 02.\u00ba Domingo da P\u00e1scoa &#8211; Dehonianos\">(mais&hellip;)<\/span><\/a><\/p>\n<\/div>\t<\/div>\r\n<\/div><\/div>\n<div class=\"panel panel-default pt-cv-content-item pt-cv-1-col\" >\r\n<div class=\"panel-heading pt-cv-title\">\r\n    <a class=\"panel-title\" data-toggle=\"cvcollapse\" data-parent=\"#248cd0ahze\" data-target=\"#a451fe0nhk\" href='http:\/\/sites.ecclesia.pt\/liturgia\/ano-b-02o-domingo-de-pascoa-dehonianos\/' onclick='event.preventDefault()'>\r\n\t\tAno B &#8211; 02.\u00ba Domingo de P\u00e1scoa &#8211; Dehonianos\t<\/a>\r\n\t<\/div>\r\n<div id=\"a451fe0nhk\" class=\"panel-collapse collapse \">\r\n\t<div class=\"panel-body\">\r\n\t\t<div class=\"pt-cv-content\"><p><iframe loading=\"lazy\" title=\"02.\u00ba Domingo de P\u00e1scoa - Ano B\" width=\"1080\" height=\"608\" src=\"https:\/\/www.youtube.com\/embed\/xRNxkQsccgA?feature=oembed\" frameborder=\"0\" allow=\"accelerometer; autoplay; encrypted-media; gyroscope; picture-in-picture\" allowfullscreen><\/iframe><\/p>\n<\/div>\t<\/div>\r\n<\/div><\/div>\n<div class=\"panel panel-default pt-cv-content-item pt-cv-1-col\" >\r\n<div class=\"panel-heading pt-cv-title\">\r\n    <a class=\"panel-title\" data-toggle=\"cvcollapse\" data-parent=\"#248cd0ahze\" data-target=\"#ffffa9dpid\" href='http:\/\/sites.ecclesia.pt\/liturgia\/ano-b-03-o-domingo-da-pascoa-dehonianos\/' onclick='event.preventDefault()'>\r\n\t\tAno B &#8211; 03.\u00ba Domingo da P\u00e1scoa \u2013 Dehonianos\t<\/a>\r\n\t<\/div>\r\n<div id=\"ffffa9dpid\" class=\"panel-collapse collapse \">\r\n\t<div class=\"panel-body\">\r\n\t\t<div class=\"pt-cv-content\"><p><iframe loading=\"lazy\" title=\"Ano B - 3.\u00ba  Domingo da P\u00e1scoa. Coment\u00e1rio do padre Manuel Barbosa, scj\" width=\"1080\" height=\"608\" src=\"https:\/\/www.youtube.com\/embed\/326C2dpz_Xs?feature=oembed\"  allow=\"accelerometer; autoplay; clipboard-write; encrypted-media; gyroscope; picture-in-picture\" allowfullscreen><\/iframe><\/p>\n<p><em>Disc\u00edpulos mission\u00e1rios em Cristo Ressuscitado<\/em><\/p>\n<p> <a href=\"http:\/\/sites.ecclesia.pt\/liturgia\/ano-b-03-o-domingo-da-pascoa-dehonianos\/#more-199948\" class=\"more-link\"><span aria-label=\"Continue a ler Ano B &#8211; 03.\u00ba Domingo da P\u00e1scoa \u2013 Dehonianos\">(mais&hellip;)<\/span><\/a><\/p>\n<\/div>\t<\/div>\r\n<\/div><\/div>\n<div class=\"panel panel-default pt-cv-content-item pt-cv-1-col\" >\r\n<div class=\"panel-heading pt-cv-title\">\r\n    <a class=\"panel-title\" data-toggle=\"cvcollapse\" data-parent=\"#248cd0ahze\" data-target=\"#58727e1jme\" href='http:\/\/sites.ecclesia.pt\/liturgia\/ano-b-03o-domingo-de-pascoa-dehonianos\/' onclick='event.preventDefault()'>\r\n\t\tAno B &#8211; 03.\u00ba Domingo de P\u00e1scoa &#8211; Dehonianos\t<\/a>\r\n\t<\/div>\r\n<div id=\"58727e1jme\" class=\"panel-collapse collapse \">\r\n\t<div class=\"panel-body\">\r\n\t\t<div class=\"pt-cv-content\"><p><iframe loading=\"lazy\" title=\"03.\u00ba Domingo de P\u00e1scoa - Ano B\" width=\"1080\" height=\"608\" src=\"https:\/\/www.youtube.com\/embed\/hP-UUW7Yzp8?feature=oembed\" frameborder=\"0\" allow=\"accelerometer; autoplay; encrypted-media; gyroscope; picture-in-picture\" allowfullscreen><\/iframe><\/p>\n<\/div>\t<\/div>\r\n<\/div><\/div>\n<div class=\"panel panel-default pt-cv-content-item pt-cv-1-col\" >\r\n<div class=\"panel-heading pt-cv-title\">\r\n    <a class=\"panel-title\" data-toggle=\"cvcollapse\" data-parent=\"#248cd0ahze\" data-target=\"#5c0b9ebxuy\" href='http:\/\/sites.ecclesia.pt\/liturgia\/ano-b-04-o-domingo-da-pascoa-dehonianos\/' onclick='event.preventDefault()'>\r\n\t\tAno B &#8211; 04.\u00ba Domingo da P\u00e1scoa &#8211; Dehonianos\t<\/a>\r\n\t<\/div>\r\n<div id=\"5c0b9ebxuy\" class=\"panel-collapse collapse \">\r\n\t<div class=\"panel-body\">\r\n\t\t<div class=\"pt-cv-content\"><p><iframe loading=\"lazy\" title=\"Ano B - 04 Domingo da P\u00e1scoa. Coment\u00e1rio do padre Manuel Barbosa, scj\" width=\"1080\" height=\"608\" src=\"https:\/\/www.youtube.com\/embed\/MRz6J3MXsGc?feature=oembed\"  allow=\"accelerometer; autoplay; clipboard-write; encrypted-media; gyroscope; picture-in-picture\" allowfullscreen><\/iframe><\/p>\n<p><em>Seguir Cristo, o \u00fanico Pastor<\/em><\/p>\n<p> <a href=\"http:\/\/sites.ecclesia.pt\/liturgia\/ano-b-04-o-domingo-da-pascoa-dehonianos\/#more-199967\" class=\"more-link\"><span aria-label=\"Continue a ler Ano B &#8211; 04.\u00ba Domingo da P\u00e1scoa &#8211; Dehonianos\">(mais&hellip;)<\/span><\/a><\/p>\n<\/div>\t<\/div>\r\n<\/div><\/div>\n<div class=\"panel panel-default pt-cv-content-item pt-cv-1-col\" >\r\n<div class=\"panel-heading pt-cv-title\">\r\n    <a class=\"panel-title\" data-toggle=\"cvcollapse\" data-parent=\"#248cd0ahze\" data-target=\"#5d8dcfacil\" href='http:\/\/sites.ecclesia.pt\/liturgia\/ano-b-04o-domingo-da-pascoa-dehonianos\/' onclick='event.preventDefault()'>\r\n\t\tAno B &#8211; 04.\u00ba Domingo da P\u00e1scoa &#8211; Dehonianos\t<\/a>\r\n\t<\/div>\r\n<div id=\"5d8dcfacil\" class=\"panel-collapse collapse \">\r\n\t<div class=\"panel-body\">\r\n\t\t<div class=\"pt-cv-content\"><p><iframe loading=\"lazy\" title=\"04.\u00ba domingo da P\u00e1scoa - Ano B\" width=\"1080\" height=\"608\" src=\"https:\/\/www.youtube.com\/embed\/iYBv-rlBmz8?feature=oembed\" frameborder=\"0\" allow=\"accelerometer; autoplay; encrypted-media; gyroscope; picture-in-picture\" allowfullscreen><\/iframe><\/p>\n<\/div>\t<\/div>\r\n<\/div><\/div>\n<div class=\"panel panel-default pt-cv-content-item pt-cv-1-col\" >\r\n<div class=\"panel-heading pt-cv-title\">\r\n    <a class=\"panel-title\" data-toggle=\"cvcollapse\" data-parent=\"#248cd0ahze\" data-target=\"#2ef6f42y68\" href='http:\/\/sites.ecclesia.pt\/liturgia\/ano-b-05-o-domingo-da-pascoa-dehonianos\/' onclick='event.preventDefault()'>\r\n\t\tAno B &#8211; 05.\u00ba Domingo da P\u00e1scoa &#8211; Dehonianos\t<\/a>\r\n\t<\/div>\r\n<div id=\"2ef6f42y68\" class=\"panel-collapse collapse \">\r\n\t<div class=\"panel-body\">\r\n\t\t<div class=\"pt-cv-content\"><p><iframe loading=\"lazy\" title=\"Ano B - 5\u00ba Domingo da P\u00e1scoa. Coment\u00e1rio do padre Manuel Barbosa, scj\" width=\"1080\" height=\"608\" src=\"https:\/\/www.youtube.com\/embed\/Eb8yh4cyUaY?feature=oembed\"  allow=\"accelerometer; autoplay; clipboard-write; encrypted-media; gyroscope; picture-in-picture\" allowfullscreen><\/iframe><\/p>\n<p><em>Permanecer em Cristo<\/em><\/p>\n<p> <a href=\"http:\/\/sites.ecclesia.pt\/liturgia\/ano-b-05-o-domingo-da-pascoa-dehonianos\/#more-199971\" class=\"more-link\"><span aria-label=\"Continue a ler Ano B &#8211; 05.\u00ba Domingo da P\u00e1scoa &#8211; Dehonianos\">(mais&hellip;)<\/span><\/a><\/p>\n<\/div>\t<\/div>\r\n<\/div><\/div>\n<div class=\"panel panel-default pt-cv-content-item pt-cv-1-col\" >\r\n<div class=\"panel-heading pt-cv-title\">\r\n    <a class=\"panel-title\" data-toggle=\"cvcollapse\" data-parent=\"#248cd0ahze\" data-target=\"#48f45778nt\" href='http:\/\/sites.ecclesia.pt\/liturgia\/ano-b-05o-domingo-da-pascoa-dehonianos\/' onclick='event.preventDefault()'>\r\n\t\tAno B &#8211; 05.\u00ba Domingo da P\u00e1scoa &#8211; Dehonianos\t<\/a>\r\n\t<\/div>\r\n<div id=\"48f45778nt\" class=\"panel-collapse collapse \">\r\n\t<div class=\"panel-body\">\r\n\t\t<div class=\"pt-cv-content\"><p><iframe loading=\"lazy\" title=\"05.\u00ba Domingo da P\u00e1scoa - Ano B\" width=\"1080\" height=\"608\" src=\"https:\/\/www.youtube.com\/embed\/bR2G3B4b5wc?feature=oembed\" frameborder=\"0\" allow=\"accelerometer; autoplay; encrypted-media; gyroscope; picture-in-picture\" allowfullscreen><\/iframe><\/p>\n<\/div>\t<\/div>\r\n<\/div><\/div>\n<div class=\"panel panel-default pt-cv-content-item pt-cv-1-col\" >\r\n<div class=\"panel-heading pt-cv-title\">\r\n    <a class=\"panel-title\" data-toggle=\"cvcollapse\" data-parent=\"#248cd0ahze\" data-target=\"#2c7135f1dp\" href='http:\/\/sites.ecclesia.pt\/liturgia\/ano-b-06-o-domingo-da-pascoa-dehonianos\/' onclick='event.preventDefault()'>\r\n\t\tAno B &#8211; 06.\u00ba Domingo da P\u00e1scoa &#8211; Dehonianos\t<\/a>\r\n\t<\/div>\r\n<div id=\"2c7135f1dp\" class=\"panel-collapse collapse \">\r\n\t<div class=\"panel-body\">\r\n\t\t<div class=\"pt-cv-content\"><p><iframe loading=\"lazy\" title=\"Ano B - 06 Domingo da P\u00e1scoa. Coment\u00e1rio do padre Manuel Barbosa, scj\" width=\"1080\" height=\"608\" src=\"https:\/\/www.youtube.com\/embed\/AFASrxMr2Gg?feature=oembed\"  allow=\"accelerometer; autoplay; clipboard-write; encrypted-media; gyroscope; picture-in-picture\" allowfullscreen><\/iframe><\/p>\n<p>&nbsp;<\/p>\n<p><em>Deus ama-nos! Amemo-nos!<\/em><\/p>\n<p> <a href=\"http:\/\/sites.ecclesia.pt\/liturgia\/ano-b-06-o-domingo-da-pascoa-dehonianos\/#more-199987\" class=\"more-link\"><span aria-label=\"Continue a ler Ano B &#8211; 06.\u00ba Domingo da P\u00e1scoa &#8211; Dehonianos\">(mais&hellip;)<\/span><\/a><\/p>\n<\/div>\t<\/div>\r\n<\/div><\/div>\n<div class=\"panel panel-default pt-cv-content-item pt-cv-1-col\" >\r\n<div class=\"panel-heading pt-cv-title\">\r\n    <a class=\"panel-title\" data-toggle=\"cvcollapse\" data-parent=\"#248cd0ahze\" data-target=\"#cd093b52lq\" href='http:\/\/sites.ecclesia.pt\/liturgia\/ano-b-6o-domingo-da-pascoa-dehonianos\/' onclick='event.preventDefault()'>\r\n\t\tAno B &#8211; 06.\u00ba Domingo da P\u00e1scoa &#8211; Dehonianos\t<\/a>\r\n\t<\/div>\r\n<div id=\"cd093b52lq\" class=\"panel-collapse collapse \">\r\n\t<div class=\"panel-body\">\r\n\t\t<div class=\"pt-cv-content\"><p><iframe loading=\"lazy\" title=\"Ano B - 6.\u00ba domingo da P\u00e1scoa\" width=\"1080\" height=\"608\" src=\"https:\/\/www.youtube.com\/embed\/9SMkRwqbvMY?feature=oembed\" frameborder=\"0\" allow=\"accelerometer; autoplay; encrypted-media; gyroscope; picture-in-picture\" allowfullscreen><\/iframe><\/p>\n<p>&nbsp;<\/p>\n<\/div>\t<\/div>\r\n<\/div><\/div><\/div><\/div><\/div><\/div> SOLENIDADES E FESTAS <div class=\"pt-cv-wrapper et_smooth_scroll_disabled\"><div class=\"pt-cv-view pt-cv-collapsible\" id=\"pt-cv-view-b0323cduv5\"><div data-id=\"pt-cv-page-1\" class=\"pt-cv-page\" data-cvc=\"1\"><div class=\"panel-group\" id=\"15f27c6m7d\"><div class=\"panel panel-default pt-cv-content-item pt-cv-1-col\" >\r\n<div class=\"panel-heading pt-cv-title\">\r\n    <a class=\"panel-title\" data-toggle=\"cvcollapse\" data-parent=\"#15f27c6m7d\" data-target=\"#87cb3e2764\" href='http:\/\/sites.ecclesia.pt\/liturgia\/ano-b-festa-do-batismo-do-senhor\/' onclick='event.preventDefault()'>\r\n\t\tAno B &#8211; Festa do Batismo do Senhor &#8211; Dehonianos\t<\/a>\r\n\t<\/div>\r\n<div id=\"87cb3e2764\" class=\"panel-collapse collapse \">\r\n\t<div class=\"panel-body\">\r\n\t\t<div class=\"pt-cv-content\"><p><iframe loading=\"lazy\" title=\"Ano B - Festa do Batismo do Senhor. Coment\u00e1rio do padre Manuel Barbosa, scj\" width=\"1080\" height=\"608\" src=\"https:\/\/www.youtube.com\/embed\/s3aKA03j3FQ?feature=oembed\"  allow=\"accelerometer; autoplay; clipboard-write; encrypted-media; gyroscope; picture-in-picture\" allowfullscreen><\/iframe><\/p>\n<p><em>Batizados em Cristo, praticantes no Amor<\/em><\/p>\n<p> <a href=\"http:\/\/sites.ecclesia.pt\/liturgia\/ano-b-festa-do-batismo-do-senhor\/#more-195589\" class=\"more-link\"><span aria-label=\"Continue a ler Ano B &#8211; Festa do Batismo do Senhor &#8211; Dehonianos\">(mais&hellip;)<\/span><\/a><\/p>\n<\/div>\t<\/div>\r\n<\/div><\/div>\n<div class=\"panel panel-default pt-cv-content-item pt-cv-1-col\" >\r\n<div class=\"panel-heading pt-cv-title\">\r\n    <a class=\"panel-title\" data-toggle=\"cvcollapse\" data-parent=\"#15f27c6m7d\" data-target=\"#278a2e2lps\" href='http:\/\/sites.ecclesia.pt\/liturgia\/ano-b-festa-do-batismo-do-senhor-dehonianos\/' onclick='event.preventDefault()'>\r\n\t\tAno B &#8211; Festa do Batismo do Senhor &#8211; Dehonianos\t<\/a>\r\n\t<\/div>\r\n<div id=\"278a2e2lps\" class=\"panel-collapse collapse \">\r\n\t<div class=\"panel-body\">\r\n\t\t<div class=\"pt-cv-content\"><p><iframe loading=\"lazy\" title=\"Festa do Batismo do Senhor - Ano B\" width=\"1080\" height=\"608\" src=\"https:\/\/www.youtube.com\/embed\/kAwdP_A_b1o?feature=oembed\" frameborder=\"0\" allow=\"accelerometer; autoplay; encrypted-media; gyroscope; picture-in-picture\" allowfullscreen><\/iframe><\/p>\n<p>&nbsp;<\/p>\n<\/div>\t<\/div>\r\n<\/div><\/div>\n<div class=\"panel panel-default pt-cv-content-item pt-cv-1-col\" >\r\n<div class=\"panel-heading pt-cv-title\">\r\n    <a class=\"panel-title\" data-toggle=\"cvcollapse\" data-parent=\"#15f27c6m7d\" data-target=\"#8c1e6a6ona\" href='http:\/\/sites.ecclesia.pt\/liturgia\/ano-b-solenidade-da-ascensao-do-senhor-dehonianos\/' onclick='event.preventDefault()'>\r\n\t\tAno B &#8211; Solenidade da Ascens\u00e3o do Senhor &#8211; Dehonianos\t<\/a>\r\n\t<\/div>\r\n<div id=\"8c1e6a6ona\" class=\"panel-collapse collapse \">\r\n\t<div class=\"panel-body\">\r\n\t\t<div class=\"pt-cv-content\"><p><iframe loading=\"lazy\" width=\"1080\" height=\"608\" src=\"https:\/\/www.youtube.com\/embed\/yw9KLtz3du0?feature=oembed\" frameborder=\"0\" allow=\"autoplay; encrypted-media\" allowfullscreen><\/iframe><\/p>\n<p><em>Olhar para o c\u00e9u, partir em miss\u00e3o<\/em> <a href=\"http:\/\/sites.ecclesia.pt\/liturgia\/ano-b-solenidade-da-ascensao-do-senhor-dehonianos\/#more-104989\" class=\"more-link\"><span aria-label=\"Continue a ler Ano B &#8211; Solenidade da Ascens\u00e3o do Senhor &#8211; Dehonianos\">(mais&hellip;)<\/span><\/a><\/p>\n<\/div>\t<\/div>\r\n<\/div><\/div>\n<div class=\"panel panel-default pt-cv-content-item pt-cv-1-col\" >\r\n<div class=\"panel-heading pt-cv-title\">\r\n    <a class=\"panel-title\" data-toggle=\"cvcollapse\" data-parent=\"#15f27c6m7d\" data-target=\"#7805225as2\" href='http:\/\/sites.ecclesia.pt\/liturgia\/ano-b-solenidade-da-ascensao-do-senhor-dehonianos-2\/' onclick='event.preventDefault()'>\r\n\t\tAno B &#8211; Solenidade da Ascens\u00e3o do Senhor &#8211; Dehonianos\t<\/a>\r\n\t<\/div>\r\n<div id=\"7805225as2\" class=\"panel-collapse collapse \">\r\n\t<div class=\"panel-body\">\r\n\t\t<div class=\"pt-cv-content\"><p><iframe loading=\"lazy\" title=\"Ano B - Solenidade da Ascens\u00e3o do Senhor. Coment\u00e1rio do padre Manuel Barbosa, scj\" width=\"1080\" height=\"608\" src=\"https:\/\/www.youtube.com\/embed\/rHIzFILbiLQ?feature=oembed\"  allow=\"accelerometer; autoplay; clipboard-write; encrypted-media; gyroscope; picture-in-picture\" allowfullscreen><\/iframe><\/p>\n<p><em>Olhar para o c\u00e9u, partir em miss\u00e3o<\/em><\/p>\n<p> <a href=\"http:\/\/sites.ecclesia.pt\/liturgia\/ano-b-solenidade-da-ascensao-do-senhor-dehonianos-2\/#more-199990\" class=\"more-link\"><span aria-label=\"Continue a ler Ano B &#8211; Solenidade da Ascens\u00e3o do Senhor &#8211; Dehonianos\">(mais&hellip;)<\/span><\/a><\/p>\n<\/div>\t<\/div>\r\n<\/div><\/div>\n<div class=\"panel panel-default pt-cv-content-item pt-cv-1-col\" >\r\n<div class=\"panel-heading pt-cv-title\">\r\n    <a class=\"panel-title\" data-toggle=\"cvcollapse\" data-parent=\"#15f27c6m7d\" data-target=\"#373a374ebk\" href='http:\/\/sites.ecclesia.pt\/liturgia\/ano-b-solenidade-da-epifania-do-senhor-2\/' onclick='event.preventDefault()'>\r\n\t\tAno B &#8211; Solenidade da Epifania do Senhor &#8211; Dehonianos\t<\/a>\r\n\t<\/div>\r\n<div id=\"373a374ebk\" class=\"panel-collapse collapse \">\r\n\t<div class=\"panel-body\">\r\n\t\t<div class=\"pt-cv-content\"><p><iframe loading=\"lazy\" title=\"Ano B - Solenidade da Epifania do Senhor. Coment\u00e1rio do padre Manuel Barbosa, scj\" width=\"1080\" height=\"608\" src=\"https:\/\/www.youtube.com\/embed\/MhV8caAFHaE?feature=oembed\"  allow=\"accelerometer; autoplay; clipboard-write; encrypted-media; gyroscope; picture-in-picture\" allowfullscreen><\/iframe><\/p>\n<p>Erguer os olhos e p\u00f4r-se a caminho<\/p>\n<p> <a href=\"http:\/\/sites.ecclesia.pt\/liturgia\/ano-b-solenidade-da-epifania-do-senhor-2\/#more-195089\" class=\"more-link\"><span aria-label=\"Continue a ler Ano B &#8211; Solenidade da Epifania do Senhor &#8211; Dehonianos\">(mais&hellip;)<\/span><\/a><\/p>\n<\/div>\t<\/div>\r\n<\/div><\/div>\n<div class=\"panel panel-default pt-cv-content-item pt-cv-1-col\" >\r\n<div class=\"panel-heading pt-cv-title\">\r\n    <a class=\"panel-title\" data-toggle=\"cvcollapse\" data-parent=\"#15f27c6m7d\" data-target=\"#59546a6k0a\" href='http:\/\/sites.ecclesia.pt\/liturgia\/ano-b-solenidade-da-santissima-trindade-dehonianos-2\/' onclick='event.preventDefault()'>\r\n\t\tAno B &#8211; Solenidade da Sant\u00edssima Trindade &#8211; Dehonianos\t<\/a>\r\n\t<\/div>\r\n<div id=\"59546a6k0a\" class=\"panel-collapse collapse \">\r\n\t<div class=\"panel-body\">\r\n\t\t<div class=\"pt-cv-content\"><p><iframe loading=\"lazy\" title=\"Ano B - Solenidade da Sant\u00edssima Trindade. Coment\u00e1rio do padre Manuel Barbosa, scj\" width=\"1080\" height=\"608\" src=\"https:\/\/www.youtube.com\/embed\/Fb-9c5QiloE?feature=oembed\"  allow=\"accelerometer; autoplay; clipboard-write; encrypted-media; gyroscope; picture-in-picture\" allowfullscreen><\/iframe><\/p>\n<p><em>Entrar no movimento do Amor da Trindade<\/em><\/p>\n<p> <a href=\"http:\/\/sites.ecclesia.pt\/liturgia\/ano-b-solenidade-da-santissima-trindade-dehonianos-2\/#more-200015\" class=\"more-link\"><span aria-label=\"Continue a ler Ano B &#8211; Solenidade da Sant\u00edssima Trindade &#8211; Dehonianos\">(mais&hellip;)<\/span><\/a><\/p>\n<\/div>\t<\/div>\r\n<\/div><\/div>\n<div class=\"panel panel-default pt-cv-content-item pt-cv-1-col\" >\r\n<div class=\"panel-heading pt-cv-title\">\r\n    <a class=\"panel-title\" data-toggle=\"cvcollapse\" data-parent=\"#15f27c6m7d\" data-target=\"#d00109aez5\" href='http:\/\/sites.ecclesia.pt\/liturgia\/ano-b-solenidade-da-santissima-trindade-dehonianos\/' onclick='event.preventDefault()'>\r\n\t\tAno B &#8211; Solenidade da Sant\u00edssima Trindade &#8211; Dehonianos\t<\/a>\r\n\t<\/div>\r\n<div id=\"d00109aez5\" class=\"panel-collapse collapse \">\r\n\t<div class=\"panel-body\">\r\n\t\t<div class=\"pt-cv-content\"><p><em>Entrar no movimento do Amor da Trindade<\/em> <a href=\"http:\/\/sites.ecclesia.pt\/liturgia\/ano-b-solenidade-da-santissima-trindade-dehonianos\/#more-106337\" class=\"more-link\"><span aria-label=\"Continue a ler Ano B &#8211; Solenidade da Sant\u00edssima Trindade &#8211; Dehonianos\">(mais&hellip;)<\/span><\/a><\/p>\n<\/div>\t<\/div>\r\n<\/div><\/div>\n<div class=\"panel panel-default pt-cv-content-item pt-cv-1-col\" >\r\n<div class=\"panel-heading pt-cv-title\">\r\n    <a class=\"panel-title\" data-toggle=\"cvcollapse\" data-parent=\"#15f27c6m7d\" data-target=\"#291f122opy\" href='http:\/\/sites.ecclesia.pt\/liturgia\/ano-b-solenidade-de-cristo-rei-senhor-do-universo-dehonianos\/' onclick='event.preventDefault()'>\r\n\t\tAno B &#8211; Solenidade de Cristo Rei, Senhor do Universo &#8211; Dehonianos\t<\/a>\r\n\t<\/div>\r\n<div id=\"291f122opy\" class=\"panel-collapse collapse \">\r\n\t<div class=\"panel-body\">\r\n\t\t<div class=\"pt-cv-content\"><p><iframe loading=\"lazy\" title=\"Ano B - 34.\u00ba Domingo do Tempo Comum - Solenidade de Cristo Rei, Senhor do Universo\" width=\"1080\" height=\"608\" src=\"https:\/\/www.youtube.com\/embed\/hI1ycxqWwXs?feature=oembed\" frameborder=\"0\" allow=\"accelerometer; autoplay; encrypted-media; gyroscope; picture-in-picture\" allowfullscreen><\/iframe><\/p>\n<p><em>Rei do amor e da verdade<\/em> <a href=\"http:\/\/sites.ecclesia.pt\/liturgia\/ano-b-solenidade-de-cristo-rei-senhor-do-universo-dehonianos\/#more-120272\" class=\"more-link\"><span aria-label=\"Continue a ler Ano B &#8211; Solenidade de Cristo Rei, Senhor do Universo &#8211; Dehonianos\">(mais&hellip;)<\/span><\/a><\/p>\n<\/div>\t<\/div>\r\n<\/div><\/div>\n<div class=\"panel panel-default pt-cv-content-item pt-cv-1-col\" >\r\n<div class=\"panel-heading pt-cv-title\">\r\n    <a class=\"panel-title\" data-toggle=\"cvcollapse\" data-parent=\"#15f27c6m7d\" data-target=\"#4ae06d0qoi\" href='http:\/\/sites.ecclesia.pt\/liturgia\/ano-b-solenidade-de-sao-joao-batista-dehonianos\/' onclick='event.preventDefault()'>\r\n\t\tAno B &#8211; Solenidade de S\u00e3o Jo\u00e3o Batista &#8211; Dehonianos\t<\/a>\r\n\t<\/div>\r\n<div id=\"4ae06d0qoi\" class=\"panel-collapse collapse \">\r\n\t<div class=\"panel-body\">\r\n\t\t<div class=\"pt-cv-content\"><p><iframe loading=\"lazy\" title=\"Ano B - Solenidade de S\u00e3o Jo\u00e3o Batista\" width=\"1080\" height=\"608\" src=\"https:\/\/www.youtube.com\/embed\/NZdZufDKHzY?feature=oembed\" frameborder=\"0\" allow=\"accelerometer; autoplay; encrypted-media; gyroscope; picture-in-picture\" allowfullscreen><\/iframe><\/p>\n<p><em>Como Jo\u00e3o Batista, fi\u00e9is \u00e0 miss\u00e3o<\/em><\/p>\n<p> <a href=\"http:\/\/sites.ecclesia.pt\/liturgia\/ano-b-solenidade-de-sao-joao-batista-dehonianos\/#more-108605\" class=\"more-link\"><span aria-label=\"Continue a ler Ano B &#8211; Solenidade de S\u00e3o Jo\u00e3o Batista &#8211; Dehonianos\">(mais&hellip;)<\/span><\/a><\/p>\n<\/div>\t<\/div>\r\n<\/div><\/div>\n<div class=\"panel panel-default pt-cv-content-item pt-cv-1-col\" >\r\n<div class=\"panel-heading pt-cv-title\">\r\n    <a class=\"panel-title\" data-toggle=\"cvcollapse\" data-parent=\"#15f27c6m7d\" data-target=\"#f46a345j7k\" href='http:\/\/sites.ecclesia.pt\/liturgia\/ano-b-solenidade-do-pentecostes-dehonianos-2\/' onclick='event.preventDefault()'>\r\n\t\tAno B &#8211; Solenidade do Pentecostes &#8211; Dehonianos\t<\/a>\r\n\t<\/div>\r\n<div id=\"f46a345j7k\" class=\"panel-collapse collapse \">\r\n\t<div class=\"panel-body\">\r\n\t\t<div class=\"pt-cv-content\"><p><iframe loading=\"lazy\" title=\"Ano B - Solenidade do Pentecostes. Coment\u00e1rio do padre Manuel Barbosa, scj\" width=\"1080\" height=\"608\" src=\"https:\/\/www.youtube.com\/embed\/-_O0zNYlHBI?feature=oembed\"  allow=\"accelerometer; autoplay; clipboard-write; encrypted-media; gyroscope; picture-in-picture\" allowfullscreen><\/iframe><\/p>\n<p><em>Reavivar os dons e os frutos do Esp\u00edrito<\/em><\/p>\n<p> <a href=\"http:\/\/sites.ecclesia.pt\/liturgia\/ano-b-solenidade-do-pentecostes-dehonianos-2\/#more-199997\" class=\"more-link\"><span aria-label=\"Continue a ler Ano B &#8211; Solenidade do Pentecostes &#8211; Dehonianos\">(mais&hellip;)<\/span><\/a><\/p>\n<\/div>\t<\/div>\r\n<\/div><\/div>\n<div class=\"panel panel-default pt-cv-content-item pt-cv-1-col\" >\r\n<div class=\"panel-heading pt-cv-title\">\r\n    <a class=\"panel-title\" data-toggle=\"cvcollapse\" data-parent=\"#15f27c6m7d\" data-target=\"#75996aco52\" href='http:\/\/sites.ecclesia.pt\/liturgia\/ano-b-solenidade-do-pentecostes-dehonianos\/' onclick='event.preventDefault()'>\r\n\t\tAno B &#8211; Solenidade do Pentecostes &#8211; Dehonianos\t<\/a>\r\n\t<\/div>\r\n<div id=\"75996aco52\" class=\"panel-collapse collapse \">\r\n\t<div class=\"panel-body\">\r\n\t\t<div class=\"pt-cv-content\"><p><iframe loading=\"lazy\" width=\"1080\" height=\"608\" src=\"https:\/\/www.youtube.com\/embed\/I5mljqqCDhc?feature=oembed\" frameborder=\"0\" allow=\"autoplay; encrypted-media\" allowfullscreen><\/iframe><\/p>\n<p><em>Reavivar os dons e os frutos do Esp\u00edrito<\/em> <a href=\"http:\/\/sites.ecclesia.pt\/liturgia\/ano-b-solenidade-do-pentecostes-dehonianos\/#more-105699\" class=\"more-link\"><span aria-label=\"Continue a ler Ano B &#8211; Solenidade do Pentecostes &#8211; Dehonianos\">(mais&hellip;)<\/span><\/a><\/p>\n<\/div>\t<\/div>\r\n<\/div><\/div>\n<div class=\"panel panel-default pt-cv-content-item pt-cv-1-col\" >\r\n<div class=\"panel-heading pt-cv-title\">\r\n    <a class=\"panel-title\" data-toggle=\"cvcollapse\" data-parent=\"#15f27c6m7d\" data-target=\"#2150277i2r\" href='http:\/\/sites.ecclesia.pt\/liturgia\/ano-b-solenidade-do-santissimo-corpo-e-sangue-de-cristo-dehonianos\/' onclick='event.preventDefault()'>\r\n\t\tAno B &#8211; Solenidade do Sant\u00edssimo Corpo e Sangue de Cristo &#8211; Dehonianos\t<\/a>\r\n\t<\/div>\r\n<div id=\"2150277i2r\" class=\"panel-collapse collapse \">\r\n\t<div class=\"panel-body\">\r\n\t\t<div class=\"pt-cv-content\"><p><iframe loading=\"lazy\" title=\"Solenidade do Sant\u00edssimo Corpo e Sangue de Cristo - Ano B\" width=\"1080\" height=\"608\" src=\"https:\/\/www.youtube.com\/embed\/x6wso6KpmYQ?feature=oembed\" frameborder=\"0\" allow=\"accelerometer; autoplay; encrypted-media; gyroscope; picture-in-picture\" allowfullscreen><\/iframe><\/p>\n<\/div>\t<\/div>\r\n<\/div><\/div><\/div><\/div><\/div><\/div><\/p>\n","protected":false},"author":1,"featured_media":0,"parent":0,"menu_order":0,"comment_status":"closed","ping_status":"closed","template":"","meta":{"_et_pb_use_builder":"on","_et_pb_old_content":"","_et_gb_content_width":"","footnotes":""},"class_list":["post-163503","page","type-page","status-publish","hentry"],"_links":{"self":[{"href":"http:\/\/sites.ecclesia.pt\/liturgia\/wp-json\/wp\/v2\/pages\/163503","targetHints":{"allow":["GET"]}}],"collection":[{"href":"http:\/\/sites.ecclesia.pt\/liturgia\/wp-json\/wp\/v2\/pages"}],"about":[{"href":"http:\/\/sites.ecclesia.pt\/liturgia\/wp-json\/wp\/v2\/types\/page"}],"author":[{"embeddable":true,"href":"http:\/\/sites.ecclesia.pt\/liturgia\/wp-json\/wp\/v2\/users\/1"}],"replies":[{"embeddable":true,"href":"http:\/\/sites.ecclesia.pt\/liturgia\/wp-json\/wp\/v2\/comments?post=163503"}],"version-history":[{"count":10,"href":"http:\/\/sites.ecclesia.pt\/liturgia\/wp-json\/wp\/v2\/pages\/163503\/revisions"}],"predecessor-version":[{"id":163970,"href":"http:\/\/sites.ecclesia.pt\/liturgia\/wp-json\/wp\/v2\/pages\/163503\/revisions\/163970"}],"wp:attachment":[{"href":"http:\/\/sites.ecclesia.pt\/liturgia\/wp-json\/wp\/v2\/media?parent=163503"}],"curies":[{"name":"wp","href":"https:\/\/api.w.org\/{rel}","templated":true}]}}