{"id":163504,"date":"2020-03-05T10:58:26","date_gmt":"2020-03-05T10:58:26","guid":{"rendered":"http:\/\/sites.ecclesia.pt\/liturgia\/?page_id=163504"},"modified":"2020-03-12T12:04:57","modified_gmt":"2020-03-12T12:04:57","slug":"ano-c-dehonianos","status":"publish","type":"page","link":"http:\/\/sites.ecclesia.pt\/liturgia\/ano-c-dehonianos\/","title":{"rendered":"Ano C &#8211; Dehonianos"},"content":{"rendered":"<p>[et_pb_section bb_built=&#8221;1&#8243; admin_label=&#8221;Hero Section&#8221; _builder_version=&#8221;4.3.4&#8243; use_background_color_gradient=&#8221;on&#8221; background_color_gradient_start=&#8221;rgba(0,0,0,0)&#8221; background_color_gradient_end=&#8221;rgba(0,0,0,0.73)&#8221; background_color_gradient_direction=&#8221;120deg&#8221; background_color_gradient_overlays_image=&#8221;on&#8221; background_image=&#8221;http:\/\/sites.ecclesia.pt\/liturgia\/wp-content\/uploads\/2020\/03\/bible-1869164_1920.jpg&#8221; custom_padding=&#8221;5%||5%|&#8221; next_background_color=&#8221;#ffffff&#8221; box_shadow_horizontal_tablet=&#8221;0px&#8221; box_shadow_vertical_tablet=&#8221;0px&#8221; box_shadow_blur_tablet=&#8221;40px&#8221; box_shadow_spread_tablet=&#8221;0px&#8221; vertical_offset_tablet=&#8221;0&#8243; horizontal_offset_tablet=&#8221;0&#8243; z_index_tablet=&#8221;0&#8243;][et_pb_row admin_label=&#8221;Hero Area&#8221; _builder_version=&#8221;3.0.93&#8243; width=&#8221;80%&#8221; max_width=&#8221;1280px&#8221;][et_pb_column type=&#8221;1_2&#8243; _builder_version=&#8221;3.0.47&#8243; parallax=&#8221;off&#8221; parallax_method=&#8221;on&#8221; custom_padding__hover=&#8221;|||&#8221; custom_padding=&#8221;|||&#8221;][et_pb_text admin_label=&#8221;Title&#8221; background_layout=&#8221;dark&#8221; _builder_version=&#8221;4.4.0&#8243; header_font=&#8221;Poppins|600|||||||&#8221; header_font_size=&#8221;50px&#8221; header_font_size_phone=&#8221;30px&#8221; header_font_size_last_edited=&#8221;on|phone&#8221; header_line_height=&#8221;1.2em&#8221; animation_style=&#8221;fade&#8221; text_text_shadow_horizontal_length=&#8221;text_text_shadow_style,%91object Object%93&#8243; text_text_shadow_horizontal_length_tablet=&#8221;0px&#8221; text_text_shadow_vertical_length=&#8221;text_text_shadow_style,%91object Object%93&#8243; text_text_shadow_vertical_length_tablet=&#8221;0px&#8221; text_text_shadow_blur_strength=&#8221;text_text_shadow_style,%91object Object%93&#8243; text_text_shadow_blur_strength_tablet=&#8221;1px&#8221; link_text_shadow_horizontal_length=&#8221;link_text_shadow_style,%91object Object%93&#8243; link_text_shadow_horizontal_length_tablet=&#8221;0px&#8221; link_text_shadow_vertical_length=&#8221;link_text_shadow_style,%91object Object%93&#8243; link_text_shadow_vertical_length_tablet=&#8221;0px&#8221; link_text_shadow_blur_strength=&#8221;link_text_shadow_style,%91object Object%93&#8243; link_text_shadow_blur_strength_tablet=&#8221;1px&#8221; ul_text_shadow_horizontal_length=&#8221;ul_text_shadow_style,%91object Object%93&#8243; ul_text_shadow_horizontal_length_tablet=&#8221;0px&#8221; ul_text_shadow_vertical_length=&#8221;ul_text_shadow_style,%91object Object%93&#8243; ul_text_shadow_vertical_length_tablet=&#8221;0px&#8221; ul_text_shadow_blur_strength=&#8221;ul_text_shadow_style,%91object Object%93&#8243; ul_text_shadow_blur_strength_tablet=&#8221;1px&#8221; ol_text_shadow_horizontal_length=&#8221;ol_text_shadow_style,%91object Object%93&#8243; ol_text_shadow_horizontal_length_tablet=&#8221;0px&#8221; ol_text_shadow_vertical_length=&#8221;ol_text_shadow_style,%91object Object%93&#8243; ol_text_shadow_vertical_length_tablet=&#8221;0px&#8221; ol_text_shadow_blur_strength=&#8221;ol_text_shadow_style,%91object Object%93&#8243; ol_text_shadow_blur_strength_tablet=&#8221;1px&#8221; quote_text_shadow_horizontal_length=&#8221;quote_text_shadow_style,%91object Object%93&#8243; quote_text_shadow_horizontal_length_tablet=&#8221;0px&#8221; quote_text_shadow_vertical_length=&#8221;quote_text_shadow_style,%91object Object%93&#8243; quote_text_shadow_vertical_length_tablet=&#8221;0px&#8221; quote_text_shadow_blur_strength=&#8221;quote_text_shadow_style,%91object Object%93&#8243; quote_text_shadow_blur_strength_tablet=&#8221;1px&#8221; header_text_shadow_horizontal_length=&#8221;header_text_shadow_style,%91object Object%93&#8243; header_text_shadow_horizontal_length_tablet=&#8221;0px&#8221; header_text_shadow_vertical_length=&#8221;header_text_shadow_style,%91object Object%93&#8243; header_text_shadow_vertical_length_tablet=&#8221;0px&#8221; header_text_shadow_blur_strength=&#8221;header_text_shadow_style,%91object Object%93&#8243; header_text_shadow_blur_strength_tablet=&#8221;1px&#8221; header_2_text_shadow_horizontal_length=&#8221;header_2_text_shadow_style,%91object Object%93&#8243; header_2_text_shadow_horizontal_length_tablet=&#8221;0px&#8221; header_2_text_shadow_vertical_length=&#8221;header_2_text_shadow_style,%91object Object%93&#8243; header_2_text_shadow_vertical_length_tablet=&#8221;0px&#8221; header_2_text_shadow_blur_strength=&#8221;header_2_text_shadow_style,%91object Object%93&#8243; header_2_text_shadow_blur_strength_tablet=&#8221;1px&#8221; header_3_text_shadow_horizontal_length=&#8221;header_3_text_shadow_style,%91object Object%93&#8243; header_3_text_shadow_horizontal_length_tablet=&#8221;0px&#8221; header_3_text_shadow_vertical_length=&#8221;header_3_text_shadow_style,%91object Object%93&#8243; header_3_text_shadow_vertical_length_tablet=&#8221;0px&#8221; header_3_text_shadow_blur_strength=&#8221;header_3_text_shadow_style,%91object Object%93&#8243; header_3_text_shadow_blur_strength_tablet=&#8221;1px&#8221; header_4_text_shadow_horizontal_length=&#8221;header_4_text_shadow_style,%91object Object%93&#8243; header_4_text_shadow_horizontal_length_tablet=&#8221;0px&#8221; header_4_text_shadow_vertical_length=&#8221;header_4_text_shadow_style,%91object Object%93&#8243; header_4_text_shadow_vertical_length_tablet=&#8221;0px&#8221; header_4_text_shadow_blur_strength=&#8221;header_4_text_shadow_style,%91object Object%93&#8243; header_4_text_shadow_blur_strength_tablet=&#8221;1px&#8221; header_5_text_shadow_horizontal_length=&#8221;header_5_text_shadow_style,%91object Object%93&#8243; header_5_text_shadow_horizontal_length_tablet=&#8221;0px&#8221; header_5_text_shadow_vertical_length=&#8221;header_5_text_shadow_style,%91object Object%93&#8243; header_5_text_shadow_vertical_length_tablet=&#8221;0px&#8221; header_5_text_shadow_blur_strength=&#8221;header_5_text_shadow_style,%91object Object%93&#8243; header_5_text_shadow_blur_strength_tablet=&#8221;1px&#8221; header_6_text_shadow_horizontal_length=&#8221;header_6_text_shadow_style,%91object Object%93&#8243; header_6_text_shadow_horizontal_length_tablet=&#8221;0px&#8221; header_6_text_shadow_vertical_length=&#8221;header_6_text_shadow_style,%91object Object%93&#8243; header_6_text_shadow_vertical_length_tablet=&#8221;0px&#8221; header_6_text_shadow_blur_strength=&#8221;header_6_text_shadow_style,%91object Object%93&#8243; header_6_text_shadow_blur_strength_tablet=&#8221;1px&#8221; box_shadow_horizontal_tablet=&#8221;0px&#8221; box_shadow_vertical_tablet=&#8221;0px&#8221; box_shadow_blur_tablet=&#8221;40px&#8221; box_shadow_spread_tablet=&#8221;0px&#8221; vertical_offset_tablet=&#8221;0&#8243; horizontal_offset_tablet=&#8221;0&#8243; z_index_tablet=&#8221;0&#8243; header_font_size_tablet=&#8221;40px&#8221;]<\/p>\n<h1>ANO C<\/h1>\n<h1>Dehonianos<\/h1>\n<p>[\/et_pb_text][et_pb_text admin_label=&#8221;Subtitle&#8221; background_layout=&#8221;dark&#8221; _builder_version=&#8221;4.4.0&#8243; text_font=&#8221;Poppins||||||||&#8221; text_font_size=&#8221;18px&#8221; text_line_height=&#8221;1.8em&#8221; custom_margin=&#8221;|||&#8221; custom_padding=&#8221;|||&#8221; animation_style=&#8221;fade&#8221; text_text_shadow_horizontal_length=&#8221;text_text_shadow_style,%91object Object%93&#8243; text_text_shadow_horizontal_length_tablet=&#8221;0px&#8221; text_text_shadow_vertical_length=&#8221;text_text_shadow_style,%91object Object%93&#8243; text_text_shadow_vertical_length_tablet=&#8221;0px&#8221; text_text_shadow_blur_strength=&#8221;text_text_shadow_style,%91object Object%93&#8243; text_text_shadow_blur_strength_tablet=&#8221;1px&#8221; link_text_shadow_horizontal_length=&#8221;link_text_shadow_style,%91object Object%93&#8243; link_text_shadow_horizontal_length_tablet=&#8221;0px&#8221; link_text_shadow_vertical_length=&#8221;link_text_shadow_style,%91object Object%93&#8243; link_text_shadow_vertical_length_tablet=&#8221;0px&#8221; link_text_shadow_blur_strength=&#8221;link_text_shadow_style,%91object Object%93&#8243; link_text_shadow_blur_strength_tablet=&#8221;1px&#8221; ul_text_shadow_horizontal_length=&#8221;ul_text_shadow_style,%91object Object%93&#8243; ul_text_shadow_horizontal_length_tablet=&#8221;0px&#8221; ul_text_shadow_vertical_length=&#8221;ul_text_shadow_style,%91object Object%93&#8243; ul_text_shadow_vertical_length_tablet=&#8221;0px&#8221; ul_text_shadow_blur_strength=&#8221;ul_text_shadow_style,%91object Object%93&#8243; ul_text_shadow_blur_strength_tablet=&#8221;1px&#8221; ol_text_shadow_horizontal_length=&#8221;ol_text_shadow_style,%91object Object%93&#8243; ol_text_shadow_horizontal_length_tablet=&#8221;0px&#8221; ol_text_shadow_vertical_length=&#8221;ol_text_shadow_style,%91object Object%93&#8243; ol_text_shadow_vertical_length_tablet=&#8221;0px&#8221; ol_text_shadow_blur_strength=&#8221;ol_text_shadow_style,%91object Object%93&#8243; ol_text_shadow_blur_strength_tablet=&#8221;1px&#8221; quote_text_shadow_horizontal_length=&#8221;quote_text_shadow_style,%91object Object%93&#8243; quote_text_shadow_horizontal_length_tablet=&#8221;0px&#8221; quote_text_shadow_vertical_length=&#8221;quote_text_shadow_style,%91object Object%93&#8243; quote_text_shadow_vertical_length_tablet=&#8221;0px&#8221; quote_text_shadow_blur_strength=&#8221;quote_text_shadow_style,%91object Object%93&#8243; quote_text_shadow_blur_strength_tablet=&#8221;1px&#8221; header_text_shadow_horizontal_length=&#8221;header_text_shadow_style,%91object Object%93&#8243; header_text_shadow_horizontal_length_tablet=&#8221;0px&#8221; header_text_shadow_vertical_length=&#8221;header_text_shadow_style,%91object Object%93&#8243; header_text_shadow_vertical_length_tablet=&#8221;0px&#8221; header_text_shadow_blur_strength=&#8221;header_text_shadow_style,%91object Object%93&#8243; header_text_shadow_blur_strength_tablet=&#8221;1px&#8221; header_2_text_shadow_horizontal_length=&#8221;header_2_text_shadow_style,%91object Object%93&#8243; header_2_text_shadow_horizontal_length_tablet=&#8221;0px&#8221; header_2_text_shadow_vertical_length=&#8221;header_2_text_shadow_style,%91object Object%93&#8243; header_2_text_shadow_vertical_length_tablet=&#8221;0px&#8221; header_2_text_shadow_blur_strength=&#8221;header_2_text_shadow_style,%91object Object%93&#8243; header_2_text_shadow_blur_strength_tablet=&#8221;1px&#8221; header_3_text_shadow_horizontal_length=&#8221;header_3_text_shadow_style,%91object Object%93&#8243; header_3_text_shadow_horizontal_length_tablet=&#8221;0px&#8221; header_3_text_shadow_vertical_length=&#8221;header_3_text_shadow_style,%91object Object%93&#8243; header_3_text_shadow_vertical_length_tablet=&#8221;0px&#8221; header_3_text_shadow_blur_strength=&#8221;header_3_text_shadow_style,%91object Object%93&#8243; header_3_text_shadow_blur_strength_tablet=&#8221;1px&#8221; header_4_text_shadow_horizontal_length=&#8221;header_4_text_shadow_style,%91object Object%93&#8243; header_4_text_shadow_horizontal_length_tablet=&#8221;0px&#8221; header_4_text_shadow_vertical_length=&#8221;header_4_text_shadow_style,%91object Object%93&#8243; header_4_text_shadow_vertical_length_tablet=&#8221;0px&#8221; header_4_text_shadow_blur_strength=&#8221;header_4_text_shadow_style,%91object Object%93&#8243; header_4_text_shadow_blur_strength_tablet=&#8221;1px&#8221; header_5_text_shadow_horizontal_length=&#8221;header_5_text_shadow_style,%91object Object%93&#8243; header_5_text_shadow_horizontal_length_tablet=&#8221;0px&#8221; header_5_text_shadow_vertical_length=&#8221;header_5_text_shadow_style,%91object Object%93&#8243; header_5_text_shadow_vertical_length_tablet=&#8221;0px&#8221; header_5_text_shadow_blur_strength=&#8221;header_5_text_shadow_style,%91object Object%93&#8243; header_5_text_shadow_blur_strength_tablet=&#8221;1px&#8221; header_6_text_shadow_horizontal_length=&#8221;header_6_text_shadow_style,%91object Object%93&#8243; header_6_text_shadow_horizontal_length_tablet=&#8221;0px&#8221; header_6_text_shadow_vertical_length=&#8221;header_6_text_shadow_style,%91object Object%93&#8243; header_6_text_shadow_vertical_length_tablet=&#8221;0px&#8221; header_6_text_shadow_blur_strength=&#8221;header_6_text_shadow_style,%91object Object%93&#8243; header_6_text_shadow_blur_strength_tablet=&#8221;1px&#8221; box_shadow_horizontal_tablet=&#8221;0px&#8221; box_shadow_vertical_tablet=&#8221;0px&#8221; box_shadow_blur_tablet=&#8221;40px&#8221; box_shadow_spread_tablet=&#8221;0px&#8221; vertical_offset_tablet=&#8221;0&#8243; horizontal_offset_tablet=&#8221;0&#8243; z_index_tablet=&#8221;0&#8243;]<\/p>\n<p>Coment\u00e1rio do padre Manuel Barbosa<\/p>\n<p>[\/et_pb_text][\/et_pb_column][et_pb_column type=&#8221;1_2&#8243; _builder_version=&#8221;3.0.47&#8243; parallax=&#8221;off&#8221; parallax_method=&#8221;on&#8221; custom_padding__hover=&#8221;|||&#8221; custom_padding=&#8221;|||&#8221;][\/et_pb_column][\/et_pb_row][\/et_pb_section][et_pb_section bb_built=&#8221;1&#8243; _builder_version=&#8221;3.22&#8243; prev_background_color=&#8221;#000000&#8243;][et_pb_row _builder_version=&#8221;3.25&#8243; background_size=&#8221;initial&#8221; background_position=&#8221;top_left&#8221; background_repeat=&#8221;repeat&#8221; column_structure=&#8221;1_2,1_2&#8243;][et_pb_column type=&#8221;1_2&#8243; _builder_version=&#8221;3.25&#8243; custom_padding=&#8221;|||&#8221; custom_padding__hover=&#8221;|||&#8221;][et_pb_text admin_label=&#8221;Tempo Comum&#8221; _builder_version=&#8221;4.3.4&#8243; vertical_offset_tablet=&#8221;0&#8243; horizontal_offset_tablet=&#8221;0&#8243; z_index_tablet=&#8221;0&#8243; text_text_shadow_horizontal_length_tablet=&#8221;0px&#8221; text_text_shadow_vertical_length_tablet=&#8221;0px&#8221; text_text_shadow_blur_strength_tablet=&#8221;1px&#8221; link_text_shadow_horizontal_length_tablet=&#8221;0px&#8221; link_text_shadow_vertical_length_tablet=&#8221;0px&#8221; link_text_shadow_blur_strength_tablet=&#8221;1px&#8221; ul_text_shadow_horizontal_length_tablet=&#8221;0px&#8221; ul_text_shadow_vertical_length_tablet=&#8221;0px&#8221; ul_text_shadow_blur_strength_tablet=&#8221;1px&#8221; ol_text_shadow_horizontal_length_tablet=&#8221;0px&#8221; ol_text_shadow_vertical_length_tablet=&#8221;0px&#8221; ol_text_shadow_blur_strength_tablet=&#8221;1px&#8221; quote_text_shadow_horizontal_length_tablet=&#8221;0px&#8221; quote_text_shadow_vertical_length_tablet=&#8221;0px&#8221; quote_text_shadow_blur_strength_tablet=&#8221;1px&#8221; header_text_shadow_horizontal_length_tablet=&#8221;0px&#8221; header_text_shadow_vertical_length_tablet=&#8221;0px&#8221; header_text_shadow_blur_strength_tablet=&#8221;1px&#8221; header_2_text_shadow_horizontal_length_tablet=&#8221;0px&#8221; header_2_text_shadow_vertical_length_tablet=&#8221;0px&#8221; header_2_text_shadow_blur_strength_tablet=&#8221;1px&#8221; header_3_text_shadow_horizontal_length_tablet=&#8221;0px&#8221; header_3_text_shadow_vertical_length_tablet=&#8221;0px&#8221; header_3_text_shadow_blur_strength_tablet=&#8221;1px&#8221; header_4_text_shadow_horizontal_length_tablet=&#8221;0px&#8221; header_4_text_shadow_vertical_length_tablet=&#8221;0px&#8221; header_4_text_shadow_blur_strength_tablet=&#8221;1px&#8221; header_5_text_shadow_horizontal_length_tablet=&#8221;0px&#8221; header_5_text_shadow_vertical_length_tablet=&#8221;0px&#8221; header_5_text_shadow_blur_strength_tablet=&#8221;1px&#8221; header_6_text_shadow_horizontal_length_tablet=&#8221;0px&#8221; header_6_text_shadow_vertical_length_tablet=&#8221;0px&#8221; header_6_text_shadow_blur_strength_tablet=&#8221;1px&#8221; box_shadow_horizontal_tablet=&#8221;0px&#8221; box_shadow_vertical_tablet=&#8221;0px&#8221; box_shadow_blur_tablet=&#8221;40px&#8221; box_shadow_spread_tablet=&#8221;0px&#8221; text_text_shadow_horizontal_length=&#8221;text_text_shadow_style,%91object Object%93&#8243; text_text_shadow_vertical_length=&#8221;text_text_shadow_style,%91object Object%93&#8243; text_text_shadow_blur_strength=&#8221;text_text_shadow_style,%91object Object%93&#8243; link_text_shadow_horizontal_length=&#8221;link_text_shadow_style,%91object Object%93&#8243; link_text_shadow_vertical_length=&#8221;link_text_shadow_style,%91object Object%93&#8243; link_text_shadow_blur_strength=&#8221;link_text_shadow_style,%91object Object%93&#8243; ul_text_shadow_horizontal_length=&#8221;ul_text_shadow_style,%91object Object%93&#8243; ul_text_shadow_vertical_length=&#8221;ul_text_shadow_style,%91object Object%93&#8243; ul_text_shadow_blur_strength=&#8221;ul_text_shadow_style,%91object Object%93&#8243; ol_text_shadow_horizontal_length=&#8221;ol_text_shadow_style,%91object Object%93&#8243; ol_text_shadow_vertical_length=&#8221;ol_text_shadow_style,%91object Object%93&#8243; ol_text_shadow_blur_strength=&#8221;ol_text_shadow_style,%91object Object%93&#8243; quote_text_shadow_horizontal_length=&#8221;quote_text_shadow_style,%91object Object%93&#8243; quote_text_shadow_vertical_length=&#8221;quote_text_shadow_style,%91object Object%93&#8243; quote_text_shadow_blur_strength=&#8221;quote_text_shadow_style,%91object Object%93&#8243; header_text_shadow_horizontal_length=&#8221;header_text_shadow_style,%91object Object%93&#8243; header_text_shadow_vertical_length=&#8221;header_text_shadow_style,%91object Object%93&#8243; header_text_shadow_blur_strength=&#8221;header_text_shadow_style,%91object Object%93&#8243; header_2_text_shadow_horizontal_length=&#8221;header_2_text_shadow_style,%91object Object%93&#8243; header_2_text_shadow_vertical_length=&#8221;header_2_text_shadow_style,%91object Object%93&#8243; header_2_text_shadow_blur_strength=&#8221;header_2_text_shadow_style,%91object Object%93&#8243; header_3_text_shadow_horizontal_length=&#8221;header_3_text_shadow_style,%91object Object%93&#8243; header_3_text_shadow_vertical_length=&#8221;header_3_text_shadow_style,%91object Object%93&#8243; header_3_text_shadow_blur_strength=&#8221;header_3_text_shadow_style,%91object Object%93&#8243; header_4_text_shadow_horizontal_length=&#8221;header_4_text_shadow_style,%91object Object%93&#8243; header_4_text_shadow_vertical_length=&#8221;header_4_text_shadow_style,%91object Object%93&#8243; header_4_text_shadow_blur_strength=&#8221;header_4_text_shadow_style,%91object Object%93&#8243; header_5_text_shadow_horizontal_length=&#8221;header_5_text_shadow_style,%91object Object%93&#8243; header_5_text_shadow_vertical_length=&#8221;header_5_text_shadow_style,%91object Object%93&#8243; header_5_text_shadow_blur_strength=&#8221;header_5_text_shadow_style,%91object Object%93&#8243; header_6_text_shadow_horizontal_length=&#8221;header_6_text_shadow_style,%91object Object%93&#8243; header_6_text_shadow_vertical_length=&#8221;header_6_text_shadow_style,%91object Object%93&#8243; header_6_text_shadow_blur_strength=&#8221;header_6_text_shadow_style,%91object Object%93&#8243;]<\/p>\n<h3>Tempo Comum<\/h3>\n<p><span><div class=\"pt-cv-wrapper et_smooth_scroll_disabled\"><div class=\"pt-cv-view pt-cv-collapsible\" id=\"pt-cv-view-a9c7823s6i\"><div data-id=\"pt-cv-page-1\" class=\"pt-cv-page\" data-cvc=\"1\"><div class=\"panel-group\" id=\"d46c418pac\"><div class=\"panel panel-default pt-cv-content-item pt-cv-1-col\" >\r\n<div class=\"panel-heading pt-cv-title\">\r\n    <a class=\"panel-title\" data-toggle=\"cvcollapse\" data-parent=\"#d46c418pac\" data-target=\"#bb92e10nyu\" href='http:\/\/sites.ecclesia.pt\/liturgia\/ano-c-02o-domingo-do-tempo-comum-dehonianos\/' onclick='event.preventDefault()'>\r\n\t\tAno C &#8211; 02.\u00ba Domingo do Tempo Comum &#8211; Dehonianos\t<\/a>\r\n\t<\/div>\r\n<div id=\"bb92e10nyu\" class=\"panel-collapse collapse \">\r\n\t<div class=\"panel-body\">\r\n\t\t<div class=\"pt-cv-content\"><p><iframe loading=\"lazy\" title=\"Ano C - 2.\u00ba Domingo do Tempo Comum\" width=\"1080\" height=\"608\" src=\"https:\/\/www.youtube.com\/embed\/EdSAIdRwF10?feature=oembed\" frameborder=\"0\" allow=\"accelerometer; autoplay; encrypted-media; gyroscope; picture-in-picture\" allowfullscreen><\/iframe><\/p>\n<\/div>\t<\/div>\r\n<\/div><\/div>\n<div class=\"panel panel-default pt-cv-content-item pt-cv-1-col\" >\r\n<div class=\"panel-heading pt-cv-title\">\r\n    <a class=\"panel-title\" data-toggle=\"cvcollapse\" data-parent=\"#d46c418pac\" data-target=\"#0cf661df1s\" href='http:\/\/sites.ecclesia.pt\/liturgia\/ano-c-03o-domingo-do-tempo-comum-dehonianos\/' onclick='event.preventDefault()'>\r\n\t\tAno C &#8211; 03.\u00ba Domingo do Tempo Comum &#8211; Dehonianos\t<\/a>\r\n\t<\/div>\r\n<div id=\"0cf661df1s\" class=\"panel-collapse collapse \">\r\n\t<div class=\"panel-body\">\r\n\t\t<div class=\"pt-cv-content\"><p><iframe loading=\"lazy\" width=\"1080\" height=\"810\" src=\"https:\/\/www.youtube.com\/embed\/lVQ0e1crmSM?feature=oembed\" frameborder=\"0\" allow=\"accelerometer; autoplay; encrypted-media; gyroscope; picture-in-picture\" allowfullscreen><\/iframe><\/p>\n<p>A Palavra de Deus alegra o cora\u00e7\u00e3o<\/p>\n<p> <a href=\"http:\/\/sites.ecclesia.pt\/liturgia\/ano-c-03o-domingo-do-tempo-comum-dehonianos\/#more-126019\" class=\"more-link\"><span aria-label=\"Continue a ler Ano C &#8211; 03.\u00ba Domingo do Tempo Comum &#8211; Dehonianos\">(mais&hellip;)<\/span><\/a><\/p>\n<\/div>\t<\/div>\r\n<\/div><\/div>\n<div class=\"panel panel-default pt-cv-content-item pt-cv-1-col\" >\r\n<div class=\"panel-heading pt-cv-title\">\r\n    <a class=\"panel-title\" data-toggle=\"cvcollapse\" data-parent=\"#d46c418pac\" data-target=\"#f7e63a1pcu\" href='http:\/\/sites.ecclesia.pt\/liturgia\/ano-c-04o-domingo-do-tempo-comum-dehonianos-2\/' onclick='event.preventDefault()'>\r\n\t\tAno C &#8211; 04.\u00ba Domingo do Tempo Comum &#8211; Dehonianos\t<\/a>\r\n\t<\/div>\r\n<div id=\"f7e63a1pcu\" class=\"panel-collapse collapse \">\r\n\t<div class=\"panel-body\">\r\n\t\t<div class=\"pt-cv-content\"><p><iframe loading=\"lazy\" title=\"Ano C - 4.\u00ba Domingo do tempo comum\" width=\"1080\" height=\"608\" src=\"https:\/\/www.youtube.com\/embed\/JVnxn6PB76A?feature=oembed\" frameborder=\"0\" allow=\"accelerometer; autoplay; encrypted-media; gyroscope; picture-in-picture\" allowfullscreen><\/iframe><\/p>\n<p><em>Sem caridade, que somos n\u00f3s?<\/em><\/p>\n<p> <a href=\"http:\/\/sites.ecclesia.pt\/liturgia\/ano-c-04o-domingo-do-tempo-comum-dehonianos-2\/#more-126906\" class=\"more-link\"><span aria-label=\"Continue a ler Ano C &#8211; 04.\u00ba Domingo do Tempo Comum &#8211; Dehonianos\">(mais&hellip;)<\/span><\/a><\/p>\n<\/div>\t<\/div>\r\n<\/div><\/div>\n<div class=\"panel panel-default pt-cv-content-item pt-cv-1-col\" >\r\n<div class=\"panel-heading pt-cv-title\">\r\n    <a class=\"panel-title\" data-toggle=\"cvcollapse\" data-parent=\"#d46c418pac\" data-target=\"#5a8a160ayu\" href='http:\/\/sites.ecclesia.pt\/liturgia\/ano-c-05o-domingo-do-tempo-comum-dehonianos-2\/' onclick='event.preventDefault()'>\r\n\t\tAno C &#8211; 05.\u00ba Domingo do Tempo Comum &#8211; Dehonianos\t<\/a>\r\n\t<\/div>\r\n<div id=\"5a8a160ayu\" class=\"panel-collapse collapse \">\r\n\t<div class=\"panel-body\">\r\n\t\t<div class=\"pt-cv-content\"><p><iframe loading=\"lazy\" width=\"1080\" height=\"608\" src=\"https:\/\/www.youtube.com\/embed\/2GsZWJn8Dos?feature=oembed\" frameborder=\"0\" allow=\"accelerometer; autoplay; encrypted-media; gyroscope; picture-in-picture\" allowfullscreen><\/iframe><\/p>\n<p><em>Seguir Jesus\u2026 s\u00f3 com plena confian\u00e7a!<\/em><\/p>\n<p> <a href=\"http:\/\/sites.ecclesia.pt\/liturgia\/ano-c-05o-domingo-do-tempo-comum-dehonianos-2\/#more-127462\" class=\"more-link\"><span aria-label=\"Continue a ler Ano C &#8211; 05.\u00ba Domingo do Tempo Comum &#8211; Dehonianos\">(mais&hellip;)<\/span><\/a><\/p>\n<\/div>\t<\/div>\r\n<\/div><\/div>\n<div class=\"panel panel-default pt-cv-content-item pt-cv-1-col\" >\r\n<div class=\"panel-heading pt-cv-title\">\r\n    <a class=\"panel-title\" data-toggle=\"cvcollapse\" data-parent=\"#d46c418pac\" data-target=\"#b56476chb3\" href='http:\/\/sites.ecclesia.pt\/liturgia\/ano-c-06o-domingo-do-tempo-comum-dehonianos-2\/' onclick='event.preventDefault()'>\r\n\t\tAno C &#8211; 06.\u00ba Domingo do Tempo Comum &#8211; Dehonianos\t<\/a>\r\n\t<\/div>\r\n<div id=\"b56476chb3\" class=\"panel-collapse collapse \">\r\n\t<div class=\"panel-body\">\r\n\t\t<div class=\"pt-cv-content\"><p><iframe loading=\"lazy\" width=\"1080\" height=\"608\" src=\"https:\/\/www.youtube.com\/embed\/6BeSFOXs-dE?feature=oembed\" frameborder=\"0\" allow=\"accelerometer; autoplay; encrypted-media; gyroscope; picture-in-picture\" allowfullscreen><\/iframe><\/p>\n<p><em>Viver como pessoas felizes<\/em><\/p>\n<p> <a href=\"http:\/\/sites.ecclesia.pt\/liturgia\/ano-c-06o-domingo-do-tempo-comum-dehonianos-2\/#more-128142\" class=\"more-link\"><span aria-label=\"Continue a ler Ano C &#8211; 06.\u00ba Domingo do Tempo Comum &#8211; Dehonianos\">(mais&hellip;)<\/span><\/a><\/p>\n<\/div>\t<\/div>\r\n<\/div><\/div>\n<div class=\"panel panel-default pt-cv-content-item pt-cv-1-col\" >\r\n<div class=\"panel-heading pt-cv-title\">\r\n    <a class=\"panel-title\" data-toggle=\"cvcollapse\" data-parent=\"#d46c418pac\" data-target=\"#3ff38c2fmc\" href='http:\/\/sites.ecclesia.pt\/liturgia\/ano-c-07o-domingo-do-tempo-comum-dehonianos\/' onclick='event.preventDefault()'>\r\n\t\tAno C &#8211; 07.\u00ba Domingo do Tempo Comum &#8211; Dehonianos\t<\/a>\r\n\t<\/div>\r\n<div id=\"3ff38c2fmc\" class=\"panel-collapse collapse \">\r\n\t<div class=\"panel-body\">\r\n\t\t<div class=\"pt-cv-content\"><p><iframe loading=\"lazy\" title=\"Ano C - 7.\u00ba domingo do Tempo Comum\" width=\"1080\" height=\"608\" src=\"https:\/\/www.youtube.com\/embed\/I886EuSv72U?feature=oembed\" frameborder=\"0\" allow=\"accelerometer; autoplay; encrypted-media; gyroscope; picture-in-picture\" allowfullscreen><\/iframe><\/p>\n<p><em>Amar sem limites<\/em> <a href=\"http:\/\/sites.ecclesia.pt\/liturgia\/ano-c-07o-domingo-do-tempo-comum-dehonianos\/#more-128770\" class=\"more-link\"><span aria-label=\"Continue a ler Ano C &#8211; 07.\u00ba Domingo do Tempo Comum &#8211; Dehonianos\">(mais&hellip;)<\/span><\/a><\/p>\n<\/div>\t<\/div>\r\n<\/div><\/div>\n<div class=\"panel panel-default pt-cv-content-item pt-cv-1-col\" >\r\n<div class=\"panel-heading pt-cv-title\">\r\n    <a class=\"panel-title\" data-toggle=\"cvcollapse\" data-parent=\"#d46c418pac\" data-target=\"#1489f22i94\" href='http:\/\/sites.ecclesia.pt\/liturgia\/ano-c-08o-domingo-do-tempo-comum-3\/' onclick='event.preventDefault()'>\r\n\t\tAno C &#8211; 08.\u00ba Domingo do Tempo Comum &#8211; Dehonianos\t<\/a>\r\n\t<\/div>\r\n<div id=\"1489f22i94\" class=\"panel-collapse collapse \">\r\n\t<div class=\"panel-body\">\r\n\t\t<div class=\"pt-cv-content\"><p><iframe loading=\"lazy\" title=\"Ano C - 08.\u00ba domingo do tempo comum\" width=\"1080\" height=\"608\" src=\"https:\/\/www.youtube.com\/embed\/KD1NRH9GcJY?feature=oembed\" frameborder=\"0\" allow=\"accelerometer; autoplay; encrypted-media; gyroscope; picture-in-picture\" allowfullscreen><\/iframe><\/p>\n<p>&nbsp;<\/p>\n<\/div>\t<\/div>\r\n<\/div><\/div>\n<div class=\"panel panel-default pt-cv-content-item pt-cv-1-col\" >\r\n<div class=\"panel-heading pt-cv-title\">\r\n    <a class=\"panel-title\" data-toggle=\"cvcollapse\" data-parent=\"#d46c418pac\" data-target=\"#49e999cmgn\" href='http:\/\/sites.ecclesia.pt\/liturgia\/ano-c-12o-domingo-do-tempo-comum-dehonianos\/' onclick='event.preventDefault()'>\r\n\t\tAno C &#8211; 12.\u00ba Domingo do Tempo Comum &#8211; Dehonianos\t<\/a>\r\n\t<\/div>\r\n<div id=\"49e999cmgn\" class=\"panel-collapse collapse \">\r\n\t<div class=\"panel-body\">\r\n\t\t<div class=\"pt-cv-content\"><p><iframe loading=\"lazy\" title=\"Ano C - 12.\u00ba Domingo do Tempo Comum\" width=\"1080\" height=\"608\" src=\"https:\/\/www.youtube.com\/embed\/F6K4HRut5T0?feature=oembed\" frameborder=\"0\" allow=\"accelerometer; autoplay; encrypted-media; gyroscope; picture-in-picture\" allowfullscreen><\/iframe><\/p>\n<p><em>E v\u00f3s, quem dizeis que Eu sou?<\/em><\/p>\n<p> <a href=\"http:\/\/sites.ecclesia.pt\/liturgia\/ano-c-12o-domingo-do-tempo-comum-dehonianos\/#more-140899\" class=\"more-link\"><span aria-label=\"Continue a ler Ano C &#8211; 12.\u00ba Domingo do Tempo Comum &#8211; Dehonianos\">(mais&hellip;)<\/span><\/a><\/p>\n<\/div>\t<\/div>\r\n<\/div><\/div>\n<div class=\"panel panel-default pt-cv-content-item pt-cv-1-col\" >\r\n<div class=\"panel-heading pt-cv-title\">\r\n    <a class=\"panel-title\" data-toggle=\"cvcollapse\" data-parent=\"#d46c418pac\" data-target=\"#2795e9f6lg\" href='http:\/\/sites.ecclesia.pt\/liturgia\/ano-c-14o-domingo-do-tempo-comum-dehonianos\/' onclick='event.preventDefault()'>\r\n\t\tAno C &#8211; 14.\u00ba Domingo do Tempo Comum &#8211; Dehonianos\t<\/a>\r\n\t<\/div>\r\n<div id=\"2795e9f6lg\" class=\"panel-collapse collapse \">\r\n\t<div class=\"panel-body\">\r\n\t\t<div class=\"pt-cv-content\"><p><iframe loading=\"lazy\" title=\"Ano C - 14.\u00ba domingo do Tempo Comum.\" width=\"1080\" height=\"608\" src=\"https:\/\/www.youtube.com\/embed\/F4WpsYPNumE?feature=oembed\" frameborder=\"0\" allow=\"accelerometer; autoplay; encrypted-media; gyroscope; picture-in-picture\" allowfullscreen><\/iframe><\/p>\n<p><em>A seara \u00e9 grande. Ide, envio-vos!<\/em><\/p>\n<p> <a href=\"http:\/\/sites.ecclesia.pt\/liturgia\/ano-c-14o-domingo-do-tempo-comum-dehonianos\/#more-142593\" class=\"more-link\"><span aria-label=\"Continue a ler Ano C &#8211; 14.\u00ba Domingo do Tempo Comum &#8211; Dehonianos\">(mais&hellip;)<\/span><\/a><\/p>\n<\/div>\t<\/div>\r\n<\/div><\/div>\n<div class=\"panel panel-default pt-cv-content-item pt-cv-1-col\" >\r\n<div class=\"panel-heading pt-cv-title\">\r\n    <a class=\"panel-title\" data-toggle=\"cvcollapse\" data-parent=\"#d46c418pac\" data-target=\"#45ba481rzt\" href='http:\/\/sites.ecclesia.pt\/liturgia\/ano-c-15o-domingo-do-tempo-comum-dehonianos\/' onclick='event.preventDefault()'>\r\n\t\tAno C &#8211; 15.\u00ba Domingo do Tempo Comum &#8211; Dehonianos\t<\/a>\r\n\t<\/div>\r\n<div id=\"45ba481rzt\" class=\"panel-collapse collapse \">\r\n\t<div class=\"panel-body\">\r\n\t\t<div class=\"pt-cv-content\"><p><iframe loading=\"lazy\" title=\"Ano C - 15.\u00ba Domingo do Tempo Comum.\" width=\"1080\" height=\"608\" src=\"https:\/\/www.youtube.com\/embed\/Umnrwkq7aWc?feature=oembed\" frameborder=\"0\" allow=\"accelerometer; autoplay; encrypted-media; gyroscope; picture-in-picture\" allowfullscreen><\/iframe><\/p>\n<p><em>Vai ao encontro do pr\u00f3ximo com amor e compaix\u00e3o!<\/em> <a href=\"http:\/\/sites.ecclesia.pt\/liturgia\/ano-c-15o-domingo-do-tempo-comum-dehonianos\/#more-143827\" class=\"more-link\"><span aria-label=\"Continue a ler Ano C &#8211; 15.\u00ba Domingo do Tempo Comum &#8211; Dehonianos\">(mais&hellip;)<\/span><\/a><\/p>\n<\/div>\t<\/div>\r\n<\/div><\/div>\n<div class=\"panel panel-default pt-cv-content-item pt-cv-1-col\" >\r\n<div class=\"panel-heading pt-cv-title\">\r\n    <a class=\"panel-title\" data-toggle=\"cvcollapse\" data-parent=\"#d46c418pac\" data-target=\"#ed0dc85i69\" href='http:\/\/sites.ecclesia.pt\/liturgia\/ano-c-16-o-domingo-do-tempo-comum\/' onclick='event.preventDefault()'>\r\n\t\tAno C &#8211; 16.\u00ba Domingo do Tempo Comum &#8211; Dehonianos\t<\/a>\r\n\t<\/div>\r\n<div id=\"ed0dc85i69\" class=\"panel-collapse collapse \">\r\n\t<div class=\"panel-body\">\r\n\t\t<div class=\"pt-cv-content\"><p><iframe loading=\"lazy\" title=\"Ano C - 16.\u00ba domingo do Tempo Comum. Coment\u00e1rio do padre Manuel Barbosa, scj\" width=\"1080\" height=\"608\" src=\"https:\/\/www.youtube.com\/embed\/1lhjovIKkOg?feature=oembed\" frameborder=\"0\" allow=\"accelerometer; autoplay; encrypted-media; gyroscope; picture-in-picture\" allowfullscreen><\/iframe><\/p>\n<p><em>Acolher bem e servir melhor<\/em><\/p>\n<p> <a href=\"http:\/\/sites.ecclesia.pt\/liturgia\/ano-c-16-o-domingo-do-tempo-comum\/#more-144697\" class=\"more-link\"><span aria-label=\"Continue a ler Ano C &#8211; 16.\u00ba Domingo do Tempo Comum &#8211; Dehonianos\">(mais&hellip;)<\/span><\/a><\/p>\n<\/div>\t<\/div>\r\n<\/div><\/div>\n<div class=\"panel panel-default pt-cv-content-item pt-cv-1-col\" >\r\n<div class=\"panel-heading pt-cv-title\">\r\n    <a class=\"panel-title\" data-toggle=\"cvcollapse\" data-parent=\"#d46c418pac\" data-target=\"#307dc051bx\" href='http:\/\/sites.ecclesia.pt\/liturgia\/ano-c-17o-domingo-do-tempo-comum-dehonianos\/' onclick='event.preventDefault()'>\r\n\t\tAno C &#8211; 17.\u00ba Domingo do Tempo Comum &#8211; Dehonianos\t<\/a>\r\n\t<\/div>\r\n<div id=\"307dc051bx\" class=\"panel-collapse collapse \">\r\n\t<div class=\"panel-body\">\r\n\t\t<div class=\"pt-cv-content\"><p><iframe loading=\"lazy\" title=\"Ano C - 17.\u00ba Domingo do Tempo Comum\" width=\"1080\" height=\"608\" src=\"https:\/\/www.youtube.com\/embed\/DoJua_VOZ8o?feature=oembed\" frameborder=\"0\" allow=\"accelerometer; autoplay; encrypted-media; gyroscope; picture-in-picture\" allowfullscreen><\/iframe><\/p>\n<p><em>Rezar como Jesus nos ensina<\/em><\/p>\n<p> <a href=\"http:\/\/sites.ecclesia.pt\/liturgia\/ano-c-17o-domingo-do-tempo-comum-dehonianos\/#more-145097\" class=\"more-link\"><span aria-label=\"Continue a ler Ano C &#8211; 17.\u00ba Domingo do Tempo Comum &#8211; Dehonianos\">(mais&hellip;)<\/span><\/a><\/p>\n<\/div>\t<\/div>\r\n<\/div><\/div>\n<div class=\"panel panel-default pt-cv-content-item pt-cv-1-col\" >\r\n<div class=\"panel-heading pt-cv-title\">\r\n    <a class=\"panel-title\" data-toggle=\"cvcollapse\" data-parent=\"#d46c418pac\" data-target=\"#eaef05fr9h\" href='http:\/\/sites.ecclesia.pt\/liturgia\/ano-c-18o-domingo-do-tempo-comum-dehonianos\/' onclick='event.preventDefault()'>\r\n\t\tAno C &#8211; 18.\u00ba Domingo do Tempo Comum &#8211; Dehonianos\t<\/a>\r\n\t<\/div>\r\n<div id=\"eaef05fr9h\" class=\"panel-collapse collapse \">\r\n\t<div class=\"panel-body\">\r\n\t\t<div class=\"pt-cv-content\"><p><iframe loading=\"lazy\" title=\"Ano C - 18\u00ba Domingo do Tempo Comum\" width=\"1080\" height=\"608\" src=\"https:\/\/www.youtube.com\/embed\/WA_hpuSDaAo?feature=oembed\"  allow=\"accelerometer; autoplay; clipboard-write; encrypted-media; gyroscope; picture-in-picture\" allowfullscreen><\/iframe><\/p>\n<p><em>Que bens d\u00e3o sentido \u00e0 vida?<\/em><\/p>\n<p> <a href=\"http:\/\/sites.ecclesia.pt\/liturgia\/ano-c-18o-domingo-do-tempo-comum-dehonianos\/#more-145101\" class=\"more-link\"><span aria-label=\"Continue a ler Ano C &#8211; 18.\u00ba Domingo do Tempo Comum &#8211; Dehonianos\">(mais&hellip;)<\/span><\/a><\/p>\n<\/div>\t<\/div>\r\n<\/div><\/div>\n<div class=\"panel panel-default pt-cv-content-item pt-cv-1-col\" >\r\n<div class=\"panel-heading pt-cv-title\">\r\n    <a class=\"panel-title\" data-toggle=\"cvcollapse\" data-parent=\"#d46c418pac\" data-target=\"#ed61b5diga\" href='http:\/\/sites.ecclesia.pt\/liturgia\/ano-c-19o-domingo-do-tempo-comum-dehonianos\/' onclick='event.preventDefault()'>\r\n\t\tAno C &#8211; 19.\u00ba Domingo do Tempo Comum &#8211; Dehonianos\t<\/a>\r\n\t<\/div>\r\n<div id=\"ed61b5diga\" class=\"panel-collapse collapse \">\r\n\t<div class=\"panel-body\">\r\n\t\t<div class=\"pt-cv-content\"><p><iframe loading=\"lazy\" title=\"Ano C - 19.\u00ba Domingo do Tempo Comum\" width=\"1080\" height=\"608\" src=\"https:\/\/www.youtube.com\/embed\/5krroWcuyJM?feature=oembed\" frameborder=\"0\" allow=\"accelerometer; autoplay; encrypted-media; gyroscope; picture-in-picture\" allowfullscreen><\/iframe><\/p>\n<p><em>Viver como peregrinos na f\u00e9<\/em><\/p>\n<p> <a href=\"http:\/\/sites.ecclesia.pt\/liturgia\/ano-c-19o-domingo-do-tempo-comum-dehonianos\/#more-145103\" class=\"more-link\"><span aria-label=\"Continue a ler Ano C &#8211; 19.\u00ba Domingo do Tempo Comum &#8211; Dehonianos\">(mais&hellip;)<\/span><\/a><\/p>\n<\/div>\t<\/div>\r\n<\/div><\/div>\n<div class=\"panel panel-default pt-cv-content-item pt-cv-1-col\" >\r\n<div class=\"panel-heading pt-cv-title\">\r\n    <a class=\"panel-title\" data-toggle=\"cvcollapse\" data-parent=\"#d46c418pac\" data-target=\"#0347c2bbq2\" href='http:\/\/sites.ecclesia.pt\/liturgia\/ano-c-20o-domingo-do-tempo-comum-dehonianos\/' onclick='event.preventDefault()'>\r\n\t\tAno C &#8211; 20\u00ba Domingo do Tempo Comum &#8211; Dehonianos\t<\/a>\r\n\t<\/div>\r\n<div id=\"0347c2bbq2\" class=\"panel-collapse collapse \">\r\n\t<div class=\"panel-body\">\r\n\t\t<div class=\"pt-cv-content\"><p><iframe loading=\"lazy\" title=\"Ano C - 20\u00ba Domingo do Tempo Comum\" width=\"1080\" height=\"608\" src=\"https:\/\/www.youtube.com\/embed\/zOXVgOPKRV0?feature=oembed\" frameborder=\"0\" allow=\"accelerometer; autoplay; encrypted-media; gyroscope; picture-in-picture\" allowfullscreen><\/iframe><\/p>\n<p><em>Comunidades prof\u00e9ticas na paz e no amor<\/em><\/p>\n<p> <a href=\"http:\/\/sites.ecclesia.pt\/liturgia\/ano-c-20o-domingo-do-tempo-comum-dehonianos\/#more-145106\" class=\"more-link\"><span aria-label=\"Continue a ler Ano C &#8211; 20\u00ba Domingo do Tempo Comum &#8211; Dehonianos\">(mais&hellip;)<\/span><\/a><\/p>\n<\/div>\t<\/div>\r\n<\/div><\/div>\n<div class=\"panel panel-default pt-cv-content-item pt-cv-1-col\" >\r\n<div class=\"panel-heading pt-cv-title\">\r\n    <a class=\"panel-title\" data-toggle=\"cvcollapse\" data-parent=\"#d46c418pac\" data-target=\"#3372173ynl\" href='http:\/\/sites.ecclesia.pt\/liturgia\/ano-c-21o-domingo-do-tempo-comum-dehonianos\/' onclick='event.preventDefault()'>\r\n\t\tAno C &#8211; 21.\u00ba Domingo do Tempo Comum &#8211; Dehonianos\t<\/a>\r\n\t<\/div>\r\n<div id=\"3372173ynl\" class=\"panel-collapse collapse \">\r\n\t<div class=\"panel-body\">\r\n\t\t<div class=\"pt-cv-content\"><p><iframe loading=\"lazy\" title=\"Ano C - 21.\u00ba Domingo do Tempo Comum\" width=\"1080\" height=\"608\" src=\"https:\/\/www.youtube.com\/embed\/TXaNxHPNdCw?feature=oembed\" frameborder=\"0\" allow=\"accelerometer; autoplay; encrypted-media; gyroscope; picture-in-picture\" allowfullscreen><\/iframe><\/p>\n<p><em>\u00abSenhor, s\u00e3o poucos os que se salvam?\u00bb<\/em><\/p>\n<p> <a href=\"http:\/\/sites.ecclesia.pt\/liturgia\/ano-c-21o-domingo-do-tempo-comum-dehonianos\/#more-145110\" class=\"more-link\"><span aria-label=\"Continue a ler Ano C &#8211; 21.\u00ba Domingo do Tempo Comum &#8211; Dehonianos\">(mais&hellip;)<\/span><\/a><\/p>\n<\/div>\t<\/div>\r\n<\/div><\/div>\n<div class=\"panel panel-default pt-cv-content-item pt-cv-1-col\" >\r\n<div class=\"panel-heading pt-cv-title\">\r\n    <a class=\"panel-title\" data-toggle=\"cvcollapse\" data-parent=\"#d46c418pac\" data-target=\"#cacde5ad1z\" href='http:\/\/sites.ecclesia.pt\/liturgia\/ano-c-22o-domingo-do-tempo-comum-dehonianos\/' onclick='event.preventDefault()'>\r\n\t\tAno C &#8211; 22.\u00ba Domingo do Tempo Comum &#8211; Dehonianos\t<\/a>\r\n\t<\/div>\r\n<div id=\"cacde5ad1z\" class=\"panel-collapse collapse \">\r\n\t<div class=\"panel-body\">\r\n\t\t<div class=\"pt-cv-content\"><p><iframe loading=\"lazy\" title=\"Ano C - 22\u00ba Domingo do Tempo Comum\" width=\"1080\" height=\"608\" src=\"https:\/\/www.youtube.com\/embed\/7aq-mF4eqeE?feature=oembed\"  allow=\"accelerometer; autoplay; clipboard-write; encrypted-media; gyroscope; picture-in-picture\" allowfullscreen><\/iframe><\/p>\n<p><em>Convida os pobres e ser\u00e1s feliz!<\/em><\/p>\n<p> <a href=\"http:\/\/sites.ecclesia.pt\/liturgia\/ano-c-22o-domingo-do-tempo-comum-dehonianos\/#more-145114\" class=\"more-link\"><span aria-label=\"Continue a ler Ano C &#8211; 22.\u00ba Domingo do Tempo Comum &#8211; Dehonianos\">(mais&hellip;)<\/span><\/a><\/p>\n<\/div>\t<\/div>\r\n<\/div><\/div>\n<div class=\"panel panel-default pt-cv-content-item pt-cv-1-col\" >\r\n<div class=\"panel-heading pt-cv-title\">\r\n    <a class=\"panel-title\" data-toggle=\"cvcollapse\" data-parent=\"#d46c418pac\" data-target=\"#acc9009xyr\" href='http:\/\/sites.ecclesia.pt\/liturgia\/ano-c-23o-domingo-do-tempo-comum-dehonianos\/' onclick='event.preventDefault()'>\r\n\t\tAno C &#8211; 23.\u00ba Domingo do Tempo Comum &#8211; Dehonianos\t<\/a>\r\n\t<\/div>\r\n<div id=\"acc9009xyr\" class=\"panel-collapse collapse \">\r\n\t<div class=\"panel-body\">\r\n\t\t<div class=\"pt-cv-content\"><p><iframe loading=\"lazy\" title=\"Ano C - 23.\u00ba Domingo do Tempo Comum\" width=\"1080\" height=\"608\" src=\"https:\/\/www.youtube.com\/embed\/b1OM6nnJpEY?feature=oembed\" frameborder=\"0\" allow=\"accelerometer; autoplay; encrypted-media; gyroscope; picture-in-picture\" allowfullscreen><\/iframe><\/p>\n<p><em>Como seguimos Jesus hoje?<\/em><\/p>\n<p> <a href=\"http:\/\/sites.ecclesia.pt\/liturgia\/ano-c-23o-domingo-do-tempo-comum-dehonianos\/#more-145117\" class=\"more-link\"><span aria-label=\"Continue a ler Ano C &#8211; 23.\u00ba Domingo do Tempo Comum &#8211; Dehonianos\">(mais&hellip;)<\/span><\/a><\/p>\n<\/div>\t<\/div>\r\n<\/div><\/div>\n<div class=\"panel panel-default pt-cv-content-item pt-cv-1-col\" >\r\n<div class=\"panel-heading pt-cv-title\">\r\n    <a class=\"panel-title\" data-toggle=\"cvcollapse\" data-parent=\"#d46c418pac\" data-target=\"#57ea0fe4du\" href='http:\/\/sites.ecclesia.pt\/liturgia\/ano-c-24o-domingo-do-tempo-comum-dehonianos\/' onclick='event.preventDefault()'>\r\n\t\tAno C &#8211; 24.\u00ba Domingo do Tempo Comum &#8211; Dehonianos\t<\/a>\r\n\t<\/div>\r\n<div id=\"57ea0fe4du\" class=\"panel-collapse collapse \">\r\n\t<div class=\"panel-body\">\r\n\t\t<div class=\"pt-cv-content\"><p><iframe loading=\"lazy\" title=\"Ano C - 24.\u00ba Domingo do Tempo Comum\" width=\"1080\" height=\"608\" src=\"https:\/\/www.youtube.com\/embed\/zj8dk2RY11E?feature=oembed\" frameborder=\"0\" allow=\"accelerometer; autoplay; encrypted-media; gyroscope; picture-in-picture\" allowfullscreen><\/iframe><\/p>\n<p><em>Entrar na alegria de Deus, voltar \u00e0 vida<\/em><\/p>\n<p> <a href=\"http:\/\/sites.ecclesia.pt\/liturgia\/ano-c-24o-domingo-do-tempo-comum-dehonianos\/#more-148515\" class=\"more-link\"><span aria-label=\"Continue a ler Ano C &#8211; 24.\u00ba Domingo do Tempo Comum &#8211; Dehonianos\">(mais&hellip;)<\/span><\/a><\/p>\n<\/div>\t<\/div>\r\n<\/div><\/div>\n<div class=\"panel panel-default pt-cv-content-item pt-cv-1-col\" >\r\n<div class=\"panel-heading pt-cv-title\">\r\n    <a class=\"panel-title\" data-toggle=\"cvcollapse\" data-parent=\"#d46c418pac\" data-target=\"#6cfa6fc16e\" href='http:\/\/sites.ecclesia.pt\/liturgia\/ano-c-26o-domingo-do-tempo-comum-dehonianos\/' onclick='event.preventDefault()'>\r\n\t\tAno C &#8211; 26.\u00ba Domingo do Tempo Comum &#8211; Dehonianos\t<\/a>\r\n\t<\/div>\r\n<div id=\"6cfa6fc16e\" class=\"panel-collapse collapse \">\r\n\t<div class=\"panel-body\">\r\n\t\t<div class=\"pt-cv-content\"><p><iframe loading=\"lazy\" title=\"Ano C - 26.\u00ba Domingo do Tempo Comum\" width=\"1080\" height=\"608\" src=\"https:\/\/www.youtube.com\/embed\/hED8WC9A6a4?feature=oembed\" frameborder=\"0\" allow=\"accelerometer; autoplay; encrypted-media; gyroscope; picture-in-picture\" allowfullscreen><\/iframe><\/p>\n<p><em>Partilhar os bens recebidos<\/em><\/p>\n<p> <a href=\"http:\/\/sites.ecclesia.pt\/liturgia\/ano-c-26o-domingo-do-tempo-comum-dehonianos\/#more-149531\" class=\"more-link\"><span aria-label=\"Continue a ler Ano C &#8211; 26.\u00ba Domingo do Tempo Comum &#8211; Dehonianos\">(mais&hellip;)<\/span><\/a><\/p>\n<\/div>\t<\/div>\r\n<\/div><\/div>\n<div class=\"panel panel-default pt-cv-content-item pt-cv-1-col\" >\r\n<div class=\"panel-heading pt-cv-title\">\r\n    <a class=\"panel-title\" data-toggle=\"cvcollapse\" data-parent=\"#d46c418pac\" data-target=\"#5e72e9adxq\" href='http:\/\/sites.ecclesia.pt\/liturgia\/ano-c-27o-domingo-do-tempo-comum-dehonianos\/' onclick='event.preventDefault()'>\r\n\t\tAno C &#8211; 27.\u00ba Domingo do Tempo Comum &#8211; Dehonianos\t<\/a>\r\n\t<\/div>\r\n<div id=\"5e72e9adxq\" class=\"panel-collapse collapse \">\r\n\t<div class=\"panel-body\">\r\n\t\t<div class=\"pt-cv-content\"><p><iframe loading=\"lazy\" title=\"27.\u00ba domingo do Tempo Comum - Ano C\" width=\"1080\" height=\"608\" src=\"https:\/\/www.youtube.com\/embed\/2hp-vj3sREU?feature=oembed\" frameborder=\"0\" allow=\"accelerometer; autoplay; encrypted-media; gyroscope; picture-in-picture\" allowfullscreen><\/iframe><\/p>\n<p><em>Senhor, aumenta a nossa f\u00e9!<\/em><\/p>\n<p> <a href=\"http:\/\/sites.ecclesia.pt\/liturgia\/ano-c-27o-domingo-do-tempo-comum-dehonianos\/#more-150269\" class=\"more-link\"><span aria-label=\"Continue a ler Ano C &#8211; 27.\u00ba Domingo do Tempo Comum &#8211; Dehonianos\">(mais&hellip;)<\/span><\/a><\/p>\n<\/div>\t<\/div>\r\n<\/div><\/div>\n<div class=\"panel panel-default pt-cv-content-item pt-cv-1-col\" >\r\n<div class=\"panel-heading pt-cv-title\">\r\n    <a class=\"panel-title\" data-toggle=\"cvcollapse\" data-parent=\"#d46c418pac\" data-target=\"#6bb58a3j61\" href='http:\/\/sites.ecclesia.pt\/liturgia\/ano-c-28o-domingo-do-tempo-comum-dehonianos\/' onclick='event.preventDefault()'>\r\n\t\tAno C &#8211; 28.\u00ba Domingo do Tempo Comum &#8211; Dehonianos\t<\/a>\r\n\t<\/div>\r\n<div id=\"6bb58a3j61\" class=\"panel-collapse collapse \">\r\n\t<div class=\"panel-body\">\r\n\t\t<div class=\"pt-cv-content\"><p><iframe loading=\"lazy\" title=\"28.\u00ba domingo do Tempo Comum - Ano C\" width=\"1080\" height=\"608\" src=\"https:\/\/www.youtube.com\/embed\/vJq_AxyencM?feature=oembed\" frameborder=\"0\" allow=\"accelerometer; autoplay; encrypted-media; gyroscope; picture-in-picture\" allowfullscreen><\/iframe><\/p>\n<p><em>Agradecer a f\u00e9 que nos salva em Cristo<\/em><\/p>\n<p> <a href=\"http:\/\/sites.ecclesia.pt\/liturgia\/ano-c-28o-domingo-do-tempo-comum-dehonianos\/#more-150944\" class=\"more-link\"><span aria-label=\"Continue a ler Ano C &#8211; 28.\u00ba Domingo do Tempo Comum &#8211; Dehonianos\">(mais&hellip;)<\/span><\/a><\/p>\n<\/div>\t<\/div>\r\n<\/div><\/div>\n<div class=\"panel panel-default pt-cv-content-item pt-cv-1-col\" >\r\n<div class=\"panel-heading pt-cv-title\">\r\n    <a class=\"panel-title\" data-toggle=\"cvcollapse\" data-parent=\"#d46c418pac\" data-target=\"#3996b62qns\" href='http:\/\/sites.ecclesia.pt\/liturgia\/ano-c-31o-domingo-do-tempo-comum-dehonianos\/' onclick='event.preventDefault()'>\r\n\t\tAno C &#8211; 31.\u00ba Domingo do Tempo Comum &#8211; Dehonianos\t<\/a>\r\n\t<\/div>\r\n<div id=\"3996b62qns\" class=\"panel-collapse collapse \">\r\n\t<div class=\"panel-body\">\r\n\t\t<div class=\"pt-cv-content\"><p><iframe loading=\"lazy\" title=\"Ano C - 31.\u00ba. Domingo do Tempo Comum\" width=\"1080\" height=\"608\" src=\"https:\/\/www.youtube.com\/embed\/leWnPXHwWIg?feature=oembed\" frameborder=\"0\" allow=\"accelerometer; autoplay; encrypted-media; gyroscope; picture-in-picture\" allowfullscreen><\/iframe><\/p>\n<p>Como andam os nossos olhares?<\/p>\n<p> <a href=\"http:\/\/sites.ecclesia.pt\/liturgia\/ano-c-31o-domingo-do-tempo-comum-dehonianos\/#more-152873\" class=\"more-link\"><span aria-label=\"Continue a ler Ano C &#8211; 31.\u00ba Domingo do Tempo Comum &#8211; Dehonianos\">(mais&hellip;)<\/span><\/a><\/p>\n<\/div>\t<\/div>\r\n<\/div><\/div>\n<div class=\"panel panel-default pt-cv-content-item pt-cv-1-col\" >\r\n<div class=\"panel-heading pt-cv-title\">\r\n    <a class=\"panel-title\" data-toggle=\"cvcollapse\" data-parent=\"#d46c418pac\" data-target=\"#28470336w7\" href='http:\/\/sites.ecclesia.pt\/liturgia\/ano-c-33o-domingo-do-tempo-comum-dehonianos\/' onclick='event.preventDefault()'>\r\n\t\tAno C &#8211; 33.\u00ba Domingo do Tempo Comum &#8211; Dehonianos\t<\/a>\r\n\t<\/div>\r\n<div id=\"28470336w7\" class=\"panel-collapse collapse \">\r\n\t<div class=\"panel-body\">\r\n\t\t<div class=\"pt-cv-content\"><p><iframe loading=\"lazy\" title=\"Ano C - 33-\u00ba domingo do Tempo Comum\" width=\"1080\" height=\"608\" src=\"https:\/\/www.youtube.com\/embed\/JDx3aSFirpg?feature=oembed\" frameborder=\"0\" allow=\"accelerometer; autoplay; encrypted-media; gyroscope; picture-in-picture\" allowfullscreen><\/iframe><\/p>\n<p><em>Retomar a f\u00e9 com entusiasmo<\/em><\/p>\n<p> <a href=\"http:\/\/sites.ecclesia.pt\/liturgia\/ano-c-33o-domingo-do-tempo-comum-dehonianos\/#more-154203\" class=\"more-link\"><span aria-label=\"Continue a ler Ano C &#8211; 33.\u00ba Domingo do Tempo Comum &#8211; Dehonianos\">(mais&hellip;)<\/span><\/a><\/p>\n<\/div>\t<\/div>\r\n<\/div><\/div><\/div><\/div><\/div><\/div><\/span><\/p>\n<p>&nbsp;<\/p>\n<p>[\/et_pb_text][\/et_pb_column][et_pb_column type=&#8221;1_2&#8243; _builder_version=&#8221;3.25&#8243; custom_padding=&#8221;|||&#8221; custom_padding__hover=&#8221;|||&#8221;][et_pb_text admin_label=&#8221;Advento&#8221; _builder_version=&#8221;4.3.4&#8243; vertical_offset_tablet=&#8221;0&#8243; horizontal_offset_tablet=&#8221;0&#8243; z_index_tablet=&#8221;0&#8243; text_text_shadow_horizontal_length_tablet=&#8221;0px&#8221; text_text_shadow_vertical_length_tablet=&#8221;0px&#8221; text_text_shadow_blur_strength_tablet=&#8221;1px&#8221; link_text_shadow_horizontal_length_tablet=&#8221;0px&#8221; link_text_shadow_vertical_length_tablet=&#8221;0px&#8221; link_text_shadow_blur_strength_tablet=&#8221;1px&#8221; ul_text_shadow_horizontal_length_tablet=&#8221;0px&#8221; ul_text_shadow_vertical_length_tablet=&#8221;0px&#8221; ul_text_shadow_blur_strength_tablet=&#8221;1px&#8221; ol_text_shadow_horizontal_length_tablet=&#8221;0px&#8221; ol_text_shadow_vertical_length_tablet=&#8221;0px&#8221; ol_text_shadow_blur_strength_tablet=&#8221;1px&#8221; quote_text_shadow_horizontal_length_tablet=&#8221;0px&#8221; quote_text_shadow_vertical_length_tablet=&#8221;0px&#8221; quote_text_shadow_blur_strength_tablet=&#8221;1px&#8221; header_text_shadow_horizontal_length_tablet=&#8221;0px&#8221; header_text_shadow_vertical_length_tablet=&#8221;0px&#8221; header_text_shadow_blur_strength_tablet=&#8221;1px&#8221; header_2_text_shadow_horizontal_length_tablet=&#8221;0px&#8221; header_2_text_shadow_vertical_length_tablet=&#8221;0px&#8221; header_2_text_shadow_blur_strength_tablet=&#8221;1px&#8221; header_3_text_shadow_horizontal_length_tablet=&#8221;0px&#8221; header_3_text_shadow_vertical_length_tablet=&#8221;0px&#8221; header_3_text_shadow_blur_strength_tablet=&#8221;1px&#8221; header_4_text_shadow_horizontal_length_tablet=&#8221;0px&#8221; header_4_text_shadow_vertical_length_tablet=&#8221;0px&#8221; header_4_text_shadow_blur_strength_tablet=&#8221;1px&#8221; header_5_text_shadow_horizontal_length_tablet=&#8221;0px&#8221; header_5_text_shadow_vertical_length_tablet=&#8221;0px&#8221; header_5_text_shadow_blur_strength_tablet=&#8221;1px&#8221; header_6_text_shadow_horizontal_length_tablet=&#8221;0px&#8221; header_6_text_shadow_vertical_length_tablet=&#8221;0px&#8221; header_6_text_shadow_blur_strength_tablet=&#8221;1px&#8221; box_shadow_horizontal_tablet=&#8221;0px&#8221; box_shadow_vertical_tablet=&#8221;0px&#8221; box_shadow_blur_tablet=&#8221;40px&#8221; box_shadow_spread_tablet=&#8221;0px&#8221; text_text_shadow_horizontal_length=&#8221;text_text_shadow_style,%91object Object%93&#8243; text_text_shadow_vertical_length=&#8221;text_text_shadow_style,%91object Object%93&#8243; text_text_shadow_blur_strength=&#8221;text_text_shadow_style,%91object Object%93&#8243; link_text_shadow_horizontal_length=&#8221;link_text_shadow_style,%91object Object%93&#8243; link_text_shadow_vertical_length=&#8221;link_text_shadow_style,%91object Object%93&#8243; link_text_shadow_blur_strength=&#8221;link_text_shadow_style,%91object Object%93&#8243; ul_text_shadow_horizontal_length=&#8221;ul_text_shadow_style,%91object Object%93&#8243; ul_text_shadow_vertical_length=&#8221;ul_text_shadow_style,%91object Object%93&#8243; ul_text_shadow_blur_strength=&#8221;ul_text_shadow_style,%91object Object%93&#8243; ol_text_shadow_horizontal_length=&#8221;ol_text_shadow_style,%91object Object%93&#8243; ol_text_shadow_vertical_length=&#8221;ol_text_shadow_style,%91object Object%93&#8243; ol_text_shadow_blur_strength=&#8221;ol_text_shadow_style,%91object Object%93&#8243; quote_text_shadow_horizontal_length=&#8221;quote_text_shadow_style,%91object Object%93&#8243; quote_text_shadow_vertical_length=&#8221;quote_text_shadow_style,%91object Object%93&#8243; quote_text_shadow_blur_strength=&#8221;quote_text_shadow_style,%91object Object%93&#8243; header_text_shadow_horizontal_length=&#8221;header_text_shadow_style,%91object Object%93&#8243; header_text_shadow_vertical_length=&#8221;header_text_shadow_style,%91object Object%93&#8243; header_text_shadow_blur_strength=&#8221;header_text_shadow_style,%91object Object%93&#8243; header_2_text_shadow_horizontal_length=&#8221;header_2_text_shadow_style,%91object Object%93&#8243; header_2_text_shadow_vertical_length=&#8221;header_2_text_shadow_style,%91object Object%93&#8243; header_2_text_shadow_blur_strength=&#8221;header_2_text_shadow_style,%91object Object%93&#8243; header_3_text_shadow_horizontal_length=&#8221;header_3_text_shadow_style,%91object Object%93&#8243; header_3_text_shadow_vertical_length=&#8221;header_3_text_shadow_style,%91object Object%93&#8243; header_3_text_shadow_blur_strength=&#8221;header_3_text_shadow_style,%91object Object%93&#8243; header_4_text_shadow_horizontal_length=&#8221;header_4_text_shadow_style,%91object Object%93&#8243; header_4_text_shadow_vertical_length=&#8221;header_4_text_shadow_style,%91object Object%93&#8243; header_4_text_shadow_blur_strength=&#8221;header_4_text_shadow_style,%91object Object%93&#8243; header_5_text_shadow_horizontal_length=&#8221;header_5_text_shadow_style,%91object Object%93&#8243; header_5_text_shadow_vertical_length=&#8221;header_5_text_shadow_style,%91object Object%93&#8243; header_5_text_shadow_blur_strength=&#8221;header_5_text_shadow_style,%91object Object%93&#8243; header_6_text_shadow_horizontal_length=&#8221;header_6_text_shadow_style,%91object Object%93&#8243; header_6_text_shadow_vertical_length=&#8221;header_6_text_shadow_style,%91object Object%93&#8243; header_6_text_shadow_blur_strength=&#8221;header_6_text_shadow_style,%91object Object%93&#8243;]<\/p>\n<h3>ADVENTO<\/h3>\n<p><span><div class=\"pt-cv-wrapper et_smooth_scroll_disabled\"><div class=\"pt-cv-view pt-cv-collapsible\" id=\"pt-cv-view-7635568urc\"><div data-id=\"pt-cv-page-1\" class=\"pt-cv-page\" data-cvc=\"1\"><div class=\"panel-group\" id=\"68c5687kut\"><div class=\"panel panel-default pt-cv-content-item pt-cv-1-col\" >\r\n<div class=\"panel-heading pt-cv-title\">\r\n    <a class=\"panel-title\" data-toggle=\"cvcollapse\" data-parent=\"#68c5687kut\" data-target=\"#b507be3o4u\" href='http:\/\/sites.ecclesia.pt\/liturgia\/ano-c-01o-domingo-do-advento-dehonianos\/' onclick='event.preventDefault()'>\r\n\t\tAno C &#8211; 01.\u00ba Domingo do Advento &#8211; Dehonianos\t<\/a>\r\n\t<\/div>\r\n<div id=\"b507be3o4u\" class=\"panel-collapse collapse \">\r\n\t<div class=\"panel-body\">\r\n\t\t<div class=\"pt-cv-content\"><p><iframe loading=\"lazy\" title=\"I domingo do advento - Ano C\" width=\"1080\" height=\"608\" src=\"https:\/\/www.youtube.com\/embed\/bG2Kkcf9Dhg?feature=oembed\" frameborder=\"0\" allow=\"accelerometer; autoplay; encrypted-media; gyroscope; picture-in-picture\" allowfullscreen><\/iframe><\/p>\n<p>Cuidar da vinda, cuidar da vida <a href=\"http:\/\/sites.ecclesia.pt\/liturgia\/ano-c-01o-domingo-do-advento-dehonianos\/#more-120771\" class=\"more-link\"><span aria-label=\"Continue a ler Ano C &#8211; 01.\u00ba Domingo do Advento &#8211; Dehonianos\">(mais&hellip;)<\/span><\/a><\/p>\n<\/div>\t<\/div>\r\n<\/div><\/div>\n<div class=\"panel panel-default pt-cv-content-item pt-cv-1-col\" >\r\n<div class=\"panel-heading pt-cv-title\">\r\n    <a class=\"panel-title\" data-toggle=\"cvcollapse\" data-parent=\"#68c5687kut\" data-target=\"#1d64f2fyxq\" href='http:\/\/sites.ecclesia.pt\/liturgia\/ano-c-02o-domingo-do-advento-dehonianos\/' onclick='event.preventDefault()'>\r\n\t\tAno C &#8211; 02.\u00ba Domingo do Advento &#8211; Dehonianos\t<\/a>\r\n\t<\/div>\r\n<div id=\"1d64f2fyxq\" class=\"panel-collapse collapse \">\r\n\t<div class=\"panel-body\">\r\n\t\t<div class=\"pt-cv-content\"><p><iframe loading=\"lazy\" title=\"Ano C - 2.\u00ba Domingo do Advento\" width=\"1080\" height=\"608\" src=\"https:\/\/www.youtube.com\/embed\/_OkSx1CIz34?feature=oembed\" frameborder=\"0\" allow=\"accelerometer; autoplay; encrypted-media; gyroscope; picture-in-picture\" allowfullscreen><\/iframe><\/p>\n<p><em>Somos transformados em Deus ou preferimos outros endireitas?<\/em><\/p>\n<p> <a href=\"http:\/\/sites.ecclesia.pt\/liturgia\/ano-c-02o-domingo-do-advento-dehonianos\/#more-121328\" class=\"more-link\"><span aria-label=\"Continue a ler Ano C &#8211; 02.\u00ba Domingo do Advento &#8211; Dehonianos\">(mais&hellip;)<\/span><\/a><\/p>\n<\/div>\t<\/div>\r\n<\/div><\/div>\n<div class=\"panel panel-default pt-cv-content-item pt-cv-1-col\" >\r\n<div class=\"panel-heading pt-cv-title\">\r\n    <a class=\"panel-title\" data-toggle=\"cvcollapse\" data-parent=\"#68c5687kut\" data-target=\"#846e51e46h\" href='http:\/\/sites.ecclesia.pt\/liturgia\/ano-c-03o-domingo-do-advento-dehonianos\/' onclick='event.preventDefault()'>\r\n\t\tAno C &#8211; 03.\u00ba Domingo do Advento &#8211; Dehonianos\t<\/a>\r\n\t<\/div>\r\n<div id=\"846e51e46h\" class=\"panel-collapse collapse \">\r\n\t<div class=\"panel-body\">\r\n\t\t<div class=\"pt-cv-content\"><p><iframe loading=\"lazy\" title=\"III domingo do advento - Ano C\" width=\"1080\" height=\"608\" src=\"https:\/\/www.youtube.com\/embed\/qmTNKF9gpd0?feature=oembed\" frameborder=\"0\" allow=\"accelerometer; autoplay; encrypted-media; gyroscope; picture-in-picture\" allowfullscreen><\/iframe><\/p>\n<p><em>E n\u00f3s, que devemos fazer?<\/em> <a href=\"http:\/\/sites.ecclesia.pt\/liturgia\/ano-c-03o-domingo-do-advento-dehonianos\/#more-121778\" class=\"more-link\"><span aria-label=\"Continue a ler Ano C &#8211; 03.\u00ba Domingo do Advento &#8211; Dehonianos\">(mais&hellip;)<\/span><\/a><\/p>\n<\/div>\t<\/div>\r\n<\/div><\/div><\/div><\/div><\/div><\/div><\/span><\/p>\n<p>[\/et_pb_text][et_pb_text admin_label=&#8221;QUARESMA&#8221; _builder_version=&#8221;4.3.4&#8243; vertical_offset_tablet=&#8221;0&#8243; horizontal_offset_tablet=&#8221;0&#8243; z_index_tablet=&#8221;0&#8243; text_text_shadow_horizontal_length_tablet=&#8221;0px&#8221; text_text_shadow_vertical_length_tablet=&#8221;0px&#8221; text_text_shadow_blur_strength_tablet=&#8221;1px&#8221; link_text_shadow_horizontal_length_tablet=&#8221;0px&#8221; link_text_shadow_vertical_length_tablet=&#8221;0px&#8221; link_text_shadow_blur_strength_tablet=&#8221;1px&#8221; ul_text_shadow_horizontal_length_tablet=&#8221;0px&#8221; ul_text_shadow_vertical_length_tablet=&#8221;0px&#8221; ul_text_shadow_blur_strength_tablet=&#8221;1px&#8221; ol_text_shadow_horizontal_length_tablet=&#8221;0px&#8221; ol_text_shadow_vertical_length_tablet=&#8221;0px&#8221; ol_text_shadow_blur_strength_tablet=&#8221;1px&#8221; quote_text_shadow_horizontal_length_tablet=&#8221;0px&#8221; quote_text_shadow_vertical_length_tablet=&#8221;0px&#8221; quote_text_shadow_blur_strength_tablet=&#8221;1px&#8221; header_text_shadow_horizontal_length_tablet=&#8221;0px&#8221; header_text_shadow_vertical_length_tablet=&#8221;0px&#8221; header_text_shadow_blur_strength_tablet=&#8221;1px&#8221; header_2_text_shadow_horizontal_length_tablet=&#8221;0px&#8221; header_2_text_shadow_vertical_length_tablet=&#8221;0px&#8221; header_2_text_shadow_blur_strength_tablet=&#8221;1px&#8221; header_3_text_shadow_horizontal_length_tablet=&#8221;0px&#8221; header_3_text_shadow_vertical_length_tablet=&#8221;0px&#8221; header_3_text_shadow_blur_strength_tablet=&#8221;1px&#8221; header_4_text_shadow_horizontal_length_tablet=&#8221;0px&#8221; header_4_text_shadow_vertical_length_tablet=&#8221;0px&#8221; header_4_text_shadow_blur_strength_tablet=&#8221;1px&#8221; header_5_text_shadow_horizontal_length_tablet=&#8221;0px&#8221; header_5_text_shadow_vertical_length_tablet=&#8221;0px&#8221; header_5_text_shadow_blur_strength_tablet=&#8221;1px&#8221; header_6_text_shadow_horizontal_length_tablet=&#8221;0px&#8221; header_6_text_shadow_vertical_length_tablet=&#8221;0px&#8221; header_6_text_shadow_blur_strength_tablet=&#8221;1px&#8221; box_shadow_horizontal_tablet=&#8221;0px&#8221; box_shadow_vertical_tablet=&#8221;0px&#8221; box_shadow_blur_tablet=&#8221;40px&#8221; box_shadow_spread_tablet=&#8221;0px&#8221; text_text_shadow_horizontal_length=&#8221;text_text_shadow_style,%91object Object%93&#8243; text_text_shadow_vertical_length=&#8221;text_text_shadow_style,%91object Object%93&#8243; text_text_shadow_blur_strength=&#8221;text_text_shadow_style,%91object Object%93&#8243; link_text_shadow_horizontal_length=&#8221;link_text_shadow_style,%91object Object%93&#8243; link_text_shadow_vertical_length=&#8221;link_text_shadow_style,%91object Object%93&#8243; link_text_shadow_blur_strength=&#8221;link_text_shadow_style,%91object Object%93&#8243; ul_text_shadow_horizontal_length=&#8221;ul_text_shadow_style,%91object Object%93&#8243; ul_text_shadow_vertical_length=&#8221;ul_text_shadow_style,%91object Object%93&#8243; ul_text_shadow_blur_strength=&#8221;ul_text_shadow_style,%91object Object%93&#8243; ol_text_shadow_horizontal_length=&#8221;ol_text_shadow_style,%91object Object%93&#8243; ol_text_shadow_vertical_length=&#8221;ol_text_shadow_style,%91object Object%93&#8243; ol_text_shadow_blur_strength=&#8221;ol_text_shadow_style,%91object Object%93&#8243; quote_text_shadow_horizontal_length=&#8221;quote_text_shadow_style,%91object Object%93&#8243; quote_text_shadow_vertical_length=&#8221;quote_text_shadow_style,%91object Object%93&#8243; quote_text_shadow_blur_strength=&#8221;quote_text_shadow_style,%91object Object%93&#8243; header_text_shadow_horizontal_length=&#8221;header_text_shadow_style,%91object Object%93&#8243; header_text_shadow_vertical_length=&#8221;header_text_shadow_style,%91object Object%93&#8243; header_text_shadow_blur_strength=&#8221;header_text_shadow_style,%91object Object%93&#8243; header_2_text_shadow_horizontal_length=&#8221;header_2_text_shadow_style,%91object Object%93&#8243; header_2_text_shadow_vertical_length=&#8221;header_2_text_shadow_style,%91object Object%93&#8243; header_2_text_shadow_blur_strength=&#8221;header_2_text_shadow_style,%91object Object%93&#8243; header_3_text_shadow_horizontal_length=&#8221;header_3_text_shadow_style,%91object Object%93&#8243; header_3_text_shadow_vertical_length=&#8221;header_3_text_shadow_style,%91object Object%93&#8243; header_3_text_shadow_blur_strength=&#8221;header_3_text_shadow_style,%91object Object%93&#8243; header_4_text_shadow_horizontal_length=&#8221;header_4_text_shadow_style,%91object Object%93&#8243; header_4_text_shadow_vertical_length=&#8221;header_4_text_shadow_style,%91object Object%93&#8243; header_4_text_shadow_blur_strength=&#8221;header_4_text_shadow_style,%91object Object%93&#8243; header_5_text_shadow_horizontal_length=&#8221;header_5_text_shadow_style,%91object Object%93&#8243; header_5_text_shadow_vertical_length=&#8221;header_5_text_shadow_style,%91object Object%93&#8243; header_5_text_shadow_blur_strength=&#8221;header_5_text_shadow_style,%91object Object%93&#8243; header_6_text_shadow_horizontal_length=&#8221;header_6_text_shadow_style,%91object Object%93&#8243; header_6_text_shadow_vertical_length=&#8221;header_6_text_shadow_style,%91object Object%93&#8243; header_6_text_shadow_blur_strength=&#8221;header_6_text_shadow_style,%91object Object%93&#8243;]<\/p>\n<h3>QUARESMA<\/h3>\n<p><span><div class=\"pt-cv-wrapper et_smooth_scroll_disabled\"><div class=\"pt-cv-view pt-cv-collapsible\" id=\"pt-cv-view-d2f7378w6r\"><div data-id=\"pt-cv-page-1\" class=\"pt-cv-page\" data-cvc=\"1\"><div class=\"panel-group\" id=\"4811bcailm\"><div class=\"panel panel-default pt-cv-content-item pt-cv-1-col\" >\r\n<div class=\"panel-heading pt-cv-title\">\r\n    <a class=\"panel-title\" data-toggle=\"cvcollapse\" data-parent=\"#4811bcailm\" data-target=\"#7c33818bel\" href='http:\/\/sites.ecclesia.pt\/liturgia\/ano-c-02o-domingo-da-quaresma-dehonianos\/' onclick='event.preventDefault()'>\r\n\t\tAno C &#8211; 02.\u00ba Domingo da Quaresma &#8211; Dehonianos\t<\/a>\r\n\t<\/div>\r\n<div id=\"7c33818bel\" class=\"panel-collapse collapse \">\r\n\t<div class=\"panel-body\">\r\n\t\t<div class=\"pt-cv-content\"><p><iframe loading=\"lazy\" title=\"02.\u00ba domingo da Quaresma - Ano C\" width=\"1080\" height=\"608\" src=\"https:\/\/www.youtube.com\/embed\/VRZ6s9899fo?feature=oembed\" frameborder=\"0\" allow=\"accelerometer; autoplay; encrypted-media; gyroscope; picture-in-picture\" allowfullscreen><\/iframe><\/p>\n<p><em>Como \u00e9 bom estar aqui! S\u00f3 pode ser em Deus!<\/em><\/p>\n<p> <a href=\"http:\/\/sites.ecclesia.pt\/liturgia\/ano-c-02o-domingo-da-quaresma-dehonianos\/#more-130453\" class=\"more-link\"><span aria-label=\"Continue a ler Ano C &#8211; 02.\u00ba Domingo da Quaresma &#8211; Dehonianos\">(mais&hellip;)<\/span><\/a><\/p>\n<\/div>\t<\/div>\r\n<\/div><\/div>\n<div class=\"panel panel-default pt-cv-content-item pt-cv-1-col\" >\r\n<div class=\"panel-heading pt-cv-title\">\r\n    <a class=\"panel-title\" data-toggle=\"cvcollapse\" data-parent=\"#4811bcailm\" data-target=\"#0818de55pv\" href='http:\/\/sites.ecclesia.pt\/liturgia\/ano-c-03o-domingo-da-quaresma-dehonianos\/' onclick='event.preventDefault()'>\r\n\t\tAno C &#8211; 03.\u00ba Domingo da Quaresma &#8211; Dehonianos\t<\/a>\r\n\t<\/div>\r\n<div id=\"0818de55pv\" class=\"panel-collapse collapse \">\r\n\t<div class=\"panel-body\">\r\n\t\t<div class=\"pt-cv-content\"><p><iframe loading=\"lazy\" title=\"Ano C - 3.\u00ba Domingo da Quaresma\" width=\"1080\" height=\"608\" src=\"https:\/\/www.youtube.com\/embed\/TUuvBjhJiaw?feature=oembed\" frameborder=\"0\" allow=\"accelerometer; autoplay; encrypted-media; gyroscope; picture-in-picture\" allowfullscreen><\/iframe><\/p>\n<\/div>\t<\/div>\r\n<\/div><\/div>\n<div class=\"panel panel-default pt-cv-content-item pt-cv-1-col\" >\r\n<div class=\"panel-heading pt-cv-title\">\r\n    <a class=\"panel-title\" data-toggle=\"cvcollapse\" data-parent=\"#4811bcailm\" data-target=\"#6eb5bb0kpd\" href='http:\/\/sites.ecclesia.pt\/liturgia\/ano-c-05o-domingo-da-quaresma-dehonianos\/' onclick='event.preventDefault()'>\r\n\t\tAno C &#8211; 05.\u00ba Domingo da Quaresma &#8211; Dehonianos\t<\/a>\r\n\t<\/div>\r\n<div id=\"6eb5bb0kpd\" class=\"panel-collapse collapse \">\r\n\t<div class=\"panel-body\">\r\n\t\t<div class=\"pt-cv-content\"><p><iframe loading=\"lazy\" title=\"Ano C - 5.\u00ba domingo da Quaresma\" width=\"1080\" height=\"608\" src=\"https:\/\/www.youtube.com\/embed\/2L_GksIjnP4?feature=oembed\" frameborder=\"0\" allow=\"accelerometer; autoplay; encrypted-media; gyroscope; picture-in-picture\" allowfullscreen><\/iframe><\/p>\n<\/div>\t<\/div>\r\n<\/div><\/div>\n<div class=\"panel panel-default pt-cv-content-item pt-cv-1-col\" >\r\n<div class=\"panel-heading pt-cv-title\">\r\n    <a class=\"panel-title\" data-toggle=\"cvcollapse\" data-parent=\"#4811bcailm\" data-target=\"#c1849f4fat\" href='http:\/\/sites.ecclesia.pt\/liturgia\/ano-c-domingo-de-ramos-na-paixao-do-senhor-dehonianos\/' onclick='event.preventDefault()'>\r\n\t\tAno C &#8211; Domingo de Ramos na Paix\u00e3o do Senhor &#8211; Dehonianos\t<\/a>\r\n\t<\/div>\r\n<div id=\"c1849f4fat\" class=\"panel-collapse collapse \">\r\n\t<div class=\"panel-body\">\r\n\t\t<div class=\"pt-cv-content\"><p><iframe loading=\"lazy\" title=\"Ano C - Domingo de Ramos\" width=\"1080\" height=\"608\" src=\"https:\/\/www.youtube.com\/embed\/Tf8zQsPzCsM?feature=oembed\" frameborder=\"0\" allow=\"accelerometer; autoplay; encrypted-media; gyroscope; picture-in-picture\" allowfullscreen><\/iframe><\/p>\n<p><em>Contemplar a cruz com paix\u00e3o<\/em><\/p>\n<p> <a href=\"http:\/\/sites.ecclesia.pt\/liturgia\/ano-c-domingo-de-ramos-na-paixao-do-senhor-dehonianos\/#more-133806\" class=\"more-link\"><span aria-label=\"Continue a ler Ano C &#8211; Domingo de Ramos na Paix\u00e3o do Senhor &#8211; Dehonianos\">(mais&hellip;)<\/span><\/a><\/p>\n<\/div>\t<\/div>\r\n<\/div><\/div><\/div><\/div><\/div><\/div><\/span><\/p>\n<p>[\/et_pb_text][et_pb_text admin_label=&#8221;Pascoa&#8221; _builder_version=&#8221;4.3.4&#8243; vertical_offset_tablet=&#8221;0&#8243; horizontal_offset_tablet=&#8221;0&#8243; z_index_tablet=&#8221;0&#8243; text_text_shadow_horizontal_length_tablet=&#8221;0px&#8221; text_text_shadow_vertical_length_tablet=&#8221;0px&#8221; text_text_shadow_blur_strength_tablet=&#8221;1px&#8221; link_text_shadow_horizontal_length_tablet=&#8221;0px&#8221; link_text_shadow_vertical_length_tablet=&#8221;0px&#8221; link_text_shadow_blur_strength_tablet=&#8221;1px&#8221; ul_text_shadow_horizontal_length_tablet=&#8221;0px&#8221; ul_text_shadow_vertical_length_tablet=&#8221;0px&#8221; ul_text_shadow_blur_strength_tablet=&#8221;1px&#8221; ol_text_shadow_horizontal_length_tablet=&#8221;0px&#8221; ol_text_shadow_vertical_length_tablet=&#8221;0px&#8221; ol_text_shadow_blur_strength_tablet=&#8221;1px&#8221; quote_text_shadow_horizontal_length_tablet=&#8221;0px&#8221; quote_text_shadow_vertical_length_tablet=&#8221;0px&#8221; quote_text_shadow_blur_strength_tablet=&#8221;1px&#8221; header_text_shadow_horizontal_length_tablet=&#8221;0px&#8221; header_text_shadow_vertical_length_tablet=&#8221;0px&#8221; header_text_shadow_blur_strength_tablet=&#8221;1px&#8221; header_2_text_shadow_horizontal_length_tablet=&#8221;0px&#8221; header_2_text_shadow_vertical_length_tablet=&#8221;0px&#8221; header_2_text_shadow_blur_strength_tablet=&#8221;1px&#8221; header_3_text_shadow_horizontal_length_tablet=&#8221;0px&#8221; header_3_text_shadow_vertical_length_tablet=&#8221;0px&#8221; header_3_text_shadow_blur_strength_tablet=&#8221;1px&#8221; header_4_text_shadow_horizontal_length_tablet=&#8221;0px&#8221; header_4_text_shadow_vertical_length_tablet=&#8221;0px&#8221; header_4_text_shadow_blur_strength_tablet=&#8221;1px&#8221; header_5_text_shadow_horizontal_length_tablet=&#8221;0px&#8221; header_5_text_shadow_vertical_length_tablet=&#8221;0px&#8221; header_5_text_shadow_blur_strength_tablet=&#8221;1px&#8221; header_6_text_shadow_horizontal_length_tablet=&#8221;0px&#8221; header_6_text_shadow_vertical_length_tablet=&#8221;0px&#8221; header_6_text_shadow_blur_strength_tablet=&#8221;1px&#8221; box_shadow_horizontal_tablet=&#8221;0px&#8221; box_shadow_vertical_tablet=&#8221;0px&#8221; box_shadow_blur_tablet=&#8221;40px&#8221; box_shadow_spread_tablet=&#8221;0px&#8221; text_text_shadow_horizontal_length=&#8221;text_text_shadow_style,%91object Object%93&#8243; text_text_shadow_vertical_length=&#8221;text_text_shadow_style,%91object Object%93&#8243; text_text_shadow_blur_strength=&#8221;text_text_shadow_style,%91object Object%93&#8243; link_text_shadow_horizontal_length=&#8221;link_text_shadow_style,%91object Object%93&#8243; link_text_shadow_vertical_length=&#8221;link_text_shadow_style,%91object Object%93&#8243; link_text_shadow_blur_strength=&#8221;link_text_shadow_style,%91object Object%93&#8243; ul_text_shadow_horizontal_length=&#8221;ul_text_shadow_style,%91object Object%93&#8243; ul_text_shadow_vertical_length=&#8221;ul_text_shadow_style,%91object Object%93&#8243; ul_text_shadow_blur_strength=&#8221;ul_text_shadow_style,%91object Object%93&#8243; ol_text_shadow_horizontal_length=&#8221;ol_text_shadow_style,%91object Object%93&#8243; ol_text_shadow_vertical_length=&#8221;ol_text_shadow_style,%91object Object%93&#8243; ol_text_shadow_blur_strength=&#8221;ol_text_shadow_style,%91object Object%93&#8243; quote_text_shadow_horizontal_length=&#8221;quote_text_shadow_style,%91object Object%93&#8243; quote_text_shadow_vertical_length=&#8221;quote_text_shadow_style,%91object Object%93&#8243; quote_text_shadow_blur_strength=&#8221;quote_text_shadow_style,%91object Object%93&#8243; header_text_shadow_horizontal_length=&#8221;header_text_shadow_style,%91object Object%93&#8243; header_text_shadow_vertical_length=&#8221;header_text_shadow_style,%91object Object%93&#8243; header_text_shadow_blur_strength=&#8221;header_text_shadow_style,%91object Object%93&#8243; header_2_text_shadow_horizontal_length=&#8221;header_2_text_shadow_style,%91object Object%93&#8243; header_2_text_shadow_vertical_length=&#8221;header_2_text_shadow_style,%91object Object%93&#8243; header_2_text_shadow_blur_strength=&#8221;header_2_text_shadow_style,%91object Object%93&#8243; header_3_text_shadow_horizontal_length=&#8221;header_3_text_shadow_style,%91object Object%93&#8243; header_3_text_shadow_vertical_length=&#8221;header_3_text_shadow_style,%91object Object%93&#8243; header_3_text_shadow_blur_strength=&#8221;header_3_text_shadow_style,%91object Object%93&#8243; header_4_text_shadow_horizontal_length=&#8221;header_4_text_shadow_style,%91object Object%93&#8243; header_4_text_shadow_vertical_length=&#8221;header_4_text_shadow_style,%91object Object%93&#8243; header_4_text_shadow_blur_strength=&#8221;header_4_text_shadow_style,%91object Object%93&#8243; header_5_text_shadow_horizontal_length=&#8221;header_5_text_shadow_style,%91object Object%93&#8243; header_5_text_shadow_vertical_length=&#8221;header_5_text_shadow_style,%91object Object%93&#8243; header_5_text_shadow_blur_strength=&#8221;header_5_text_shadow_style,%91object Object%93&#8243; header_6_text_shadow_horizontal_length=&#8221;header_6_text_shadow_style,%91object Object%93&#8243; header_6_text_shadow_vertical_length=&#8221;header_6_text_shadow_style,%91object Object%93&#8243; header_6_text_shadow_blur_strength=&#8221;header_6_text_shadow_style,%91object Object%93&#8243;]<\/p>\n<h3>P\u00c1SCOA<\/h3>\n<p><span><div class=\"pt-cv-wrapper et_smooth_scroll_disabled\"><div class=\"pt-cv-view pt-cv-collapsible\" id=\"pt-cv-view-4c4d866ugj\"><div data-id=\"pt-cv-page-1\" class=\"pt-cv-page\" data-cvc=\"1\"><div class=\"panel-group\" id=\"7611db84k6\"><div class=\"panel panel-default pt-cv-content-item pt-cv-1-col\" >\r\n<div class=\"panel-heading pt-cv-title\">\r\n    <a class=\"panel-title\" data-toggle=\"cvcollapse\" data-parent=\"#7611db84k6\" data-target=\"#432008ba4q\" href='http:\/\/sites.ecclesia.pt\/liturgia\/ano-c-01-o-domingo-da-pascoa-dehonianos\/' onclick='event.preventDefault()'>\r\n\t\tAno C &#8211; 01.\u00ba Domingo da P\u00e1scoa &#8211; Dehonianos\t<\/a>\r\n\t<\/div>\r\n<div id=\"432008ba4q\" class=\"panel-collapse collapse \">\r\n\t<div class=\"panel-body\">\r\n\t\t<div class=\"pt-cv-content\"><p><iframe loading=\"lazy\" title=\"Ano C \u2013 Domingo da P\u00e1scoa da Ressurrei\u00e7\u00e3o do Senhor. Coment\u00e1rio do padre Manuel Barbosa, scj\" width=\"1080\" height=\"608\" src=\"https:\/\/www.youtube.com\/embed\/DnRcj0GHEAg?feature=oembed\"  allow=\"accelerometer; autoplay; clipboard-write; encrypted-media; gyroscope; picture-in-picture\" allowfullscreen><\/iframe><\/p>\n<p><em>Ver e acreditar que Cristo est\u00e1 vivo<\/em><\/p>\n<p> <a href=\"http:\/\/sites.ecclesia.pt\/liturgia\/ano-c-01-o-domingo-da-pascoa-dehonianos\/#more-200147\" class=\"more-link\"><span aria-label=\"Continue a ler Ano C &#8211; 01.\u00ba Domingo da P\u00e1scoa &#8211; Dehonianos\">(mais&hellip;)<\/span><\/a><\/p>\n<\/div>\t<\/div>\r\n<\/div><\/div>\n<div class=\"panel panel-default pt-cv-content-item pt-cv-1-col\" >\r\n<div class=\"panel-heading pt-cv-title\">\r\n    <a class=\"panel-title\" data-toggle=\"cvcollapse\" data-parent=\"#7611db84k6\" data-target=\"#6f2bcbfqh2\" href='http:\/\/sites.ecclesia.pt\/liturgia\/ano-c-02-o-domingo-da-pascoa-dehonianos\/' onclick='event.preventDefault()'>\r\n\t\tAno C &#8211; 02.\u00ba Domingo da P\u00e1scoa &#8211; Dehonianos\t<\/a>\r\n\t<\/div>\r\n<div id=\"6f2bcbfqh2\" class=\"panel-collapse collapse \">\r\n\t<div class=\"panel-body\">\r\n\t\t<div class=\"pt-cv-content\"><p><iframe loading=\"lazy\" title=\"Ano C - 2.\u00ba Domingo de P\u00e1scoa. Coment\u00e1rio do padre Manuel Barbosa\" width=\"1080\" height=\"608\" src=\"https:\/\/www.youtube.com\/embed\/hSfFPUBuU-Q?feature=oembed\"  allow=\"accelerometer; autoplay; clipboard-write; encrypted-media; gyroscope; picture-in-picture\" allowfullscreen><\/iframe><\/p>\n<p><em>Encontrar o Ressuscitado na comunidade<\/em><\/p>\n<p> <a href=\"http:\/\/sites.ecclesia.pt\/liturgia\/ano-c-02-o-domingo-da-pascoa-dehonianos\/#more-200150\" class=\"more-link\"><span aria-label=\"Continue a ler Ano C &#8211; 02.\u00ba Domingo da P\u00e1scoa &#8211; Dehonianos\">(mais&hellip;)<\/span><\/a><\/p>\n<\/div>\t<\/div>\r\n<\/div><\/div>\n<div class=\"panel panel-default pt-cv-content-item pt-cv-1-col\" >\r\n<div class=\"panel-heading pt-cv-title\">\r\n    <a class=\"panel-title\" data-toggle=\"cvcollapse\" data-parent=\"#7611db84k6\" data-target=\"#46ea262q14\" href='http:\/\/sites.ecclesia.pt\/liturgia\/ano-c-03-o-domingo-da-pascoa-dehonianos\/' onclick='event.preventDefault()'>\r\n\t\tAno C &#8211; 03.\u00ba Domingo da P\u00e1scoa &#8211; Dehonianos\t<\/a>\r\n\t<\/div>\r\n<div id=\"46ea262q14\" class=\"panel-collapse collapse \">\r\n\t<div class=\"panel-body\">\r\n\t\t<div class=\"pt-cv-content\"><p><iframe loading=\"lazy\" title=\"Ano C - 3.\u00ba Domingo de P\u00e1scoa. Coment\u00e1rio do padre Manuel Barbosa, scj\" width=\"1080\" height=\"608\" src=\"https:\/\/www.youtube.com\/embed\/pQ25kOzrCqA?feature=oembed\"  allow=\"accelerometer; autoplay; clipboard-write; encrypted-media; gyroscope; picture-in-picture\" allowfullscreen><\/iframe><\/p>\n<p><em>Confiss\u00e3o de f\u00e9 e vida de amor no quotidiano<\/em><\/p>\n<p> <a href=\"http:\/\/sites.ecclesia.pt\/liturgia\/ano-c-03-o-domingo-da-pascoa-dehonianos\/#more-200153\" class=\"more-link\"><span aria-label=\"Continue a ler Ano C &#8211; 03.\u00ba Domingo da P\u00e1scoa &#8211; Dehonianos\">(mais&hellip;)<\/span><\/a><\/p>\n<\/div>\t<\/div>\r\n<\/div><\/div>\n<div class=\"panel panel-default pt-cv-content-item pt-cv-1-col\" >\r\n<div class=\"panel-heading pt-cv-title\">\r\n    <a class=\"panel-title\" data-toggle=\"cvcollapse\" data-parent=\"#7611db84k6\" data-target=\"#04e2c24gxk\" href='http:\/\/sites.ecclesia.pt\/liturgia\/ano-c-04-o-domingo-da-pascoa-dehonianos\/' onclick='event.preventDefault()'>\r\n\t\tAno C &#8211; 04.\u00ba Domingo da P\u00e1scoa &#8211; Dehonianos\t<\/a>\r\n\t<\/div>\r\n<div id=\"04e2c24gxk\" class=\"panel-collapse collapse \">\r\n\t<div class=\"panel-body\">\r\n\t\t<div class=\"pt-cv-content\"><p><iframe loading=\"lazy\" title=\"Ano C - 04.\u00ba Domingo de P\u00e1scoa. Coment\u00e1rio do padre Manuel Barbosa, scj\" width=\"1080\" height=\"608\" src=\"https:\/\/www.youtube.com\/embed\/lw1XPytxC2M?feature=oembed\"  allow=\"accelerometer; autoplay; clipboard-write; encrypted-media; gyroscope; picture-in-picture\" allowfullscreen><\/iframe><\/p>\n<p><em>Escutar a voz do Pastor \u00e9 seguir Cristo<\/em><\/p>\n<p> <a href=\"http:\/\/sites.ecclesia.pt\/liturgia\/ano-c-04-o-domingo-da-pascoa-dehonianos\/#more-200156\" class=\"more-link\"><span aria-label=\"Continue a ler Ano C &#8211; 04.\u00ba Domingo da P\u00e1scoa &#8211; Dehonianos\">(mais&hellip;)<\/span><\/a><\/p>\n<\/div>\t<\/div>\r\n<\/div><\/div><\/div><\/div><\/div><\/div><\/span><\/p>\n<p>[\/et_pb_text][et_pb_text admin_label=&#8221;SOLENIDADES E FESTAS&#8221; _builder_version=&#8221;4.3.4&#8243; vertical_offset_tablet=&#8221;0&#8243; horizontal_offset_tablet=&#8221;0&#8243; z_index_tablet=&#8221;0&#8243; text_text_shadow_horizontal_length_tablet=&#8221;0px&#8221; text_text_shadow_vertical_length_tablet=&#8221;0px&#8221; text_text_shadow_blur_strength_tablet=&#8221;1px&#8221; link_text_shadow_horizontal_length_tablet=&#8221;0px&#8221; link_text_shadow_vertical_length_tablet=&#8221;0px&#8221; link_text_shadow_blur_strength_tablet=&#8221;1px&#8221; ul_text_shadow_horizontal_length_tablet=&#8221;0px&#8221; ul_text_shadow_vertical_length_tablet=&#8221;0px&#8221; ul_text_shadow_blur_strength_tablet=&#8221;1px&#8221; ol_text_shadow_horizontal_length_tablet=&#8221;0px&#8221; ol_text_shadow_vertical_length_tablet=&#8221;0px&#8221; ol_text_shadow_blur_strength_tablet=&#8221;1px&#8221; quote_text_shadow_horizontal_length_tablet=&#8221;0px&#8221; quote_text_shadow_vertical_length_tablet=&#8221;0px&#8221; quote_text_shadow_blur_strength_tablet=&#8221;1px&#8221; header_text_shadow_horizontal_length_tablet=&#8221;0px&#8221; header_text_shadow_vertical_length_tablet=&#8221;0px&#8221; header_text_shadow_blur_strength_tablet=&#8221;1px&#8221; header_2_text_shadow_horizontal_length_tablet=&#8221;0px&#8221; header_2_text_shadow_vertical_length_tablet=&#8221;0px&#8221; header_2_text_shadow_blur_strength_tablet=&#8221;1px&#8221; header_3_text_shadow_horizontal_length_tablet=&#8221;0px&#8221; header_3_text_shadow_vertical_length_tablet=&#8221;0px&#8221; header_3_text_shadow_blur_strength_tablet=&#8221;1px&#8221; header_4_text_shadow_horizontal_length_tablet=&#8221;0px&#8221; header_4_text_shadow_vertical_length_tablet=&#8221;0px&#8221; header_4_text_shadow_blur_strength_tablet=&#8221;1px&#8221; header_5_text_shadow_horizontal_length_tablet=&#8221;0px&#8221; header_5_text_shadow_vertical_length_tablet=&#8221;0px&#8221; header_5_text_shadow_blur_strength_tablet=&#8221;1px&#8221; header_6_text_shadow_horizontal_length_tablet=&#8221;0px&#8221; header_6_text_shadow_vertical_length_tablet=&#8221;0px&#8221; header_6_text_shadow_blur_strength_tablet=&#8221;1px&#8221; box_shadow_horizontal_tablet=&#8221;0px&#8221; box_shadow_vertical_tablet=&#8221;0px&#8221; box_shadow_blur_tablet=&#8221;40px&#8221; box_shadow_spread_tablet=&#8221;0px&#8221; text_text_shadow_horizontal_length=&#8221;text_text_shadow_style,%91object Object%93&#8243; text_text_shadow_vertical_length=&#8221;text_text_shadow_style,%91object Object%93&#8243; text_text_shadow_blur_strength=&#8221;text_text_shadow_style,%91object Object%93&#8243; link_text_shadow_horizontal_length=&#8221;link_text_shadow_style,%91object Object%93&#8243; link_text_shadow_vertical_length=&#8221;link_text_shadow_style,%91object Object%93&#8243; link_text_shadow_blur_strength=&#8221;link_text_shadow_style,%91object Object%93&#8243; ul_text_shadow_horizontal_length=&#8221;ul_text_shadow_style,%91object Object%93&#8243; ul_text_shadow_vertical_length=&#8221;ul_text_shadow_style,%91object Object%93&#8243; ul_text_shadow_blur_strength=&#8221;ul_text_shadow_style,%91object Object%93&#8243; ol_text_shadow_horizontal_length=&#8221;ol_text_shadow_style,%91object Object%93&#8243; ol_text_shadow_vertical_length=&#8221;ol_text_shadow_style,%91object Object%93&#8243; ol_text_shadow_blur_strength=&#8221;ol_text_shadow_style,%91object Object%93&#8243; quote_text_shadow_horizontal_length=&#8221;quote_text_shadow_style,%91object Object%93&#8243; quote_text_shadow_vertical_length=&#8221;quote_text_shadow_style,%91object Object%93&#8243; quote_text_shadow_blur_strength=&#8221;quote_text_shadow_style,%91object Object%93&#8243; header_text_shadow_horizontal_length=&#8221;header_text_shadow_style,%91object Object%93&#8243; header_text_shadow_vertical_length=&#8221;header_text_shadow_style,%91object Object%93&#8243; header_text_shadow_blur_strength=&#8221;header_text_shadow_style,%91object Object%93&#8243; header_2_text_shadow_horizontal_length=&#8221;header_2_text_shadow_style,%91object Object%93&#8243; header_2_text_shadow_vertical_length=&#8221;header_2_text_shadow_style,%91object Object%93&#8243; header_2_text_shadow_blur_strength=&#8221;header_2_text_shadow_style,%91object Object%93&#8243; header_3_text_shadow_horizontal_length=&#8221;header_3_text_shadow_style,%91object Object%93&#8243; header_3_text_shadow_vertical_length=&#8221;header_3_text_shadow_style,%91object Object%93&#8243; header_3_text_shadow_blur_strength=&#8221;header_3_text_shadow_style,%91object Object%93&#8243; header_4_text_shadow_horizontal_length=&#8221;header_4_text_shadow_style,%91object Object%93&#8243; header_4_text_shadow_vertical_length=&#8221;header_4_text_shadow_style,%91object Object%93&#8243; header_4_text_shadow_blur_strength=&#8221;header_4_text_shadow_style,%91object Object%93&#8243; header_5_text_shadow_horizontal_length=&#8221;header_5_text_shadow_style,%91object Object%93&#8243; header_5_text_shadow_vertical_length=&#8221;header_5_text_shadow_style,%91object Object%93&#8243; header_5_text_shadow_blur_strength=&#8221;header_5_text_shadow_style,%91object Object%93&#8243; header_6_text_shadow_horizontal_length=&#8221;header_6_text_shadow_style,%91object Object%93&#8243; header_6_text_shadow_vertical_length=&#8221;header_6_text_shadow_style,%91object Object%93&#8243; header_6_text_shadow_blur_strength=&#8221;header_6_text_shadow_style,%91object Object%93&#8243;]<\/p>\n<h3>SOLENIDADES E FESTAS<\/h3>\n<p><span><div class=\"pt-cv-wrapper et_smooth_scroll_disabled\"><div class=\"pt-cv-view pt-cv-collapsible\" id=\"pt-cv-view-2c2bf757wt\"><div data-id=\"pt-cv-page-1\" class=\"pt-cv-page\" data-cvc=\"1\"><div class=\"panel-group\" id=\"5bf409aba2\"><div class=\"panel panel-default pt-cv-content-item pt-cv-1-col\" >\r\n<div class=\"panel-heading pt-cv-title\">\r\n    <a class=\"panel-title\" data-toggle=\"cvcollapse\" data-parent=\"#5bf409aba2\" data-target=\"#ee7fdcd0ej\" href='http:\/\/sites.ecclesia.pt\/liturgia\/ano-c-domingo-de-ramos-na-paixao-do-senhor\/' onclick='event.preventDefault()'>\r\n\t\tAno C &#8211; Domingo de Ramos na Paix\u00e3o do Senhor &#8211; Dehonianos\t<\/a>\r\n\t<\/div>\r\n<div id=\"ee7fdcd0ej\" class=\"panel-collapse collapse \">\r\n\t<div class=\"panel-body\">\r\n\t\t<div class=\"pt-cv-content\"><p><iframe loading=\"lazy\" title=\"Ano C - Domingo de Ramos\" width=\"1080\" height=\"608\" src=\"https:\/\/www.youtube.com\/embed\/Tf8zQsPzCsM?feature=oembed\"  allow=\"accelerometer; autoplay; clipboard-write; encrypted-media; gyroscope; picture-in-picture\" allowfullscreen><\/iframe><\/p>\n<p><em>Contemplar a cruz com paix\u00e3o<\/em><\/p>\n<p> <a href=\"http:\/\/sites.ecclesia.pt\/liturgia\/ano-c-domingo-de-ramos-na-paixao-do-senhor\/#more-164433\" class=\"more-link\"><span aria-label=\"Continue a ler Ano C &#8211; Domingo de Ramos na Paix\u00e3o do Senhor &#8211; Dehonianos\">(mais&hellip;)<\/span><\/a><\/p>\n<\/div>\t<\/div>\r\n<\/div><\/div>\n<div class=\"panel panel-default pt-cv-content-item pt-cv-1-col\" >\r\n<div class=\"panel-heading pt-cv-title\">\r\n    <a class=\"panel-title\" data-toggle=\"cvcollapse\" data-parent=\"#5bf409aba2\" data-target=\"#fee657d2yt\" href='http:\/\/sites.ecclesia.pt\/liturgia\/ano-c-festa-da-sagrada-familia-de-jesus-maria-e-jose-dehonianos\/' onclick='event.preventDefault()'>\r\n\t\tAno C &#8211; Festa da Sagrada Fam\u00edlia de Jesus, Maria e Jos\u00e9 &#8211; Dehonianos\t<\/a>\r\n\t<\/div>\r\n<div id=\"fee657d2yt\" class=\"panel-collapse collapse \">\r\n\t<div class=\"panel-body\">\r\n\t\t<div class=\"pt-cv-content\"><p><iframe loading=\"lazy\" title=\"Festa da Sagrada Fam\u00edlia - Ano C\" width=\"1080\" height=\"608\" src=\"https:\/\/www.youtube.com\/embed\/pa9zb0_sdus?feature=oembed\" frameborder=\"0\" allow=\"accelerometer; autoplay; encrypted-media; gyroscope; picture-in-picture\" allowfullscreen><\/iframe><\/p>\n<p><em>Fam\u00edlias santas no amor<\/em><\/p>\n<p> <a href=\"http:\/\/sites.ecclesia.pt\/liturgia\/ano-c-festa-da-sagrada-familia-de-jesus-maria-e-jose-dehonianos\/#more-122844\" class=\"more-link\"><span aria-label=\"Continue a ler Ano C &#8211; Festa da Sagrada Fam\u00edlia de Jesus, Maria e Jos\u00e9 &#8211; Dehonianos\">(mais&hellip;)<\/span><\/a><\/p>\n<\/div>\t<\/div>\r\n<\/div><\/div>\n<div class=\"panel panel-default pt-cv-content-item pt-cv-1-col\" >\r\n<div class=\"panel-heading pt-cv-title\">\r\n    <a class=\"panel-title\" data-toggle=\"cvcollapse\" data-parent=\"#5bf409aba2\" data-target=\"#9818c3ad2q\" href='http:\/\/sites.ecclesia.pt\/liturgia\/ano-c-festa-do-batismo-do-senhor-dehonianos-2\/' onclick='event.preventDefault()'>\r\n\t\tAno C &#8211; Festa do Batismo do Senhor &#8211; Dehonianos\t<\/a>\r\n\t<\/div>\r\n<div id=\"9818c3ad2q\" class=\"panel-collapse collapse \">\r\n\t<div class=\"panel-body\">\r\n\t\t<div class=\"pt-cv-content\"><p><iframe loading=\"lazy\" title=\"Ano C - Festa do Batismo do Senhor\" width=\"1080\" height=\"608\" src=\"https:\/\/www.youtube.com\/embed\/35pUisIPs2c?feature=oembed\" frameborder=\"0\" allow=\"accelerometer; autoplay; encrypted-media; gyroscope; picture-in-picture\" allowfullscreen><\/iframe><\/p>\n<p><em>Viver o batismo no amor de Deus<\/em> <a href=\"http:\/\/sites.ecclesia.pt\/liturgia\/ano-c-festa-do-batismo-do-senhor-dehonianos-2\/#more-124567\" class=\"more-link\"><span aria-label=\"Continue a ler Ano C &#8211; Festa do Batismo do Senhor &#8211; Dehonianos\">(mais&hellip;)<\/span><\/a><\/p>\n<\/div>\t<\/div>\r\n<\/div><\/div>\n<div class=\"panel panel-default pt-cv-content-item pt-cv-1-col\" >\r\n<div class=\"panel-heading pt-cv-title\">\r\n    <a class=\"panel-title\" data-toggle=\"cvcollapse\" data-parent=\"#5bf409aba2\" data-target=\"#7cf3c37ake\" href='http:\/\/sites.ecclesia.pt\/liturgia\/ano-c-solenidade-da-epifania-do-senhor-dehonianos\/' onclick='event.preventDefault()'>\r\n\t\tAno C &#8211; Solenidade da Epifania do Senhor &#8211; Dehonianos\t<\/a>\r\n\t<\/div>\r\n<div id=\"7cf3c37ake\" class=\"panel-collapse collapse \">\r\n\t<div class=\"panel-body\">\r\n\t\t<div class=\"pt-cv-content\"><p><iframe loading=\"lazy\" title=\"Ano C - Solenidade da Epifania do Senhor\" width=\"1080\" height=\"608\" src=\"https:\/\/www.youtube.com\/embed\/IXYOg9D9Uk8?feature=oembed\" frameborder=\"0\" allow=\"accelerometer; autoplay; encrypted-media; gyroscope; picture-in-picture\" allowfullscreen><\/iframe><\/p>\n<\/div>\t<\/div>\r\n<\/div><\/div>\n<div class=\"panel panel-default pt-cv-content-item pt-cv-1-col\" >\r\n<div class=\"panel-heading pt-cv-title\">\r\n    <a class=\"panel-title\" data-toggle=\"cvcollapse\" data-parent=\"#5bf409aba2\" data-target=\"#f06e6b7cg1\" href='http:\/\/sites.ecclesia.pt\/liturgia\/ano-c-solenidade-de-cristo-rei-3\/' onclick='event.preventDefault()'>\r\n\t\tAno C &#8211; Solenidade de Cristo Rei &#8211; Dehonianos\t<\/a>\r\n\t<\/div>\r\n<div id=\"f06e6b7cg1\" class=\"panel-collapse collapse \">\r\n\t<div class=\"panel-body\">\r\n\t\t<div class=\"pt-cv-content\"><p><iframe loading=\"lazy\" title=\"Ano C - Solenidade de Cristo Rei\" width=\"1080\" height=\"608\" src=\"https:\/\/www.youtube.com\/embed\/pjaYmbmh_J4?feature=oembed\" frameborder=\"0\" allow=\"accelerometer; autoplay; encrypted-media; gyroscope; picture-in-picture\" allowfullscreen><\/iframe><\/p>\n<p><em>Jesus Cristo reina em n\u00f3s<\/em><\/p>\n<p> <a href=\"http:\/\/sites.ecclesia.pt\/liturgia\/ano-c-solenidade-de-cristo-rei-3\/#more-154928\" class=\"more-link\"><span aria-label=\"Continue a ler Ano C &#8211; Solenidade de Cristo Rei &#8211; Dehonianos\">(mais&hellip;)<\/span><\/a><\/p>\n<\/div>\t<\/div>\r\n<\/div><\/div><\/div><\/div><\/div><\/div><\/span><\/p>\n<p>[\/et_pb_text][\/et_pb_column][\/et_pb_row][\/et_pb_section]<\/p>\n","protected":false},"excerpt":{"rendered":"<p>ANO CDehonianos Coment\u00e1rio do padre Manuel Barbosa Tempo Comum <div class=\"pt-cv-wrapper et_smooth_scroll_disabled\"><div class=\"pt-cv-view pt-cv-collapsible\" id=\"pt-cv-view-a9c7823s6i\"><div data-id=\"pt-cv-page-1\" class=\"pt-cv-page\" data-cvc=\"1\"><div class=\"panel-group\" id=\"4200da4a12\"><div class=\"panel panel-default pt-cv-content-item pt-cv-1-col\" >\r\n<div class=\"panel-heading pt-cv-title\">\r\n    <a class=\"panel-title\" data-toggle=\"cvcollapse\" data-parent=\"#4200da4a12\" data-target=\"#fd0db99due\" href='http:\/\/sites.ecclesia.pt\/liturgia\/ano-c-02o-domingo-do-tempo-comum-dehonianos\/' onclick='event.preventDefault()'>\r\n\t\tAno C &#8211; 02.\u00ba Domingo do Tempo Comum &#8211; Dehonianos\t<\/a>\r\n\t<\/div>\r\n<div id=\"fd0db99due\" class=\"panel-collapse collapse \">\r\n\t<div class=\"panel-body\">\r\n\t\t<div class=\"pt-cv-content\"><p><iframe loading=\"lazy\" title=\"Ano C - 2.\u00ba Domingo do Tempo Comum\" width=\"1080\" height=\"608\" src=\"https:\/\/www.youtube.com\/embed\/EdSAIdRwF10?feature=oembed\" frameborder=\"0\" allow=\"accelerometer; autoplay; encrypted-media; gyroscope; picture-in-picture\" allowfullscreen><\/iframe><\/p>\n<\/div>\t<\/div>\r\n<\/div><\/div>\n<div class=\"panel panel-default pt-cv-content-item pt-cv-1-col\" >\r\n<div class=\"panel-heading pt-cv-title\">\r\n    <a class=\"panel-title\" data-toggle=\"cvcollapse\" data-parent=\"#4200da4a12\" data-target=\"#60ad6e82q9\" href='http:\/\/sites.ecclesia.pt\/liturgia\/ano-c-03o-domingo-do-tempo-comum-dehonianos\/' onclick='event.preventDefault()'>\r\n\t\tAno C &#8211; 03.\u00ba Domingo do Tempo Comum &#8211; Dehonianos\t<\/a>\r\n\t<\/div>\r\n<div id=\"60ad6e82q9\" class=\"panel-collapse collapse \">\r\n\t<div class=\"panel-body\">\r\n\t\t<div class=\"pt-cv-content\"><p><iframe loading=\"lazy\" width=\"1080\" height=\"810\" src=\"https:\/\/www.youtube.com\/embed\/lVQ0e1crmSM?feature=oembed\" frameborder=\"0\" allow=\"accelerometer; autoplay; encrypted-media; gyroscope; picture-in-picture\" allowfullscreen><\/iframe><\/p>\n<p>A Palavra de Deus alegra o cora\u00e7\u00e3o<\/p>\n<p> <a href=\"http:\/\/sites.ecclesia.pt\/liturgia\/ano-c-03o-domingo-do-tempo-comum-dehonianos\/#more-126019\" class=\"more-link\"><span aria-label=\"Continue a ler Ano C &#8211; 03.\u00ba Domingo do Tempo Comum &#8211; Dehonianos\">(mais&hellip;)<\/span><\/a><\/p>\n<\/div>\t<\/div>\r\n<\/div><\/div>\n<div class=\"panel panel-default pt-cv-content-item pt-cv-1-col\" >\r\n<div class=\"panel-heading pt-cv-title\">\r\n    <a class=\"panel-title\" data-toggle=\"cvcollapse\" data-parent=\"#4200da4a12\" data-target=\"#01422fdpga\" href='http:\/\/sites.ecclesia.pt\/liturgia\/ano-c-04o-domingo-do-tempo-comum-dehonianos-2\/' onclick='event.preventDefault()'>\r\n\t\tAno C &#8211; 04.\u00ba Domingo do Tempo Comum &#8211; Dehonianos\t<\/a>\r\n\t<\/div>\r\n<div id=\"01422fdpga\" class=\"panel-collapse collapse \">\r\n\t<div class=\"panel-body\">\r\n\t\t<div class=\"pt-cv-content\"><p><iframe loading=\"lazy\" title=\"Ano C - 4.\u00ba Domingo do tempo comum\" width=\"1080\" height=\"608\" src=\"https:\/\/www.youtube.com\/embed\/JVnxn6PB76A?feature=oembed\" frameborder=\"0\" allow=\"accelerometer; autoplay; encrypted-media; gyroscope; picture-in-picture\" allowfullscreen><\/iframe><\/p>\n<p><em>Sem caridade, que somos n\u00f3s?<\/em><\/p>\n<p> <a href=\"http:\/\/sites.ecclesia.pt\/liturgia\/ano-c-04o-domingo-do-tempo-comum-dehonianos-2\/#more-126906\" class=\"more-link\"><span aria-label=\"Continue a ler Ano C &#8211; 04.\u00ba Domingo do Tempo Comum &#8211; Dehonianos\">(mais&hellip;)<\/span><\/a><\/p>\n<\/div>\t<\/div>\r\n<\/div><\/div>\n<div class=\"panel panel-default pt-cv-content-item pt-cv-1-col\" >\r\n<div class=\"panel-heading pt-cv-title\">\r\n    <a class=\"panel-title\" data-toggle=\"cvcollapse\" data-parent=\"#4200da4a12\" data-target=\"#a0b389b6sg\" href='http:\/\/sites.ecclesia.pt\/liturgia\/ano-c-05o-domingo-do-tempo-comum-dehonianos-2\/' onclick='event.preventDefault()'>\r\n\t\tAno C &#8211; 05.\u00ba Domingo do Tempo Comum &#8211; Dehonianos\t<\/a>\r\n\t<\/div>\r\n<div id=\"a0b389b6sg\" class=\"panel-collapse collapse \">\r\n\t<div class=\"panel-body\">\r\n\t\t<div class=\"pt-cv-content\"><p><iframe loading=\"lazy\" width=\"1080\" height=\"608\" src=\"https:\/\/www.youtube.com\/embed\/2GsZWJn8Dos?feature=oembed\" frameborder=\"0\" allow=\"accelerometer; autoplay; encrypted-media; gyroscope; picture-in-picture\" allowfullscreen><\/iframe><\/p>\n<p><em>Seguir Jesus\u2026 s\u00f3 com plena confian\u00e7a!<\/em><\/p>\n<p> <a href=\"http:\/\/sites.ecclesia.pt\/liturgia\/ano-c-05o-domingo-do-tempo-comum-dehonianos-2\/#more-127462\" class=\"more-link\"><span aria-label=\"Continue a ler Ano C &#8211; 05.\u00ba Domingo do Tempo Comum &#8211; Dehonianos\">(mais&hellip;)<\/span><\/a><\/p>\n<\/div>\t<\/div>\r\n<\/div><\/div>\n<div class=\"panel panel-default pt-cv-content-item pt-cv-1-col\" >\r\n<div class=\"panel-heading pt-cv-title\">\r\n    <a class=\"panel-title\" data-toggle=\"cvcollapse\" data-parent=\"#4200da4a12\" data-target=\"#0b08c42yk7\" href='http:\/\/sites.ecclesia.pt\/liturgia\/ano-c-06o-domingo-do-tempo-comum-dehonianos-2\/' onclick='event.preventDefault()'>\r\n\t\tAno C &#8211; 06.\u00ba Domingo do Tempo Comum &#8211; Dehonianos\t<\/a>\r\n\t<\/div>\r\n<div id=\"0b08c42yk7\" class=\"panel-collapse collapse \">\r\n\t<div class=\"panel-body\">\r\n\t\t<div class=\"pt-cv-content\"><p><iframe loading=\"lazy\" width=\"1080\" height=\"608\" src=\"https:\/\/www.youtube.com\/embed\/6BeSFOXs-dE?feature=oembed\" frameborder=\"0\" allow=\"accelerometer; autoplay; encrypted-media; gyroscope; picture-in-picture\" allowfullscreen><\/iframe><\/p>\n<p><em>Viver como pessoas felizes<\/em><\/p>\n<p> <a href=\"http:\/\/sites.ecclesia.pt\/liturgia\/ano-c-06o-domingo-do-tempo-comum-dehonianos-2\/#more-128142\" class=\"more-link\"><span aria-label=\"Continue a ler Ano C &#8211; 06.\u00ba Domingo do Tempo Comum &#8211; Dehonianos\">(mais&hellip;)<\/span><\/a><\/p>\n<\/div>\t<\/div>\r\n<\/div><\/div>\n<div class=\"panel panel-default pt-cv-content-item pt-cv-1-col\" >\r\n<div class=\"panel-heading pt-cv-title\">\r\n    <a class=\"panel-title\" data-toggle=\"cvcollapse\" data-parent=\"#4200da4a12\" data-target=\"#e98ad0dlw7\" href='http:\/\/sites.ecclesia.pt\/liturgia\/ano-c-07o-domingo-do-tempo-comum-dehonianos\/' onclick='event.preventDefault()'>\r\n\t\tAno C &#8211; 07.\u00ba Domingo do Tempo Comum &#8211; Dehonianos\t<\/a>\r\n\t<\/div>\r\n<div id=\"e98ad0dlw7\" class=\"panel-collapse collapse \">\r\n\t<div class=\"panel-body\">\r\n\t\t<div class=\"pt-cv-content\"><p><iframe loading=\"lazy\" title=\"Ano C - 7.\u00ba domingo do Tempo Comum\" width=\"1080\" height=\"608\" src=\"https:\/\/www.youtube.com\/embed\/I886EuSv72U?feature=oembed\" frameborder=\"0\" allow=\"accelerometer; autoplay; encrypted-media; gyroscope; picture-in-picture\" allowfullscreen><\/iframe><\/p>\n<p><em>Amar sem limites<\/em> <a href=\"http:\/\/sites.ecclesia.pt\/liturgia\/ano-c-07o-domingo-do-tempo-comum-dehonianos\/#more-128770\" class=\"more-link\"><span aria-label=\"Continue a ler Ano C &#8211; 07.\u00ba Domingo do Tempo Comum &#8211; Dehonianos\">(mais&hellip;)<\/span><\/a><\/p>\n<\/div>\t<\/div>\r\n<\/div><\/div>\n<div class=\"panel panel-default pt-cv-content-item pt-cv-1-col\" >\r\n<div class=\"panel-heading pt-cv-title\">\r\n    <a class=\"panel-title\" data-toggle=\"cvcollapse\" data-parent=\"#4200da4a12\" data-target=\"#74894ca7o8\" href='http:\/\/sites.ecclesia.pt\/liturgia\/ano-c-08o-domingo-do-tempo-comum-3\/' onclick='event.preventDefault()'>\r\n\t\tAno C &#8211; 08.\u00ba Domingo do Tempo Comum &#8211; Dehonianos\t<\/a>\r\n\t<\/div>\r\n<div id=\"74894ca7o8\" class=\"panel-collapse collapse \">\r\n\t<div class=\"panel-body\">\r\n\t\t<div class=\"pt-cv-content\"><p><iframe loading=\"lazy\" title=\"Ano C - 08.\u00ba domingo do tempo comum\" width=\"1080\" height=\"608\" src=\"https:\/\/www.youtube.com\/embed\/KD1NRH9GcJY?feature=oembed\" frameborder=\"0\" allow=\"accelerometer; autoplay; encrypted-media; gyroscope; picture-in-picture\" allowfullscreen><\/iframe><\/p>\n<p>&nbsp;<\/p>\n<\/div>\t<\/div>\r\n<\/div><\/div>\n<div class=\"panel panel-default pt-cv-content-item pt-cv-1-col\" >\r\n<div class=\"panel-heading pt-cv-title\">\r\n    <a class=\"panel-title\" data-toggle=\"cvcollapse\" data-parent=\"#4200da4a12\" data-target=\"#3fe383f1bu\" href='http:\/\/sites.ecclesia.pt\/liturgia\/ano-c-12o-domingo-do-tempo-comum-dehonianos\/' onclick='event.preventDefault()'>\r\n\t\tAno C &#8211; 12.\u00ba Domingo do Tempo Comum &#8211; Dehonianos\t<\/a>\r\n\t<\/div>\r\n<div id=\"3fe383f1bu\" class=\"panel-collapse collapse \">\r\n\t<div class=\"panel-body\">\r\n\t\t<div class=\"pt-cv-content\"><p><iframe loading=\"lazy\" title=\"Ano C - 12.\u00ba Domingo do Tempo Comum\" width=\"1080\" height=\"608\" src=\"https:\/\/www.youtube.com\/embed\/F6K4HRut5T0?feature=oembed\" frameborder=\"0\" allow=\"accelerometer; autoplay; encrypted-media; gyroscope; picture-in-picture\" allowfullscreen><\/iframe><\/p>\n<p><em>E v\u00f3s, quem dizeis que Eu sou?<\/em><\/p>\n<p> <a href=\"http:\/\/sites.ecclesia.pt\/liturgia\/ano-c-12o-domingo-do-tempo-comum-dehonianos\/#more-140899\" class=\"more-link\"><span aria-label=\"Continue a ler Ano C &#8211; 12.\u00ba Domingo do Tempo Comum &#8211; Dehonianos\">(mais&hellip;)<\/span><\/a><\/p>\n<\/div>\t<\/div>\r\n<\/div><\/div>\n<div class=\"panel panel-default pt-cv-content-item pt-cv-1-col\" >\r\n<div class=\"panel-heading pt-cv-title\">\r\n    <a class=\"panel-title\" data-toggle=\"cvcollapse\" data-parent=\"#4200da4a12\" data-target=\"#cdf0c42hsw\" href='http:\/\/sites.ecclesia.pt\/liturgia\/ano-c-14o-domingo-do-tempo-comum-dehonianos\/' onclick='event.preventDefault()'>\r\n\t\tAno C &#8211; 14.\u00ba Domingo do Tempo Comum &#8211; Dehonianos\t<\/a>\r\n\t<\/div>\r\n<div id=\"cdf0c42hsw\" class=\"panel-collapse collapse \">\r\n\t<div class=\"panel-body\">\r\n\t\t<div class=\"pt-cv-content\"><p><iframe loading=\"lazy\" title=\"Ano C - 14.\u00ba domingo do Tempo Comum.\" width=\"1080\" height=\"608\" src=\"https:\/\/www.youtube.com\/embed\/F4WpsYPNumE?feature=oembed\" frameborder=\"0\" allow=\"accelerometer; autoplay; encrypted-media; gyroscope; picture-in-picture\" allowfullscreen><\/iframe><\/p>\n<p><em>A seara \u00e9 grande. Ide, envio-vos!<\/em><\/p>\n<p> <a href=\"http:\/\/sites.ecclesia.pt\/liturgia\/ano-c-14o-domingo-do-tempo-comum-dehonianos\/#more-142593\" class=\"more-link\"><span aria-label=\"Continue a ler Ano C &#8211; 14.\u00ba Domingo do Tempo Comum &#8211; Dehonianos\">(mais&hellip;)<\/span><\/a><\/p>\n<\/div>\t<\/div>\r\n<\/div><\/div>\n<div class=\"panel panel-default pt-cv-content-item pt-cv-1-col\" >\r\n<div class=\"panel-heading pt-cv-title\">\r\n    <a class=\"panel-title\" data-toggle=\"cvcollapse\" data-parent=\"#4200da4a12\" data-target=\"#896228a612\" href='http:\/\/sites.ecclesia.pt\/liturgia\/ano-c-15o-domingo-do-tempo-comum-dehonianos\/' onclick='event.preventDefault()'>\r\n\t\tAno C &#8211; 15.\u00ba Domingo do Tempo Comum &#8211; Dehonianos\t<\/a>\r\n\t<\/div>\r\n<div id=\"896228a612\" class=\"panel-collapse collapse \">\r\n\t<div class=\"panel-body\">\r\n\t\t<div class=\"pt-cv-content\"><p><iframe loading=\"lazy\" title=\"Ano C - 15.\u00ba Domingo do Tempo Comum.\" width=\"1080\" height=\"608\" src=\"https:\/\/www.youtube.com\/embed\/Umnrwkq7aWc?feature=oembed\" frameborder=\"0\" allow=\"accelerometer; autoplay; encrypted-media; gyroscope; picture-in-picture\" allowfullscreen><\/iframe><\/p>\n<p><em>Vai ao encontro do pr\u00f3ximo com amor e compaix\u00e3o!<\/em> <a href=\"http:\/\/sites.ecclesia.pt\/liturgia\/ano-c-15o-domingo-do-tempo-comum-dehonianos\/#more-143827\" class=\"more-link\"><span aria-label=\"Continue a ler Ano C &#8211; 15.\u00ba Domingo do Tempo Comum &#8211; Dehonianos\">(mais&hellip;)<\/span><\/a><\/p>\n<\/div>\t<\/div>\r\n<\/div><\/div>\n<div class=\"panel panel-default pt-cv-content-item pt-cv-1-col\" >\r\n<div class=\"panel-heading pt-cv-title\">\r\n    <a class=\"panel-title\" data-toggle=\"cvcollapse\" data-parent=\"#4200da4a12\" data-target=\"#89e407cu1m\" href='http:\/\/sites.ecclesia.pt\/liturgia\/ano-c-16-o-domingo-do-tempo-comum\/' onclick='event.preventDefault()'>\r\n\t\tAno C &#8211; 16.\u00ba Domingo do Tempo Comum &#8211; Dehonianos\t<\/a>\r\n\t<\/div>\r\n<div id=\"89e407cu1m\" class=\"panel-collapse collapse \">\r\n\t<div class=\"panel-body\">\r\n\t\t<div class=\"pt-cv-content\"><p><iframe loading=\"lazy\" title=\"Ano C - 16.\u00ba domingo do Tempo Comum. Coment\u00e1rio do padre Manuel Barbosa, scj\" width=\"1080\" height=\"608\" src=\"https:\/\/www.youtube.com\/embed\/1lhjovIKkOg?feature=oembed\" frameborder=\"0\" allow=\"accelerometer; autoplay; encrypted-media; gyroscope; picture-in-picture\" allowfullscreen><\/iframe><\/p>\n<p><em>Acolher bem e servir melhor<\/em><\/p>\n<p> <a href=\"http:\/\/sites.ecclesia.pt\/liturgia\/ano-c-16-o-domingo-do-tempo-comum\/#more-144697\" class=\"more-link\"><span aria-label=\"Continue a ler Ano C &#8211; 16.\u00ba Domingo do Tempo Comum &#8211; Dehonianos\">(mais&hellip;)<\/span><\/a><\/p>\n<\/div>\t<\/div>\r\n<\/div><\/div>\n<div class=\"panel panel-default pt-cv-content-item pt-cv-1-col\" >\r\n<div class=\"panel-heading pt-cv-title\">\r\n    <a class=\"panel-title\" data-toggle=\"cvcollapse\" data-parent=\"#4200da4a12\" data-target=\"#5308f3e6py\" href='http:\/\/sites.ecclesia.pt\/liturgia\/ano-c-17o-domingo-do-tempo-comum-dehonianos\/' onclick='event.preventDefault()'>\r\n\t\tAno C &#8211; 17.\u00ba Domingo do Tempo Comum &#8211; Dehonianos\t<\/a>\r\n\t<\/div>\r\n<div id=\"5308f3e6py\" class=\"panel-collapse collapse \">\r\n\t<div class=\"panel-body\">\r\n\t\t<div class=\"pt-cv-content\"><p><iframe loading=\"lazy\" title=\"Ano C - 17.\u00ba Domingo do Tempo Comum\" width=\"1080\" height=\"608\" src=\"https:\/\/www.youtube.com\/embed\/DoJua_VOZ8o?feature=oembed\" frameborder=\"0\" allow=\"accelerometer; autoplay; encrypted-media; gyroscope; picture-in-picture\" allowfullscreen><\/iframe><\/p>\n<p><em>Rezar como Jesus nos ensina<\/em><\/p>\n<p> <a href=\"http:\/\/sites.ecclesia.pt\/liturgia\/ano-c-17o-domingo-do-tempo-comum-dehonianos\/#more-145097\" class=\"more-link\"><span aria-label=\"Continue a ler Ano C &#8211; 17.\u00ba Domingo do Tempo Comum &#8211; Dehonianos\">(mais&hellip;)<\/span><\/a><\/p>\n<\/div>\t<\/div>\r\n<\/div><\/div>\n<div class=\"panel panel-default pt-cv-content-item pt-cv-1-col\" >\r\n<div class=\"panel-heading pt-cv-title\">\r\n    <a class=\"panel-title\" data-toggle=\"cvcollapse\" data-parent=\"#4200da4a12\" data-target=\"#3ba0f826ae\" href='http:\/\/sites.ecclesia.pt\/liturgia\/ano-c-18o-domingo-do-tempo-comum-dehonianos\/' onclick='event.preventDefault()'>\r\n\t\tAno C &#8211; 18.\u00ba Domingo do Tempo Comum &#8211; Dehonianos\t<\/a>\r\n\t<\/div>\r\n<div id=\"3ba0f826ae\" class=\"panel-collapse collapse \">\r\n\t<div class=\"panel-body\">\r\n\t\t<div class=\"pt-cv-content\"><p><iframe loading=\"lazy\" title=\"Ano C - 18\u00ba Domingo do Tempo Comum\" width=\"1080\" height=\"608\" src=\"https:\/\/www.youtube.com\/embed\/WA_hpuSDaAo?feature=oembed\"  allow=\"accelerometer; autoplay; clipboard-write; encrypted-media; gyroscope; picture-in-picture\" allowfullscreen><\/iframe><\/p>\n<p><em>Que bens d\u00e3o sentido \u00e0 vida?<\/em><\/p>\n<p> <a href=\"http:\/\/sites.ecclesia.pt\/liturgia\/ano-c-18o-domingo-do-tempo-comum-dehonianos\/#more-145101\" class=\"more-link\"><span aria-label=\"Continue a ler Ano C &#8211; 18.\u00ba Domingo do Tempo Comum &#8211; Dehonianos\">(mais&hellip;)<\/span><\/a><\/p>\n<\/div>\t<\/div>\r\n<\/div><\/div>\n<div class=\"panel panel-default pt-cv-content-item pt-cv-1-col\" >\r\n<div class=\"panel-heading pt-cv-title\">\r\n    <a class=\"panel-title\" data-toggle=\"cvcollapse\" data-parent=\"#4200da4a12\" data-target=\"#b7f62a04r2\" href='http:\/\/sites.ecclesia.pt\/liturgia\/ano-c-19o-domingo-do-tempo-comum-dehonianos\/' onclick='event.preventDefault()'>\r\n\t\tAno C &#8211; 19.\u00ba Domingo do Tempo Comum &#8211; Dehonianos\t<\/a>\r\n\t<\/div>\r\n<div id=\"b7f62a04r2\" class=\"panel-collapse collapse \">\r\n\t<div class=\"panel-body\">\r\n\t\t<div class=\"pt-cv-content\"><p><iframe loading=\"lazy\" title=\"Ano C - 19.\u00ba Domingo do Tempo Comum\" width=\"1080\" height=\"608\" src=\"https:\/\/www.youtube.com\/embed\/5krroWcuyJM?feature=oembed\" frameborder=\"0\" allow=\"accelerometer; autoplay; encrypted-media; gyroscope; picture-in-picture\" allowfullscreen><\/iframe><\/p>\n<p><em>Viver como peregrinos na f\u00e9<\/em><\/p>\n<p> <a href=\"http:\/\/sites.ecclesia.pt\/liturgia\/ano-c-19o-domingo-do-tempo-comum-dehonianos\/#more-145103\" class=\"more-link\"><span aria-label=\"Continue a ler Ano C &#8211; 19.\u00ba Domingo do Tempo Comum &#8211; Dehonianos\">(mais&hellip;)<\/span><\/a><\/p>\n<\/div>\t<\/div>\r\n<\/div><\/div>\n<div class=\"panel panel-default pt-cv-content-item pt-cv-1-col\" >\r\n<div class=\"panel-heading pt-cv-title\">\r\n    <a class=\"panel-title\" data-toggle=\"cvcollapse\" data-parent=\"#4200da4a12\" data-target=\"#9d59ad01wu\" href='http:\/\/sites.ecclesia.pt\/liturgia\/ano-c-20o-domingo-do-tempo-comum-dehonianos\/' onclick='event.preventDefault()'>\r\n\t\tAno C &#8211; 20\u00ba Domingo do Tempo Comum &#8211; Dehonianos\t<\/a>\r\n\t<\/div>\r\n<div id=\"9d59ad01wu\" class=\"panel-collapse collapse \">\r\n\t<div class=\"panel-body\">\r\n\t\t<div class=\"pt-cv-content\"><p><iframe loading=\"lazy\" title=\"Ano C - 20\u00ba Domingo do Tempo Comum\" width=\"1080\" height=\"608\" src=\"https:\/\/www.youtube.com\/embed\/zOXVgOPKRV0?feature=oembed\" frameborder=\"0\" allow=\"accelerometer; autoplay; encrypted-media; gyroscope; picture-in-picture\" allowfullscreen><\/iframe><\/p>\n<p><em>Comunidades prof\u00e9ticas na paz e no amor<\/em><\/p>\n<p> <a href=\"http:\/\/sites.ecclesia.pt\/liturgia\/ano-c-20o-domingo-do-tempo-comum-dehonianos\/#more-145106\" class=\"more-link\"><span aria-label=\"Continue a ler Ano C &#8211; 20\u00ba Domingo do Tempo Comum &#8211; Dehonianos\">(mais&hellip;)<\/span><\/a><\/p>\n<\/div>\t<\/div>\r\n<\/div><\/div>\n<div class=\"panel panel-default pt-cv-content-item pt-cv-1-col\" >\r\n<div class=\"panel-heading pt-cv-title\">\r\n    <a class=\"panel-title\" data-toggle=\"cvcollapse\" data-parent=\"#4200da4a12\" data-target=\"#2460713zla\" href='http:\/\/sites.ecclesia.pt\/liturgia\/ano-c-21o-domingo-do-tempo-comum-dehonianos\/' onclick='event.preventDefault()'>\r\n\t\tAno C &#8211; 21.\u00ba Domingo do Tempo Comum &#8211; Dehonianos\t<\/a>\r\n\t<\/div>\r\n<div id=\"2460713zla\" class=\"panel-collapse collapse \">\r\n\t<div class=\"panel-body\">\r\n\t\t<div class=\"pt-cv-content\"><p><iframe loading=\"lazy\" title=\"Ano C - 21.\u00ba Domingo do Tempo Comum\" width=\"1080\" height=\"608\" src=\"https:\/\/www.youtube.com\/embed\/TXaNxHPNdCw?feature=oembed\" frameborder=\"0\" allow=\"accelerometer; autoplay; encrypted-media; gyroscope; picture-in-picture\" allowfullscreen><\/iframe><\/p>\n<p><em>\u00abSenhor, s\u00e3o poucos os que se salvam?\u00bb<\/em><\/p>\n<p> <a href=\"http:\/\/sites.ecclesia.pt\/liturgia\/ano-c-21o-domingo-do-tempo-comum-dehonianos\/#more-145110\" class=\"more-link\"><span aria-label=\"Continue a ler Ano C &#8211; 21.\u00ba Domingo do Tempo Comum &#8211; Dehonianos\">(mais&hellip;)<\/span><\/a><\/p>\n<\/div>\t<\/div>\r\n<\/div><\/div>\n<div class=\"panel panel-default pt-cv-content-item pt-cv-1-col\" >\r\n<div class=\"panel-heading pt-cv-title\">\r\n    <a class=\"panel-title\" data-toggle=\"cvcollapse\" data-parent=\"#4200da4a12\" data-target=\"#b73fcd1aq3\" href='http:\/\/sites.ecclesia.pt\/liturgia\/ano-c-22o-domingo-do-tempo-comum-dehonianos\/' onclick='event.preventDefault()'>\r\n\t\tAno C &#8211; 22.\u00ba Domingo do Tempo Comum &#8211; Dehonianos\t<\/a>\r\n\t<\/div>\r\n<div id=\"b73fcd1aq3\" class=\"panel-collapse collapse \">\r\n\t<div class=\"panel-body\">\r\n\t\t<div class=\"pt-cv-content\"><p><iframe loading=\"lazy\" title=\"Ano C - 22\u00ba Domingo do Tempo Comum\" width=\"1080\" height=\"608\" src=\"https:\/\/www.youtube.com\/embed\/7aq-mF4eqeE?feature=oembed\"  allow=\"accelerometer; autoplay; clipboard-write; encrypted-media; gyroscope; picture-in-picture\" allowfullscreen><\/iframe><\/p>\n<p><em>Convida os pobres e ser\u00e1s feliz!<\/em><\/p>\n<p> <a href=\"http:\/\/sites.ecclesia.pt\/liturgia\/ano-c-22o-domingo-do-tempo-comum-dehonianos\/#more-145114\" class=\"more-link\"><span aria-label=\"Continue a ler Ano C &#8211; 22.\u00ba Domingo do Tempo Comum &#8211; Dehonianos\">(mais&hellip;)<\/span><\/a><\/p>\n<\/div>\t<\/div>\r\n<\/div><\/div>\n<div class=\"panel panel-default pt-cv-content-item pt-cv-1-col\" >\r\n<div class=\"panel-heading pt-cv-title\">\r\n    <a class=\"panel-title\" data-toggle=\"cvcollapse\" data-parent=\"#4200da4a12\" data-target=\"#34aa115bqh\" href='http:\/\/sites.ecclesia.pt\/liturgia\/ano-c-23o-domingo-do-tempo-comum-dehonianos\/' onclick='event.preventDefault()'>\r\n\t\tAno C &#8211; 23.\u00ba Domingo do Tempo Comum &#8211; Dehonianos\t<\/a>\r\n\t<\/div>\r\n<div id=\"34aa115bqh\" class=\"panel-collapse collapse \">\r\n\t<div class=\"panel-body\">\r\n\t\t<div class=\"pt-cv-content\"><p><iframe loading=\"lazy\" title=\"Ano C - 23.\u00ba Domingo do Tempo Comum\" width=\"1080\" height=\"608\" src=\"https:\/\/www.youtube.com\/embed\/b1OM6nnJpEY?feature=oembed\" frameborder=\"0\" allow=\"accelerometer; autoplay; encrypted-media; gyroscope; picture-in-picture\" allowfullscreen><\/iframe><\/p>\n<p><em>Como seguimos Jesus hoje?<\/em><\/p>\n<p> <a href=\"http:\/\/sites.ecclesia.pt\/liturgia\/ano-c-23o-domingo-do-tempo-comum-dehonianos\/#more-145117\" class=\"more-link\"><span aria-label=\"Continue a ler Ano C &#8211; 23.\u00ba Domingo do Tempo Comum &#8211; Dehonianos\">(mais&hellip;)<\/span><\/a><\/p>\n<\/div>\t<\/div>\r\n<\/div><\/div>\n<div class=\"panel panel-default pt-cv-content-item pt-cv-1-col\" >\r\n<div class=\"panel-heading pt-cv-title\">\r\n    <a class=\"panel-title\" data-toggle=\"cvcollapse\" data-parent=\"#4200da4a12\" data-target=\"#614a16bp6l\" href='http:\/\/sites.ecclesia.pt\/liturgia\/ano-c-24o-domingo-do-tempo-comum-dehonianos\/' onclick='event.preventDefault()'>\r\n\t\tAno C &#8211; 24.\u00ba Domingo do Tempo Comum &#8211; Dehonianos\t<\/a>\r\n\t<\/div>\r\n<div id=\"614a16bp6l\" class=\"panel-collapse collapse \">\r\n\t<div class=\"panel-body\">\r\n\t\t<div class=\"pt-cv-content\"><p><iframe loading=\"lazy\" title=\"Ano C - 24.\u00ba Domingo do Tempo Comum\" width=\"1080\" height=\"608\" src=\"https:\/\/www.youtube.com\/embed\/zj8dk2RY11E?feature=oembed\" frameborder=\"0\" allow=\"accelerometer; autoplay; encrypted-media; gyroscope; picture-in-picture\" allowfullscreen><\/iframe><\/p>\n<p><em>Entrar na alegria de Deus, voltar \u00e0 vida<\/em><\/p>\n<p> <a href=\"http:\/\/sites.ecclesia.pt\/liturgia\/ano-c-24o-domingo-do-tempo-comum-dehonianos\/#more-148515\" class=\"more-link\"><span aria-label=\"Continue a ler Ano C &#8211; 24.\u00ba Domingo do Tempo Comum &#8211; Dehonianos\">(mais&hellip;)<\/span><\/a><\/p>\n<\/div>\t<\/div>\r\n<\/div><\/div>\n<div class=\"panel panel-default pt-cv-content-item pt-cv-1-col\" >\r\n<div class=\"panel-heading pt-cv-title\">\r\n    <a class=\"panel-title\" data-toggle=\"cvcollapse\" data-parent=\"#4200da4a12\" data-target=\"#5390bf9lq9\" href='http:\/\/sites.ecclesia.pt\/liturgia\/ano-c-26o-domingo-do-tempo-comum-dehonianos\/' onclick='event.preventDefault()'>\r\n\t\tAno C &#8211; 26.\u00ba Domingo do Tempo Comum &#8211; Dehonianos\t<\/a>\r\n\t<\/div>\r\n<div id=\"5390bf9lq9\" class=\"panel-collapse collapse \">\r\n\t<div class=\"panel-body\">\r\n\t\t<div class=\"pt-cv-content\"><p><iframe loading=\"lazy\" title=\"Ano C - 26.\u00ba Domingo do Tempo Comum\" width=\"1080\" height=\"608\" src=\"https:\/\/www.youtube.com\/embed\/hED8WC9A6a4?feature=oembed\" frameborder=\"0\" allow=\"accelerometer; autoplay; encrypted-media; gyroscope; picture-in-picture\" allowfullscreen><\/iframe><\/p>\n<p><em>Partilhar os bens recebidos<\/em><\/p>\n<p> <a href=\"http:\/\/sites.ecclesia.pt\/liturgia\/ano-c-26o-domingo-do-tempo-comum-dehonianos\/#more-149531\" class=\"more-link\"><span aria-label=\"Continue a ler Ano C &#8211; 26.\u00ba Domingo do Tempo Comum &#8211; Dehonianos\">(mais&hellip;)<\/span><\/a><\/p>\n<\/div>\t<\/div>\r\n<\/div><\/div>\n<div class=\"panel panel-default pt-cv-content-item pt-cv-1-col\" >\r\n<div class=\"panel-heading pt-cv-title\">\r\n    <a class=\"panel-title\" data-toggle=\"cvcollapse\" data-parent=\"#4200da4a12\" data-target=\"#d993af47v4\" href='http:\/\/sites.ecclesia.pt\/liturgia\/ano-c-27o-domingo-do-tempo-comum-dehonianos\/' onclick='event.preventDefault()'>\r\n\t\tAno C &#8211; 27.\u00ba Domingo do Tempo Comum &#8211; Dehonianos\t<\/a>\r\n\t<\/div>\r\n<div id=\"d993af47v4\" class=\"panel-collapse collapse \">\r\n\t<div class=\"panel-body\">\r\n\t\t<div class=\"pt-cv-content\"><p><iframe loading=\"lazy\" title=\"27.\u00ba domingo do Tempo Comum - Ano C\" width=\"1080\" height=\"608\" src=\"https:\/\/www.youtube.com\/embed\/2hp-vj3sREU?feature=oembed\" frameborder=\"0\" allow=\"accelerometer; autoplay; encrypted-media; gyroscope; picture-in-picture\" allowfullscreen><\/iframe><\/p>\n<p><em>Senhor, aumenta a nossa f\u00e9!<\/em><\/p>\n<p> <a href=\"http:\/\/sites.ecclesia.pt\/liturgia\/ano-c-27o-domingo-do-tempo-comum-dehonianos\/#more-150269\" class=\"more-link\"><span aria-label=\"Continue a ler Ano C &#8211; 27.\u00ba Domingo do Tempo Comum &#8211; Dehonianos\">(mais&hellip;)<\/span><\/a><\/p>\n<\/div>\t<\/div>\r\n<\/div><\/div>\n<div class=\"panel panel-default pt-cv-content-item pt-cv-1-col\" >\r\n<div class=\"panel-heading pt-cv-title\">\r\n    <a class=\"panel-title\" data-toggle=\"cvcollapse\" data-parent=\"#4200da4a12\" data-target=\"#0b031e65i1\" href='http:\/\/sites.ecclesia.pt\/liturgia\/ano-c-28o-domingo-do-tempo-comum-dehonianos\/' onclick='event.preventDefault()'>\r\n\t\tAno C &#8211; 28.\u00ba Domingo do Tempo Comum &#8211; Dehonianos\t<\/a>\r\n\t<\/div>\r\n<div id=\"0b031e65i1\" class=\"panel-collapse collapse \">\r\n\t<div class=\"panel-body\">\r\n\t\t<div class=\"pt-cv-content\"><p><iframe loading=\"lazy\" title=\"28.\u00ba domingo do Tempo Comum - Ano C\" width=\"1080\" height=\"608\" src=\"https:\/\/www.youtube.com\/embed\/vJq_AxyencM?feature=oembed\" frameborder=\"0\" allow=\"accelerometer; autoplay; encrypted-media; gyroscope; picture-in-picture\" allowfullscreen><\/iframe><\/p>\n<p><em>Agradecer a f\u00e9 que nos salva em Cristo<\/em><\/p>\n<p> <a href=\"http:\/\/sites.ecclesia.pt\/liturgia\/ano-c-28o-domingo-do-tempo-comum-dehonianos\/#more-150944\" class=\"more-link\"><span aria-label=\"Continue a ler Ano C &#8211; 28.\u00ba Domingo do Tempo Comum &#8211; Dehonianos\">(mais&hellip;)<\/span><\/a><\/p>\n<\/div>\t<\/div>\r\n<\/div><\/div>\n<div class=\"panel panel-default pt-cv-content-item pt-cv-1-col\" >\r\n<div class=\"panel-heading pt-cv-title\">\r\n    <a class=\"panel-title\" data-toggle=\"cvcollapse\" data-parent=\"#4200da4a12\" data-target=\"#b7e6a251nz\" href='http:\/\/sites.ecclesia.pt\/liturgia\/ano-c-31o-domingo-do-tempo-comum-dehonianos\/' onclick='event.preventDefault()'>\r\n\t\tAno C &#8211; 31.\u00ba Domingo do Tempo Comum &#8211; Dehonianos\t<\/a>\r\n\t<\/div>\r\n<div id=\"b7e6a251nz\" class=\"panel-collapse collapse \">\r\n\t<div class=\"panel-body\">\r\n\t\t<div class=\"pt-cv-content\"><p><iframe loading=\"lazy\" title=\"Ano C - 31.\u00ba. Domingo do Tempo Comum\" width=\"1080\" height=\"608\" src=\"https:\/\/www.youtube.com\/embed\/leWnPXHwWIg?feature=oembed\" frameborder=\"0\" allow=\"accelerometer; autoplay; encrypted-media; gyroscope; picture-in-picture\" allowfullscreen><\/iframe><\/p>\n<p>Como andam os nossos olhares?<\/p>\n<p> <a href=\"http:\/\/sites.ecclesia.pt\/liturgia\/ano-c-31o-domingo-do-tempo-comum-dehonianos\/#more-152873\" class=\"more-link\"><span aria-label=\"Continue a ler Ano C &#8211; 31.\u00ba Domingo do Tempo Comum &#8211; Dehonianos\">(mais&hellip;)<\/span><\/a><\/p>\n<\/div>\t<\/div>\r\n<\/div><\/div>\n<div class=\"panel panel-default pt-cv-content-item pt-cv-1-col\" >\r\n<div class=\"panel-heading pt-cv-title\">\r\n    <a class=\"panel-title\" data-toggle=\"cvcollapse\" data-parent=\"#4200da4a12\" data-target=\"#389827dnim\" href='http:\/\/sites.ecclesia.pt\/liturgia\/ano-c-33o-domingo-do-tempo-comum-dehonianos\/' onclick='event.preventDefault()'>\r\n\t\tAno C &#8211; 33.\u00ba Domingo do Tempo Comum &#8211; Dehonianos\t<\/a>\r\n\t<\/div>\r\n<div id=\"389827dnim\" class=\"panel-collapse collapse \">\r\n\t<div class=\"panel-body\">\r\n\t\t<div class=\"pt-cv-content\"><p><iframe loading=\"lazy\" title=\"Ano C - 33-\u00ba domingo do Tempo Comum\" width=\"1080\" height=\"608\" src=\"https:\/\/www.youtube.com\/embed\/JDx3aSFirpg?feature=oembed\" frameborder=\"0\" allow=\"accelerometer; autoplay; encrypted-media; gyroscope; picture-in-picture\" allowfullscreen><\/iframe><\/p>\n<p><em>Retomar a f\u00e9 com entusiasmo<\/em><\/p>\n<p> <a href=\"http:\/\/sites.ecclesia.pt\/liturgia\/ano-c-33o-domingo-do-tempo-comum-dehonianos\/#more-154203\" class=\"more-link\"><span aria-label=\"Continue a ler Ano C &#8211; 33.\u00ba Domingo do Tempo Comum &#8211; Dehonianos\">(mais&hellip;)<\/span><\/a><\/p>\n<\/div>\t<\/div>\r\n<\/div><\/div><\/div><\/div><\/div><\/div> &nbsp; ADVENTO <div class=\"pt-cv-wrapper et_smooth_scroll_disabled\"><div class=\"pt-cv-view pt-cv-collapsible\" id=\"pt-cv-view-7635568urc\"><div data-id=\"pt-cv-page-1\" class=\"pt-cv-page\" data-cvc=\"1\"><div class=\"panel-group\" id=\"1fd96b061b\"><div class=\"panel panel-default pt-cv-content-item pt-cv-1-col\" >\r\n<div class=\"panel-heading pt-cv-title\">\r\n    <a class=\"panel-title\" data-toggle=\"cvcollapse\" data-parent=\"#1fd96b061b\" data-target=\"#e89000378d\" href='http:\/\/sites.ecclesia.pt\/liturgia\/ano-c-01o-domingo-do-advento-dehonianos\/' onclick='event.preventDefault()'>\r\n\t\tAno C &#8211; 01.\u00ba Domingo do Advento &#8211; Dehonianos\t<\/a>\r\n\t<\/div>\r\n<div id=\"e89000378d\" class=\"panel-collapse collapse \">\r\n\t<div class=\"panel-body\">\r\n\t\t<div class=\"pt-cv-content\"><p><iframe loading=\"lazy\" title=\"I domingo do advento - Ano C\" width=\"1080\" height=\"608\" src=\"https:\/\/www.youtube.com\/embed\/bG2Kkcf9Dhg?feature=oembed\" frameborder=\"0\" allow=\"accelerometer; autoplay; encrypted-media; gyroscope; picture-in-picture\" allowfullscreen><\/iframe><\/p>\n<p>Cuidar da vinda, cuidar da vida <a href=\"http:\/\/sites.ecclesia.pt\/liturgia\/ano-c-01o-domingo-do-advento-dehonianos\/#more-120771\" class=\"more-link\"><span aria-label=\"Continue a ler Ano C &#8211; 01.\u00ba Domingo do Advento &#8211; Dehonianos\">(mais&hellip;)<\/span><\/a><\/p>\n<\/div>\t<\/div>\r\n<\/div><\/div>\n<div class=\"panel panel-default pt-cv-content-item pt-cv-1-col\" >\r\n<div class=\"panel-heading pt-cv-title\">\r\n    <a class=\"panel-title\" data-toggle=\"cvcollapse\" data-parent=\"#1fd96b061b\" data-target=\"#7106c61az2\" href='http:\/\/sites.ecclesia.pt\/liturgia\/ano-c-02o-domingo-do-advento-dehonianos\/' onclick='event.preventDefault()'>\r\n\t\tAno C &#8211; 02.\u00ba Domingo do Advento &#8211; Dehonianos\t<\/a>\r\n\t<\/div>\r\n<div id=\"7106c61az2\" class=\"panel-collapse collapse \">\r\n\t<div class=\"panel-body\">\r\n\t\t<div class=\"pt-cv-content\"><p><iframe loading=\"lazy\" title=\"Ano C - 2.\u00ba Domingo do Advento\" width=\"1080\" height=\"608\" src=\"https:\/\/www.youtube.com\/embed\/_OkSx1CIz34?feature=oembed\" frameborder=\"0\" allow=\"accelerometer; autoplay; encrypted-media; gyroscope; picture-in-picture\" allowfullscreen><\/iframe><\/p>\n<p><em>Somos transformados em Deus ou preferimos outros endireitas?<\/em><\/p>\n<p> <a href=\"http:\/\/sites.ecclesia.pt\/liturgia\/ano-c-02o-domingo-do-advento-dehonianos\/#more-121328\" class=\"more-link\"><span aria-label=\"Continue a ler Ano C &#8211; 02.\u00ba Domingo do Advento &#8211; Dehonianos\">(mais&hellip;)<\/span><\/a><\/p>\n<\/div>\t<\/div>\r\n<\/div><\/div>\n<div class=\"panel panel-default pt-cv-content-item pt-cv-1-col\" >\r\n<div class=\"panel-heading pt-cv-title\">\r\n    <a class=\"panel-title\" data-toggle=\"cvcollapse\" data-parent=\"#1fd96b061b\" data-target=\"#5ce9b7fl8g\" href='http:\/\/sites.ecclesia.pt\/liturgia\/ano-c-03o-domingo-do-advento-dehonianos\/' onclick='event.preventDefault()'>\r\n\t\tAno C &#8211; 03.\u00ba Domingo do Advento &#8211; Dehonianos\t<\/a>\r\n\t<\/div>\r\n<div id=\"5ce9b7fl8g\" class=\"panel-collapse collapse \">\r\n\t<div class=\"panel-body\">\r\n\t\t<div class=\"pt-cv-content\"><p><iframe loading=\"lazy\" title=\"III domingo do advento - Ano C\" width=\"1080\" height=\"608\" src=\"https:\/\/www.youtube.com\/embed\/qmTNKF9gpd0?feature=oembed\" frameborder=\"0\" allow=\"accelerometer; autoplay; encrypted-media; gyroscope; picture-in-picture\" allowfullscreen><\/iframe><\/p>\n<p><em>E n\u00f3s, que devemos fazer?<\/em> <a href=\"http:\/\/sites.ecclesia.pt\/liturgia\/ano-c-03o-domingo-do-advento-dehonianos\/#more-121778\" class=\"more-link\"><span aria-label=\"Continue a ler Ano C &#8211; 03.\u00ba Domingo do Advento &#8211; Dehonianos\">(mais&hellip;)<\/span><\/a><\/p>\n<\/div>\t<\/div>\r\n<\/div><\/div><\/div><\/div><\/div><\/div> QUARESMA <div class=\"pt-cv-wrapper et_smooth_scroll_disabled\"><div class=\"pt-cv-view pt-cv-collapsible\" id=\"pt-cv-view-d2f7378w6r\"><div data-id=\"pt-cv-page-1\" class=\"pt-cv-page\" data-cvc=\"1\"><div class=\"panel-group\" id=\"7685560qhk\"><div class=\"panel panel-default pt-cv-content-item pt-cv-1-col\" >\r\n<div class=\"panel-heading pt-cv-title\">\r\n    <a class=\"panel-title\" data-toggle=\"cvcollapse\" data-parent=\"#7685560qhk\" data-target=\"#d834ca4oyk\" href='http:\/\/sites.ecclesia.pt\/liturgia\/ano-c-02o-domingo-da-quaresma-dehonianos\/' onclick='event.preventDefault()'>\r\n\t\tAno C &#8211; 02.\u00ba Domingo da Quaresma &#8211; Dehonianos\t<\/a>\r\n\t<\/div>\r\n<div id=\"d834ca4oyk\" class=\"panel-collapse collapse \">\r\n\t<div class=\"panel-body\">\r\n\t\t<div class=\"pt-cv-content\"><p><iframe loading=\"lazy\" title=\"02.\u00ba domingo da Quaresma - Ano C\" width=\"1080\" height=\"608\" src=\"https:\/\/www.youtube.com\/embed\/VRZ6s9899fo?feature=oembed\" frameborder=\"0\" allow=\"accelerometer; autoplay; encrypted-media; gyroscope; picture-in-picture\" allowfullscreen><\/iframe><\/p>\n<p><em>Como \u00e9 bom estar aqui! S\u00f3 pode ser em Deus!<\/em><\/p>\n<p> <a href=\"http:\/\/sites.ecclesia.pt\/liturgia\/ano-c-02o-domingo-da-quaresma-dehonianos\/#more-130453\" class=\"more-link\"><span aria-label=\"Continue a ler Ano C &#8211; 02.\u00ba Domingo da Quaresma &#8211; Dehonianos\">(mais&hellip;)<\/span><\/a><\/p>\n<\/div>\t<\/div>\r\n<\/div><\/div>\n<div class=\"panel panel-default pt-cv-content-item pt-cv-1-col\" >\r\n<div class=\"panel-heading pt-cv-title\">\r\n    <a class=\"panel-title\" data-toggle=\"cvcollapse\" data-parent=\"#7685560qhk\" data-target=\"#54d49251ow\" href='http:\/\/sites.ecclesia.pt\/liturgia\/ano-c-03o-domingo-da-quaresma-dehonianos\/' onclick='event.preventDefault()'>\r\n\t\tAno C &#8211; 03.\u00ba Domingo da Quaresma &#8211; Dehonianos\t<\/a>\r\n\t<\/div>\r\n<div id=\"54d49251ow\" class=\"panel-collapse collapse \">\r\n\t<div class=\"panel-body\">\r\n\t\t<div class=\"pt-cv-content\"><p><iframe loading=\"lazy\" title=\"Ano C - 3.\u00ba Domingo da Quaresma\" width=\"1080\" height=\"608\" src=\"https:\/\/www.youtube.com\/embed\/TUuvBjhJiaw?feature=oembed\" frameborder=\"0\" allow=\"accelerometer; autoplay; encrypted-media; gyroscope; picture-in-picture\" allowfullscreen><\/iframe><\/p>\n<\/div>\t<\/div>\r\n<\/div><\/div>\n<div class=\"panel panel-default pt-cv-content-item pt-cv-1-col\" >\r\n<div class=\"panel-heading pt-cv-title\">\r\n    <a class=\"panel-title\" data-toggle=\"cvcollapse\" data-parent=\"#7685560qhk\" data-target=\"#72a83025lh\" href='http:\/\/sites.ecclesia.pt\/liturgia\/ano-c-05o-domingo-da-quaresma-dehonianos\/' onclick='event.preventDefault()'>\r\n\t\tAno C &#8211; 05.\u00ba Domingo da Quaresma &#8211; Dehonianos\t<\/a>\r\n\t<\/div>\r\n<div id=\"72a83025lh\" class=\"panel-collapse collapse \">\r\n\t<div class=\"panel-body\">\r\n\t\t<div class=\"pt-cv-content\"><p><iframe loading=\"lazy\" title=\"Ano C - 5.\u00ba domingo da Quaresma\" width=\"1080\" height=\"608\" src=\"https:\/\/www.youtube.com\/embed\/2L_GksIjnP4?feature=oembed\" frameborder=\"0\" allow=\"accelerometer; autoplay; encrypted-media; gyroscope; picture-in-picture\" allowfullscreen><\/iframe><\/p>\n<\/div>\t<\/div>\r\n<\/div><\/div>\n<div class=\"panel panel-default pt-cv-content-item pt-cv-1-col\" >\r\n<div class=\"panel-heading pt-cv-title\">\r\n    <a class=\"panel-title\" data-toggle=\"cvcollapse\" data-parent=\"#7685560qhk\" data-target=\"#a685fa7xe7\" href='http:\/\/sites.ecclesia.pt\/liturgia\/ano-c-domingo-de-ramos-na-paixao-do-senhor-dehonianos\/' onclick='event.preventDefault()'>\r\n\t\tAno C &#8211; Domingo de Ramos na Paix\u00e3o do Senhor &#8211; Dehonianos\t<\/a>\r\n\t<\/div>\r\n<div id=\"a685fa7xe7\" class=\"panel-collapse collapse \">\r\n\t<div class=\"panel-body\">\r\n\t\t<div class=\"pt-cv-content\"><p><iframe loading=\"lazy\" title=\"Ano C - Domingo de Ramos\" width=\"1080\" height=\"608\" src=\"https:\/\/www.youtube.com\/embed\/Tf8zQsPzCsM?feature=oembed\" frameborder=\"0\" allow=\"accelerometer; autoplay; encrypted-media; gyroscope; picture-in-picture\" allowfullscreen><\/iframe><\/p>\n<p><em>Contemplar a cruz com paix\u00e3o<\/em><\/p>\n<p> <a href=\"http:\/\/sites.ecclesia.pt\/liturgia\/ano-c-domingo-de-ramos-na-paixao-do-senhor-dehonianos\/#more-133806\" class=\"more-link\"><span aria-label=\"Continue a ler Ano C &#8211; Domingo de Ramos na Paix\u00e3o do Senhor &#8211; Dehonianos\">(mais&hellip;)<\/span><\/a><\/p>\n<\/div>\t<\/div>\r\n<\/div><\/div><\/div><\/div><\/div><\/div> P\u00c1SCOA <div class=\"pt-cv-wrapper et_smooth_scroll_disabled\"><div class=\"pt-cv-view pt-cv-collapsible\" id=\"pt-cv-view-4c4d866ugj\"><div data-id=\"pt-cv-page-1\" class=\"pt-cv-page\" data-cvc=\"1\"><div class=\"panel-group\" id=\"18f88a7t5i\"><div class=\"panel panel-default pt-cv-content-item pt-cv-1-col\" >\r\n<div class=\"panel-heading pt-cv-title\">\r\n    <a class=\"panel-title\" data-toggle=\"cvcollapse\" data-parent=\"#18f88a7t5i\" data-target=\"#c6f6f0eybl\" href='http:\/\/sites.ecclesia.pt\/liturgia\/ano-c-01-o-domingo-da-pascoa-dehonianos\/' onclick='event.preventDefault()'>\r\n\t\tAno C &#8211; 01.\u00ba Domingo da P\u00e1scoa &#8211; Dehonianos\t<\/a>\r\n\t<\/div>\r\n<div id=\"c6f6f0eybl\" class=\"panel-collapse collapse \">\r\n\t<div class=\"panel-body\">\r\n\t\t<div class=\"pt-cv-content\"><p><iframe loading=\"lazy\" title=\"Ano C \u2013 Domingo da P\u00e1scoa da Ressurrei\u00e7\u00e3o do Senhor. Coment\u00e1rio do padre Manuel Barbosa, scj\" width=\"1080\" height=\"608\" src=\"https:\/\/www.youtube.com\/embed\/DnRcj0GHEAg?feature=oembed\"  allow=\"accelerometer; autoplay; clipboard-write; encrypted-media; gyroscope; picture-in-picture\" allowfullscreen><\/iframe><\/p>\n<p><em>Ver e acreditar que Cristo est\u00e1 vivo<\/em><\/p>\n<p> <a href=\"http:\/\/sites.ecclesia.pt\/liturgia\/ano-c-01-o-domingo-da-pascoa-dehonianos\/#more-200147\" class=\"more-link\"><span aria-label=\"Continue a ler Ano C &#8211; 01.\u00ba Domingo da P\u00e1scoa &#8211; Dehonianos\">(mais&hellip;)<\/span><\/a><\/p>\n<\/div>\t<\/div>\r\n<\/div><\/div>\n<div class=\"panel panel-default pt-cv-content-item pt-cv-1-col\" >\r\n<div class=\"panel-heading pt-cv-title\">\r\n    <a class=\"panel-title\" data-toggle=\"cvcollapse\" data-parent=\"#18f88a7t5i\" data-target=\"#b8ad6c0t3q\" href='http:\/\/sites.ecclesia.pt\/liturgia\/ano-c-02-o-domingo-da-pascoa-dehonianos\/' onclick='event.preventDefault()'>\r\n\t\tAno C &#8211; 02.\u00ba Domingo da P\u00e1scoa &#8211; Dehonianos\t<\/a>\r\n\t<\/div>\r\n<div id=\"b8ad6c0t3q\" class=\"panel-collapse collapse \">\r\n\t<div class=\"panel-body\">\r\n\t\t<div class=\"pt-cv-content\"><p><iframe loading=\"lazy\" title=\"Ano C - 2.\u00ba Domingo de P\u00e1scoa. Coment\u00e1rio do padre Manuel Barbosa\" width=\"1080\" height=\"608\" src=\"https:\/\/www.youtube.com\/embed\/hSfFPUBuU-Q?feature=oembed\"  allow=\"accelerometer; autoplay; clipboard-write; encrypted-media; gyroscope; picture-in-picture\" allowfullscreen><\/iframe><\/p>\n<p><em>Encontrar o Ressuscitado na comunidade<\/em><\/p>\n<p> <a href=\"http:\/\/sites.ecclesia.pt\/liturgia\/ano-c-02-o-domingo-da-pascoa-dehonianos\/#more-200150\" class=\"more-link\"><span aria-label=\"Continue a ler Ano C &#8211; 02.\u00ba Domingo da P\u00e1scoa &#8211; Dehonianos\">(mais&hellip;)<\/span><\/a><\/p>\n<\/div>\t<\/div>\r\n<\/div><\/div>\n<div class=\"panel panel-default pt-cv-content-item pt-cv-1-col\" >\r\n<div class=\"panel-heading pt-cv-title\">\r\n    <a class=\"panel-title\" data-toggle=\"cvcollapse\" data-parent=\"#18f88a7t5i\" data-target=\"#2da60f1y39\" href='http:\/\/sites.ecclesia.pt\/liturgia\/ano-c-03-o-domingo-da-pascoa-dehonianos\/' onclick='event.preventDefault()'>\r\n\t\tAno C &#8211; 03.\u00ba Domingo da P\u00e1scoa &#8211; Dehonianos\t<\/a>\r\n\t<\/div>\r\n<div id=\"2da60f1y39\" class=\"panel-collapse collapse \">\r\n\t<div class=\"panel-body\">\r\n\t\t<div class=\"pt-cv-content\"><p><iframe loading=\"lazy\" title=\"Ano C - 3.\u00ba Domingo de P\u00e1scoa. Coment\u00e1rio do padre Manuel Barbosa, scj\" width=\"1080\" height=\"608\" src=\"https:\/\/www.youtube.com\/embed\/pQ25kOzrCqA?feature=oembed\"  allow=\"accelerometer; autoplay; clipboard-write; encrypted-media; gyroscope; picture-in-picture\" allowfullscreen><\/iframe><\/p>\n<p><em>Confiss\u00e3o de f\u00e9 e vida de amor no quotidiano<\/em><\/p>\n<p> <a href=\"http:\/\/sites.ecclesia.pt\/liturgia\/ano-c-03-o-domingo-da-pascoa-dehonianos\/#more-200153\" class=\"more-link\"><span aria-label=\"Continue a ler Ano C &#8211; 03.\u00ba Domingo da P\u00e1scoa &#8211; Dehonianos\">(mais&hellip;)<\/span><\/a><\/p>\n<\/div>\t<\/div>\r\n<\/div><\/div>\n<div class=\"panel panel-default pt-cv-content-item pt-cv-1-col\" >\r\n<div class=\"panel-heading pt-cv-title\">\r\n    <a class=\"panel-title\" data-toggle=\"cvcollapse\" data-parent=\"#18f88a7t5i\" data-target=\"#4998a9fydv\" href='http:\/\/sites.ecclesia.pt\/liturgia\/ano-c-04-o-domingo-da-pascoa-dehonianos\/' onclick='event.preventDefault()'>\r\n\t\tAno C &#8211; 04.\u00ba Domingo da P\u00e1scoa &#8211; Dehonianos\t<\/a>\r\n\t<\/div>\r\n<div id=\"4998a9fydv\" class=\"panel-collapse collapse \">\r\n\t<div class=\"panel-body\">\r\n\t\t<div class=\"pt-cv-content\"><p><iframe loading=\"lazy\" title=\"Ano C - 04.\u00ba Domingo de P\u00e1scoa. Coment\u00e1rio do padre Manuel Barbosa, scj\" width=\"1080\" height=\"608\" src=\"https:\/\/www.youtube.com\/embed\/lw1XPytxC2M?feature=oembed\"  allow=\"accelerometer; autoplay; clipboard-write; encrypted-media; gyroscope; picture-in-picture\" allowfullscreen><\/iframe><\/p>\n<p><em>Escutar a voz do Pastor \u00e9 seguir Cristo<\/em><\/p>\n<p> <a href=\"http:\/\/sites.ecclesia.pt\/liturgia\/ano-c-04-o-domingo-da-pascoa-dehonianos\/#more-200156\" class=\"more-link\"><span aria-label=\"Continue a ler Ano C &#8211; 04.\u00ba Domingo da P\u00e1scoa &#8211; Dehonianos\">(mais&hellip;)<\/span><\/a><\/p>\n<\/div>\t<\/div>\r\n<\/div><\/div><\/div><\/div><\/div><\/div> SOLENIDADES E FESTAS <div class=\"pt-cv-wrapper et_smooth_scroll_disabled\"><div class=\"pt-cv-view pt-cv-collapsible\" id=\"pt-cv-view-2c2bf757wt\"><div data-id=\"pt-cv-page-1\" class=\"pt-cv-page\" data-cvc=\"1\"><div class=\"panel-group\" id=\"fda64feyk9\"><div class=\"panel panel-default pt-cv-content-item pt-cv-1-col\" >\r\n<div class=\"panel-heading pt-cv-title\">\r\n    <a class=\"panel-title\" data-toggle=\"cvcollapse\" data-parent=\"#fda64feyk9\" data-target=\"#489b1f3qj4\" href='http:\/\/sites.ecclesia.pt\/liturgia\/ano-c-domingo-de-ramos-na-paixao-do-senhor\/' onclick='event.preventDefault()'>\r\n\t\tAno C &#8211; Domingo de Ramos na Paix\u00e3o do Senhor &#8211; Dehonianos\t<\/a>\r\n\t<\/div>\r\n<div id=\"489b1f3qj4\" class=\"panel-collapse collapse \">\r\n\t<div class=\"panel-body\">\r\n\t\t<div class=\"pt-cv-content\"><p><iframe loading=\"lazy\" title=\"Ano C - Domingo de Ramos\" width=\"1080\" height=\"608\" src=\"https:\/\/www.youtube.com\/embed\/Tf8zQsPzCsM?feature=oembed\"  allow=\"accelerometer; autoplay; clipboard-write; encrypted-media; gyroscope; picture-in-picture\" allowfullscreen><\/iframe><\/p>\n<p><em>Contemplar a cruz com paix\u00e3o<\/em><\/p>\n<p> <a href=\"http:\/\/sites.ecclesia.pt\/liturgia\/ano-c-domingo-de-ramos-na-paixao-do-senhor\/#more-164433\" class=\"more-link\"><span aria-label=\"Continue a ler Ano C &#8211; Domingo de Ramos na Paix\u00e3o do Senhor &#8211; Dehonianos\">(mais&hellip;)<\/span><\/a><\/p>\n<\/div>\t<\/div>\r\n<\/div><\/div>\n<div class=\"panel panel-default pt-cv-content-item pt-cv-1-col\" >\r\n<div class=\"panel-heading pt-cv-title\">\r\n    <a class=\"panel-title\" data-toggle=\"cvcollapse\" data-parent=\"#fda64feyk9\" data-target=\"#01d276btvs\" href='http:\/\/sites.ecclesia.pt\/liturgia\/ano-c-festa-da-sagrada-familia-de-jesus-maria-e-jose-dehonianos\/' onclick='event.preventDefault()'>\r\n\t\tAno C &#8211; Festa da Sagrada Fam\u00edlia de Jesus, Maria e Jos\u00e9 &#8211; Dehonianos\t<\/a>\r\n\t<\/div>\r\n<div id=\"01d276btvs\" class=\"panel-collapse collapse \">\r\n\t<div class=\"panel-body\">\r\n\t\t<div class=\"pt-cv-content\"><p><iframe loading=\"lazy\" title=\"Festa da Sagrada Fam\u00edlia - Ano C\" width=\"1080\" height=\"608\" src=\"https:\/\/www.youtube.com\/embed\/pa9zb0_sdus?feature=oembed\" frameborder=\"0\" allow=\"accelerometer; autoplay; encrypted-media; gyroscope; picture-in-picture\" allowfullscreen><\/iframe><\/p>\n<p><em>Fam\u00edlias santas no amor<\/em><\/p>\n<p> <a href=\"http:\/\/sites.ecclesia.pt\/liturgia\/ano-c-festa-da-sagrada-familia-de-jesus-maria-e-jose-dehonianos\/#more-122844\" class=\"more-link\"><span aria-label=\"Continue a ler Ano C &#8211; Festa da Sagrada Fam\u00edlia de Jesus, Maria e Jos\u00e9 &#8211; Dehonianos\">(mais&hellip;)<\/span><\/a><\/p>\n<\/div>\t<\/div>\r\n<\/div><\/div>\n<div class=\"panel panel-default pt-cv-content-item pt-cv-1-col\" >\r\n<div class=\"panel-heading pt-cv-title\">\r\n    <a class=\"panel-title\" data-toggle=\"cvcollapse\" data-parent=\"#fda64feyk9\" data-target=\"#158c83clrp\" href='http:\/\/sites.ecclesia.pt\/liturgia\/ano-c-festa-do-batismo-do-senhor-dehonianos-2\/' onclick='event.preventDefault()'>\r\n\t\tAno C &#8211; Festa do Batismo do Senhor &#8211; Dehonianos\t<\/a>\r\n\t<\/div>\r\n<div id=\"158c83clrp\" class=\"panel-collapse collapse \">\r\n\t<div class=\"panel-body\">\r\n\t\t<div class=\"pt-cv-content\"><p><iframe loading=\"lazy\" title=\"Ano C - Festa do Batismo do Senhor\" width=\"1080\" height=\"608\" src=\"https:\/\/www.youtube.com\/embed\/35pUisIPs2c?feature=oembed\" frameborder=\"0\" allow=\"accelerometer; autoplay; encrypted-media; gyroscope; picture-in-picture\" allowfullscreen><\/iframe><\/p>\n<p><em>Viver o batismo no amor de Deus<\/em> <a href=\"http:\/\/sites.ecclesia.pt\/liturgia\/ano-c-festa-do-batismo-do-senhor-dehonianos-2\/#more-124567\" class=\"more-link\"><span aria-label=\"Continue a ler Ano C &#8211; Festa do Batismo do Senhor &#8211; Dehonianos\">(mais&hellip;)<\/span><\/a><\/p>\n<\/div>\t<\/div>\r\n<\/div><\/div>\n<div class=\"panel panel-default pt-cv-content-item pt-cv-1-col\" >\r\n<div class=\"panel-heading pt-cv-title\">\r\n    <a class=\"panel-title\" data-toggle=\"cvcollapse\" data-parent=\"#fda64feyk9\" data-target=\"#728110bgvk\" href='http:\/\/sites.ecclesia.pt\/liturgia\/ano-c-solenidade-da-epifania-do-senhor-dehonianos\/' onclick='event.preventDefault()'>\r\n\t\tAno C &#8211; Solenidade da Epifania do Senhor &#8211; Dehonianos\t<\/a>\r\n\t<\/div>\r\n<div id=\"728110bgvk\" class=\"panel-collapse collapse \">\r\n\t<div class=\"panel-body\">\r\n\t\t<div class=\"pt-cv-content\"><p><iframe loading=\"lazy\" title=\"Ano C - Solenidade da Epifania do Senhor\" width=\"1080\" height=\"608\" src=\"https:\/\/www.youtube.com\/embed\/IXYOg9D9Uk8?feature=oembed\" frameborder=\"0\" allow=\"accelerometer; autoplay; encrypted-media; gyroscope; picture-in-picture\" allowfullscreen><\/iframe><\/p>\n<\/div>\t<\/div>\r\n<\/div><\/div>\n<div class=\"panel panel-default pt-cv-content-item pt-cv-1-col\" >\r\n<div class=\"panel-heading pt-cv-title\">\r\n    <a class=\"panel-title\" data-toggle=\"cvcollapse\" data-parent=\"#fda64feyk9\" data-target=\"#8a33defvkr\" href='http:\/\/sites.ecclesia.pt\/liturgia\/ano-c-solenidade-de-cristo-rei-3\/' onclick='event.preventDefault()'>\r\n\t\tAno C &#8211; Solenidade de Cristo Rei &#8211; Dehonianos\t<\/a>\r\n\t<\/div>\r\n<div id=\"8a33defvkr\" class=\"panel-collapse collapse \">\r\n\t<div class=\"panel-body\">\r\n\t\t<div class=\"pt-cv-content\"><p><iframe loading=\"lazy\" title=\"Ano C - Solenidade de Cristo Rei\" width=\"1080\" height=\"608\" src=\"https:\/\/www.youtube.com\/embed\/pjaYmbmh_J4?feature=oembed\" frameborder=\"0\" allow=\"accelerometer; autoplay; encrypted-media; gyroscope; picture-in-picture\" allowfullscreen><\/iframe><\/p>\n<p><em>Jesus Cristo reina em n\u00f3s<\/em><\/p>\n<p> <a href=\"http:\/\/sites.ecclesia.pt\/liturgia\/ano-c-solenidade-de-cristo-rei-3\/#more-154928\" class=\"more-link\"><span aria-label=\"Continue a ler Ano C &#8211; Solenidade de Cristo Rei &#8211; Dehonianos\">(mais&hellip;)<\/span><\/a><\/p>\n<\/div>\t<\/div>\r\n<\/div><\/div><\/div><\/div><\/div><\/div><\/p>\n","protected":false},"author":1,"featured_media":0,"parent":0,"menu_order":0,"comment_status":"closed","ping_status":"closed","template":"","meta":{"_et_pb_use_builder":"on","_et_pb_old_content":"","_et_gb_content_width":"","footnotes":""},"class_list":["post-163504","page","type-page","status-publish","hentry"],"_links":{"self":[{"href":"http:\/\/sites.ecclesia.pt\/liturgia\/wp-json\/wp\/v2\/pages\/163504","targetHints":{"allow":["GET"]}}],"collection":[{"href":"http:\/\/sites.ecclesia.pt\/liturgia\/wp-json\/wp\/v2\/pages"}],"about":[{"href":"http:\/\/sites.ecclesia.pt\/liturgia\/wp-json\/wp\/v2\/types\/page"}],"author":[{"embeddable":true,"href":"http:\/\/sites.ecclesia.pt\/liturgia\/wp-json\/wp\/v2\/users\/1"}],"replies":[{"embeddable":true,"href":"http:\/\/sites.ecclesia.pt\/liturgia\/wp-json\/wp\/v2\/comments?post=163504"}],"version-history":[{"count":6,"href":"http:\/\/sites.ecclesia.pt\/liturgia\/wp-json\/wp\/v2\/pages\/163504\/revisions"}],"predecessor-version":[{"id":163973,"href":"http:\/\/sites.ecclesia.pt\/liturgia\/wp-json\/wp\/v2\/pages\/163504\/revisions\/163973"}],"wp:attachment":[{"href":"http:\/\/sites.ecclesia.pt\/liturgia\/wp-json\/wp\/v2\/media?parent=163504"}],"curies":[{"name":"wp","href":"https:\/\/api.w.org\/{rel}","templated":true}]}}