{"id":163505,"date":"2020-03-05T10:58:29","date_gmt":"2020-03-05T10:58:29","guid":{"rendered":"http:\/\/sites.ecclesia.pt\/liturgia\/?page_id=163505"},"modified":"2021-04-17T11:43:39","modified_gmt":"2021-04-17T10:43:39","slug":"ano-b-programa-ecclesia","status":"publish","type":"page","link":"http:\/\/sites.ecclesia.pt\/liturgia\/ano-b-programa-ecclesia\/","title":{"rendered":"Ano B &#8211; Programa Ecclesia"},"content":{"rendered":"<p>[et_pb_section fb_built=&#8221;1&#8243; admin_label=&#8221;Hero Section&#8221; _builder_version=&#8221;4.3.4&#8243; use_background_color_gradient=&#8221;on&#8221; background_color_gradient_start=&#8221;rgba(0,0,0,0)&#8221; background_color_gradient_end=&#8221;rgba(0,0,0,0.73)&#8221; background_color_gradient_direction=&#8221;120deg&#8221; background_color_gradient_overlays_image=&#8221;on&#8221; background_image=&#8221;http:\/\/sites.ecclesia.pt\/liturgia\/wp-content\/uploads\/2020\/03\/bible-1869164_1920.jpg&#8221; vertical_offset_tablet=&#8221;0&#8243; horizontal_offset_tablet=&#8221;0&#8243; custom_padding=&#8221;5%||5%|&#8221; z_index_tablet=&#8221;0&#8243; box_shadow_horizontal_tablet=&#8221;0px&#8221; box_shadow_vertical_tablet=&#8221;0px&#8221; box_shadow_blur_tablet=&#8221;40px&#8221; box_shadow_spread_tablet=&#8221;0px&#8221;][et_pb_row admin_label=&#8221;Hero Area&#8221; _builder_version=&#8221;3.25&#8243; column_structure=&#8221;1_2,1_2&#8243;][et_pb_column type=&#8221;1_2&#8243; _builder_version=&#8221;3.0.47&#8243; custom_padding=&#8221;|||&#8221; custom_padding__hover=&#8221;|||&#8221;][et_pb_text admin_label=&#8221;Title&#8221; _builder_version=&#8221;4.4.0&#8243; header_font=&#8221;Poppins|600|||||||&#8221; header_font_size=&#8221;50px&#8221; header_line_height=&#8221;1.2em&#8221; vertical_offset_tablet=&#8221;0&#8243; horizontal_offset_tablet=&#8221;0&#8243; background_layout=&#8221;dark&#8221; animation_style=&#8221;fade&#8221; header_font_size_tablet=&#8221;40px&#8221; header_font_size_phone=&#8221;30px&#8221; header_font_size_last_edited=&#8221;on|phone&#8221; z_index_tablet=&#8221;0&#8243; text_text_shadow_horizontal_length_tablet=&#8221;0px&#8221; text_text_shadow_vertical_length_tablet=&#8221;0px&#8221; text_text_shadow_blur_strength_tablet=&#8221;1px&#8221; link_text_shadow_horizontal_length_tablet=&#8221;0px&#8221; link_text_shadow_vertical_length_tablet=&#8221;0px&#8221; link_text_shadow_blur_strength_tablet=&#8221;1px&#8221; ul_text_shadow_horizontal_length_tablet=&#8221;0px&#8221; ul_text_shadow_vertical_length_tablet=&#8221;0px&#8221; ul_text_shadow_blur_strength_tablet=&#8221;1px&#8221; ol_text_shadow_horizontal_length_tablet=&#8221;0px&#8221; ol_text_shadow_vertical_length_tablet=&#8221;0px&#8221; ol_text_shadow_blur_strength_tablet=&#8221;1px&#8221; quote_text_shadow_horizontal_length_tablet=&#8221;0px&#8221; quote_text_shadow_vertical_length_tablet=&#8221;0px&#8221; quote_text_shadow_blur_strength_tablet=&#8221;1px&#8221; header_text_shadow_horizontal_length_tablet=&#8221;0px&#8221; header_text_shadow_vertical_length_tablet=&#8221;0px&#8221; header_text_shadow_blur_strength_tablet=&#8221;1px&#8221; header_2_text_shadow_horizontal_length_tablet=&#8221;0px&#8221; header_2_text_shadow_vertical_length_tablet=&#8221;0px&#8221; header_2_text_shadow_blur_strength_tablet=&#8221;1px&#8221; header_3_text_shadow_horizontal_length_tablet=&#8221;0px&#8221; header_3_text_shadow_vertical_length_tablet=&#8221;0px&#8221; header_3_text_shadow_blur_strength_tablet=&#8221;1px&#8221; header_4_text_shadow_horizontal_length_tablet=&#8221;0px&#8221; header_4_text_shadow_vertical_length_tablet=&#8221;0px&#8221; header_4_text_shadow_blur_strength_tablet=&#8221;1px&#8221; header_5_text_shadow_horizontal_length_tablet=&#8221;0px&#8221; header_5_text_shadow_vertical_length_tablet=&#8221;0px&#8221; header_5_text_shadow_blur_strength_tablet=&#8221;1px&#8221; header_6_text_shadow_horizontal_length_tablet=&#8221;0px&#8221; header_6_text_shadow_vertical_length_tablet=&#8221;0px&#8221; header_6_text_shadow_blur_strength_tablet=&#8221;1px&#8221; box_shadow_horizontal_tablet=&#8221;0px&#8221; box_shadow_vertical_tablet=&#8221;0px&#8221; box_shadow_blur_tablet=&#8221;40px&#8221; box_shadow_spread_tablet=&#8221;0px&#8221;]<\/p>\n<h1>ANO B<\/h1>\n<h1>Programa ECCLESIA\u00a0<\/h1>\n<p>[\/et_pb_text][et_pb_text admin_label=&#8221;Subtitle&#8221; _builder_version=&#8221;4.4.0&#8243; text_font=&#8221;Poppins||||||||&#8221; text_font_size=&#8221;18px&#8221; text_line_height=&#8221;1.8em&#8221; vertical_offset_tablet=&#8221;0&#8243; horizontal_offset_tablet=&#8221;0&#8243; background_layout=&#8221;dark&#8221; custom_margin=&#8221;|||&#8221; custom_padding=&#8221;|||&#8221; animation_style=&#8221;fade&#8221; z_index_tablet=&#8221;0&#8243; text_text_shadow_horizontal_length_tablet=&#8221;0px&#8221; text_text_shadow_vertical_length_tablet=&#8221;0px&#8221; text_text_shadow_blur_strength_tablet=&#8221;1px&#8221; link_text_shadow_horizontal_length_tablet=&#8221;0px&#8221; link_text_shadow_vertical_length_tablet=&#8221;0px&#8221; link_text_shadow_blur_strength_tablet=&#8221;1px&#8221; ul_text_shadow_horizontal_length_tablet=&#8221;0px&#8221; ul_text_shadow_vertical_length_tablet=&#8221;0px&#8221; ul_text_shadow_blur_strength_tablet=&#8221;1px&#8221; ol_text_shadow_horizontal_length_tablet=&#8221;0px&#8221; ol_text_shadow_vertical_length_tablet=&#8221;0px&#8221; ol_text_shadow_blur_strength_tablet=&#8221;1px&#8221; quote_text_shadow_horizontal_length_tablet=&#8221;0px&#8221; quote_text_shadow_vertical_length_tablet=&#8221;0px&#8221; quote_text_shadow_blur_strength_tablet=&#8221;1px&#8221; header_text_shadow_horizontal_length_tablet=&#8221;0px&#8221; header_text_shadow_vertical_length_tablet=&#8221;0px&#8221; header_text_shadow_blur_strength_tablet=&#8221;1px&#8221; header_2_text_shadow_horizontal_length_tablet=&#8221;0px&#8221; header_2_text_shadow_vertical_length_tablet=&#8221;0px&#8221; header_2_text_shadow_blur_strength_tablet=&#8221;1px&#8221; header_3_text_shadow_horizontal_length_tablet=&#8221;0px&#8221; header_3_text_shadow_vertical_length_tablet=&#8221;0px&#8221; header_3_text_shadow_blur_strength_tablet=&#8221;1px&#8221; header_4_text_shadow_horizontal_length_tablet=&#8221;0px&#8221; header_4_text_shadow_vertical_length_tablet=&#8221;0px&#8221; header_4_text_shadow_blur_strength_tablet=&#8221;1px&#8221; header_5_text_shadow_horizontal_length_tablet=&#8221;0px&#8221; header_5_text_shadow_vertical_length_tablet=&#8221;0px&#8221; header_5_text_shadow_blur_strength_tablet=&#8221;1px&#8221; header_6_text_shadow_horizontal_length_tablet=&#8221;0px&#8221; header_6_text_shadow_vertical_length_tablet=&#8221;0px&#8221; header_6_text_shadow_blur_strength_tablet=&#8221;1px&#8221; box_shadow_horizontal_tablet=&#8221;0px&#8221; box_shadow_vertical_tablet=&#8221;0px&#8221; box_shadow_blur_tablet=&#8221;40px&#8221; box_shadow_spread_tablet=&#8221;0px&#8221;]<\/p>\n<p>Coment\u00e1rio \u00e0 liturgia<\/p>\n<p>[\/et_pb_text][\/et_pb_column][et_pb_column type=&#8221;1_2&#8243; _builder_version=&#8221;3.0.47&#8243; custom_padding=&#8221;|||&#8221; custom_padding__hover=&#8221;|||&#8221;][\/et_pb_column][\/et_pb_row][\/et_pb_section][et_pb_section fb_built=&#8221;1&#8243; _builder_version=&#8221;3.22&#8243;][et_pb_row _builder_version=&#8221;3.25&#8243; background_size=&#8221;initial&#8221; background_position=&#8221;top_left&#8221; background_repeat=&#8221;repeat&#8221; column_structure=&#8221;1_2,1_2&#8243;][et_pb_column type=&#8221;1_2&#8243; _builder_version=&#8221;3.0.47&#8243; custom_padding=&#8221;|||&#8221; custom_padding__hover=&#8221;|||&#8221;][et_pb_text admin_label=&#8221;Tempo Comum&#8221; _builder_version=&#8221;4.3.4&#8243; vertical_offset_tablet=&#8221;0&#8243; horizontal_offset_tablet=&#8221;0&#8243; z_index_tablet=&#8221;0&#8243; text_text_shadow_horizontal_length_tablet=&#8221;0px&#8221; text_text_shadow_vertical_length_tablet=&#8221;0px&#8221; text_text_shadow_blur_strength_tablet=&#8221;1px&#8221; link_text_shadow_horizontal_length_tablet=&#8221;0px&#8221; link_text_shadow_vertical_length_tablet=&#8221;0px&#8221; link_text_shadow_blur_strength_tablet=&#8221;1px&#8221; ul_text_shadow_horizontal_length_tablet=&#8221;0px&#8221; ul_text_shadow_vertical_length_tablet=&#8221;0px&#8221; ul_text_shadow_blur_strength_tablet=&#8221;1px&#8221; ol_text_shadow_horizontal_length_tablet=&#8221;0px&#8221; ol_text_shadow_vertical_length_tablet=&#8221;0px&#8221; ol_text_shadow_blur_strength_tablet=&#8221;1px&#8221; quote_text_shadow_horizontal_length_tablet=&#8221;0px&#8221; quote_text_shadow_vertical_length_tablet=&#8221;0px&#8221; quote_text_shadow_blur_strength_tablet=&#8221;1px&#8221; header_text_shadow_horizontal_length_tablet=&#8221;0px&#8221; header_text_shadow_vertical_length_tablet=&#8221;0px&#8221; header_text_shadow_blur_strength_tablet=&#8221;1px&#8221; header_2_text_shadow_horizontal_length_tablet=&#8221;0px&#8221; header_2_text_shadow_vertical_length_tablet=&#8221;0px&#8221; header_2_text_shadow_blur_strength_tablet=&#8221;1px&#8221; header_3_text_shadow_horizontal_length_tablet=&#8221;0px&#8221; header_3_text_shadow_vertical_length_tablet=&#8221;0px&#8221; header_3_text_shadow_blur_strength_tablet=&#8221;1px&#8221; header_4_text_shadow_horizontal_length_tablet=&#8221;0px&#8221; header_4_text_shadow_vertical_length_tablet=&#8221;0px&#8221; header_4_text_shadow_blur_strength_tablet=&#8221;1px&#8221; header_5_text_shadow_horizontal_length_tablet=&#8221;0px&#8221; header_5_text_shadow_vertical_length_tablet=&#8221;0px&#8221; header_5_text_shadow_blur_strength_tablet=&#8221;1px&#8221; header_6_text_shadow_horizontal_length_tablet=&#8221;0px&#8221; header_6_text_shadow_vertical_length_tablet=&#8221;0px&#8221; header_6_text_shadow_blur_strength_tablet=&#8221;1px&#8221; box_shadow_horizontal_tablet=&#8221;0px&#8221; box_shadow_vertical_tablet=&#8221;0px&#8221; box_shadow_blur_tablet=&#8221;40px&#8221; box_shadow_spread_tablet=&#8221;0px&#8221;]<\/p>\n<h3>Tempo Comum<\/h3>\n<p><span><div class=\"pt-cv-wrapper et_smooth_scroll_disabled\"><div class=\"pt-cv-view pt-cv-collapsible\" id=\"pt-cv-view-46852b60j3\"><div data-id=\"pt-cv-page-1\" class=\"pt-cv-page\" data-cvc=\"1\"><div class=\"panel-group\" id=\"e374a89h24\"><div class=\"panel panel-default pt-cv-content-item pt-cv-1-col\" >\r\n<div class=\"panel-heading pt-cv-title\">\r\n    <a class=\"panel-title\" data-toggle=\"cvcollapse\" data-parent=\"#e374a89h24\" data-target=\"#31d37003o1\" href='http:\/\/sites.ecclesia.pt\/liturgia\/ano-b-02-o-domingo-do-tempo-comum-programa-ecclesia\/' onclick='event.preventDefault()'>\r\n\t\tAno B &#8211; 02.\u00ba Domingo do Tempo Comum &#8211; Programa Ecclesia\t<\/a>\r\n\t<\/div>\r\n<div id=\"31d37003o1\" class=\"panel-collapse collapse \">\r\n\t<div class=\"panel-body\">\r\n\t\t<div class=\"pt-cv-content\"><p><iframe loading=\"lazy\" title=\"Coment\u00e1rio \u00e0 liturgia do 2\u00ba domingo do Tempo Comum\" width=\"1080\" height=\"608\" src=\"https:\/\/www.youtube.com\/embed\/wthThBGs8VY?feature=oembed\"  allow=\"accelerometer; autoplay; clipboard-write; encrypted-media; gyroscope; picture-in-picture\" allowfullscreen><\/iframe><\/p>\n<p>Programa Ecclesia de dia 15 de janeiro de 2021<\/p>\n<\/div>\t<\/div>\r\n<\/div><\/div>\n<div class=\"panel panel-default pt-cv-content-item pt-cv-1-col\" >\r\n<div class=\"panel-heading pt-cv-title\">\r\n    <a class=\"panel-title\" data-toggle=\"cvcollapse\" data-parent=\"#e374a89h24\" data-target=\"#d8005e81xs\" href='http:\/\/sites.ecclesia.pt\/liturgia\/ano-b-03-o-domingo-do-tempo-comum-programa-ecclesia\/' onclick='event.preventDefault()'>\r\n\t\tAno B &#8211; 03.\u00ba Domingo do Tempo Comum &#8211; Programa Ecclesia\t<\/a>\r\n\t<\/div>\r\n<div id=\"d8005e81xs\" class=\"panel-collapse collapse \">\r\n\t<div class=\"panel-body\">\r\n\t\t<div class=\"pt-cv-content\"><p><iframe loading=\"lazy\" title=\"Coment\u00e1rio \u00e0 liturgia do 3\u00ba domingo do Tempo Comum\" width=\"1080\" height=\"608\" src=\"https:\/\/www.youtube.com\/embed\/4Mwd_swt6Fc?feature=oembed\"  allow=\"accelerometer; autoplay; clipboard-write; encrypted-media; gyroscope; picture-in-picture\" allowfullscreen><\/iframe><\/p>\n<p>Programa Ecclesia do dia 22 de janeiro de 2021<\/p>\n<\/div>\t<\/div>\r\n<\/div><\/div>\n<div class=\"panel panel-default pt-cv-content-item pt-cv-1-col\" >\r\n<div class=\"panel-heading pt-cv-title\">\r\n    <a class=\"panel-title\" data-toggle=\"cvcollapse\" data-parent=\"#e374a89h24\" data-target=\"#9a2e91aqwc\" href='http:\/\/sites.ecclesia.pt\/liturgia\/ano-b-03o-domingo-do-tempo-comum\/' onclick='event.preventDefault()'>\r\n\t\tAno B &#8211; 03.\u00ba Domingo do Tempo Comum &#8211; Programa Ecclesia\t<\/a>\r\n\t<\/div>\r\n<div id=\"9a2e91aqwc\" class=\"panel-collapse collapse \">\r\n\t<div class=\"panel-body\">\r\n\t\t<div class=\"pt-cv-content\"><p><iframe loading=\"lazy\" title=\"Entrevista. Coment\u00e1rio \u00e0 liturgia do domingo com padre Manuel Matos e padre N\u00e9lio Pita\" width=\"1080\" height=\"608\" src=\"https:\/\/www.youtube.com\/embed\/divn2t7OHyE?feature=oembed\"  allow=\"accelerometer; autoplay; clipboard-write; encrypted-media; gyroscope; picture-in-picture\" allowfullscreen><\/iframe><\/p>\n<p>Programa Ecclesia do dia 19 de janeiro 2018<\/p>\n<p>&nbsp;<\/p>\n<\/div>\t<\/div>\r\n<\/div><\/div>\n<div class=\"panel panel-default pt-cv-content-item pt-cv-1-col\" >\r\n<div class=\"panel-heading pt-cv-title\">\r\n    <a class=\"panel-title\" data-toggle=\"cvcollapse\" data-parent=\"#e374a89h24\" data-target=\"#52986da0s1\" href='http:\/\/sites.ecclesia.pt\/liturgia\/ano-b-04-o-domingo-do-tempo-comum-programa-ecclesia\/' onclick='event.preventDefault()'>\r\n\t\tAno B &#8211; 04.\u00ba Domingo do Tempo Comum &#8211; Programa Ecclesia\t<\/a>\r\n\t<\/div>\r\n<div id=\"52986da0s1\" class=\"panel-collapse collapse \">\r\n\t<div class=\"panel-body\">\r\n\t\t<div class=\"pt-cv-content\"><p><iframe loading=\"lazy\" title=\"Programa Ecclesia do dia 26 de janeiro de 2018\" width=\"1080\" height=\"608\" src=\"https:\/\/www.youtube.com\/embed\/JRGGcuhKoNM?feature=oembed\"  allow=\"accelerometer; autoplay; clipboard-write; encrypted-media; gyroscope; picture-in-picture\" allowfullscreen><\/iframe><\/p>\n<p>Programa Ecclesia do dia 26 de janeiro de 2018<\/p>\n<p>&nbsp;<\/p>\n<\/div>\t<\/div>\r\n<\/div><\/div>\n<div class=\"panel panel-default pt-cv-content-item pt-cv-1-col\" >\r\n<div class=\"panel-heading pt-cv-title\">\r\n    <a class=\"panel-title\" data-toggle=\"cvcollapse\" data-parent=\"#e374a89h24\" data-target=\"#65ce5cdim7\" href='http:\/\/sites.ecclesia.pt\/liturgia\/ano-b-04-o-domingo-do-tempo-comum-programa-ecclesia-2\/' onclick='event.preventDefault()'>\r\n\t\tAno B &#8211; 04.\u00ba Domingo do Tempo Comum &#8211; Programa Ecclesia\t<\/a>\r\n\t<\/div>\r\n<div id=\"65ce5cdim7\" class=\"panel-collapse collapse \">\r\n\t<div class=\"panel-body\">\r\n\t\t<div class=\"pt-cv-content\"><p><iframe loading=\"lazy\" title=\"Coment\u00e1rio \u00e0 liturgia do 4\u00ba domingo do Tempo Comum - Ano B\" width=\"1080\" height=\"608\" src=\"https:\/\/www.youtube.com\/embed\/dCvNkUaNZU8?feature=oembed\"  allow=\"accelerometer; autoplay; clipboard-write; encrypted-media; gyroscope; picture-in-picture\" allowfullscreen><\/iframe><\/p>\n<p>Programa ECCLESIA de dia 29 de janeiro de 2021<\/p>\n<\/div>\t<\/div>\r\n<\/div><\/div>\n<div class=\"panel panel-default pt-cv-content-item pt-cv-1-col\" >\r\n<div class=\"panel-heading pt-cv-title\">\r\n    <a class=\"panel-title\" data-toggle=\"cvcollapse\" data-parent=\"#e374a89h24\" data-target=\"#79888fdckx\" href='http:\/\/sites.ecclesia.pt\/liturgia\/ano-b-5-o-domingo-do-tempo-comum-programa-ecclesia\/' onclick='event.preventDefault()'>\r\n\t\tAno B &#8211; 05.\u00ba Domingo do tempo Comum &#8211; Programa Ecclesia\t<\/a>\r\n\t<\/div>\r\n<div id=\"79888fdckx\" class=\"panel-collapse collapse \">\r\n\t<div class=\"panel-body\">\r\n\t\t<div class=\"pt-cv-content\"><p><iframe loading=\"lazy\" title=\"Coment\u00e1rio \u00e0 liturgia do 5.\u00ba Domingo do Tempo Comum - Ano B.\" width=\"1080\" height=\"608\" src=\"https:\/\/www.youtube.com\/embed\/mNYg4MLWsy8?feature=oembed\"  allow=\"accelerometer; autoplay; clipboard-write; encrypted-media; gyroscope; picture-in-picture\" allowfullscreen><\/iframe><\/p>\n<p>Programa Ecclesia do dia 5 de fevereiro de 2021<\/p>\n<\/div>\t<\/div>\r\n<\/div><\/div>\n<div class=\"panel panel-default pt-cv-content-item pt-cv-1-col\" >\r\n<div class=\"panel-heading pt-cv-title\">\r\n    <a class=\"panel-title\" data-toggle=\"cvcollapse\" data-parent=\"#e374a89h24\" data-target=\"#e53c342wn2\" href='http:\/\/sites.ecclesia.pt\/liturgia\/ano-b-05-o-domingo-do-tempo-comum-programa-ecclesia-2\/' onclick='event.preventDefault()'>\r\n\t\tAno B &#8211; 05.\u00ba Domingo do Tempo Comum &#8211; Programa Ecclesia\t<\/a>\r\n\t<\/div>\r\n<div id=\"e53c342wn2\" class=\"panel-collapse collapse \">\r\n\t<div class=\"panel-body\">\r\n\t\t<div class=\"pt-cv-content\"><p><iframe loading=\"lazy\" title=\"Entrevista. Coment\u00e1rio \u00e0 liturgia do domingo com os padres Jos\u00e9 Vieira e Jo\u00e3o Louren\u00e7o\" width=\"1080\" height=\"608\" src=\"https:\/\/www.youtube.com\/embed\/GHFhXtOUGJM?feature=oembed\"  allow=\"accelerometer; autoplay; clipboard-write; encrypted-media; gyroscope; picture-in-picture\" allowfullscreen><\/iframe><\/p>\n<p>Programa Ecclesia dia 2 de fevereiro 2018<\/p>\n<\/div>\t<\/div>\r\n<\/div><\/div>\n<div class=\"panel panel-default pt-cv-content-item pt-cv-1-col\" >\r\n<div class=\"panel-heading pt-cv-title\">\r\n    <a class=\"panel-title\" data-toggle=\"cvcollapse\" data-parent=\"#e374a89h24\" data-target=\"#355ba78p2d\" href='http:\/\/sites.ecclesia.pt\/liturgia\/ano-b-06o-domingo-do-tempo-comum\/' onclick='event.preventDefault()'>\r\n\t\tAno B &#8211; 06.\u00ba Domingo do Tempo Comum &#8211; Programa Ecclesia\t<\/a>\r\n\t<\/div>\r\n<div id=\"355ba78p2d\" class=\"panel-collapse collapse \">\r\n\t<div class=\"panel-body\">\r\n\t\t<div class=\"pt-cv-content\"><p><iframe loading=\"lazy\" title=\"Entrevista. Coment\u00e1rio \u00e0 liturgia do domingo com os padres Jorge Santos e Jo\u00e3o Louren\u00e7o\" width=\"1080\" height=\"608\" src=\"https:\/\/www.youtube.com\/embed\/eFhOVgWTbDc?feature=oembed\"  allow=\"accelerometer; autoplay; clipboard-write; encrypted-media; gyroscope; picture-in-picture\" allowfullscreen><\/iframe><\/p>\n<p>Programa Ecclesia do dia\u00a0 09 de fevereiro de 2018<\/p>\n<\/div>\t<\/div>\r\n<\/div><\/div>\n<div class=\"panel panel-default pt-cv-content-item pt-cv-1-col\" >\r\n<div class=\"panel-heading pt-cv-title\">\r\n    <a class=\"panel-title\" data-toggle=\"cvcollapse\" data-parent=\"#e374a89h24\" data-target=\"#da7efdcmsz\" href='http:\/\/sites.ecclesia.pt\/liturgia\/ano-b-06-o-domingo-do-tempo-comum-programa-ecclesia\/' onclick='event.preventDefault()'>\r\n\t\tAno B &#8211; 06.\u00ba Domingo do Tempo Comum. Programa Ecclesia\t<\/a>\r\n\t<\/div>\r\n<div id=\"da7efdcmsz\" class=\"panel-collapse collapse \">\r\n\t<div class=\"panel-body\">\r\n\t\t<div class=\"pt-cv-content\"><p><iframe loading=\"lazy\" title=\"Coment\u00e1rio \u00e0 liturgia do 6.\u00ba domingo do Tempo Comum - Ano B\" width=\"1080\" height=\"608\" src=\"https:\/\/www.youtube.com\/embed\/4BK4TxmA4b4?feature=oembed\"  allow=\"accelerometer; autoplay; clipboard-write; encrypted-media; gyroscope; picture-in-picture\" allowfullscreen><\/iframe><\/p>\n<p>Programa Ecclesia de dia 12 de fevereiro de 2021<\/p>\n<\/div>\t<\/div>\r\n<\/div><\/div>\n<div class=\"panel panel-default pt-cv-content-item pt-cv-1-col\" >\r\n<div class=\"panel-heading pt-cv-title\">\r\n    <a class=\"panel-title\" data-toggle=\"cvcollapse\" data-parent=\"#e374a89h24\" data-target=\"#a6cfaaaenx\" href='http:\/\/sites.ecclesia.pt\/liturgia\/ano-b-9-o-domingo-do-tempo-comum-programa-ecclesia\/' onclick='event.preventDefault()'>\r\n\t\tAno B &#8211; 09.\u00ba Domingo do tempo comum &#8211; Programa Ecclesia\t<\/a>\r\n\t<\/div>\r\n<div id=\"a6cfaaaenx\" class=\"panel-collapse collapse \">\r\n\t<div class=\"panel-body\">\r\n\t\t<div class=\"pt-cv-content\"><p><iframe loading=\"lazy\" title=\"Entrevista. Coment\u00e1rio \u00e0 liturgia do domingo com o padre Jo\u00e3o Louren\u00e7o e o advogado Ribeiro e Castro\" width=\"1080\" height=\"608\" src=\"https:\/\/www.youtube.com\/embed\/WuMLY3IzVLo?feature=oembed\"  allow=\"accelerometer; autoplay; clipboard-write; encrypted-media; gyroscope; picture-in-picture\" allowfullscreen><\/iframe><\/p>\n<p>Programa Ecclesia do dia 31 de maio de 2018<\/p>\n<\/div>\t<\/div>\r\n<\/div><\/div>\n<div class=\"panel panel-default pt-cv-content-item pt-cv-1-col\" >\r\n<div class=\"panel-heading pt-cv-title\">\r\n    <a class=\"panel-title\" data-toggle=\"cvcollapse\" data-parent=\"#e374a89h24\" data-target=\"#cc81c523vb\" href='http:\/\/sites.ecclesia.pt\/liturgia\/ano-b-10-o-domingo-do-tempo-comum-programa-ecclesia\/' onclick='event.preventDefault()'>\r\n\t\tAno B &#8211; 10.\u00ba Domingo do Tempo Comum &#8211; Programa Ecclesia\t<\/a>\r\n\t<\/div>\r\n<div id=\"cc81c523vb\" class=\"panel-collapse collapse \">\r\n\t<div class=\"panel-body\">\r\n\t\t<div class=\"pt-cv-content\"><p><iframe loading=\"lazy\" title=\"Coment\u00e1rio \u00e0 liturgia do 10.\u00ba Domingo do Tempo Comum - Ano B\" width=\"1080\" height=\"608\" src=\"https:\/\/www.youtube.com\/embed\/s_xGrR81BiU?feature=oembed\"  allow=\"accelerometer; autoplay; clipboard-write; encrypted-media; gyroscope; picture-in-picture\" allowfullscreen><\/iframe><\/p>\n<p>Programa Ecclesia de 4 de junho de 2021<\/p>\n<\/div>\t<\/div>\r\n<\/div><\/div>\n<div class=\"panel panel-default pt-cv-content-item pt-cv-1-col\" >\r\n<div class=\"panel-heading pt-cv-title\">\r\n    <a class=\"panel-title\" data-toggle=\"cvcollapse\" data-parent=\"#e374a89h24\" data-target=\"#bc9c1a0ozj\" href='http:\/\/sites.ecclesia.pt\/liturgia\/ano-b-10o-domingo-do-tempo-comum\/' onclick='event.preventDefault()'>\r\n\t\tAno B &#8211; 10.\u00ba Domingo do Tempo Comum &#8211; Programa Ecclesia\t<\/a>\r\n\t<\/div>\r\n<div id=\"bc9c1a0ozj\" class=\"panel-collapse collapse \">\r\n\t<div class=\"panel-body\">\r\n\t\t<div class=\"pt-cv-content\"><p><iframe loading=\"lazy\" title=\"Entrevista. Coment\u00e1rio \u00e0 liturgia do domingo com os padres Jo\u00e3o Louren\u00e7o e Jos\u00e9 Agostinho\" width=\"1080\" height=\"608\" src=\"https:\/\/www.youtube.com\/embed\/u9yD1kz1G50?feature=oembed\"  allow=\"accelerometer; autoplay; clipboard-write; encrypted-media; gyroscope; picture-in-picture\" allowfullscreen><\/iframe><\/p>\n<p>Programa Ecclesia do dia 08 de junho de 2018<\/p>\n<\/div>\t<\/div>\r\n<\/div><\/div>\n<div class=\"panel panel-default pt-cv-content-item pt-cv-1-col\" >\r\n<div class=\"panel-heading pt-cv-title\">\r\n    <a class=\"panel-title\" data-toggle=\"cvcollapse\" data-parent=\"#e374a89h24\" data-target=\"#4bbcb6a91y\" href='http:\/\/sites.ecclesia.pt\/liturgia\/ano-b-11-o-domingo-do-tempo-comum-programa-ecclesia\/' onclick='event.preventDefault()'>\r\n\t\tAno B &#8211; 11.\u00ba Domingo do tempo Comum &#8211; Programa Ecclesia\t<\/a>\r\n\t<\/div>\r\n<div id=\"4bbcb6a91y\" class=\"panel-collapse collapse \">\r\n\t<div class=\"panel-body\">\r\n\t\t<div class=\"pt-cv-content\"><p><iframe loading=\"lazy\" title=\"Coment\u00e1rio \u00e0 liturgia do 11.\u00ba Domingo do tempo Comum - Ano B\" width=\"1080\" height=\"608\" src=\"https:\/\/www.youtube.com\/embed\/807NWbGVFOY?feature=oembed\"  allow=\"accelerometer; autoplay; clipboard-write; encrypted-media; gyroscope; picture-in-picture\" allowfullscreen><\/iframe><\/p>\n<p>Programa Ecclesia de dia 11 de junho de 2021<\/p>\n<\/div>\t<\/div>\r\n<\/div><\/div>\n<div class=\"panel panel-default pt-cv-content-item pt-cv-1-col\" >\r\n<div class=\"panel-heading pt-cv-title\">\r\n    <a class=\"panel-title\" data-toggle=\"cvcollapse\" data-parent=\"#e374a89h24\" data-target=\"#014d48azg2\" href='http:\/\/sites.ecclesia.pt\/liturgia\/ano-b-11o-domingo-do-tempo-comum\/' onclick='event.preventDefault()'>\r\n\t\tAno B &#8211; 11.\u00ba Domingo do Tempo Comum &#8211; Programa Ecclesia\t<\/a>\r\n\t<\/div>\r\n<div id=\"014d48azg2\" class=\"panel-collapse collapse \">\r\n\t<div class=\"panel-body\">\r\n\t\t<div class=\"pt-cv-content\"><p><iframe loading=\"lazy\" title=\"Coment\u00e1rio \u00e0 liturgia do 11\u00ba domingo do Tempo Comum com a irm\u00e3 Paula Jord\u00e3o e Juan Ambrosio\" width=\"1080\" height=\"608\" src=\"https:\/\/www.youtube.com\/embed\/Po9q5fvvpcY?feature=oembed\"  allow=\"accelerometer; autoplay; clipboard-write; encrypted-media; gyroscope; picture-in-picture\" allowfullscreen><\/iframe><\/p>\n<p>Programa Ecclesia do dia 15 de junho de 2018<\/p>\n<\/div>\t<\/div>\r\n<\/div><\/div>\n<div class=\"panel panel-default pt-cv-content-item pt-cv-1-col\" >\r\n<div class=\"panel-heading pt-cv-title\">\r\n    <a class=\"panel-title\" data-toggle=\"cvcollapse\" data-parent=\"#e374a89h24\" data-target=\"#6fdc5cd7de\" href='http:\/\/sites.ecclesia.pt\/liturgia\/ano-b-12-o-domingo-do-tempo-comum-programa-ecclesia\/' onclick='event.preventDefault()'>\r\n\t\tAno B &#8211; 12.\u00ba Domingo do Tempo Comum \u2013 Programa Ecclesia\t<\/a>\r\n\t<\/div>\r\n<div id=\"6fdc5cd7de\" class=\"panel-collapse collapse \">\r\n\t<div class=\"panel-body\">\r\n\t\t<div class=\"pt-cv-content\"><p><iframe loading=\"lazy\" title=\"Coment\u00e1rio \u00e0 liturgia do 12.\u00ba Domingo do Tempo Comum - Ano B\" width=\"1080\" height=\"608\" src=\"https:\/\/www.youtube.com\/embed\/CI-3fbsiCV0?feature=oembed\"  allow=\"accelerometer; autoplay; clipboard-write; encrypted-media; gyroscope; picture-in-picture\" allowfullscreen><\/iframe><\/p>\n<p>Programa Ecclesia de dia 18 de junho de 2021<\/p>\n<\/div>\t<\/div>\r\n<\/div><\/div>\n<div class=\"panel panel-default pt-cv-content-item pt-cv-1-col\" >\r\n<div class=\"panel-heading pt-cv-title\">\r\n    <a class=\"panel-title\" data-toggle=\"cvcollapse\" data-parent=\"#e374a89h24\" data-target=\"#d598417wsh\" href='http:\/\/sites.ecclesia.pt\/liturgia\/ano-b-13o-domingo-do-tempo-comum\/' onclick='event.preventDefault()'>\r\n\t\tAno B &#8211; 13.\u00ba Domingo do Tempo Comum &#8211; Programa Ecclesia\t<\/a>\r\n\t<\/div>\r\n<div id=\"d598417wsh\" class=\"panel-collapse collapse \">\r\n\t<div class=\"panel-body\">\r\n\t\t<div class=\"pt-cv-content\"><p><iframe loading=\"lazy\" title=\"Coment\u00e1rio \u00e0 liturgia do 13\u00ba domingo do Tempo Comum pelos di\u00e1conos Jo\u00e3o Quintas e Tiago Esteves\" width=\"1080\" height=\"608\" src=\"https:\/\/www.youtube.com\/embed\/duQS2Xy3CD8?feature=oembed\"  allow=\"accelerometer; autoplay; clipboard-write; encrypted-media; gyroscope; picture-in-picture\" allowfullscreen><\/iframe><\/p>\n<p>Programa Ecclesia do dia 29 de junho de 2018<\/p>\n<\/div>\t<\/div>\r\n<\/div><\/div>\n<div class=\"panel panel-default pt-cv-content-item pt-cv-1-col\" >\r\n<div class=\"panel-heading pt-cv-title\">\r\n    <a class=\"panel-title\" data-toggle=\"cvcollapse\" data-parent=\"#e374a89h24\" data-target=\"#3e1e87fz48\" href='http:\/\/sites.ecclesia.pt\/liturgia\/ano-b-13-o-domingo-do-tempo-comum-programa-ecclesia\/' onclick='event.preventDefault()'>\r\n\t\tAno B &#8211; 13.\u00ba Domingo do Tempo Comum \u2013 Programa Ecclesia\t<\/a>\r\n\t<\/div>\r\n<div id=\"3e1e87fz48\" class=\"panel-collapse collapse \">\r\n\t<div class=\"panel-body\">\r\n\t\t<div class=\"pt-cv-content\"><p><iframe loading=\"lazy\" title=\"Coment\u00e1rio \u00e0 liturgia do 13.\u00ba Domingo do Tempo Comum - Ano B\" width=\"1080\" height=\"608\" src=\"https:\/\/www.youtube.com\/embed\/UtckdoDrw14?feature=oembed\"  allow=\"accelerometer; autoplay; clipboard-write; encrypted-media; gyroscope; picture-in-picture\" allowfullscreen><\/iframe><\/p>\n<p>Programa Ecclesia de dia 25 de junho de 2021<\/p>\n<\/div>\t<\/div>\r\n<\/div><\/div>\n<div class=\"panel panel-default pt-cv-content-item pt-cv-1-col\" >\r\n<div class=\"panel-heading pt-cv-title\">\r\n    <a class=\"panel-title\" data-toggle=\"cvcollapse\" data-parent=\"#e374a89h24\" data-target=\"#6bbf77et3i\" href='http:\/\/sites.ecclesia.pt\/liturgia\/ano-b-14-o-domingo-do-tempo-comum-programa-ecclesia\/' onclick='event.preventDefault()'>\r\n\t\tAno B &#8211; 14.\u00ba Domingo do Tempo Comum &#8211; Programa Ecclesia\t<\/a>\r\n\t<\/div>\r\n<div id=\"6bbf77et3i\" class=\"panel-collapse collapse \">\r\n\t<div class=\"panel-body\">\r\n\t\t<div class=\"pt-cv-content\"><p><iframe loading=\"lazy\" title=\"Coment\u00e1rio \u00e0 liturgia do 14\u00ba Domingo do Tempo Comum - Ano B\" width=\"1080\" height=\"608\" src=\"https:\/\/www.youtube.com\/embed\/-W-3mdiDngc?feature=oembed\"  allow=\"accelerometer; autoplay; clipboard-write; encrypted-media; gyroscope; picture-in-picture\" allowfullscreen><\/iframe><\/p>\n<p>Programa Ecclesia de 2 de julho de 2021<\/p>\n<\/div>\t<\/div>\r\n<\/div><\/div>\n<div class=\"panel panel-default pt-cv-content-item pt-cv-1-col\" >\r\n<div class=\"panel-heading pt-cv-title\">\r\n    <a class=\"panel-title\" data-toggle=\"cvcollapse\" data-parent=\"#e374a89h24\" data-target=\"#5b698436ne\" href='http:\/\/sites.ecclesia.pt\/liturgia\/ano-b-14o-domingo-do-tempo-comum\/' onclick='event.preventDefault()'>\r\n\t\tAno B &#8211; 14.\u00ba Domingo do Tempo Comum &#8211; Programa Ecclesia\t<\/a>\r\n\t<\/div>\r\n<div id=\"5b698436ne\" class=\"panel-collapse collapse \">\r\n\t<div class=\"panel-body\">\r\n\t\t<div class=\"pt-cv-content\"><p><iframe loading=\"lazy\" title=\"Coment\u00e1rio \u00e0 liturgia do 14\u00ba domingo do Tempo Comum pelos padres Andr\u00e9 Azevedo e Armindo Vaz\" width=\"1080\" height=\"608\" src=\"https:\/\/www.youtube.com\/embed\/j2cIDPzJ92Q?feature=oembed\"  allow=\"accelerometer; autoplay; clipboard-write; encrypted-media; gyroscope; picture-in-picture\" allowfullscreen><\/iframe><\/p>\n<p>Programa Ecclesia do dia 06 de julho de 2018<\/p>\n<\/div>\t<\/div>\r\n<\/div><\/div>\n<div class=\"panel panel-default pt-cv-content-item pt-cv-1-col\" >\r\n<div class=\"panel-heading pt-cv-title\">\r\n    <a class=\"panel-title\" data-toggle=\"cvcollapse\" data-parent=\"#e374a89h24\" data-target=\"#60752a4re3\" href='http:\/\/sites.ecclesia.pt\/liturgia\/ano-b-15-o-domingo-do-tempo-comum-programa-ecclesia\/' onclick='event.preventDefault()'>\r\n\t\tAno B &#8211; 15.\u00ba Domingo do Tempo Comum &#8211; Programa Ecclesia\t<\/a>\r\n\t<\/div>\r\n<div id=\"60752a4re3\" class=\"panel-collapse collapse \">\r\n\t<div class=\"panel-body\">\r\n\t\t<div class=\"pt-cv-content\"><p><iframe loading=\"lazy\" title=\"Coment\u00e1rio \u00e0 liturgia do 15\u00ba Domingo do Tempo Comum - Ano B\" width=\"1080\" height=\"608\" src=\"https:\/\/www.youtube.com\/embed\/1iG1lIpwLs8?feature=oembed\"  allow=\"accelerometer; autoplay; clipboard-write; encrypted-media; gyroscope; picture-in-picture\" allowfullscreen><\/iframe><\/p>\n<p>Programa Ecclesia de dia 9 de julho de 2021<\/p>\n<\/div>\t<\/div>\r\n<\/div><\/div>\n<div class=\"panel panel-default pt-cv-content-item pt-cv-1-col\" >\r\n<div class=\"panel-heading pt-cv-title\">\r\n    <a class=\"panel-title\" data-toggle=\"cvcollapse\" data-parent=\"#e374a89h24\" data-target=\"#9bc4d5bkmy\" href='http:\/\/sites.ecclesia.pt\/liturgia\/ano-b-15o-domingo-do-tempo-comum-2\/' onclick='event.preventDefault()'>\r\n\t\tAno B &#8211; 15.\u00ba Domingo do Tempo Comum &#8211; Programa Ecclesia\t<\/a>\r\n\t<\/div>\r\n<div id=\"9bc4d5bkmy\" class=\"panel-collapse collapse \">\r\n\t<div class=\"panel-body\">\r\n\t\t<div class=\"pt-cv-content\"><p><iframe loading=\"lazy\" title=\"Coment\u00e1rio \u00e0 liturgia do 15\u00ba domingo do Tempo Comum pelos padres Andr\u00e9 Azevedo e Armindo Vaz\" width=\"1080\" height=\"608\" src=\"https:\/\/www.youtube.com\/embed\/L1B60GuCZV8?feature=oembed\"  allow=\"accelerometer; autoplay; clipboard-write; encrypted-media; gyroscope; picture-in-picture\" allowfullscreen><\/iframe><\/p>\n<p>Programa Ecclesia do dia 13 de julho de 2018<\/p>\n<p>&nbsp;<\/p>\n<\/div>\t<\/div>\r\n<\/div><\/div>\n<div class=\"panel panel-default pt-cv-content-item pt-cv-1-col\" >\r\n<div class=\"panel-heading pt-cv-title\">\r\n    <a class=\"panel-title\" data-toggle=\"cvcollapse\" data-parent=\"#e374a89h24\" data-target=\"#d573ce5loi\" href='http:\/\/sites.ecclesia.pt\/liturgia\/ano-b-16o-domingo-do-tempo-comum\/' onclick='event.preventDefault()'>\r\n\t\tAno B &#8211; 16.\u00ba Domingo do Tempo Comum &#8211; Programa Ecclesia\t<\/a>\r\n\t<\/div>\r\n<div id=\"d573ce5loi\" class=\"panel-collapse collapse \">\r\n\t<div class=\"panel-body\">\r\n\t\t<div class=\"pt-cv-content\"><p><iframe loading=\"lazy\" title=\"Coment\u00e1rio \u00e0 liturgia do 16\u00ba domingo do Tempo Comum pelos padres Jo\u00e3o Louren\u00e7o e N\u00e9lio Pita\" width=\"1080\" height=\"608\" src=\"https:\/\/www.youtube.com\/embed\/RRYz4iMtxcQ?feature=oembed\"  allow=\"accelerometer; autoplay; clipboard-write; encrypted-media; gyroscope; picture-in-picture\" allowfullscreen><\/iframe><\/p>\n<p>Programa Ecclesia do dia 20 de julho de 2018<\/p>\n<\/div>\t<\/div>\r\n<\/div><\/div>\n<div class=\"panel panel-default pt-cv-content-item pt-cv-1-col\" >\r\n<div class=\"panel-heading pt-cv-title\">\r\n    <a class=\"panel-title\" data-toggle=\"cvcollapse\" data-parent=\"#e374a89h24\" data-target=\"#9d7fd3a305\" href='http:\/\/sites.ecclesia.pt\/liturgia\/ano-b-16-o-domingo-do-tempo-comum-programa-ecclesia\/' onclick='event.preventDefault()'>\r\n\t\tAno B &#8211; 16.\u00ba Domingo do Tempo Comum &#8211; Programa Ecclesia\t<\/a>\r\n\t<\/div>\r\n<div id=\"9d7fd3a305\" class=\"panel-collapse collapse \">\r\n\t<div class=\"panel-body\">\r\n\t\t<div class=\"pt-cv-content\"><p><iframe loading=\"lazy\" title=\"Coment\u00e1rio \u00e0 liturgia do 16\u00ba Domingo do Tempo Comum - Ano B\" width=\"1080\" height=\"608\" src=\"https:\/\/www.youtube.com\/embed\/Kt9d3miqyfo?feature=oembed\"  allow=\"accelerometer; autoplay; clipboard-write; encrypted-media; gyroscope; picture-in-picture\" allowfullscreen><\/iframe><\/p>\n<p>Programa Ecclesia de 16 de julho de 2021<\/p>\n<\/div>\t<\/div>\r\n<\/div><\/div>\n<div class=\"panel panel-default pt-cv-content-item pt-cv-1-col\" >\r\n<div class=\"panel-heading pt-cv-title\">\r\n    <a class=\"panel-title\" data-toggle=\"cvcollapse\" data-parent=\"#e374a89h24\" data-target=\"#0d8d0c78a3\" href='http:\/\/sites.ecclesia.pt\/liturgia\/ano-b-17o-domingo-do-tempo-comum\/' onclick='event.preventDefault()'>\r\n\t\tAno B &#8211; 17.\u00ba Domingo do Tempo Comum &#8211; Programa Ecclesia\t<\/a>\r\n\t<\/div>\r\n<div id=\"0d8d0c78a3\" class=\"panel-collapse collapse \">\r\n\t<div class=\"panel-body\">\r\n\t\t<div class=\"pt-cv-content\"><p><iframe loading=\"lazy\" title=\"Coment\u00e1rio \u00e0 liturgia do 17\u00ba domingo do Tempo Comum pelos padres Jo\u00e3o Louren\u00e7o e N\u00e9lio Pita\" width=\"1080\" height=\"608\" src=\"https:\/\/www.youtube.com\/embed\/Z5s4DZGZ2N4?feature=oembed\"  allow=\"accelerometer; autoplay; clipboard-write; encrypted-media; gyroscope; picture-in-picture\" allowfullscreen><\/iframe><\/p>\n<p>Programa Ecclesia do dia 27 de julho de 2018<\/p>\n<\/div>\t<\/div>\r\n<\/div><\/div>\n<div class=\"panel panel-default pt-cv-content-item pt-cv-1-col\" >\r\n<div class=\"panel-heading pt-cv-title\">\r\n    <a class=\"panel-title\" data-toggle=\"cvcollapse\" data-parent=\"#e374a89h24\" data-target=\"#2e0a654jew\" href='http:\/\/sites.ecclesia.pt\/liturgia\/ano-b-17-o-domingo-do-tempo-comum-programa-ecclesia\/' onclick='event.preventDefault()'>\r\n\t\tAno B &#8211; 17.\u00ba Domingo do Tempo Comum &#8211; Programa Ecclesia\t<\/a>\r\n\t<\/div>\r\n<div id=\"2e0a654jew\" class=\"panel-collapse collapse \">\r\n\t<div class=\"panel-body\">\r\n\t\t<div class=\"pt-cv-content\"><p><iframe loading=\"lazy\" title=\"Coment\u00e1rio \u00e0 liturgia do 17\u00ba Domingo do Tempo Comum - Ano B\" width=\"1080\" height=\"608\" src=\"https:\/\/www.youtube.com\/embed\/JrVOkLDNBAY?feature=oembed\"  allow=\"accelerometer; autoplay; clipboard-write; encrypted-media; gyroscope; picture-in-picture\" allowfullscreen><\/iframe><\/p>\n<p>Programa Ecclesia do dia 23 de julho de 2021<\/p>\n<\/div>\t<\/div>\r\n<\/div><\/div>\n<div class=\"panel panel-default pt-cv-content-item pt-cv-1-col\" >\r\n<div class=\"panel-heading pt-cv-title\">\r\n    <a class=\"panel-title\" data-toggle=\"cvcollapse\" data-parent=\"#e374a89h24\" data-target=\"#1cd6552i5x\" href='http:\/\/sites.ecclesia.pt\/liturgia\/ano-b-18o-domingo-do-tempo-comum\/' onclick='event.preventDefault()'>\r\n\t\tAno B &#8211; 18.\u00ba Domingo do Tempo Comum &#8211; Programa Ecclesia\t<\/a>\r\n\t<\/div>\r\n<div id=\"1cd6552i5x\" class=\"panel-collapse collapse \">\r\n\t<div class=\"panel-body\">\r\n\t\t<div class=\"pt-cv-content\"><p><iframe loading=\"lazy\" title=\"Site - Ponto SJ e coment\u00e1rio \u00e0s Leituras do XVIII Domingo do tempo comum\" width=\"1080\" height=\"608\" src=\"https:\/\/www.youtube.com\/embed\/WZIkwvXZ4nc?feature=oembed\"  allow=\"accelerometer; autoplay; clipboard-write; encrypted-media; gyroscope; picture-in-picture\" allowfullscreen><\/iframe><\/p>\n<p>Programa Ecclesia emiss\u00e3o de 3 de Agosto de 2018<\/p>\n<\/div>\t<\/div>\r\n<\/div><\/div>\n<div class=\"panel panel-default pt-cv-content-item pt-cv-1-col\" >\r\n<div class=\"panel-heading pt-cv-title\">\r\n    <a class=\"panel-title\" data-toggle=\"cvcollapse\" data-parent=\"#e374a89h24\" data-target=\"#3ad8009q8m\" href='http:\/\/sites.ecclesia.pt\/liturgia\/ano-b-19o-domingo-do-tempo-comum\/' onclick='event.preventDefault()'>\r\n\t\tAno B &#8211; 19.\u00ba Domingo do Tempo Comum &#8211; Programa Ecclesia\t<\/a>\r\n\t<\/div>\r\n<div id=\"3ad8009q8m\" class=\"panel-collapse collapse \">\r\n\t<div class=\"panel-body\">\r\n\t\t<div class=\"pt-cv-content\"><p><iframe loading=\"lazy\" title=\"Semana das Migra\u00e7\u00f5es e liturgia de domingo\" width=\"1080\" height=\"608\" src=\"https:\/\/www.youtube.com\/embed\/c3vmBkIFxQw?feature=oembed\"  allow=\"accelerometer; autoplay; clipboard-write; encrypted-media; gyroscope; picture-in-picture\" allowfullscreen><\/iframe><\/p>\n<p>Programa Ecclesia emiss\u00e3o de 10 de Agosto de 2018<\/p>\n<\/div>\t<\/div>\r\n<\/div><\/div>\n<div class=\"panel panel-default pt-cv-content-item pt-cv-1-col\" >\r\n<div class=\"panel-heading pt-cv-title\">\r\n    <a class=\"panel-title\" data-toggle=\"cvcollapse\" data-parent=\"#e374a89h24\" data-target=\"#5666997t18\" href='http:\/\/sites.ecclesia.pt\/liturgia\/ano-b-20o-domingo-do-tempo-comum\/' onclick='event.preventDefault()'>\r\n\t\tAno B &#8211; 20\u00ba Domingo do Tempo Comum &#8211; Programa Ecclesia\t<\/a>\r\n\t<\/div>\r\n<div id=\"5666997t18\" class=\"panel-collapse collapse \">\r\n\t<div class=\"panel-body\">\r\n\t\t<div class=\"pt-cv-content\"><p><iframe loading=\"lazy\" title=\"Biblia Manuscrita e lit\u00fargia de domingo\" width=\"1080\" height=\"608\" src=\"https:\/\/www.youtube.com\/embed\/65aYC0Ya0Ks?feature=oembed\"  allow=\"accelerometer; autoplay; clipboard-write; encrypted-media; gyroscope; picture-in-picture\" allowfullscreen><\/iframe><\/p>\n<p>Ecclesia emiss\u00e3o de 17 de Agosto de 2018<\/p>\n<\/div>\t<\/div>\r\n<\/div><\/div>\n<div class=\"panel panel-default pt-cv-content-item pt-cv-1-col\" >\r\n<div class=\"panel-heading pt-cv-title\">\r\n    <a class=\"panel-title\" data-toggle=\"cvcollapse\" data-parent=\"#e374a89h24\" data-target=\"#b61eac9g20\" href='http:\/\/sites.ecclesia.pt\/liturgia\/ano-b-23o-domingo-do-tempo-comum\/' onclick='event.preventDefault()'>\r\n\t\tAno B &#8211; 23.\u00ba Domingo do Tempo Comum &#8211; Programa Ecclesia\t<\/a>\r\n\t<\/div>\r\n<div id=\"b61eac9g20\" class=\"panel-collapse collapse \">\r\n\t<div class=\"panel-body\">\r\n\t\t<div class=\"pt-cv-content\"><p><iframe loading=\"lazy\" title=\"Coment\u00e1rio \u00e0 liturgia de domingo (XXIII TC)\" width=\"1080\" height=\"608\" src=\"https:\/\/www.youtube.com\/embed\/vFfMnfFFJdQ?feature=oembed\"  allow=\"accelerometer; autoplay; clipboard-write; encrypted-media; gyroscope; picture-in-picture\" allowfullscreen><\/iframe><\/p>\n<p>Programa Ecclesia do dia 7 de setembro de 2018<\/p>\n<\/div>\t<\/div>\r\n<\/div><\/div>\n<div class=\"panel panel-default pt-cv-content-item pt-cv-1-col\" >\r\n<div class=\"panel-heading pt-cv-title\">\r\n    <a class=\"panel-title\" data-toggle=\"cvcollapse\" data-parent=\"#e374a89h24\" data-target=\"#671a9a7gjb\" href='http:\/\/sites.ecclesia.pt\/liturgia\/ano-b-24o-domingo-do-tempo-comum\/' onclick='event.preventDefault()'>\r\n\t\tAno B &#8211; 24.\u00ba Domingo do Tempo Comum &#8211; Programa Ecclesia\t<\/a>\r\n\t<\/div>\r\n<div id=\"671a9a7gjb\" class=\"panel-collapse collapse \">\r\n\t<div class=\"panel-body\">\r\n\t\t<div class=\"pt-cv-content\"><p><iframe loading=\"lazy\" title=\"Coment\u00e1rio \u00e0 liturgia do 24\u00ba domingo do Tempo Comum pelo padre Armindo Vaz e Frei Jos\u00e9 Nunes\" width=\"1080\" height=\"608\" src=\"https:\/\/www.youtube.com\/embed\/HMQrl1SEhjw?feature=oembed\"  allow=\"accelerometer; autoplay; clipboard-write; encrypted-media; gyroscope; picture-in-picture\" allowfullscreen><\/iframe><\/p>\n<p>Programa Ecclesia do dia 14 de setembro de 2018<\/p>\n<\/div>\t<\/div>\r\n<\/div><\/div>\n<div class=\"panel panel-default pt-cv-content-item pt-cv-1-col\" >\r\n<div class=\"panel-heading pt-cv-title\">\r\n    <a class=\"panel-title\" data-toggle=\"cvcollapse\" data-parent=\"#e374a89h24\" data-target=\"#bf981edyi2\" href='http:\/\/sites.ecclesia.pt\/liturgia\/comentario-a-liturgia-do-25o-domingo-do-tempo-comum-pelos-padres-joao-lourenco-e-jose-andre\/' onclick='event.preventDefault()'>\r\n\t\tAno B &#8211; 25.\u00ba Domingo do Tempo Comum &#8211; Programa Ecclesia\t<\/a>\r\n\t<\/div>\r\n<div id=\"bf981edyi2\" class=\"panel-collapse collapse \">\r\n\t<div class=\"panel-body\">\r\n\t\t<div class=\"pt-cv-content\"><p><iframe loading=\"lazy\" title=\"Coment\u00e1rio \u00e0 liturgia do 25\u00ba domingo do Tempo Comum pelos padres Jo\u00e3o Louren\u00e7o e Jos\u00e9 Andr\u00e9\" width=\"1080\" height=\"608\" src=\"https:\/\/www.youtube.com\/embed\/1cMLiqDt6mc?feature=oembed\"  allow=\"accelerometer; autoplay; clipboard-write; encrypted-media; gyroscope; picture-in-picture\" allowfullscreen><\/iframe><\/p>\n<p>Programa Ecclesia do dia 21 de setembro de 2018<\/p>\n<\/div>\t<\/div>\r\n<\/div><\/div>\n<div class=\"panel panel-default pt-cv-content-item pt-cv-1-col\" >\r\n<div class=\"panel-heading pt-cv-title\">\r\n    <a class=\"panel-title\" data-toggle=\"cvcollapse\" data-parent=\"#e374a89h24\" data-target=\"#29bfaebdyv\" href='http:\/\/sites.ecclesia.pt\/liturgia\/ano-b-26-o-domingo-do-tempo-comum-programa-ecclesia\/' onclick='event.preventDefault()'>\r\n\t\tAno B &#8211; 26.\u00ba Domingo do Tempo Comum &#8211; Programa Ecclesia\t<\/a>\r\n\t<\/div>\r\n<div id=\"29bfaebdyv\" class=\"panel-collapse collapse \">\r\n\t<div class=\"panel-body\">\r\n\t\t<div class=\"pt-cv-content\"><p><iframe loading=\"lazy\" title=\"Coment\u00e1rio \u00e0 liturgia do 26\u00ba domingo do Tempo Comum pelos padres Jo\u00e3o Louren\u00e7o e Jos\u00e9 Andr\u00e9\" width=\"1080\" height=\"608\" src=\"https:\/\/www.youtube.com\/embed\/Jb7Eu4IJGCU?feature=oembed\"  allow=\"accelerometer; autoplay; clipboard-write; encrypted-media; gyroscope; picture-in-picture\" allowfullscreen><\/iframe><\/p>\n<p>Programa Ecclesia do dia 28 de setembro de 2018<\/p>\n<\/div>\t<\/div>\r\n<\/div><\/div>\n<div class=\"panel panel-default pt-cv-content-item pt-cv-1-col\" >\r\n<div class=\"panel-heading pt-cv-title\">\r\n    <a class=\"panel-title\" data-toggle=\"cvcollapse\" data-parent=\"#e374a89h24\" data-target=\"#be6d638qi6\" href='http:\/\/sites.ecclesia.pt\/liturgia\/ano-b-27o-domingo-do-tempo-comum-2\/' onclick='event.preventDefault()'>\r\n\t\tAno B &#8211; 27.\u00ba Domingo do Tempo Comum &#8211; Programa Ecclesia\t<\/a>\r\n\t<\/div>\r\n<div id=\"be6d638qi6\" class=\"panel-collapse collapse \">\r\n\t<div class=\"panel-body\">\r\n\t\t<div class=\"pt-cv-content\"><p><iframe loading=\"lazy\" title=\"Ano Mission\u00e1rio e coment\u00e1rio \u00e0 liturgia de Domingo\" width=\"1080\" height=\"608\" src=\"https:\/\/www.youtube.com\/embed\/JksKnasnCb8?feature=oembed\"  allow=\"accelerometer; autoplay; clipboard-write; encrypted-media; gyroscope; picture-in-picture\" allowfullscreen><\/iframe><\/p>\n<p>Programa Ecclesia emiss\u00e3o de dia 5 Outubro de 2018<\/p>\n<\/div>\t<\/div>\r\n<\/div><\/div>\n<div class=\"panel panel-default pt-cv-content-item pt-cv-1-col\" >\r\n<div class=\"panel-heading pt-cv-title\">\r\n    <a class=\"panel-title\" data-toggle=\"cvcollapse\" data-parent=\"#e374a89h24\" data-target=\"#a1765c5qnp\" href='http:\/\/sites.ecclesia.pt\/liturgia\/ano-b-28o-domingo-do-tempo-comum\/' onclick='event.preventDefault()'>\r\n\t\tAno B &#8211; 28.\u00ba Domingo do Tempo Comum &#8211; Programa Ecclesia\t<\/a>\r\n\t<\/div>\r\n<div id=\"a1765c5qnp\" class=\"panel-collapse collapse \">\r\n\t<div class=\"panel-body\">\r\n\t\t<div class=\"pt-cv-content\"><p><iframe loading=\"lazy\" title=\"Coment\u00e1rio \u00e0 liturgia do 28\u00ba domingo do Tempo Comum pelos padres Ant\u00f3nio Rego e Lu\u00eds Alberto\" width=\"1080\" height=\"608\" src=\"https:\/\/www.youtube.com\/embed\/SVz-lOHjFeY?feature=oembed\"  allow=\"accelerometer; autoplay; clipboard-write; encrypted-media; gyroscope; picture-in-picture\" allowfullscreen><\/iframe><\/p>\n<p>Programa Ecclesia do dia 12 de outubro de 2018<\/p>\n<p>&nbsp;<\/p>\n<\/div>\t<\/div>\r\n<\/div><\/div>\n<div class=\"panel panel-default pt-cv-content-item pt-cv-1-col\" >\r\n<div class=\"panel-heading pt-cv-title\">\r\n    <a class=\"panel-title\" data-toggle=\"cvcollapse\" data-parent=\"#e374a89h24\" data-target=\"#e896f806ol\" href='http:\/\/sites.ecclesia.pt\/liturgia\/ano-b-29o-domingo-do-tempo-comum-2\/' onclick='event.preventDefault()'>\r\n\t\tAno B &#8211; 29.\u00ba Domingo do Tempo Comum &#8211; Programa Ecclesia\t<\/a>\r\n\t<\/div>\r\n<div id=\"e896f806ol\" class=\"panel-collapse collapse \">\r\n\t<div class=\"panel-body\">\r\n\t\t<div class=\"pt-cv-content\"><p><iframe loading=\"lazy\" title=\"Coment\u00e1rio \u00e0 liturgia do 29\u00ba domingo do Tempo Comum pelo padre Miguel Neto e Juan Ambrosio\" width=\"1080\" height=\"608\" src=\"https:\/\/www.youtube.com\/embed\/ZJsaplVzeUU?feature=oembed\"  allow=\"accelerometer; autoplay; clipboard-write; encrypted-media; gyroscope; picture-in-picture\" allowfullscreen><\/iframe><\/p>\n<p>Programa Ecclesia do dia 19 de outubro de 2018<\/p>\n<p>&nbsp;<\/p>\n<\/div>\t<\/div>\r\n<\/div><\/div>\n<div class=\"panel panel-default pt-cv-content-item pt-cv-1-col\" >\r\n<div class=\"panel-heading pt-cv-title\">\r\n    <a class=\"panel-title\" data-toggle=\"cvcollapse\" data-parent=\"#e374a89h24\" data-target=\"#e6b6752ajd\" href='http:\/\/sites.ecclesia.pt\/liturgia\/ano-b-30o-domingo-do-tempo-comum-2\/' onclick='event.preventDefault()'>\r\n\t\tAno B &#8211; 30\u00ba Domingo do Tempo Comum &#8211; Programa Ecclesia\t<\/a>\r\n\t<\/div>\r\n<div id=\"e6b6752ajd\" class=\"panel-collapse collapse \">\r\n\t<div class=\"panel-body\">\r\n\t\t<div class=\"pt-cv-content\"><p><iframe loading=\"lazy\" title=\"Coment\u00e1rio \u00e0 liturgia do 30\u00ba domingo do Tempo Comum por frei Jos\u00e9 Nunes e padre Tiago Neto\" width=\"1080\" height=\"608\" src=\"https:\/\/www.youtube.com\/embed\/1J0OX-rlaO0?feature=oembed\"  allow=\"accelerometer; autoplay; clipboard-write; encrypted-media; gyroscope; picture-in-picture\" allowfullscreen><\/iframe><\/p>\n<p class=\"title style-scope ytd-video-primary-info-renderer\">Programa Ecclesia do dia 26 de outubro de 2018<\/p>\n<p>&nbsp;<\/p>\n<\/div>\t<\/div>\r\n<\/div><\/div>\n<div class=\"panel panel-default pt-cv-content-item pt-cv-1-col\" >\r\n<div class=\"panel-heading pt-cv-title\">\r\n    <a class=\"panel-title\" data-toggle=\"cvcollapse\" data-parent=\"#e374a89h24\" data-target=\"#cd88555ox7\" href='http:\/\/sites.ecclesia.pt\/liturgia\/ano-b-31o-domingo-do-tempo-comum\/' onclick='event.preventDefault()'>\r\n\t\tAno B &#8211; 31.\u00ba Domingo do Tempo Comum &#8211; Programa Ecclesia\t<\/a>\r\n\t<\/div>\r\n<div id=\"cd88555ox7\" class=\"panel-collapse collapse \">\r\n\t<div class=\"panel-body\">\r\n\t\t<div class=\"pt-cv-content\"><p><iframe loading=\"lazy\" title=\"Coment\u00e1rio \u00e0 liturgia do 31\u00ba domingo do Tempo Comum por frei Jos\u00e9 Nunes e frei Herm\u00ednio Ara\u00fajo\" width=\"1080\" height=\"608\" src=\"https:\/\/www.youtube.com\/embed\/px6NHlxi4KQ?feature=oembed\"  allow=\"accelerometer; autoplay; clipboard-write; encrypted-media; gyroscope; picture-in-picture\" allowfullscreen><\/iframe><\/p>\n<p>Programa Ecclesia do dia 2 de novembro de 2018<\/p>\n<\/div>\t<\/div>\r\n<\/div><\/div>\n<div class=\"panel panel-default pt-cv-content-item pt-cv-1-col\" >\r\n<div class=\"panel-heading pt-cv-title\">\r\n    <a class=\"panel-title\" data-toggle=\"cvcollapse\" data-parent=\"#e374a89h24\" data-target=\"#7ad32f3529\" href='http:\/\/sites.ecclesia.pt\/liturgia\/ano-b-32o-domingo-do-tempo-comum-2\/' onclick='event.preventDefault()'>\r\n\t\tAno B &#8211; 32.\u00ba Domingo do Tempo Comum &#8211; Programa Ecclesia\t<\/a>\r\n\t<\/div>\r\n<div id=\"7ad32f3529\" class=\"panel-collapse collapse \">\r\n\t<div class=\"panel-body\">\r\n\t\t<div class=\"pt-cv-content\"><p><iframe loading=\"lazy\" title=\"Coment\u00e1rio \u00e0 liturgia do 32\u00ba domingo do Tempo Comum pela irm\u00e3 Paula Jord\u00e3o e padre Manuel Moruj\u00e3o\" width=\"1080\" height=\"608\" src=\"https:\/\/www.youtube.com\/embed\/FtY3kjVRpZU?feature=oembed\"  allow=\"accelerometer; autoplay; clipboard-write; encrypted-media; gyroscope; picture-in-picture\" allowfullscreen><\/iframe><\/p>\n<p>Programa Ecclesia do dia 09 de novembro de 2018<\/p>\n<p>&nbsp;<\/p>\n<\/div>\t<\/div>\r\n<\/div><\/div>\n<div class=\"panel panel-default pt-cv-content-item pt-cv-1-col\" >\r\n<div class=\"panel-heading pt-cv-title\">\r\n    <a class=\"panel-title\" data-toggle=\"cvcollapse\" data-parent=\"#e374a89h24\" data-target=\"#7e93bedzsd\" href='http:\/\/sites.ecclesia.pt\/liturgia\/comentario-a-liturgia-do-33o-domingo-do-tempo-comum-pelos-seminaristas-jacob-jojo-e-artur-delgado\/' onclick='event.preventDefault()'>\r\n\t\tAno B &#8211; 33.\u00ba Domingo do Tempo Comum &#8211; Programa Ecclesia\t<\/a>\r\n\t<\/div>\r\n<div id=\"7e93bedzsd\" class=\"panel-collapse collapse \">\r\n\t<div class=\"panel-body\">\r\n\t\t<div class=\"pt-cv-content\"><p><iframe loading=\"lazy\" title=\"Coment\u00e1rio \u00e0 liturgia do 33\u00ba domingo do Tempo Comum pelos seminaristas Jacob Jojo e Artur Delgado\" width=\"1080\" height=\"608\" src=\"https:\/\/www.youtube.com\/embed\/b30tM0QdtQk?feature=oembed\"  allow=\"accelerometer; autoplay; clipboard-write; encrypted-media; gyroscope; picture-in-picture\" allowfullscreen><\/iframe><\/p>\n<p>Programa Ecclesia do dia 16 de novembro de 2018<\/p>\n<\/div>\t<\/div>\r\n<\/div><\/div><\/div><\/div><\/div><\/div><\/span><\/p>\n<p>&nbsp;<\/p>\n<p>[\/et_pb_text][\/et_pb_column][et_pb_column type=&#8221;1_2&#8243; _builder_version=&#8221;3.0.47&#8243; custom_padding=&#8221;|||&#8221; custom_padding__hover=&#8221;|||&#8221;][et_pb_text admin_label=&#8221;Advento&#8221; _builder_version=&#8221;4.3.4&#8243; vertical_offset_tablet=&#8221;0&#8243; horizontal_offset_tablet=&#8221;0&#8243; z_index_tablet=&#8221;0&#8243; text_text_shadow_horizontal_length_tablet=&#8221;0px&#8221; text_text_shadow_vertical_length_tablet=&#8221;0px&#8221; text_text_shadow_blur_strength_tablet=&#8221;1px&#8221; link_text_shadow_horizontal_length_tablet=&#8221;0px&#8221; link_text_shadow_vertical_length_tablet=&#8221;0px&#8221; link_text_shadow_blur_strength_tablet=&#8221;1px&#8221; ul_text_shadow_horizontal_length_tablet=&#8221;0px&#8221; ul_text_shadow_vertical_length_tablet=&#8221;0px&#8221; ul_text_shadow_blur_strength_tablet=&#8221;1px&#8221; ol_text_shadow_horizontal_length_tablet=&#8221;0px&#8221; ol_text_shadow_vertical_length_tablet=&#8221;0px&#8221; ol_text_shadow_blur_strength_tablet=&#8221;1px&#8221; quote_text_shadow_horizontal_length_tablet=&#8221;0px&#8221; quote_text_shadow_vertical_length_tablet=&#8221;0px&#8221; quote_text_shadow_blur_strength_tablet=&#8221;1px&#8221; header_text_shadow_horizontal_length_tablet=&#8221;0px&#8221; header_text_shadow_vertical_length_tablet=&#8221;0px&#8221; header_text_shadow_blur_strength_tablet=&#8221;1px&#8221; header_2_text_shadow_horizontal_length_tablet=&#8221;0px&#8221; header_2_text_shadow_vertical_length_tablet=&#8221;0px&#8221; header_2_text_shadow_blur_strength_tablet=&#8221;1px&#8221; header_3_text_shadow_horizontal_length_tablet=&#8221;0px&#8221; header_3_text_shadow_vertical_length_tablet=&#8221;0px&#8221; header_3_text_shadow_blur_strength_tablet=&#8221;1px&#8221; header_4_text_shadow_horizontal_length_tablet=&#8221;0px&#8221; header_4_text_shadow_vertical_length_tablet=&#8221;0px&#8221; header_4_text_shadow_blur_strength_tablet=&#8221;1px&#8221; header_5_text_shadow_horizontal_length_tablet=&#8221;0px&#8221; header_5_text_shadow_vertical_length_tablet=&#8221;0px&#8221; header_5_text_shadow_blur_strength_tablet=&#8221;1px&#8221; header_6_text_shadow_horizontal_length_tablet=&#8221;0px&#8221; header_6_text_shadow_vertical_length_tablet=&#8221;0px&#8221; header_6_text_shadow_blur_strength_tablet=&#8221;1px&#8221; box_shadow_horizontal_tablet=&#8221;0px&#8221; box_shadow_vertical_tablet=&#8221;0px&#8221; box_shadow_blur_tablet=&#8221;40px&#8221; box_shadow_spread_tablet=&#8221;0px&#8221;]<\/p>\n<h3>ADVENTO<\/h3>\n<div class=\"pt-cv-wrapper et_smooth_scroll_disabled\"><div class=\"pt-cv-view pt-cv-collapsible\" id=\"pt-cv-view-69020b9m2i\"><div data-id=\"pt-cv-page-1\" class=\"pt-cv-page\" data-cvc=\"1\"><div class=\"panel-group\" id=\"d5073982eo\"><div class=\"panel panel-default pt-cv-content-item pt-cv-1-col\" >\r\n<div class=\"panel-heading pt-cv-title\">\r\n    <a class=\"panel-title\" data-toggle=\"cvcollapse\" data-parent=\"#d5073982eo\" data-target=\"#e776130uwm\" href='http:\/\/sites.ecclesia.pt\/liturgia\/ano-b-01-o-domingo-do-advento-programa-ecclesia\/' onclick='event.preventDefault()'>\r\n\t\tAno B &#8211; 01.\u00ba Domingo do Advento &#8211; Programa Ecclesia\t<\/a>\r\n\t<\/div>\r\n<div id=\"e776130uwm\" class=\"panel-collapse collapse \">\r\n\t<div class=\"panel-body\">\r\n\t\t<div class=\"pt-cv-content\"><p><iframe loading=\"lazy\" title=\"Coment\u00e1rio \u00e0 liturgia do 1\u00ba domingo do Advento\" width=\"1080\" height=\"608\" src=\"https:\/\/www.youtube.com\/embed\/YanmECVhP2M?feature=oembed\"  allow=\"accelerometer; autoplay; clipboard-write; encrypted-media; gyroscope; picture-in-picture\" allowfullscreen><\/iframe><\/p>\n<p>Programa Ecclesia do dia 27 de novembro de 2020<\/p>\n<\/div>\t<\/div>\r\n<\/div><\/div>\n<div class=\"panel panel-default pt-cv-content-item pt-cv-1-col\" >\r\n<div class=\"panel-heading pt-cv-title\">\r\n    <a class=\"panel-title\" data-toggle=\"cvcollapse\" data-parent=\"#d5073982eo\" data-target=\"#a85ff73u3g\" href='http:\/\/sites.ecclesia.pt\/liturgia\/ano-b-01o-domingo-do-advento\/' onclick='event.preventDefault()'>\r\n\t\tAno B &#8211; 01.\u00ba Domingo do Advento &#8211; Programa Ecclesia\t<\/a>\r\n\t<\/div>\r\n<div id=\"a85ff73u3g\" class=\"panel-collapse collapse \">\r\n\t<div class=\"panel-body\">\r\n\t\t<div class=\"pt-cv-content\"><p><iframe loading=\"lazy\" title=\"Coment\u00e1rio \u00e0s leituras do 1\u00ba domingo do Advento com o padre Nuno Tavares\" width=\"1080\" height=\"608\" src=\"https:\/\/www.youtube.com\/embed\/2A5voSLwJ_0?feature=oembed\"  allow=\"accelerometer; autoplay; clipboard-write; encrypted-media; gyroscope; picture-in-picture\" allowfullscreen><\/iframe><\/p>\n<p>Programa Ecclesia (emiss\u00e3o 01-12-2017)<\/p>\n<\/div>\t<\/div>\r\n<\/div><\/div>\n<div class=\"panel panel-default pt-cv-content-item pt-cv-1-col\" >\r\n<div class=\"panel-heading pt-cv-title\">\r\n    <a class=\"panel-title\" data-toggle=\"cvcollapse\" data-parent=\"#d5073982eo\" data-target=\"#6ee125ahwv\" href='http:\/\/sites.ecclesia.pt\/liturgia\/ano-b-02-o-domingo-do-advento-programa-ecclesia\/' onclick='event.preventDefault()'>\r\n\t\tAno B &#8211; 02.\u00ba Domingo do Advento &#8211; Programa Ecclesia\t<\/a>\r\n\t<\/div>\r\n<div id=\"6ee125ahwv\" class=\"panel-collapse collapse \">\r\n\t<div class=\"panel-body\">\r\n\t\t<div class=\"pt-cv-content\"><p><iframe loading=\"lazy\" title=\"Coment\u00e1rio \u00e0 liturgia do 2\u00ba domingo do Advento.\" width=\"1080\" height=\"608\" src=\"https:\/\/www.youtube.com\/embed\/u2EcTNxGcq8?feature=oembed\"  allow=\"accelerometer; autoplay; clipboard-write; encrypted-media; gyroscope; picture-in-picture\" allowfullscreen><\/iframe><\/p>\n<p>Programa Ecclesia de dia 4 de dezembro de 2020<\/p>\n<\/div>\t<\/div>\r\n<\/div><\/div>\n<div class=\"panel panel-default pt-cv-content-item pt-cv-1-col\" >\r\n<div class=\"panel-heading pt-cv-title\">\r\n    <a class=\"panel-title\" data-toggle=\"cvcollapse\" data-parent=\"#d5073982eo\" data-target=\"#9e3f153519\" href='http:\/\/sites.ecclesia.pt\/liturgia\/ano-b-03o-domingo-do-advento\/' onclick='event.preventDefault()'>\r\n\t\tAno B &#8211; 03.\u00ba Domingo do Advento &#8211; Programa Ecclesia\t<\/a>\r\n\t<\/div>\r\n<div id=\"9e3f153519\" class=\"panel-collapse collapse \">\r\n\t<div class=\"panel-body\">\r\n\t\t<div class=\"pt-cv-content\"><p>Programa Ecclesia (emiss\u00e3o 15-12-2017)<\/p>\n<p><iframe loading=\"lazy\" title=\"Coment\u00e1rio \u00e0 liturgia do domingo com o padre Amaro Gon\u00e7alo e Juan Ambrosio.\" width=\"1080\" height=\"608\" src=\"https:\/\/www.youtube.com\/embed\/_G5Yn78VFSA?feature=oembed\"  allow=\"accelerometer; autoplay; clipboard-write; encrypted-media; gyroscope; picture-in-picture\" allowfullscreen><\/iframe><\/p>\n<\/div>\t<\/div>\r\n<\/div><\/div>\n<div class=\"panel panel-default pt-cv-content-item pt-cv-1-col\" >\r\n<div class=\"panel-heading pt-cv-title\">\r\n    <a class=\"panel-title\" data-toggle=\"cvcollapse\" data-parent=\"#d5073982eo\" data-target=\"#7f9132fsm2\" href='http:\/\/sites.ecclesia.pt\/liturgia\/ano-b-03-o-domingo-do-advento-programa-ecclesia\/' onclick='event.preventDefault()'>\r\n\t\tAno B &#8211; 03.\u00ba Domingo do Advento &#8211; Programa Ecclesia\t<\/a>\r\n\t<\/div>\r\n<div id=\"7f9132fsm2\" class=\"panel-collapse collapse \">\r\n\t<div class=\"panel-body\">\r\n\t\t<div class=\"pt-cv-content\"><p><iframe loading=\"lazy\" title=\"Coment\u00e1rio \u00e0 liturgia do 3.\u00ba Domingo do Advento\" width=\"1080\" height=\"608\" src=\"https:\/\/www.youtube.com\/embed\/ilir5gZaUmQ?feature=oembed\"  allow=\"accelerometer; autoplay; clipboard-write; encrypted-media; gyroscope; picture-in-picture\" allowfullscreen><\/iframe><\/p>\n<p>Programa Ecclesia de dia 11 de dezembro de 2020<\/p>\n<\/div>\t<\/div>\r\n<\/div><\/div>\n<div class=\"panel panel-default pt-cv-content-item pt-cv-1-col\" >\r\n<div class=\"panel-heading pt-cv-title\">\r\n    <a class=\"panel-title\" data-toggle=\"cvcollapse\" data-parent=\"#d5073982eo\" data-target=\"#f25458ccg3\" href='http:\/\/sites.ecclesia.pt\/liturgia\/ano-b-04-o-domingo-do-advento-programa-ecclesia\/' onclick='event.preventDefault()'>\r\n\t\tAno B &#8211; 04.\u00ba Domingo do Advento &#8211; Programa Ecclesia\t<\/a>\r\n\t<\/div>\r\n<div id=\"f25458ccg3\" class=\"panel-collapse collapse \">\r\n\t<div class=\"panel-body\">\r\n\t\t<div class=\"pt-cv-content\"><p><iframe loading=\"lazy\" title=\"Coment\u00e1rio \u00e0 liturgia do 4.\u00ba Domingo do Advento\" width=\"1080\" height=\"608\" src=\"https:\/\/www.youtube.com\/embed\/jcImhK-od2k?feature=oembed\"  allow=\"accelerometer; autoplay; clipboard-write; encrypted-media; gyroscope; picture-in-picture\" allowfullscreen><\/iframe><\/p>\n<p>Programa Ecclesia de dia 18 de dezembro de 2020<\/p>\n<\/div>\t<\/div>\r\n<\/div><\/div><\/div><\/div><\/div><\/div>\n<p>[\/et_pb_text][et_pb_text admin_label=&#8221;QUARESMA&#8221; _builder_version=&#8221;4.3.4&#8243; vertical_offset_tablet=&#8221;0&#8243; horizontal_offset_tablet=&#8221;0&#8243; z_index_tablet=&#8221;0&#8243; text_text_shadow_horizontal_length_tablet=&#8221;0px&#8221; text_text_shadow_vertical_length_tablet=&#8221;0px&#8221; text_text_shadow_blur_strength_tablet=&#8221;1px&#8221; link_text_shadow_horizontal_length_tablet=&#8221;0px&#8221; link_text_shadow_vertical_length_tablet=&#8221;0px&#8221; link_text_shadow_blur_strength_tablet=&#8221;1px&#8221; ul_text_shadow_horizontal_length_tablet=&#8221;0px&#8221; ul_text_shadow_vertical_length_tablet=&#8221;0px&#8221; ul_text_shadow_blur_strength_tablet=&#8221;1px&#8221; ol_text_shadow_horizontal_length_tablet=&#8221;0px&#8221; ol_text_shadow_vertical_length_tablet=&#8221;0px&#8221; ol_text_shadow_blur_strength_tablet=&#8221;1px&#8221; quote_text_shadow_horizontal_length_tablet=&#8221;0px&#8221; quote_text_shadow_vertical_length_tablet=&#8221;0px&#8221; quote_text_shadow_blur_strength_tablet=&#8221;1px&#8221; header_text_shadow_horizontal_length_tablet=&#8221;0px&#8221; header_text_shadow_vertical_length_tablet=&#8221;0px&#8221; header_text_shadow_blur_strength_tablet=&#8221;1px&#8221; header_2_text_shadow_horizontal_length_tablet=&#8221;0px&#8221; header_2_text_shadow_vertical_length_tablet=&#8221;0px&#8221; header_2_text_shadow_blur_strength_tablet=&#8221;1px&#8221; header_3_text_shadow_horizontal_length_tablet=&#8221;0px&#8221; header_3_text_shadow_vertical_length_tablet=&#8221;0px&#8221; header_3_text_shadow_blur_strength_tablet=&#8221;1px&#8221; header_4_text_shadow_horizontal_length_tablet=&#8221;0px&#8221; header_4_text_shadow_vertical_length_tablet=&#8221;0px&#8221; header_4_text_shadow_blur_strength_tablet=&#8221;1px&#8221; header_5_text_shadow_horizontal_length_tablet=&#8221;0px&#8221; header_5_text_shadow_vertical_length_tablet=&#8221;0px&#8221; header_5_text_shadow_blur_strength_tablet=&#8221;1px&#8221; header_6_text_shadow_horizontal_length_tablet=&#8221;0px&#8221; header_6_text_shadow_vertical_length_tablet=&#8221;0px&#8221; header_6_text_shadow_blur_strength_tablet=&#8221;1px&#8221; box_shadow_horizontal_tablet=&#8221;0px&#8221; box_shadow_vertical_tablet=&#8221;0px&#8221; box_shadow_blur_tablet=&#8221;40px&#8221; box_shadow_spread_tablet=&#8221;0px&#8221;]<\/p>\n<h3>QUARESMA<\/h3>\n<p><span><div class=\"pt-cv-wrapper et_smooth_scroll_disabled\"><div class=\"pt-cv-view pt-cv-collapsible\" id=\"pt-cv-view-bb33f57zcs\"><div data-id=\"pt-cv-page-1\" class=\"pt-cv-page\" data-cvc=\"1\"><div class=\"panel-group\" id=\"adbe573jkf\"><div class=\"panel panel-default pt-cv-content-item pt-cv-1-col\" >\r\n<div class=\"panel-heading pt-cv-title\">\r\n    <a class=\"panel-title\" data-toggle=\"cvcollapse\" data-parent=\"#adbe573jkf\" data-target=\"#cca37b4prb\" href='http:\/\/sites.ecclesia.pt\/liturgia\/ano-b-01o-domingo-da-quaresma\/' onclick='event.preventDefault()'>\r\n\t\tAno B &#8211; 01.\u00ba Domingo da Quaresma &#8211; Programa Ecclesia\t<\/a>\r\n\t<\/div>\r\n<div id=\"cca37b4prb\" class=\"panel-collapse collapse \">\r\n\t<div class=\"panel-body\">\r\n\t\t<div class=\"pt-cv-content\"><p><iframe loading=\"lazy\" title=\"Coment\u00e1rio \u00e0 liturgia do 1.\u00ba Domingo da Quaresma - Ano B\" width=\"1080\" height=\"608\" src=\"https:\/\/www.youtube.com\/embed\/8g3AuKaGlOo?feature=oembed\"  allow=\"accelerometer; autoplay; clipboard-write; encrypted-media; gyroscope; picture-in-picture\" allowfullscreen><\/iframe><\/p>\n<\/div>\t<\/div>\r\n<\/div><\/div>\n<div class=\"panel panel-default pt-cv-content-item pt-cv-1-col\" >\r\n<div class=\"panel-heading pt-cv-title\">\r\n    <a class=\"panel-title\" data-toggle=\"cvcollapse\" data-parent=\"#adbe573jkf\" data-target=\"#0cf160b2xu\" href='http:\/\/sites.ecclesia.pt\/liturgia\/ano-b-02o-domingo-da-quaresma\/' onclick='event.preventDefault()'>\r\n\t\tAno B &#8211; 02.\u00ba Domingo da Quaresma &#8211; Programa Ecclesia\t<\/a>\r\n\t<\/div>\r\n<div id=\"0cf160b2xu\" class=\"panel-collapse collapse \">\r\n\t<div class=\"panel-body\">\r\n\t\t<div class=\"pt-cv-content\"><p><iframe loading=\"lazy\" title=\"Entrevista. Coment\u00e1rio \u00e0 liturgia do domingo com Juan Ambrosio e o padre Jo\u00e3o Dias\" width=\"1080\" height=\"608\" src=\"https:\/\/www.youtube.com\/embed\/35zabwEEM98?feature=oembed\"  allow=\"accelerometer; autoplay; clipboard-write; encrypted-media; gyroscope; picture-in-picture\" allowfullscreen><\/iframe><\/p>\n<p>Programa Ecclesia do dia 16 de fevereiro de 2018<\/p>\n<p>&nbsp;<\/p>\n<\/div>\t<\/div>\r\n<\/div><\/div>\n<div class=\"panel panel-default pt-cv-content-item pt-cv-1-col\" >\r\n<div class=\"panel-heading pt-cv-title\">\r\n    <a class=\"panel-title\" data-toggle=\"cvcollapse\" data-parent=\"#adbe573jkf\" data-target=\"#4a0aa8fv76\" href='http:\/\/sites.ecclesia.pt\/liturgia\/ano-b-02-o-domingo-da-quaresma-programa-ecclesia\/' onclick='event.preventDefault()'>\r\n\t\tAno B &#8211; 02.\u00ba Domingo da Quaresma &#8211; Programa Ecclesia\t<\/a>\r\n\t<\/div>\r\n<div id=\"4a0aa8fv76\" class=\"panel-collapse collapse \">\r\n\t<div class=\"panel-body\">\r\n\t\t<div class=\"pt-cv-content\"><p><iframe loading=\"lazy\" title=\"Coment\u00e1rio \u00e0 liturgia do 02\u00ba Domingo do Tempo da Quaresma - Ano B\" width=\"1080\" height=\"608\" src=\"https:\/\/www.youtube.com\/embed\/f7t66ofuMW4?feature=oembed\"  allow=\"accelerometer; autoplay; clipboard-write; encrypted-media; gyroscope; picture-in-picture\" allowfullscreen><\/iframe><\/p>\n<p>Programa Ecclesia de dia 26 de fevereiro de 2021<\/p>\n<\/div>\t<\/div>\r\n<\/div><\/div>\n<div class=\"panel panel-default pt-cv-content-item pt-cv-1-col\" >\r\n<div class=\"panel-heading pt-cv-title\">\r\n    <a class=\"panel-title\" data-toggle=\"cvcollapse\" data-parent=\"#adbe573jkf\" data-target=\"#3a57784pjd\" href='http:\/\/sites.ecclesia.pt\/liturgia\/ano-b-03o-domingo-da-quaresma-2\/' onclick='event.preventDefault()'>\r\n\t\tAno B &#8211; 03.\u00ba Domingo da Quaresma &#8211; Programa Ecclesia\t<\/a>\r\n\t<\/div>\r\n<div id=\"3a57784pjd\" class=\"panel-collapse collapse \">\r\n\t<div class=\"panel-body\">\r\n\t\t<div class=\"pt-cv-content\"><p><iframe loading=\"lazy\" title=\"Entrevista. Coment\u00e1rio \u00e0 liturgia do domingo com a Irm\u00e3 Paula Jord\u00e3o e Frei Jos\u00e9 Nunes\" width=\"1080\" height=\"608\" src=\"https:\/\/www.youtube.com\/embed\/IY_TakqUkYc?feature=oembed\"  allow=\"accelerometer; autoplay; clipboard-write; encrypted-media; gyroscope; picture-in-picture\" allowfullscreen><\/iframe><\/p>\n<p>Programa Ecclesia do dia 02 de marc\u0327o de 2018<\/p>\n<\/div>\t<\/div>\r\n<\/div><\/div>\n<div class=\"panel panel-default pt-cv-content-item pt-cv-1-col\" >\r\n<div class=\"panel-heading pt-cv-title\">\r\n    <a class=\"panel-title\" data-toggle=\"cvcollapse\" data-parent=\"#adbe573jkf\" data-target=\"#acd6357hb3\" href='http:\/\/sites.ecclesia.pt\/liturgia\/ano-b-03o-domingo-da-quaresma\/' onclick='event.preventDefault()'>\r\n\t\tAno B &#8211; 03.\u00ba Domingo da Quaresma &#8211; Programa Ecclesia\t<\/a>\r\n\t<\/div>\r\n<div id=\"acd6357hb3\" class=\"panel-collapse collapse \">\r\n\t<div class=\"panel-body\">\r\n\t\t<div class=\"pt-cv-content\"><p><iframe loading=\"lazy\" title=\"Entrevista. Coment\u00e1rio \u00e0 liturgia do domingo com Juan Ambrosio e o padre Jos\u00e9 Vieira\" width=\"1080\" height=\"608\" src=\"https:\/\/www.youtube.com\/embed\/8-3o0nPOm9I?feature=oembed\"  allow=\"accelerometer; autoplay; clipboard-write; encrypted-media; gyroscope; picture-in-picture\" allowfullscreen><\/iframe><\/p>\n<p>Programa Ecclesia do dia 23 de fevereiro de 2018<\/p>\n<\/div>\t<\/div>\r\n<\/div><\/div>\n<div class=\"panel panel-default pt-cv-content-item pt-cv-1-col\" >\r\n<div class=\"panel-heading pt-cv-title\">\r\n    <a class=\"panel-title\" data-toggle=\"cvcollapse\" data-parent=\"#adbe573jkf\" data-target=\"#3ae8aab3ky\" href='http:\/\/sites.ecclesia.pt\/liturgia\/ano-b-03-o-domingo-da-quaresma-programa-ecclesia\/' onclick='event.preventDefault()'>\r\n\t\tAno B &#8211; 03.\u00ba Domingo da Quaresma &#8211; Programa Ecclesia\t<\/a>\r\n\t<\/div>\r\n<div id=\"3ae8aab3ky\" class=\"panel-collapse collapse \">\r\n\t<div class=\"panel-body\">\r\n\t\t<div class=\"pt-cv-content\"><p><iframe loading=\"lazy\" title=\"Coment\u00e1rio \u00e0 liturgia do 3\u00ba domingo da Quaresma - Ano B\" width=\"1080\" height=\"608\" src=\"https:\/\/www.youtube.com\/embed\/f6mp6SFmnrM?feature=oembed\"  allow=\"accelerometer; autoplay; clipboard-write; encrypted-media; gyroscope; picture-in-picture\" allowfullscreen><\/iframe><\/p>\n<p>Programa Ecclesia de dia 5 de marc\u0327o de 2021<\/p>\n<\/div>\t<\/div>\r\n<\/div><\/div>\n<div class=\"panel panel-default pt-cv-content-item pt-cv-1-col\" >\r\n<div class=\"panel-heading pt-cv-title\">\r\n    <a class=\"panel-title\" data-toggle=\"cvcollapse\" data-parent=\"#adbe573jkf\" data-target=\"#751cad88fd\" href='http:\/\/sites.ecclesia.pt\/liturgia\/ano-b-04o-domingo-da-quaresma\/' onclick='event.preventDefault()'>\r\n\t\tAno B &#8211; 04.\u00ba Domingo da Quaresma &#8211; Programa Ecclesia\t<\/a>\r\n\t<\/div>\r\n<div id=\"751cad88fd\" class=\"panel-collapse collapse \">\r\n\t<div class=\"panel-body\">\r\n\t\t<div class=\"pt-cv-content\"><p><iframe loading=\"lazy\" title=\"Entrevista. Coment\u00e1rio \u00e0 liturgia do domingo com o Padre Francisco Melo e Frei Jos\u00e9 Nunes\" width=\"1080\" height=\"608\" src=\"https:\/\/www.youtube.com\/embed\/R5rfUJwcw2Y?feature=oembed\"  allow=\"accelerometer; autoplay; clipboard-write; encrypted-media; gyroscope; picture-in-picture\" allowfullscreen><\/iframe><\/p>\n<p>Programa Ecclesia do dia 9 de marc\u0327o de 2018<\/p>\n<\/div>\t<\/div>\r\n<\/div><\/div>\n<div class=\"panel panel-default pt-cv-content-item pt-cv-1-col\" >\r\n<div class=\"panel-heading pt-cv-title\">\r\n    <a class=\"panel-title\" data-toggle=\"cvcollapse\" data-parent=\"#adbe573jkf\" data-target=\"#6b851a4yf8\" href='http:\/\/sites.ecclesia.pt\/liturgia\/ano-b-04-o-domingo-da-quaresma-programa-ecclesia\/' onclick='event.preventDefault()'>\r\n\t\tAno B &#8211; 04.\u00ba Domingo da Quaresma &#8211; Programa Ecclesia\t<\/a>\r\n\t<\/div>\r\n<div id=\"6b851a4yf8\" class=\"panel-collapse collapse \">\r\n\t<div class=\"panel-body\">\r\n\t\t<div class=\"pt-cv-content\"><p><iframe loading=\"lazy\" title=\"Coment\u00e1rio \u00e0 liturgia do 4\u00ba domingo da Quaresma\" width=\"1080\" height=\"608\" src=\"https:\/\/www.youtube.com\/embed\/xKEeTKWcW1Y?feature=oembed\"  allow=\"accelerometer; autoplay; clipboard-write; encrypted-media; gyroscope; picture-in-picture\" allowfullscreen><\/iframe><\/p>\n<p>Programa Ecclesia de dia 12 de marc\u0327o de 2021<\/p>\n<\/div>\t<\/div>\r\n<\/div><\/div>\n<div class=\"panel panel-default pt-cv-content-item pt-cv-1-col\" >\r\n<div class=\"panel-heading pt-cv-title\">\r\n    <a class=\"panel-title\" data-toggle=\"cvcollapse\" data-parent=\"#adbe573jkf\" data-target=\"#ffc8b2csgl\" href='http:\/\/sites.ecclesia.pt\/liturgia\/ano-b-05-o-domingo-da-quaresma-programa-ecclesia-2\/' onclick='event.preventDefault()'>\r\n\t\tAno B &#8211; 05.\u00ba Domingo da Quaresma &#8211; Programa Ecclesia\t<\/a>\r\n\t<\/div>\r\n<div id=\"ffc8b2csgl\" class=\"panel-collapse collapse \">\r\n\t<div class=\"panel-body\">\r\n\t\t<div class=\"pt-cv-content\"><p><iframe loading=\"lazy\" title=\"Coment\u00e1rio \u00e0 liturgia do V domingo da Quaresma - Ano B\" width=\"1080\" height=\"608\" src=\"https:\/\/www.youtube.com\/embed\/iszocEKyyEs?feature=oembed\"  allow=\"accelerometer; autoplay; clipboard-write; encrypted-media; gyroscope; picture-in-picture\" allowfullscreen><\/iframe><\/p>\n<p>Programa Ecclesia de dia 19 de marc\u0327o de 2021<\/p>\n<p>&nbsp;<\/p>\n<\/div>\t<\/div>\r\n<\/div><\/div>\n<div class=\"panel panel-default pt-cv-content-item pt-cv-1-col\" >\r\n<div class=\"panel-heading pt-cv-title\">\r\n    <a class=\"panel-title\" data-toggle=\"cvcollapse\" data-parent=\"#adbe573jkf\" data-target=\"#9623802b9w\" href='http:\/\/sites.ecclesia.pt\/liturgia\/ano-b-05-o-domingo-da-quaresma-programa-ecclesia\/' onclick='event.preventDefault()'>\r\n\t\tAno B &#8211; 05.\u00ba Domingo da Quaresma &#8211; Programa Ecclesia\t<\/a>\r\n\t<\/div>\r\n<div id=\"9623802b9w\" class=\"panel-collapse collapse \">\r\n\t<div class=\"panel-body\">\r\n\t\t<div class=\"pt-cv-content\"><p><iframe loading=\"lazy\" title=\"Entrevista  Comenta\u0301rio a\u0300 liturgia do domingo com a Irma\u0303 Paula Jorda\u0303o e Padre Filipe Diniz\" width=\"1080\" height=\"608\" src=\"https:\/\/www.youtube.com\/embed\/tCHfF5ghUgE?feature=oembed\"  allow=\"accelerometer; autoplay; clipboard-write; encrypted-media; gyroscope; picture-in-picture\" allowfullscreen><\/iframe><\/p>\n<p>Programa Ecclesia emiss\u00e3o 16 de mar\u00e7o de 2018<\/p>\n<\/div>\t<\/div>\r\n<\/div><\/div>\n<div class=\"panel panel-default pt-cv-content-item pt-cv-1-col\" >\r\n<div class=\"panel-heading pt-cv-title\">\r\n    <a class=\"panel-title\" data-toggle=\"cvcollapse\" data-parent=\"#adbe573jkf\" data-target=\"#4075e56lbz\" href='http:\/\/sites.ecclesia.pt\/liturgia\/ano-b-domingo-de-ramos\/' onclick='event.preventDefault()'>\r\n\t\tAno B &#8211; Domingo de Ramos &#8211; Programa Ecclesia\t<\/a>\r\n\t<\/div>\r\n<div id=\"4075e56lbz\" class=\"panel-collapse collapse \">\r\n\t<div class=\"panel-body\">\r\n\t\t<div class=\"pt-cv-content\"><p><iframe loading=\"lazy\" title=\"Entrevista. Coment\u00e1rio \u00e0 liturgia do domingo com Paula Jord\u00e3o, Catarina Sim\u00e3o e Francisco Ferreira\" width=\"1080\" height=\"608\" src=\"https:\/\/www.youtube.com\/embed\/tSe9w37S8TA?feature=oembed\"  allow=\"accelerometer; autoplay; clipboard-write; encrypted-media; gyroscope; picture-in-picture\" allowfullscreen><\/iframe><\/p>\n<p>Programa Ecclesia do dia 23 de mar\u00e7o de 2018<\/p>\n<\/div>\t<\/div>\r\n<\/div><\/div>\n<div class=\"panel panel-default pt-cv-content-item pt-cv-1-col\" >\r\n<div class=\"panel-heading pt-cv-title\">\r\n    <a class=\"panel-title\" data-toggle=\"cvcollapse\" data-parent=\"#adbe573jkf\" data-target=\"#9fdd5afuwr\" href='http:\/\/sites.ecclesia.pt\/liturgia\/ano-b-domingo-de-ramos-na-paixao-do-senhor-programa-ecclesia\/' onclick='event.preventDefault()'>\r\n\t\tAno B \u2013 Domingo de Ramos na Paix\u00e3o do Senhor &#8211; Programa Ecclesia\t<\/a>\r\n\t<\/div>\r\n<div id=\"9fdd5afuwr\" class=\"panel-collapse collapse \">\r\n\t<div class=\"panel-body\">\r\n\t\t<div class=\"pt-cv-content\"><p><iframe loading=\"lazy\" title=\"Coment\u00e1rio \u00e0 liturgia do Domingo de Ramos\" width=\"1080\" height=\"608\" src=\"https:\/\/www.youtube.com\/embed\/_iNZMN91Z90?feature=oembed\"  allow=\"accelerometer; autoplay; clipboard-write; encrypted-media; gyroscope; picture-in-picture\" allowfullscreen><\/iframe><\/p>\n<p>Programa Ecclesia de dia 26 de marc\u0327o de 2021<\/p>\n<p>&nbsp;<\/p>\n<\/div>\t<\/div>\r\n<\/div><\/div><\/div><\/div><\/div><\/div><\/span><\/p>\n<p>[\/et_pb_text][et_pb_text admin_label=&#8221;Pascoa&#8221; _builder_version=&#8221;4.3.4&#8243; vertical_offset_tablet=&#8221;0&#8243; horizontal_offset_tablet=&#8221;0&#8243; z_index_tablet=&#8221;0&#8243; text_text_shadow_horizontal_length_tablet=&#8221;0px&#8221; text_text_shadow_vertical_length_tablet=&#8221;0px&#8221; text_text_shadow_blur_strength_tablet=&#8221;1px&#8221; link_text_shadow_horizontal_length_tablet=&#8221;0px&#8221; link_text_shadow_vertical_length_tablet=&#8221;0px&#8221; link_text_shadow_blur_strength_tablet=&#8221;1px&#8221; ul_text_shadow_horizontal_length_tablet=&#8221;0px&#8221; ul_text_shadow_vertical_length_tablet=&#8221;0px&#8221; ul_text_shadow_blur_strength_tablet=&#8221;1px&#8221; ol_text_shadow_horizontal_length_tablet=&#8221;0px&#8221; ol_text_shadow_vertical_length_tablet=&#8221;0px&#8221; ol_text_shadow_blur_strength_tablet=&#8221;1px&#8221; quote_text_shadow_horizontal_length_tablet=&#8221;0px&#8221; quote_text_shadow_vertical_length_tablet=&#8221;0px&#8221; quote_text_shadow_blur_strength_tablet=&#8221;1px&#8221; header_text_shadow_horizontal_length_tablet=&#8221;0px&#8221; header_text_shadow_vertical_length_tablet=&#8221;0px&#8221; header_text_shadow_blur_strength_tablet=&#8221;1px&#8221; header_2_text_shadow_horizontal_length_tablet=&#8221;0px&#8221; header_2_text_shadow_vertical_length_tablet=&#8221;0px&#8221; header_2_text_shadow_blur_strength_tablet=&#8221;1px&#8221; header_3_text_shadow_horizontal_length_tablet=&#8221;0px&#8221; header_3_text_shadow_vertical_length_tablet=&#8221;0px&#8221; header_3_text_shadow_blur_strength_tablet=&#8221;1px&#8221; header_4_text_shadow_horizontal_length_tablet=&#8221;0px&#8221; header_4_text_shadow_vertical_length_tablet=&#8221;0px&#8221; header_4_text_shadow_blur_strength_tablet=&#8221;1px&#8221; header_5_text_shadow_horizontal_length_tablet=&#8221;0px&#8221; header_5_text_shadow_vertical_length_tablet=&#8221;0px&#8221; header_5_text_shadow_blur_strength_tablet=&#8221;1px&#8221; header_6_text_shadow_horizontal_length_tablet=&#8221;0px&#8221; header_6_text_shadow_vertical_length_tablet=&#8221;0px&#8221; header_6_text_shadow_blur_strength_tablet=&#8221;1px&#8221; box_shadow_horizontal_tablet=&#8221;0px&#8221; box_shadow_vertical_tablet=&#8221;0px&#8221; box_shadow_blur_tablet=&#8221;40px&#8221; box_shadow_spread_tablet=&#8221;0px&#8221;]<\/p>\n<h3>P\u00c1SCOA<\/h3>\n<div class=\"pt-cv-wrapper et_smooth_scroll_disabled\"><div class=\"pt-cv-view pt-cv-collapsible\" id=\"pt-cv-view-a2ca6bbwrx\"><div data-id=\"pt-cv-page-1\" class=\"pt-cv-page\" data-cvc=\"1\"><div class=\"panel-group\" id=\"bc59782grm\"><div class=\"panel panel-default pt-cv-content-item pt-cv-1-col\" >\r\n<div class=\"panel-heading pt-cv-title\">\r\n    <a class=\"panel-title\" data-toggle=\"cvcollapse\" data-parent=\"#bc59782grm\" data-target=\"#5909027jf4\" href='http:\/\/sites.ecclesia.pt\/liturgia\/ano-b-02o-domingo-da-pascoa-programa-ecclesia\/' onclick='event.preventDefault()'>\r\n\t\tAno B &#8211; 02.\u00ba Domingo da P\u00e1scoa &#8211; Programa Ecclesia\t<\/a>\r\n\t<\/div>\r\n<div id=\"5909027jf4\" class=\"panel-collapse collapse \">\r\n\t<div class=\"panel-body\">\r\n\t\t<div class=\"pt-cv-content\"><p><iframe loading=\"lazy\" title=\"Coment\u00e1rio \u00e0 liturgia do 2\u00ba domingo da P\u00e1scoa - Ano B\" width=\"1080\" height=\"608\" src=\"https:\/\/www.youtube.com\/embed\/JqnelAU5ETg?feature=oembed\"  allow=\"accelerometer; autoplay; clipboard-write; encrypted-media; gyroscope; picture-in-picture\" allowfullscreen><\/iframe><\/p>\n<p>Programa Ecclesia do dia 09 de abril de 2021<\/p>\n<\/div>\t<\/div>\r\n<\/div><\/div>\n<div class=\"panel panel-default pt-cv-content-item pt-cv-1-col\" >\r\n<div class=\"panel-heading pt-cv-title\">\r\n    <a class=\"panel-title\" data-toggle=\"cvcollapse\" data-parent=\"#bc59782grm\" data-target=\"#da7b5faf73\" href='http:\/\/sites.ecclesia.pt\/liturgia\/ano-b-02-o-domingo-da-pascoa-programa-ecclesia\/' onclick='event.preventDefault()'>\r\n\t\tAno B &#8211; 02.\u00ba Domingo da P\u00e1scoa &#8211; Programa Ecclesia\t<\/a>\r\n\t<\/div>\r\n<div id=\"da7b5faf73\" class=\"panel-collapse collapse \">\r\n\t<div class=\"panel-body\">\r\n\t\t<div class=\"pt-cv-content\"><p><iframe loading=\"lazy\" title=\"Entrevista. Coment\u00e1rio \u00e0 liturgia do domingo com os padres Ant\u00f3nio Val\u00e9rio e Rui Val\u00e9rio\" width=\"1080\" height=\"608\" src=\"https:\/\/www.youtube.com\/embed\/tUMqi5bHmh8?feature=oembed\"  allow=\"accelerometer; autoplay; clipboard-write; encrypted-media; gyroscope; picture-in-picture\" allowfullscreen><\/iframe><\/p>\n<p>Programa Ecclesia do dia 06 de abril de 2018<\/p>\n<\/div>\t<\/div>\r\n<\/div><\/div>\n<div class=\"panel panel-default pt-cv-content-item pt-cv-1-col\" >\r\n<div class=\"panel-heading pt-cv-title\">\r\n    <a class=\"panel-title\" data-toggle=\"cvcollapse\" data-parent=\"#bc59782grm\" data-target=\"#4109e50bks\" href='http:\/\/sites.ecclesia.pt\/liturgia\/ano-b-03o-domingo-da-pascoa\/' onclick='event.preventDefault()'>\r\n\t\tAno B &#8211; 03.\u00ba Domingo da P\u00e1scoa &#8211; Programa Ecclesia\t<\/a>\r\n\t<\/div>\r\n<div id=\"4109e50bks\" class=\"panel-collapse collapse \">\r\n\t<div class=\"panel-body\">\r\n\t\t<div class=\"pt-cv-content\"><p><iframe loading=\"lazy\" title=\"Entrevista. Coment\u00e1rio \u00e0 liturgia do domingo com Frei Jos\u00e9 Nunes e padre N\u00e9lio Pita\" width=\"1080\" height=\"608\" src=\"https:\/\/www.youtube.com\/embed\/Yu_CNmTHiN0?feature=oembed\"  allow=\"accelerometer; autoplay; clipboard-write; encrypted-media; gyroscope; picture-in-picture\" allowfullscreen><\/iframe><\/p>\n<p>Programa Ecclesia de 13 de abril de 2018<\/p>\n<\/div>\t<\/div>\r\n<\/div><\/div>\n<div class=\"panel panel-default pt-cv-content-item pt-cv-1-col\" >\r\n<div class=\"panel-heading pt-cv-title\">\r\n    <a class=\"panel-title\" data-toggle=\"cvcollapse\" data-parent=\"#bc59782grm\" data-target=\"#28930615sd\" href='http:\/\/sites.ecclesia.pt\/liturgia\/ano-b-03-o-domingo-da-pascoa-programa-ecclesia\/' onclick='event.preventDefault()'>\r\n\t\tAno B &#8211; 03.\u00ba Domingo da P\u00e1scoa \u2013 Programa Ecclesia\t<\/a>\r\n\t<\/div>\r\n<div id=\"28930615sd\" class=\"panel-collapse collapse \">\r\n\t<div class=\"panel-body\">\r\n\t\t<div class=\"pt-cv-content\"><p><iframe loading=\"lazy\" title=\"Coment\u00e1rio \u00e0 liturgia do 3\u00ba domingo da P\u00e1scoa - Ano B\" width=\"1080\" height=\"608\" src=\"https:\/\/www.youtube.com\/embed\/PyrInRZqdu8?feature=oembed\"  allow=\"accelerometer; autoplay; clipboard-write; encrypted-media; gyroscope; picture-in-picture\" allowfullscreen><\/iframe><\/p>\n<p>Programa Ecclesia do dia 16 de abril de 2021<\/p>\n<\/div>\t<\/div>\r\n<\/div><\/div>\n<div class=\"panel panel-default pt-cv-content-item pt-cv-1-col\" >\r\n<div class=\"panel-heading pt-cv-title\">\r\n    <a class=\"panel-title\" data-toggle=\"cvcollapse\" data-parent=\"#bc59782grm\" data-target=\"#98dd99cc8e\" href='http:\/\/sites.ecclesia.pt\/liturgia\/ano-b-04-o-domingo-da-pascoa-programa-ecclesia\/' onclick='event.preventDefault()'>\r\n\t\tAno B &#8211; 04.\u00ba Domingo da P\u00e1scoa &#8211; Programa Ecclesia\t<\/a>\r\n\t<\/div>\r\n<div id=\"98dd99cc8e\" class=\"panel-collapse collapse \">\r\n\t<div class=\"panel-body\">\r\n\t\t<div class=\"pt-cv-content\"><p><iframe loading=\"lazy\" title=\"Coment\u00e1rio \u00e0 liturgia do 4.\u00ba Domingo da P\u00e1scoa - Ano B\" width=\"1080\" height=\"608\" src=\"https:\/\/www.youtube.com\/embed\/tCMrcvFCp1E?feature=oembed\"  allow=\"accelerometer; autoplay; clipboard-write; encrypted-media; gyroscope; picture-in-picture\" allowfullscreen><\/iframe><\/p>\n<p>Programa Ecclesia de dia 23 de abril de 2021<\/p>\n<\/div>\t<\/div>\r\n<\/div><\/div>\n<div class=\"panel panel-default pt-cv-content-item pt-cv-1-col\" >\r\n<div class=\"panel-heading pt-cv-title\">\r\n    <a class=\"panel-title\" data-toggle=\"cvcollapse\" data-parent=\"#bc59782grm\" data-target=\"#e675c35unf\" href='http:\/\/sites.ecclesia.pt\/liturgia\/ano-b-04o-domingo-da-pascoa\/' onclick='event.preventDefault()'>\r\n\t\tAno B &#8211; 04.\u00ba Domingo da P\u00e1scoa &#8211; Programa Ecclesia\t<\/a>\r\n\t<\/div>\r\n<div id=\"e675c35unf\" class=\"panel-collapse collapse \">\r\n\t<div class=\"panel-body\">\r\n\t\t<div class=\"pt-cv-content\"><p><iframe loading=\"lazy\" title=\"Entrevista. Coment\u00e1rio \u00e0 liturgia do domingo com Frei Jos\u00e9 Nunes e padre N\u00e9lio Pita\" width=\"1080\" height=\"608\" src=\"https:\/\/www.youtube.com\/embed\/BJ05hA2TCko?feature=oembed\"  allow=\"accelerometer; autoplay; clipboard-write; encrypted-media; gyroscope; picture-in-picture\" allowfullscreen><\/iframe><\/p>\n<p>Programa Ecclesia de dia 20 de abril de 2018<\/p>\n<\/div>\t<\/div>\r\n<\/div><\/div>\n<div class=\"panel panel-default pt-cv-content-item pt-cv-1-col\" >\r\n<div class=\"panel-heading pt-cv-title\">\r\n    <a class=\"panel-title\" data-toggle=\"cvcollapse\" data-parent=\"#bc59782grm\" data-target=\"#9f95dfdk6y\" href='http:\/\/sites.ecclesia.pt\/liturgia\/ano-b-05-o-domingo-da-pascoa-programa-ecclesia\/' onclick='event.preventDefault()'>\r\n\t\tAno B &#8211; 05.\u00ba Domingo da P\u00e1scoa &#8211; Programa Ecclesia\t<\/a>\r\n\t<\/div>\r\n<div id=\"9f95dfdk6y\" class=\"panel-collapse collapse \">\r\n\t<div class=\"panel-body\">\r\n\t\t<div class=\"pt-cv-content\"><p><iframe loading=\"lazy\" title=\"Coment\u00e1rio \u00e0 liturgia do 5\u00ba domingo da P\u00e1scoa - Ano B\" width=\"1080\" height=\"608\" src=\"https:\/\/www.youtube.com\/embed\/CLfyWWn2LgA?feature=oembed\"  allow=\"accelerometer; autoplay; clipboard-write; encrypted-media; gyroscope; picture-in-picture\" allowfullscreen><\/iframe><\/p>\n<p>Programa Ecclesia de dia 30 de abril de 2021<\/p>\n<\/div>\t<\/div>\r\n<\/div><\/div>\n<div class=\"panel panel-default pt-cv-content-item pt-cv-1-col\" >\r\n<div class=\"panel-heading pt-cv-title\">\r\n    <a class=\"panel-title\" data-toggle=\"cvcollapse\" data-parent=\"#bc59782grm\" data-target=\"#224c26dye7\" href='http:\/\/sites.ecclesia.pt\/liturgia\/ano-b-05o-domingo-da-pascoa\/' onclick='event.preventDefault()'>\r\n\t\tAno B &#8211; 05.\u00ba Domingo da P\u00e1scoa &#8211; Programa Ecclesia\t<\/a>\r\n\t<\/div>\r\n<div id=\"224c26dye7\" class=\"panel-collapse collapse \">\r\n\t<div class=\"panel-body\">\r\n\t\t<div class=\"pt-cv-content\"><p><iframe loading=\"lazy\" title=\"Entrevista. Coment\u00e1rio \u00e0 liturgia do domingo com o padre Armindo Vaz e Paulo Paiva\" width=\"1080\" height=\"608\" src=\"https:\/\/www.youtube.com\/embed\/psrjErlW7H4?feature=oembed\"  allow=\"accelerometer; autoplay; clipboard-write; encrypted-media; gyroscope; picture-in-picture\" allowfullscreen><\/iframe><\/p>\n<p>Programa Ecclesia do dia 27 de abril de 2018<\/p>\n<\/div>\t<\/div>\r\n<\/div><\/div>\n<div class=\"panel panel-default pt-cv-content-item pt-cv-1-col\" >\r\n<div class=\"panel-heading pt-cv-title\">\r\n    <a class=\"panel-title\" data-toggle=\"cvcollapse\" data-parent=\"#bc59782grm\" data-target=\"#609fc8bvlj\" href='http:\/\/sites.ecclesia.pt\/liturgia\/ano-b-06-o-domingo-da-pascoa-programa-ecclesia\/' onclick='event.preventDefault()'>\r\n\t\tAno B &#8211; 06.\u00ba Domingo da P\u00e1scoa &#8211; Programa Ecclesia\t<\/a>\r\n\t<\/div>\r\n<div id=\"609fc8bvlj\" class=\"panel-collapse collapse \">\r\n\t<div class=\"panel-body\">\r\n\t\t<div class=\"pt-cv-content\"><p><iframe loading=\"lazy\" title=\"Coment\u00e1rio \u00e0 liturgia do 6.\u00ba Domingo da P\u00e1scoa - Ano B\" width=\"1080\" height=\"608\" src=\"https:\/\/www.youtube.com\/embed\/56No0s7THoY?feature=oembed\"  allow=\"accelerometer; autoplay; clipboard-write; encrypted-media; gyroscope; picture-in-picture\" allowfullscreen><\/iframe><\/p>\n<p>Programa Ecclesia de dia 7 de maio de 2021<\/p>\n<\/div>\t<\/div>\r\n<\/div><\/div>\n<div class=\"panel panel-default pt-cv-content-item pt-cv-1-col\" >\r\n<div class=\"panel-heading pt-cv-title\">\r\n    <a class=\"panel-title\" data-toggle=\"cvcollapse\" data-parent=\"#bc59782grm\" data-target=\"#38782d5m6t\" href='http:\/\/sites.ecclesia.pt\/liturgia\/ano-b-06o-domingo-da-pascoa-3\/' onclick='event.preventDefault()'>\r\n\t\tAno B &#8211; 06.\u00ba Domingo da P\u00e1scoa &#8211; Programa Ecclesia\t<\/a>\r\n\t<\/div>\r\n<div id=\"38782d5m6t\" class=\"panel-collapse collapse \">\r\n\t<div class=\"panel-body\">\r\n\t\t<div class=\"pt-cv-content\"><p><iframe loading=\"lazy\" title=\"Entrevista. Coment\u00e1rio \u00e0 liturgia do domingo com frei Jos\u00e9 Nunes\" width=\"1080\" height=\"608\" src=\"https:\/\/www.youtube.com\/embed\/ZinFJUWoDgw?feature=oembed\"  allow=\"accelerometer; autoplay; clipboard-write; encrypted-media; gyroscope; picture-in-picture\" allowfullscreen><\/iframe><\/p>\n<p>Programa Ecclesia do dia 04 de maio de 2018<\/p>\n<\/div>\t<\/div>\r\n<\/div><\/div>\n<div class=\"panel panel-default pt-cv-content-item pt-cv-1-col\" >\r\n<div class=\"panel-heading pt-cv-title\">\r\n    <a class=\"panel-title\" data-toggle=\"cvcollapse\" data-parent=\"#bc59782grm\" data-target=\"#4a51b28uob\" href='http:\/\/sites.ecclesia.pt\/liturgia\/ano-b-06o-domingo-da-pascoa\/' onclick='event.preventDefault()'>\r\n\t\tAno B &#8211; 06.\u00ba Domingo da P\u00e1scoa &#8211; Programa Ecclesia\t<\/a>\r\n\t<\/div>\r\n<div id=\"4a51b28uob\" class=\"panel-collapse collapse \">\r\n\t<div class=\"panel-body\">\r\n\t\t<div class=\"pt-cv-content\"><p><iframe loading=\"lazy\" title=\"Entrevista. Coment\u00e1rio \u00e0 liturgia do domingo com frei Jos\u00e9 Nunes e padre Jos\u00e9 Carlos Nunes\" width=\"1080\" height=\"608\" src=\"https:\/\/www.youtube.com\/embed\/K2YkvYnOUWw?feature=oembed\"  allow=\"accelerometer; autoplay; clipboard-write; encrypted-media; gyroscope; picture-in-picture\" allowfullscreen><\/iframe><\/p>\n<p>Programa Ecclesia do dia 11 de maio de 2018<\/p>\n<\/div>\t<\/div>\r\n<\/div><\/div><\/div><\/div><\/div><\/div>\n<p>[\/et_pb_text][et_pb_text admin_label=&#8221;SOLENIDADES E FESTAS&#8221; _builder_version=&#8221;4.3.4&#8243; vertical_offset_tablet=&#8221;0&#8243; horizontal_offset_tablet=&#8221;0&#8243; z_index_tablet=&#8221;0&#8243; text_text_shadow_horizontal_length_tablet=&#8221;0px&#8221; text_text_shadow_vertical_length_tablet=&#8221;0px&#8221; text_text_shadow_blur_strength_tablet=&#8221;1px&#8221; link_text_shadow_horizontal_length_tablet=&#8221;0px&#8221; link_text_shadow_vertical_length_tablet=&#8221;0px&#8221; link_text_shadow_blur_strength_tablet=&#8221;1px&#8221; ul_text_shadow_horizontal_length_tablet=&#8221;0px&#8221; ul_text_shadow_vertical_length_tablet=&#8221;0px&#8221; ul_text_shadow_blur_strength_tablet=&#8221;1px&#8221; ol_text_shadow_horizontal_length_tablet=&#8221;0px&#8221; ol_text_shadow_vertical_length_tablet=&#8221;0px&#8221; ol_text_shadow_blur_strength_tablet=&#8221;1px&#8221; quote_text_shadow_horizontal_length_tablet=&#8221;0px&#8221; quote_text_shadow_vertical_length_tablet=&#8221;0px&#8221; quote_text_shadow_blur_strength_tablet=&#8221;1px&#8221; header_text_shadow_horizontal_length_tablet=&#8221;0px&#8221; header_text_shadow_vertical_length_tablet=&#8221;0px&#8221; header_text_shadow_blur_strength_tablet=&#8221;1px&#8221; header_2_text_shadow_horizontal_length_tablet=&#8221;0px&#8221; header_2_text_shadow_vertical_length_tablet=&#8221;0px&#8221; header_2_text_shadow_blur_strength_tablet=&#8221;1px&#8221; header_3_text_shadow_horizontal_length_tablet=&#8221;0px&#8221; header_3_text_shadow_vertical_length_tablet=&#8221;0px&#8221; header_3_text_shadow_blur_strength_tablet=&#8221;1px&#8221; header_4_text_shadow_horizontal_length_tablet=&#8221;0px&#8221; header_4_text_shadow_vertical_length_tablet=&#8221;0px&#8221; header_4_text_shadow_blur_strength_tablet=&#8221;1px&#8221; header_5_text_shadow_horizontal_length_tablet=&#8221;0px&#8221; header_5_text_shadow_vertical_length_tablet=&#8221;0px&#8221; header_5_text_shadow_blur_strength_tablet=&#8221;1px&#8221; header_6_text_shadow_horizontal_length_tablet=&#8221;0px&#8221; header_6_text_shadow_vertical_length_tablet=&#8221;0px&#8221; header_6_text_shadow_blur_strength_tablet=&#8221;1px&#8221; box_shadow_horizontal_tablet=&#8221;0px&#8221; box_shadow_vertical_tablet=&#8221;0px&#8221; box_shadow_blur_tablet=&#8221;40px&#8221; box_shadow_spread_tablet=&#8221;0px&#8221;]<\/p>\n<h3>SOLENIDADES E FESTAS<\/h3>\n<p><span><div class=\"pt-cv-wrapper et_smooth_scroll_disabled\"><div class=\"pt-cv-view pt-cv-collapsible\" id=\"pt-cv-view-a326769zoq\"><div data-id=\"pt-cv-page-1\" class=\"pt-cv-page\" data-cvc=\"1\"><div class=\"panel-group\" id=\"ddcdff61o7\"><div class=\"panel panel-default pt-cv-content-item pt-cv-1-col\" >\r\n<div class=\"panel-heading pt-cv-title\">\r\n    <a class=\"panel-title\" data-toggle=\"cvcollapse\" data-parent=\"#ddcdff61o7\" data-target=\"#2e970056rg\" href='http:\/\/sites.ecclesia.pt\/liturgia\/ano-b-festa-da-sagrada-familia\/' onclick='event.preventDefault()'>\r\n\t\tAno B &#8211; Festa da Sagrada Fam\u00edlia &#8211; Programa Ecclesia\t<\/a>\r\n\t<\/div>\r\n<div id=\"2e970056rg\" class=\"panel-collapse collapse \">\r\n\t<div class=\"panel-body\">\r\n\t\t<div class=\"pt-cv-content\"><p><iframe loading=\"lazy\" title=\"Coment\u00e1rio \u00e0 liturgia da Festa da Sagrada Fam\u00edlia pelo c\u00f3nego Ant\u00f3nio Rego e padre Armindo Vaz\" width=\"1080\" height=\"608\" src=\"https:\/\/www.youtube.com\/embed\/ld2VRu5Nnyw?feature=oembed\"  allow=\"accelerometer; autoplay; clipboard-write; encrypted-media; gyroscope; picture-in-picture\" allowfullscreen><\/iframe><\/p>\n<p>Programa Ecclesia (emiss\u00e3o 29-12-2017)<\/p>\n<\/div>\t<\/div>\r\n<\/div><\/div>\n<div class=\"panel panel-default pt-cv-content-item pt-cv-1-col\" >\r\n<div class=\"panel-heading pt-cv-title\">\r\n    <a class=\"panel-title\" data-toggle=\"cvcollapse\" data-parent=\"#ddcdff61o7\" data-target=\"#b221fdbpkv\" href='http:\/\/sites.ecclesia.pt\/liturgia\/ano-b-festa-do-batismo-do-senhor-programa-ecclesia\/' onclick='event.preventDefault()'>\r\n\t\tAno B &#8211; Festa do Batismo do Senhor &#8211; Programa Ecclesia\t<\/a>\r\n\t<\/div>\r\n<div id=\"b221fdbpkv\" class=\"panel-collapse collapse \">\r\n\t<div class=\"panel-body\">\r\n\t\t<div class=\"pt-cv-content\"><p><iframe loading=\"lazy\" title=\"Coment\u00e1rio \u00e0 liturgia da Festa do Batismo do Senhor\" width=\"1080\" height=\"608\" src=\"https:\/\/www.youtube.com\/embed\/SqPDowX-oE8?feature=oembed\"  allow=\"accelerometer; autoplay; clipboard-write; encrypted-media; gyroscope; picture-in-picture\" allowfullscreen><\/iframe><\/p>\n<p>Prgrama Ecclesia de 8 de janeiro de 2021<\/p>\n<\/div>\t<\/div>\r\n<\/div><\/div>\n<div class=\"panel panel-default pt-cv-content-item pt-cv-1-col\" >\r\n<div class=\"panel-heading pt-cv-title\">\r\n    <a class=\"panel-title\" data-toggle=\"cvcollapse\" data-parent=\"#ddcdff61o7\" data-target=\"#fd8c3fd54v\" href='http:\/\/sites.ecclesia.pt\/liturgia\/ano-b-comentario-a-liturgia-da-solenidade-da-ascensao-programa-ecclesia\/' onclick='event.preventDefault()'>\r\n\t\tAno B &#8211; Solenidade da Ascens\u00e3o &#8211; Programa Ecclesia\t<\/a>\r\n\t<\/div>\r\n<div id=\"fd8c3fd54v\" class=\"panel-collapse collapse \">\r\n\t<div class=\"panel-body\">\r\n\t\t<div class=\"pt-cv-content\"><p><iframe loading=\"lazy\" title=\"Coment\u00e1rio \u00e0 liturgia da Solenidade da Ascens\u00e3o - Ano B\" width=\"1080\" height=\"608\" src=\"https:\/\/www.youtube.com\/embed\/9ac0q_8Ef4M?feature=oembed\"  allow=\"accelerometer; autoplay; clipboard-write; encrypted-media; gyroscope; picture-in-picture\" allowfullscreen><\/iframe><\/p>\n<p>Programa Ecclesia de dia 14 de maio de 2021<\/p>\n<\/div>\t<\/div>\r\n<\/div><\/div>\n<div class=\"panel panel-default pt-cv-content-item pt-cv-1-col\" >\r\n<div class=\"panel-heading pt-cv-title\">\r\n    <a class=\"panel-title\" data-toggle=\"cvcollapse\" data-parent=\"#ddcdff61o7\" data-target=\"#200166bzgl\" href='http:\/\/sites.ecclesia.pt\/liturgia\/ano-b-solenidade-da-epifania-do-senhor\/' onclick='event.preventDefault()'>\r\n\t\tAno B &#8211; Solenidade da Epifania do Senhor &#8211; Programa Ecclesia\t<\/a>\r\n\t<\/div>\r\n<div id=\"200166bzgl\" class=\"panel-collapse collapse \">\r\n\t<div class=\"panel-body\">\r\n\t\t<div class=\"pt-cv-content\"><p><iframe loading=\"lazy\" title=\"Entrevista. Coment\u00e1rio \u00e0 liturgia do domingo com Frei Jos\u00e9 Nunes e Padre Natana\u00e9l Mykola Harasym\" width=\"1080\" height=\"608\" src=\"https:\/\/www.youtube.com\/embed\/De-4evzIrGA?feature=oembed\"  allow=\"accelerometer; autoplay; clipboard-write; encrypted-media; gyroscope; picture-in-picture\" allowfullscreen><\/iframe><\/p>\n<p>Programa Ecclesia (emiss\u00e3o 05-01-2018)<\/p>\n<\/div>\t<\/div>\r\n<\/div><\/div>\n<div class=\"panel panel-default pt-cv-content-item pt-cv-1-col\" >\r\n<div class=\"panel-heading pt-cv-title\">\r\n    <a class=\"panel-title\" data-toggle=\"cvcollapse\" data-parent=\"#ddcdff61o7\" data-target=\"#6bbf35ctsd\" href='http:\/\/sites.ecclesia.pt\/liturgia\/ano-b-solenidade-da-imaculada-conceicao\/' onclick='event.preventDefault()'>\r\n\t\tAno B &#8211; Solenidade da Imaculada Concei\u00e7\u00e3o &#8211; Programa Ecclesia\t<\/a>\r\n\t<\/div>\r\n<div id=\"6bbf35ctsd\" class=\"panel-collapse collapse \">\r\n\t<div class=\"panel-body\">\r\n\t\t<div class=\"pt-cv-content\"><p><iframe loading=\"lazy\" title=\"Entrevista. Coment\u00e1rio \u00e0 liturgia do domingo com D. Francisco Senra Coelho\" width=\"1080\" height=\"608\" src=\"https:\/\/www.youtube.com\/embed\/pN330RvZztM?feature=oembed\"  allow=\"accelerometer; autoplay; clipboard-write; encrypted-media; gyroscope; picture-in-picture\" allowfullscreen><\/iframe><\/p>\n<p>Programa Ecclesia (emiss\u00e3o 08-12-2017)<\/p>\n<\/div>\t<\/div>\r\n<\/div><\/div>\n<div class=\"panel panel-default pt-cv-content-item pt-cv-1-col\" >\r\n<div class=\"panel-heading pt-cv-title\">\r\n    <a class=\"panel-title\" data-toggle=\"cvcollapse\" data-parent=\"#ddcdff61o7\" data-target=\"#77eb70bp36\" href='http:\/\/sites.ecclesia.pt\/liturgia\/ano-b-solenidade-da-santissima-trindade-programa-ecclesia\/' onclick='event.preventDefault()'>\r\n\t\tAno B &#8211; Solenidade da Sant\u00edssima Trindade &#8211; Programa Ecclesia\t<\/a>\r\n\t<\/div>\r\n<div id=\"77eb70bp36\" class=\"panel-collapse collapse \">\r\n\t<div class=\"panel-body\">\r\n\t\t<div class=\"pt-cv-content\"><p><iframe loading=\"lazy\" title=\"Coment\u00e1rio \u00e0 liturgia da Solenidade da Sant\u00edssima Trindade - Ano B\" width=\"1080\" height=\"608\" src=\"https:\/\/www.youtube.com\/embed\/ckWhSo7jPsk?feature=oembed\"  allow=\"accelerometer; autoplay; clipboard-write; encrypted-media; gyroscope; picture-in-picture\" allowfullscreen><\/iframe><\/p>\n<p>Programa Ecclesia de dia 28 de maio de 2021<\/p>\n<\/div>\t<\/div>\r\n<\/div><\/div>\n<div class=\"panel panel-default pt-cv-content-item pt-cv-1-col\" >\r\n<div class=\"panel-heading pt-cv-title\">\r\n    <a class=\"panel-title\" data-toggle=\"cvcollapse\" data-parent=\"#ddcdff61o7\" data-target=\"#6beb42dtq2\" href='http:\/\/sites.ecclesia.pt\/liturgia\/comentario-a-liturgia-da-solenidade-de-cristo-rei-pela-irma-paula-jordao-e-padre-manuel-morujao\/' onclick='event.preventDefault()'>\r\n\t\tAno B &#8211; Solenidade de Cristo Rei &#8211; Programa Ecclesia\t<\/a>\r\n\t<\/div>\r\n<div id=\"6beb42dtq2\" class=\"panel-collapse collapse \">\r\n\t<div class=\"panel-body\">\r\n\t\t<div class=\"pt-cv-content\"><p><iframe loading=\"lazy\" title=\"Coment\u00e1rio \u00e0 liturgia da Solenidade de Cristo Rei pela irm\u00e3 Paula Jord\u00e3o e padre Manuel Moruj\u00e3o\" width=\"1080\" height=\"608\" src=\"https:\/\/www.youtube.com\/embed\/t7-dYjq5uCI?feature=oembed\"  allow=\"accelerometer; autoplay; clipboard-write; encrypted-media; gyroscope; picture-in-picture\" allowfullscreen><\/iframe><\/p>\n<p>Programa Ecclesia do dia 23 de novembro de 2018<\/p>\n<p>&nbsp;<\/p>\n<\/div>\t<\/div>\r\n<\/div><\/div>\n<div class=\"panel panel-default pt-cv-content-item pt-cv-1-col\" >\r\n<div class=\"panel-heading pt-cv-title\">\r\n    <a class=\"panel-title\" data-toggle=\"cvcollapse\" data-parent=\"#ddcdff61o7\" data-target=\"#ca77958bg0\" href='http:\/\/sites.ecclesia.pt\/liturgia\/ano-b-solenidade-de-pentecostes\/' onclick='event.preventDefault()'>\r\n\t\tAno B &#8211; Solenidade de Pentecostes &#8211; Programa Ecclesia\t<\/a>\r\n\t<\/div>\r\n<div id=\"ca77958bg0\" class=\"panel-collapse collapse \">\r\n\t<div class=\"panel-body\">\r\n\t\t<div class=\"pt-cv-content\"><p><iframe loading=\"lazy\" title=\"Entrevista. Coment\u00e1rio \u00e0 liturgia do domingo com os padres Lu\u00eds Alberto e Armindo Vaz\" width=\"1080\" height=\"608\" src=\"https:\/\/www.youtube.com\/embed\/FIhMUKd2IUc?feature=oembed\"  allow=\"accelerometer; autoplay; clipboard-write; encrypted-media; gyroscope; picture-in-picture\" allowfullscreen><\/iframe><\/p>\n<p>Programa Ecclesia do dia 18 de maio de 2018<\/p>\n<p>&nbsp;<\/p>\n<\/div>\t<\/div>\r\n<\/div><\/div>\n<div class=\"panel panel-default pt-cv-content-item pt-cv-1-col\" >\r\n<div class=\"panel-heading pt-cv-title\">\r\n    <a class=\"panel-title\" data-toggle=\"cvcollapse\" data-parent=\"#ddcdff61o7\" data-target=\"#66d9c85c12\" href='http:\/\/sites.ecclesia.pt\/liturgia\/ano-b-solenidade-de-s-joao-batista\/' onclick='event.preventDefault()'>\r\n\t\tAno B &#8211; Solenidade de S. Jo\u00e3o Batista &#8211; Programa Ecclesia\t<\/a>\r\n\t<\/div>\r\n<div id=\"66d9c85c12\" class=\"panel-collapse collapse \">\r\n\t<div class=\"panel-body\">\r\n\t\t<div class=\"pt-cv-content\"><p><iframe loading=\"lazy\" title=\"Coment\u00e1rio \u00e0 liturgia da Solenidade de S. Jo\u00e3o Batista com a irm\u00e3 Paula Jord\u00e3o e Juan Ambrosio\" width=\"1080\" height=\"608\" src=\"https:\/\/www.youtube.com\/embed\/tNdhfQOXyBE?feature=oembed\"  allow=\"accelerometer; autoplay; clipboard-write; encrypted-media; gyroscope; picture-in-picture\" allowfullscreen><\/iframe><\/p>\n<p>Programa Ecclesia do dia 22 de junho de 2018<\/p>\n<\/div>\t<\/div>\r\n<\/div><\/div>\n<div class=\"panel panel-default pt-cv-content-item pt-cv-1-col\" >\r\n<div class=\"panel-heading pt-cv-title\">\r\n    <a class=\"panel-title\" data-toggle=\"cvcollapse\" data-parent=\"#ddcdff61o7\" data-target=\"#8398c4azrk\" href='http:\/\/sites.ecclesia.pt\/liturgia\/dia-todos-os-santos\/' onclick='event.preventDefault()'>\r\n\t\tAno B &#8211; Solenidade de todos os Santos &#8211; Programa Ecclesia\t<\/a>\r\n\t<\/div>\r\n<div id=\"8398c4azrk\" class=\"panel-collapse collapse \">\r\n\t<div class=\"panel-body\">\r\n\t\t<div class=\"pt-cv-content\"><p><iframe loading=\"lazy\" title=\"Dia de todos os Santos\" width=\"1080\" height=\"608\" src=\"https:\/\/www.youtube.com\/embed\/p8R3wDYVRp4?feature=oembed\"  allow=\"accelerometer; autoplay; clipboard-write; encrypted-media; gyroscope; picture-in-picture\" allowfullscreen><\/iframe><\/p>\n<p>Programa Ecclesia do dia 01 de novembro de 2018<\/p>\n<\/div>\t<\/div>\r\n<\/div><\/div>\n<div class=\"panel panel-default pt-cv-content-item pt-cv-1-col\" >\r\n<div class=\"panel-heading pt-cv-title\">\r\n    <a class=\"panel-title\" data-toggle=\"cvcollapse\" data-parent=\"#ddcdff61o7\" data-target=\"#ff4a741sn3\" href='http:\/\/sites.ecclesia.pt\/liturgia\/ano-b-solenidade-do-pentecostes-programa-ecclesia\/' onclick='event.preventDefault()'>\r\n\t\tAno B &#8211; Solenidade do Pentecostes &#8211; Programa Ecclesia\t<\/a>\r\n\t<\/div>\r\n<div id=\"ff4a741sn3\" class=\"panel-collapse collapse \">\r\n\t<div class=\"panel-body\">\r\n\t\t<div class=\"pt-cv-content\"><p><iframe loading=\"lazy\" title=\"Coment\u00e1rio \u00e0 liturgia do Pentecostes. Ano B\" width=\"1080\" height=\"608\" src=\"https:\/\/www.youtube.com\/embed\/2KjTMVIAXrI?feature=oembed\"  allow=\"accelerometer; autoplay; clipboard-write; encrypted-media; gyroscope; picture-in-picture\" allowfullscreen><\/iframe><\/p>\n<p>Programa Ecclesia de dia 21 de maio de 2021<\/p>\n<\/div>\t<\/div>\r\n<\/div><\/div><\/div><\/div><\/div><\/div><\/span><\/p>\n<p>[\/et_pb_text][\/et_pb_column][\/et_pb_row][\/et_pb_section]<\/p>\n","protected":false},"excerpt":{"rendered":"<p>ANO BPrograma ECCLESIA\u00a0 Coment\u00e1rio \u00e0 liturgia Tempo Comum <div class=\"pt-cv-wrapper et_smooth_scroll_disabled\"><div class=\"pt-cv-view pt-cv-collapsible\" id=\"pt-cv-view-46852b60j3\"><div data-id=\"pt-cv-page-1\" class=\"pt-cv-page\" data-cvc=\"1\"><div class=\"panel-group\" id=\"a5ae0bcmsn\"><div class=\"panel panel-default pt-cv-content-item pt-cv-1-col\" >\r\n<div class=\"panel-heading pt-cv-title\">\r\n    <a class=\"panel-title\" data-toggle=\"cvcollapse\" data-parent=\"#a5ae0bcmsn\" data-target=\"#25838f908l\" href='http:\/\/sites.ecclesia.pt\/liturgia\/ano-b-02-o-domingo-do-tempo-comum-programa-ecclesia\/' onclick='event.preventDefault()'>\r\n\t\tAno B &#8211; 02.\u00ba Domingo do Tempo Comum &#8211; Programa Ecclesia\t<\/a>\r\n\t<\/div>\r\n<div id=\"25838f908l\" class=\"panel-collapse collapse \">\r\n\t<div class=\"panel-body\">\r\n\t\t<div class=\"pt-cv-content\"><p><iframe loading=\"lazy\" title=\"Coment\u00e1rio \u00e0 liturgia do 2\u00ba domingo do Tempo Comum\" width=\"1080\" height=\"608\" src=\"https:\/\/www.youtube.com\/embed\/wthThBGs8VY?feature=oembed\"  allow=\"accelerometer; autoplay; clipboard-write; encrypted-media; gyroscope; picture-in-picture\" allowfullscreen><\/iframe><\/p>\n<p>Programa Ecclesia de dia 15 de janeiro de 2021<\/p>\n<\/div>\t<\/div>\r\n<\/div><\/div>\n<div class=\"panel panel-default pt-cv-content-item pt-cv-1-col\" >\r\n<div class=\"panel-heading pt-cv-title\">\r\n    <a class=\"panel-title\" data-toggle=\"cvcollapse\" data-parent=\"#a5ae0bcmsn\" data-target=\"#2987868mfv\" href='http:\/\/sites.ecclesia.pt\/liturgia\/ano-b-03-o-domingo-do-tempo-comum-programa-ecclesia\/' onclick='event.preventDefault()'>\r\n\t\tAno B &#8211; 03.\u00ba Domingo do Tempo Comum &#8211; Programa Ecclesia\t<\/a>\r\n\t<\/div>\r\n<div id=\"2987868mfv\" class=\"panel-collapse collapse \">\r\n\t<div class=\"panel-body\">\r\n\t\t<div class=\"pt-cv-content\"><p><iframe loading=\"lazy\" title=\"Coment\u00e1rio \u00e0 liturgia do 3\u00ba domingo do Tempo Comum\" width=\"1080\" height=\"608\" src=\"https:\/\/www.youtube.com\/embed\/4Mwd_swt6Fc?feature=oembed\"  allow=\"accelerometer; autoplay; clipboard-write; encrypted-media; gyroscope; picture-in-picture\" allowfullscreen><\/iframe><\/p>\n<p>Programa Ecclesia do dia 22 de janeiro de 2021<\/p>\n<\/div>\t<\/div>\r\n<\/div><\/div>\n<div class=\"panel panel-default pt-cv-content-item pt-cv-1-col\" >\r\n<div class=\"panel-heading pt-cv-title\">\r\n    <a class=\"panel-title\" data-toggle=\"cvcollapse\" data-parent=\"#a5ae0bcmsn\" data-target=\"#8f9a09f1ah\" href='http:\/\/sites.ecclesia.pt\/liturgia\/ano-b-03o-domingo-do-tempo-comum\/' onclick='event.preventDefault()'>\r\n\t\tAno B &#8211; 03.\u00ba Domingo do Tempo Comum &#8211; Programa Ecclesia\t<\/a>\r\n\t<\/div>\r\n<div id=\"8f9a09f1ah\" class=\"panel-collapse collapse \">\r\n\t<div class=\"panel-body\">\r\n\t\t<div class=\"pt-cv-content\"><p><iframe loading=\"lazy\" title=\"Entrevista. Coment\u00e1rio \u00e0 liturgia do domingo com padre Manuel Matos e padre N\u00e9lio Pita\" width=\"1080\" height=\"608\" src=\"https:\/\/www.youtube.com\/embed\/divn2t7OHyE?feature=oembed\"  allow=\"accelerometer; autoplay; clipboard-write; encrypted-media; gyroscope; picture-in-picture\" allowfullscreen><\/iframe><\/p>\n<p>Programa Ecclesia do dia 19 de janeiro 2018<\/p>\n<p>&nbsp;<\/p>\n<\/div>\t<\/div>\r\n<\/div><\/div>\n<div class=\"panel panel-default pt-cv-content-item pt-cv-1-col\" >\r\n<div class=\"panel-heading pt-cv-title\">\r\n    <a class=\"panel-title\" data-toggle=\"cvcollapse\" data-parent=\"#a5ae0bcmsn\" data-target=\"#c072178n27\" href='http:\/\/sites.ecclesia.pt\/liturgia\/ano-b-04-o-domingo-do-tempo-comum-programa-ecclesia\/' onclick='event.preventDefault()'>\r\n\t\tAno B &#8211; 04.\u00ba Domingo do Tempo Comum &#8211; Programa Ecclesia\t<\/a>\r\n\t<\/div>\r\n<div id=\"c072178n27\" class=\"panel-collapse collapse \">\r\n\t<div class=\"panel-body\">\r\n\t\t<div class=\"pt-cv-content\"><p><iframe loading=\"lazy\" title=\"Programa Ecclesia do dia 26 de janeiro de 2018\" width=\"1080\" height=\"608\" src=\"https:\/\/www.youtube.com\/embed\/JRGGcuhKoNM?feature=oembed\"  allow=\"accelerometer; autoplay; clipboard-write; encrypted-media; gyroscope; picture-in-picture\" allowfullscreen><\/iframe><\/p>\n<p>Programa Ecclesia do dia 26 de janeiro de 2018<\/p>\n<p>&nbsp;<\/p>\n<\/div>\t<\/div>\r\n<\/div><\/div>\n<div class=\"panel panel-default pt-cv-content-item pt-cv-1-col\" >\r\n<div class=\"panel-heading pt-cv-title\">\r\n    <a class=\"panel-title\" data-toggle=\"cvcollapse\" data-parent=\"#a5ae0bcmsn\" data-target=\"#3b8887ai6e\" href='http:\/\/sites.ecclesia.pt\/liturgia\/ano-b-04-o-domingo-do-tempo-comum-programa-ecclesia-2\/' onclick='event.preventDefault()'>\r\n\t\tAno B &#8211; 04.\u00ba Domingo do Tempo Comum &#8211; Programa Ecclesia\t<\/a>\r\n\t<\/div>\r\n<div id=\"3b8887ai6e\" class=\"panel-collapse collapse \">\r\n\t<div class=\"panel-body\">\r\n\t\t<div class=\"pt-cv-content\"><p><iframe loading=\"lazy\" title=\"Coment\u00e1rio \u00e0 liturgia do 4\u00ba domingo do Tempo Comum - Ano B\" width=\"1080\" height=\"608\" src=\"https:\/\/www.youtube.com\/embed\/dCvNkUaNZU8?feature=oembed\"  allow=\"accelerometer; autoplay; clipboard-write; encrypted-media; gyroscope; picture-in-picture\" allowfullscreen><\/iframe><\/p>\n<p>Programa ECCLESIA de dia 29 de janeiro de 2021<\/p>\n<\/div>\t<\/div>\r\n<\/div><\/div>\n<div class=\"panel panel-default pt-cv-content-item pt-cv-1-col\" >\r\n<div class=\"panel-heading pt-cv-title\">\r\n    <a class=\"panel-title\" data-toggle=\"cvcollapse\" data-parent=\"#a5ae0bcmsn\" data-target=\"#00db0eawie\" href='http:\/\/sites.ecclesia.pt\/liturgia\/ano-b-5-o-domingo-do-tempo-comum-programa-ecclesia\/' onclick='event.preventDefault()'>\r\n\t\tAno B &#8211; 05.\u00ba Domingo do tempo Comum &#8211; Programa Ecclesia\t<\/a>\r\n\t<\/div>\r\n<div id=\"00db0eawie\" class=\"panel-collapse collapse \">\r\n\t<div class=\"panel-body\">\r\n\t\t<div class=\"pt-cv-content\"><p><iframe loading=\"lazy\" title=\"Coment\u00e1rio \u00e0 liturgia do 5.\u00ba Domingo do Tempo Comum - Ano B.\" width=\"1080\" height=\"608\" src=\"https:\/\/www.youtube.com\/embed\/mNYg4MLWsy8?feature=oembed\"  allow=\"accelerometer; autoplay; clipboard-write; encrypted-media; gyroscope; picture-in-picture\" allowfullscreen><\/iframe><\/p>\n<p>Programa Ecclesia do dia 5 de fevereiro de 2021<\/p>\n<\/div>\t<\/div>\r\n<\/div><\/div>\n<div class=\"panel panel-default pt-cv-content-item pt-cv-1-col\" >\r\n<div class=\"panel-heading pt-cv-title\">\r\n    <a class=\"panel-title\" data-toggle=\"cvcollapse\" data-parent=\"#a5ae0bcmsn\" data-target=\"#fa1e012cp7\" href='http:\/\/sites.ecclesia.pt\/liturgia\/ano-b-05-o-domingo-do-tempo-comum-programa-ecclesia-2\/' onclick='event.preventDefault()'>\r\n\t\tAno B &#8211; 05.\u00ba Domingo do Tempo Comum &#8211; Programa Ecclesia\t<\/a>\r\n\t<\/div>\r\n<div id=\"fa1e012cp7\" class=\"panel-collapse collapse \">\r\n\t<div class=\"panel-body\">\r\n\t\t<div class=\"pt-cv-content\"><p><iframe loading=\"lazy\" title=\"Entrevista. Coment\u00e1rio \u00e0 liturgia do domingo com os padres Jos\u00e9 Vieira e Jo\u00e3o Louren\u00e7o\" width=\"1080\" height=\"608\" src=\"https:\/\/www.youtube.com\/embed\/GHFhXtOUGJM?feature=oembed\"  allow=\"accelerometer; autoplay; clipboard-write; encrypted-media; gyroscope; picture-in-picture\" allowfullscreen><\/iframe><\/p>\n<p>Programa Ecclesia dia 2 de fevereiro 2018<\/p>\n<\/div>\t<\/div>\r\n<\/div><\/div>\n<div class=\"panel panel-default pt-cv-content-item pt-cv-1-col\" >\r\n<div class=\"panel-heading pt-cv-title\">\r\n    <a class=\"panel-title\" data-toggle=\"cvcollapse\" data-parent=\"#a5ae0bcmsn\" data-target=\"#e6734a4lz2\" href='http:\/\/sites.ecclesia.pt\/liturgia\/ano-b-06o-domingo-do-tempo-comum\/' onclick='event.preventDefault()'>\r\n\t\tAno B &#8211; 06.\u00ba Domingo do Tempo Comum &#8211; Programa Ecclesia\t<\/a>\r\n\t<\/div>\r\n<div id=\"e6734a4lz2\" class=\"panel-collapse collapse \">\r\n\t<div class=\"panel-body\">\r\n\t\t<div class=\"pt-cv-content\"><p><iframe loading=\"lazy\" title=\"Entrevista. Coment\u00e1rio \u00e0 liturgia do domingo com os padres Jorge Santos e Jo\u00e3o Louren\u00e7o\" width=\"1080\" height=\"608\" src=\"https:\/\/www.youtube.com\/embed\/eFhOVgWTbDc?feature=oembed\"  allow=\"accelerometer; autoplay; clipboard-write; encrypted-media; gyroscope; picture-in-picture\" allowfullscreen><\/iframe><\/p>\n<p>Programa Ecclesia do dia\u00a0 09 de fevereiro de 2018<\/p>\n<\/div>\t<\/div>\r\n<\/div><\/div>\n<div class=\"panel panel-default pt-cv-content-item pt-cv-1-col\" >\r\n<div class=\"panel-heading pt-cv-title\">\r\n    <a class=\"panel-title\" data-toggle=\"cvcollapse\" data-parent=\"#a5ae0bcmsn\" data-target=\"#c1c2b6e514\" href='http:\/\/sites.ecclesia.pt\/liturgia\/ano-b-06-o-domingo-do-tempo-comum-programa-ecclesia\/' onclick='event.preventDefault()'>\r\n\t\tAno B &#8211; 06.\u00ba Domingo do Tempo Comum. Programa Ecclesia\t<\/a>\r\n\t<\/div>\r\n<div id=\"c1c2b6e514\" class=\"panel-collapse collapse \">\r\n\t<div class=\"panel-body\">\r\n\t\t<div class=\"pt-cv-content\"><p><iframe loading=\"lazy\" title=\"Coment\u00e1rio \u00e0 liturgia do 6.\u00ba domingo do Tempo Comum - Ano B\" width=\"1080\" height=\"608\" src=\"https:\/\/www.youtube.com\/embed\/4BK4TxmA4b4?feature=oembed\"  allow=\"accelerometer; autoplay; clipboard-write; encrypted-media; gyroscope; picture-in-picture\" allowfullscreen><\/iframe><\/p>\n<p>Programa Ecclesia de dia 12 de fevereiro de 2021<\/p>\n<\/div>\t<\/div>\r\n<\/div><\/div>\n<div class=\"panel panel-default pt-cv-content-item pt-cv-1-col\" >\r\n<div class=\"panel-heading pt-cv-title\">\r\n    <a class=\"panel-title\" data-toggle=\"cvcollapse\" data-parent=\"#a5ae0bcmsn\" data-target=\"#d5a0b97u4e\" href='http:\/\/sites.ecclesia.pt\/liturgia\/ano-b-9-o-domingo-do-tempo-comum-programa-ecclesia\/' onclick='event.preventDefault()'>\r\n\t\tAno B &#8211; 09.\u00ba Domingo do tempo comum &#8211; Programa Ecclesia\t<\/a>\r\n\t<\/div>\r\n<div id=\"d5a0b97u4e\" class=\"panel-collapse collapse \">\r\n\t<div class=\"panel-body\">\r\n\t\t<div class=\"pt-cv-content\"><p><iframe loading=\"lazy\" title=\"Entrevista. Coment\u00e1rio \u00e0 liturgia do domingo com o padre Jo\u00e3o Louren\u00e7o e o advogado Ribeiro e Castro\" width=\"1080\" height=\"608\" src=\"https:\/\/www.youtube.com\/embed\/WuMLY3IzVLo?feature=oembed\"  allow=\"accelerometer; autoplay; clipboard-write; encrypted-media; gyroscope; picture-in-picture\" allowfullscreen><\/iframe><\/p>\n<p>Programa Ecclesia do dia 31 de maio de 2018<\/p>\n<\/div>\t<\/div>\r\n<\/div><\/div>\n<div class=\"panel panel-default pt-cv-content-item pt-cv-1-col\" >\r\n<div class=\"panel-heading pt-cv-title\">\r\n    <a class=\"panel-title\" data-toggle=\"cvcollapse\" data-parent=\"#a5ae0bcmsn\" data-target=\"#0ab22f50u4\" href='http:\/\/sites.ecclesia.pt\/liturgia\/ano-b-10-o-domingo-do-tempo-comum-programa-ecclesia\/' onclick='event.preventDefault()'>\r\n\t\tAno B &#8211; 10.\u00ba Domingo do Tempo Comum &#8211; Programa Ecclesia\t<\/a>\r\n\t<\/div>\r\n<div id=\"0ab22f50u4\" class=\"panel-collapse collapse \">\r\n\t<div class=\"panel-body\">\r\n\t\t<div class=\"pt-cv-content\"><p><iframe loading=\"lazy\" title=\"Coment\u00e1rio \u00e0 liturgia do 10.\u00ba Domingo do Tempo Comum - Ano B\" width=\"1080\" height=\"608\" src=\"https:\/\/www.youtube.com\/embed\/s_xGrR81BiU?feature=oembed\"  allow=\"accelerometer; autoplay; clipboard-write; encrypted-media; gyroscope; picture-in-picture\" allowfullscreen><\/iframe><\/p>\n<p>Programa Ecclesia de 4 de junho de 2021<\/p>\n<\/div>\t<\/div>\r\n<\/div><\/div>\n<div class=\"panel panel-default pt-cv-content-item pt-cv-1-col\" >\r\n<div class=\"panel-heading pt-cv-title\">\r\n    <a class=\"panel-title\" data-toggle=\"cvcollapse\" data-parent=\"#a5ae0bcmsn\" data-target=\"#1be953ftpq\" href='http:\/\/sites.ecclesia.pt\/liturgia\/ano-b-10o-domingo-do-tempo-comum\/' onclick='event.preventDefault()'>\r\n\t\tAno B &#8211; 10.\u00ba Domingo do Tempo Comum &#8211; Programa Ecclesia\t<\/a>\r\n\t<\/div>\r\n<div id=\"1be953ftpq\" class=\"panel-collapse collapse \">\r\n\t<div class=\"panel-body\">\r\n\t\t<div class=\"pt-cv-content\"><p><iframe loading=\"lazy\" title=\"Entrevista. Coment\u00e1rio \u00e0 liturgia do domingo com os padres Jo\u00e3o Louren\u00e7o e Jos\u00e9 Agostinho\" width=\"1080\" height=\"608\" src=\"https:\/\/www.youtube.com\/embed\/u9yD1kz1G50?feature=oembed\"  allow=\"accelerometer; autoplay; clipboard-write; encrypted-media; gyroscope; picture-in-picture\" allowfullscreen><\/iframe><\/p>\n<p>Programa Ecclesia do dia 08 de junho de 2018<\/p>\n<\/div>\t<\/div>\r\n<\/div><\/div>\n<div class=\"panel panel-default pt-cv-content-item pt-cv-1-col\" >\r\n<div class=\"panel-heading pt-cv-title\">\r\n    <a class=\"panel-title\" data-toggle=\"cvcollapse\" data-parent=\"#a5ae0bcmsn\" data-target=\"#bd861f53yh\" href='http:\/\/sites.ecclesia.pt\/liturgia\/ano-b-11-o-domingo-do-tempo-comum-programa-ecclesia\/' onclick='event.preventDefault()'>\r\n\t\tAno B &#8211; 11.\u00ba Domingo do tempo Comum &#8211; Programa Ecclesia\t<\/a>\r\n\t<\/div>\r\n<div id=\"bd861f53yh\" class=\"panel-collapse collapse \">\r\n\t<div class=\"panel-body\">\r\n\t\t<div class=\"pt-cv-content\"><p><iframe loading=\"lazy\" title=\"Coment\u00e1rio \u00e0 liturgia do 11.\u00ba Domingo do tempo Comum - Ano B\" width=\"1080\" height=\"608\" src=\"https:\/\/www.youtube.com\/embed\/807NWbGVFOY?feature=oembed\"  allow=\"accelerometer; autoplay; clipboard-write; encrypted-media; gyroscope; picture-in-picture\" allowfullscreen><\/iframe><\/p>\n<p>Programa Ecclesia de dia 11 de junho de 2021<\/p>\n<\/div>\t<\/div>\r\n<\/div><\/div>\n<div class=\"panel panel-default pt-cv-content-item pt-cv-1-col\" >\r\n<div class=\"panel-heading pt-cv-title\">\r\n    <a class=\"panel-title\" data-toggle=\"cvcollapse\" data-parent=\"#a5ae0bcmsn\" data-target=\"#a9d509696o\" href='http:\/\/sites.ecclesia.pt\/liturgia\/ano-b-11o-domingo-do-tempo-comum\/' onclick='event.preventDefault()'>\r\n\t\tAno B &#8211; 11.\u00ba Domingo do Tempo Comum &#8211; Programa Ecclesia\t<\/a>\r\n\t<\/div>\r\n<div id=\"a9d509696o\" class=\"panel-collapse collapse \">\r\n\t<div class=\"panel-body\">\r\n\t\t<div class=\"pt-cv-content\"><p><iframe loading=\"lazy\" title=\"Coment\u00e1rio \u00e0 liturgia do 11\u00ba domingo do Tempo Comum com a irm\u00e3 Paula Jord\u00e3o e Juan Ambrosio\" width=\"1080\" height=\"608\" src=\"https:\/\/www.youtube.com\/embed\/Po9q5fvvpcY?feature=oembed\"  allow=\"accelerometer; autoplay; clipboard-write; encrypted-media; gyroscope; picture-in-picture\" allowfullscreen><\/iframe><\/p>\n<p>Programa Ecclesia do dia 15 de junho de 2018<\/p>\n<\/div>\t<\/div>\r\n<\/div><\/div>\n<div class=\"panel panel-default pt-cv-content-item pt-cv-1-col\" >\r\n<div class=\"panel-heading pt-cv-title\">\r\n    <a class=\"panel-title\" data-toggle=\"cvcollapse\" data-parent=\"#a5ae0bcmsn\" data-target=\"#d5bbf11vzr\" href='http:\/\/sites.ecclesia.pt\/liturgia\/ano-b-12-o-domingo-do-tempo-comum-programa-ecclesia\/' onclick='event.preventDefault()'>\r\n\t\tAno B &#8211; 12.\u00ba Domingo do Tempo Comum \u2013 Programa Ecclesia\t<\/a>\r\n\t<\/div>\r\n<div id=\"d5bbf11vzr\" class=\"panel-collapse collapse \">\r\n\t<div class=\"panel-body\">\r\n\t\t<div class=\"pt-cv-content\"><p><iframe loading=\"lazy\" title=\"Coment\u00e1rio \u00e0 liturgia do 12.\u00ba Domingo do Tempo Comum - Ano B\" width=\"1080\" height=\"608\" src=\"https:\/\/www.youtube.com\/embed\/CI-3fbsiCV0?feature=oembed\"  allow=\"accelerometer; autoplay; clipboard-write; encrypted-media; gyroscope; picture-in-picture\" allowfullscreen><\/iframe><\/p>\n<p>Programa Ecclesia de dia 18 de junho de 2021<\/p>\n<\/div>\t<\/div>\r\n<\/div><\/div>\n<div class=\"panel panel-default pt-cv-content-item pt-cv-1-col\" >\r\n<div class=\"panel-heading pt-cv-title\">\r\n    <a class=\"panel-title\" data-toggle=\"cvcollapse\" data-parent=\"#a5ae0bcmsn\" data-target=\"#d043fc1nh8\" href='http:\/\/sites.ecclesia.pt\/liturgia\/ano-b-13o-domingo-do-tempo-comum\/' onclick='event.preventDefault()'>\r\n\t\tAno B &#8211; 13.\u00ba Domingo do Tempo Comum &#8211; Programa Ecclesia\t<\/a>\r\n\t<\/div>\r\n<div id=\"d043fc1nh8\" class=\"panel-collapse collapse \">\r\n\t<div class=\"panel-body\">\r\n\t\t<div class=\"pt-cv-content\"><p><iframe loading=\"lazy\" title=\"Coment\u00e1rio \u00e0 liturgia do 13\u00ba domingo do Tempo Comum pelos di\u00e1conos Jo\u00e3o Quintas e Tiago Esteves\" width=\"1080\" height=\"608\" src=\"https:\/\/www.youtube.com\/embed\/duQS2Xy3CD8?feature=oembed\"  allow=\"accelerometer; autoplay; clipboard-write; encrypted-media; gyroscope; picture-in-picture\" allowfullscreen><\/iframe><\/p>\n<p>Programa Ecclesia do dia 29 de junho de 2018<\/p>\n<\/div>\t<\/div>\r\n<\/div><\/div>\n<div class=\"panel panel-default pt-cv-content-item pt-cv-1-col\" >\r\n<div class=\"panel-heading pt-cv-title\">\r\n    <a class=\"panel-title\" data-toggle=\"cvcollapse\" data-parent=\"#a5ae0bcmsn\" data-target=\"#c3bb7d83nm\" href='http:\/\/sites.ecclesia.pt\/liturgia\/ano-b-13-o-domingo-do-tempo-comum-programa-ecclesia\/' onclick='event.preventDefault()'>\r\n\t\tAno B &#8211; 13.\u00ba Domingo do Tempo Comum \u2013 Programa Ecclesia\t<\/a>\r\n\t<\/div>\r\n<div id=\"c3bb7d83nm\" class=\"panel-collapse collapse \">\r\n\t<div class=\"panel-body\">\r\n\t\t<div class=\"pt-cv-content\"><p><iframe loading=\"lazy\" title=\"Coment\u00e1rio \u00e0 liturgia do 13.\u00ba Domingo do Tempo Comum - Ano B\" width=\"1080\" height=\"608\" src=\"https:\/\/www.youtube.com\/embed\/UtckdoDrw14?feature=oembed\"  allow=\"accelerometer; autoplay; clipboard-write; encrypted-media; gyroscope; picture-in-picture\" allowfullscreen><\/iframe><\/p>\n<p>Programa Ecclesia de dia 25 de junho de 2021<\/p>\n<\/div>\t<\/div>\r\n<\/div><\/div>\n<div class=\"panel panel-default pt-cv-content-item pt-cv-1-col\" >\r\n<div class=\"panel-heading pt-cv-title\">\r\n    <a class=\"panel-title\" data-toggle=\"cvcollapse\" data-parent=\"#a5ae0bcmsn\" data-target=\"#99a73ddnk2\" href='http:\/\/sites.ecclesia.pt\/liturgia\/ano-b-14-o-domingo-do-tempo-comum-programa-ecclesia\/' onclick='event.preventDefault()'>\r\n\t\tAno B &#8211; 14.\u00ba Domingo do Tempo Comum &#8211; Programa Ecclesia\t<\/a>\r\n\t<\/div>\r\n<div id=\"99a73ddnk2\" class=\"panel-collapse collapse \">\r\n\t<div class=\"panel-body\">\r\n\t\t<div class=\"pt-cv-content\"><p><iframe loading=\"lazy\" title=\"Coment\u00e1rio \u00e0 liturgia do 14\u00ba Domingo do Tempo Comum - Ano B\" width=\"1080\" height=\"608\" src=\"https:\/\/www.youtube.com\/embed\/-W-3mdiDngc?feature=oembed\"  allow=\"accelerometer; autoplay; clipboard-write; encrypted-media; gyroscope; picture-in-picture\" allowfullscreen><\/iframe><\/p>\n<p>Programa Ecclesia de 2 de julho de 2021<\/p>\n<\/div>\t<\/div>\r\n<\/div><\/div>\n<div class=\"panel panel-default pt-cv-content-item pt-cv-1-col\" >\r\n<div class=\"panel-heading pt-cv-title\">\r\n    <a class=\"panel-title\" data-toggle=\"cvcollapse\" data-parent=\"#a5ae0bcmsn\" data-target=\"#233b2d30cu\" href='http:\/\/sites.ecclesia.pt\/liturgia\/ano-b-14o-domingo-do-tempo-comum\/' onclick='event.preventDefault()'>\r\n\t\tAno B &#8211; 14.\u00ba Domingo do Tempo Comum &#8211; Programa Ecclesia\t<\/a>\r\n\t<\/div>\r\n<div id=\"233b2d30cu\" class=\"panel-collapse collapse \">\r\n\t<div class=\"panel-body\">\r\n\t\t<div class=\"pt-cv-content\"><p><iframe loading=\"lazy\" title=\"Coment\u00e1rio \u00e0 liturgia do 14\u00ba domingo do Tempo Comum pelos padres Andr\u00e9 Azevedo e Armindo Vaz\" width=\"1080\" height=\"608\" src=\"https:\/\/www.youtube.com\/embed\/j2cIDPzJ92Q?feature=oembed\"  allow=\"accelerometer; autoplay; clipboard-write; encrypted-media; gyroscope; picture-in-picture\" allowfullscreen><\/iframe><\/p>\n<p>Programa Ecclesia do dia 06 de julho de 2018<\/p>\n<\/div>\t<\/div>\r\n<\/div><\/div>\n<div class=\"panel panel-default pt-cv-content-item pt-cv-1-col\" >\r\n<div class=\"panel-heading pt-cv-title\">\r\n    <a class=\"panel-title\" data-toggle=\"cvcollapse\" data-parent=\"#a5ae0bcmsn\" data-target=\"#f6af7bfd7l\" href='http:\/\/sites.ecclesia.pt\/liturgia\/ano-b-15-o-domingo-do-tempo-comum-programa-ecclesia\/' onclick='event.preventDefault()'>\r\n\t\tAno B &#8211; 15.\u00ba Domingo do Tempo Comum &#8211; Programa Ecclesia\t<\/a>\r\n\t<\/div>\r\n<div id=\"f6af7bfd7l\" class=\"panel-collapse collapse \">\r\n\t<div class=\"panel-body\">\r\n\t\t<div class=\"pt-cv-content\"><p><iframe loading=\"lazy\" title=\"Coment\u00e1rio \u00e0 liturgia do 15\u00ba Domingo do Tempo Comum - Ano B\" width=\"1080\" height=\"608\" src=\"https:\/\/www.youtube.com\/embed\/1iG1lIpwLs8?feature=oembed\"  allow=\"accelerometer; autoplay; clipboard-write; encrypted-media; gyroscope; picture-in-picture\" allowfullscreen><\/iframe><\/p>\n<p>Programa Ecclesia de dia 9 de julho de 2021<\/p>\n<\/div>\t<\/div>\r\n<\/div><\/div>\n<div class=\"panel panel-default pt-cv-content-item pt-cv-1-col\" >\r\n<div class=\"panel-heading pt-cv-title\">\r\n    <a class=\"panel-title\" data-toggle=\"cvcollapse\" data-parent=\"#a5ae0bcmsn\" data-target=\"#6d1837a3dm\" href='http:\/\/sites.ecclesia.pt\/liturgia\/ano-b-15o-domingo-do-tempo-comum-2\/' onclick='event.preventDefault()'>\r\n\t\tAno B &#8211; 15.\u00ba Domingo do Tempo Comum &#8211; Programa Ecclesia\t<\/a>\r\n\t<\/div>\r\n<div id=\"6d1837a3dm\" class=\"panel-collapse collapse \">\r\n\t<div class=\"panel-body\">\r\n\t\t<div class=\"pt-cv-content\"><p><iframe loading=\"lazy\" title=\"Coment\u00e1rio \u00e0 liturgia do 15\u00ba domingo do Tempo Comum pelos padres Andr\u00e9 Azevedo e Armindo Vaz\" width=\"1080\" height=\"608\" src=\"https:\/\/www.youtube.com\/embed\/L1B60GuCZV8?feature=oembed\"  allow=\"accelerometer; autoplay; clipboard-write; encrypted-media; gyroscope; picture-in-picture\" allowfullscreen><\/iframe><\/p>\n<p>Programa Ecclesia do dia 13 de julho de 2018<\/p>\n<p>&nbsp;<\/p>\n<\/div>\t<\/div>\r\n<\/div><\/div>\n<div class=\"panel panel-default pt-cv-content-item pt-cv-1-col\" >\r\n<div class=\"panel-heading pt-cv-title\">\r\n    <a class=\"panel-title\" data-toggle=\"cvcollapse\" data-parent=\"#a5ae0bcmsn\" data-target=\"#e9b0cd6j50\" href='http:\/\/sites.ecclesia.pt\/liturgia\/ano-b-16o-domingo-do-tempo-comum\/' onclick='event.preventDefault()'>\r\n\t\tAno B &#8211; 16.\u00ba Domingo do Tempo Comum &#8211; Programa Ecclesia\t<\/a>\r\n\t<\/div>\r\n<div id=\"e9b0cd6j50\" class=\"panel-collapse collapse \">\r\n\t<div class=\"panel-body\">\r\n\t\t<div class=\"pt-cv-content\"><p><iframe loading=\"lazy\" title=\"Coment\u00e1rio \u00e0 liturgia do 16\u00ba domingo do Tempo Comum pelos padres Jo\u00e3o Louren\u00e7o e N\u00e9lio Pita\" width=\"1080\" height=\"608\" src=\"https:\/\/www.youtube.com\/embed\/RRYz4iMtxcQ?feature=oembed\"  allow=\"accelerometer; autoplay; clipboard-write; encrypted-media; gyroscope; picture-in-picture\" allowfullscreen><\/iframe><\/p>\n<p>Programa Ecclesia do dia 20 de julho de 2018<\/p>\n<\/div>\t<\/div>\r\n<\/div><\/div>\n<div class=\"panel panel-default pt-cv-content-item pt-cv-1-col\" >\r\n<div class=\"panel-heading pt-cv-title\">\r\n    <a class=\"panel-title\" data-toggle=\"cvcollapse\" data-parent=\"#a5ae0bcmsn\" data-target=\"#c859d636yq\" href='http:\/\/sites.ecclesia.pt\/liturgia\/ano-b-16-o-domingo-do-tempo-comum-programa-ecclesia\/' onclick='event.preventDefault()'>\r\n\t\tAno B &#8211; 16.\u00ba Domingo do Tempo Comum &#8211; Programa Ecclesia\t<\/a>\r\n\t<\/div>\r\n<div id=\"c859d636yq\" class=\"panel-collapse collapse \">\r\n\t<div class=\"panel-body\">\r\n\t\t<div class=\"pt-cv-content\"><p><iframe loading=\"lazy\" title=\"Coment\u00e1rio \u00e0 liturgia do 16\u00ba Domingo do Tempo Comum - Ano B\" width=\"1080\" height=\"608\" src=\"https:\/\/www.youtube.com\/embed\/Kt9d3miqyfo?feature=oembed\"  allow=\"accelerometer; autoplay; clipboard-write; encrypted-media; gyroscope; picture-in-picture\" allowfullscreen><\/iframe><\/p>\n<p>Programa Ecclesia de 16 de julho de 2021<\/p>\n<\/div>\t<\/div>\r\n<\/div><\/div>\n<div class=\"panel panel-default pt-cv-content-item pt-cv-1-col\" >\r\n<div class=\"panel-heading pt-cv-title\">\r\n    <a class=\"panel-title\" data-toggle=\"cvcollapse\" data-parent=\"#a5ae0bcmsn\" data-target=\"#f79bce0wjb\" href='http:\/\/sites.ecclesia.pt\/liturgia\/ano-b-17o-domingo-do-tempo-comum\/' onclick='event.preventDefault()'>\r\n\t\tAno B &#8211; 17.\u00ba Domingo do Tempo Comum &#8211; Programa Ecclesia\t<\/a>\r\n\t<\/div>\r\n<div id=\"f79bce0wjb\" class=\"panel-collapse collapse \">\r\n\t<div class=\"panel-body\">\r\n\t\t<div class=\"pt-cv-content\"><p><iframe loading=\"lazy\" title=\"Coment\u00e1rio \u00e0 liturgia do 17\u00ba domingo do Tempo Comum pelos padres Jo\u00e3o Louren\u00e7o e N\u00e9lio Pita\" width=\"1080\" height=\"608\" src=\"https:\/\/www.youtube.com\/embed\/Z5s4DZGZ2N4?feature=oembed\"  allow=\"accelerometer; autoplay; clipboard-write; encrypted-media; gyroscope; picture-in-picture\" allowfullscreen><\/iframe><\/p>\n<p>Programa Ecclesia do dia 27 de julho de 2018<\/p>\n<\/div>\t<\/div>\r\n<\/div><\/div>\n<div class=\"panel panel-default pt-cv-content-item pt-cv-1-col\" >\r\n<div class=\"panel-heading pt-cv-title\">\r\n    <a class=\"panel-title\" data-toggle=\"cvcollapse\" data-parent=\"#a5ae0bcmsn\" data-target=\"#89ff7d6q8f\" href='http:\/\/sites.ecclesia.pt\/liturgia\/ano-b-17-o-domingo-do-tempo-comum-programa-ecclesia\/' onclick='event.preventDefault()'>\r\n\t\tAno B &#8211; 17.\u00ba Domingo do Tempo Comum &#8211; Programa Ecclesia\t<\/a>\r\n\t<\/div>\r\n<div id=\"89ff7d6q8f\" class=\"panel-collapse collapse \">\r\n\t<div class=\"panel-body\">\r\n\t\t<div class=\"pt-cv-content\"><p><iframe loading=\"lazy\" title=\"Coment\u00e1rio \u00e0 liturgia do 17\u00ba Domingo do Tempo Comum - Ano B\" width=\"1080\" height=\"608\" src=\"https:\/\/www.youtube.com\/embed\/JrVOkLDNBAY?feature=oembed\"  allow=\"accelerometer; autoplay; clipboard-write; encrypted-media; gyroscope; picture-in-picture\" allowfullscreen><\/iframe><\/p>\n<p>Programa Ecclesia do dia 23 de julho de 2021<\/p>\n<\/div>\t<\/div>\r\n<\/div><\/div>\n<div class=\"panel panel-default pt-cv-content-item pt-cv-1-col\" >\r\n<div class=\"panel-heading pt-cv-title\">\r\n    <a class=\"panel-title\" data-toggle=\"cvcollapse\" data-parent=\"#a5ae0bcmsn\" data-target=\"#be349dajqd\" href='http:\/\/sites.ecclesia.pt\/liturgia\/ano-b-18o-domingo-do-tempo-comum\/' onclick='event.preventDefault()'>\r\n\t\tAno B &#8211; 18.\u00ba Domingo do Tempo Comum &#8211; Programa Ecclesia\t<\/a>\r\n\t<\/div>\r\n<div id=\"be349dajqd\" class=\"panel-collapse collapse \">\r\n\t<div class=\"panel-body\">\r\n\t\t<div class=\"pt-cv-content\"><p><iframe loading=\"lazy\" title=\"Site - Ponto SJ e coment\u00e1rio \u00e0s Leituras do XVIII Domingo do tempo comum\" width=\"1080\" height=\"608\" src=\"https:\/\/www.youtube.com\/embed\/WZIkwvXZ4nc?feature=oembed\"  allow=\"accelerometer; autoplay; clipboard-write; encrypted-media; gyroscope; picture-in-picture\" allowfullscreen><\/iframe><\/p>\n<p>Programa Ecclesia emiss\u00e3o de 3 de Agosto de 2018<\/p>\n<\/div>\t<\/div>\r\n<\/div><\/div>\n<div class=\"panel panel-default pt-cv-content-item pt-cv-1-col\" >\r\n<div class=\"panel-heading pt-cv-title\">\r\n    <a class=\"panel-title\" data-toggle=\"cvcollapse\" data-parent=\"#a5ae0bcmsn\" data-target=\"#4faef528z4\" href='http:\/\/sites.ecclesia.pt\/liturgia\/ano-b-19o-domingo-do-tempo-comum\/' onclick='event.preventDefault()'>\r\n\t\tAno B &#8211; 19.\u00ba Domingo do Tempo Comum &#8211; Programa Ecclesia\t<\/a>\r\n\t<\/div>\r\n<div id=\"4faef528z4\" class=\"panel-collapse collapse \">\r\n\t<div class=\"panel-body\">\r\n\t\t<div class=\"pt-cv-content\"><p><iframe loading=\"lazy\" title=\"Semana das Migra\u00e7\u00f5es e liturgia de domingo\" width=\"1080\" height=\"608\" src=\"https:\/\/www.youtube.com\/embed\/c3vmBkIFxQw?feature=oembed\"  allow=\"accelerometer; autoplay; clipboard-write; encrypted-media; gyroscope; picture-in-picture\" allowfullscreen><\/iframe><\/p>\n<p>Programa Ecclesia emiss\u00e3o de 10 de Agosto de 2018<\/p>\n<\/div>\t<\/div>\r\n<\/div><\/div>\n<div class=\"panel panel-default pt-cv-content-item pt-cv-1-col\" >\r\n<div class=\"panel-heading pt-cv-title\">\r\n    <a class=\"panel-title\" data-toggle=\"cvcollapse\" data-parent=\"#a5ae0bcmsn\" data-target=\"#991f2a36z8\" href='http:\/\/sites.ecclesia.pt\/liturgia\/ano-b-20o-domingo-do-tempo-comum\/' onclick='event.preventDefault()'>\r\n\t\tAno B &#8211; 20\u00ba Domingo do Tempo Comum &#8211; Programa Ecclesia\t<\/a>\r\n\t<\/div>\r\n<div id=\"991f2a36z8\" class=\"panel-collapse collapse \">\r\n\t<div class=\"panel-body\">\r\n\t\t<div class=\"pt-cv-content\"><p><iframe loading=\"lazy\" title=\"Biblia Manuscrita e lit\u00fargia de domingo\" width=\"1080\" height=\"608\" src=\"https:\/\/www.youtube.com\/embed\/65aYC0Ya0Ks?feature=oembed\"  allow=\"accelerometer; autoplay; clipboard-write; encrypted-media; gyroscope; picture-in-picture\" allowfullscreen><\/iframe><\/p>\n<p>Ecclesia emiss\u00e3o de 17 de Agosto de 2018<\/p>\n<\/div>\t<\/div>\r\n<\/div><\/div>\n<div class=\"panel panel-default pt-cv-content-item pt-cv-1-col\" >\r\n<div class=\"panel-heading pt-cv-title\">\r\n    <a class=\"panel-title\" data-toggle=\"cvcollapse\" data-parent=\"#a5ae0bcmsn\" data-target=\"#d4b7159f3j\" href='http:\/\/sites.ecclesia.pt\/liturgia\/ano-b-23o-domingo-do-tempo-comum\/' onclick='event.preventDefault()'>\r\n\t\tAno B &#8211; 23.\u00ba Domingo do Tempo Comum &#8211; Programa Ecclesia\t<\/a>\r\n\t<\/div>\r\n<div id=\"d4b7159f3j\" class=\"panel-collapse collapse \">\r\n\t<div class=\"panel-body\">\r\n\t\t<div class=\"pt-cv-content\"><p><iframe loading=\"lazy\" title=\"Coment\u00e1rio \u00e0 liturgia de domingo (XXIII TC)\" width=\"1080\" height=\"608\" src=\"https:\/\/www.youtube.com\/embed\/vFfMnfFFJdQ?feature=oembed\"  allow=\"accelerometer; autoplay; clipboard-write; encrypted-media; gyroscope; picture-in-picture\" allowfullscreen><\/iframe><\/p>\n<p>Programa Ecclesia do dia 7 de setembro de 2018<\/p>\n<\/div>\t<\/div>\r\n<\/div><\/div>\n<div class=\"panel panel-default pt-cv-content-item pt-cv-1-col\" >\r\n<div class=\"panel-heading pt-cv-title\">\r\n    <a class=\"panel-title\" data-toggle=\"cvcollapse\" data-parent=\"#a5ae0bcmsn\" data-target=\"#552b3c6pso\" href='http:\/\/sites.ecclesia.pt\/liturgia\/ano-b-24o-domingo-do-tempo-comum\/' onclick='event.preventDefault()'>\r\n\t\tAno B &#8211; 24.\u00ba Domingo do Tempo Comum &#8211; Programa Ecclesia\t<\/a>\r\n\t<\/div>\r\n<div id=\"552b3c6pso\" class=\"panel-collapse collapse \">\r\n\t<div class=\"panel-body\">\r\n\t\t<div class=\"pt-cv-content\"><p><iframe loading=\"lazy\" title=\"Coment\u00e1rio \u00e0 liturgia do 24\u00ba domingo do Tempo Comum pelo padre Armindo Vaz e Frei Jos\u00e9 Nunes\" width=\"1080\" height=\"608\" src=\"https:\/\/www.youtube.com\/embed\/HMQrl1SEhjw?feature=oembed\"  allow=\"accelerometer; autoplay; clipboard-write; encrypted-media; gyroscope; picture-in-picture\" allowfullscreen><\/iframe><\/p>\n<p>Programa Ecclesia do dia 14 de setembro de 2018<\/p>\n<\/div>\t<\/div>\r\n<\/div><\/div>\n<div class=\"panel panel-default pt-cv-content-item pt-cv-1-col\" >\r\n<div class=\"panel-heading pt-cv-title\">\r\n    <a class=\"panel-title\" data-toggle=\"cvcollapse\" data-parent=\"#a5ae0bcmsn\" data-target=\"#76e4a28gy5\" href='http:\/\/sites.ecclesia.pt\/liturgia\/comentario-a-liturgia-do-25o-domingo-do-tempo-comum-pelos-padres-joao-lourenco-e-jose-andre\/' onclick='event.preventDefault()'>\r\n\t\tAno B &#8211; 25.\u00ba Domingo do Tempo Comum &#8211; Programa Ecclesia\t<\/a>\r\n\t<\/div>\r\n<div id=\"76e4a28gy5\" class=\"panel-collapse collapse \">\r\n\t<div class=\"panel-body\">\r\n\t\t<div class=\"pt-cv-content\"><p><iframe loading=\"lazy\" title=\"Coment\u00e1rio \u00e0 liturgia do 25\u00ba domingo do Tempo Comum pelos padres Jo\u00e3o Louren\u00e7o e Jos\u00e9 Andr\u00e9\" width=\"1080\" height=\"608\" src=\"https:\/\/www.youtube.com\/embed\/1cMLiqDt6mc?feature=oembed\"  allow=\"accelerometer; autoplay; clipboard-write; encrypted-media; gyroscope; picture-in-picture\" allowfullscreen><\/iframe><\/p>\n<p>Programa Ecclesia do dia 21 de setembro de 2018<\/p>\n<\/div>\t<\/div>\r\n<\/div><\/div>\n<div class=\"panel panel-default pt-cv-content-item pt-cv-1-col\" >\r\n<div class=\"panel-heading pt-cv-title\">\r\n    <a class=\"panel-title\" data-toggle=\"cvcollapse\" data-parent=\"#a5ae0bcmsn\" data-target=\"#83bd42b4su\" href='http:\/\/sites.ecclesia.pt\/liturgia\/ano-b-26-o-domingo-do-tempo-comum-programa-ecclesia\/' onclick='event.preventDefault()'>\r\n\t\tAno B &#8211; 26.\u00ba Domingo do Tempo Comum &#8211; Programa Ecclesia\t<\/a>\r\n\t<\/div>\r\n<div id=\"83bd42b4su\" class=\"panel-collapse collapse \">\r\n\t<div class=\"panel-body\">\r\n\t\t<div class=\"pt-cv-content\"><p><iframe loading=\"lazy\" title=\"Coment\u00e1rio \u00e0 liturgia do 26\u00ba domingo do Tempo Comum pelos padres Jo\u00e3o Louren\u00e7o e Jos\u00e9 Andr\u00e9\" width=\"1080\" height=\"608\" src=\"https:\/\/www.youtube.com\/embed\/Jb7Eu4IJGCU?feature=oembed\"  allow=\"accelerometer; autoplay; clipboard-write; encrypted-media; gyroscope; picture-in-picture\" allowfullscreen><\/iframe><\/p>\n<p>Programa Ecclesia do dia 28 de setembro de 2018<\/p>\n<\/div>\t<\/div>\r\n<\/div><\/div>\n<div class=\"panel panel-default pt-cv-content-item pt-cv-1-col\" >\r\n<div class=\"panel-heading pt-cv-title\">\r\n    <a class=\"panel-title\" data-toggle=\"cvcollapse\" data-parent=\"#a5ae0bcmsn\" data-target=\"#345e2c58ce\" href='http:\/\/sites.ecclesia.pt\/liturgia\/ano-b-27o-domingo-do-tempo-comum-2\/' onclick='event.preventDefault()'>\r\n\t\tAno B &#8211; 27.\u00ba Domingo do Tempo Comum &#8211; Programa Ecclesia\t<\/a>\r\n\t<\/div>\r\n<div id=\"345e2c58ce\" class=\"panel-collapse collapse \">\r\n\t<div class=\"panel-body\">\r\n\t\t<div class=\"pt-cv-content\"><p><iframe loading=\"lazy\" title=\"Ano Mission\u00e1rio e coment\u00e1rio \u00e0 liturgia de Domingo\" width=\"1080\" height=\"608\" src=\"https:\/\/www.youtube.com\/embed\/JksKnasnCb8?feature=oembed\"  allow=\"accelerometer; autoplay; clipboard-write; encrypted-media; gyroscope; picture-in-picture\" allowfullscreen><\/iframe><\/p>\n<p>Programa Ecclesia emiss\u00e3o de dia 5 Outubro de 2018<\/p>\n<\/div>\t<\/div>\r\n<\/div><\/div>\n<div class=\"panel panel-default pt-cv-content-item pt-cv-1-col\" >\r\n<div class=\"panel-heading pt-cv-title\">\r\n    <a class=\"panel-title\" data-toggle=\"cvcollapse\" data-parent=\"#a5ae0bcmsn\" data-target=\"#12d278aioa\" href='http:\/\/sites.ecclesia.pt\/liturgia\/ano-b-28o-domingo-do-tempo-comum\/' onclick='event.preventDefault()'>\r\n\t\tAno B &#8211; 28.\u00ba Domingo do Tempo Comum &#8211; Programa Ecclesia\t<\/a>\r\n\t<\/div>\r\n<div id=\"12d278aioa\" class=\"panel-collapse collapse \">\r\n\t<div class=\"panel-body\">\r\n\t\t<div class=\"pt-cv-content\"><p><iframe loading=\"lazy\" title=\"Coment\u00e1rio \u00e0 liturgia do 28\u00ba domingo do Tempo Comum pelos padres Ant\u00f3nio Rego e Lu\u00eds Alberto\" width=\"1080\" height=\"608\" src=\"https:\/\/www.youtube.com\/embed\/SVz-lOHjFeY?feature=oembed\"  allow=\"accelerometer; autoplay; clipboard-write; encrypted-media; gyroscope; picture-in-picture\" allowfullscreen><\/iframe><\/p>\n<p>Programa Ecclesia do dia 12 de outubro de 2018<\/p>\n<p>&nbsp;<\/p>\n<\/div>\t<\/div>\r\n<\/div><\/div>\n<div class=\"panel panel-default pt-cv-content-item pt-cv-1-col\" >\r\n<div class=\"panel-heading pt-cv-title\">\r\n    <a class=\"panel-title\" data-toggle=\"cvcollapse\" data-parent=\"#a5ae0bcmsn\" data-target=\"#46af17fn2f\" href='http:\/\/sites.ecclesia.pt\/liturgia\/ano-b-29o-domingo-do-tempo-comum-2\/' onclick='event.preventDefault()'>\r\n\t\tAno B &#8211; 29.\u00ba Domingo do Tempo Comum &#8211; Programa Ecclesia\t<\/a>\r\n\t<\/div>\r\n<div id=\"46af17fn2f\" class=\"panel-collapse collapse \">\r\n\t<div class=\"panel-body\">\r\n\t\t<div class=\"pt-cv-content\"><p><iframe loading=\"lazy\" title=\"Coment\u00e1rio \u00e0 liturgia do 29\u00ba domingo do Tempo Comum pelo padre Miguel Neto e Juan Ambrosio\" width=\"1080\" height=\"608\" src=\"https:\/\/www.youtube.com\/embed\/ZJsaplVzeUU?feature=oembed\"  allow=\"accelerometer; autoplay; clipboard-write; encrypted-media; gyroscope; picture-in-picture\" allowfullscreen><\/iframe><\/p>\n<p>Programa Ecclesia do dia 19 de outubro de 2018<\/p>\n<p>&nbsp;<\/p>\n<\/div>\t<\/div>\r\n<\/div><\/div>\n<div class=\"panel panel-default pt-cv-content-item pt-cv-1-col\" >\r\n<div class=\"panel-heading pt-cv-title\">\r\n    <a class=\"panel-title\" data-toggle=\"cvcollapse\" data-parent=\"#a5ae0bcmsn\" data-target=\"#7ad9162el9\" href='http:\/\/sites.ecclesia.pt\/liturgia\/ano-b-30o-domingo-do-tempo-comum-2\/' onclick='event.preventDefault()'>\r\n\t\tAno B &#8211; 30\u00ba Domingo do Tempo Comum &#8211; Programa Ecclesia\t<\/a>\r\n\t<\/div>\r\n<div id=\"7ad9162el9\" class=\"panel-collapse collapse \">\r\n\t<div class=\"panel-body\">\r\n\t\t<div class=\"pt-cv-content\"><p><iframe loading=\"lazy\" title=\"Coment\u00e1rio \u00e0 liturgia do 30\u00ba domingo do Tempo Comum por frei Jos\u00e9 Nunes e padre Tiago Neto\" width=\"1080\" height=\"608\" src=\"https:\/\/www.youtube.com\/embed\/1J0OX-rlaO0?feature=oembed\"  allow=\"accelerometer; autoplay; clipboard-write; encrypted-media; gyroscope; picture-in-picture\" allowfullscreen><\/iframe><\/p>\n<p class=\"title style-scope ytd-video-primary-info-renderer\">Programa Ecclesia do dia 26 de outubro de 2018<\/p>\n<p>&nbsp;<\/p>\n<\/div>\t<\/div>\r\n<\/div><\/div>\n<div class=\"panel panel-default pt-cv-content-item pt-cv-1-col\" >\r\n<div class=\"panel-heading pt-cv-title\">\r\n    <a class=\"panel-title\" data-toggle=\"cvcollapse\" data-parent=\"#a5ae0bcmsn\" data-target=\"#44045fdke3\" href='http:\/\/sites.ecclesia.pt\/liturgia\/ano-b-31o-domingo-do-tempo-comum\/' onclick='event.preventDefault()'>\r\n\t\tAno B &#8211; 31.\u00ba Domingo do Tempo Comum &#8211; Programa Ecclesia\t<\/a>\r\n\t<\/div>\r\n<div id=\"44045fdke3\" class=\"panel-collapse collapse \">\r\n\t<div class=\"panel-body\">\r\n\t\t<div class=\"pt-cv-content\"><p><iframe loading=\"lazy\" title=\"Coment\u00e1rio \u00e0 liturgia do 31\u00ba domingo do Tempo Comum por frei Jos\u00e9 Nunes e frei Herm\u00ednio Ara\u00fajo\" width=\"1080\" height=\"608\" src=\"https:\/\/www.youtube.com\/embed\/px6NHlxi4KQ?feature=oembed\"  allow=\"accelerometer; autoplay; clipboard-write; encrypted-media; gyroscope; picture-in-picture\" allowfullscreen><\/iframe><\/p>\n<p>Programa Ecclesia do dia 2 de novembro de 2018<\/p>\n<\/div>\t<\/div>\r\n<\/div><\/div>\n<div class=\"panel panel-default pt-cv-content-item pt-cv-1-col\" >\r\n<div class=\"panel-heading pt-cv-title\">\r\n    <a class=\"panel-title\" data-toggle=\"cvcollapse\" data-parent=\"#a5ae0bcmsn\" data-target=\"#a5af332n2t\" href='http:\/\/sites.ecclesia.pt\/liturgia\/ano-b-32o-domingo-do-tempo-comum-2\/' onclick='event.preventDefault()'>\r\n\t\tAno B &#8211; 32.\u00ba Domingo do Tempo Comum &#8211; Programa Ecclesia\t<\/a>\r\n\t<\/div>\r\n<div id=\"a5af332n2t\" class=\"panel-collapse collapse \">\r\n\t<div class=\"panel-body\">\r\n\t\t<div class=\"pt-cv-content\"><p><iframe loading=\"lazy\" title=\"Coment\u00e1rio \u00e0 liturgia do 32\u00ba domingo do Tempo Comum pela irm\u00e3 Paula Jord\u00e3o e padre Manuel Moruj\u00e3o\" width=\"1080\" height=\"608\" src=\"https:\/\/www.youtube.com\/embed\/FtY3kjVRpZU?feature=oembed\"  allow=\"accelerometer; autoplay; clipboard-write; encrypted-media; gyroscope; picture-in-picture\" allowfullscreen><\/iframe><\/p>\n<p>Programa Ecclesia do dia 09 de novembro de 2018<\/p>\n<p>&nbsp;<\/p>\n<\/div>\t<\/div>\r\n<\/div><\/div>\n<div class=\"panel panel-default pt-cv-content-item pt-cv-1-col\" >\r\n<div class=\"panel-heading pt-cv-title\">\r\n    <a class=\"panel-title\" data-toggle=\"cvcollapse\" data-parent=\"#a5ae0bcmsn\" data-target=\"#382b9ffqt3\" href='http:\/\/sites.ecclesia.pt\/liturgia\/comentario-a-liturgia-do-33o-domingo-do-tempo-comum-pelos-seminaristas-jacob-jojo-e-artur-delgado\/' onclick='event.preventDefault()'>\r\n\t\tAno B &#8211; 33.\u00ba Domingo do Tempo Comum &#8211; Programa Ecclesia\t<\/a>\r\n\t<\/div>\r\n<div id=\"382b9ffqt3\" class=\"panel-collapse collapse \">\r\n\t<div class=\"panel-body\">\r\n\t\t<div class=\"pt-cv-content\"><p><iframe loading=\"lazy\" title=\"Coment\u00e1rio \u00e0 liturgia do 33\u00ba domingo do Tempo Comum pelos seminaristas Jacob Jojo e Artur Delgado\" width=\"1080\" height=\"608\" src=\"https:\/\/www.youtube.com\/embed\/b30tM0QdtQk?feature=oembed\"  allow=\"accelerometer; autoplay; clipboard-write; encrypted-media; gyroscope; picture-in-picture\" allowfullscreen><\/iframe><\/p>\n<p>Programa Ecclesia do dia 16 de novembro de 2018<\/p>\n<\/div>\t<\/div>\r\n<\/div><\/div><\/div><\/div><\/div><\/div> &nbsp; ADVENTO <div class=\"pt-cv-wrapper et_smooth_scroll_disabled\"><div class=\"pt-cv-view pt-cv-collapsible\" id=\"pt-cv-view-69020b9m2i\"><div data-id=\"pt-cv-page-1\" class=\"pt-cv-page\" data-cvc=\"1\"><div class=\"panel-group\" id=\"500483fcm5\"><div class=\"panel panel-default pt-cv-content-item pt-cv-1-col\" >\r\n<div class=\"panel-heading pt-cv-title\">\r\n    <a class=\"panel-title\" data-toggle=\"cvcollapse\" data-parent=\"#500483fcm5\" data-target=\"#5653857d4q\" href='http:\/\/sites.ecclesia.pt\/liturgia\/ano-b-01-o-domingo-do-advento-programa-ecclesia\/' onclick='event.preventDefault()'>\r\n\t\tAno B &#8211; 01.\u00ba Domingo do Advento &#8211; Programa Ecclesia\t<\/a>\r\n\t<\/div>\r\n<div id=\"5653857d4q\" class=\"panel-collapse collapse \">\r\n\t<div class=\"panel-body\">\r\n\t\t<div class=\"pt-cv-content\"><p><iframe loading=\"lazy\" title=\"Coment\u00e1rio \u00e0 liturgia do 1\u00ba domingo do Advento\" width=\"1080\" height=\"608\" src=\"https:\/\/www.youtube.com\/embed\/YanmECVhP2M?feature=oembed\"  allow=\"accelerometer; autoplay; clipboard-write; encrypted-media; gyroscope; picture-in-picture\" allowfullscreen><\/iframe><\/p>\n<p>Programa Ecclesia do dia 27 de novembro de 2020<\/p>\n<\/div>\t<\/div>\r\n<\/div><\/div>\n<div class=\"panel panel-default pt-cv-content-item pt-cv-1-col\" >\r\n<div class=\"panel-heading pt-cv-title\">\r\n    <a class=\"panel-title\" data-toggle=\"cvcollapse\" data-parent=\"#500483fcm5\" data-target=\"#05708f9yz0\" href='http:\/\/sites.ecclesia.pt\/liturgia\/ano-b-01o-domingo-do-advento\/' onclick='event.preventDefault()'>\r\n\t\tAno B &#8211; 01.\u00ba Domingo do Advento &#8211; Programa Ecclesia\t<\/a>\r\n\t<\/div>\r\n<div id=\"05708f9yz0\" class=\"panel-collapse collapse \">\r\n\t<div class=\"panel-body\">\r\n\t\t<div class=\"pt-cv-content\"><p><iframe loading=\"lazy\" title=\"Coment\u00e1rio \u00e0s leituras do 1\u00ba domingo do Advento com o padre Nuno Tavares\" width=\"1080\" height=\"608\" src=\"https:\/\/www.youtube.com\/embed\/2A5voSLwJ_0?feature=oembed\"  allow=\"accelerometer; autoplay; clipboard-write; encrypted-media; gyroscope; picture-in-picture\" allowfullscreen><\/iframe><\/p>\n<p>Programa Ecclesia (emiss\u00e3o 01-12-2017)<\/p>\n<\/div>\t<\/div>\r\n<\/div><\/div>\n<div class=\"panel panel-default pt-cv-content-item pt-cv-1-col\" >\r\n<div class=\"panel-heading pt-cv-title\">\r\n    <a class=\"panel-title\" data-toggle=\"cvcollapse\" data-parent=\"#500483fcm5\" data-target=\"#49b8c0c8mu\" href='http:\/\/sites.ecclesia.pt\/liturgia\/ano-b-02-o-domingo-do-advento-programa-ecclesia\/' onclick='event.preventDefault()'>\r\n\t\tAno B &#8211; 02.\u00ba Domingo do Advento &#8211; Programa Ecclesia\t<\/a>\r\n\t<\/div>\r\n<div id=\"49b8c0c8mu\" class=\"panel-collapse collapse \">\r\n\t<div class=\"panel-body\">\r\n\t\t<div class=\"pt-cv-content\"><p><iframe loading=\"lazy\" title=\"Coment\u00e1rio \u00e0 liturgia do 2\u00ba domingo do Advento.\" width=\"1080\" height=\"608\" src=\"https:\/\/www.youtube.com\/embed\/u2EcTNxGcq8?feature=oembed\"  allow=\"accelerometer; autoplay; clipboard-write; encrypted-media; gyroscope; picture-in-picture\" allowfullscreen><\/iframe><\/p>\n<p>Programa Ecclesia de dia 4 de dezembro de 2020<\/p>\n<\/div>\t<\/div>\r\n<\/div><\/div>\n<div class=\"panel panel-default pt-cv-content-item pt-cv-1-col\" >\r\n<div class=\"panel-heading pt-cv-title\">\r\n    <a class=\"panel-title\" data-toggle=\"cvcollapse\" data-parent=\"#500483fcm5\" data-target=\"#40b9a1bfa1\" href='http:\/\/sites.ecclesia.pt\/liturgia\/ano-b-03o-domingo-do-advento\/' onclick='event.preventDefault()'>\r\n\t\tAno B &#8211; 03.\u00ba Domingo do Advento &#8211; Programa Ecclesia\t<\/a>\r\n\t<\/div>\r\n<div id=\"40b9a1bfa1\" class=\"panel-collapse collapse \">\r\n\t<div class=\"panel-body\">\r\n\t\t<div class=\"pt-cv-content\"><p>Programa Ecclesia (emiss\u00e3o 15-12-2017)<\/p>\n<p><iframe loading=\"lazy\" title=\"Coment\u00e1rio \u00e0 liturgia do domingo com o padre Amaro Gon\u00e7alo e Juan Ambrosio.\" width=\"1080\" height=\"608\" src=\"https:\/\/www.youtube.com\/embed\/_G5Yn78VFSA?feature=oembed\"  allow=\"accelerometer; autoplay; clipboard-write; encrypted-media; gyroscope; picture-in-picture\" allowfullscreen><\/iframe><\/p>\n<\/div>\t<\/div>\r\n<\/div><\/div>\n<div class=\"panel panel-default pt-cv-content-item pt-cv-1-col\" >\r\n<div class=\"panel-heading pt-cv-title\">\r\n    <a class=\"panel-title\" data-toggle=\"cvcollapse\" data-parent=\"#500483fcm5\" data-target=\"#ac1c7acb1l\" href='http:\/\/sites.ecclesia.pt\/liturgia\/ano-b-03-o-domingo-do-advento-programa-ecclesia\/' onclick='event.preventDefault()'>\r\n\t\tAno B &#8211; 03.\u00ba Domingo do Advento &#8211; Programa Ecclesia\t<\/a>\r\n\t<\/div>\r\n<div id=\"ac1c7acb1l\" class=\"panel-collapse collapse \">\r\n\t<div class=\"panel-body\">\r\n\t\t<div class=\"pt-cv-content\"><p><iframe loading=\"lazy\" title=\"Coment\u00e1rio \u00e0 liturgia do 3.\u00ba Domingo do Advento\" width=\"1080\" height=\"608\" src=\"https:\/\/www.youtube.com\/embed\/ilir5gZaUmQ?feature=oembed\"  allow=\"accelerometer; autoplay; clipboard-write; encrypted-media; gyroscope; picture-in-picture\" allowfullscreen><\/iframe><\/p>\n<p>Programa Ecclesia de dia 11 de dezembro de 2020<\/p>\n<\/div>\t<\/div>\r\n<\/div><\/div>\n<div class=\"panel panel-default pt-cv-content-item pt-cv-1-col\" >\r\n<div class=\"panel-heading pt-cv-title\">\r\n    <a class=\"panel-title\" data-toggle=\"cvcollapse\" data-parent=\"#500483fcm5\" data-target=\"#4c9067cghw\" href='http:\/\/sites.ecclesia.pt\/liturgia\/ano-b-04-o-domingo-do-advento-programa-ecclesia\/' onclick='event.preventDefault()'>\r\n\t\tAno B &#8211; 04.\u00ba Domingo do Advento &#8211; Programa Ecclesia\t<\/a>\r\n\t<\/div>\r\n<div id=\"4c9067cghw\" class=\"panel-collapse collapse \">\r\n\t<div class=\"panel-body\">\r\n\t\t<div class=\"pt-cv-content\"><p><iframe loading=\"lazy\" title=\"Coment\u00e1rio \u00e0 liturgia do 4.\u00ba Domingo do Advento\" width=\"1080\" height=\"608\" src=\"https:\/\/www.youtube.com\/embed\/jcImhK-od2k?feature=oembed\"  allow=\"accelerometer; autoplay; clipboard-write; encrypted-media; gyroscope; picture-in-picture\" allowfullscreen><\/iframe><\/p>\n<p>Programa Ecclesia de dia 18 de dezembro de 2020<\/p>\n<\/div>\t<\/div>\r\n<\/div><\/div><\/div><\/div><\/div><\/div> QUARESMA <div class=\"pt-cv-wrapper et_smooth_scroll_disabled\"><div class=\"pt-cv-view pt-cv-collapsible\" id=\"pt-cv-view-bb33f57zcs\"><div data-id=\"pt-cv-page-1\" class=\"pt-cv-page\" data-cvc=\"1\"><div class=\"panel-group\" id=\"35dc26f6dm\"><div class=\"panel panel-default pt-cv-content-item pt-cv-1-col\" >\r\n<div class=\"panel-heading pt-cv-title\">\r\n    <a class=\"panel-title\" data-toggle=\"cvcollapse\" data-parent=\"#35dc26f6dm\" data-target=\"#1bf72ae89p\" href='http:\/\/sites.ecclesia.pt\/liturgia\/ano-b-01o-domingo-da-quaresma\/' onclick='event.preventDefault()'>\r\n\t\tAno B &#8211; 01.\u00ba Domingo da Quaresma &#8211; Programa Ecclesia\t<\/a>\r\n\t<\/div>\r\n<div id=\"1bf72ae89p\" class=\"panel-collapse collapse \">\r\n\t<div class=\"panel-body\">\r\n\t\t<div class=\"pt-cv-content\"><p><iframe loading=\"lazy\" title=\"Coment\u00e1rio \u00e0 liturgia do 1.\u00ba Domingo da Quaresma - Ano B\" width=\"1080\" height=\"608\" src=\"https:\/\/www.youtube.com\/embed\/8g3AuKaGlOo?feature=oembed\"  allow=\"accelerometer; autoplay; clipboard-write; encrypted-media; gyroscope; picture-in-picture\" allowfullscreen><\/iframe><\/p>\n<\/div>\t<\/div>\r\n<\/div><\/div>\n<div class=\"panel panel-default pt-cv-content-item pt-cv-1-col\" >\r\n<div class=\"panel-heading pt-cv-title\">\r\n    <a class=\"panel-title\" data-toggle=\"cvcollapse\" data-parent=\"#35dc26f6dm\" data-target=\"#0c0d9cdjko\" href='http:\/\/sites.ecclesia.pt\/liturgia\/ano-b-02o-domingo-da-quaresma\/' onclick='event.preventDefault()'>\r\n\t\tAno B &#8211; 02.\u00ba Domingo da Quaresma &#8211; Programa Ecclesia\t<\/a>\r\n\t<\/div>\r\n<div id=\"0c0d9cdjko\" class=\"panel-collapse collapse \">\r\n\t<div class=\"panel-body\">\r\n\t\t<div class=\"pt-cv-content\"><p><iframe loading=\"lazy\" title=\"Entrevista. Coment\u00e1rio \u00e0 liturgia do domingo com Juan Ambrosio e o padre Jo\u00e3o Dias\" width=\"1080\" height=\"608\" src=\"https:\/\/www.youtube.com\/embed\/35zabwEEM98?feature=oembed\"  allow=\"accelerometer; autoplay; clipboard-write; encrypted-media; gyroscope; picture-in-picture\" allowfullscreen><\/iframe><\/p>\n<p>Programa Ecclesia do dia 16 de fevereiro de 2018<\/p>\n<p>&nbsp;<\/p>\n<\/div>\t<\/div>\r\n<\/div><\/div>\n<div class=\"panel panel-default pt-cv-content-item pt-cv-1-col\" >\r\n<div class=\"panel-heading pt-cv-title\">\r\n    <a class=\"panel-title\" data-toggle=\"cvcollapse\" data-parent=\"#35dc26f6dm\" data-target=\"#e2bb558l3h\" href='http:\/\/sites.ecclesia.pt\/liturgia\/ano-b-02-o-domingo-da-quaresma-programa-ecclesia\/' onclick='event.preventDefault()'>\r\n\t\tAno B &#8211; 02.\u00ba Domingo da Quaresma &#8211; Programa Ecclesia\t<\/a>\r\n\t<\/div>\r\n<div id=\"e2bb558l3h\" class=\"panel-collapse collapse \">\r\n\t<div class=\"panel-body\">\r\n\t\t<div class=\"pt-cv-content\"><p><iframe loading=\"lazy\" title=\"Coment\u00e1rio \u00e0 liturgia do 02\u00ba Domingo do Tempo da Quaresma - Ano B\" width=\"1080\" height=\"608\" src=\"https:\/\/www.youtube.com\/embed\/f7t66ofuMW4?feature=oembed\"  allow=\"accelerometer; autoplay; clipboard-write; encrypted-media; gyroscope; picture-in-picture\" allowfullscreen><\/iframe><\/p>\n<p>Programa Ecclesia de dia 26 de fevereiro de 2021<\/p>\n<\/div>\t<\/div>\r\n<\/div><\/div>\n<div class=\"panel panel-default pt-cv-content-item pt-cv-1-col\" >\r\n<div class=\"panel-heading pt-cv-title\">\r\n    <a class=\"panel-title\" data-toggle=\"cvcollapse\" data-parent=\"#35dc26f6dm\" data-target=\"#fef4e44t7d\" href='http:\/\/sites.ecclesia.pt\/liturgia\/ano-b-03o-domingo-da-quaresma-2\/' onclick='event.preventDefault()'>\r\n\t\tAno B &#8211; 03.\u00ba Domingo da Quaresma &#8211; Programa Ecclesia\t<\/a>\r\n\t<\/div>\r\n<div id=\"fef4e44t7d\" class=\"panel-collapse collapse \">\r\n\t<div class=\"panel-body\">\r\n\t\t<div class=\"pt-cv-content\"><p><iframe loading=\"lazy\" title=\"Entrevista. Coment\u00e1rio \u00e0 liturgia do domingo com a Irm\u00e3 Paula Jord\u00e3o e Frei Jos\u00e9 Nunes\" width=\"1080\" height=\"608\" src=\"https:\/\/www.youtube.com\/embed\/IY_TakqUkYc?feature=oembed\"  allow=\"accelerometer; autoplay; clipboard-write; encrypted-media; gyroscope; picture-in-picture\" allowfullscreen><\/iframe><\/p>\n<p>Programa Ecclesia do dia 02 de marc\u0327o de 2018<\/p>\n<\/div>\t<\/div>\r\n<\/div><\/div>\n<div class=\"panel panel-default pt-cv-content-item pt-cv-1-col\" >\r\n<div class=\"panel-heading pt-cv-title\">\r\n    <a class=\"panel-title\" data-toggle=\"cvcollapse\" data-parent=\"#35dc26f6dm\" data-target=\"#85a328ec2l\" href='http:\/\/sites.ecclesia.pt\/liturgia\/ano-b-03o-domingo-da-quaresma\/' onclick='event.preventDefault()'>\r\n\t\tAno B &#8211; 03.\u00ba Domingo da Quaresma &#8211; Programa Ecclesia\t<\/a>\r\n\t<\/div>\r\n<div id=\"85a328ec2l\" class=\"panel-collapse collapse \">\r\n\t<div class=\"panel-body\">\r\n\t\t<div class=\"pt-cv-content\"><p><iframe loading=\"lazy\" title=\"Entrevista. Coment\u00e1rio \u00e0 liturgia do domingo com Juan Ambrosio e o padre Jos\u00e9 Vieira\" width=\"1080\" height=\"608\" src=\"https:\/\/www.youtube.com\/embed\/8-3o0nPOm9I?feature=oembed\"  allow=\"accelerometer; autoplay; clipboard-write; encrypted-media; gyroscope; picture-in-picture\" allowfullscreen><\/iframe><\/p>\n<p>Programa Ecclesia do dia 23 de fevereiro de 2018<\/p>\n<\/div>\t<\/div>\r\n<\/div><\/div>\n<div class=\"panel panel-default pt-cv-content-item pt-cv-1-col\" >\r\n<div class=\"panel-heading pt-cv-title\">\r\n    <a class=\"panel-title\" data-toggle=\"cvcollapse\" data-parent=\"#35dc26f6dm\" data-target=\"#1c0b2c6nym\" href='http:\/\/sites.ecclesia.pt\/liturgia\/ano-b-03-o-domingo-da-quaresma-programa-ecclesia\/' onclick='event.preventDefault()'>\r\n\t\tAno B &#8211; 03.\u00ba Domingo da Quaresma &#8211; Programa Ecclesia\t<\/a>\r\n\t<\/div>\r\n<div id=\"1c0b2c6nym\" class=\"panel-collapse collapse \">\r\n\t<div class=\"panel-body\">\r\n\t\t<div class=\"pt-cv-content\"><p><iframe loading=\"lazy\" title=\"Coment\u00e1rio \u00e0 liturgia do 3\u00ba domingo da Quaresma - Ano B\" width=\"1080\" height=\"608\" src=\"https:\/\/www.youtube.com\/embed\/f6mp6SFmnrM?feature=oembed\"  allow=\"accelerometer; autoplay; clipboard-write; encrypted-media; gyroscope; picture-in-picture\" allowfullscreen><\/iframe><\/p>\n<p>Programa Ecclesia de dia 5 de marc\u0327o de 2021<\/p>\n<\/div>\t<\/div>\r\n<\/div><\/div>\n<div class=\"panel panel-default pt-cv-content-item pt-cv-1-col\" >\r\n<div class=\"panel-heading pt-cv-title\">\r\n    <a class=\"panel-title\" data-toggle=\"cvcollapse\" data-parent=\"#35dc26f6dm\" data-target=\"#1ce4cd72e5\" href='http:\/\/sites.ecclesia.pt\/liturgia\/ano-b-04o-domingo-da-quaresma\/' onclick='event.preventDefault()'>\r\n\t\tAno B &#8211; 04.\u00ba Domingo da Quaresma &#8211; Programa Ecclesia\t<\/a>\r\n\t<\/div>\r\n<div id=\"1ce4cd72e5\" class=\"panel-collapse collapse \">\r\n\t<div class=\"panel-body\">\r\n\t\t<div class=\"pt-cv-content\"><p><iframe loading=\"lazy\" title=\"Entrevista. Coment\u00e1rio \u00e0 liturgia do domingo com o Padre Francisco Melo e Frei Jos\u00e9 Nunes\" width=\"1080\" height=\"608\" src=\"https:\/\/www.youtube.com\/embed\/R5rfUJwcw2Y?feature=oembed\"  allow=\"accelerometer; autoplay; clipboard-write; encrypted-media; gyroscope; picture-in-picture\" allowfullscreen><\/iframe><\/p>\n<p>Programa Ecclesia do dia 9 de marc\u0327o de 2018<\/p>\n<\/div>\t<\/div>\r\n<\/div><\/div>\n<div class=\"panel panel-default pt-cv-content-item pt-cv-1-col\" >\r\n<div class=\"panel-heading pt-cv-title\">\r\n    <a class=\"panel-title\" data-toggle=\"cvcollapse\" data-parent=\"#35dc26f6dm\" data-target=\"#7485b77wch\" href='http:\/\/sites.ecclesia.pt\/liturgia\/ano-b-04-o-domingo-da-quaresma-programa-ecclesia\/' onclick='event.preventDefault()'>\r\n\t\tAno B &#8211; 04.\u00ba Domingo da Quaresma &#8211; Programa Ecclesia\t<\/a>\r\n\t<\/div>\r\n<div id=\"7485b77wch\" class=\"panel-collapse collapse \">\r\n\t<div class=\"panel-body\">\r\n\t\t<div class=\"pt-cv-content\"><p><iframe loading=\"lazy\" title=\"Coment\u00e1rio \u00e0 liturgia do 4\u00ba domingo da Quaresma\" width=\"1080\" height=\"608\" src=\"https:\/\/www.youtube.com\/embed\/xKEeTKWcW1Y?feature=oembed\"  allow=\"accelerometer; autoplay; clipboard-write; encrypted-media; gyroscope; picture-in-picture\" allowfullscreen><\/iframe><\/p>\n<p>Programa Ecclesia de dia 12 de marc\u0327o de 2021<\/p>\n<\/div>\t<\/div>\r\n<\/div><\/div>\n<div class=\"panel panel-default pt-cv-content-item pt-cv-1-col\" >\r\n<div class=\"panel-heading pt-cv-title\">\r\n    <a class=\"panel-title\" data-toggle=\"cvcollapse\" data-parent=\"#35dc26f6dm\" data-target=\"#9f04c9bvbu\" href='http:\/\/sites.ecclesia.pt\/liturgia\/ano-b-05-o-domingo-da-quaresma-programa-ecclesia-2\/' onclick='event.preventDefault()'>\r\n\t\tAno B &#8211; 05.\u00ba Domingo da Quaresma &#8211; Programa Ecclesia\t<\/a>\r\n\t<\/div>\r\n<div id=\"9f04c9bvbu\" class=\"panel-collapse collapse \">\r\n\t<div class=\"panel-body\">\r\n\t\t<div class=\"pt-cv-content\"><p><iframe loading=\"lazy\" title=\"Coment\u00e1rio \u00e0 liturgia do V domingo da Quaresma - Ano B\" width=\"1080\" height=\"608\" src=\"https:\/\/www.youtube.com\/embed\/iszocEKyyEs?feature=oembed\"  allow=\"accelerometer; autoplay; clipboard-write; encrypted-media; gyroscope; picture-in-picture\" allowfullscreen><\/iframe><\/p>\n<p>Programa Ecclesia de dia 19 de marc\u0327o de 2021<\/p>\n<p>&nbsp;<\/p>\n<\/div>\t<\/div>\r\n<\/div><\/div>\n<div class=\"panel panel-default pt-cv-content-item pt-cv-1-col\" >\r\n<div class=\"panel-heading pt-cv-title\">\r\n    <a class=\"panel-title\" data-toggle=\"cvcollapse\" data-parent=\"#35dc26f6dm\" data-target=\"#ee94702pvu\" href='http:\/\/sites.ecclesia.pt\/liturgia\/ano-b-05-o-domingo-da-quaresma-programa-ecclesia\/' onclick='event.preventDefault()'>\r\n\t\tAno B &#8211; 05.\u00ba Domingo da Quaresma &#8211; Programa Ecclesia\t<\/a>\r\n\t<\/div>\r\n<div id=\"ee94702pvu\" class=\"panel-collapse collapse \">\r\n\t<div class=\"panel-body\">\r\n\t\t<div class=\"pt-cv-content\"><p><iframe loading=\"lazy\" title=\"Entrevista  Comenta\u0301rio a\u0300 liturgia do domingo com a Irma\u0303 Paula Jorda\u0303o e Padre Filipe Diniz\" width=\"1080\" height=\"608\" src=\"https:\/\/www.youtube.com\/embed\/tCHfF5ghUgE?feature=oembed\"  allow=\"accelerometer; autoplay; clipboard-write; encrypted-media; gyroscope; picture-in-picture\" allowfullscreen><\/iframe><\/p>\n<p>Programa Ecclesia emiss\u00e3o 16 de mar\u00e7o de 2018<\/p>\n<\/div>\t<\/div>\r\n<\/div><\/div>\n<div class=\"panel panel-default pt-cv-content-item pt-cv-1-col\" >\r\n<div class=\"panel-heading pt-cv-title\">\r\n    <a class=\"panel-title\" data-toggle=\"cvcollapse\" data-parent=\"#35dc26f6dm\" data-target=\"#87ef504sw4\" href='http:\/\/sites.ecclesia.pt\/liturgia\/ano-b-domingo-de-ramos\/' onclick='event.preventDefault()'>\r\n\t\tAno B &#8211; Domingo de Ramos &#8211; Programa Ecclesia\t<\/a>\r\n\t<\/div>\r\n<div id=\"87ef504sw4\" class=\"panel-collapse collapse \">\r\n\t<div class=\"panel-body\">\r\n\t\t<div class=\"pt-cv-content\"><p><iframe loading=\"lazy\" title=\"Entrevista. Coment\u00e1rio \u00e0 liturgia do domingo com Paula Jord\u00e3o, Catarina Sim\u00e3o e Francisco Ferreira\" width=\"1080\" height=\"608\" src=\"https:\/\/www.youtube.com\/embed\/tSe9w37S8TA?feature=oembed\"  allow=\"accelerometer; autoplay; clipboard-write; encrypted-media; gyroscope; picture-in-picture\" allowfullscreen><\/iframe><\/p>\n<p>Programa Ecclesia do dia 23 de mar\u00e7o de 2018<\/p>\n<\/div>\t<\/div>\r\n<\/div><\/div>\n<div class=\"panel panel-default pt-cv-content-item pt-cv-1-col\" >\r\n<div class=\"panel-heading pt-cv-title\">\r\n    <a class=\"panel-title\" data-toggle=\"cvcollapse\" data-parent=\"#35dc26f6dm\" data-target=\"#e761cebeay\" href='http:\/\/sites.ecclesia.pt\/liturgia\/ano-b-domingo-de-ramos-na-paixao-do-senhor-programa-ecclesia\/' onclick='event.preventDefault()'>\r\n\t\tAno B \u2013 Domingo de Ramos na Paix\u00e3o do Senhor &#8211; Programa Ecclesia\t<\/a>\r\n\t<\/div>\r\n<div id=\"e761cebeay\" class=\"panel-collapse collapse \">\r\n\t<div class=\"panel-body\">\r\n\t\t<div class=\"pt-cv-content\"><p><iframe loading=\"lazy\" title=\"Coment\u00e1rio \u00e0 liturgia do Domingo de Ramos\" width=\"1080\" height=\"608\" src=\"https:\/\/www.youtube.com\/embed\/_iNZMN91Z90?feature=oembed\"  allow=\"accelerometer; autoplay; clipboard-write; encrypted-media; gyroscope; picture-in-picture\" allowfullscreen><\/iframe><\/p>\n<p>Programa Ecclesia de dia 26 de marc\u0327o de 2021<\/p>\n<p>&nbsp;<\/p>\n<\/div>\t<\/div>\r\n<\/div><\/div><\/div><\/div><\/div><\/div> P\u00c1SCOA <div class=\"pt-cv-wrapper et_smooth_scroll_disabled\"><div class=\"pt-cv-view pt-cv-collapsible\" id=\"pt-cv-view-a2ca6bbwrx\"><div data-id=\"pt-cv-page-1\" class=\"pt-cv-page\" data-cvc=\"1\"><div class=\"panel-group\" id=\"3687059c5y\"><div class=\"panel panel-default pt-cv-content-item pt-cv-1-col\" >\r\n<div class=\"panel-heading pt-cv-title\">\r\n    <a class=\"panel-title\" data-toggle=\"cvcollapse\" data-parent=\"#3687059c5y\" data-target=\"#a253f1fikf\" href='http:\/\/sites.ecclesia.pt\/liturgia\/ano-b-02o-domingo-da-pascoa-programa-ecclesia\/' onclick='event.preventDefault()'>\r\n\t\tAno B &#8211; 02.\u00ba Domingo da P\u00e1scoa &#8211; Programa Ecclesia\t<\/a>\r\n\t<\/div>\r\n<div id=\"a253f1fikf\" class=\"panel-collapse collapse \">\r\n\t<div class=\"panel-body\">\r\n\t\t<div class=\"pt-cv-content\"><p><iframe loading=\"lazy\" title=\"Coment\u00e1rio \u00e0 liturgia do 2\u00ba domingo da P\u00e1scoa - Ano B\" width=\"1080\" height=\"608\" src=\"https:\/\/www.youtube.com\/embed\/JqnelAU5ETg?feature=oembed\"  allow=\"accelerometer; autoplay; clipboard-write; encrypted-media; gyroscope; picture-in-picture\" allowfullscreen><\/iframe><\/p>\n<p>Programa Ecclesia do dia 09 de abril de 2021<\/p>\n<\/div>\t<\/div>\r\n<\/div><\/div>\n<div class=\"panel panel-default pt-cv-content-item pt-cv-1-col\" >\r\n<div class=\"panel-heading pt-cv-title\">\r\n    <a class=\"panel-title\" data-toggle=\"cvcollapse\" data-parent=\"#3687059c5y\" data-target=\"#32d859af5c\" href='http:\/\/sites.ecclesia.pt\/liturgia\/ano-b-02-o-domingo-da-pascoa-programa-ecclesia\/' onclick='event.preventDefault()'>\r\n\t\tAno B &#8211; 02.\u00ba Domingo da P\u00e1scoa &#8211; Programa Ecclesia\t<\/a>\r\n\t<\/div>\r\n<div id=\"32d859af5c\" class=\"panel-collapse collapse \">\r\n\t<div class=\"panel-body\">\r\n\t\t<div class=\"pt-cv-content\"><p><iframe loading=\"lazy\" title=\"Entrevista. Coment\u00e1rio \u00e0 liturgia do domingo com os padres Ant\u00f3nio Val\u00e9rio e Rui Val\u00e9rio\" width=\"1080\" height=\"608\" src=\"https:\/\/www.youtube.com\/embed\/tUMqi5bHmh8?feature=oembed\"  allow=\"accelerometer; autoplay; clipboard-write; encrypted-media; gyroscope; picture-in-picture\" allowfullscreen><\/iframe><\/p>\n<p>Programa Ecclesia do dia 06 de abril de 2018<\/p>\n<\/div>\t<\/div>\r\n<\/div><\/div>\n<div class=\"panel panel-default pt-cv-content-item pt-cv-1-col\" >\r\n<div class=\"panel-heading pt-cv-title\">\r\n    <a class=\"panel-title\" data-toggle=\"cvcollapse\" data-parent=\"#3687059c5y\" data-target=\"#bdc61779oy\" href='http:\/\/sites.ecclesia.pt\/liturgia\/ano-b-03o-domingo-da-pascoa\/' onclick='event.preventDefault()'>\r\n\t\tAno B &#8211; 03.\u00ba Domingo da P\u00e1scoa &#8211; Programa Ecclesia\t<\/a>\r\n\t<\/div>\r\n<div id=\"bdc61779oy\" class=\"panel-collapse collapse \">\r\n\t<div class=\"panel-body\">\r\n\t\t<div class=\"pt-cv-content\"><p><iframe loading=\"lazy\" title=\"Entrevista. Coment\u00e1rio \u00e0 liturgia do domingo com Frei Jos\u00e9 Nunes e padre N\u00e9lio Pita\" width=\"1080\" height=\"608\" src=\"https:\/\/www.youtube.com\/embed\/Yu_CNmTHiN0?feature=oembed\"  allow=\"accelerometer; autoplay; clipboard-write; encrypted-media; gyroscope; picture-in-picture\" allowfullscreen><\/iframe><\/p>\n<p>Programa Ecclesia de 13 de abril de 2018<\/p>\n<\/div>\t<\/div>\r\n<\/div><\/div>\n<div class=\"panel panel-default pt-cv-content-item pt-cv-1-col\" >\r\n<div class=\"panel-heading pt-cv-title\">\r\n    <a class=\"panel-title\" data-toggle=\"cvcollapse\" data-parent=\"#3687059c5y\" data-target=\"#2d4f1e7mkg\" href='http:\/\/sites.ecclesia.pt\/liturgia\/ano-b-03-o-domingo-da-pascoa-programa-ecclesia\/' onclick='event.preventDefault()'>\r\n\t\tAno B &#8211; 03.\u00ba Domingo da P\u00e1scoa \u2013 Programa Ecclesia\t<\/a>\r\n\t<\/div>\r\n<div id=\"2d4f1e7mkg\" class=\"panel-collapse collapse \">\r\n\t<div class=\"panel-body\">\r\n\t\t<div class=\"pt-cv-content\"><p><iframe loading=\"lazy\" title=\"Coment\u00e1rio \u00e0 liturgia do 3\u00ba domingo da P\u00e1scoa - Ano B\" width=\"1080\" height=\"608\" src=\"https:\/\/www.youtube.com\/embed\/PyrInRZqdu8?feature=oembed\"  allow=\"accelerometer; autoplay; clipboard-write; encrypted-media; gyroscope; picture-in-picture\" allowfullscreen><\/iframe><\/p>\n<p>Programa Ecclesia do dia 16 de abril de 2021<\/p>\n<\/div>\t<\/div>\r\n<\/div><\/div>\n<div class=\"panel panel-default pt-cv-content-item pt-cv-1-col\" >\r\n<div class=\"panel-heading pt-cv-title\">\r\n    <a class=\"panel-title\" data-toggle=\"cvcollapse\" data-parent=\"#3687059c5y\" data-target=\"#984774bkb0\" href='http:\/\/sites.ecclesia.pt\/liturgia\/ano-b-04-o-domingo-da-pascoa-programa-ecclesia\/' onclick='event.preventDefault()'>\r\n\t\tAno B &#8211; 04.\u00ba Domingo da P\u00e1scoa &#8211; Programa Ecclesia\t<\/a>\r\n\t<\/div>\r\n<div id=\"984774bkb0\" class=\"panel-collapse collapse \">\r\n\t<div class=\"panel-body\">\r\n\t\t<div class=\"pt-cv-content\"><p><iframe loading=\"lazy\" title=\"Coment\u00e1rio \u00e0 liturgia do 4.\u00ba Domingo da P\u00e1scoa - Ano B\" width=\"1080\" height=\"608\" src=\"https:\/\/www.youtube.com\/embed\/tCMrcvFCp1E?feature=oembed\"  allow=\"accelerometer; autoplay; clipboard-write; encrypted-media; gyroscope; picture-in-picture\" allowfullscreen><\/iframe><\/p>\n<p>Programa Ecclesia de dia 23 de abril de 2021<\/p>\n<\/div>\t<\/div>\r\n<\/div><\/div>\n<div class=\"panel panel-default pt-cv-content-item pt-cv-1-col\" >\r\n<div class=\"panel-heading pt-cv-title\">\r\n    <a class=\"panel-title\" data-toggle=\"cvcollapse\" data-parent=\"#3687059c5y\" data-target=\"#2e86a7eday\" href='http:\/\/sites.ecclesia.pt\/liturgia\/ano-b-04o-domingo-da-pascoa\/' onclick='event.preventDefault()'>\r\n\t\tAno B &#8211; 04.\u00ba Domingo da P\u00e1scoa &#8211; Programa Ecclesia\t<\/a>\r\n\t<\/div>\r\n<div id=\"2e86a7eday\" class=\"panel-collapse collapse \">\r\n\t<div class=\"panel-body\">\r\n\t\t<div class=\"pt-cv-content\"><p><iframe loading=\"lazy\" title=\"Entrevista. Coment\u00e1rio \u00e0 liturgia do domingo com Frei Jos\u00e9 Nunes e padre N\u00e9lio Pita\" width=\"1080\" height=\"608\" src=\"https:\/\/www.youtube.com\/embed\/BJ05hA2TCko?feature=oembed\"  allow=\"accelerometer; autoplay; clipboard-write; encrypted-media; gyroscope; picture-in-picture\" allowfullscreen><\/iframe><\/p>\n<p>Programa Ecclesia de dia 20 de abril de 2018<\/p>\n<\/div>\t<\/div>\r\n<\/div><\/div>\n<div class=\"panel panel-default pt-cv-content-item pt-cv-1-col\" >\r\n<div class=\"panel-heading pt-cv-title\">\r\n    <a class=\"panel-title\" data-toggle=\"cvcollapse\" data-parent=\"#3687059c5y\" data-target=\"#eb552f5mcn\" href='http:\/\/sites.ecclesia.pt\/liturgia\/ano-b-05-o-domingo-da-pascoa-programa-ecclesia\/' onclick='event.preventDefault()'>\r\n\t\tAno B &#8211; 05.\u00ba Domingo da P\u00e1scoa &#8211; Programa Ecclesia\t<\/a>\r\n\t<\/div>\r\n<div id=\"eb552f5mcn\" class=\"panel-collapse collapse \">\r\n\t<div class=\"panel-body\">\r\n\t\t<div class=\"pt-cv-content\"><p><iframe loading=\"lazy\" title=\"Coment\u00e1rio \u00e0 liturgia do 5\u00ba domingo da P\u00e1scoa - Ano B\" width=\"1080\" height=\"608\" src=\"https:\/\/www.youtube.com\/embed\/CLfyWWn2LgA?feature=oembed\"  allow=\"accelerometer; autoplay; clipboard-write; encrypted-media; gyroscope; picture-in-picture\" allowfullscreen><\/iframe><\/p>\n<p>Programa Ecclesia de dia 30 de abril de 2021<\/p>\n<\/div>\t<\/div>\r\n<\/div><\/div>\n<div class=\"panel panel-default pt-cv-content-item pt-cv-1-col\" >\r\n<div class=\"panel-heading pt-cv-title\">\r\n    <a class=\"panel-title\" data-toggle=\"cvcollapse\" data-parent=\"#3687059c5y\" data-target=\"#da72b704kj\" href='http:\/\/sites.ecclesia.pt\/liturgia\/ano-b-05o-domingo-da-pascoa\/' onclick='event.preventDefault()'>\r\n\t\tAno B &#8211; 05.\u00ba Domingo da P\u00e1scoa &#8211; Programa Ecclesia\t<\/a>\r\n\t<\/div>\r\n<div id=\"da72b704kj\" class=\"panel-collapse collapse \">\r\n\t<div class=\"panel-body\">\r\n\t\t<div class=\"pt-cv-content\"><p><iframe loading=\"lazy\" title=\"Entrevista. Coment\u00e1rio \u00e0 liturgia do domingo com o padre Armindo Vaz e Paulo Paiva\" width=\"1080\" height=\"608\" src=\"https:\/\/www.youtube.com\/embed\/psrjErlW7H4?feature=oembed\"  allow=\"accelerometer; autoplay; clipboard-write; encrypted-media; gyroscope; picture-in-picture\" allowfullscreen><\/iframe><\/p>\n<p>Programa Ecclesia do dia 27 de abril de 2018<\/p>\n<\/div>\t<\/div>\r\n<\/div><\/div>\n<div class=\"panel panel-default pt-cv-content-item pt-cv-1-col\" >\r\n<div class=\"panel-heading pt-cv-title\">\r\n    <a class=\"panel-title\" data-toggle=\"cvcollapse\" data-parent=\"#3687059c5y\" data-target=\"#3945945vc0\" href='http:\/\/sites.ecclesia.pt\/liturgia\/ano-b-06-o-domingo-da-pascoa-programa-ecclesia\/' onclick='event.preventDefault()'>\r\n\t\tAno B &#8211; 06.\u00ba Domingo da P\u00e1scoa &#8211; Programa Ecclesia\t<\/a>\r\n\t<\/div>\r\n<div id=\"3945945vc0\" class=\"panel-collapse collapse \">\r\n\t<div class=\"panel-body\">\r\n\t\t<div class=\"pt-cv-content\"><p><iframe loading=\"lazy\" title=\"Coment\u00e1rio \u00e0 liturgia do 6.\u00ba Domingo da P\u00e1scoa - Ano B\" width=\"1080\" height=\"608\" src=\"https:\/\/www.youtube.com\/embed\/56No0s7THoY?feature=oembed\"  allow=\"accelerometer; autoplay; clipboard-write; encrypted-media; gyroscope; picture-in-picture\" allowfullscreen><\/iframe><\/p>\n<p>Programa Ecclesia de dia 7 de maio de 2021<\/p>\n<\/div>\t<\/div>\r\n<\/div><\/div>\n<div class=\"panel panel-default pt-cv-content-item pt-cv-1-col\" >\r\n<div class=\"panel-heading pt-cv-title\">\r\n    <a class=\"panel-title\" data-toggle=\"cvcollapse\" data-parent=\"#3687059c5y\" data-target=\"#ca57ab5das\" href='http:\/\/sites.ecclesia.pt\/liturgia\/ano-b-06o-domingo-da-pascoa-3\/' onclick='event.preventDefault()'>\r\n\t\tAno B &#8211; 06.\u00ba Domingo da P\u00e1scoa &#8211; Programa Ecclesia\t<\/a>\r\n\t<\/div>\r\n<div id=\"ca57ab5das\" class=\"panel-collapse collapse \">\r\n\t<div class=\"panel-body\">\r\n\t\t<div class=\"pt-cv-content\"><p><iframe loading=\"lazy\" title=\"Entrevista. Coment\u00e1rio \u00e0 liturgia do domingo com frei Jos\u00e9 Nunes\" width=\"1080\" height=\"608\" src=\"https:\/\/www.youtube.com\/embed\/ZinFJUWoDgw?feature=oembed\"  allow=\"accelerometer; autoplay; clipboard-write; encrypted-media; gyroscope; picture-in-picture\" allowfullscreen><\/iframe><\/p>\n<p>Programa Ecclesia do dia 04 de maio de 2018<\/p>\n<\/div>\t<\/div>\r\n<\/div><\/div>\n<div class=\"panel panel-default pt-cv-content-item pt-cv-1-col\" >\r\n<div class=\"panel-heading pt-cv-title\">\r\n    <a class=\"panel-title\" data-toggle=\"cvcollapse\" data-parent=\"#3687059c5y\" data-target=\"#407e7b5soa\" href='http:\/\/sites.ecclesia.pt\/liturgia\/ano-b-06o-domingo-da-pascoa\/' onclick='event.preventDefault()'>\r\n\t\tAno B &#8211; 06.\u00ba Domingo da P\u00e1scoa &#8211; Programa Ecclesia\t<\/a>\r\n\t<\/div>\r\n<div id=\"407e7b5soa\" class=\"panel-collapse collapse \">\r\n\t<div class=\"panel-body\">\r\n\t\t<div class=\"pt-cv-content\"><p><iframe loading=\"lazy\" title=\"Entrevista. Coment\u00e1rio \u00e0 liturgia do domingo com frei Jos\u00e9 Nunes e padre Jos\u00e9 Carlos Nunes\" width=\"1080\" height=\"608\" src=\"https:\/\/www.youtube.com\/embed\/K2YkvYnOUWw?feature=oembed\"  allow=\"accelerometer; autoplay; clipboard-write; encrypted-media; gyroscope; picture-in-picture\" allowfullscreen><\/iframe><\/p>\n<p>Programa Ecclesia do dia 11 de maio de 2018<\/p>\n<\/div>\t<\/div>\r\n<\/div><\/div><\/div><\/div><\/div><\/div>SOLENIDADES E FESTAS <div class=\"pt-cv-wrapper et_smooth_scroll_disabled\"><div class=\"pt-cv-view pt-cv-collapsible\" id=\"pt-cv-view-a326769zoq\"><div data-id=\"pt-cv-page-1\" class=\"pt-cv-page\" data-cvc=\"1\"><div class=\"panel-group\" id=\"01bffe95uf\"><div class=\"panel panel-default pt-cv-content-item pt-cv-1-col\" >\r\n<div class=\"panel-heading pt-cv-title\">\r\n    <a class=\"panel-title\" data-toggle=\"cvcollapse\" data-parent=\"#01bffe95uf\" data-target=\"#b0b6797ot7\" href='http:\/\/sites.ecclesia.pt\/liturgia\/ano-b-festa-da-sagrada-familia\/' onclick='event.preventDefault()'>\r\n\t\tAno B &#8211; Festa da Sagrada Fam\u00edlia &#8211; Programa Ecclesia\t<\/a>\r\n\t<\/div>\r\n<div id=\"b0b6797ot7\" class=\"panel-collapse collapse \">\r\n\t<div class=\"panel-body\">\r\n\t\t<div class=\"pt-cv-content\"><p><iframe loading=\"lazy\" title=\"Coment\u00e1rio \u00e0 liturgia da Festa da Sagrada Fam\u00edlia pelo c\u00f3nego Ant\u00f3nio Rego e padre Armindo Vaz\" width=\"1080\" height=\"608\" src=\"https:\/\/www.youtube.com\/embed\/ld2VRu5Nnyw?feature=oembed\"  allow=\"accelerometer; autoplay; clipboard-write; encrypted-media; gyroscope; picture-in-picture\" allowfullscreen><\/iframe><\/p>\n<p>Programa Ecclesia (emiss\u00e3o 29-12-2017)<\/p>\n<\/div>\t<\/div>\r\n<\/div><\/div>\n<div class=\"panel panel-default pt-cv-content-item pt-cv-1-col\" >\r\n<div class=\"panel-heading pt-cv-title\">\r\n    <a class=\"panel-title\" data-toggle=\"cvcollapse\" data-parent=\"#01bffe95uf\" data-target=\"#56d68bdo2t\" href='http:\/\/sites.ecclesia.pt\/liturgia\/ano-b-festa-do-batismo-do-senhor-programa-ecclesia\/' onclick='event.preventDefault()'>\r\n\t\tAno B &#8211; Festa do Batismo do Senhor &#8211; Programa Ecclesia\t<\/a>\r\n\t<\/div>\r\n<div id=\"56d68bdo2t\" class=\"panel-collapse collapse \">\r\n\t<div class=\"panel-body\">\r\n\t\t<div class=\"pt-cv-content\"><p><iframe loading=\"lazy\" title=\"Coment\u00e1rio \u00e0 liturgia da Festa do Batismo do Senhor\" width=\"1080\" height=\"608\" src=\"https:\/\/www.youtube.com\/embed\/SqPDowX-oE8?feature=oembed\"  allow=\"accelerometer; autoplay; clipboard-write; encrypted-media; gyroscope; picture-in-picture\" allowfullscreen><\/iframe><\/p>\n<p>Prgrama Ecclesia de 8 de janeiro de 2021<\/p>\n<\/div>\t<\/div>\r\n<\/div><\/div>\n<div class=\"panel panel-default pt-cv-content-item pt-cv-1-col\" >\r\n<div class=\"panel-heading pt-cv-title\">\r\n    <a class=\"panel-title\" data-toggle=\"cvcollapse\" data-parent=\"#01bffe95uf\" data-target=\"#d15d217iyc\" href='http:\/\/sites.ecclesia.pt\/liturgia\/ano-b-comentario-a-liturgia-da-solenidade-da-ascensao-programa-ecclesia\/' onclick='event.preventDefault()'>\r\n\t\tAno B &#8211; Solenidade da Ascens\u00e3o &#8211; Programa Ecclesia\t<\/a>\r\n\t<\/div>\r\n<div id=\"d15d217iyc\" class=\"panel-collapse collapse \">\r\n\t<div class=\"panel-body\">\r\n\t\t<div class=\"pt-cv-content\"><p><iframe loading=\"lazy\" title=\"Coment\u00e1rio \u00e0 liturgia da Solenidade da Ascens\u00e3o - Ano B\" width=\"1080\" height=\"608\" src=\"https:\/\/www.youtube.com\/embed\/9ac0q_8Ef4M?feature=oembed\"  allow=\"accelerometer; autoplay; clipboard-write; encrypted-media; gyroscope; picture-in-picture\" allowfullscreen><\/iframe><\/p>\n<p>Programa Ecclesia de dia 14 de maio de 2021<\/p>\n<\/div>\t<\/div>\r\n<\/div><\/div>\n<div class=\"panel panel-default pt-cv-content-item pt-cv-1-col\" >\r\n<div class=\"panel-heading pt-cv-title\">\r\n    <a class=\"panel-title\" data-toggle=\"cvcollapse\" data-parent=\"#01bffe95uf\" data-target=\"#fa064b69k0\" href='http:\/\/sites.ecclesia.pt\/liturgia\/ano-b-solenidade-da-epifania-do-senhor\/' onclick='event.preventDefault()'>\r\n\t\tAno B &#8211; Solenidade da Epifania do Senhor &#8211; Programa Ecclesia\t<\/a>\r\n\t<\/div>\r\n<div id=\"fa064b69k0\" class=\"panel-collapse collapse \">\r\n\t<div class=\"panel-body\">\r\n\t\t<div class=\"pt-cv-content\"><p><iframe loading=\"lazy\" title=\"Entrevista. Coment\u00e1rio \u00e0 liturgia do domingo com Frei Jos\u00e9 Nunes e Padre Natana\u00e9l Mykola Harasym\" width=\"1080\" height=\"608\" src=\"https:\/\/www.youtube.com\/embed\/De-4evzIrGA?feature=oembed\"  allow=\"accelerometer; autoplay; clipboard-write; encrypted-media; gyroscope; picture-in-picture\" allowfullscreen><\/iframe><\/p>\n<p>Programa Ecclesia (emiss\u00e3o 05-01-2018)<\/p>\n<\/div>\t<\/div>\r\n<\/div><\/div>\n<div class=\"panel panel-default pt-cv-content-item pt-cv-1-col\" >\r\n<div class=\"panel-heading pt-cv-title\">\r\n    <a class=\"panel-title\" data-toggle=\"cvcollapse\" data-parent=\"#01bffe95uf\" data-target=\"#49e83f55w0\" href='http:\/\/sites.ecclesia.pt\/liturgia\/ano-b-solenidade-da-imaculada-conceicao\/' onclick='event.preventDefault()'>\r\n\t\tAno B &#8211; Solenidade da Imaculada Concei\u00e7\u00e3o &#8211; Programa Ecclesia\t<\/a>\r\n\t<\/div>\r\n<div id=\"49e83f55w0\" class=\"panel-collapse collapse \">\r\n\t<div class=\"panel-body\">\r\n\t\t<div class=\"pt-cv-content\"><p><iframe loading=\"lazy\" title=\"Entrevista. Coment\u00e1rio \u00e0 liturgia do domingo com D. Francisco Senra Coelho\" width=\"1080\" height=\"608\" src=\"https:\/\/www.youtube.com\/embed\/pN330RvZztM?feature=oembed\"  allow=\"accelerometer; autoplay; clipboard-write; encrypted-media; gyroscope; picture-in-picture\" allowfullscreen><\/iframe><\/p>\n<p>Programa Ecclesia (emiss\u00e3o 08-12-2017)<\/p>\n<\/div>\t<\/div>\r\n<\/div><\/div>\n<div class=\"panel panel-default pt-cv-content-item pt-cv-1-col\" >\r\n<div class=\"panel-heading pt-cv-title\">\r\n    <a class=\"panel-title\" data-toggle=\"cvcollapse\" data-parent=\"#01bffe95uf\" data-target=\"#983662b2th\" href='http:\/\/sites.ecclesia.pt\/liturgia\/ano-b-solenidade-da-santissima-trindade-programa-ecclesia\/' onclick='event.preventDefault()'>\r\n\t\tAno B &#8211; Solenidade da Sant\u00edssima Trindade &#8211; Programa Ecclesia\t<\/a>\r\n\t<\/div>\r\n<div id=\"983662b2th\" class=\"panel-collapse collapse \">\r\n\t<div class=\"panel-body\">\r\n\t\t<div class=\"pt-cv-content\"><p><iframe loading=\"lazy\" title=\"Coment\u00e1rio \u00e0 liturgia da Solenidade da Sant\u00edssima Trindade - Ano B\" width=\"1080\" height=\"608\" src=\"https:\/\/www.youtube.com\/embed\/ckWhSo7jPsk?feature=oembed\"  allow=\"accelerometer; autoplay; clipboard-write; encrypted-media; gyroscope; picture-in-picture\" allowfullscreen><\/iframe><\/p>\n<p>Programa Ecclesia de dia 28 de maio de 2021<\/p>\n<\/div>\t<\/div>\r\n<\/div><\/div>\n<div class=\"panel panel-default pt-cv-content-item pt-cv-1-col\" >\r\n<div class=\"panel-heading pt-cv-title\">\r\n    <a class=\"panel-title\" data-toggle=\"cvcollapse\" data-parent=\"#01bffe95uf\" data-target=\"#9e07d30iq5\" href='http:\/\/sites.ecclesia.pt\/liturgia\/comentario-a-liturgia-da-solenidade-de-cristo-rei-pela-irma-paula-jordao-e-padre-manuel-morujao\/' onclick='event.preventDefault()'>\r\n\t\tAno B &#8211; Solenidade de Cristo Rei &#8211; Programa Ecclesia\t<\/a>\r\n\t<\/div>\r\n<div id=\"9e07d30iq5\" class=\"panel-collapse collapse \">\r\n\t<div class=\"panel-body\">\r\n\t\t<div class=\"pt-cv-content\"><p><iframe loading=\"lazy\" title=\"Coment\u00e1rio \u00e0 liturgia da Solenidade de Cristo Rei pela irm\u00e3 Paula Jord\u00e3o e padre Manuel Moruj\u00e3o\" width=\"1080\" height=\"608\" src=\"https:\/\/www.youtube.com\/embed\/t7-dYjq5uCI?feature=oembed\"  allow=\"accelerometer; autoplay; clipboard-write; encrypted-media; gyroscope; picture-in-picture\" allowfullscreen><\/iframe><\/p>\n<p>Programa Ecclesia do dia 23 de novembro de 2018<\/p>\n<p>&nbsp;<\/p>\n<\/div>\t<\/div>\r\n<\/div><\/div>\n<div class=\"panel panel-default pt-cv-content-item pt-cv-1-col\" >\r\n<div class=\"panel-heading pt-cv-title\">\r\n    <a class=\"panel-title\" data-toggle=\"cvcollapse\" data-parent=\"#01bffe95uf\" data-target=\"#9f7d045sd2\" href='http:\/\/sites.ecclesia.pt\/liturgia\/ano-b-solenidade-de-pentecostes\/' onclick='event.preventDefault()'>\r\n\t\tAno B &#8211; Solenidade de Pentecostes &#8211; Programa Ecclesia\t<\/a>\r\n\t<\/div>\r\n<div id=\"9f7d045sd2\" class=\"panel-collapse collapse \">\r\n\t<div class=\"panel-body\">\r\n\t\t<div class=\"pt-cv-content\"><p><iframe loading=\"lazy\" title=\"Entrevista. Coment\u00e1rio \u00e0 liturgia do domingo com os padres Lu\u00eds Alberto e Armindo Vaz\" width=\"1080\" height=\"608\" src=\"https:\/\/www.youtube.com\/embed\/FIhMUKd2IUc?feature=oembed\"  allow=\"accelerometer; autoplay; clipboard-write; encrypted-media; gyroscope; picture-in-picture\" allowfullscreen><\/iframe><\/p>\n<p>Programa Ecclesia do dia 18 de maio de 2018<\/p>\n<p>&nbsp;<\/p>\n<\/div>\t<\/div>\r\n<\/div><\/div>\n<div class=\"panel panel-default pt-cv-content-item pt-cv-1-col\" >\r\n<div class=\"panel-heading pt-cv-title\">\r\n    <a class=\"panel-title\" data-toggle=\"cvcollapse\" data-parent=\"#01bffe95uf\" data-target=\"#91f8ac5r51\" href='http:\/\/sites.ecclesia.pt\/liturgia\/ano-b-solenidade-de-s-joao-batista\/' onclick='event.preventDefault()'>\r\n\t\tAno B &#8211; Solenidade de S. Jo\u00e3o Batista &#8211; Programa Ecclesia\t<\/a>\r\n\t<\/div>\r\n<div id=\"91f8ac5r51\" class=\"panel-collapse collapse \">\r\n\t<div class=\"panel-body\">\r\n\t\t<div class=\"pt-cv-content\"><p><iframe loading=\"lazy\" title=\"Coment\u00e1rio \u00e0 liturgia da Solenidade de S. Jo\u00e3o Batista com a irm\u00e3 Paula Jord\u00e3o e Juan Ambrosio\" width=\"1080\" height=\"608\" src=\"https:\/\/www.youtube.com\/embed\/tNdhfQOXyBE?feature=oembed\"  allow=\"accelerometer; autoplay; clipboard-write; encrypted-media; gyroscope; picture-in-picture\" allowfullscreen><\/iframe><\/p>\n<p>Programa Ecclesia do dia 22 de junho de 2018<\/p>\n<\/div>\t<\/div>\r\n<\/div><\/div>\n<div class=\"panel panel-default pt-cv-content-item pt-cv-1-col\" >\r\n<div class=\"panel-heading pt-cv-title\">\r\n    <a class=\"panel-title\" data-toggle=\"cvcollapse\" data-parent=\"#01bffe95uf\" data-target=\"#6afba16yzj\" href='http:\/\/sites.ecclesia.pt\/liturgia\/dia-todos-os-santos\/' onclick='event.preventDefault()'>\r\n\t\tAno B &#8211; Solenidade de todos os Santos &#8211; Programa Ecclesia\t<\/a>\r\n\t<\/div>\r\n<div id=\"6afba16yzj\" class=\"panel-collapse collapse \">\r\n\t<div class=\"panel-body\">\r\n\t\t<div class=\"pt-cv-content\"><p><iframe loading=\"lazy\" title=\"Dia de todos os Santos\" width=\"1080\" height=\"608\" src=\"https:\/\/www.youtube.com\/embed\/p8R3wDYVRp4?feature=oembed\"  allow=\"accelerometer; autoplay; clipboard-write; encrypted-media; gyroscope; picture-in-picture\" allowfullscreen><\/iframe><\/p>\n<p>Programa Ecclesia do dia 01 de novembro de 2018<\/p>\n<\/div>\t<\/div>\r\n<\/div><\/div>\n<div class=\"panel panel-default pt-cv-content-item pt-cv-1-col\" >\r\n<div class=\"panel-heading pt-cv-title\">\r\n    <a class=\"panel-title\" data-toggle=\"cvcollapse\" data-parent=\"#01bffe95uf\" data-target=\"#43662660s3\" href='http:\/\/sites.ecclesia.pt\/liturgia\/ano-b-solenidade-do-pentecostes-programa-ecclesia\/' onclick='event.preventDefault()'>\r\n\t\tAno B &#8211; Solenidade do Pentecostes &#8211; Programa Ecclesia\t<\/a>\r\n\t<\/div>\r\n<div id=\"43662660s3\" class=\"panel-collapse collapse \">\r\n\t<div class=\"panel-body\">\r\n\t\t<div class=\"pt-cv-content\"><p><iframe loading=\"lazy\" title=\"Coment\u00e1rio \u00e0 liturgia do Pentecostes. Ano B\" width=\"1080\" height=\"608\" src=\"https:\/\/www.youtube.com\/embed\/2KjTMVIAXrI?feature=oembed\"  allow=\"accelerometer; autoplay; clipboard-write; encrypted-media; gyroscope; picture-in-picture\" allowfullscreen><\/iframe><\/p>\n<p>Programa Ecclesia de dia 21 de maio de 2021<\/p>\n<\/div>\t<\/div>\r\n<\/div><\/div><\/div><\/div><\/div><\/div><\/p>\n","protected":false},"author":1,"featured_media":0,"parent":0,"menu_order":0,"comment_status":"closed","ping_status":"closed","template":"","meta":{"_et_pb_use_builder":"on","_et_pb_old_content":"","_et_gb_content_width":"","footnotes":""},"class_list":["post-163505","page","type-page","status-publish","hentry"],"_links":{"self":[{"href":"http:\/\/sites.ecclesia.pt\/liturgia\/wp-json\/wp\/v2\/pages\/163505","targetHints":{"allow":["GET"]}}],"collection":[{"href":"http:\/\/sites.ecclesia.pt\/liturgia\/wp-json\/wp\/v2\/pages"}],"about":[{"href":"http:\/\/sites.ecclesia.pt\/liturgia\/wp-json\/wp\/v2\/types\/page"}],"author":[{"embeddable":true,"href":"http:\/\/sites.ecclesia.pt\/liturgia\/wp-json\/wp\/v2\/users\/1"}],"replies":[{"embeddable":true,"href":"http:\/\/sites.ecclesia.pt\/liturgia\/wp-json\/wp\/v2\/comments?post=163505"}],"version-history":[{"count":8,"href":"http:\/\/sites.ecclesia.pt\/liturgia\/wp-json\/wp\/v2\/pages\/163505\/revisions"}],"predecessor-version":[{"id":199929,"href":"http:\/\/sites.ecclesia.pt\/liturgia\/wp-json\/wp\/v2\/pages\/163505\/revisions\/199929"}],"wp:attachment":[{"href":"http:\/\/sites.ecclesia.pt\/liturgia\/wp-json\/wp\/v2\/media?parent=163505"}],"curies":[{"name":"wp","href":"https:\/\/api.w.org\/{rel}","templated":true}]}}