{"id":163506,"date":"2020-03-05T10:58:32","date_gmt":"2020-03-05T10:58:32","guid":{"rendered":"http:\/\/sites.ecclesia.pt\/liturgia\/?page_id=163506"},"modified":"2020-03-12T12:06:32","modified_gmt":"2020-03-12T12:06:32","slug":"ano-c-programa-ecclesia","status":"publish","type":"page","link":"http:\/\/sites.ecclesia.pt\/liturgia\/ano-c-programa-ecclesia\/","title":{"rendered":"Ano C &#8211; Programa Ecclesia"},"content":{"rendered":"<p>[et_pb_section bb_built=&#8221;1&#8243; admin_label=&#8221;Hero Section&#8221; _builder_version=&#8221;4.3.4&#8243; use_background_color_gradient=&#8221;on&#8221; background_color_gradient_start=&#8221;rgba(0,0,0,0)&#8221; background_color_gradient_end=&#8221;rgba(0,0,0,0.73)&#8221; background_color_gradient_direction=&#8221;120deg&#8221; background_color_gradient_overlays_image=&#8221;on&#8221; background_image=&#8221;http:\/\/sites.ecclesia.pt\/liturgia\/wp-content\/uploads\/2020\/03\/bible-1869164_1920.jpg&#8221; custom_padding=&#8221;5%||5%|&#8221; next_background_color=&#8221;#ffffff&#8221; box_shadow_horizontal_tablet=&#8221;0px&#8221; box_shadow_vertical_tablet=&#8221;0px&#8221; box_shadow_blur_tablet=&#8221;40px&#8221; box_shadow_spread_tablet=&#8221;0px&#8221; vertical_offset_tablet=&#8221;0&#8243; horizontal_offset_tablet=&#8221;0&#8243; z_index_tablet=&#8221;0&#8243;][et_pb_row admin_label=&#8221;Hero Area&#8221; _builder_version=&#8221;3.0.93&#8243; width=&#8221;80%&#8221; max_width=&#8221;1280px&#8221;][et_pb_column type=&#8221;1_2&#8243; _builder_version=&#8221;3.0.47&#8243; parallax=&#8221;off&#8221; parallax_method=&#8221;on&#8221; custom_padding__hover=&#8221;|||&#8221; custom_padding=&#8221;|||&#8221;][et_pb_text admin_label=&#8221;Title&#8221; background_layout=&#8221;dark&#8221; _builder_version=&#8221;4.4.0&#8243; header_font=&#8221;Poppins|600|||||||&#8221; header_font_size=&#8221;50px&#8221; header_font_size_phone=&#8221;30px&#8221; header_font_size_last_edited=&#8221;on|desktop&#8221; header_line_height=&#8221;1.2em&#8221; animation_style=&#8221;fade&#8221; text_text_shadow_horizontal_length=&#8221;text_text_shadow_style,%91object Object%93&#8243; text_text_shadow_horizontal_length_tablet=&#8221;0px&#8221; text_text_shadow_vertical_length=&#8221;text_text_shadow_style,%91object Object%93&#8243; text_text_shadow_vertical_length_tablet=&#8221;0px&#8221; text_text_shadow_blur_strength=&#8221;text_text_shadow_style,%91object Object%93&#8243; text_text_shadow_blur_strength_tablet=&#8221;1px&#8221; link_text_shadow_horizontal_length=&#8221;link_text_shadow_style,%91object Object%93&#8243; link_text_shadow_horizontal_length_tablet=&#8221;0px&#8221; link_text_shadow_vertical_length=&#8221;link_text_shadow_style,%91object Object%93&#8243; link_text_shadow_vertical_length_tablet=&#8221;0px&#8221; link_text_shadow_blur_strength=&#8221;link_text_shadow_style,%91object Object%93&#8243; link_text_shadow_blur_strength_tablet=&#8221;1px&#8221; ul_text_shadow_horizontal_length=&#8221;ul_text_shadow_style,%91object Object%93&#8243; ul_text_shadow_horizontal_length_tablet=&#8221;0px&#8221; ul_text_shadow_vertical_length=&#8221;ul_text_shadow_style,%91object Object%93&#8243; ul_text_shadow_vertical_length_tablet=&#8221;0px&#8221; ul_text_shadow_blur_strength=&#8221;ul_text_shadow_style,%91object Object%93&#8243; ul_text_shadow_blur_strength_tablet=&#8221;1px&#8221; ol_text_shadow_horizontal_length=&#8221;ol_text_shadow_style,%91object Object%93&#8243; ol_text_shadow_horizontal_length_tablet=&#8221;0px&#8221; ol_text_shadow_vertical_length=&#8221;ol_text_shadow_style,%91object Object%93&#8243; ol_text_shadow_vertical_length_tablet=&#8221;0px&#8221; ol_text_shadow_blur_strength=&#8221;ol_text_shadow_style,%91object Object%93&#8243; ol_text_shadow_blur_strength_tablet=&#8221;1px&#8221; quote_text_shadow_horizontal_length=&#8221;quote_text_shadow_style,%91object Object%93&#8243; quote_text_shadow_horizontal_length_tablet=&#8221;0px&#8221; quote_text_shadow_vertical_length=&#8221;quote_text_shadow_style,%91object Object%93&#8243; quote_text_shadow_vertical_length_tablet=&#8221;0px&#8221; quote_text_shadow_blur_strength=&#8221;quote_text_shadow_style,%91object Object%93&#8243; quote_text_shadow_blur_strength_tablet=&#8221;1px&#8221; header_text_shadow_horizontal_length=&#8221;header_text_shadow_style,%91object Object%93&#8243; header_text_shadow_horizontal_length_tablet=&#8221;0px&#8221; header_text_shadow_vertical_length=&#8221;header_text_shadow_style,%91object Object%93&#8243; header_text_shadow_vertical_length_tablet=&#8221;0px&#8221; header_text_shadow_blur_strength=&#8221;header_text_shadow_style,%91object Object%93&#8243; header_text_shadow_blur_strength_tablet=&#8221;1px&#8221; header_2_text_shadow_horizontal_length=&#8221;header_2_text_shadow_style,%91object Object%93&#8243; header_2_text_shadow_horizontal_length_tablet=&#8221;0px&#8221; header_2_text_shadow_vertical_length=&#8221;header_2_text_shadow_style,%91object Object%93&#8243; header_2_text_shadow_vertical_length_tablet=&#8221;0px&#8221; header_2_text_shadow_blur_strength=&#8221;header_2_text_shadow_style,%91object Object%93&#8243; header_2_text_shadow_blur_strength_tablet=&#8221;1px&#8221; header_3_text_shadow_horizontal_length=&#8221;header_3_text_shadow_style,%91object Object%93&#8243; header_3_text_shadow_horizontal_length_tablet=&#8221;0px&#8221; header_3_text_shadow_vertical_length=&#8221;header_3_text_shadow_style,%91object Object%93&#8243; header_3_text_shadow_vertical_length_tablet=&#8221;0px&#8221; header_3_text_shadow_blur_strength=&#8221;header_3_text_shadow_style,%91object Object%93&#8243; header_3_text_shadow_blur_strength_tablet=&#8221;1px&#8221; header_4_text_shadow_horizontal_length=&#8221;header_4_text_shadow_style,%91object Object%93&#8243; header_4_text_shadow_horizontal_length_tablet=&#8221;0px&#8221; header_4_text_shadow_vertical_length=&#8221;header_4_text_shadow_style,%91object Object%93&#8243; header_4_text_shadow_vertical_length_tablet=&#8221;0px&#8221; header_4_text_shadow_blur_strength=&#8221;header_4_text_shadow_style,%91object Object%93&#8243; header_4_text_shadow_blur_strength_tablet=&#8221;1px&#8221; header_5_text_shadow_horizontal_length=&#8221;header_5_text_shadow_style,%91object Object%93&#8243; header_5_text_shadow_horizontal_length_tablet=&#8221;0px&#8221; header_5_text_shadow_vertical_length=&#8221;header_5_text_shadow_style,%91object Object%93&#8243; header_5_text_shadow_vertical_length_tablet=&#8221;0px&#8221; header_5_text_shadow_blur_strength=&#8221;header_5_text_shadow_style,%91object Object%93&#8243; header_5_text_shadow_blur_strength_tablet=&#8221;1px&#8221; header_6_text_shadow_horizontal_length=&#8221;header_6_text_shadow_style,%91object Object%93&#8243; header_6_text_shadow_horizontal_length_tablet=&#8221;0px&#8221; header_6_text_shadow_vertical_length=&#8221;header_6_text_shadow_style,%91object Object%93&#8243; header_6_text_shadow_vertical_length_tablet=&#8221;0px&#8221; header_6_text_shadow_blur_strength=&#8221;header_6_text_shadow_style,%91object Object%93&#8243; header_6_text_shadow_blur_strength_tablet=&#8221;1px&#8221; box_shadow_horizontal_tablet=&#8221;0px&#8221; box_shadow_vertical_tablet=&#8221;0px&#8221; box_shadow_blur_tablet=&#8221;40px&#8221; box_shadow_spread_tablet=&#8221;0px&#8221; vertical_offset_tablet=&#8221;0&#8243; horizontal_offset_tablet=&#8221;0&#8243; z_index_tablet=&#8221;0&#8243; header_font_size_tablet=&#8221;40px&#8221;]<\/p>\n<h1>ANO C<\/h1>\n<h1>Programa ECCLESIA<\/h1>\n<p>[\/et_pb_text][et_pb_text admin_label=&#8221;Subtitle&#8221; background_layout=&#8221;dark&#8221; _builder_version=&#8221;4.4.0&#8243; text_font=&#8221;Poppins||||||||&#8221; text_font_size=&#8221;18px&#8221; text_line_height=&#8221;1.8em&#8221; custom_margin=&#8221;|||&#8221; custom_padding=&#8221;|||&#8221; animation_style=&#8221;fade&#8221; text_text_shadow_horizontal_length=&#8221;text_text_shadow_style,%91object Object%93&#8243; text_text_shadow_horizontal_length_tablet=&#8221;0px&#8221; text_text_shadow_vertical_length=&#8221;text_text_shadow_style,%91object Object%93&#8243; text_text_shadow_vertical_length_tablet=&#8221;0px&#8221; text_text_shadow_blur_strength=&#8221;text_text_shadow_style,%91object Object%93&#8243; text_text_shadow_blur_strength_tablet=&#8221;1px&#8221; link_text_shadow_horizontal_length=&#8221;link_text_shadow_style,%91object Object%93&#8243; link_text_shadow_horizontal_length_tablet=&#8221;0px&#8221; link_text_shadow_vertical_length=&#8221;link_text_shadow_style,%91object Object%93&#8243; link_text_shadow_vertical_length_tablet=&#8221;0px&#8221; link_text_shadow_blur_strength=&#8221;link_text_shadow_style,%91object Object%93&#8243; link_text_shadow_blur_strength_tablet=&#8221;1px&#8221; ul_text_shadow_horizontal_length=&#8221;ul_text_shadow_style,%91object Object%93&#8243; ul_text_shadow_horizontal_length_tablet=&#8221;0px&#8221; ul_text_shadow_vertical_length=&#8221;ul_text_shadow_style,%91object Object%93&#8243; ul_text_shadow_vertical_length_tablet=&#8221;0px&#8221; ul_text_shadow_blur_strength=&#8221;ul_text_shadow_style,%91object Object%93&#8243; ul_text_shadow_blur_strength_tablet=&#8221;1px&#8221; ol_text_shadow_horizontal_length=&#8221;ol_text_shadow_style,%91object Object%93&#8243; ol_text_shadow_horizontal_length_tablet=&#8221;0px&#8221; ol_text_shadow_vertical_length=&#8221;ol_text_shadow_style,%91object Object%93&#8243; ol_text_shadow_vertical_length_tablet=&#8221;0px&#8221; ol_text_shadow_blur_strength=&#8221;ol_text_shadow_style,%91object Object%93&#8243; ol_text_shadow_blur_strength_tablet=&#8221;1px&#8221; quote_text_shadow_horizontal_length=&#8221;quote_text_shadow_style,%91object Object%93&#8243; quote_text_shadow_horizontal_length_tablet=&#8221;0px&#8221; quote_text_shadow_vertical_length=&#8221;quote_text_shadow_style,%91object Object%93&#8243; quote_text_shadow_vertical_length_tablet=&#8221;0px&#8221; quote_text_shadow_blur_strength=&#8221;quote_text_shadow_style,%91object Object%93&#8243; quote_text_shadow_blur_strength_tablet=&#8221;1px&#8221; header_text_shadow_horizontal_length=&#8221;header_text_shadow_style,%91object Object%93&#8243; header_text_shadow_horizontal_length_tablet=&#8221;0px&#8221; header_text_shadow_vertical_length=&#8221;header_text_shadow_style,%91object Object%93&#8243; header_text_shadow_vertical_length_tablet=&#8221;0px&#8221; header_text_shadow_blur_strength=&#8221;header_text_shadow_style,%91object Object%93&#8243; header_text_shadow_blur_strength_tablet=&#8221;1px&#8221; header_2_text_shadow_horizontal_length=&#8221;header_2_text_shadow_style,%91object Object%93&#8243; header_2_text_shadow_horizontal_length_tablet=&#8221;0px&#8221; header_2_text_shadow_vertical_length=&#8221;header_2_text_shadow_style,%91object Object%93&#8243; header_2_text_shadow_vertical_length_tablet=&#8221;0px&#8221; header_2_text_shadow_blur_strength=&#8221;header_2_text_shadow_style,%91object Object%93&#8243; header_2_text_shadow_blur_strength_tablet=&#8221;1px&#8221; header_3_text_shadow_horizontal_length=&#8221;header_3_text_shadow_style,%91object Object%93&#8243; header_3_text_shadow_horizontal_length_tablet=&#8221;0px&#8221; header_3_text_shadow_vertical_length=&#8221;header_3_text_shadow_style,%91object Object%93&#8243; header_3_text_shadow_vertical_length_tablet=&#8221;0px&#8221; header_3_text_shadow_blur_strength=&#8221;header_3_text_shadow_style,%91object Object%93&#8243; header_3_text_shadow_blur_strength_tablet=&#8221;1px&#8221; header_4_text_shadow_horizontal_length=&#8221;header_4_text_shadow_style,%91object Object%93&#8243; header_4_text_shadow_horizontal_length_tablet=&#8221;0px&#8221; header_4_text_shadow_vertical_length=&#8221;header_4_text_shadow_style,%91object Object%93&#8243; header_4_text_shadow_vertical_length_tablet=&#8221;0px&#8221; header_4_text_shadow_blur_strength=&#8221;header_4_text_shadow_style,%91object Object%93&#8243; header_4_text_shadow_blur_strength_tablet=&#8221;1px&#8221; header_5_text_shadow_horizontal_length=&#8221;header_5_text_shadow_style,%91object Object%93&#8243; header_5_text_shadow_horizontal_length_tablet=&#8221;0px&#8221; header_5_text_shadow_vertical_length=&#8221;header_5_text_shadow_style,%91object Object%93&#8243; header_5_text_shadow_vertical_length_tablet=&#8221;0px&#8221; header_5_text_shadow_blur_strength=&#8221;header_5_text_shadow_style,%91object Object%93&#8243; header_5_text_shadow_blur_strength_tablet=&#8221;1px&#8221; header_6_text_shadow_horizontal_length=&#8221;header_6_text_shadow_style,%91object Object%93&#8243; header_6_text_shadow_horizontal_length_tablet=&#8221;0px&#8221; header_6_text_shadow_vertical_length=&#8221;header_6_text_shadow_style,%91object Object%93&#8243; header_6_text_shadow_vertical_length_tablet=&#8221;0px&#8221; header_6_text_shadow_blur_strength=&#8221;header_6_text_shadow_style,%91object Object%93&#8243; header_6_text_shadow_blur_strength_tablet=&#8221;1px&#8221; box_shadow_horizontal_tablet=&#8221;0px&#8221; box_shadow_vertical_tablet=&#8221;0px&#8221; box_shadow_blur_tablet=&#8221;40px&#8221; box_shadow_spread_tablet=&#8221;0px&#8221; vertical_offset_tablet=&#8221;0&#8243; horizontal_offset_tablet=&#8221;0&#8243; z_index_tablet=&#8221;0&#8243;]<\/p>\n<p>Coment\u00e1rio \u00e0 liturgia<\/p>\n<p>[\/et_pb_text][\/et_pb_column][et_pb_column type=&#8221;1_2&#8243; _builder_version=&#8221;3.0.47&#8243; parallax=&#8221;off&#8221; parallax_method=&#8221;on&#8221; custom_padding__hover=&#8221;|||&#8221; custom_padding=&#8221;|||&#8221;][\/et_pb_column][\/et_pb_row][\/et_pb_section][et_pb_section bb_built=&#8221;1&#8243; inner_width=&#8221;auto&#8221; inner_max_width=&#8221;1280px&#8221; prev_background_color=&#8221;#000000&#8243;][et_pb_row][et_pb_column type=&#8221;1_2&#8243; custom_padding__hover=&#8221;|||&#8221; custom_padding=&#8221;|||&#8221;][et_pb_text admin_label=&#8221;Tempo Comum&#8221; _builder_version=&#8221;4.3.4&#8243; text_text_shadow_horizontal_length=&#8221;text_text_shadow_style,%91object Object%93&#8243; text_text_shadow_horizontal_length_tablet=&#8221;0px&#8221; text_text_shadow_vertical_length=&#8221;text_text_shadow_style,%91object Object%93&#8243; text_text_shadow_vertical_length_tablet=&#8221;0px&#8221; text_text_shadow_blur_strength=&#8221;text_text_shadow_style,%91object Object%93&#8243; text_text_shadow_blur_strength_tablet=&#8221;1px&#8221; link_text_shadow_horizontal_length=&#8221;link_text_shadow_style,%91object Object%93&#8243; link_text_shadow_horizontal_length_tablet=&#8221;0px&#8221; link_text_shadow_vertical_length=&#8221;link_text_shadow_style,%91object Object%93&#8243; link_text_shadow_vertical_length_tablet=&#8221;0px&#8221; link_text_shadow_blur_strength=&#8221;link_text_shadow_style,%91object Object%93&#8243; link_text_shadow_blur_strength_tablet=&#8221;1px&#8221; ul_text_shadow_horizontal_length=&#8221;ul_text_shadow_style,%91object Object%93&#8243; ul_text_shadow_horizontal_length_tablet=&#8221;0px&#8221; ul_text_shadow_vertical_length=&#8221;ul_text_shadow_style,%91object Object%93&#8243; ul_text_shadow_vertical_length_tablet=&#8221;0px&#8221; ul_text_shadow_blur_strength=&#8221;ul_text_shadow_style,%91object Object%93&#8243; ul_text_shadow_blur_strength_tablet=&#8221;1px&#8221; ol_text_shadow_horizontal_length=&#8221;ol_text_shadow_style,%91object Object%93&#8243; ol_text_shadow_horizontal_length_tablet=&#8221;0px&#8221; ol_text_shadow_vertical_length=&#8221;ol_text_shadow_style,%91object Object%93&#8243; ol_text_shadow_vertical_length_tablet=&#8221;0px&#8221; ol_text_shadow_blur_strength=&#8221;ol_text_shadow_style,%91object Object%93&#8243; ol_text_shadow_blur_strength_tablet=&#8221;1px&#8221; quote_text_shadow_horizontal_length=&#8221;quote_text_shadow_style,%91object Object%93&#8243; quote_text_shadow_horizontal_length_tablet=&#8221;0px&#8221; quote_text_shadow_vertical_length=&#8221;quote_text_shadow_style,%91object Object%93&#8243; quote_text_shadow_vertical_length_tablet=&#8221;0px&#8221; quote_text_shadow_blur_strength=&#8221;quote_text_shadow_style,%91object Object%93&#8243; quote_text_shadow_blur_strength_tablet=&#8221;1px&#8221; header_text_shadow_horizontal_length=&#8221;header_text_shadow_style,%91object Object%93&#8243; header_text_shadow_horizontal_length_tablet=&#8221;0px&#8221; header_text_shadow_vertical_length=&#8221;header_text_shadow_style,%91object Object%93&#8243; header_text_shadow_vertical_length_tablet=&#8221;0px&#8221; header_text_shadow_blur_strength=&#8221;header_text_shadow_style,%91object Object%93&#8243; header_text_shadow_blur_strength_tablet=&#8221;1px&#8221; header_2_text_shadow_horizontal_length=&#8221;header_2_text_shadow_style,%91object Object%93&#8243; header_2_text_shadow_horizontal_length_tablet=&#8221;0px&#8221; header_2_text_shadow_vertical_length=&#8221;header_2_text_shadow_style,%91object Object%93&#8243; header_2_text_shadow_vertical_length_tablet=&#8221;0px&#8221; header_2_text_shadow_blur_strength=&#8221;header_2_text_shadow_style,%91object Object%93&#8243; header_2_text_shadow_blur_strength_tablet=&#8221;1px&#8221; header_3_text_shadow_horizontal_length=&#8221;header_3_text_shadow_style,%91object Object%93&#8243; header_3_text_shadow_horizontal_length_tablet=&#8221;0px&#8221; header_3_text_shadow_vertical_length=&#8221;header_3_text_shadow_style,%91object Object%93&#8243; header_3_text_shadow_vertical_length_tablet=&#8221;0px&#8221; header_3_text_shadow_blur_strength=&#8221;header_3_text_shadow_style,%91object Object%93&#8243; header_3_text_shadow_blur_strength_tablet=&#8221;1px&#8221; header_4_text_shadow_horizontal_length=&#8221;header_4_text_shadow_style,%91object Object%93&#8243; header_4_text_shadow_horizontal_length_tablet=&#8221;0px&#8221; header_4_text_shadow_vertical_length=&#8221;header_4_text_shadow_style,%91object Object%93&#8243; header_4_text_shadow_vertical_length_tablet=&#8221;0px&#8221; header_4_text_shadow_blur_strength=&#8221;header_4_text_shadow_style,%91object Object%93&#8243; header_4_text_shadow_blur_strength_tablet=&#8221;1px&#8221; header_5_text_shadow_horizontal_length=&#8221;header_5_text_shadow_style,%91object Object%93&#8243; header_5_text_shadow_horizontal_length_tablet=&#8221;0px&#8221; header_5_text_shadow_vertical_length=&#8221;header_5_text_shadow_style,%91object Object%93&#8243; header_5_text_shadow_vertical_length_tablet=&#8221;0px&#8221; header_5_text_shadow_blur_strength=&#8221;header_5_text_shadow_style,%91object Object%93&#8243; header_5_text_shadow_blur_strength_tablet=&#8221;1px&#8221; header_6_text_shadow_horizontal_length=&#8221;header_6_text_shadow_style,%91object Object%93&#8243; header_6_text_shadow_horizontal_length_tablet=&#8221;0px&#8221; header_6_text_shadow_vertical_length=&#8221;header_6_text_shadow_style,%91object Object%93&#8243; header_6_text_shadow_vertical_length_tablet=&#8221;0px&#8221; header_6_text_shadow_blur_strength=&#8221;header_6_text_shadow_style,%91object Object%93&#8243; header_6_text_shadow_blur_strength_tablet=&#8221;1px&#8221; box_shadow_horizontal_tablet=&#8221;0px&#8221; box_shadow_vertical_tablet=&#8221;0px&#8221; box_shadow_blur_tablet=&#8221;40px&#8221; box_shadow_spread_tablet=&#8221;0px&#8221; vertical_offset_tablet=&#8221;0&#8243; horizontal_offset_tablet=&#8221;0&#8243; z_index_tablet=&#8221;0&#8243;]<\/p>\n<h3>Tempo Comum<\/h3>\n<p><span><div class=\"pt-cv-wrapper et_smooth_scroll_disabled\"><div class=\"pt-cv-view pt-cv-collapsible\" id=\"pt-cv-view-fde843bycb\"><div data-id=\"pt-cv-page-1\" class=\"pt-cv-page\" data-cvc=\"1\"><div class=\"panel-group\" id=\"9d48dbfkb2\"><div class=\"panel panel-default pt-cv-content-item pt-cv-1-col\" >\r\n<div class=\"panel-heading pt-cv-title\">\r\n    <a class=\"panel-title\" data-toggle=\"cvcollapse\" data-parent=\"#9d48dbfkb2\" data-target=\"#474a1e62in\" href='http:\/\/sites.ecclesia.pt\/liturgia\/ano-c-02o-domingo-do-tempo-comum-3\/' onclick='event.preventDefault()'>\r\n\t\tAno C &#8211; 02.\u00ba Domingo do Tempo Comum &#8211; Programa Ecclesia\t<\/a>\r\n\t<\/div>\r\n<div id=\"474a1e62in\" class=\"panel-collapse collapse \">\r\n\t<div class=\"panel-body\">\r\n\t\t<div class=\"pt-cv-content\"><p><iframe loading=\"lazy\" title=\"Coment\u00e1rio \u00e0 liturgia do 2.\u00aa domingo do tempo comum pelo padre Nuno Santos e Frei Jos\u00e9 Nunes\" width=\"1080\" height=\"608\" src=\"https:\/\/www.youtube.com\/embed\/HZeyV1Lmeuc?feature=oembed\"  allow=\"accelerometer; autoplay; clipboard-write; encrypted-media; gyroscope; picture-in-picture\" allowfullscreen><\/iframe><\/p>\n<p>Programa Ecclesia do dia 18 de janeiro de 2019.<\/p>\n<p>.<\/p>\n<\/div>\t<\/div>\r\n<\/div><\/div>\n<div class=\"panel panel-default pt-cv-content-item pt-cv-1-col\" >\r\n<div class=\"panel-heading pt-cv-title\">\r\n    <a class=\"panel-title\" data-toggle=\"cvcollapse\" data-parent=\"#9d48dbfkb2\" data-target=\"#8ce53e1gbw\" href='http:\/\/sites.ecclesia.pt\/liturgia\/ano-c-03o-domingo-do-tempo-comum-2\/' onclick='event.preventDefault()'>\r\n\t\tAno C &#8211; 03.\u00ba Domingo do Tempo Comum &#8211; Programa Ecclesia\t<\/a>\r\n\t<\/div>\r\n<div id=\"8ce53e1gbw\" class=\"panel-collapse collapse \">\r\n\t<div class=\"panel-body\">\r\n\t\t<div class=\"pt-cv-content\"><p><iframe loading=\"lazy\" title=\"Coment\u00e1rio \u00e0 liturgia do 3.\u00aa domingo do tempo comum pelo padre Pablo Lima\" width=\"1080\" height=\"608\" src=\"https:\/\/www.youtube.com\/embed\/GYczfh-zl6M?feature=oembed\"  allow=\"accelerometer; autoplay; clipboard-write; encrypted-media; gyroscope; picture-in-picture\" allowfullscreen><\/iframe><\/p>\n<p>Programa Ecclesia do dia 25 de janeiro de 2019<\/p>\n<\/div>\t<\/div>\r\n<\/div><\/div>\n<div class=\"panel panel-default pt-cv-content-item pt-cv-1-col\" >\r\n<div class=\"panel-heading pt-cv-title\">\r\n    <a class=\"panel-title\" data-toggle=\"cvcollapse\" data-parent=\"#9d48dbfkb2\" data-target=\"#c444057mt6\" href='http:\/\/sites.ecclesia.pt\/liturgia\/ano-c-04o-domingo-do-tempo-comum-3\/' onclick='event.preventDefault()'>\r\n\t\tAno C &#8211; 04.\u00ba Domingo do Tempo Comum &#8211; Programa Ecclesia\t<\/a>\r\n\t<\/div>\r\n<div id=\"c444057mt6\" class=\"panel-collapse collapse \">\r\n\t<div class=\"panel-body\">\r\n\t\t<div class=\"pt-cv-content\"><p><iframe loading=\"lazy\" title=\"Coment\u00e1rio \u00e0 liturgia do 4.\u00ba domingo do tempo comum pela irm\u00e3 Gra\u00e7a Guedes e padre Jo\u00e3o Louren\u00e7o\" width=\"1080\" height=\"608\" src=\"https:\/\/www.youtube.com\/embed\/3UW_iR4BMVc?feature=oembed\"  allow=\"accelerometer; autoplay; clipboard-write; encrypted-media; gyroscope; picture-in-picture\" allowfullscreen><\/iframe><\/p>\n<p>Programa Ecclesia do dia 01 de fevereiro de 2019<\/p>\n<\/div>\t<\/div>\r\n<\/div><\/div>\n<div class=\"panel panel-default pt-cv-content-item pt-cv-1-col\" >\r\n<div class=\"panel-heading pt-cv-title\">\r\n    <a class=\"panel-title\" data-toggle=\"cvcollapse\" data-parent=\"#9d48dbfkb2\" data-target=\"#815dd071kj\" href='http:\/\/sites.ecclesia.pt\/liturgia\/ano-c-05o-domingo-do-tempo-comum\/' onclick='event.preventDefault()'>\r\n\t\tAno C &#8211; 05.\u00ba Domingo do Tempo Comum &#8211; Programa Ecclesia\t<\/a>\r\n\t<\/div>\r\n<div id=\"815dd071kj\" class=\"panel-collapse collapse \">\r\n\t<div class=\"panel-body\">\r\n\t\t<div class=\"pt-cv-content\"><p><iframe loading=\"lazy\" title=\"Coment\u00e1rio \u00e0 liturgia do 5.\u00ba domingo do Tempo Comum pelos padres Jo\u00e3o Louren\u00e7o e Jorge Santos\" width=\"1080\" height=\"608\" src=\"https:\/\/www.youtube.com\/embed\/uoplXszL3sQ?feature=oembed\" frameborder=\"0\" allow=\"accelerometer; autoplay; encrypted-media; gyroscope; picture-in-picture\" allowfullscreen><\/iframe><\/p>\n<p>Programa Ecclesia do dia 8 de fevereiro de 2019<\/p>\n<\/div>\t<\/div>\r\n<\/div><\/div>\n<div class=\"panel panel-default pt-cv-content-item pt-cv-1-col\" >\r\n<div class=\"panel-heading pt-cv-title\">\r\n    <a class=\"panel-title\" data-toggle=\"cvcollapse\" data-parent=\"#9d48dbfkb2\" data-target=\"#1bea0f0fph\" href='http:\/\/sites.ecclesia.pt\/liturgia\/ano-c-06o-domingo-do-tempo-comum\/' onclick='event.preventDefault()'>\r\n\t\tAno C &#8211; 06.\u00ba Domingo do Tempo Comum &#8211; Programa Ecclesia\t<\/a>\r\n\t<\/div>\r\n<div id=\"1bea0f0fph\" class=\"panel-collapse collapse \">\r\n\t<div class=\"panel-body\">\r\n\t\t<div class=\"pt-cv-content\"><p><iframe loading=\"lazy\" title=\"Coment\u00e1rio \u00e0 liturgia do 6.\u00ba domingo do Tempo Comum pelos padres N\u00e9lio Pita e N\u00e9lio Tom\u00e1s\" width=\"1080\" height=\"608\" src=\"https:\/\/www.youtube.com\/embed\/eSKOoR4KDa0?feature=oembed\" frameborder=\"0\" allow=\"accelerometer; autoplay; encrypted-media; gyroscope; picture-in-picture\" allowfullscreen><\/iframe><\/p>\n<p>Programa Ecclesia do dia 15 de fevereiro de 2019<\/p>\n<p>&nbsp;<\/p>\n<\/div>\t<\/div>\r\n<\/div><\/div>\n<div class=\"panel panel-default pt-cv-content-item pt-cv-1-col\" >\r\n<div class=\"panel-heading pt-cv-title\">\r\n    <a class=\"panel-title\" data-toggle=\"cvcollapse\" data-parent=\"#9d48dbfkb2\" data-target=\"#25f736c7dr\" href='http:\/\/sites.ecclesia.pt\/liturgia\/ano-c-07-o-domingo-do-tempo-comum-programa-ecclesia\/' onclick='event.preventDefault()'>\r\n\t\tAno C &#8211; 07.\u00ba Domingo do Tempo Comum &#8211; Programa Ecclesia\t<\/a>\r\n\t<\/div>\r\n<div id=\"25f736c7dr\" class=\"panel-collapse collapse \">\r\n\t<div class=\"panel-body\">\r\n\t\t<div class=\"pt-cv-content\"><p><iframe loading=\"lazy\" title=\"Coment\u00e1rio \u00e0 liturgia do 7.\u00ba domingo do Tempo Comum pelos padres N\u00e9lio Pita e Jos\u00e9 Maria Brito\" width=\"1080\" height=\"608\" src=\"https:\/\/www.youtube.com\/embed\/6g0QvwsjyTI?feature=oembed\" frameborder=\"0\" allow=\"accelerometer; autoplay; encrypted-media; gyroscope; picture-in-picture\" allowfullscreen><\/iframe><\/p>\n<p>Programa Ecclesia do dia 22 de fevereiro de 2019<\/p>\n<p>&nbsp;<\/p>\n<\/div>\t<\/div>\r\n<\/div><\/div>\n<div class=\"panel panel-default pt-cv-content-item pt-cv-1-col\" >\r\n<div class=\"panel-heading pt-cv-title\">\r\n    <a class=\"panel-title\" data-toggle=\"cvcollapse\" data-parent=\"#9d48dbfkb2\" data-target=\"#bd70887x89\" href='http:\/\/sites.ecclesia.pt\/liturgia\/ano-c-08-o-domingo-do-tempo-comum-programa-ecclesia\/' onclick='event.preventDefault()'>\r\n\t\tAno C &#8211; 08.\u00ba Domingo do Tempo Comum &#8211; Programa Ecclesia\t<\/a>\r\n\t<\/div>\r\n<div id=\"bd70887x89\" class=\"panel-collapse collapse \">\r\n\t<div class=\"panel-body\">\r\n\t\t<div class=\"pt-cv-content\"><p><iframe loading=\"lazy\" title=\"Coment\u00e1rio \u00e0 liturgia do 8.\u00ba domingo do Tempo Comum pelo padre Jo\u00e3o Gon\u00e7alves\" width=\"1080\" height=\"608\" src=\"https:\/\/www.youtube.com\/embed\/-NLQSpeiqM8?feature=oembed\" frameborder=\"0\" allow=\"accelerometer; autoplay; encrypted-media; gyroscope; picture-in-picture\" allowfullscreen><\/iframe><\/p>\n<p>Programa Ecclesia do dia 01 de mar\u00e7o de 2019<\/p>\n<\/div>\t<\/div>\r\n<\/div><\/div>\n<div class=\"panel panel-default pt-cv-content-item pt-cv-1-col\" >\r\n<div class=\"panel-heading pt-cv-title\">\r\n    <a class=\"panel-title\" data-toggle=\"cvcollapse\" data-parent=\"#9d48dbfkb2\" data-target=\"#cc51225l4d\" href='http:\/\/sites.ecclesia.pt\/liturgia\/ano-c-12-o-domingo-do-tempo-comum-programa-ecclesia\/' onclick='event.preventDefault()'>\r\n\t\tAno C &#8211; 12.\u00ba Domingo do Tempo Comum &#8211; Programa Ecclesia\t<\/a>\r\n\t<\/div>\r\n<div id=\"cc51225l4d\" class=\"panel-collapse collapse \">\r\n\t<div class=\"panel-body\">\r\n\t\t<div class=\"pt-cv-content\"><p><iframe loading=\"lazy\" title=\"Coment\u00e1rio \u00e0 liturgia do 12.\u00ba Domingo do Tempo Comum por frei Jos\u00e9 Nunes e padre Marcelino Ferreira\" width=\"1080\" height=\"608\" src=\"https:\/\/www.youtube.com\/embed\/W3oWOh3D3fk?feature=oembed\" frameborder=\"0\" allow=\"accelerometer; autoplay; encrypted-media; gyroscope; picture-in-picture\" allowfullscreen><\/iframe><\/p>\n<p>Programa Ecclesia do dia 21 de junho 2019<\/p>\n<\/div>\t<\/div>\r\n<\/div><\/div>\n<div class=\"panel panel-default pt-cv-content-item pt-cv-1-col\" >\r\n<div class=\"panel-heading pt-cv-title\">\r\n    <a class=\"panel-title\" data-toggle=\"cvcollapse\" data-parent=\"#9d48dbfkb2\" data-target=\"#b0331b737e\" href='http:\/\/sites.ecclesia.pt\/liturgia\/ano-c-13-o-domingo-do-tempo-comum-programa-ecclesia\/' onclick='event.preventDefault()'>\r\n\t\tAno C &#8211; 13.\u00ba Domingo do Tempo Comum &#8211; Programa Ecclesia\t<\/a>\r\n\t<\/div>\r\n<div id=\"b0331b737e\" class=\"panel-collapse collapse \">\r\n\t<div class=\"panel-body\">\r\n\t\t<div class=\"pt-cv-content\"><p><iframe loading=\"lazy\" title=\"Coment\u00e1rio \u00e0 liturgia do 13.\u00ba Domingo do Tempo Comum por frei Jos\u00e9 Nunes e padre Pedro Coutinho.\" width=\"1080\" height=\"608\" src=\"https:\/\/www.youtube.com\/embed\/aGc7Cq2aXX0?feature=oembed\" frameborder=\"0\" allow=\"accelerometer; autoplay; encrypted-media; gyroscope; picture-in-picture\" allowfullscreen><\/iframe><\/p>\n<p>Programa Ecclesia do dia 28 de junho de 2019<\/p>\n<p>&nbsp;<\/p>\n<p>&nbsp;<\/p>\n<\/div>\t<\/div>\r\n<\/div><\/div>\n<div class=\"panel panel-default pt-cv-content-item pt-cv-1-col\" >\r\n<div class=\"panel-heading pt-cv-title\">\r\n    <a class=\"panel-title\" data-toggle=\"cvcollapse\" data-parent=\"#9d48dbfkb2\" data-target=\"#1a7462318k\" href='http:\/\/sites.ecclesia.pt\/liturgia\/ano-c-14o-domingo-do-tempo-comum-programa-ecclesia\/' onclick='event.preventDefault()'>\r\n\t\tAno C &#8211; 14.\u00ba Domingo do Tempo Comum &#8211; Programa Ecclesia\t<\/a>\r\n\t<\/div>\r\n<div id=\"1a7462318k\" class=\"panel-collapse collapse \">\r\n\t<div class=\"panel-body\">\r\n\t\t<div class=\"pt-cv-content\"><p><iframe loading=\"lazy\" title=\"Coment\u00e1rio \u00e0 liturgia do 14.\u00ba Domingo do Tempo Comum pelos padres Jo\u00e3o Louren\u00e7o e Ant\u00f3nio Almeida\" width=\"1080\" height=\"608\" src=\"https:\/\/www.youtube.com\/embed\/Rdm6EKLIZcA?feature=oembed\" frameborder=\"0\" allow=\"accelerometer; autoplay; encrypted-media; gyroscope; picture-in-picture\" allowfullscreen><\/iframe><\/p>\n<p>Programa Ecclesia do dia 05 de julho de 2019.<\/p>\n<p>&nbsp;<\/p>\n<\/div>\t<\/div>\r\n<\/div><\/div>\n<div class=\"panel panel-default pt-cv-content-item pt-cv-1-col\" >\r\n<div class=\"panel-heading pt-cv-title\">\r\n    <a class=\"panel-title\" data-toggle=\"cvcollapse\" data-parent=\"#9d48dbfkb2\" data-target=\"#4ebf2113at\" href='http:\/\/sites.ecclesia.pt\/liturgia\/ano-c-15o-domingo-do-tempo-comum-programa-ecclesia\/' onclick='event.preventDefault()'>\r\n\t\tAno C &#8211; 15.\u00ba Domingo do Tempo Comum &#8211; Programa Ecclesia\t<\/a>\r\n\t<\/div>\r\n<div id=\"4ebf2113at\" class=\"panel-collapse collapse \">\r\n\t<div class=\"panel-body\">\r\n\t\t<div class=\"pt-cv-content\"><p><iframe loading=\"lazy\" title=\"Coment\u00e1rio \u00e0 liturgia do 15.\u00ba Domingo do Tempo Comum pelo padre Armindo Vaz.\" width=\"1080\" height=\"608\" src=\"https:\/\/www.youtube.com\/embed\/Ln_xCY1Tyhk?feature=oembed\" frameborder=\"0\" allow=\"accelerometer; autoplay; encrypted-media; gyroscope; picture-in-picture\" allowfullscreen><\/iframe><\/p>\n<p>Programa Ecclesia do dia 12 de julho de 2019<\/p>\n<\/div>\t<\/div>\r\n<\/div><\/div>\n<div class=\"panel panel-default pt-cv-content-item pt-cv-1-col\" >\r\n<div class=\"panel-heading pt-cv-title\">\r\n    <a class=\"panel-title\" data-toggle=\"cvcollapse\" data-parent=\"#9d48dbfkb2\" data-target=\"#6699064s3i\" href='http:\/\/sites.ecclesia.pt\/liturgia\/ano-c-16o-domingo-do-tempo-comum-programa-ecclesia\/' onclick='event.preventDefault()'>\r\n\t\tAno C &#8211; 16.\u00ba Domingo do Tempo Comum &#8211; Programa Ecclesia\t<\/a>\r\n\t<\/div>\r\n<div id=\"6699064s3i\" class=\"panel-collapse collapse \">\r\n\t<div class=\"panel-body\">\r\n\t\t<div class=\"pt-cv-content\"><p><iframe loading=\"lazy\" title=\"Coment\u00e1rio \u00e0 liturgia do 16.\u00ba Domingo do Tempo Comum por Juan Ambrosio e padre Robson Cruz\" width=\"1080\" height=\"608\" src=\"https:\/\/www.youtube.com\/embed\/bndFkvVKj-U?feature=oembed\" frameborder=\"0\" allow=\"accelerometer; autoplay; encrypted-media; gyroscope; picture-in-picture\" allowfullscreen><\/iframe><\/p>\n<p>Programa Ecclesia do dia 19 de julho de 2019<\/p>\n<p>&nbsp;<\/p>\n<\/div>\t<\/div>\r\n<\/div><\/div>\n<div class=\"panel panel-default pt-cv-content-item pt-cv-1-col\" >\r\n<div class=\"panel-heading pt-cv-title\">\r\n    <a class=\"panel-title\" data-toggle=\"cvcollapse\" data-parent=\"#9d48dbfkb2\" data-target=\"#578261elau\" href='http:\/\/sites.ecclesia.pt\/liturgia\/ano-c-17o-domingo-do-tempo-comum-programa-ecclesia\/' onclick='event.preventDefault()'>\r\n\t\tAno C &#8211; 17.\u00ba Domingo do Tempo Comum &#8211; Programa Ecclesia\t<\/a>\r\n\t<\/div>\r\n<div id=\"578261elau\" class=\"panel-collapse collapse \">\r\n\t<div class=\"panel-body\">\r\n\t\t<div class=\"pt-cv-content\"><p><iframe loading=\"lazy\" title=\"Av\u00f3s falam de si e da liturgia do 17.\u00ba domingo do Tempo Comum\" width=\"1080\" height=\"608\" src=\"https:\/\/www.youtube.com\/embed\/LLsnjD0ZwHM?feature=oembed\" frameborder=\"0\" allow=\"accelerometer; autoplay; encrypted-media; gyroscope; picture-in-picture\" allowfullscreen><\/iframe><\/p>\n<p>Programa Ecclesia do dia 26 de julho de 2019<\/p>\n<\/div>\t<\/div>\r\n<\/div><\/div>\n<div class=\"panel panel-default pt-cv-content-item pt-cv-1-col\" >\r\n<div class=\"panel-heading pt-cv-title\">\r\n    <a class=\"panel-title\" data-toggle=\"cvcollapse\" data-parent=\"#9d48dbfkb2\" data-target=\"#f5b0f7azy6\" href='http:\/\/sites.ecclesia.pt\/liturgia\/ano-c-18o-domingo-do-tempo-comum-programa-ecclesia\/' onclick='event.preventDefault()'>\r\n\t\tAno C &#8211; 18.\u00ba Domingo do Tempo Comum &#8211; Programa Ecclesia\t<\/a>\r\n\t<\/div>\r\n<div id=\"f5b0f7azy6\" class=\"panel-collapse collapse \">\r\n\t<div class=\"panel-body\">\r\n\t\t<div class=\"pt-cv-content\"><p><iframe loading=\"lazy\" title=\"Coment\u00e1rio \u00e0 liturgia do 18.\u00ba Domingo do Tempo Comum pelo padre Jo\u00e3o Louren\u00e7o\" width=\"1080\" height=\"608\" src=\"https:\/\/www.youtube.com\/embed\/NMrsQTnWvas?feature=oembed\" frameborder=\"0\" allow=\"accelerometer; autoplay; encrypted-media; gyroscope; picture-in-picture\" allowfullscreen><\/iframe><\/p>\n<p>Programa Ecclesia do dia 2 de agosto de 2019<\/p>\n<\/div>\t<\/div>\r\n<\/div><\/div>\n<div class=\"panel panel-default pt-cv-content-item pt-cv-1-col\" >\r\n<div class=\"panel-heading pt-cv-title\">\r\n    <a class=\"panel-title\" data-toggle=\"cvcollapse\" data-parent=\"#9d48dbfkb2\" data-target=\"#d7a683dsim\" href='http:\/\/sites.ecclesia.pt\/liturgia\/ano-c-19o-domingo-do-tempo-comum-programa-ecclesia\/' onclick='event.preventDefault()'>\r\n\t\tAno C &#8211; 19.\u00ba Domingo do Tempo Comum &#8211; Programa Ecclesia\t<\/a>\r\n\t<\/div>\r\n<div id=\"d7a683dsim\" class=\"panel-collapse collapse \">\r\n\t<div class=\"panel-body\">\r\n\t\t<div class=\"pt-cv-content\"><p><iframe loading=\"lazy\" title=\"Coment\u00e1rio \u00e0 liturgia do 19.\u00ba Domingo do Tempo Comum pelo padre Armindo Vaz\" width=\"1080\" height=\"608\" src=\"https:\/\/www.youtube.com\/embed\/s5t1xwcJL-o?feature=oembed\" frameborder=\"0\" allow=\"accelerometer; autoplay; encrypted-media; gyroscope; picture-in-picture\" allowfullscreen><\/iframe><\/p>\n<p>Programa Ecclesia do dia 09 de agosto de 2019<\/p>\n<\/div>\t<\/div>\r\n<\/div><\/div>\n<div class=\"panel panel-default pt-cv-content-item pt-cv-1-col\" >\r\n<div class=\"panel-heading pt-cv-title\">\r\n    <a class=\"panel-title\" data-toggle=\"cvcollapse\" data-parent=\"#9d48dbfkb2\" data-target=\"#31d10faeg1\" href='http:\/\/sites.ecclesia.pt\/liturgia\/ano-c-20o-domingo-do-tempo-comum-programa-ecclesia\/' onclick='event.preventDefault()'>\r\n\t\tAno C &#8211; 20\u00ba Domingo do Tempo Comum &#8211; Programa Ecclesia\t<\/a>\r\n\t<\/div>\r\n<div id=\"31d10faeg1\" class=\"panel-collapse collapse \">\r\n\t<div class=\"panel-body\">\r\n\t\t<div class=\"pt-cv-content\"><p><iframe loading=\"lazy\" title=\"Coment\u00e1rio \u00e0 liturgia do 20\u00ba Domingo do Tempo Comum por Juan Ambrosio\" width=\"1080\" height=\"608\" src=\"https:\/\/www.youtube.com\/embed\/rpnuOsOQQqA?feature=oembed\" frameborder=\"0\" allow=\"accelerometer; autoplay; encrypted-media; gyroscope; picture-in-picture\" allowfullscreen><\/iframe><\/p>\n<p>Programa Ecclesia do dia 16 de agosto de 2019<\/p>\n<\/div>\t<\/div>\r\n<\/div><\/div>\n<div class=\"panel panel-default pt-cv-content-item pt-cv-1-col\" >\r\n<div class=\"panel-heading pt-cv-title\">\r\n    <a class=\"panel-title\" data-toggle=\"cvcollapse\" data-parent=\"#9d48dbfkb2\" data-target=\"#b49e3054us\" href='http:\/\/sites.ecclesia.pt\/liturgia\/ano-c-21o-domingo-do-tempo-comum-programa-ecclesia\/' onclick='event.preventDefault()'>\r\n\t\tAno C &#8211; 21.\u00ba Domingo do Tempo Comum &#8211; Programa Ecclesia\t<\/a>\r\n\t<\/div>\r\n<div id=\"b49e3054us\" class=\"panel-collapse collapse \">\r\n\t<div class=\"panel-body\">\r\n\t\t<div class=\"pt-cv-content\"><p><iframe loading=\"lazy\" title=\"Coment\u00e1rio \u00e0 liturgia do 21.\u00ba Domingo do Tempo Comum pelo padre Robson Cruz\" width=\"1080\" height=\"608\" src=\"https:\/\/www.youtube.com\/embed\/Qpo4GQ3hOEc?feature=oembed\" frameborder=\"0\" allow=\"accelerometer; autoplay; encrypted-media; gyroscope; picture-in-picture\" allowfullscreen><\/iframe><\/p>\n<p>Programa Ecclesia do dia 23 de agosto de 2019<\/p>\n<\/div>\t<\/div>\r\n<\/div><\/div>\n<div class=\"panel panel-default pt-cv-content-item pt-cv-1-col\" >\r\n<div class=\"panel-heading pt-cv-title\">\r\n    <a class=\"panel-title\" data-toggle=\"cvcollapse\" data-parent=\"#9d48dbfkb2\" data-target=\"#02f1e75om5\" href='http:\/\/sites.ecclesia.pt\/liturgia\/ano-c-22o-domingo-do-tempo-comum-programa-ecclesia\/' onclick='event.preventDefault()'>\r\n\t\tAno C &#8211; 22.\u00ba Domingo do Tempo Comum &#8211; Programa Ecclesia\t<\/a>\r\n\t<\/div>\r\n<div id=\"02f1e75om5\" class=\"panel-collapse collapse \">\r\n\t<div class=\"panel-body\">\r\n\t\t<div class=\"pt-cv-content\"><p><iframe loading=\"lazy\" title=\"Coment\u00e1rio \u00e0 liturgia do 22.\u00ba Domingo do Tempo Comum pelo padre Jo\u00e3o Teixeira\" width=\"1080\" height=\"608\" src=\"https:\/\/www.youtube.com\/embed\/9cU7m4wpmkk?feature=oembed\" frameborder=\"0\" allow=\"accelerometer; autoplay; encrypted-media; gyroscope; picture-in-picture\" allowfullscreen><\/iframe><\/p>\n<p>Programa Ecclesia do dia 30 de agosto de 2019<\/p>\n<\/div>\t<\/div>\r\n<\/div><\/div>\n<div class=\"panel panel-default pt-cv-content-item pt-cv-1-col\" >\r\n<div class=\"panel-heading pt-cv-title\">\r\n    <a class=\"panel-title\" data-toggle=\"cvcollapse\" data-parent=\"#9d48dbfkb2\" data-target=\"#d34d3c1gzs\" href='http:\/\/sites.ecclesia.pt\/liturgia\/ano-c-23o-domingo-do-tempo-comum-programa-ecclesia\/' onclick='event.preventDefault()'>\r\n\t\tAno C &#8211; 23.\u00ba Domingo do Tempo Comum &#8211; Programa Ecclesia\t<\/a>\r\n\t<\/div>\r\n<div id=\"d34d3c1gzs\" class=\"panel-collapse collapse \">\r\n\t<div class=\"panel-body\">\r\n\t\t<div class=\"pt-cv-content\"><p><iframe loading=\"lazy\" title=\"Coment\u00e1rio \u00e0 liturgia do 23.\u00ba Domingo do Tempo Comum pelo padre N\u00e9lio Luciano e Frei Jos\u00e9 Nunes\" width=\"1080\" height=\"608\" src=\"https:\/\/www.youtube.com\/embed\/bZLeW0rujDY?feature=oembed\" frameborder=\"0\" allow=\"accelerometer; autoplay; encrypted-media; gyroscope; picture-in-picture\" allowfullscreen><\/iframe><\/p>\n<p>Programa Ecclesia do dia 06 de setembro de 2019<\/p>\n<\/div>\t<\/div>\r\n<\/div><\/div>\n<div class=\"panel panel-default pt-cv-content-item pt-cv-1-col\" >\r\n<div class=\"panel-heading pt-cv-title\">\r\n    <a class=\"panel-title\" data-toggle=\"cvcollapse\" data-parent=\"#9d48dbfkb2\" data-target=\"#40ded4a3gd\" href='http:\/\/sites.ecclesia.pt\/liturgia\/ano-c-24o-domingo-do-tempo-comum-programa-ecclesia\/' onclick='event.preventDefault()'>\r\n\t\tAno C &#8211; 24.\u00ba Domingo do Tempo Comum &#8211; Programa Ecclesia\t<\/a>\r\n\t<\/div>\r\n<div id=\"40ded4a3gd\" class=\"panel-collapse collapse \">\r\n\t<div class=\"panel-body\">\r\n\t\t<div class=\"pt-cv-content\"><p><iframe loading=\"lazy\" title=\"Coment\u00e1rio \u00e0 liturgia do 24.\u00ba Domingo do Tempo Comum pelos padres Armindo Vaz e Jo\u00e3o Gon\u00e7alves\" width=\"1080\" height=\"608\" src=\"https:\/\/www.youtube.com\/embed\/Hle0OAIpHSo?feature=oembed\" frameborder=\"0\" allow=\"accelerometer; autoplay; encrypted-media; gyroscope; picture-in-picture\" allowfullscreen><\/iframe><\/p>\n<p>Programa Ecclesia do dia 13 de setembro de 2019<\/p>\n<\/div>\t<\/div>\r\n<\/div><\/div>\n<div class=\"panel panel-default pt-cv-content-item pt-cv-1-col\" >\r\n<div class=\"panel-heading pt-cv-title\">\r\n    <a class=\"panel-title\" data-toggle=\"cvcollapse\" data-parent=\"#9d48dbfkb2\" data-target=\"#4675c257n5\" href='http:\/\/sites.ecclesia.pt\/liturgia\/ano-c-25o-domingo-do-tempo-comum-programa-ecclesia\/' onclick='event.preventDefault()'>\r\n\t\tAno C &#8211; 25.\u00ba Domingo do Tempo Comum &#8211; Programa Ecclesia\t<\/a>\r\n\t<\/div>\r\n<div id=\"4675c257n5\" class=\"panel-collapse collapse \">\r\n\t<div class=\"panel-body\">\r\n\t\t<div class=\"pt-cv-content\"><p><iframe loading=\"lazy\" title=\"Coment\u00e1rio \u00e0 liturgia do 25.\u00ba Domingo do Tempo Comum pelos padres Armindo Vaz e Jo\u00e3o Gon\u00e7alves.\" width=\"1080\" height=\"608\" src=\"https:\/\/www.youtube.com\/embed\/zCadIEJiPhY?feature=oembed\" frameborder=\"0\" allow=\"accelerometer; autoplay; encrypted-media; gyroscope; picture-in-picture\" allowfullscreen><\/iframe><\/p>\n<p>Programa Ecclesia do dia 20 de setembro de 2019<\/p>\n<\/div>\t<\/div>\r\n<\/div><\/div>\n<div class=\"panel panel-default pt-cv-content-item pt-cv-1-col\" >\r\n<div class=\"panel-heading pt-cv-title\">\r\n    <a class=\"panel-title\" data-toggle=\"cvcollapse\" data-parent=\"#9d48dbfkb2\" data-target=\"#24251054r8\" href='http:\/\/sites.ecclesia.pt\/liturgia\/ano-c-26o-domingo-do-tempo-comum-programa-ecclesia\/' onclick='event.preventDefault()'>\r\n\t\tAno C &#8211; 26.\u00ba Domingo do Tempo Comum &#8211; Programa Ecclesia\t<\/a>\r\n\t<\/div>\r\n<div id=\"24251054r8\" class=\"panel-collapse collapse \">\r\n\t<div class=\"panel-body\">\r\n\t\t<div class=\"pt-cv-content\"><p><iframe loading=\"lazy\" title=\"Coment\u00e1rio \u00e0 liturgia do 26.\u00ba Domingo do Tempo Comum por Paulo Paiva e padre Jo\u00e3o Louren\u00e7o.\" width=\"1080\" height=\"608\" src=\"https:\/\/www.youtube.com\/embed\/0c6g5DbbiW4?feature=oembed\" frameborder=\"0\" allow=\"accelerometer; autoplay; encrypted-media; gyroscope; picture-in-picture\" allowfullscreen><\/iframe><\/p>\n<p>Programa Ecclesia do dia 27 de setembro de 2019<\/p>\n<\/div>\t<\/div>\r\n<\/div><\/div>\n<div class=\"panel panel-default pt-cv-content-item pt-cv-1-col\" >\r\n<div class=\"panel-heading pt-cv-title\">\r\n    <a class=\"panel-title\" data-toggle=\"cvcollapse\" data-parent=\"#9d48dbfkb2\" data-target=\"#6799adcvp6\" href='http:\/\/sites.ecclesia.pt\/liturgia\/ano-c-27o-domingo-do-tempo-comum-programa-ecclesia\/' onclick='event.preventDefault()'>\r\n\t\tAno C &#8211; 27.\u00ba Domingo do Tempo Comum &#8211; Programa Ecclesia\t<\/a>\r\n\t<\/div>\r\n<div id=\"6799adcvp6\" class=\"panel-collapse collapse \">\r\n\t<div class=\"panel-body\">\r\n\t\t<div class=\"pt-cv-content\"><p><iframe loading=\"lazy\" title=\"Comenta\u0301rio a\u0300 liturgia do 27.\u00ba Domingo do Tempo Comum pelos padres Joa\u0303o Lourenc\u0327o e Nuno Tavares.\" width=\"1080\" height=\"608\" src=\"https:\/\/www.youtube.com\/embed\/zXl4Yq3MxbQ?feature=oembed\" frameborder=\"0\" allow=\"accelerometer; autoplay; encrypted-media; gyroscope; picture-in-picture\" allowfullscreen><\/iframe><\/p>\n<p>Programa Ecclesia do dia 04 de outubro de 2019<\/p>\n<\/div>\t<\/div>\r\n<\/div><\/div>\n<div class=\"panel panel-default pt-cv-content-item pt-cv-1-col\" >\r\n<div class=\"panel-heading pt-cv-title\">\r\n    <a class=\"panel-title\" data-toggle=\"cvcollapse\" data-parent=\"#9d48dbfkb2\" data-target=\"#460edad7s0\" href='http:\/\/sites.ecclesia.pt\/liturgia\/ano-c-28o-domingo-do-tempo-comum-programa-ecclesia\/' onclick='event.preventDefault()'>\r\n\t\tAno C &#8211; 28.\u00ba Domingo do Tempo Comum &#8211; Programa Ecclesia\t<\/a>\r\n\t<\/div>\r\n<div id=\"460edad7s0\" class=\"panel-collapse collapse \">\r\n\t<div class=\"panel-body\">\r\n\t\t<div class=\"pt-cv-content\"><p><iframe loading=\"lazy\" title=\"Comenta\u0301rio a\u0300 liturgia do 28.\u00ba Domingo do Tempo Comum por Marco Bernardino e Frei Jos\u00e9 Nunes\" width=\"1080\" height=\"608\" src=\"https:\/\/www.youtube.com\/embed\/dD4B_stEZQo?feature=oembed\" frameborder=\"0\" allow=\"accelerometer; autoplay; encrypted-media; gyroscope; picture-in-picture\" allowfullscreen><\/iframe><\/p>\n<p>Programa Ecclesia do dia 11 de outubro de 2019<\/p>\n<\/div>\t<\/div>\r\n<\/div><\/div>\n<div class=\"panel panel-default pt-cv-content-item pt-cv-1-col\" >\r\n<div class=\"panel-heading pt-cv-title\">\r\n    <a class=\"panel-title\" data-toggle=\"cvcollapse\" data-parent=\"#9d48dbfkb2\" data-target=\"#b2420bdi8j\" href='http:\/\/sites.ecclesia.pt\/liturgia\/ano-c-29o-domingo-do-tempo-comum-programa-ecclesia\/' onclick='event.preventDefault()'>\r\n\t\tAno C &#8211; 29.\u00ba Domingo do Tempo Comum &#8211; Programa Ecclesia\t<\/a>\r\n\t<\/div>\r\n<div id=\"b2420bdi8j\" class=\"panel-collapse collapse \">\r\n\t<div class=\"panel-body\">\r\n\t\t<div class=\"pt-cv-content\"><p><iframe loading=\"lazy\" title=\"Comenta\u0301rio a\u0300 liturgia do 29.\u00ba Domingo do Tempo Comum pela Irm\u00e3 C\u00e9lia Cabecinhas e Frei Jos\u00e9 Nunes\" width=\"1080\" height=\"608\" src=\"https:\/\/www.youtube.com\/embed\/qK7h42zMKJo?feature=oembed\" frameborder=\"0\" allow=\"accelerometer; autoplay; encrypted-media; gyroscope; picture-in-picture\" allowfullscreen><\/iframe><\/p>\n<p>Programa Ecclesia de 18 de Outubro de 2019<\/p>\n<\/div>\t<\/div>\r\n<\/div><\/div>\n<div class=\"panel panel-default pt-cv-content-item pt-cv-1-col\" >\r\n<div class=\"panel-heading pt-cv-title\">\r\n    <a class=\"panel-title\" data-toggle=\"cvcollapse\" data-parent=\"#9d48dbfkb2\" data-target=\"#2530a84f3n\" href='http:\/\/sites.ecclesia.pt\/liturgia\/ano-c-30o-domingo-do-tempo-comum-programa-ecclesia\/' onclick='event.preventDefault()'>\r\n\t\tAno C &#8211; 30\u00ba Domingo do Tempo Comum &#8211; Programa Ecclesia\t<\/a>\r\n\t<\/div>\r\n<div id=\"2530a84f3n\" class=\"panel-collapse collapse \">\r\n\t<div class=\"panel-body\">\r\n\t\t<div class=\"pt-cv-content\"><p><iframe loading=\"lazy\" title=\"Comenta\u0301rio a\u0300 liturgia do 30\u00ba Domingo do Tempo Comum pelos padres Francisco Ruivo e Armindo Vaz\" width=\"1080\" height=\"608\" src=\"https:\/\/www.youtube.com\/embed\/ymaj8wk8GCQ?feature=oembed\" frameborder=\"0\" allow=\"accelerometer; autoplay; encrypted-media; gyroscope; picture-in-picture\" allowfullscreen><\/iframe><\/p>\n<p>Programa Ecclesia do dia 25 de outubro de 2019<\/p>\n<\/div>\t<\/div>\r\n<\/div><\/div>\n<div class=\"panel panel-default pt-cv-content-item pt-cv-1-col\" >\r\n<div class=\"panel-heading pt-cv-title\">\r\n    <a class=\"panel-title\" data-toggle=\"cvcollapse\" data-parent=\"#9d48dbfkb2\" data-target=\"#1538044i85\" href='http:\/\/sites.ecclesia.pt\/liturgia\/ano-c-31o-domingo-do-tempo-comum-programa-ecclesia\/' onclick='event.preventDefault()'>\r\n\t\tAno C &#8211; 31.\u00ba Domingo do Tempo Comum &#8211; Programa Ecclesia\t<\/a>\r\n\t<\/div>\r\n<div id=\"1538044i85\" class=\"panel-collapse collapse \">\r\n\t<div class=\"panel-body\">\r\n\t\t<div class=\"pt-cv-content\"><p><iframe loading=\"lazy\" title=\"Comenta\u0301rio a\u0300 liturgia do 31.\u00ba Domingo do Tempo Comum pelos padres Armindo Vaz e Samuel Guedes\" width=\"1080\" height=\"608\" src=\"https:\/\/www.youtube.com\/embed\/SBeydqnXQU8?feature=oembed\" frameborder=\"0\" allow=\"accelerometer; autoplay; encrypted-media; gyroscope; picture-in-picture\" allowfullscreen><\/iframe><\/p>\n<p>Programa Ecclesia do dia 01 de novembro de 2019<\/p>\n<\/div>\t<\/div>\r\n<\/div><\/div>\n<div class=\"panel panel-default pt-cv-content-item pt-cv-1-col\" >\r\n<div class=\"panel-heading pt-cv-title\">\r\n    <a class=\"panel-title\" data-toggle=\"cvcollapse\" data-parent=\"#9d48dbfkb2\" data-target=\"#d2265e5naz\" href='http:\/\/sites.ecclesia.pt\/liturgia\/ano-c-32o-domingo-do-tempo-comum-programa-ecclesia\/' onclick='event.preventDefault()'>\r\n\t\tAno C &#8211; 32.\u00ba Domingo do Tempo Comum &#8211; Programa Ecclesia\t<\/a>\r\n\t<\/div>\r\n<div id=\"d2265e5naz\" class=\"panel-collapse collapse \">\r\n\t<div class=\"panel-body\">\r\n\t\t<div class=\"pt-cv-content\"><p><iframe loading=\"lazy\" title=\"Comenta\u0301rio a\u0300 liturgia do 32.\u00ba Domingo do Tempo Comum pelos padres Jos\u00e9 Fernandes e Jo\u00e3o Louren\u00e7o\" width=\"1080\" height=\"608\" src=\"https:\/\/www.youtube.com\/embed\/PBcvVb_vgnI?feature=oembed\" frameborder=\"0\" allow=\"accelerometer; autoplay; encrypted-media; gyroscope; picture-in-picture\" allowfullscreen><\/iframe><\/p>\n<p>Programa Ecclesia do dia 8 de novembro de 2019<\/p>\n<\/div>\t<\/div>\r\n<\/div><\/div>\n<div class=\"panel panel-default pt-cv-content-item pt-cv-1-col\" >\r\n<div class=\"panel-heading pt-cv-title\">\r\n    <a class=\"panel-title\" data-toggle=\"cvcollapse\" data-parent=\"#9d48dbfkb2\" data-target=\"#e2bb904ry1\" href='http:\/\/sites.ecclesia.pt\/liturgia\/ano-c-33o-domingo-do-tempo-comum-programa-ecclesia\/' onclick='event.preventDefault()'>\r\n\t\tAno C &#8211; 33.\u00ba Domingo do Tempo Comum &#8211; Programa Ecclesia\t<\/a>\r\n\t<\/div>\r\n<div id=\"e2bb904ry1\" class=\"panel-collapse collapse \">\r\n\t<div class=\"panel-body\">\r\n\t\t<div class=\"pt-cv-content\"><p><iframe loading=\"lazy\" title=\"Comenta\u0301rio a\u0300 liturgia do 33.\u00ba Domingo do Tempo Comum pelos padres Jos\u00e9 Fernandes e Jo\u00e3o Louren\u00e7o\" width=\"1080\" height=\"608\" src=\"https:\/\/www.youtube.com\/embed\/7KJVGxmVdQI?feature=oembed\" frameborder=\"0\" allow=\"accelerometer; autoplay; encrypted-media; gyroscope; picture-in-picture\" allowfullscreen><\/iframe><\/p>\n<p>Programa Ecclesia do dia 15 de novembro de 2019<\/p>\n<\/div>\t<\/div>\r\n<\/div><\/div><\/div><\/div><\/div><\/div><\/span><\/p>\n<p>&nbsp;<\/p>\n<p>[\/et_pb_text][\/et_pb_column][et_pb_column type=&#8221;1_2&#8243; custom_padding__hover=&#8221;|||&#8221; custom_padding=&#8221;|||&#8221;][et_pb_text admin_label=&#8221;Advento&#8221; _builder_version=&#8221;4.3.4&#8243; text_text_shadow_horizontal_length=&#8221;text_text_shadow_style,%91object Object%93&#8243; text_text_shadow_horizontal_length_tablet=&#8221;0px&#8221; text_text_shadow_vertical_length=&#8221;text_text_shadow_style,%91object Object%93&#8243; text_text_shadow_vertical_length_tablet=&#8221;0px&#8221; text_text_shadow_blur_strength=&#8221;text_text_shadow_style,%91object Object%93&#8243; text_text_shadow_blur_strength_tablet=&#8221;1px&#8221; link_text_shadow_horizontal_length=&#8221;link_text_shadow_style,%91object Object%93&#8243; link_text_shadow_horizontal_length_tablet=&#8221;0px&#8221; link_text_shadow_vertical_length=&#8221;link_text_shadow_style,%91object Object%93&#8243; link_text_shadow_vertical_length_tablet=&#8221;0px&#8221; link_text_shadow_blur_strength=&#8221;link_text_shadow_style,%91object Object%93&#8243; link_text_shadow_blur_strength_tablet=&#8221;1px&#8221; ul_text_shadow_horizontal_length=&#8221;ul_text_shadow_style,%91object Object%93&#8243; ul_text_shadow_horizontal_length_tablet=&#8221;0px&#8221; ul_text_shadow_vertical_length=&#8221;ul_text_shadow_style,%91object Object%93&#8243; ul_text_shadow_vertical_length_tablet=&#8221;0px&#8221; ul_text_shadow_blur_strength=&#8221;ul_text_shadow_style,%91object Object%93&#8243; ul_text_shadow_blur_strength_tablet=&#8221;1px&#8221; ol_text_shadow_horizontal_length=&#8221;ol_text_shadow_style,%91object Object%93&#8243; ol_text_shadow_horizontal_length_tablet=&#8221;0px&#8221; ol_text_shadow_vertical_length=&#8221;ol_text_shadow_style,%91object Object%93&#8243; ol_text_shadow_vertical_length_tablet=&#8221;0px&#8221; ol_text_shadow_blur_strength=&#8221;ol_text_shadow_style,%91object Object%93&#8243; ol_text_shadow_blur_strength_tablet=&#8221;1px&#8221; quote_text_shadow_horizontal_length=&#8221;quote_text_shadow_style,%91object Object%93&#8243; quote_text_shadow_horizontal_length_tablet=&#8221;0px&#8221; quote_text_shadow_vertical_length=&#8221;quote_text_shadow_style,%91object Object%93&#8243; quote_text_shadow_vertical_length_tablet=&#8221;0px&#8221; quote_text_shadow_blur_strength=&#8221;quote_text_shadow_style,%91object Object%93&#8243; quote_text_shadow_blur_strength_tablet=&#8221;1px&#8221; header_text_shadow_horizontal_length=&#8221;header_text_shadow_style,%91object Object%93&#8243; header_text_shadow_horizontal_length_tablet=&#8221;0px&#8221; header_text_shadow_vertical_length=&#8221;header_text_shadow_style,%91object Object%93&#8243; header_text_shadow_vertical_length_tablet=&#8221;0px&#8221; header_text_shadow_blur_strength=&#8221;header_text_shadow_style,%91object Object%93&#8243; header_text_shadow_blur_strength_tablet=&#8221;1px&#8221; header_2_text_shadow_horizontal_length=&#8221;header_2_text_shadow_style,%91object Object%93&#8243; header_2_text_shadow_horizontal_length_tablet=&#8221;0px&#8221; header_2_text_shadow_vertical_length=&#8221;header_2_text_shadow_style,%91object Object%93&#8243; header_2_text_shadow_vertical_length_tablet=&#8221;0px&#8221; header_2_text_shadow_blur_strength=&#8221;header_2_text_shadow_style,%91object Object%93&#8243; header_2_text_shadow_blur_strength_tablet=&#8221;1px&#8221; header_3_text_shadow_horizontal_length=&#8221;header_3_text_shadow_style,%91object Object%93&#8243; header_3_text_shadow_horizontal_length_tablet=&#8221;0px&#8221; header_3_text_shadow_vertical_length=&#8221;header_3_text_shadow_style,%91object Object%93&#8243; header_3_text_shadow_vertical_length_tablet=&#8221;0px&#8221; header_3_text_shadow_blur_strength=&#8221;header_3_text_shadow_style,%91object Object%93&#8243; header_3_text_shadow_blur_strength_tablet=&#8221;1px&#8221; header_4_text_shadow_horizontal_length=&#8221;header_4_text_shadow_style,%91object Object%93&#8243; header_4_text_shadow_horizontal_length_tablet=&#8221;0px&#8221; header_4_text_shadow_vertical_length=&#8221;header_4_text_shadow_style,%91object Object%93&#8243; header_4_text_shadow_vertical_length_tablet=&#8221;0px&#8221; header_4_text_shadow_blur_strength=&#8221;header_4_text_shadow_style,%91object Object%93&#8243; header_4_text_shadow_blur_strength_tablet=&#8221;1px&#8221; header_5_text_shadow_horizontal_length=&#8221;header_5_text_shadow_style,%91object Object%93&#8243; header_5_text_shadow_horizontal_length_tablet=&#8221;0px&#8221; header_5_text_shadow_vertical_length=&#8221;header_5_text_shadow_style,%91object Object%93&#8243; header_5_text_shadow_vertical_length_tablet=&#8221;0px&#8221; header_5_text_shadow_blur_strength=&#8221;header_5_text_shadow_style,%91object Object%93&#8243; header_5_text_shadow_blur_strength_tablet=&#8221;1px&#8221; header_6_text_shadow_horizontal_length=&#8221;header_6_text_shadow_style,%91object Object%93&#8243; header_6_text_shadow_horizontal_length_tablet=&#8221;0px&#8221; header_6_text_shadow_vertical_length=&#8221;header_6_text_shadow_style,%91object Object%93&#8243; header_6_text_shadow_vertical_length_tablet=&#8221;0px&#8221; header_6_text_shadow_blur_strength=&#8221;header_6_text_shadow_style,%91object Object%93&#8243; header_6_text_shadow_blur_strength_tablet=&#8221;1px&#8221; box_shadow_horizontal_tablet=&#8221;0px&#8221; box_shadow_vertical_tablet=&#8221;0px&#8221; box_shadow_blur_tablet=&#8221;40px&#8221; box_shadow_spread_tablet=&#8221;0px&#8221; vertical_offset_tablet=&#8221;0&#8243; horizontal_offset_tablet=&#8221;0&#8243; z_index_tablet=&#8221;0&#8243;]<\/p>\n<h3>ADVENTO<\/h3>\n<p><span><div class=\"pt-cv-wrapper et_smooth_scroll_disabled\"><div class=\"pt-cv-view pt-cv-collapsible\" id=\"pt-cv-view-0309cbc84d\"><div data-id=\"pt-cv-page-1\" class=\"pt-cv-page\" data-cvc=\"1\"><div class=\"panel-group\" id=\"283fd8dvbq\"><div class=\"panel panel-default pt-cv-content-item pt-cv-1-col\" >\r\n<div class=\"panel-heading pt-cv-title\">\r\n    <a class=\"panel-title\" data-toggle=\"cvcollapse\" data-parent=\"#283fd8dvbq\" data-target=\"#2d40f3cgkr\" href='http:\/\/sites.ecclesia.pt\/liturgia\/ano-c-01o-domingo-do-advento\/' onclick='event.preventDefault()'>\r\n\t\tAno C &#8211; 01.\u00ba Domingo do Advento &#8211; Programa Ecclesia\t<\/a>\r\n\t<\/div>\r\n<div id=\"2d40f3cgkr\" class=\"panel-collapse collapse \">\r\n\t<div class=\"panel-body\">\r\n\t\t<div class=\"pt-cv-content\"><p><iframe loading=\"lazy\" title=\"Coment\u00e1rio \u00e0 liturgia do 1\u00ba domingo do Advento com os padres Armindo Vaz e Joaquim Ganh\u00e3o\" width=\"1080\" height=\"608\" src=\"https:\/\/www.youtube.com\/embed\/gtHMM40KBBA?feature=oembed\"  allow=\"accelerometer; autoplay; clipboard-write; encrypted-media; gyroscope; picture-in-picture\" allowfullscreen><\/iframe><\/p>\n<p>Programa Ecclesia do dia 30 de novembro de 2018<\/p>\n<p>&nbsp;<\/p>\n<\/div>\t<\/div>\r\n<\/div><\/div>\n<div class=\"panel panel-default pt-cv-content-item pt-cv-1-col\" >\r\n<div class=\"panel-heading pt-cv-title\">\r\n    <a class=\"panel-title\" data-toggle=\"cvcollapse\" data-parent=\"#283fd8dvbq\" data-target=\"#d0633328y4\" href='http:\/\/sites.ecclesia.pt\/liturgia\/ano-c-02o-domingo-do-advento-2\/' onclick='event.preventDefault()'>\r\n\t\tAno C &#8211; 02.\u00ba Domingo do Advento &#8211; Programa Ecclesia\t<\/a>\r\n\t<\/div>\r\n<div id=\"d0633328y4\" class=\"panel-collapse collapse \">\r\n\t<div class=\"panel-body\">\r\n\t\t<div class=\"pt-cv-content\"><p><iframe loading=\"lazy\" title=\"Coment\u00e1rio \u00e0 liturgia do 2\u00ba domingo do Advento com os padres Armindo Vaz e Amaro Gon\u00e7alo\" width=\"1080\" height=\"608\" src=\"https:\/\/www.youtube.com\/embed\/2DsYk8XZJxU?feature=oembed\"  allow=\"accelerometer; autoplay; clipboard-write; encrypted-media; gyroscope; picture-in-picture\" allowfullscreen><\/iframe><\/p>\n<p>Programa Ecclesia do dia 07 de dezembro de 2018<\/p>\n<\/div>\t<\/div>\r\n<\/div><\/div>\n<div class=\"panel panel-default pt-cv-content-item pt-cv-1-col\" >\r\n<div class=\"panel-heading pt-cv-title\">\r\n    <a class=\"panel-title\" data-toggle=\"cvcollapse\" data-parent=\"#283fd8dvbq\" data-target=\"#8548777lux\" href='http:\/\/sites.ecclesia.pt\/liturgia\/ano-c-03o-domingo-do-advento-2\/' onclick='event.preventDefault()'>\r\n\t\tAno C &#8211; 03.\u00ba Domingo do Advento &#8211; Programa Ecclesia\t<\/a>\r\n\t<\/div>\r\n<div id=\"8548777lux\" class=\"panel-collapse collapse \">\r\n\t<div class=\"panel-body\">\r\n\t\t<div class=\"pt-cv-content\"><p><iframe loading=\"lazy\" title=\"Coment\u00e1rio \u00e0 liturgia do 3\u00ba domingo do Advento com os padres Vasco Gon\u00e7alves e Vitor Rocha\" width=\"1080\" height=\"608\" src=\"https:\/\/www.youtube.com\/embed\/gq62USZf-_E?feature=oembed\"  allow=\"accelerometer; autoplay; clipboard-write; encrypted-media; gyroscope; picture-in-picture\" allowfullscreen><\/iframe><\/p>\n<p>Programa Ecclesia do dia 14 de dezembro de 2018<\/p>\n<\/div>\t<\/div>\r\n<\/div><\/div>\n<div class=\"panel panel-default pt-cv-content-item pt-cv-1-col\" >\r\n<div class=\"panel-heading pt-cv-title\">\r\n    <a class=\"panel-title\" data-toggle=\"cvcollapse\" data-parent=\"#283fd8dvbq\" data-target=\"#41134efd0k\" href='http:\/\/sites.ecclesia.pt\/liturgia\/ano-c-04o-domingo-do-advento-2\/' onclick='event.preventDefault()'>\r\n\t\tAno C &#8211; 04.\u00ba Domingo do Advento &#8211; Programa Ecclesia\t<\/a>\r\n\t<\/div>\r\n<div id=\"41134efd0k\" class=\"panel-collapse collapse \">\r\n\t<div class=\"panel-body\">\r\n\t\t<div class=\"pt-cv-content\"><p><iframe loading=\"lazy\" title=\"Coment\u00e1rio \u00e0 liturgia do 4\u00ba domingo do Advento com o padre Ant\u00f3nio Rego e Henrique Joaquim\" width=\"1080\" height=\"608\" src=\"https:\/\/www.youtube.com\/embed\/kc58Ij_H1oM?feature=oembed\"  allow=\"accelerometer; autoplay; clipboard-write; encrypted-media; gyroscope; picture-in-picture\" allowfullscreen><\/iframe><\/p>\n<p>Programa Ecclesia do dia 21 dezembro de 2018<\/p>\n<\/div>\t<\/div>\r\n<\/div><\/div><\/div><\/div><\/div><\/div><\/span><\/p>\n<p>[\/et_pb_text][et_pb_text admin_label=&#8221;QUARESMA&#8221; _builder_version=&#8221;4.3.4&#8243; text_text_shadow_horizontal_length=&#8221;text_text_shadow_style,%91object Object%93&#8243; text_text_shadow_horizontal_length_tablet=&#8221;0px&#8221; text_text_shadow_vertical_length=&#8221;text_text_shadow_style,%91object Object%93&#8243; text_text_shadow_vertical_length_tablet=&#8221;0px&#8221; text_text_shadow_blur_strength=&#8221;text_text_shadow_style,%91object Object%93&#8243; text_text_shadow_blur_strength_tablet=&#8221;1px&#8221; link_text_shadow_horizontal_length=&#8221;link_text_shadow_style,%91object Object%93&#8243; link_text_shadow_horizontal_length_tablet=&#8221;0px&#8221; link_text_shadow_vertical_length=&#8221;link_text_shadow_style,%91object Object%93&#8243; link_text_shadow_vertical_length_tablet=&#8221;0px&#8221; link_text_shadow_blur_strength=&#8221;link_text_shadow_style,%91object Object%93&#8243; link_text_shadow_blur_strength_tablet=&#8221;1px&#8221; ul_text_shadow_horizontal_length=&#8221;ul_text_shadow_style,%91object Object%93&#8243; ul_text_shadow_horizontal_length_tablet=&#8221;0px&#8221; ul_text_shadow_vertical_length=&#8221;ul_text_shadow_style,%91object Object%93&#8243; ul_text_shadow_vertical_length_tablet=&#8221;0px&#8221; ul_text_shadow_blur_strength=&#8221;ul_text_shadow_style,%91object Object%93&#8243; ul_text_shadow_blur_strength_tablet=&#8221;1px&#8221; ol_text_shadow_horizontal_length=&#8221;ol_text_shadow_style,%91object Object%93&#8243; ol_text_shadow_horizontal_length_tablet=&#8221;0px&#8221; ol_text_shadow_vertical_length=&#8221;ol_text_shadow_style,%91object Object%93&#8243; ol_text_shadow_vertical_length_tablet=&#8221;0px&#8221; ol_text_shadow_blur_strength=&#8221;ol_text_shadow_style,%91object Object%93&#8243; ol_text_shadow_blur_strength_tablet=&#8221;1px&#8221; quote_text_shadow_horizontal_length=&#8221;quote_text_shadow_style,%91object Object%93&#8243; quote_text_shadow_horizontal_length_tablet=&#8221;0px&#8221; quote_text_shadow_vertical_length=&#8221;quote_text_shadow_style,%91object Object%93&#8243; quote_text_shadow_vertical_length_tablet=&#8221;0px&#8221; quote_text_shadow_blur_strength=&#8221;quote_text_shadow_style,%91object Object%93&#8243; quote_text_shadow_blur_strength_tablet=&#8221;1px&#8221; header_text_shadow_horizontal_length=&#8221;header_text_shadow_style,%91object Object%93&#8243; header_text_shadow_horizontal_length_tablet=&#8221;0px&#8221; header_text_shadow_vertical_length=&#8221;header_text_shadow_style,%91object Object%93&#8243; header_text_shadow_vertical_length_tablet=&#8221;0px&#8221; header_text_shadow_blur_strength=&#8221;header_text_shadow_style,%91object Object%93&#8243; header_text_shadow_blur_strength_tablet=&#8221;1px&#8221; header_2_text_shadow_horizontal_length=&#8221;header_2_text_shadow_style,%91object Object%93&#8243; header_2_text_shadow_horizontal_length_tablet=&#8221;0px&#8221; header_2_text_shadow_vertical_length=&#8221;header_2_text_shadow_style,%91object Object%93&#8243; header_2_text_shadow_vertical_length_tablet=&#8221;0px&#8221; header_2_text_shadow_blur_strength=&#8221;header_2_text_shadow_style,%91object Object%93&#8243; header_2_text_shadow_blur_strength_tablet=&#8221;1px&#8221; header_3_text_shadow_horizontal_length=&#8221;header_3_text_shadow_style,%91object Object%93&#8243; header_3_text_shadow_horizontal_length_tablet=&#8221;0px&#8221; header_3_text_shadow_vertical_length=&#8221;header_3_text_shadow_style,%91object Object%93&#8243; header_3_text_shadow_vertical_length_tablet=&#8221;0px&#8221; header_3_text_shadow_blur_strength=&#8221;header_3_text_shadow_style,%91object Object%93&#8243; header_3_text_shadow_blur_strength_tablet=&#8221;1px&#8221; header_4_text_shadow_horizontal_length=&#8221;header_4_text_shadow_style,%91object Object%93&#8243; header_4_text_shadow_horizontal_length_tablet=&#8221;0px&#8221; header_4_text_shadow_vertical_length=&#8221;header_4_text_shadow_style,%91object Object%93&#8243; header_4_text_shadow_vertical_length_tablet=&#8221;0px&#8221; header_4_text_shadow_blur_strength=&#8221;header_4_text_shadow_style,%91object Object%93&#8243; header_4_text_shadow_blur_strength_tablet=&#8221;1px&#8221; header_5_text_shadow_horizontal_length=&#8221;header_5_text_shadow_style,%91object Object%93&#8243; header_5_text_shadow_horizontal_length_tablet=&#8221;0px&#8221; header_5_text_shadow_vertical_length=&#8221;header_5_text_shadow_style,%91object Object%93&#8243; header_5_text_shadow_vertical_length_tablet=&#8221;0px&#8221; header_5_text_shadow_blur_strength=&#8221;header_5_text_shadow_style,%91object Object%93&#8243; header_5_text_shadow_blur_strength_tablet=&#8221;1px&#8221; header_6_text_shadow_horizontal_length=&#8221;header_6_text_shadow_style,%91object Object%93&#8243; header_6_text_shadow_horizontal_length_tablet=&#8221;0px&#8221; header_6_text_shadow_vertical_length=&#8221;header_6_text_shadow_style,%91object Object%93&#8243; header_6_text_shadow_vertical_length_tablet=&#8221;0px&#8221; header_6_text_shadow_blur_strength=&#8221;header_6_text_shadow_style,%91object Object%93&#8243; header_6_text_shadow_blur_strength_tablet=&#8221;1px&#8221; box_shadow_horizontal_tablet=&#8221;0px&#8221; box_shadow_vertical_tablet=&#8221;0px&#8221; box_shadow_blur_tablet=&#8221;40px&#8221; box_shadow_spread_tablet=&#8221;0px&#8221; vertical_offset_tablet=&#8221;0&#8243; horizontal_offset_tablet=&#8221;0&#8243; z_index_tablet=&#8221;0&#8243;]<\/p>\n<h3>QUARESMA<\/h3>\n<p><span><div class=\"pt-cv-wrapper et_smooth_scroll_disabled\"><div class=\"pt-cv-view pt-cv-collapsible\" id=\"pt-cv-view-a2a1e3aruz\"><div data-id=\"pt-cv-page-1\" class=\"pt-cv-page\" data-cvc=\"1\"><div class=\"panel-group\" id=\"a03b8761vo\"><div class=\"panel panel-default pt-cv-content-item pt-cv-1-col\" >\r\n<div class=\"panel-heading pt-cv-title\">\r\n    <a class=\"panel-title\" data-toggle=\"cvcollapse\" data-parent=\"#a03b8761vo\" data-target=\"#78a6e153f0\" href='http:\/\/sites.ecclesia.pt\/liturgia\/ano-c-01o-domingo-da-quaresma-2\/' onclick='event.preventDefault()'>\r\n\t\tAno C &#8211; 01.\u00ba Domingo da Quaresma &#8211; Programa Ecclesia\t<\/a>\r\n\t<\/div>\r\n<div id=\"78a6e153f0\" class=\"panel-collapse collapse \">\r\n\t<div class=\"panel-body\">\r\n\t\t<div class=\"pt-cv-content\"><p><iframe loading=\"lazy\" title=\"Coment\u00e1rio \u00e0 liturgia do 1.\u00ba domingo da Quaresma pela irm\u00e3 Lu\u00edsa Almendra\" width=\"1080\" height=\"608\" src=\"https:\/\/www.youtube.com\/embed\/PgOzaDb8ex0?feature=oembed\"  allow=\"accelerometer; autoplay; clipboard-write; encrypted-media; gyroscope; picture-in-picture\" allowfullscreen><\/iframe><\/p>\n<p>Programa Ecclesia do dia 08 de mar\u00e7o de 2019<\/p>\n<p>&nbsp;<\/p>\n<\/div>\t<\/div>\r\n<\/div><\/div>\n<div class=\"panel panel-default pt-cv-content-item pt-cv-1-col\" >\r\n<div class=\"panel-heading pt-cv-title\">\r\n    <a class=\"panel-title\" data-toggle=\"cvcollapse\" data-parent=\"#a03b8761vo\" data-target=\"#4afd915mcz\" href='http:\/\/sites.ecclesia.pt\/liturgia\/ano-c-02o-domingo-da-quaresma-2\/' onclick='event.preventDefault()'>\r\n\t\tAno C &#8211; 02.\u00ba Domingo da Quaresma &#8211; Programa Ecclesia\t<\/a>\r\n\t<\/div>\r\n<div id=\"4afd915mcz\" class=\"panel-collapse collapse \">\r\n\t<div class=\"panel-body\">\r\n\t\t<div class=\"pt-cv-content\"><p><iframe loading=\"lazy\" title=\"Coment\u00e1rio \u00e0 liturgia do 2.\u00ba domingo da Quaresma pelo padre Hugo Gon\u00e7alves e frei Jos\u00e9 Nunes\" width=\"1080\" height=\"608\" src=\"https:\/\/www.youtube.com\/embed\/jUqe0C2LaLw?feature=oembed\"  allow=\"accelerometer; autoplay; clipboard-write; encrypted-media; gyroscope; picture-in-picture\" allowfullscreen><\/iframe><\/p>\n<p class=\"title style-scope ytd-video-primary-info-renderer\">Programa Ecclesia do dia 15 de mar\u00e7o de 2019<\/p>\n<p>&nbsp;<\/p>\n<\/div>\t<\/div>\r\n<\/div><\/div>\n<div class=\"panel panel-default pt-cv-content-item pt-cv-1-col\" >\r\n<div class=\"panel-heading pt-cv-title\">\r\n    <a class=\"panel-title\" data-toggle=\"cvcollapse\" data-parent=\"#a03b8761vo\" data-target=\"#f1817cbbk0\" href='http:\/\/sites.ecclesia.pt\/liturgia\/ano-c-03o-domingo-da-quaresma\/' onclick='event.preventDefault()'>\r\n\t\tAno C &#8211; 03.\u00ba Domingo da Quaresma &#8211; Programa Ecclesia\t<\/a>\r\n\t<\/div>\r\n<div id=\"f1817cbbk0\" class=\"panel-collapse collapse \">\r\n\t<div class=\"panel-body\">\r\n\t\t<div class=\"pt-cv-content\"><p><iframe loading=\"lazy\" title=\"Coment\u00e1rio \u00e0 liturgia do 3.\u00ba domingo da Quaresma pelo padre Jos\u00e9 Manuel e Frei Jos\u00e9 Nunes\" width=\"1080\" height=\"608\" src=\"https:\/\/www.youtube.com\/embed\/J6YK3A-i11w?feature=oembed\"  allow=\"accelerometer; autoplay; clipboard-write; encrypted-media; gyroscope; picture-in-picture\" allowfullscreen><\/iframe><\/p>\n<p>Programa Ecclesia do dia 22 de mar\u00e7o de 2019<\/p>\n<\/div>\t<\/div>\r\n<\/div><\/div>\n<div class=\"panel panel-default pt-cv-content-item pt-cv-1-col\" >\r\n<div class=\"panel-heading pt-cv-title\">\r\n    <a class=\"panel-title\" data-toggle=\"cvcollapse\" data-parent=\"#a03b8761vo\" data-target=\"#c57082ehp5\" href='http:\/\/sites.ecclesia.pt\/liturgia\/ano-c-04o-domingo-da-quaresma\/' onclick='event.preventDefault()'>\r\n\t\tAno C &#8211; 04.\u00ba Domingo da Quaresma &#8211; Programa Ecclesia\t<\/a>\r\n\t<\/div>\r\n<div id=\"c57082ehp5\" class=\"panel-collapse collapse \">\r\n\t<div class=\"panel-body\">\r\n\t\t<div class=\"pt-cv-content\"><p><iframe loading=\"lazy\" title=\"Coment\u00e1rio \u00e0 liturgia do 4.\u00ba domingo da Quaresma pelo padre Jo\u00e3o Louren\u00e7o e Frei Vitor Rafael\" width=\"1080\" height=\"608\" src=\"https:\/\/www.youtube.com\/embed\/kyEAZkeXQTA?feature=oembed\"  allow=\"accelerometer; autoplay; clipboard-write; encrypted-media; gyroscope; picture-in-picture\" allowfullscreen><\/iframe><\/p>\n<p>Programa Ecclesia do dia 29 de marc\u0327o de 2019<\/p>\n<\/div>\t<\/div>\r\n<\/div><\/div>\n<div class=\"panel panel-default pt-cv-content-item pt-cv-1-col\" >\r\n<div class=\"panel-heading pt-cv-title\">\r\n    <a class=\"panel-title\" data-toggle=\"cvcollapse\" data-parent=\"#a03b8761vo\" data-target=\"#e4beef2krd\" href='http:\/\/sites.ecclesia.pt\/liturgia\/ano-c-05o-domingo-da-quaresma\/' onclick='event.preventDefault()'>\r\n\t\tAno C &#8211; 05.\u00ba Domingo da Quaresma &#8211; Programa Ecclesia\t<\/a>\r\n\t<\/div>\r\n<div id=\"e4beef2krd\" class=\"panel-collapse collapse \">\r\n\t<div class=\"panel-body\">\r\n\t\t<div class=\"pt-cv-content\"><p><iframe loading=\"lazy\" title=\"Coment\u00e1rio \u00e0 liturgia do 5.\u00ba domingo da Quaresma pelos padres Lu\u00eds Leal de Jo\u00e3o Louren\u00e7o\" width=\"1080\" height=\"608\" src=\"https:\/\/www.youtube.com\/embed\/pTdnsmvVUyQ?feature=oembed\" frameborder=\"0\" allow=\"accelerometer; autoplay; encrypted-media; gyroscope; picture-in-picture\" allowfullscreen><\/iframe><\/p>\n<p>Programa Ecclesia do dia 05 de abril de 2019<\/p>\n<\/div>\t<\/div>\r\n<\/div><\/div>\n<div class=\"panel panel-default pt-cv-content-item pt-cv-1-col\" >\r\n<div class=\"panel-heading pt-cv-title\">\r\n    <a class=\"panel-title\" data-toggle=\"cvcollapse\" data-parent=\"#a03b8761vo\" data-target=\"#110ff687nc\" href='http:\/\/sites.ecclesia.pt\/liturgia\/ano-c-domingo-de-ramos\/' onclick='event.preventDefault()'>\r\n\t\tAno C &#8211; Domingo de Ramos &#8211; Programa Ecclesia\t<\/a>\r\n\t<\/div>\r\n<div id=\"110ff687nc\" class=\"panel-collapse collapse \">\r\n\t<div class=\"panel-body\">\r\n\t\t<div class=\"pt-cv-content\"><p><iframe loading=\"lazy\" title=\"Coment\u00e1rio \u00e0 liturgia do Domingo de Ramos pelo padre Jorge Nunes\" width=\"1080\" height=\"608\" src=\"https:\/\/www.youtube.com\/embed\/h5wZeaSiqOg?feature=oembed\" frameborder=\"0\" allow=\"accelerometer; autoplay; encrypted-media; gyroscope; picture-in-picture\" allowfullscreen><\/iframe><\/p>\n<p>Programa Ecclesia do dia 12 de abril de 2019<\/p>\n<p>&nbsp;<\/p>\n<\/div>\t<\/div>\r\n<\/div><\/div><\/div><\/div><\/div><\/div><\/span><\/p>\n<p>[\/et_pb_text][et_pb_text admin_label=&#8221;Pascoa&#8221; _builder_version=&#8221;4.3.4&#8243; text_text_shadow_horizontal_length=&#8221;text_text_shadow_style,%91object Object%93&#8243; text_text_shadow_horizontal_length_tablet=&#8221;0px&#8221; text_text_shadow_vertical_length=&#8221;text_text_shadow_style,%91object Object%93&#8243; text_text_shadow_vertical_length_tablet=&#8221;0px&#8221; text_text_shadow_blur_strength=&#8221;text_text_shadow_style,%91object Object%93&#8243; text_text_shadow_blur_strength_tablet=&#8221;1px&#8221; link_text_shadow_horizontal_length=&#8221;link_text_shadow_style,%91object Object%93&#8243; link_text_shadow_horizontal_length_tablet=&#8221;0px&#8221; link_text_shadow_vertical_length=&#8221;link_text_shadow_style,%91object Object%93&#8243; link_text_shadow_vertical_length_tablet=&#8221;0px&#8221; link_text_shadow_blur_strength=&#8221;link_text_shadow_style,%91object Object%93&#8243; link_text_shadow_blur_strength_tablet=&#8221;1px&#8221; ul_text_shadow_horizontal_length=&#8221;ul_text_shadow_style,%91object Object%93&#8243; ul_text_shadow_horizontal_length_tablet=&#8221;0px&#8221; ul_text_shadow_vertical_length=&#8221;ul_text_shadow_style,%91object Object%93&#8243; ul_text_shadow_vertical_length_tablet=&#8221;0px&#8221; ul_text_shadow_blur_strength=&#8221;ul_text_shadow_style,%91object Object%93&#8243; ul_text_shadow_blur_strength_tablet=&#8221;1px&#8221; ol_text_shadow_horizontal_length=&#8221;ol_text_shadow_style,%91object Object%93&#8243; ol_text_shadow_horizontal_length_tablet=&#8221;0px&#8221; ol_text_shadow_vertical_length=&#8221;ol_text_shadow_style,%91object Object%93&#8243; ol_text_shadow_vertical_length_tablet=&#8221;0px&#8221; ol_text_shadow_blur_strength=&#8221;ol_text_shadow_style,%91object Object%93&#8243; ol_text_shadow_blur_strength_tablet=&#8221;1px&#8221; quote_text_shadow_horizontal_length=&#8221;quote_text_shadow_style,%91object Object%93&#8243; quote_text_shadow_horizontal_length_tablet=&#8221;0px&#8221; quote_text_shadow_vertical_length=&#8221;quote_text_shadow_style,%91object Object%93&#8243; quote_text_shadow_vertical_length_tablet=&#8221;0px&#8221; quote_text_shadow_blur_strength=&#8221;quote_text_shadow_style,%91object Object%93&#8243; quote_text_shadow_blur_strength_tablet=&#8221;1px&#8221; header_text_shadow_horizontal_length=&#8221;header_text_shadow_style,%91object Object%93&#8243; header_text_shadow_horizontal_length_tablet=&#8221;0px&#8221; header_text_shadow_vertical_length=&#8221;header_text_shadow_style,%91object Object%93&#8243; header_text_shadow_vertical_length_tablet=&#8221;0px&#8221; header_text_shadow_blur_strength=&#8221;header_text_shadow_style,%91object Object%93&#8243; header_text_shadow_blur_strength_tablet=&#8221;1px&#8221; header_2_text_shadow_horizontal_length=&#8221;header_2_text_shadow_style,%91object Object%93&#8243; header_2_text_shadow_horizontal_length_tablet=&#8221;0px&#8221; header_2_text_shadow_vertical_length=&#8221;header_2_text_shadow_style,%91object Object%93&#8243; header_2_text_shadow_vertical_length_tablet=&#8221;0px&#8221; header_2_text_shadow_blur_strength=&#8221;header_2_text_shadow_style,%91object Object%93&#8243; header_2_text_shadow_blur_strength_tablet=&#8221;1px&#8221; header_3_text_shadow_horizontal_length=&#8221;header_3_text_shadow_style,%91object Object%93&#8243; header_3_text_shadow_horizontal_length_tablet=&#8221;0px&#8221; header_3_text_shadow_vertical_length=&#8221;header_3_text_shadow_style,%91object Object%93&#8243; header_3_text_shadow_vertical_length_tablet=&#8221;0px&#8221; header_3_text_shadow_blur_strength=&#8221;header_3_text_shadow_style,%91object Object%93&#8243; header_3_text_shadow_blur_strength_tablet=&#8221;1px&#8221; header_4_text_shadow_horizontal_length=&#8221;header_4_text_shadow_style,%91object Object%93&#8243; header_4_text_shadow_horizontal_length_tablet=&#8221;0px&#8221; header_4_text_shadow_vertical_length=&#8221;header_4_text_shadow_style,%91object Object%93&#8243; header_4_text_shadow_vertical_length_tablet=&#8221;0px&#8221; header_4_text_shadow_blur_strength=&#8221;header_4_text_shadow_style,%91object Object%93&#8243; header_4_text_shadow_blur_strength_tablet=&#8221;1px&#8221; header_5_text_shadow_horizontal_length=&#8221;header_5_text_shadow_style,%91object Object%93&#8243; header_5_text_shadow_horizontal_length_tablet=&#8221;0px&#8221; header_5_text_shadow_vertical_length=&#8221;header_5_text_shadow_style,%91object Object%93&#8243; header_5_text_shadow_vertical_length_tablet=&#8221;0px&#8221; header_5_text_shadow_blur_strength=&#8221;header_5_text_shadow_style,%91object Object%93&#8243; header_5_text_shadow_blur_strength_tablet=&#8221;1px&#8221; header_6_text_shadow_horizontal_length=&#8221;header_6_text_shadow_style,%91object Object%93&#8243; header_6_text_shadow_horizontal_length_tablet=&#8221;0px&#8221; header_6_text_shadow_vertical_length=&#8221;header_6_text_shadow_style,%91object Object%93&#8243; header_6_text_shadow_vertical_length_tablet=&#8221;0px&#8221; header_6_text_shadow_blur_strength=&#8221;header_6_text_shadow_style,%91object Object%93&#8243; header_6_text_shadow_blur_strength_tablet=&#8221;1px&#8221; box_shadow_horizontal_tablet=&#8221;0px&#8221; box_shadow_vertical_tablet=&#8221;0px&#8221; box_shadow_blur_tablet=&#8221;40px&#8221; box_shadow_spread_tablet=&#8221;0px&#8221; vertical_offset_tablet=&#8221;0&#8243; horizontal_offset_tablet=&#8221;0&#8243; z_index_tablet=&#8221;0&#8243;]<\/p>\n<h3>P\u00c1SCOA<\/h3>\n<p><span><div class=\"pt-cv-wrapper et_smooth_scroll_disabled\"><div class=\"pt-cv-view pt-cv-collapsible\" id=\"pt-cv-view-e8ed540quk\"><div data-id=\"pt-cv-page-1\" class=\"pt-cv-page\" data-cvc=\"1\"><div class=\"panel-group\" id=\"ff784c4i8t\"><div class=\"panel panel-default pt-cv-content-item pt-cv-1-col\" >\r\n<div class=\"panel-heading pt-cv-title\">\r\n    <a class=\"panel-title\" data-toggle=\"cvcollapse\" data-parent=\"#ff784c4i8t\" data-target=\"#613d797l64\" href='http:\/\/sites.ecclesia.pt\/liturgia\/ano-c-02a-domingo-de-pascoa\/' onclick='event.preventDefault()'>\r\n\t\tAno C &#8211; 02\u00aa Domingo de P\u00e1scoa &#8211; Programa Ecclesia\t<\/a>\r\n\t<\/div>\r\n<div id=\"613d797l64\" class=\"panel-collapse collapse \">\r\n\t<div class=\"panel-body\">\r\n\t\t<div class=\"pt-cv-content\"><p><iframe loading=\"lazy\" title=\"Coment\u00e1rio \u00e0 liturgia do 2\u00aa Domingo de P\u00e1scoa por Juan Ambrosio\" width=\"1080\" height=\"608\" src=\"https:\/\/www.youtube.com\/embed\/94o8KuxBG8E?feature=oembed\"  allow=\"accelerometer; autoplay; clipboard-write; encrypted-media; gyroscope; picture-in-picture\" allowfullscreen><\/iframe><\/p>\n<p>Programa Ecclesia do dia 26 de abril 2019<\/p>\n<\/div>\t<\/div>\r\n<\/div><\/div>\n<div class=\"panel panel-default pt-cv-content-item pt-cv-1-col\" >\r\n<div class=\"panel-heading pt-cv-title\">\r\n    <a class=\"panel-title\" data-toggle=\"cvcollapse\" data-parent=\"#ff784c4i8t\" data-target=\"#4a46803rqh\" href='http:\/\/sites.ecclesia.pt\/liturgia\/ano-c-03o-domingo-de-pascoa\/' onclick='event.preventDefault()'>\r\n\t\tAno C &#8211; 03.\u00ba Domingo de P\u00e1scoa &#8211; Programa Ecclesia\t<\/a>\r\n\t<\/div>\r\n<div id=\"4a46803rqh\" class=\"panel-collapse collapse \">\r\n\t<div class=\"panel-body\">\r\n\t\t<div class=\"pt-cv-content\"><p><iframe loading=\"lazy\" title=\"Semana de ora\u00e7\u00e3o pelas Voca\u00e7\u00f5es e Coment\u00e1rio \u00e0 liturgia do 3\u00ba Domingo de P\u00e1scoa\" width=\"1080\" height=\"608\" src=\"https:\/\/www.youtube.com\/embed\/VQipa_-weOE?feature=oembed\"  allow=\"accelerometer; autoplay; clipboard-write; encrypted-media; gyroscope; picture-in-picture\" allowfullscreen><\/iframe><\/p>\n<p>Programa Ecclesia do dia 03 de maio de 2019<\/p>\n<\/div>\t<\/div>\r\n<\/div><\/div>\n<div class=\"panel panel-default pt-cv-content-item pt-cv-1-col\" >\r\n<div class=\"panel-heading pt-cv-title\">\r\n    <a class=\"panel-title\" data-toggle=\"cvcollapse\" data-parent=\"#ff784c4i8t\" data-target=\"#741f4968mg\" href='http:\/\/sites.ecclesia.pt\/liturgia\/ano-c-04o-domingo-de-pascoa\/' onclick='event.preventDefault()'>\r\n\t\tAno C &#8211; 04.\u00ba Domingo de P\u00e1scoa &#8211; Programa Ecclesia\t<\/a>\r\n\t<\/div>\r\n<div id=\"741f4968mg\" class=\"panel-collapse collapse \">\r\n\t<div class=\"panel-body\">\r\n\t\t<div class=\"pt-cv-content\"><p><iframe loading=\"lazy\" title=\"Coment\u00e1rio \u00e0 liturgia do 4\u00ba Domingo de P\u00e1scoa pelo padre N\u00e9lio Pita e Frei Jos\u00e9 Nunes.\" width=\"1080\" height=\"608\" src=\"https:\/\/www.youtube.com\/embed\/E8C4ZvLFN_U?feature=oembed\"  allow=\"accelerometer; autoplay; clipboard-write; encrypted-media; gyroscope; picture-in-picture\" allowfullscreen><\/iframe><\/p>\n<p>Programa Ecclesia do dia 10 de maio de 2019<\/p>\n<\/div>\t<\/div>\r\n<\/div><\/div>\n<div class=\"panel panel-default pt-cv-content-item pt-cv-1-col\" >\r\n<div class=\"panel-heading pt-cv-title\">\r\n    <a class=\"panel-title\" data-toggle=\"cvcollapse\" data-parent=\"#ff784c4i8t\" data-target=\"#d5e1e1a7pa\" href='http:\/\/sites.ecclesia.pt\/liturgia\/ano-c-05o-domingo-de-pascoa\/' onclick='event.preventDefault()'>\r\n\t\tAno C &#8211; 05.\u00ba Domingo de P\u00e1scoa &#8211; Programa Ecclesia\t<\/a>\r\n\t<\/div>\r\n<div id=\"d5e1e1a7pa\" class=\"panel-collapse collapse \">\r\n\t<div class=\"panel-body\">\r\n\t\t<div class=\"pt-cv-content\"><p><iframe loading=\"lazy\" title=\"Coment\u00e1rio \u00e0 liturgia do 5\u00ba Domingo de P\u00e1scoa pelo padre N\u00e9lio Pita e Frei Jos\u00e9 Nunes.\" width=\"1080\" height=\"608\" src=\"https:\/\/www.youtube.com\/embed\/2ucIYeUPXGg?feature=oembed\"  allow=\"accelerometer; autoplay; clipboard-write; encrypted-media; gyroscope; picture-in-picture\" allowfullscreen><\/iframe><\/p>\n<p>Programa Ecclesia do dia 17 de maio de 2019<\/p>\n<\/div>\t<\/div>\r\n<\/div><\/div>\n<div class=\"panel panel-default pt-cv-content-item pt-cv-1-col\" >\r\n<div class=\"panel-heading pt-cv-title\">\r\n    <a class=\"panel-title\" data-toggle=\"cvcollapse\" data-parent=\"#ff784c4i8t\" data-target=\"#d3b7f33zkb\" href='http:\/\/sites.ecclesia.pt\/liturgia\/ano-c-06o-domingo-de-pascoa\/' onclick='event.preventDefault()'>\r\n\t\tAno C &#8211; 06.\u00ba Domingo de P\u00e1scoa &#8211; Programa Ecclesia\t<\/a>\r\n\t<\/div>\r\n<div id=\"d3b7f33zkb\" class=\"panel-collapse collapse \">\r\n\t<div class=\"panel-body\">\r\n\t\t<div class=\"pt-cv-content\"><p><iframe loading=\"lazy\" title=\"Coment\u00e1rio \u00e0 liturgia do 6\u00ba Domingo de P\u00e1scoa pelos padres Jo\u00e3o Louren\u00e7o e Jo\u00e3o Chaves\" width=\"1080\" height=\"608\" src=\"https:\/\/www.youtube.com\/embed\/nGKg_xnhnWI?feature=oembed\"  allow=\"accelerometer; autoplay; clipboard-write; encrypted-media; gyroscope; picture-in-picture\" allowfullscreen><\/iframe><\/p>\n<p>Programa Ecclesia do dia 24 de maio de 2019<\/p>\n<\/div>\t<\/div>\r\n<\/div><\/div><\/div><\/div><\/div><\/div><\/span><\/p>\n<p>[\/et_pb_text][et_pb_text admin_label=&#8221;SOLENIDADES E FESTAS&#8221; _builder_version=&#8221;4.3.4&#8243; text_text_shadow_horizontal_length=&#8221;text_text_shadow_style,%91object Object%93&#8243; text_text_shadow_horizontal_length_tablet=&#8221;0px&#8221; text_text_shadow_vertical_length=&#8221;text_text_shadow_style,%91object Object%93&#8243; text_text_shadow_vertical_length_tablet=&#8221;0px&#8221; text_text_shadow_blur_strength=&#8221;text_text_shadow_style,%91object Object%93&#8243; text_text_shadow_blur_strength_tablet=&#8221;1px&#8221; link_text_shadow_horizontal_length=&#8221;link_text_shadow_style,%91object Object%93&#8243; link_text_shadow_horizontal_length_tablet=&#8221;0px&#8221; link_text_shadow_vertical_length=&#8221;link_text_shadow_style,%91object Object%93&#8243; link_text_shadow_vertical_length_tablet=&#8221;0px&#8221; link_text_shadow_blur_strength=&#8221;link_text_shadow_style,%91object Object%93&#8243; link_text_shadow_blur_strength_tablet=&#8221;1px&#8221; ul_text_shadow_horizontal_length=&#8221;ul_text_shadow_style,%91object Object%93&#8243; ul_text_shadow_horizontal_length_tablet=&#8221;0px&#8221; ul_text_shadow_vertical_length=&#8221;ul_text_shadow_style,%91object Object%93&#8243; ul_text_shadow_vertical_length_tablet=&#8221;0px&#8221; ul_text_shadow_blur_strength=&#8221;ul_text_shadow_style,%91object Object%93&#8243; ul_text_shadow_blur_strength_tablet=&#8221;1px&#8221; ol_text_shadow_horizontal_length=&#8221;ol_text_shadow_style,%91object Object%93&#8243; ol_text_shadow_horizontal_length_tablet=&#8221;0px&#8221; ol_text_shadow_vertical_length=&#8221;ol_text_shadow_style,%91object Object%93&#8243; ol_text_shadow_vertical_length_tablet=&#8221;0px&#8221; ol_text_shadow_blur_strength=&#8221;ol_text_shadow_style,%91object Object%93&#8243; ol_text_shadow_blur_strength_tablet=&#8221;1px&#8221; quote_text_shadow_horizontal_length=&#8221;quote_text_shadow_style,%91object Object%93&#8243; quote_text_shadow_horizontal_length_tablet=&#8221;0px&#8221; quote_text_shadow_vertical_length=&#8221;quote_text_shadow_style,%91object Object%93&#8243; quote_text_shadow_vertical_length_tablet=&#8221;0px&#8221; quote_text_shadow_blur_strength=&#8221;quote_text_shadow_style,%91object Object%93&#8243; quote_text_shadow_blur_strength_tablet=&#8221;1px&#8221; header_text_shadow_horizontal_length=&#8221;header_text_shadow_style,%91object Object%93&#8243; header_text_shadow_horizontal_length_tablet=&#8221;0px&#8221; header_text_shadow_vertical_length=&#8221;header_text_shadow_style,%91object Object%93&#8243; header_text_shadow_vertical_length_tablet=&#8221;0px&#8221; header_text_shadow_blur_strength=&#8221;header_text_shadow_style,%91object Object%93&#8243; header_text_shadow_blur_strength_tablet=&#8221;1px&#8221; header_2_text_shadow_horizontal_length=&#8221;header_2_text_shadow_style,%91object Object%93&#8243; header_2_text_shadow_horizontal_length_tablet=&#8221;0px&#8221; header_2_text_shadow_vertical_length=&#8221;header_2_text_shadow_style,%91object Object%93&#8243; header_2_text_shadow_vertical_length_tablet=&#8221;0px&#8221; header_2_text_shadow_blur_strength=&#8221;header_2_text_shadow_style,%91object Object%93&#8243; header_2_text_shadow_blur_strength_tablet=&#8221;1px&#8221; header_3_text_shadow_horizontal_length=&#8221;header_3_text_shadow_style,%91object Object%93&#8243; header_3_text_shadow_horizontal_length_tablet=&#8221;0px&#8221; header_3_text_shadow_vertical_length=&#8221;header_3_text_shadow_style,%91object Object%93&#8243; header_3_text_shadow_vertical_length_tablet=&#8221;0px&#8221; header_3_text_shadow_blur_strength=&#8221;header_3_text_shadow_style,%91object Object%93&#8243; header_3_text_shadow_blur_strength_tablet=&#8221;1px&#8221; header_4_text_shadow_horizontal_length=&#8221;header_4_text_shadow_style,%91object Object%93&#8243; header_4_text_shadow_horizontal_length_tablet=&#8221;0px&#8221; header_4_text_shadow_vertical_length=&#8221;header_4_text_shadow_style,%91object Object%93&#8243; header_4_text_shadow_vertical_length_tablet=&#8221;0px&#8221; header_4_text_shadow_blur_strength=&#8221;header_4_text_shadow_style,%91object Object%93&#8243; header_4_text_shadow_blur_strength_tablet=&#8221;1px&#8221; header_5_text_shadow_horizontal_length=&#8221;header_5_text_shadow_style,%91object Object%93&#8243; header_5_text_shadow_horizontal_length_tablet=&#8221;0px&#8221; header_5_text_shadow_vertical_length=&#8221;header_5_text_shadow_style,%91object Object%93&#8243; header_5_text_shadow_vertical_length_tablet=&#8221;0px&#8221; header_5_text_shadow_blur_strength=&#8221;header_5_text_shadow_style,%91object Object%93&#8243; header_5_text_shadow_blur_strength_tablet=&#8221;1px&#8221; header_6_text_shadow_horizontal_length=&#8221;header_6_text_shadow_style,%91object Object%93&#8243; header_6_text_shadow_horizontal_length_tablet=&#8221;0px&#8221; header_6_text_shadow_vertical_length=&#8221;header_6_text_shadow_style,%91object Object%93&#8243; header_6_text_shadow_vertical_length_tablet=&#8221;0px&#8221; header_6_text_shadow_blur_strength=&#8221;header_6_text_shadow_style,%91object Object%93&#8243; header_6_text_shadow_blur_strength_tablet=&#8221;1px&#8221; box_shadow_horizontal_tablet=&#8221;0px&#8221; box_shadow_vertical_tablet=&#8221;0px&#8221; box_shadow_blur_tablet=&#8221;40px&#8221; box_shadow_spread_tablet=&#8221;0px&#8221; vertical_offset_tablet=&#8221;0&#8243; horizontal_offset_tablet=&#8221;0&#8243; z_index_tablet=&#8221;0&#8243;]<\/p>\n<h3>SOLENIDADES E FESTAS<\/h3>\n<p><span><div class=\"pt-cv-wrapper et_smooth_scroll_disabled\"><div class=\"pt-cv-view pt-cv-collapsible\" id=\"pt-cv-view-2cdc7d0fqs\"><div data-id=\"pt-cv-page-1\" class=\"pt-cv-page\" data-cvc=\"1\"><div class=\"panel-group\" id=\"9041dder6b\"><div class=\"panel panel-default pt-cv-content-item pt-cv-1-col\" >\r\n<div class=\"panel-heading pt-cv-title\">\r\n    <a class=\"panel-title\" data-toggle=\"cvcollapse\" data-parent=\"#9041dder6b\" data-target=\"#a848071ikg\" href='http:\/\/sites.ecclesia.pt\/liturgia\/entrevista-comentario-a-liturgia-do-domingo-com-os-padres-luis-alberto-e-armindo-vaz\/' onclick='event.preventDefault()'>\r\n\t\tAno C &#8211; Domingo de Pentecostes\t<\/a>\r\n\t<\/div>\r\n<div id=\"a848071ikg\" class=\"panel-collapse collapse \">\r\n\t<div class=\"panel-body\">\r\n\t\t<div class=\"pt-cv-content\"><p><iframe loading=\"lazy\" title=\"Entrevista. Coment\u00e1rio \u00e0 liturgia do domingo com os padres Lu\u00eds Alberto e Armindo Vaz\" width=\"1080\" height=\"608\" src=\"https:\/\/www.youtube.com\/embed\/FIhMUKd2IUc?feature=oembed\"  allow=\"accelerometer; autoplay; clipboard-write; encrypted-media; gyroscope; picture-in-picture\" allowfullscreen><\/iframe><\/p>\n<p>Programa Ecclesia do dia 18 de maio de 2018<\/p>\n<p>&nbsp;<\/p>\n<\/div>\t<\/div>\r\n<\/div><\/div>\n<div class=\"panel panel-default pt-cv-content-item pt-cv-1-col\" >\r\n<div class=\"panel-heading pt-cv-title\">\r\n    <a class=\"panel-title\" data-toggle=\"cvcollapse\" data-parent=\"#9041dder6b\" data-target=\"#91fcd7e2wp\" href='http:\/\/sites.ecclesia.pt\/liturgia\/ano-c-festa-da-sagrada-familia-programa-ecclesia\/' onclick='event.preventDefault()'>\r\n\t\tAno C &#8211; Festa da Sagrada Fam\u00edlia &#8211; Programa Ecclesia\t<\/a>\r\n\t<\/div>\r\n<div id=\"91fcd7e2wp\" class=\"panel-collapse collapse \">\r\n\t<div class=\"panel-body\">\r\n\t\t<div class=\"pt-cv-content\"><p><iframe loading=\"lazy\" title=\"Coment\u00e1rio \u00e0 liturgia da festa da Sagrada Fam\u00edlia com o padre Miguel Ribeiro\" width=\"1080\" height=\"608\" src=\"https:\/\/www.youtube.com\/embed\/8U-lS_dpAG0?feature=oembed\" frameborder=\"0\" allow=\"accelerometer; autoplay; encrypted-media; gyroscope; picture-in-picture\" allowfullscreen><\/iframe><\/p>\n<p>Programa Ecclesia do dia 28 de dezembro de 2018<\/p>\n<\/div>\t<\/div>\r\n<\/div><\/div>\n<div class=\"panel panel-default pt-cv-content-item pt-cv-1-col\" >\r\n<div class=\"panel-heading pt-cv-title\">\r\n    <a class=\"panel-title\" data-toggle=\"cvcollapse\" data-parent=\"#9041dder6b\" data-target=\"#ab5d896g6x\" href='http:\/\/sites.ecclesia.pt\/liturgia\/ano-c-festa-do-baptismo-do-senhor-programa-ecclesia\/' onclick='event.preventDefault()'>\r\n\t\tAno C &#8211; Festa do Baptismo do Senhor &#8211; Programa Ecclesia\t<\/a>\r\n\t<\/div>\r\n<div id=\"ab5d896g6x\" class=\"panel-collapse collapse \">\r\n\t<div class=\"panel-body\">\r\n\t\t<div class=\"pt-cv-content\"><p><iframe loading=\"lazy\" title=\"Coment\u00e1rio \u00e0 liturgia da Festa do Baptismo do Senhor por Helena Lobato e Frei Jos\u00e9 Nunes\" width=\"1080\" height=\"608\" src=\"https:\/\/www.youtube.com\/embed\/_9ARctRwOfs?feature=oembed\" frameborder=\"0\" allow=\"accelerometer; autoplay; encrypted-media; gyroscope; picture-in-picture\" allowfullscreen><\/iframe><\/p>\n<p>Programa Ecclesia do dia 11 de janeiro de 2019<\/p>\n<\/div>\t<\/div>\r\n<\/div><\/div>\n<div class=\"panel panel-default pt-cv-content-item pt-cv-1-col\" >\r\n<div class=\"panel-heading pt-cv-title\">\r\n    <a class=\"panel-title\" data-toggle=\"cvcollapse\" data-parent=\"#9041dder6b\" data-target=\"#012813beo2\" href='http:\/\/sites.ecclesia.pt\/liturgia\/ano-c-solenidade-da-ascencao-do-senhor\/' onclick='event.preventDefault()'>\r\n\t\tAno C &#8211; Solenidade da Ascen\u00e7\u00e3o do Senhor &#8211; Programa Ecclesia\t<\/a>\r\n\t<\/div>\r\n<div id=\"012813beo2\" class=\"panel-collapse collapse \">\r\n\t<div class=\"panel-body\">\r\n\t\t<div class=\"pt-cv-content\"><p><iframe loading=\"lazy\" title=\"Coment\u00e1rio \u00e0 liturgia da Ascens\u00e3o do Senhor pelos padres Jo\u00e3o Louren\u00e7o e Nuno Ros\u00e1rio Fernandes\" width=\"1080\" height=\"608\" src=\"https:\/\/www.youtube.com\/embed\/NluRfX5UOcA?feature=oembed\" frameborder=\"0\" allow=\"accelerometer; autoplay; encrypted-media; gyroscope; picture-in-picture\" allowfullscreen><\/iframe><\/p>\n<p>Programa Ecclesia do dia 31 de maio de 2019<\/p>\n<\/div>\t<\/div>\r\n<\/div><\/div>\n<div class=\"panel panel-default pt-cv-content-item pt-cv-1-col\" >\r\n<div class=\"panel-heading pt-cv-title\">\r\n    <a class=\"panel-title\" data-toggle=\"cvcollapse\" data-parent=\"#9041dder6b\" data-target=\"#5c5cf30uh1\" href='http:\/\/sites.ecclesia.pt\/liturgia\/ano-c-solenidade-da-epifania-do-senhor\/' onclick='event.preventDefault()'>\r\n\t\tAno C &#8211; Solenidade da Epifania do Senhor &#8211; Programa Ecclesia\t<\/a>\r\n\t<\/div>\r\n<div id=\"5c5cf30uh1\" class=\"panel-collapse collapse \">\r\n\t<div class=\"panel-body\">\r\n\t\t<div class=\"pt-cv-content\"><p><iframe loading=\"lazy\" title=\"Coment\u00e1rio \u00e0 liturgia da Solenidade da Epifania pela irm\u00e3 Nuria Frau\" width=\"1080\" height=\"608\" src=\"https:\/\/www.youtube.com\/embed\/kh47Gylvkvk?feature=oembed\" frameborder=\"0\" allow=\"accelerometer; autoplay; encrypted-media; gyroscope; picture-in-picture\" allowfullscreen><\/iframe><\/p>\n<p>Programa Ecclesia do dia 4 de janeiro de 2019<\/p>\n<\/div>\t<\/div>\r\n<\/div><\/div>\n<div class=\"panel panel-default pt-cv-content-item pt-cv-1-col\" >\r\n<div class=\"panel-heading pt-cv-title\">\r\n    <a class=\"panel-title\" data-toggle=\"cvcollapse\" data-parent=\"#9041dder6b\" data-target=\"#dc72ef7i6h\" href='http:\/\/sites.ecclesia.pt\/liturgia\/ano-c-solenidade-da-santissima-trindade\/' onclick='event.preventDefault()'>\r\n\t\tAno C &#8211; Solenidade da Sant\u00edssima Trindade &#8211; Programa Ecclesia\t<\/a>\r\n\t<\/div>\r\n<div id=\"dc72ef7i6h\" class=\"panel-collapse collapse \">\r\n\t<div class=\"panel-body\">\r\n\t\t<div class=\"pt-cv-content\"><p><iframe loading=\"lazy\" title=\"Comenta\u0301rio a\u0300 Solenidade da Sant\u00edssima Trindade pelos padres Armindo Vaz e Rui Pedro Carvalho\" width=\"1080\" height=\"608\" src=\"https:\/\/www.youtube.com\/embed\/zpCdVWiXcQY?feature=oembed\" frameborder=\"0\" allow=\"accelerometer; autoplay; encrypted-media; gyroscope; picture-in-picture\" allowfullscreen><\/iframe><\/p>\n<p>Programado Ecclesia do dia 14 de Junho 2019<\/p>\n<\/div>\t<\/div>\r\n<\/div><\/div>\n<div class=\"panel panel-default pt-cv-content-item pt-cv-1-col\" >\r\n<div class=\"panel-heading pt-cv-title\">\r\n    <a class=\"panel-title\" data-toggle=\"cvcollapse\" data-parent=\"#9041dder6b\" data-target=\"#edaa48afyb\" href='http:\/\/sites.ecclesia.pt\/liturgia\/ano-c-solenidade-de-cristo-rei-programa-ecclesia\/' onclick='event.preventDefault()'>\r\n\t\tAno C &#8211; Solenidade de Cristo Rei &#8211; Programa Ecclesia\t<\/a>\r\n\t<\/div>\r\n<div id=\"edaa48afyb\" class=\"panel-collapse collapse \">\r\n\t<div class=\"panel-body\">\r\n\t\t<div class=\"pt-cv-content\"><p><iframe loading=\"lazy\" title=\"Comenta\u0301rio a\u0300 liturgia da Solenidade de Cristo Rei pelo padre Ricardo Concei\u00e7\u00e3o e frei Jos\u00e9 Nunes\" width=\"1080\" height=\"608\" src=\"https:\/\/www.youtube.com\/embed\/rGZC71dLQCw?feature=oembed\" frameborder=\"0\" allow=\"accelerometer; autoplay; encrypted-media; gyroscope; picture-in-picture\" allowfullscreen><\/iframe><\/p>\n<p>Programa Ecclesia do dia 22 de novembro de 2019<\/p>\n<\/div>\t<\/div>\r\n<\/div><\/div>\n<div class=\"panel panel-default pt-cv-content-item pt-cv-1-col\" >\r\n<div class=\"panel-heading pt-cv-title\">\r\n    <a class=\"panel-title\" data-toggle=\"cvcollapse\" data-parent=\"#9041dder6b\" data-target=\"#911088eorx\" href='http:\/\/sites.ecclesia.pt\/liturgia\/ano-c-solenidade-do-pentecostes-programa-ecclesia\/' onclick='event.preventDefault()'>\r\n\t\tAno C &#8211; Solenidade do Pentecostes &#8211; Programa Ecclesia\t<\/a>\r\n\t<\/div>\r\n<div id=\"911088eorx\" class=\"panel-collapse collapse \">\r\n\t<div class=\"panel-body\">\r\n\t\t<div class=\"pt-cv-content\"><p><iframe loading=\"lazy\" title=\"Coment\u00e1rio \u00e0 Solenidade lit\u00fargica do Pentecostes, pelo padre Armindo Vaz e Frei Francisco Sales.\" width=\"1080\" height=\"608\" src=\"https:\/\/www.youtube.com\/embed\/32LMr9BjfyY?feature=oembed\" frameborder=\"0\" allow=\"accelerometer; autoplay; encrypted-media; gyroscope; picture-in-picture\" allowfullscreen><\/iframe><\/p>\n<p>Programa Ecclesia do dia 07 de junho de 2019<\/p>\n<\/div>\t<\/div>\r\n<\/div><\/div><\/div><\/div><\/div><\/div><\/span><\/p>\n<p>[\/et_pb_text][\/et_pb_column][\/et_pb_row][\/et_pb_section]<\/p>\n","protected":false},"excerpt":{"rendered":"<p>ANO CPrograma ECCLESIA Coment\u00e1rio \u00e0 liturgia <div class=\"et_pb_row et_pb_row_0 et_pb_row_empty\">\n\t\t\t\t\n\t\t\t\t\n\t\t\t\t\n\t\t\t\t\n\t\t\t\t\n\t\t\t<\/div> Tempo Comum <div class=\"pt-cv-wrapper et_smooth_scroll_disabled\"><div class=\"pt-cv-view pt-cv-collapsible\" id=\"pt-cv-view-fde843bycb\"><div data-id=\"pt-cv-page-1\" class=\"pt-cv-page\" data-cvc=\"1\"><div class=\"panel-group\" id=\"7c036861zh\"><div class=\"panel panel-default pt-cv-content-item pt-cv-1-col\" >\r\n<div class=\"panel-heading pt-cv-title\">\r\n    <a class=\"panel-title\" data-toggle=\"cvcollapse\" data-parent=\"#7c036861zh\" data-target=\"#6e98748awv\" href='http:\/\/sites.ecclesia.pt\/liturgia\/ano-c-02o-domingo-do-tempo-comum-3\/' onclick='event.preventDefault()'>\r\n\t\tAno C &#8211; 02.\u00ba Domingo do Tempo Comum &#8211; Programa Ecclesia\t<\/a>\r\n\t<\/div>\r\n<div id=\"6e98748awv\" class=\"panel-collapse collapse \">\r\n\t<div class=\"panel-body\">\r\n\t\t<div class=\"pt-cv-content\"><p><iframe loading=\"lazy\" title=\"Coment\u00e1rio \u00e0 liturgia do 2.\u00aa domingo do tempo comum pelo padre Nuno Santos e Frei Jos\u00e9 Nunes\" width=\"1080\" height=\"608\" src=\"https:\/\/www.youtube.com\/embed\/HZeyV1Lmeuc?feature=oembed\"  allow=\"accelerometer; autoplay; clipboard-write; encrypted-media; gyroscope; picture-in-picture\" allowfullscreen><\/iframe><\/p>\n<p>Programa Ecclesia do dia 18 de janeiro de 2019.<\/p>\n<p>.<\/p>\n<\/div>\t<\/div>\r\n<\/div><\/div>\n<div class=\"panel panel-default pt-cv-content-item pt-cv-1-col\" >\r\n<div class=\"panel-heading pt-cv-title\">\r\n    <a class=\"panel-title\" data-toggle=\"cvcollapse\" data-parent=\"#7c036861zh\" data-target=\"#dd65ebcmtc\" href='http:\/\/sites.ecclesia.pt\/liturgia\/ano-c-03o-domingo-do-tempo-comum-2\/' onclick='event.preventDefault()'>\r\n\t\tAno C &#8211; 03.\u00ba Domingo do Tempo Comum &#8211; Programa Ecclesia\t<\/a>\r\n\t<\/div>\r\n<div id=\"dd65ebcmtc\" class=\"panel-collapse collapse \">\r\n\t<div class=\"panel-body\">\r\n\t\t<div class=\"pt-cv-content\"><p><iframe loading=\"lazy\" title=\"Coment\u00e1rio \u00e0 liturgia do 3.\u00aa domingo do tempo comum pelo padre Pablo Lima\" width=\"1080\" height=\"608\" src=\"https:\/\/www.youtube.com\/embed\/GYczfh-zl6M?feature=oembed\"  allow=\"accelerometer; autoplay; clipboard-write; encrypted-media; gyroscope; picture-in-picture\" allowfullscreen><\/iframe><\/p>\n<p>Programa Ecclesia do dia 25 de janeiro de 2019<\/p>\n<\/div>\t<\/div>\r\n<\/div><\/div>\n<div class=\"panel panel-default pt-cv-content-item pt-cv-1-col\" >\r\n<div class=\"panel-heading pt-cv-title\">\r\n    <a class=\"panel-title\" data-toggle=\"cvcollapse\" data-parent=\"#7c036861zh\" data-target=\"#775d5dbdq1\" href='http:\/\/sites.ecclesia.pt\/liturgia\/ano-c-04o-domingo-do-tempo-comum-3\/' onclick='event.preventDefault()'>\r\n\t\tAno C &#8211; 04.\u00ba Domingo do Tempo Comum &#8211; Programa Ecclesia\t<\/a>\r\n\t<\/div>\r\n<div id=\"775d5dbdq1\" class=\"panel-collapse collapse \">\r\n\t<div class=\"panel-body\">\r\n\t\t<div class=\"pt-cv-content\"><p><iframe loading=\"lazy\" title=\"Coment\u00e1rio \u00e0 liturgia do 4.\u00ba domingo do tempo comum pela irm\u00e3 Gra\u00e7a Guedes e padre Jo\u00e3o Louren\u00e7o\" width=\"1080\" height=\"608\" src=\"https:\/\/www.youtube.com\/embed\/3UW_iR4BMVc?feature=oembed\"  allow=\"accelerometer; autoplay; clipboard-write; encrypted-media; gyroscope; picture-in-picture\" allowfullscreen><\/iframe><\/p>\n<p>Programa Ecclesia do dia 01 de fevereiro de 2019<\/p>\n<\/div>\t<\/div>\r\n<\/div><\/div>\n<div class=\"panel panel-default pt-cv-content-item pt-cv-1-col\" >\r\n<div class=\"panel-heading pt-cv-title\">\r\n    <a class=\"panel-title\" data-toggle=\"cvcollapse\" data-parent=\"#7c036861zh\" data-target=\"#7b0e1d6siw\" href='http:\/\/sites.ecclesia.pt\/liturgia\/ano-c-05o-domingo-do-tempo-comum\/' onclick='event.preventDefault()'>\r\n\t\tAno C &#8211; 05.\u00ba Domingo do Tempo Comum &#8211; Programa Ecclesia\t<\/a>\r\n\t<\/div>\r\n<div id=\"7b0e1d6siw\" class=\"panel-collapse collapse \">\r\n\t<div class=\"panel-body\">\r\n\t\t<div class=\"pt-cv-content\"><p><iframe loading=\"lazy\" title=\"Coment\u00e1rio \u00e0 liturgia do 5.\u00ba domingo do Tempo Comum pelos padres Jo\u00e3o Louren\u00e7o e Jorge Santos\" width=\"1080\" height=\"608\" src=\"https:\/\/www.youtube.com\/embed\/uoplXszL3sQ?feature=oembed\" frameborder=\"0\" allow=\"accelerometer; autoplay; encrypted-media; gyroscope; picture-in-picture\" allowfullscreen><\/iframe><\/p>\n<p>Programa Ecclesia do dia 8 de fevereiro de 2019<\/p>\n<\/div>\t<\/div>\r\n<\/div><\/div>\n<div class=\"panel panel-default pt-cv-content-item pt-cv-1-col\" >\r\n<div class=\"panel-heading pt-cv-title\">\r\n    <a class=\"panel-title\" data-toggle=\"cvcollapse\" data-parent=\"#7c036861zh\" data-target=\"#1e73df9zsb\" href='http:\/\/sites.ecclesia.pt\/liturgia\/ano-c-06o-domingo-do-tempo-comum\/' onclick='event.preventDefault()'>\r\n\t\tAno C &#8211; 06.\u00ba Domingo do Tempo Comum &#8211; Programa Ecclesia\t<\/a>\r\n\t<\/div>\r\n<div id=\"1e73df9zsb\" class=\"panel-collapse collapse \">\r\n\t<div class=\"panel-body\">\r\n\t\t<div class=\"pt-cv-content\"><p><iframe loading=\"lazy\" title=\"Coment\u00e1rio \u00e0 liturgia do 6.\u00ba domingo do Tempo Comum pelos padres N\u00e9lio Pita e N\u00e9lio Tom\u00e1s\" width=\"1080\" height=\"608\" src=\"https:\/\/www.youtube.com\/embed\/eSKOoR4KDa0?feature=oembed\" frameborder=\"0\" allow=\"accelerometer; autoplay; encrypted-media; gyroscope; picture-in-picture\" allowfullscreen><\/iframe><\/p>\n<p>Programa Ecclesia do dia 15 de fevereiro de 2019<\/p>\n<p>&nbsp;<\/p>\n<\/div>\t<\/div>\r\n<\/div><\/div>\n<div class=\"panel panel-default pt-cv-content-item pt-cv-1-col\" >\r\n<div class=\"panel-heading pt-cv-title\">\r\n    <a class=\"panel-title\" data-toggle=\"cvcollapse\" data-parent=\"#7c036861zh\" data-target=\"#99975b5ube\" href='http:\/\/sites.ecclesia.pt\/liturgia\/ano-c-07-o-domingo-do-tempo-comum-programa-ecclesia\/' onclick='event.preventDefault()'>\r\n\t\tAno C &#8211; 07.\u00ba Domingo do Tempo Comum &#8211; Programa Ecclesia\t<\/a>\r\n\t<\/div>\r\n<div id=\"99975b5ube\" class=\"panel-collapse collapse \">\r\n\t<div class=\"panel-body\">\r\n\t\t<div class=\"pt-cv-content\"><p><iframe loading=\"lazy\" title=\"Coment\u00e1rio \u00e0 liturgia do 7.\u00ba domingo do Tempo Comum pelos padres N\u00e9lio Pita e Jos\u00e9 Maria Brito\" width=\"1080\" height=\"608\" src=\"https:\/\/www.youtube.com\/embed\/6g0QvwsjyTI?feature=oembed\" frameborder=\"0\" allow=\"accelerometer; autoplay; encrypted-media; gyroscope; picture-in-picture\" allowfullscreen><\/iframe><\/p>\n<p>Programa Ecclesia do dia 22 de fevereiro de 2019<\/p>\n<p>&nbsp;<\/p>\n<\/div>\t<\/div>\r\n<\/div><\/div>\n<div class=\"panel panel-default pt-cv-content-item pt-cv-1-col\" >\r\n<div class=\"panel-heading pt-cv-title\">\r\n    <a class=\"panel-title\" data-toggle=\"cvcollapse\" data-parent=\"#7c036861zh\" data-target=\"#3182eb8z6f\" href='http:\/\/sites.ecclesia.pt\/liturgia\/ano-c-08-o-domingo-do-tempo-comum-programa-ecclesia\/' onclick='event.preventDefault()'>\r\n\t\tAno C &#8211; 08.\u00ba Domingo do Tempo Comum &#8211; Programa Ecclesia\t<\/a>\r\n\t<\/div>\r\n<div id=\"3182eb8z6f\" class=\"panel-collapse collapse \">\r\n\t<div class=\"panel-body\">\r\n\t\t<div class=\"pt-cv-content\"><p><iframe loading=\"lazy\" title=\"Coment\u00e1rio \u00e0 liturgia do 8.\u00ba domingo do Tempo Comum pelo padre Jo\u00e3o Gon\u00e7alves\" width=\"1080\" height=\"608\" src=\"https:\/\/www.youtube.com\/embed\/-NLQSpeiqM8?feature=oembed\" frameborder=\"0\" allow=\"accelerometer; autoplay; encrypted-media; gyroscope; picture-in-picture\" allowfullscreen><\/iframe><\/p>\n<p>Programa Ecclesia do dia 01 de mar\u00e7o de 2019<\/p>\n<\/div>\t<\/div>\r\n<\/div><\/div>\n<div class=\"panel panel-default pt-cv-content-item pt-cv-1-col\" >\r\n<div class=\"panel-heading pt-cv-title\">\r\n    <a class=\"panel-title\" data-toggle=\"cvcollapse\" data-parent=\"#7c036861zh\" data-target=\"#6a25645pm6\" href='http:\/\/sites.ecclesia.pt\/liturgia\/ano-c-12-o-domingo-do-tempo-comum-programa-ecclesia\/' onclick='event.preventDefault()'>\r\n\t\tAno C &#8211; 12.\u00ba Domingo do Tempo Comum &#8211; Programa Ecclesia\t<\/a>\r\n\t<\/div>\r\n<div id=\"6a25645pm6\" class=\"panel-collapse collapse \">\r\n\t<div class=\"panel-body\">\r\n\t\t<div class=\"pt-cv-content\"><p><iframe loading=\"lazy\" title=\"Coment\u00e1rio \u00e0 liturgia do 12.\u00ba Domingo do Tempo Comum por frei Jos\u00e9 Nunes e padre Marcelino Ferreira\" width=\"1080\" height=\"608\" src=\"https:\/\/www.youtube.com\/embed\/W3oWOh3D3fk?feature=oembed\" frameborder=\"0\" allow=\"accelerometer; autoplay; encrypted-media; gyroscope; picture-in-picture\" allowfullscreen><\/iframe><\/p>\n<p>Programa Ecclesia do dia 21 de junho 2019<\/p>\n<\/div>\t<\/div>\r\n<\/div><\/div>\n<div class=\"panel panel-default pt-cv-content-item pt-cv-1-col\" >\r\n<div class=\"panel-heading pt-cv-title\">\r\n    <a class=\"panel-title\" data-toggle=\"cvcollapse\" data-parent=\"#7c036861zh\" data-target=\"#c23abf19n0\" href='http:\/\/sites.ecclesia.pt\/liturgia\/ano-c-13-o-domingo-do-tempo-comum-programa-ecclesia\/' onclick='event.preventDefault()'>\r\n\t\tAno C &#8211; 13.\u00ba Domingo do Tempo Comum &#8211; Programa Ecclesia\t<\/a>\r\n\t<\/div>\r\n<div id=\"c23abf19n0\" class=\"panel-collapse collapse \">\r\n\t<div class=\"panel-body\">\r\n\t\t<div class=\"pt-cv-content\"><p><iframe loading=\"lazy\" title=\"Coment\u00e1rio \u00e0 liturgia do 13.\u00ba Domingo do Tempo Comum por frei Jos\u00e9 Nunes e padre Pedro Coutinho.\" width=\"1080\" height=\"608\" src=\"https:\/\/www.youtube.com\/embed\/aGc7Cq2aXX0?feature=oembed\" frameborder=\"0\" allow=\"accelerometer; autoplay; encrypted-media; gyroscope; picture-in-picture\" allowfullscreen><\/iframe><\/p>\n<p>Programa Ecclesia do dia 28 de junho de 2019<\/p>\n<p>&nbsp;<\/p>\n<p>&nbsp;<\/p>\n<\/div>\t<\/div>\r\n<\/div><\/div>\n<div class=\"panel panel-default pt-cv-content-item pt-cv-1-col\" >\r\n<div class=\"panel-heading pt-cv-title\">\r\n    <a class=\"panel-title\" data-toggle=\"cvcollapse\" data-parent=\"#7c036861zh\" data-target=\"#6264f9985j\" href='http:\/\/sites.ecclesia.pt\/liturgia\/ano-c-14o-domingo-do-tempo-comum-programa-ecclesia\/' onclick='event.preventDefault()'>\r\n\t\tAno C &#8211; 14.\u00ba Domingo do Tempo Comum &#8211; Programa Ecclesia\t<\/a>\r\n\t<\/div>\r\n<div id=\"6264f9985j\" class=\"panel-collapse collapse \">\r\n\t<div class=\"panel-body\">\r\n\t\t<div class=\"pt-cv-content\"><p><iframe loading=\"lazy\" title=\"Coment\u00e1rio \u00e0 liturgia do 14.\u00ba Domingo do Tempo Comum pelos padres Jo\u00e3o Louren\u00e7o e Ant\u00f3nio Almeida\" width=\"1080\" height=\"608\" src=\"https:\/\/www.youtube.com\/embed\/Rdm6EKLIZcA?feature=oembed\" frameborder=\"0\" allow=\"accelerometer; autoplay; encrypted-media; gyroscope; picture-in-picture\" allowfullscreen><\/iframe><\/p>\n<p>Programa Ecclesia do dia 05 de julho de 2019.<\/p>\n<p>&nbsp;<\/p>\n<\/div>\t<\/div>\r\n<\/div><\/div>\n<div class=\"panel panel-default pt-cv-content-item pt-cv-1-col\" >\r\n<div class=\"panel-heading pt-cv-title\">\r\n    <a class=\"panel-title\" data-toggle=\"cvcollapse\" data-parent=\"#7c036861zh\" data-target=\"#49fd435ut2\" href='http:\/\/sites.ecclesia.pt\/liturgia\/ano-c-15o-domingo-do-tempo-comum-programa-ecclesia\/' onclick='event.preventDefault()'>\r\n\t\tAno C &#8211; 15.\u00ba Domingo do Tempo Comum &#8211; Programa Ecclesia\t<\/a>\r\n\t<\/div>\r\n<div id=\"49fd435ut2\" class=\"panel-collapse collapse \">\r\n\t<div class=\"panel-body\">\r\n\t\t<div class=\"pt-cv-content\"><p><iframe loading=\"lazy\" title=\"Coment\u00e1rio \u00e0 liturgia do 15.\u00ba Domingo do Tempo Comum pelo padre Armindo Vaz.\" width=\"1080\" height=\"608\" src=\"https:\/\/www.youtube.com\/embed\/Ln_xCY1Tyhk?feature=oembed\" frameborder=\"0\" allow=\"accelerometer; autoplay; encrypted-media; gyroscope; picture-in-picture\" allowfullscreen><\/iframe><\/p>\n<p>Programa Ecclesia do dia 12 de julho de 2019<\/p>\n<\/div>\t<\/div>\r\n<\/div><\/div>\n<div class=\"panel panel-default pt-cv-content-item pt-cv-1-col\" >\r\n<div class=\"panel-heading pt-cv-title\">\r\n    <a class=\"panel-title\" data-toggle=\"cvcollapse\" data-parent=\"#7c036861zh\" data-target=\"#e757c93a0j\" href='http:\/\/sites.ecclesia.pt\/liturgia\/ano-c-16o-domingo-do-tempo-comum-programa-ecclesia\/' onclick='event.preventDefault()'>\r\n\t\tAno C &#8211; 16.\u00ba Domingo do Tempo Comum &#8211; Programa Ecclesia\t<\/a>\r\n\t<\/div>\r\n<div id=\"e757c93a0j\" class=\"panel-collapse collapse \">\r\n\t<div class=\"panel-body\">\r\n\t\t<div class=\"pt-cv-content\"><p><iframe loading=\"lazy\" title=\"Coment\u00e1rio \u00e0 liturgia do 16.\u00ba Domingo do Tempo Comum por Juan Ambrosio e padre Robson Cruz\" width=\"1080\" height=\"608\" src=\"https:\/\/www.youtube.com\/embed\/bndFkvVKj-U?feature=oembed\" frameborder=\"0\" allow=\"accelerometer; autoplay; encrypted-media; gyroscope; picture-in-picture\" allowfullscreen><\/iframe><\/p>\n<p>Programa Ecclesia do dia 19 de julho de 2019<\/p>\n<p>&nbsp;<\/p>\n<\/div>\t<\/div>\r\n<\/div><\/div>\n<div class=\"panel panel-default pt-cv-content-item pt-cv-1-col\" >\r\n<div class=\"panel-heading pt-cv-title\">\r\n    <a class=\"panel-title\" data-toggle=\"cvcollapse\" data-parent=\"#7c036861zh\" data-target=\"#27ad4dcb94\" href='http:\/\/sites.ecclesia.pt\/liturgia\/ano-c-17o-domingo-do-tempo-comum-programa-ecclesia\/' onclick='event.preventDefault()'>\r\n\t\tAno C &#8211; 17.\u00ba Domingo do Tempo Comum &#8211; Programa Ecclesia\t<\/a>\r\n\t<\/div>\r\n<div id=\"27ad4dcb94\" class=\"panel-collapse collapse \">\r\n\t<div class=\"panel-body\">\r\n\t\t<div class=\"pt-cv-content\"><p><iframe loading=\"lazy\" title=\"Av\u00f3s falam de si e da liturgia do 17.\u00ba domingo do Tempo Comum\" width=\"1080\" height=\"608\" src=\"https:\/\/www.youtube.com\/embed\/LLsnjD0ZwHM?feature=oembed\" frameborder=\"0\" allow=\"accelerometer; autoplay; encrypted-media; gyroscope; picture-in-picture\" allowfullscreen><\/iframe><\/p>\n<p>Programa Ecclesia do dia 26 de julho de 2019<\/p>\n<\/div>\t<\/div>\r\n<\/div><\/div>\n<div class=\"panel panel-default pt-cv-content-item pt-cv-1-col\" >\r\n<div class=\"panel-heading pt-cv-title\">\r\n    <a class=\"panel-title\" data-toggle=\"cvcollapse\" data-parent=\"#7c036861zh\" data-target=\"#becebcbk7x\" href='http:\/\/sites.ecclesia.pt\/liturgia\/ano-c-18o-domingo-do-tempo-comum-programa-ecclesia\/' onclick='event.preventDefault()'>\r\n\t\tAno C &#8211; 18.\u00ba Domingo do Tempo Comum &#8211; Programa Ecclesia\t<\/a>\r\n\t<\/div>\r\n<div id=\"becebcbk7x\" class=\"panel-collapse collapse \">\r\n\t<div class=\"panel-body\">\r\n\t\t<div class=\"pt-cv-content\"><p><iframe loading=\"lazy\" title=\"Coment\u00e1rio \u00e0 liturgia do 18.\u00ba Domingo do Tempo Comum pelo padre Jo\u00e3o Louren\u00e7o\" width=\"1080\" height=\"608\" src=\"https:\/\/www.youtube.com\/embed\/NMrsQTnWvas?feature=oembed\" frameborder=\"0\" allow=\"accelerometer; autoplay; encrypted-media; gyroscope; picture-in-picture\" allowfullscreen><\/iframe><\/p>\n<p>Programa Ecclesia do dia 2 de agosto de 2019<\/p>\n<\/div>\t<\/div>\r\n<\/div><\/div>\n<div class=\"panel panel-default pt-cv-content-item pt-cv-1-col\" >\r\n<div class=\"panel-heading pt-cv-title\">\r\n    <a class=\"panel-title\" data-toggle=\"cvcollapse\" data-parent=\"#7c036861zh\" data-target=\"#14f9baepgs\" href='http:\/\/sites.ecclesia.pt\/liturgia\/ano-c-19o-domingo-do-tempo-comum-programa-ecclesia\/' onclick='event.preventDefault()'>\r\n\t\tAno C &#8211; 19.\u00ba Domingo do Tempo Comum &#8211; Programa Ecclesia\t<\/a>\r\n\t<\/div>\r\n<div id=\"14f9baepgs\" class=\"panel-collapse collapse \">\r\n\t<div class=\"panel-body\">\r\n\t\t<div class=\"pt-cv-content\"><p><iframe loading=\"lazy\" title=\"Coment\u00e1rio \u00e0 liturgia do 19.\u00ba Domingo do Tempo Comum pelo padre Armindo Vaz\" width=\"1080\" height=\"608\" src=\"https:\/\/www.youtube.com\/embed\/s5t1xwcJL-o?feature=oembed\" frameborder=\"0\" allow=\"accelerometer; autoplay; encrypted-media; gyroscope; picture-in-picture\" allowfullscreen><\/iframe><\/p>\n<p>Programa Ecclesia do dia 09 de agosto de 2019<\/p>\n<\/div>\t<\/div>\r\n<\/div><\/div>\n<div class=\"panel panel-default pt-cv-content-item pt-cv-1-col\" >\r\n<div class=\"panel-heading pt-cv-title\">\r\n    <a class=\"panel-title\" data-toggle=\"cvcollapse\" data-parent=\"#7c036861zh\" data-target=\"#8fe98c2ksq\" href='http:\/\/sites.ecclesia.pt\/liturgia\/ano-c-20o-domingo-do-tempo-comum-programa-ecclesia\/' onclick='event.preventDefault()'>\r\n\t\tAno C &#8211; 20\u00ba Domingo do Tempo Comum &#8211; Programa Ecclesia\t<\/a>\r\n\t<\/div>\r\n<div id=\"8fe98c2ksq\" class=\"panel-collapse collapse \">\r\n\t<div class=\"panel-body\">\r\n\t\t<div class=\"pt-cv-content\"><p><iframe loading=\"lazy\" title=\"Coment\u00e1rio \u00e0 liturgia do 20\u00ba Domingo do Tempo Comum por Juan Ambrosio\" width=\"1080\" height=\"608\" src=\"https:\/\/www.youtube.com\/embed\/rpnuOsOQQqA?feature=oembed\" frameborder=\"0\" allow=\"accelerometer; autoplay; encrypted-media; gyroscope; picture-in-picture\" allowfullscreen><\/iframe><\/p>\n<p>Programa Ecclesia do dia 16 de agosto de 2019<\/p>\n<\/div>\t<\/div>\r\n<\/div><\/div>\n<div class=\"panel panel-default pt-cv-content-item pt-cv-1-col\" >\r\n<div class=\"panel-heading pt-cv-title\">\r\n    <a class=\"panel-title\" data-toggle=\"cvcollapse\" data-parent=\"#7c036861zh\" data-target=\"#82aa330nz8\" href='http:\/\/sites.ecclesia.pt\/liturgia\/ano-c-21o-domingo-do-tempo-comum-programa-ecclesia\/' onclick='event.preventDefault()'>\r\n\t\tAno C &#8211; 21.\u00ba Domingo do Tempo Comum &#8211; Programa Ecclesia\t<\/a>\r\n\t<\/div>\r\n<div id=\"82aa330nz8\" class=\"panel-collapse collapse \">\r\n\t<div class=\"panel-body\">\r\n\t\t<div class=\"pt-cv-content\"><p><iframe loading=\"lazy\" title=\"Coment\u00e1rio \u00e0 liturgia do 21.\u00ba Domingo do Tempo Comum pelo padre Robson Cruz\" width=\"1080\" height=\"608\" src=\"https:\/\/www.youtube.com\/embed\/Qpo4GQ3hOEc?feature=oembed\" frameborder=\"0\" allow=\"accelerometer; autoplay; encrypted-media; gyroscope; picture-in-picture\" allowfullscreen><\/iframe><\/p>\n<p>Programa Ecclesia do dia 23 de agosto de 2019<\/p>\n<\/div>\t<\/div>\r\n<\/div><\/div>\n<div class=\"panel panel-default pt-cv-content-item pt-cv-1-col\" >\r\n<div class=\"panel-heading pt-cv-title\">\r\n    <a class=\"panel-title\" data-toggle=\"cvcollapse\" data-parent=\"#7c036861zh\" data-target=\"#3d5fe2dz6e\" href='http:\/\/sites.ecclesia.pt\/liturgia\/ano-c-22o-domingo-do-tempo-comum-programa-ecclesia\/' onclick='event.preventDefault()'>\r\n\t\tAno C &#8211; 22.\u00ba Domingo do Tempo Comum &#8211; Programa Ecclesia\t<\/a>\r\n\t<\/div>\r\n<div id=\"3d5fe2dz6e\" class=\"panel-collapse collapse \">\r\n\t<div class=\"panel-body\">\r\n\t\t<div class=\"pt-cv-content\"><p><iframe loading=\"lazy\" title=\"Coment\u00e1rio \u00e0 liturgia do 22.\u00ba Domingo do Tempo Comum pelo padre Jo\u00e3o Teixeira\" width=\"1080\" height=\"608\" src=\"https:\/\/www.youtube.com\/embed\/9cU7m4wpmkk?feature=oembed\" frameborder=\"0\" allow=\"accelerometer; autoplay; encrypted-media; gyroscope; picture-in-picture\" allowfullscreen><\/iframe><\/p>\n<p>Programa Ecclesia do dia 30 de agosto de 2019<\/p>\n<\/div>\t<\/div>\r\n<\/div><\/div>\n<div class=\"panel panel-default pt-cv-content-item pt-cv-1-col\" >\r\n<div class=\"panel-heading pt-cv-title\">\r\n    <a class=\"panel-title\" data-toggle=\"cvcollapse\" data-parent=\"#7c036861zh\" data-target=\"#5dc824cws8\" href='http:\/\/sites.ecclesia.pt\/liturgia\/ano-c-23o-domingo-do-tempo-comum-programa-ecclesia\/' onclick='event.preventDefault()'>\r\n\t\tAno C &#8211; 23.\u00ba Domingo do Tempo Comum &#8211; Programa Ecclesia\t<\/a>\r\n\t<\/div>\r\n<div id=\"5dc824cws8\" class=\"panel-collapse collapse \">\r\n\t<div class=\"panel-body\">\r\n\t\t<div class=\"pt-cv-content\"><p><iframe loading=\"lazy\" title=\"Coment\u00e1rio \u00e0 liturgia do 23.\u00ba Domingo do Tempo Comum pelo padre N\u00e9lio Luciano e Frei Jos\u00e9 Nunes\" width=\"1080\" height=\"608\" src=\"https:\/\/www.youtube.com\/embed\/bZLeW0rujDY?feature=oembed\" frameborder=\"0\" allow=\"accelerometer; autoplay; encrypted-media; gyroscope; picture-in-picture\" allowfullscreen><\/iframe><\/p>\n<p>Programa Ecclesia do dia 06 de setembro de 2019<\/p>\n<\/div>\t<\/div>\r\n<\/div><\/div>\n<div class=\"panel panel-default pt-cv-content-item pt-cv-1-col\" >\r\n<div class=\"panel-heading pt-cv-title\">\r\n    <a class=\"panel-title\" data-toggle=\"cvcollapse\" data-parent=\"#7c036861zh\" data-target=\"#d9cb6b2fyr\" href='http:\/\/sites.ecclesia.pt\/liturgia\/ano-c-24o-domingo-do-tempo-comum-programa-ecclesia\/' onclick='event.preventDefault()'>\r\n\t\tAno C &#8211; 24.\u00ba Domingo do Tempo Comum &#8211; Programa Ecclesia\t<\/a>\r\n\t<\/div>\r\n<div id=\"d9cb6b2fyr\" class=\"panel-collapse collapse \">\r\n\t<div class=\"panel-body\">\r\n\t\t<div class=\"pt-cv-content\"><p><iframe loading=\"lazy\" title=\"Coment\u00e1rio \u00e0 liturgia do 24.\u00ba Domingo do Tempo Comum pelos padres Armindo Vaz e Jo\u00e3o Gon\u00e7alves\" width=\"1080\" height=\"608\" src=\"https:\/\/www.youtube.com\/embed\/Hle0OAIpHSo?feature=oembed\" frameborder=\"0\" allow=\"accelerometer; autoplay; encrypted-media; gyroscope; picture-in-picture\" allowfullscreen><\/iframe><\/p>\n<p>Programa Ecclesia do dia 13 de setembro de 2019<\/p>\n<\/div>\t<\/div>\r\n<\/div><\/div>\n<div class=\"panel panel-default pt-cv-content-item pt-cv-1-col\" >\r\n<div class=\"panel-heading pt-cv-title\">\r\n    <a class=\"panel-title\" data-toggle=\"cvcollapse\" data-parent=\"#7c036861zh\" data-target=\"#cf69a7b3u4\" href='http:\/\/sites.ecclesia.pt\/liturgia\/ano-c-25o-domingo-do-tempo-comum-programa-ecclesia\/' onclick='event.preventDefault()'>\r\n\t\tAno C &#8211; 25.\u00ba Domingo do Tempo Comum &#8211; Programa Ecclesia\t<\/a>\r\n\t<\/div>\r\n<div id=\"cf69a7b3u4\" class=\"panel-collapse collapse \">\r\n\t<div class=\"panel-body\">\r\n\t\t<div class=\"pt-cv-content\"><p><iframe loading=\"lazy\" title=\"Coment\u00e1rio \u00e0 liturgia do 25.\u00ba Domingo do Tempo Comum pelos padres Armindo Vaz e Jo\u00e3o Gon\u00e7alves.\" width=\"1080\" height=\"608\" src=\"https:\/\/www.youtube.com\/embed\/zCadIEJiPhY?feature=oembed\" frameborder=\"0\" allow=\"accelerometer; autoplay; encrypted-media; gyroscope; picture-in-picture\" allowfullscreen><\/iframe><\/p>\n<p>Programa Ecclesia do dia 20 de setembro de 2019<\/p>\n<\/div>\t<\/div>\r\n<\/div><\/div>\n<div class=\"panel panel-default pt-cv-content-item pt-cv-1-col\" >\r\n<div class=\"panel-heading pt-cv-title\">\r\n    <a class=\"panel-title\" data-toggle=\"cvcollapse\" data-parent=\"#7c036861zh\" data-target=\"#7c60528tql\" href='http:\/\/sites.ecclesia.pt\/liturgia\/ano-c-26o-domingo-do-tempo-comum-programa-ecclesia\/' onclick='event.preventDefault()'>\r\n\t\tAno C &#8211; 26.\u00ba Domingo do Tempo Comum &#8211; Programa Ecclesia\t<\/a>\r\n\t<\/div>\r\n<div id=\"7c60528tql\" class=\"panel-collapse collapse \">\r\n\t<div class=\"panel-body\">\r\n\t\t<div class=\"pt-cv-content\"><p><iframe loading=\"lazy\" title=\"Coment\u00e1rio \u00e0 liturgia do 26.\u00ba Domingo do Tempo Comum por Paulo Paiva e padre Jo\u00e3o Louren\u00e7o.\" width=\"1080\" height=\"608\" src=\"https:\/\/www.youtube.com\/embed\/0c6g5DbbiW4?feature=oembed\" frameborder=\"0\" allow=\"accelerometer; autoplay; encrypted-media; gyroscope; picture-in-picture\" allowfullscreen><\/iframe><\/p>\n<p>Programa Ecclesia do dia 27 de setembro de 2019<\/p>\n<\/div>\t<\/div>\r\n<\/div><\/div>\n<div class=\"panel panel-default pt-cv-content-item pt-cv-1-col\" >\r\n<div class=\"panel-heading pt-cv-title\">\r\n    <a class=\"panel-title\" data-toggle=\"cvcollapse\" data-parent=\"#7c036861zh\" data-target=\"#7d12e03enr\" href='http:\/\/sites.ecclesia.pt\/liturgia\/ano-c-27o-domingo-do-tempo-comum-programa-ecclesia\/' onclick='event.preventDefault()'>\r\n\t\tAno C &#8211; 27.\u00ba Domingo do Tempo Comum &#8211; Programa Ecclesia\t<\/a>\r\n\t<\/div>\r\n<div id=\"7d12e03enr\" class=\"panel-collapse collapse \">\r\n\t<div class=\"panel-body\">\r\n\t\t<div class=\"pt-cv-content\"><p><iframe loading=\"lazy\" title=\"Comenta\u0301rio a\u0300 liturgia do 27.\u00ba Domingo do Tempo Comum pelos padres Joa\u0303o Lourenc\u0327o e Nuno Tavares.\" width=\"1080\" height=\"608\" src=\"https:\/\/www.youtube.com\/embed\/zXl4Yq3MxbQ?feature=oembed\" frameborder=\"0\" allow=\"accelerometer; autoplay; encrypted-media; gyroscope; picture-in-picture\" allowfullscreen><\/iframe><\/p>\n<p>Programa Ecclesia do dia 04 de outubro de 2019<\/p>\n<\/div>\t<\/div>\r\n<\/div><\/div>\n<div class=\"panel panel-default pt-cv-content-item pt-cv-1-col\" >\r\n<div class=\"panel-heading pt-cv-title\">\r\n    <a class=\"panel-title\" data-toggle=\"cvcollapse\" data-parent=\"#7c036861zh\" data-target=\"#1784ab3683\" href='http:\/\/sites.ecclesia.pt\/liturgia\/ano-c-28o-domingo-do-tempo-comum-programa-ecclesia\/' onclick='event.preventDefault()'>\r\n\t\tAno C &#8211; 28.\u00ba Domingo do Tempo Comum &#8211; Programa Ecclesia\t<\/a>\r\n\t<\/div>\r\n<div id=\"1784ab3683\" class=\"panel-collapse collapse \">\r\n\t<div class=\"panel-body\">\r\n\t\t<div class=\"pt-cv-content\"><p><iframe loading=\"lazy\" title=\"Comenta\u0301rio a\u0300 liturgia do 28.\u00ba Domingo do Tempo Comum por Marco Bernardino e Frei Jos\u00e9 Nunes\" width=\"1080\" height=\"608\" src=\"https:\/\/www.youtube.com\/embed\/dD4B_stEZQo?feature=oembed\" frameborder=\"0\" allow=\"accelerometer; autoplay; encrypted-media; gyroscope; picture-in-picture\" allowfullscreen><\/iframe><\/p>\n<p>Programa Ecclesia do dia 11 de outubro de 2019<\/p>\n<\/div>\t<\/div>\r\n<\/div><\/div>\n<div class=\"panel panel-default pt-cv-content-item pt-cv-1-col\" >\r\n<div class=\"panel-heading pt-cv-title\">\r\n    <a class=\"panel-title\" data-toggle=\"cvcollapse\" data-parent=\"#7c036861zh\" data-target=\"#375f1b0iep\" href='http:\/\/sites.ecclesia.pt\/liturgia\/ano-c-29o-domingo-do-tempo-comum-programa-ecclesia\/' onclick='event.preventDefault()'>\r\n\t\tAno C &#8211; 29.\u00ba Domingo do Tempo Comum &#8211; Programa Ecclesia\t<\/a>\r\n\t<\/div>\r\n<div id=\"375f1b0iep\" class=\"panel-collapse collapse \">\r\n\t<div class=\"panel-body\">\r\n\t\t<div class=\"pt-cv-content\"><p><iframe loading=\"lazy\" title=\"Comenta\u0301rio a\u0300 liturgia do 29.\u00ba Domingo do Tempo Comum pela Irm\u00e3 C\u00e9lia Cabecinhas e Frei Jos\u00e9 Nunes\" width=\"1080\" height=\"608\" src=\"https:\/\/www.youtube.com\/embed\/qK7h42zMKJo?feature=oembed\" frameborder=\"0\" allow=\"accelerometer; autoplay; encrypted-media; gyroscope; picture-in-picture\" allowfullscreen><\/iframe><\/p>\n<p>Programa Ecclesia de 18 de Outubro de 2019<\/p>\n<\/div>\t<\/div>\r\n<\/div><\/div>\n<div class=\"panel panel-default pt-cv-content-item pt-cv-1-col\" >\r\n<div class=\"panel-heading pt-cv-title\">\r\n    <a class=\"panel-title\" data-toggle=\"cvcollapse\" data-parent=\"#7c036861zh\" data-target=\"#c7db1fflei\" href='http:\/\/sites.ecclesia.pt\/liturgia\/ano-c-30o-domingo-do-tempo-comum-programa-ecclesia\/' onclick='event.preventDefault()'>\r\n\t\tAno C &#8211; 30\u00ba Domingo do Tempo Comum &#8211; Programa Ecclesia\t<\/a>\r\n\t<\/div>\r\n<div id=\"c7db1fflei\" class=\"panel-collapse collapse \">\r\n\t<div class=\"panel-body\">\r\n\t\t<div class=\"pt-cv-content\"><p><iframe loading=\"lazy\" title=\"Comenta\u0301rio a\u0300 liturgia do 30\u00ba Domingo do Tempo Comum pelos padres Francisco Ruivo e Armindo Vaz\" width=\"1080\" height=\"608\" src=\"https:\/\/www.youtube.com\/embed\/ymaj8wk8GCQ?feature=oembed\" frameborder=\"0\" allow=\"accelerometer; autoplay; encrypted-media; gyroscope; picture-in-picture\" allowfullscreen><\/iframe><\/p>\n<p>Programa Ecclesia do dia 25 de outubro de 2019<\/p>\n<\/div>\t<\/div>\r\n<\/div><\/div>\n<div class=\"panel panel-default pt-cv-content-item pt-cv-1-col\" >\r\n<div class=\"panel-heading pt-cv-title\">\r\n    <a class=\"panel-title\" data-toggle=\"cvcollapse\" data-parent=\"#7c036861zh\" data-target=\"#31c7f9al8s\" href='http:\/\/sites.ecclesia.pt\/liturgia\/ano-c-31o-domingo-do-tempo-comum-programa-ecclesia\/' onclick='event.preventDefault()'>\r\n\t\tAno C &#8211; 31.\u00ba Domingo do Tempo Comum &#8211; Programa Ecclesia\t<\/a>\r\n\t<\/div>\r\n<div id=\"31c7f9al8s\" class=\"panel-collapse collapse \">\r\n\t<div class=\"panel-body\">\r\n\t\t<div class=\"pt-cv-content\"><p><iframe loading=\"lazy\" title=\"Comenta\u0301rio a\u0300 liturgia do 31.\u00ba Domingo do Tempo Comum pelos padres Armindo Vaz e Samuel Guedes\" width=\"1080\" height=\"608\" src=\"https:\/\/www.youtube.com\/embed\/SBeydqnXQU8?feature=oembed\" frameborder=\"0\" allow=\"accelerometer; autoplay; encrypted-media; gyroscope; picture-in-picture\" allowfullscreen><\/iframe><\/p>\n<p>Programa Ecclesia do dia 01 de novembro de 2019<\/p>\n<\/div>\t<\/div>\r\n<\/div><\/div>\n<div class=\"panel panel-default pt-cv-content-item pt-cv-1-col\" >\r\n<div class=\"panel-heading pt-cv-title\">\r\n    <a class=\"panel-title\" data-toggle=\"cvcollapse\" data-parent=\"#7c036861zh\" data-target=\"#cf65afdv7i\" href='http:\/\/sites.ecclesia.pt\/liturgia\/ano-c-32o-domingo-do-tempo-comum-programa-ecclesia\/' onclick='event.preventDefault()'>\r\n\t\tAno C &#8211; 32.\u00ba Domingo do Tempo Comum &#8211; Programa Ecclesia\t<\/a>\r\n\t<\/div>\r\n<div id=\"cf65afdv7i\" class=\"panel-collapse collapse \">\r\n\t<div class=\"panel-body\">\r\n\t\t<div class=\"pt-cv-content\"><p><iframe loading=\"lazy\" title=\"Comenta\u0301rio a\u0300 liturgia do 32.\u00ba Domingo do Tempo Comum pelos padres Jos\u00e9 Fernandes e Jo\u00e3o Louren\u00e7o\" width=\"1080\" height=\"608\" src=\"https:\/\/www.youtube.com\/embed\/PBcvVb_vgnI?feature=oembed\" frameborder=\"0\" allow=\"accelerometer; autoplay; encrypted-media; gyroscope; picture-in-picture\" allowfullscreen><\/iframe><\/p>\n<p>Programa Ecclesia do dia 8 de novembro de 2019<\/p>\n<\/div>\t<\/div>\r\n<\/div><\/div>\n<div class=\"panel panel-default pt-cv-content-item pt-cv-1-col\" >\r\n<div class=\"panel-heading pt-cv-title\">\r\n    <a class=\"panel-title\" data-toggle=\"cvcollapse\" data-parent=\"#7c036861zh\" data-target=\"#b077c8dz5k\" href='http:\/\/sites.ecclesia.pt\/liturgia\/ano-c-33o-domingo-do-tempo-comum-programa-ecclesia\/' onclick='event.preventDefault()'>\r\n\t\tAno C &#8211; 33.\u00ba Domingo do Tempo Comum &#8211; Programa Ecclesia\t<\/a>\r\n\t<\/div>\r\n<div id=\"b077c8dz5k\" class=\"panel-collapse collapse \">\r\n\t<div class=\"panel-body\">\r\n\t\t<div class=\"pt-cv-content\"><p><iframe loading=\"lazy\" title=\"Comenta\u0301rio a\u0300 liturgia do 33.\u00ba Domingo do Tempo Comum pelos padres Jos\u00e9 Fernandes e Jo\u00e3o Louren\u00e7o\" width=\"1080\" height=\"608\" src=\"https:\/\/www.youtube.com\/embed\/7KJVGxmVdQI?feature=oembed\" frameborder=\"0\" allow=\"accelerometer; autoplay; encrypted-media; gyroscope; picture-in-picture\" allowfullscreen><\/iframe><\/p>\n<p>Programa Ecclesia do dia 15 de novembro de 2019<\/p>\n<\/div>\t<\/div>\r\n<\/div><\/div><\/div><\/div><\/div><\/div> &nbsp; ADVENTO <div class=\"pt-cv-wrapper et_smooth_scroll_disabled\"><div class=\"pt-cv-view pt-cv-collapsible\" id=\"pt-cv-view-0309cbc84d\"><div data-id=\"pt-cv-page-1\" class=\"pt-cv-page\" data-cvc=\"1\"><div class=\"panel-group\" id=\"93ef9f1o2f\"><div class=\"panel panel-default pt-cv-content-item pt-cv-1-col\" >\r\n<div class=\"panel-heading pt-cv-title\">\r\n    <a class=\"panel-title\" data-toggle=\"cvcollapse\" data-parent=\"#93ef9f1o2f\" data-target=\"#14f0f09nvu\" href='http:\/\/sites.ecclesia.pt\/liturgia\/ano-c-01o-domingo-do-advento\/' onclick='event.preventDefault()'>\r\n\t\tAno C &#8211; 01.\u00ba Domingo do Advento &#8211; Programa Ecclesia\t<\/a>\r\n\t<\/div>\r\n<div id=\"14f0f09nvu\" class=\"panel-collapse collapse \">\r\n\t<div class=\"panel-body\">\r\n\t\t<div class=\"pt-cv-content\"><p><iframe loading=\"lazy\" title=\"Coment\u00e1rio \u00e0 liturgia do 1\u00ba domingo do Advento com os padres Armindo Vaz e Joaquim Ganh\u00e3o\" width=\"1080\" height=\"608\" src=\"https:\/\/www.youtube.com\/embed\/gtHMM40KBBA?feature=oembed\"  allow=\"accelerometer; autoplay; clipboard-write; encrypted-media; gyroscope; picture-in-picture\" allowfullscreen><\/iframe><\/p>\n<p>Programa Ecclesia do dia 30 de novembro de 2018<\/p>\n<p>&nbsp;<\/p>\n<\/div>\t<\/div>\r\n<\/div><\/div>\n<div class=\"panel panel-default pt-cv-content-item pt-cv-1-col\" >\r\n<div class=\"panel-heading pt-cv-title\">\r\n    <a class=\"panel-title\" data-toggle=\"cvcollapse\" data-parent=\"#93ef9f1o2f\" data-target=\"#f83ce70vxd\" href='http:\/\/sites.ecclesia.pt\/liturgia\/ano-c-02o-domingo-do-advento-2\/' onclick='event.preventDefault()'>\r\n\t\tAno C &#8211; 02.\u00ba Domingo do Advento &#8211; Programa Ecclesia\t<\/a>\r\n\t<\/div>\r\n<div id=\"f83ce70vxd\" class=\"panel-collapse collapse \">\r\n\t<div class=\"panel-body\">\r\n\t\t<div class=\"pt-cv-content\"><p><iframe loading=\"lazy\" title=\"Coment\u00e1rio \u00e0 liturgia do 2\u00ba domingo do Advento com os padres Armindo Vaz e Amaro Gon\u00e7alo\" width=\"1080\" height=\"608\" src=\"https:\/\/www.youtube.com\/embed\/2DsYk8XZJxU?feature=oembed\"  allow=\"accelerometer; autoplay; clipboard-write; encrypted-media; gyroscope; picture-in-picture\" allowfullscreen><\/iframe><\/p>\n<p>Programa Ecclesia do dia 07 de dezembro de 2018<\/p>\n<\/div>\t<\/div>\r\n<\/div><\/div>\n<div class=\"panel panel-default pt-cv-content-item pt-cv-1-col\" >\r\n<div class=\"panel-heading pt-cv-title\">\r\n    <a class=\"panel-title\" data-toggle=\"cvcollapse\" data-parent=\"#93ef9f1o2f\" data-target=\"#f87bc28vgd\" href='http:\/\/sites.ecclesia.pt\/liturgia\/ano-c-03o-domingo-do-advento-2\/' onclick='event.preventDefault()'>\r\n\t\tAno C &#8211; 03.\u00ba Domingo do Advento &#8211; Programa Ecclesia\t<\/a>\r\n\t<\/div>\r\n<div id=\"f87bc28vgd\" class=\"panel-collapse collapse \">\r\n\t<div class=\"panel-body\">\r\n\t\t<div class=\"pt-cv-content\"><p><iframe loading=\"lazy\" title=\"Coment\u00e1rio \u00e0 liturgia do 3\u00ba domingo do Advento com os padres Vasco Gon\u00e7alves e Vitor Rocha\" width=\"1080\" height=\"608\" src=\"https:\/\/www.youtube.com\/embed\/gq62USZf-_E?feature=oembed\"  allow=\"accelerometer; autoplay; clipboard-write; encrypted-media; gyroscope; picture-in-picture\" allowfullscreen><\/iframe><\/p>\n<p>Programa Ecclesia do dia 14 de dezembro de 2018<\/p>\n<\/div>\t<\/div>\r\n<\/div><\/div>\n<div class=\"panel panel-default pt-cv-content-item pt-cv-1-col\" >\r\n<div class=\"panel-heading pt-cv-title\">\r\n    <a class=\"panel-title\" data-toggle=\"cvcollapse\" data-parent=\"#93ef9f1o2f\" data-target=\"#c47284dysd\" href='http:\/\/sites.ecclesia.pt\/liturgia\/ano-c-04o-domingo-do-advento-2\/' onclick='event.preventDefault()'>\r\n\t\tAno C &#8211; 04.\u00ba Domingo do Advento &#8211; Programa Ecclesia\t<\/a>\r\n\t<\/div>\r\n<div id=\"c47284dysd\" class=\"panel-collapse collapse \">\r\n\t<div class=\"panel-body\">\r\n\t\t<div class=\"pt-cv-content\"><p><iframe loading=\"lazy\" title=\"Coment\u00e1rio \u00e0 liturgia do 4\u00ba domingo do Advento com o padre Ant\u00f3nio Rego e Henrique Joaquim\" width=\"1080\" height=\"608\" src=\"https:\/\/www.youtube.com\/embed\/kc58Ij_H1oM?feature=oembed\"  allow=\"accelerometer; autoplay; clipboard-write; encrypted-media; gyroscope; picture-in-picture\" allowfullscreen><\/iframe><\/p>\n<p>Programa Ecclesia do dia 21 dezembro de 2018<\/p>\n<\/div>\t<\/div>\r\n<\/div><\/div><\/div><\/div><\/div><\/div> QUARESMA <div class=\"pt-cv-wrapper et_smooth_scroll_disabled\"><div class=\"pt-cv-view pt-cv-collapsible\" id=\"pt-cv-view-a2a1e3aruz\"><div data-id=\"pt-cv-page-1\" class=\"pt-cv-page\" data-cvc=\"1\"><div class=\"panel-group\" id=\"1d543b2sjv\"><div class=\"panel panel-default pt-cv-content-item pt-cv-1-col\" >\r\n<div class=\"panel-heading pt-cv-title\">\r\n    <a class=\"panel-title\" data-toggle=\"cvcollapse\" data-parent=\"#1d543b2sjv\" data-target=\"#ecf51321wy\" href='http:\/\/sites.ecclesia.pt\/liturgia\/ano-c-01o-domingo-da-quaresma-2\/' onclick='event.preventDefault()'>\r\n\t\tAno C &#8211; 01.\u00ba Domingo da Quaresma &#8211; Programa Ecclesia\t<\/a>\r\n\t<\/div>\r\n<div id=\"ecf51321wy\" class=\"panel-collapse collapse \">\r\n\t<div class=\"panel-body\">\r\n\t\t<div class=\"pt-cv-content\"><p><iframe loading=\"lazy\" title=\"Coment\u00e1rio \u00e0 liturgia do 1.\u00ba domingo da Quaresma pela irm\u00e3 Lu\u00edsa Almendra\" width=\"1080\" height=\"608\" src=\"https:\/\/www.youtube.com\/embed\/PgOzaDb8ex0?feature=oembed\"  allow=\"accelerometer; autoplay; clipboard-write; encrypted-media; gyroscope; picture-in-picture\" allowfullscreen><\/iframe><\/p>\n<p>Programa Ecclesia do dia 08 de mar\u00e7o de 2019<\/p>\n<p>&nbsp;<\/p>\n<\/div>\t<\/div>\r\n<\/div><\/div>\n<div class=\"panel panel-default pt-cv-content-item pt-cv-1-col\" >\r\n<div class=\"panel-heading pt-cv-title\">\r\n    <a class=\"panel-title\" data-toggle=\"cvcollapse\" data-parent=\"#1d543b2sjv\" data-target=\"#73952ed89o\" href='http:\/\/sites.ecclesia.pt\/liturgia\/ano-c-02o-domingo-da-quaresma-2\/' onclick='event.preventDefault()'>\r\n\t\tAno C &#8211; 02.\u00ba Domingo da Quaresma &#8211; Programa Ecclesia\t<\/a>\r\n\t<\/div>\r\n<div id=\"73952ed89o\" class=\"panel-collapse collapse \">\r\n\t<div class=\"panel-body\">\r\n\t\t<div class=\"pt-cv-content\"><p><iframe loading=\"lazy\" title=\"Coment\u00e1rio \u00e0 liturgia do 2.\u00ba domingo da Quaresma pelo padre Hugo Gon\u00e7alves e frei Jos\u00e9 Nunes\" width=\"1080\" height=\"608\" src=\"https:\/\/www.youtube.com\/embed\/jUqe0C2LaLw?feature=oembed\"  allow=\"accelerometer; autoplay; clipboard-write; encrypted-media; gyroscope; picture-in-picture\" allowfullscreen><\/iframe><\/p>\n<p class=\"title style-scope ytd-video-primary-info-renderer\">Programa Ecclesia do dia 15 de mar\u00e7o de 2019<\/p>\n<p>&nbsp;<\/p>\n<\/div>\t<\/div>\r\n<\/div><\/div>\n<div class=\"panel panel-default pt-cv-content-item pt-cv-1-col\" >\r\n<div class=\"panel-heading pt-cv-title\">\r\n    <a class=\"panel-title\" data-toggle=\"cvcollapse\" data-parent=\"#1d543b2sjv\" data-target=\"#d118c5fcxa\" href='http:\/\/sites.ecclesia.pt\/liturgia\/ano-c-03o-domingo-da-quaresma\/' onclick='event.preventDefault()'>\r\n\t\tAno C &#8211; 03.\u00ba Domingo da Quaresma &#8211; Programa Ecclesia\t<\/a>\r\n\t<\/div>\r\n<div id=\"d118c5fcxa\" class=\"panel-collapse collapse \">\r\n\t<div class=\"panel-body\">\r\n\t\t<div class=\"pt-cv-content\"><p><iframe loading=\"lazy\" title=\"Coment\u00e1rio \u00e0 liturgia do 3.\u00ba domingo da Quaresma pelo padre Jos\u00e9 Manuel e Frei Jos\u00e9 Nunes\" width=\"1080\" height=\"608\" src=\"https:\/\/www.youtube.com\/embed\/J6YK3A-i11w?feature=oembed\"  allow=\"accelerometer; autoplay; clipboard-write; encrypted-media; gyroscope; picture-in-picture\" allowfullscreen><\/iframe><\/p>\n<p>Programa Ecclesia do dia 22 de mar\u00e7o de 2019<\/p>\n<\/div>\t<\/div>\r\n<\/div><\/div>\n<div class=\"panel panel-default pt-cv-content-item pt-cv-1-col\" >\r\n<div class=\"panel-heading pt-cv-title\">\r\n    <a class=\"panel-title\" data-toggle=\"cvcollapse\" data-parent=\"#1d543b2sjv\" data-target=\"#224ae86hdl\" href='http:\/\/sites.ecclesia.pt\/liturgia\/ano-c-04o-domingo-da-quaresma\/' onclick='event.preventDefault()'>\r\n\t\tAno C &#8211; 04.\u00ba Domingo da Quaresma &#8211; Programa Ecclesia\t<\/a>\r\n\t<\/div>\r\n<div id=\"224ae86hdl\" class=\"panel-collapse collapse \">\r\n\t<div class=\"panel-body\">\r\n\t\t<div class=\"pt-cv-content\"><p><iframe loading=\"lazy\" title=\"Coment\u00e1rio \u00e0 liturgia do 4.\u00ba domingo da Quaresma pelo padre Jo\u00e3o Louren\u00e7o e Frei Vitor Rafael\" width=\"1080\" height=\"608\" src=\"https:\/\/www.youtube.com\/embed\/kyEAZkeXQTA?feature=oembed\"  allow=\"accelerometer; autoplay; clipboard-write; encrypted-media; gyroscope; picture-in-picture\" allowfullscreen><\/iframe><\/p>\n<p>Programa Ecclesia do dia 29 de marc\u0327o de 2019<\/p>\n<\/div>\t<\/div>\r\n<\/div><\/div>\n<div class=\"panel panel-default pt-cv-content-item pt-cv-1-col\" >\r\n<div class=\"panel-heading pt-cv-title\">\r\n    <a class=\"panel-title\" data-toggle=\"cvcollapse\" data-parent=\"#1d543b2sjv\" data-target=\"#dffac13rz6\" href='http:\/\/sites.ecclesia.pt\/liturgia\/ano-c-05o-domingo-da-quaresma\/' onclick='event.preventDefault()'>\r\n\t\tAno C &#8211; 05.\u00ba Domingo da Quaresma &#8211; Programa Ecclesia\t<\/a>\r\n\t<\/div>\r\n<div id=\"dffac13rz6\" class=\"panel-collapse collapse \">\r\n\t<div class=\"panel-body\">\r\n\t\t<div class=\"pt-cv-content\"><p><iframe loading=\"lazy\" title=\"Coment\u00e1rio \u00e0 liturgia do 5.\u00ba domingo da Quaresma pelos padres Lu\u00eds Leal de Jo\u00e3o Louren\u00e7o\" width=\"1080\" height=\"608\" src=\"https:\/\/www.youtube.com\/embed\/pTdnsmvVUyQ?feature=oembed\" frameborder=\"0\" allow=\"accelerometer; autoplay; encrypted-media; gyroscope; picture-in-picture\" allowfullscreen><\/iframe><\/p>\n<p>Programa Ecclesia do dia 05 de abril de 2019<\/p>\n<\/div>\t<\/div>\r\n<\/div><\/div>\n<div class=\"panel panel-default pt-cv-content-item pt-cv-1-col\" >\r\n<div class=\"panel-heading pt-cv-title\">\r\n    <a class=\"panel-title\" data-toggle=\"cvcollapse\" data-parent=\"#1d543b2sjv\" data-target=\"#6040e35liv\" href='http:\/\/sites.ecclesia.pt\/liturgia\/ano-c-domingo-de-ramos\/' onclick='event.preventDefault()'>\r\n\t\tAno C &#8211; Domingo de Ramos &#8211; Programa Ecclesia\t<\/a>\r\n\t<\/div>\r\n<div id=\"6040e35liv\" class=\"panel-collapse collapse \">\r\n\t<div class=\"panel-body\">\r\n\t\t<div class=\"pt-cv-content\"><p><iframe loading=\"lazy\" title=\"Coment\u00e1rio \u00e0 liturgia do Domingo de Ramos pelo padre Jorge Nunes\" width=\"1080\" height=\"608\" src=\"https:\/\/www.youtube.com\/embed\/h5wZeaSiqOg?feature=oembed\" frameborder=\"0\" allow=\"accelerometer; autoplay; encrypted-media; gyroscope; picture-in-picture\" allowfullscreen><\/iframe><\/p>\n<p>Programa Ecclesia do dia 12 de abril de 2019<\/p>\n<p>&nbsp;<\/p>\n<\/div>\t<\/div>\r\n<\/div><\/div><\/div><\/div><\/div><\/div> P\u00c1SCOA <div class=\"pt-cv-wrapper et_smooth_scroll_disabled\"><div class=\"pt-cv-view pt-cv-collapsible\" id=\"pt-cv-view-e8ed540quk\"><div data-id=\"pt-cv-page-1\" class=\"pt-cv-page\" data-cvc=\"1\"><div class=\"panel-group\" id=\"e72e115zch\"><div class=\"panel panel-default pt-cv-content-item pt-cv-1-col\" >\r\n<div class=\"panel-heading pt-cv-title\">\r\n    <a class=\"panel-title\" data-toggle=\"cvcollapse\" data-parent=\"#e72e115zch\" data-target=\"#79a52712ml\" href='http:\/\/sites.ecclesia.pt\/liturgia\/ano-c-02a-domingo-de-pascoa\/' onclick='event.preventDefault()'>\r\n\t\tAno C &#8211; 02\u00aa Domingo de P\u00e1scoa &#8211; Programa Ecclesia\t<\/a>\r\n\t<\/div>\r\n<div id=\"79a52712ml\" class=\"panel-collapse collapse \">\r\n\t<div class=\"panel-body\">\r\n\t\t<div class=\"pt-cv-content\"><p><iframe loading=\"lazy\" title=\"Coment\u00e1rio \u00e0 liturgia do 2\u00aa Domingo de P\u00e1scoa por Juan Ambrosio\" width=\"1080\" height=\"608\" src=\"https:\/\/www.youtube.com\/embed\/94o8KuxBG8E?feature=oembed\"  allow=\"accelerometer; autoplay; clipboard-write; encrypted-media; gyroscope; picture-in-picture\" allowfullscreen><\/iframe><\/p>\n<p>Programa Ecclesia do dia 26 de abril 2019<\/p>\n<\/div>\t<\/div>\r\n<\/div><\/div>\n<div class=\"panel panel-default pt-cv-content-item pt-cv-1-col\" >\r\n<div class=\"panel-heading pt-cv-title\">\r\n    <a class=\"panel-title\" data-toggle=\"cvcollapse\" data-parent=\"#e72e115zch\" data-target=\"#51bc04bzir\" href='http:\/\/sites.ecclesia.pt\/liturgia\/ano-c-03o-domingo-de-pascoa\/' onclick='event.preventDefault()'>\r\n\t\tAno C &#8211; 03.\u00ba Domingo de P\u00e1scoa &#8211; Programa Ecclesia\t<\/a>\r\n\t<\/div>\r\n<div id=\"51bc04bzir\" class=\"panel-collapse collapse \">\r\n\t<div class=\"panel-body\">\r\n\t\t<div class=\"pt-cv-content\"><p><iframe loading=\"lazy\" title=\"Semana de ora\u00e7\u00e3o pelas Voca\u00e7\u00f5es e Coment\u00e1rio \u00e0 liturgia do 3\u00ba Domingo de P\u00e1scoa\" width=\"1080\" height=\"608\" src=\"https:\/\/www.youtube.com\/embed\/VQipa_-weOE?feature=oembed\"  allow=\"accelerometer; autoplay; clipboard-write; encrypted-media; gyroscope; picture-in-picture\" allowfullscreen><\/iframe><\/p>\n<p>Programa Ecclesia do dia 03 de maio de 2019<\/p>\n<\/div>\t<\/div>\r\n<\/div><\/div>\n<div class=\"panel panel-default pt-cv-content-item pt-cv-1-col\" >\r\n<div class=\"panel-heading pt-cv-title\">\r\n    <a class=\"panel-title\" data-toggle=\"cvcollapse\" data-parent=\"#e72e115zch\" data-target=\"#cd9cc0elxp\" href='http:\/\/sites.ecclesia.pt\/liturgia\/ano-c-04o-domingo-de-pascoa\/' onclick='event.preventDefault()'>\r\n\t\tAno C &#8211; 04.\u00ba Domingo de P\u00e1scoa &#8211; Programa Ecclesia\t<\/a>\r\n\t<\/div>\r\n<div id=\"cd9cc0elxp\" class=\"panel-collapse collapse \">\r\n\t<div class=\"panel-body\">\r\n\t\t<div class=\"pt-cv-content\"><p><iframe loading=\"lazy\" title=\"Coment\u00e1rio \u00e0 liturgia do 4\u00ba Domingo de P\u00e1scoa pelo padre N\u00e9lio Pita e Frei Jos\u00e9 Nunes.\" width=\"1080\" height=\"608\" src=\"https:\/\/www.youtube.com\/embed\/E8C4ZvLFN_U?feature=oembed\"  allow=\"accelerometer; autoplay; clipboard-write; encrypted-media; gyroscope; picture-in-picture\" allowfullscreen><\/iframe><\/p>\n<p>Programa Ecclesia do dia 10 de maio de 2019<\/p>\n<\/div>\t<\/div>\r\n<\/div><\/div>\n<div class=\"panel panel-default pt-cv-content-item pt-cv-1-col\" >\r\n<div class=\"panel-heading pt-cv-title\">\r\n    <a class=\"panel-title\" data-toggle=\"cvcollapse\" data-parent=\"#e72e115zch\" data-target=\"#757ecbekdw\" href='http:\/\/sites.ecclesia.pt\/liturgia\/ano-c-05o-domingo-de-pascoa\/' onclick='event.preventDefault()'>\r\n\t\tAno C &#8211; 05.\u00ba Domingo de P\u00e1scoa &#8211; Programa Ecclesia\t<\/a>\r\n\t<\/div>\r\n<div id=\"757ecbekdw\" class=\"panel-collapse collapse \">\r\n\t<div class=\"panel-body\">\r\n\t\t<div class=\"pt-cv-content\"><p><iframe loading=\"lazy\" title=\"Coment\u00e1rio \u00e0 liturgia do 5\u00ba Domingo de P\u00e1scoa pelo padre N\u00e9lio Pita e Frei Jos\u00e9 Nunes.\" width=\"1080\" height=\"608\" src=\"https:\/\/www.youtube.com\/embed\/2ucIYeUPXGg?feature=oembed\"  allow=\"accelerometer; autoplay; clipboard-write; encrypted-media; gyroscope; picture-in-picture\" allowfullscreen><\/iframe><\/p>\n<p>Programa Ecclesia do dia 17 de maio de 2019<\/p>\n<\/div>\t<\/div>\r\n<\/div><\/div>\n<div class=\"panel panel-default pt-cv-content-item pt-cv-1-col\" >\r\n<div class=\"panel-heading pt-cv-title\">\r\n    <a class=\"panel-title\" data-toggle=\"cvcollapse\" data-parent=\"#e72e115zch\" data-target=\"#7ed4d00jg7\" href='http:\/\/sites.ecclesia.pt\/liturgia\/ano-c-06o-domingo-de-pascoa\/' onclick='event.preventDefault()'>\r\n\t\tAno C &#8211; 06.\u00ba Domingo de P\u00e1scoa &#8211; Programa Ecclesia\t<\/a>\r\n\t<\/div>\r\n<div id=\"7ed4d00jg7\" class=\"panel-collapse collapse \">\r\n\t<div class=\"panel-body\">\r\n\t\t<div class=\"pt-cv-content\"><p><iframe loading=\"lazy\" title=\"Coment\u00e1rio \u00e0 liturgia do 6\u00ba Domingo de P\u00e1scoa pelos padres Jo\u00e3o Louren\u00e7o e Jo\u00e3o Chaves\" width=\"1080\" height=\"608\" src=\"https:\/\/www.youtube.com\/embed\/nGKg_xnhnWI?feature=oembed\"  allow=\"accelerometer; autoplay; clipboard-write; encrypted-media; gyroscope; picture-in-picture\" allowfullscreen><\/iframe><\/p>\n<p>Programa Ecclesia do dia 24 de maio de 2019<\/p>\n<\/div>\t<\/div>\r\n<\/div><\/div><\/div><\/div><\/div><\/div> SOLENIDADES E FESTAS <div class=\"pt-cv-wrapper et_smooth_scroll_disabled\"><div class=\"pt-cv-view pt-cv-collapsible\" id=\"pt-cv-view-2cdc7d0fqs\"><div data-id=\"pt-cv-page-1\" class=\"pt-cv-page\" data-cvc=\"1\"><div class=\"panel-group\" id=\"9e3d098k86\"><div class=\"panel panel-default pt-cv-content-item pt-cv-1-col\" >\r\n<div class=\"panel-heading pt-cv-title\">\r\n    <a class=\"panel-title\" data-toggle=\"cvcollapse\" data-parent=\"#9e3d098k86\" data-target=\"#645750f216\" href='http:\/\/sites.ecclesia.pt\/liturgia\/entrevista-comentario-a-liturgia-do-domingo-com-os-padres-luis-alberto-e-armindo-vaz\/' onclick='event.preventDefault()'>\r\n\t\tAno C &#8211; Domingo de Pentecostes\t<\/a>\r\n\t<\/div>\r\n<div id=\"645750f216\" class=\"panel-collapse collapse \">\r\n\t<div class=\"panel-body\">\r\n\t\t<div class=\"pt-cv-content\"><p><iframe loading=\"lazy\" title=\"Entrevista. Coment\u00e1rio \u00e0 liturgia do domingo com os padres Lu\u00eds Alberto e Armindo Vaz\" width=\"1080\" height=\"608\" src=\"https:\/\/www.youtube.com\/embed\/FIhMUKd2IUc?feature=oembed\"  allow=\"accelerometer; autoplay; clipboard-write; encrypted-media; gyroscope; picture-in-picture\" allowfullscreen><\/iframe><\/p>\n<p>Programa Ecclesia do dia 18 de maio de 2018<\/p>\n<p>&nbsp;<\/p>\n<\/div>\t<\/div>\r\n<\/div><\/div>\n<div class=\"panel panel-default pt-cv-content-item pt-cv-1-col\" >\r\n<div class=\"panel-heading pt-cv-title\">\r\n    <a class=\"panel-title\" data-toggle=\"cvcollapse\" data-parent=\"#9e3d098k86\" data-target=\"#1e7dad23o4\" href='http:\/\/sites.ecclesia.pt\/liturgia\/ano-c-festa-da-sagrada-familia-programa-ecclesia\/' onclick='event.preventDefault()'>\r\n\t\tAno C &#8211; Festa da Sagrada Fam\u00edlia &#8211; Programa Ecclesia\t<\/a>\r\n\t<\/div>\r\n<div id=\"1e7dad23o4\" class=\"panel-collapse collapse \">\r\n\t<div class=\"panel-body\">\r\n\t\t<div class=\"pt-cv-content\"><p><iframe loading=\"lazy\" title=\"Coment\u00e1rio \u00e0 liturgia da festa da Sagrada Fam\u00edlia com o padre Miguel Ribeiro\" width=\"1080\" height=\"608\" src=\"https:\/\/www.youtube.com\/embed\/8U-lS_dpAG0?feature=oembed\" frameborder=\"0\" allow=\"accelerometer; autoplay; encrypted-media; gyroscope; picture-in-picture\" allowfullscreen><\/iframe><\/p>\n<p>Programa Ecclesia do dia 28 de dezembro de 2018<\/p>\n<\/div>\t<\/div>\r\n<\/div><\/div>\n<div class=\"panel panel-default pt-cv-content-item pt-cv-1-col\" >\r\n<div class=\"panel-heading pt-cv-title\">\r\n    <a class=\"panel-title\" data-toggle=\"cvcollapse\" data-parent=\"#9e3d098k86\" data-target=\"#67dfe41p83\" href='http:\/\/sites.ecclesia.pt\/liturgia\/ano-c-festa-do-baptismo-do-senhor-programa-ecclesia\/' onclick='event.preventDefault()'>\r\n\t\tAno C &#8211; Festa do Baptismo do Senhor &#8211; Programa Ecclesia\t<\/a>\r\n\t<\/div>\r\n<div id=\"67dfe41p83\" class=\"panel-collapse collapse \">\r\n\t<div class=\"panel-body\">\r\n\t\t<div class=\"pt-cv-content\"><p><iframe loading=\"lazy\" title=\"Coment\u00e1rio \u00e0 liturgia da Festa do Baptismo do Senhor por Helena Lobato e Frei Jos\u00e9 Nunes\" width=\"1080\" height=\"608\" src=\"https:\/\/www.youtube.com\/embed\/_9ARctRwOfs?feature=oembed\" frameborder=\"0\" allow=\"accelerometer; autoplay; encrypted-media; gyroscope; picture-in-picture\" allowfullscreen><\/iframe><\/p>\n<p>Programa Ecclesia do dia 11 de janeiro de 2019<\/p>\n<\/div>\t<\/div>\r\n<\/div><\/div>\n<div class=\"panel panel-default pt-cv-content-item pt-cv-1-col\" >\r\n<div class=\"panel-heading pt-cv-title\">\r\n    <a class=\"panel-title\" data-toggle=\"cvcollapse\" data-parent=\"#9e3d098k86\" data-target=\"#299b741w0i\" href='http:\/\/sites.ecclesia.pt\/liturgia\/ano-c-solenidade-da-ascencao-do-senhor\/' onclick='event.preventDefault()'>\r\n\t\tAno C &#8211; Solenidade da Ascen\u00e7\u00e3o do Senhor &#8211; Programa Ecclesia\t<\/a>\r\n\t<\/div>\r\n<div id=\"299b741w0i\" class=\"panel-collapse collapse \">\r\n\t<div class=\"panel-body\">\r\n\t\t<div class=\"pt-cv-content\"><p><iframe loading=\"lazy\" title=\"Coment\u00e1rio \u00e0 liturgia da Ascens\u00e3o do Senhor pelos padres Jo\u00e3o Louren\u00e7o e Nuno Ros\u00e1rio Fernandes\" width=\"1080\" height=\"608\" src=\"https:\/\/www.youtube.com\/embed\/NluRfX5UOcA?feature=oembed\" frameborder=\"0\" allow=\"accelerometer; autoplay; encrypted-media; gyroscope; picture-in-picture\" allowfullscreen><\/iframe><\/p>\n<p>Programa Ecclesia do dia 31 de maio de 2019<\/p>\n<\/div>\t<\/div>\r\n<\/div><\/div>\n<div class=\"panel panel-default pt-cv-content-item pt-cv-1-col\" >\r\n<div class=\"panel-heading pt-cv-title\">\r\n    <a class=\"panel-title\" data-toggle=\"cvcollapse\" data-parent=\"#9e3d098k86\" data-target=\"#871ba68xjl\" href='http:\/\/sites.ecclesia.pt\/liturgia\/ano-c-solenidade-da-epifania-do-senhor\/' onclick='event.preventDefault()'>\r\n\t\tAno C &#8211; Solenidade da Epifania do Senhor &#8211; Programa Ecclesia\t<\/a>\r\n\t<\/div>\r\n<div id=\"871ba68xjl\" class=\"panel-collapse collapse \">\r\n\t<div class=\"panel-body\">\r\n\t\t<div class=\"pt-cv-content\"><p><iframe loading=\"lazy\" title=\"Coment\u00e1rio \u00e0 liturgia da Solenidade da Epifania pela irm\u00e3 Nuria Frau\" width=\"1080\" height=\"608\" src=\"https:\/\/www.youtube.com\/embed\/kh47Gylvkvk?feature=oembed\" frameborder=\"0\" allow=\"accelerometer; autoplay; encrypted-media; gyroscope; picture-in-picture\" allowfullscreen><\/iframe><\/p>\n<p>Programa Ecclesia do dia 4 de janeiro de 2019<\/p>\n<\/div>\t<\/div>\r\n<\/div><\/div>\n<div class=\"panel panel-default pt-cv-content-item pt-cv-1-col\" >\r\n<div class=\"panel-heading pt-cv-title\">\r\n    <a class=\"panel-title\" data-toggle=\"cvcollapse\" data-parent=\"#9e3d098k86\" data-target=\"#3f35f25cf0\" href='http:\/\/sites.ecclesia.pt\/liturgia\/ano-c-solenidade-da-santissima-trindade\/' onclick='event.preventDefault()'>\r\n\t\tAno C &#8211; Solenidade da Sant\u00edssima Trindade &#8211; Programa Ecclesia\t<\/a>\r\n\t<\/div>\r\n<div id=\"3f35f25cf0\" class=\"panel-collapse collapse \">\r\n\t<div class=\"panel-body\">\r\n\t\t<div class=\"pt-cv-content\"><p><iframe loading=\"lazy\" title=\"Comenta\u0301rio a\u0300 Solenidade da Sant\u00edssima Trindade pelos padres Armindo Vaz e Rui Pedro Carvalho\" width=\"1080\" height=\"608\" src=\"https:\/\/www.youtube.com\/embed\/zpCdVWiXcQY?feature=oembed\" frameborder=\"0\" allow=\"accelerometer; autoplay; encrypted-media; gyroscope; picture-in-picture\" allowfullscreen><\/iframe><\/p>\n<p>Programado Ecclesia do dia 14 de Junho 2019<\/p>\n<\/div>\t<\/div>\r\n<\/div><\/div>\n<div class=\"panel panel-default pt-cv-content-item pt-cv-1-col\" >\r\n<div class=\"panel-heading pt-cv-title\">\r\n    <a class=\"panel-title\" data-toggle=\"cvcollapse\" data-parent=\"#9e3d098k86\" data-target=\"#88cd849a8n\" href='http:\/\/sites.ecclesia.pt\/liturgia\/ano-c-solenidade-de-cristo-rei-programa-ecclesia\/' onclick='event.preventDefault()'>\r\n\t\tAno C &#8211; Solenidade de Cristo Rei &#8211; Programa Ecclesia\t<\/a>\r\n\t<\/div>\r\n<div id=\"88cd849a8n\" class=\"panel-collapse collapse \">\r\n\t<div class=\"panel-body\">\r\n\t\t<div class=\"pt-cv-content\"><p><iframe loading=\"lazy\" title=\"Comenta\u0301rio a\u0300 liturgia da Solenidade de Cristo Rei pelo padre Ricardo Concei\u00e7\u00e3o e frei Jos\u00e9 Nunes\" width=\"1080\" height=\"608\" src=\"https:\/\/www.youtube.com\/embed\/rGZC71dLQCw?feature=oembed\" frameborder=\"0\" allow=\"accelerometer; autoplay; encrypted-media; gyroscope; picture-in-picture\" allowfullscreen><\/iframe><\/p>\n<p>Programa Ecclesia do dia 22 de novembro de 2019<\/p>\n<\/div>\t<\/div>\r\n<\/div><\/div>\n<div class=\"panel panel-default pt-cv-content-item pt-cv-1-col\" >\r\n<div class=\"panel-heading pt-cv-title\">\r\n    <a class=\"panel-title\" data-toggle=\"cvcollapse\" data-parent=\"#9e3d098k86\" data-target=\"#bd4c890byd\" href='http:\/\/sites.ecclesia.pt\/liturgia\/ano-c-solenidade-do-pentecostes-programa-ecclesia\/' onclick='event.preventDefault()'>\r\n\t\tAno C &#8211; Solenidade do Pentecostes &#8211; Programa Ecclesia\t<\/a>\r\n\t<\/div>\r\n<div id=\"bd4c890byd\" class=\"panel-collapse collapse \">\r\n\t<div class=\"panel-body\">\r\n\t\t<div class=\"pt-cv-content\"><p><iframe loading=\"lazy\" title=\"Coment\u00e1rio \u00e0 Solenidade lit\u00fargica do Pentecostes, pelo padre Armindo Vaz e Frei Francisco Sales.\" width=\"1080\" height=\"608\" src=\"https:\/\/www.youtube.com\/embed\/32LMr9BjfyY?feature=oembed\" frameborder=\"0\" allow=\"accelerometer; autoplay; encrypted-media; gyroscope; picture-in-picture\" allowfullscreen><\/iframe><\/p>\n<p>Programa Ecclesia do dia 07 de junho de 2019<\/p>\n<\/div>\t<\/div>\r\n<\/div><\/div><\/div><\/div><\/div><\/div><\/p>\n","protected":false},"author":1,"featured_media":0,"parent":0,"menu_order":0,"comment_status":"closed","ping_status":"closed","template":"","meta":{"_et_pb_use_builder":"on","_et_pb_old_content":"","_et_gb_content_width":"","footnotes":""},"class_list":["post-163506","page","type-page","status-publish","hentry"],"_links":{"self":[{"href":"http:\/\/sites.ecclesia.pt\/liturgia\/wp-json\/wp\/v2\/pages\/163506","targetHints":{"allow":["GET"]}}],"collection":[{"href":"http:\/\/sites.ecclesia.pt\/liturgia\/wp-json\/wp\/v2\/pages"}],"about":[{"href":"http:\/\/sites.ecclesia.pt\/liturgia\/wp-json\/wp\/v2\/types\/page"}],"author":[{"embeddable":true,"href":"http:\/\/sites.ecclesia.pt\/liturgia\/wp-json\/wp\/v2\/users\/1"}],"replies":[{"embeddable":true,"href":"http:\/\/sites.ecclesia.pt\/liturgia\/wp-json\/wp\/v2\/comments?post=163506"}],"version-history":[{"count":6,"href":"http:\/\/sites.ecclesia.pt\/liturgia\/wp-json\/wp\/v2\/pages\/163506\/revisions"}],"predecessor-version":[{"id":163976,"href":"http:\/\/sites.ecclesia.pt\/liturgia\/wp-json\/wp\/v2\/pages\/163506\/revisions\/163976"}],"wp:attachment":[{"href":"http:\/\/sites.ecclesia.pt\/liturgia\/wp-json\/wp\/v2\/media?parent=163506"}],"curies":[{"name":"wp","href":"https:\/\/api.w.org\/{rel}","templated":true}]}}