{"id":163514,"date":"2020-03-05T11:00:39","date_gmt":"2020-03-05T11:00:39","guid":{"rendered":"http:\/\/sites.ecclesia.pt\/liturgia\/?page_id=163514"},"modified":"2020-03-12T12:03:08","modified_gmt":"2020-03-12T12:03:08","slug":"ano-b-lingua-gestual-portuguesa","status":"publish","type":"page","link":"http:\/\/sites.ecclesia.pt\/liturgia\/ano-b-lingua-gestual-portuguesa\/","title":{"rendered":"Ano B &#8211; lingua gestual portuguesa"},"content":{"rendered":"<p>[et_pb_section bb_built=&#8221;1&#8243; admin_label=&#8221;Hero Section&#8221; _builder_version=&#8221;4.3.4&#8243; use_background_color_gradient=&#8221;on&#8221; background_color_gradient_start=&#8221;rgba(0,0,0,0)&#8221; background_color_gradient_end=&#8221;rgba(0,0,0,0.73)&#8221; background_color_gradient_direction=&#8221;120deg&#8221; background_color_gradient_overlays_image=&#8221;on&#8221; background_image=&#8221;http:\/\/sites.ecclesia.pt\/liturgia\/wp-content\/uploads\/2020\/03\/bible-1869164_1920.jpg&#8221; custom_padding=&#8221;5%||5%|&#8221; next_background_color=&#8221;#ffffff&#8221; box_shadow_horizontal_tablet=&#8221;0px&#8221; box_shadow_vertical_tablet=&#8221;0px&#8221; box_shadow_blur_tablet=&#8221;40px&#8221; box_shadow_spread_tablet=&#8221;0px&#8221; vertical_offset_tablet=&#8221;0&#8243; horizontal_offset_tablet=&#8221;0&#8243; z_index_tablet=&#8221;0&#8243;][et_pb_row admin_label=&#8221;Hero Area&#8221; _builder_version=&#8221;3.0.93&#8243; width=&#8221;80%&#8221; max_width=&#8221;1280px&#8221;][et_pb_column type=&#8221;1_2&#8243; _builder_version=&#8221;3.0.47&#8243; parallax=&#8221;off&#8221; parallax_method=&#8221;on&#8221; custom_padding__hover=&#8221;|||&#8221; custom_padding=&#8221;|||&#8221;][et_pb_text admin_label=&#8221;Title&#8221; background_layout=&#8221;dark&#8221; _builder_version=&#8221;4.4.0&#8243; header_font=&#8221;Poppins|600|||||||&#8221; header_font_size=&#8221;50px&#8221; header_font_size_phone=&#8221;30px&#8221; header_font_size_last_edited=&#8221;on|desktop&#8221; header_line_height=&#8221;1.2em&#8221; animation_style=&#8221;fade&#8221; text_text_shadow_horizontal_length=&#8221;text_text_shadow_style,%91object Object%93&#8243; text_text_shadow_horizontal_length_tablet=&#8221;0px&#8221; text_text_shadow_vertical_length=&#8221;text_text_shadow_style,%91object Object%93&#8243; text_text_shadow_vertical_length_tablet=&#8221;0px&#8221; text_text_shadow_blur_strength=&#8221;text_text_shadow_style,%91object Object%93&#8243; text_text_shadow_blur_strength_tablet=&#8221;1px&#8221; link_text_shadow_horizontal_length=&#8221;link_text_shadow_style,%91object Object%93&#8243; link_text_shadow_horizontal_length_tablet=&#8221;0px&#8221; link_text_shadow_vertical_length=&#8221;link_text_shadow_style,%91object Object%93&#8243; link_text_shadow_vertical_length_tablet=&#8221;0px&#8221; link_text_shadow_blur_strength=&#8221;link_text_shadow_style,%91object Object%93&#8243; link_text_shadow_blur_strength_tablet=&#8221;1px&#8221; ul_text_shadow_horizontal_length=&#8221;ul_text_shadow_style,%91object Object%93&#8243; ul_text_shadow_horizontal_length_tablet=&#8221;0px&#8221; ul_text_shadow_vertical_length=&#8221;ul_text_shadow_style,%91object Object%93&#8243; ul_text_shadow_vertical_length_tablet=&#8221;0px&#8221; ul_text_shadow_blur_strength=&#8221;ul_text_shadow_style,%91object Object%93&#8243; ul_text_shadow_blur_strength_tablet=&#8221;1px&#8221; ol_text_shadow_horizontal_length=&#8221;ol_text_shadow_style,%91object Object%93&#8243; ol_text_shadow_horizontal_length_tablet=&#8221;0px&#8221; ol_text_shadow_vertical_length=&#8221;ol_text_shadow_style,%91object Object%93&#8243; ol_text_shadow_vertical_length_tablet=&#8221;0px&#8221; ol_text_shadow_blur_strength=&#8221;ol_text_shadow_style,%91object Object%93&#8243; ol_text_shadow_blur_strength_tablet=&#8221;1px&#8221; quote_text_shadow_horizontal_length=&#8221;quote_text_shadow_style,%91object Object%93&#8243; quote_text_shadow_horizontal_length_tablet=&#8221;0px&#8221; quote_text_shadow_vertical_length=&#8221;quote_text_shadow_style,%91object Object%93&#8243; quote_text_shadow_vertical_length_tablet=&#8221;0px&#8221; quote_text_shadow_blur_strength=&#8221;quote_text_shadow_style,%91object Object%93&#8243; quote_text_shadow_blur_strength_tablet=&#8221;1px&#8221; header_text_shadow_horizontal_length=&#8221;header_text_shadow_style,%91object Object%93&#8243; header_text_shadow_horizontal_length_tablet=&#8221;0px&#8221; header_text_shadow_vertical_length=&#8221;header_text_shadow_style,%91object Object%93&#8243; header_text_shadow_vertical_length_tablet=&#8221;0px&#8221; header_text_shadow_blur_strength=&#8221;header_text_shadow_style,%91object Object%93&#8243; header_text_shadow_blur_strength_tablet=&#8221;1px&#8221; header_2_text_shadow_horizontal_length=&#8221;header_2_text_shadow_style,%91object Object%93&#8243; header_2_text_shadow_horizontal_length_tablet=&#8221;0px&#8221; header_2_text_shadow_vertical_length=&#8221;header_2_text_shadow_style,%91object Object%93&#8243; header_2_text_shadow_vertical_length_tablet=&#8221;0px&#8221; header_2_text_shadow_blur_strength=&#8221;header_2_text_shadow_style,%91object Object%93&#8243; header_2_text_shadow_blur_strength_tablet=&#8221;1px&#8221; header_3_text_shadow_horizontal_length=&#8221;header_3_text_shadow_style,%91object Object%93&#8243; header_3_text_shadow_horizontal_length_tablet=&#8221;0px&#8221; header_3_text_shadow_vertical_length=&#8221;header_3_text_shadow_style,%91object Object%93&#8243; header_3_text_shadow_vertical_length_tablet=&#8221;0px&#8221; header_3_text_shadow_blur_strength=&#8221;header_3_text_shadow_style,%91object Object%93&#8243; header_3_text_shadow_blur_strength_tablet=&#8221;1px&#8221; header_4_text_shadow_horizontal_length=&#8221;header_4_text_shadow_style,%91object Object%93&#8243; header_4_text_shadow_horizontal_length_tablet=&#8221;0px&#8221; header_4_text_shadow_vertical_length=&#8221;header_4_text_shadow_style,%91object Object%93&#8243; header_4_text_shadow_vertical_length_tablet=&#8221;0px&#8221; header_4_text_shadow_blur_strength=&#8221;header_4_text_shadow_style,%91object Object%93&#8243; header_4_text_shadow_blur_strength_tablet=&#8221;1px&#8221; header_5_text_shadow_horizontal_length=&#8221;header_5_text_shadow_style,%91object Object%93&#8243; header_5_text_shadow_horizontal_length_tablet=&#8221;0px&#8221; header_5_text_shadow_vertical_length=&#8221;header_5_text_shadow_style,%91object Object%93&#8243; header_5_text_shadow_vertical_length_tablet=&#8221;0px&#8221; header_5_text_shadow_blur_strength=&#8221;header_5_text_shadow_style,%91object Object%93&#8243; header_5_text_shadow_blur_strength_tablet=&#8221;1px&#8221; header_6_text_shadow_horizontal_length=&#8221;header_6_text_shadow_style,%91object Object%93&#8243; header_6_text_shadow_horizontal_length_tablet=&#8221;0px&#8221; header_6_text_shadow_vertical_length=&#8221;header_6_text_shadow_style,%91object Object%93&#8243; header_6_text_shadow_vertical_length_tablet=&#8221;0px&#8221; header_6_text_shadow_blur_strength=&#8221;header_6_text_shadow_style,%91object Object%93&#8243; header_6_text_shadow_blur_strength_tablet=&#8221;1px&#8221; box_shadow_horizontal_tablet=&#8221;0px&#8221; box_shadow_vertical_tablet=&#8221;0px&#8221; box_shadow_blur_tablet=&#8221;40px&#8221; box_shadow_spread_tablet=&#8221;0px&#8221; vertical_offset_tablet=&#8221;0&#8243; horizontal_offset_tablet=&#8221;0&#8243; z_index_tablet=&#8221;0&#8243; header_font_size_tablet=&#8221;40px&#8221;]<\/p>\n<h1>Ano B<\/h1>\n<h1>L\u00edngua gestual portuguesa<\/h1>\n<p>[\/et_pb_text][et_pb_text admin_label=&#8221;Subtitle&#8221; background_layout=&#8221;dark&#8221; _builder_version=&#8221;4.4.0&#8243; text_font=&#8221;Poppins||||||||&#8221; text_font_size=&#8221;18px&#8221; text_line_height=&#8221;1.8em&#8221; custom_margin=&#8221;|||&#8221; custom_padding=&#8221;|||&#8221; animation_style=&#8221;fade&#8221; text_text_shadow_horizontal_length=&#8221;text_text_shadow_style,%91object Object%93&#8243; text_text_shadow_horizontal_length_tablet=&#8221;0px&#8221; text_text_shadow_vertical_length=&#8221;text_text_shadow_style,%91object Object%93&#8243; text_text_shadow_vertical_length_tablet=&#8221;0px&#8221; text_text_shadow_blur_strength=&#8221;text_text_shadow_style,%91object Object%93&#8243; text_text_shadow_blur_strength_tablet=&#8221;1px&#8221; link_text_shadow_horizontal_length=&#8221;link_text_shadow_style,%91object Object%93&#8243; link_text_shadow_horizontal_length_tablet=&#8221;0px&#8221; link_text_shadow_vertical_length=&#8221;link_text_shadow_style,%91object Object%93&#8243; link_text_shadow_vertical_length_tablet=&#8221;0px&#8221; link_text_shadow_blur_strength=&#8221;link_text_shadow_style,%91object Object%93&#8243; link_text_shadow_blur_strength_tablet=&#8221;1px&#8221; ul_text_shadow_horizontal_length=&#8221;ul_text_shadow_style,%91object Object%93&#8243; ul_text_shadow_horizontal_length_tablet=&#8221;0px&#8221; ul_text_shadow_vertical_length=&#8221;ul_text_shadow_style,%91object Object%93&#8243; ul_text_shadow_vertical_length_tablet=&#8221;0px&#8221; ul_text_shadow_blur_strength=&#8221;ul_text_shadow_style,%91object Object%93&#8243; ul_text_shadow_blur_strength_tablet=&#8221;1px&#8221; ol_text_shadow_horizontal_length=&#8221;ol_text_shadow_style,%91object Object%93&#8243; ol_text_shadow_horizontal_length_tablet=&#8221;0px&#8221; ol_text_shadow_vertical_length=&#8221;ol_text_shadow_style,%91object Object%93&#8243; ol_text_shadow_vertical_length_tablet=&#8221;0px&#8221; ol_text_shadow_blur_strength=&#8221;ol_text_shadow_style,%91object Object%93&#8243; ol_text_shadow_blur_strength_tablet=&#8221;1px&#8221; quote_text_shadow_horizontal_length=&#8221;quote_text_shadow_style,%91object Object%93&#8243; quote_text_shadow_horizontal_length_tablet=&#8221;0px&#8221; quote_text_shadow_vertical_length=&#8221;quote_text_shadow_style,%91object Object%93&#8243; quote_text_shadow_vertical_length_tablet=&#8221;0px&#8221; quote_text_shadow_blur_strength=&#8221;quote_text_shadow_style,%91object Object%93&#8243; quote_text_shadow_blur_strength_tablet=&#8221;1px&#8221; header_text_shadow_horizontal_length=&#8221;header_text_shadow_style,%91object Object%93&#8243; header_text_shadow_horizontal_length_tablet=&#8221;0px&#8221; header_text_shadow_vertical_length=&#8221;header_text_shadow_style,%91object Object%93&#8243; header_text_shadow_vertical_length_tablet=&#8221;0px&#8221; header_text_shadow_blur_strength=&#8221;header_text_shadow_style,%91object Object%93&#8243; header_text_shadow_blur_strength_tablet=&#8221;1px&#8221; header_2_text_shadow_horizontal_length=&#8221;header_2_text_shadow_style,%91object Object%93&#8243; header_2_text_shadow_horizontal_length_tablet=&#8221;0px&#8221; header_2_text_shadow_vertical_length=&#8221;header_2_text_shadow_style,%91object Object%93&#8243; header_2_text_shadow_vertical_length_tablet=&#8221;0px&#8221; header_2_text_shadow_blur_strength=&#8221;header_2_text_shadow_style,%91object Object%93&#8243; header_2_text_shadow_blur_strength_tablet=&#8221;1px&#8221; header_3_text_shadow_horizontal_length=&#8221;header_3_text_shadow_style,%91object Object%93&#8243; header_3_text_shadow_horizontal_length_tablet=&#8221;0px&#8221; header_3_text_shadow_vertical_length=&#8221;header_3_text_shadow_style,%91object Object%93&#8243; header_3_text_shadow_vertical_length_tablet=&#8221;0px&#8221; header_3_text_shadow_blur_strength=&#8221;header_3_text_shadow_style,%91object Object%93&#8243; header_3_text_shadow_blur_strength_tablet=&#8221;1px&#8221; header_4_text_shadow_horizontal_length=&#8221;header_4_text_shadow_style,%91object Object%93&#8243; header_4_text_shadow_horizontal_length_tablet=&#8221;0px&#8221; header_4_text_shadow_vertical_length=&#8221;header_4_text_shadow_style,%91object Object%93&#8243; header_4_text_shadow_vertical_length_tablet=&#8221;0px&#8221; header_4_text_shadow_blur_strength=&#8221;header_4_text_shadow_style,%91object Object%93&#8243; header_4_text_shadow_blur_strength_tablet=&#8221;1px&#8221; header_5_text_shadow_horizontal_length=&#8221;header_5_text_shadow_style,%91object Object%93&#8243; header_5_text_shadow_horizontal_length_tablet=&#8221;0px&#8221; header_5_text_shadow_vertical_length=&#8221;header_5_text_shadow_style,%91object Object%93&#8243; header_5_text_shadow_vertical_length_tablet=&#8221;0px&#8221; header_5_text_shadow_blur_strength=&#8221;header_5_text_shadow_style,%91object Object%93&#8243; header_5_text_shadow_blur_strength_tablet=&#8221;1px&#8221; header_6_text_shadow_horizontal_length=&#8221;header_6_text_shadow_style,%91object Object%93&#8243; header_6_text_shadow_horizontal_length_tablet=&#8221;0px&#8221; header_6_text_shadow_vertical_length=&#8221;header_6_text_shadow_style,%91object Object%93&#8243; header_6_text_shadow_vertical_length_tablet=&#8221;0px&#8221; header_6_text_shadow_blur_strength=&#8221;header_6_text_shadow_style,%91object Object%93&#8243; header_6_text_shadow_blur_strength_tablet=&#8221;1px&#8221; box_shadow_horizontal_tablet=&#8221;0px&#8221; box_shadow_vertical_tablet=&#8221;0px&#8221; box_shadow_blur_tablet=&#8221;40px&#8221; box_shadow_spread_tablet=&#8221;0px&#8221; vertical_offset_tablet=&#8221;0&#8243; horizontal_offset_tablet=&#8221;0&#8243; z_index_tablet=&#8221;0&#8243;]<\/p>\n<p>Evangelho<\/p>\n<p>[\/et_pb_text][\/et_pb_column][et_pb_column type=&#8221;1_2&#8243; _builder_version=&#8221;3.0.47&#8243; parallax=&#8221;off&#8221; parallax_method=&#8221;on&#8221; custom_padding__hover=&#8221;|||&#8221; custom_padding=&#8221;|||&#8221;][\/et_pb_column][\/et_pb_row][\/et_pb_section][et_pb_section bb_built=&#8221;1&#8243; inner_width=&#8221;auto&#8221; inner_max_width=&#8221;1280px&#8221; prev_background_color=&#8221;#000000&#8243;][et_pb_row][et_pb_column type=&#8221;1_2&#8243; custom_padding__hover=&#8221;|||&#8221; custom_padding=&#8221;|||&#8221;][et_pb_text admin_label=&#8221;Tempo Comum&#8221; _builder_version=&#8221;4.3.4&#8243; text_text_shadow_horizontal_length=&#8221;text_text_shadow_style,%91object Object%93&#8243; text_text_shadow_horizontal_length_tablet=&#8221;0px&#8221; text_text_shadow_vertical_length=&#8221;text_text_shadow_style,%91object Object%93&#8243; text_text_shadow_vertical_length_tablet=&#8221;0px&#8221; text_text_shadow_blur_strength=&#8221;text_text_shadow_style,%91object Object%93&#8243; text_text_shadow_blur_strength_tablet=&#8221;1px&#8221; link_text_shadow_horizontal_length=&#8221;link_text_shadow_style,%91object Object%93&#8243; link_text_shadow_horizontal_length_tablet=&#8221;0px&#8221; link_text_shadow_vertical_length=&#8221;link_text_shadow_style,%91object Object%93&#8243; link_text_shadow_vertical_length_tablet=&#8221;0px&#8221; link_text_shadow_blur_strength=&#8221;link_text_shadow_style,%91object Object%93&#8243; link_text_shadow_blur_strength_tablet=&#8221;1px&#8221; ul_text_shadow_horizontal_length=&#8221;ul_text_shadow_style,%91object Object%93&#8243; ul_text_shadow_horizontal_length_tablet=&#8221;0px&#8221; ul_text_shadow_vertical_length=&#8221;ul_text_shadow_style,%91object Object%93&#8243; ul_text_shadow_vertical_length_tablet=&#8221;0px&#8221; ul_text_shadow_blur_strength=&#8221;ul_text_shadow_style,%91object Object%93&#8243; ul_text_shadow_blur_strength_tablet=&#8221;1px&#8221; ol_text_shadow_horizontal_length=&#8221;ol_text_shadow_style,%91object Object%93&#8243; ol_text_shadow_horizontal_length_tablet=&#8221;0px&#8221; ol_text_shadow_vertical_length=&#8221;ol_text_shadow_style,%91object Object%93&#8243; ol_text_shadow_vertical_length_tablet=&#8221;0px&#8221; ol_text_shadow_blur_strength=&#8221;ol_text_shadow_style,%91object Object%93&#8243; ol_text_shadow_blur_strength_tablet=&#8221;1px&#8221; quote_text_shadow_horizontal_length=&#8221;quote_text_shadow_style,%91object Object%93&#8243; quote_text_shadow_horizontal_length_tablet=&#8221;0px&#8221; quote_text_shadow_vertical_length=&#8221;quote_text_shadow_style,%91object Object%93&#8243; quote_text_shadow_vertical_length_tablet=&#8221;0px&#8221; quote_text_shadow_blur_strength=&#8221;quote_text_shadow_style,%91object Object%93&#8243; quote_text_shadow_blur_strength_tablet=&#8221;1px&#8221; header_text_shadow_horizontal_length=&#8221;header_text_shadow_style,%91object Object%93&#8243; header_text_shadow_horizontal_length_tablet=&#8221;0px&#8221; header_text_shadow_vertical_length=&#8221;header_text_shadow_style,%91object Object%93&#8243; header_text_shadow_vertical_length_tablet=&#8221;0px&#8221; header_text_shadow_blur_strength=&#8221;header_text_shadow_style,%91object Object%93&#8243; header_text_shadow_blur_strength_tablet=&#8221;1px&#8221; header_2_text_shadow_horizontal_length=&#8221;header_2_text_shadow_style,%91object Object%93&#8243; header_2_text_shadow_horizontal_length_tablet=&#8221;0px&#8221; header_2_text_shadow_vertical_length=&#8221;header_2_text_shadow_style,%91object Object%93&#8243; header_2_text_shadow_vertical_length_tablet=&#8221;0px&#8221; header_2_text_shadow_blur_strength=&#8221;header_2_text_shadow_style,%91object Object%93&#8243; header_2_text_shadow_blur_strength_tablet=&#8221;1px&#8221; header_3_text_shadow_horizontal_length=&#8221;header_3_text_shadow_style,%91object Object%93&#8243; header_3_text_shadow_horizontal_length_tablet=&#8221;0px&#8221; header_3_text_shadow_vertical_length=&#8221;header_3_text_shadow_style,%91object Object%93&#8243; header_3_text_shadow_vertical_length_tablet=&#8221;0px&#8221; header_3_text_shadow_blur_strength=&#8221;header_3_text_shadow_style,%91object Object%93&#8243; header_3_text_shadow_blur_strength_tablet=&#8221;1px&#8221; header_4_text_shadow_horizontal_length=&#8221;header_4_text_shadow_style,%91object Object%93&#8243; header_4_text_shadow_horizontal_length_tablet=&#8221;0px&#8221; header_4_text_shadow_vertical_length=&#8221;header_4_text_shadow_style,%91object Object%93&#8243; header_4_text_shadow_vertical_length_tablet=&#8221;0px&#8221; header_4_text_shadow_blur_strength=&#8221;header_4_text_shadow_style,%91object Object%93&#8243; header_4_text_shadow_blur_strength_tablet=&#8221;1px&#8221; header_5_text_shadow_horizontal_length=&#8221;header_5_text_shadow_style,%91object Object%93&#8243; header_5_text_shadow_horizontal_length_tablet=&#8221;0px&#8221; header_5_text_shadow_vertical_length=&#8221;header_5_text_shadow_style,%91object Object%93&#8243; header_5_text_shadow_vertical_length_tablet=&#8221;0px&#8221; header_5_text_shadow_blur_strength=&#8221;header_5_text_shadow_style,%91object Object%93&#8243; header_5_text_shadow_blur_strength_tablet=&#8221;1px&#8221; header_6_text_shadow_horizontal_length=&#8221;header_6_text_shadow_style,%91object Object%93&#8243; header_6_text_shadow_horizontal_length_tablet=&#8221;0px&#8221; header_6_text_shadow_vertical_length=&#8221;header_6_text_shadow_style,%91object Object%93&#8243; header_6_text_shadow_vertical_length_tablet=&#8221;0px&#8221; header_6_text_shadow_blur_strength=&#8221;header_6_text_shadow_style,%91object Object%93&#8243; header_6_text_shadow_blur_strength_tablet=&#8221;1px&#8221; box_shadow_horizontal_tablet=&#8221;0px&#8221; box_shadow_vertical_tablet=&#8221;0px&#8221; box_shadow_blur_tablet=&#8221;40px&#8221; box_shadow_spread_tablet=&#8221;0px&#8221; vertical_offset_tablet=&#8221;0&#8243; horizontal_offset_tablet=&#8221;0&#8243; z_index_tablet=&#8221;0&#8243;]<\/p>\n<h3>Tempo Comum<\/h3>\n<div class=\"pt-cv-wrapper et_smooth_scroll_disabled\"><div class=\"pt-cv-view pt-cv-collapsible\" id=\"pt-cv-view-dc4cc42lae\"><div data-id=\"pt-cv-page-1\" class=\"pt-cv-page\" data-cvc=\"1\"><div class=\"panel-group\" id=\"0189b9cbfj\"><div class=\"panel panel-default pt-cv-content-item pt-cv-1-col\" >\r\n<div class=\"panel-heading pt-cv-title\">\r\n    <a class=\"panel-title\" data-toggle=\"cvcollapse\" data-parent=\"#0189b9cbfj\" data-target=\"#e3fe5c3sec\" href='http:\/\/sites.ecclesia.pt\/liturgia\/evangelho-em-lingua-gestual-portuguesa-32o-domingo-do-tempo-comum-ano-b\/' onclick='event.preventDefault()'>\r\n\t\tAno B &#8211; 02.\u00ba Domingo do tempo comum &#8211; LGP\t<\/a>\r\n\t<\/div>\r\n<div id=\"e3fe5c3sec\" class=\"panel-collapse collapse \">\r\n\t<div class=\"panel-body\">\r\n\t\t<div class=\"pt-cv-content\"><p><iframe loading=\"lazy\" title=\"Evangelho em l\u00edngua gestual portuguesa. 32\u00ba domingo do tempo comum - Ano B\" width=\"1080\" height=\"608\" src=\"https:\/\/www.youtube.com\/embed\/oIIcFsyFsPU?feature=oembed\"  allow=\"accelerometer; autoplay; clipboard-write; encrypted-media; gyroscope; picture-in-picture\" allowfullscreen><\/iframe><\/p>\n<p class=\"creator-editor-title\">32.\u00ba domingo do tempo comum &#8211; Ano B<\/p>\n<\/div>\t<\/div>\r\n<\/div><\/div>\n<div class=\"panel panel-default pt-cv-content-item pt-cv-1-col\" >\r\n<div class=\"panel-heading pt-cv-title\">\r\n    <a class=\"panel-title\" data-toggle=\"cvcollapse\" data-parent=\"#0189b9cbfj\" data-target=\"#52964dbtj8\" href='http:\/\/sites.ecclesia.pt\/liturgia\/ano-b-09o-domingo-do-tempo-comum-lgp\/' onclick='event.preventDefault()'>\r\n\t\tAno B &#8211; 09.\u00ba Domingo do Tempo Comum &#8211; LGP\t<\/a>\r\n\t<\/div>\r\n<div id=\"52964dbtj8\" class=\"panel-collapse collapse \">\r\n\t<div class=\"panel-body\">\r\n\t\t<div class=\"pt-cv-content\"><p><iframe loading=\"lazy\" title=\"Evangelho em l\u00edngua gestual portuguesa. 9.\u00ba domingo do Tempo Comum - Ano B\" width=\"1080\" height=\"608\" src=\"https:\/\/www.youtube.com\/embed\/otGCa6V40DM?feature=oembed\" frameborder=\"0\" allow=\"accelerometer; autoplay; encrypted-media; gyroscope; picture-in-picture\" allowfullscreen><\/iframe><\/p>\n<p>&nbsp;<\/p>\n<\/div>\t<\/div>\r\n<\/div><\/div>\n<div class=\"panel panel-default pt-cv-content-item pt-cv-1-col\" >\r\n<div class=\"panel-heading pt-cv-title\">\r\n    <a class=\"panel-title\" data-toggle=\"cvcollapse\" data-parent=\"#0189b9cbfj\" data-target=\"#8632aa04gy\" href='http:\/\/sites.ecclesia.pt\/liturgia\/ano-b-10-o-domingo-do-tempo-comum-lgp\/' onclick='event.preventDefault()'>\r\n\t\tAno B &#8211; 10.\u00ba Domingo do Tempo Comum &#8211; LGP\t<\/a>\r\n\t<\/div>\r\n<div id=\"8632aa04gy\" class=\"panel-collapse collapse \">\r\n\t<div class=\"panel-body\">\r\n\t\t<div class=\"pt-cv-content\"><p><iframe loading=\"lazy\" title=\"Ano B - 10.\u00ba Domingo do Tempo Comum. Evangelho em l\u00edngua gestual portuguesa\" width=\"1080\" height=\"608\" src=\"https:\/\/www.youtube.com\/embed\/_peK-br7nY8?feature=oembed\"  allow=\"accelerometer; autoplay; clipboard-write; encrypted-media; gyroscope; picture-in-picture\" allowfullscreen><\/iframe><\/p>\n<\/div>\t<\/div>\r\n<\/div><\/div>\n<div class=\"panel panel-default pt-cv-content-item pt-cv-1-col\" >\r\n<div class=\"panel-heading pt-cv-title\">\r\n    <a class=\"panel-title\" data-toggle=\"cvcollapse\" data-parent=\"#0189b9cbfj\" data-target=\"#3b07e9bzqy\" href='http:\/\/sites.ecclesia.pt\/liturgia\/ano-b-10o-domingo-do-tempo-comum-lgp\/' onclick='event.preventDefault()'>\r\n\t\tAno B &#8211; 10.\u00ba Domingo do Tempo Comum &#8211; LGP\t<\/a>\r\n\t<\/div>\r\n<div id=\"3b07e9bzqy\" class=\"panel-collapse collapse \">\r\n\t<div class=\"panel-body\">\r\n\t\t<div class=\"pt-cv-content\"><p><iframe loading=\"lazy\" title=\"Evangelho em l\u00edngua gestual portuguesa. 10.\u00ba domingo do Tempo Comum - Ano B\" width=\"1080\" height=\"608\" src=\"https:\/\/www.youtube.com\/embed\/TUwkpTpCaDk?feature=oembed\" frameborder=\"0\" allow=\"accelerometer; autoplay; encrypted-media; gyroscope; picture-in-picture\" allowfullscreen><\/iframe><\/p>\n<p>&nbsp;<\/p>\n<\/div>\t<\/div>\r\n<\/div><\/div>\n<div class=\"panel panel-default pt-cv-content-item pt-cv-1-col\" >\r\n<div class=\"panel-heading pt-cv-title\">\r\n    <a class=\"panel-title\" data-toggle=\"cvcollapse\" data-parent=\"#0189b9cbfj\" data-target=\"#0b913eea6o\" href='http:\/\/sites.ecclesia.pt\/liturgia\/ano-b-11o-domingo-do-tempo-comum-lgp\/' onclick='event.preventDefault()'>\r\n\t\tAno B &#8211; 11.\u00ba Domingo do Tempo Comum &#8211; LGP\t<\/a>\r\n\t<\/div>\r\n<div id=\"0b913eea6o\" class=\"panel-collapse collapse \">\r\n\t<div class=\"panel-body\">\r\n\t\t<div class=\"pt-cv-content\"><p><iframe loading=\"lazy\" title=\"Evangelho em l\u00edngua gestual portuguesa. 11.\u00ba domingo do Tempo Comum - Ano B\" width=\"1080\" height=\"608\" src=\"https:\/\/www.youtube.com\/embed\/B_OosZU4KCk?feature=oembed\" frameborder=\"0\" allow=\"accelerometer; autoplay; encrypted-media; gyroscope; picture-in-picture\" allowfullscreen><\/iframe><\/p>\n<p>&nbsp;<\/p>\n<p>&nbsp;<\/p>\n<\/div>\t<\/div>\r\n<\/div><\/div>\n<div class=\"panel panel-default pt-cv-content-item pt-cv-1-col\" >\r\n<div class=\"panel-heading pt-cv-title\">\r\n    <a class=\"panel-title\" data-toggle=\"cvcollapse\" data-parent=\"#0189b9cbfj\" data-target=\"#cfedf75y1u\" href='http:\/\/sites.ecclesia.pt\/liturgia\/ano-b-12-o-domingo-do-tempo-comum-lgp\/' onclick='event.preventDefault()'>\r\n\t\tAno B &#8211; 12.\u00ba Domingo do Tempo Comum &#8211; LGP\t<\/a>\r\n\t<\/div>\r\n<div id=\"cfedf75y1u\" class=\"panel-collapse collapse \">\r\n\t<div class=\"panel-body\">\r\n\t\t<div class=\"pt-cv-content\"><p><iframe loading=\"lazy\" title=\"12.\u00ba Domingo do Tempo Comum - Ano B. Evangelho em l\u00edngua gestual portuguesa.\" width=\"1080\" height=\"608\" src=\"https:\/\/www.youtube.com\/embed\/gQm6umw60DQ?feature=oembed\"  allow=\"accelerometer; autoplay; clipboard-write; encrypted-media; gyroscope; picture-in-picture\" allowfullscreen><\/iframe><\/p>\n<p>Evangelho em l\u00edngua gestual portuguesa.<\/p>\n<\/div>\t<\/div>\r\n<\/div><\/div>\n<div class=\"panel panel-default pt-cv-content-item pt-cv-1-col\" >\r\n<div class=\"panel-heading pt-cv-title\">\r\n    <a class=\"panel-title\" data-toggle=\"cvcollapse\" data-parent=\"#0189b9cbfj\" data-target=\"#db5f503vhe\" href='http:\/\/sites.ecclesia.pt\/liturgia\/ano-b-13-o-domingo-do-tempo-comum-lgp\/' onclick='event.preventDefault()'>\r\n\t\tAno B &#8211; 13.\u00ba Domingo do Tempo Comum \u2013 LGP\t<\/a>\r\n\t<\/div>\r\n<div id=\"db5f503vhe\" class=\"panel-collapse collapse \">\r\n\t<div class=\"panel-body\">\r\n\t\t<div class=\"pt-cv-content\"><p><iframe loading=\"lazy\" title=\"Ano B - 13.\u00ba Domingo do Tempo Comum. Evangelho em l\u00edngua gestual portuguesa\" width=\"1080\" height=\"608\" src=\"https:\/\/www.youtube.com\/embed\/ICOWy57rYl4?feature=oembed\"  allow=\"accelerometer; autoplay; clipboard-write; encrypted-media; gyroscope; picture-in-picture\" allowfullscreen><\/iframe><\/p>\n<\/div>\t<\/div>\r\n<\/div><\/div>\n<div class=\"panel panel-default pt-cv-content-item pt-cv-1-col\" >\r\n<div class=\"panel-heading pt-cv-title\">\r\n    <a class=\"panel-title\" data-toggle=\"cvcollapse\" data-parent=\"#0189b9cbfj\" data-target=\"#e453740qcy\" href='http:\/\/sites.ecclesia.pt\/liturgia\/ano-b-14-o-domingo-do-tempo-comum-lgp\/' onclick='event.preventDefault()'>\r\n\t\tAno B &#8211; 14.\u00ba Domingo do Tempo Comum &#8211; LGP\t<\/a>\r\n\t<\/div>\r\n<div id=\"e453740qcy\" class=\"panel-collapse collapse \">\r\n\t<div class=\"panel-body\">\r\n\t\t<div class=\"pt-cv-content\"><p><iframe loading=\"lazy\" title=\"Ano B - 14\u00ba Domingo do Tempo Comum. Evangelho em l\u00edngua gestual portuguesa\" width=\"1080\" height=\"608\" src=\"https:\/\/www.youtube.com\/embed\/b0I-vwiFDvs?feature=oembed\"  allow=\"accelerometer; autoplay; clipboard-write; encrypted-media; gyroscope; picture-in-picture\" allowfullscreen><\/iframe><\/p>\n<\/div>\t<\/div>\r\n<\/div><\/div>\n<div class=\"panel panel-default pt-cv-content-item pt-cv-1-col\" >\r\n<div class=\"panel-heading pt-cv-title\">\r\n    <a class=\"panel-title\" data-toggle=\"cvcollapse\" data-parent=\"#0189b9cbfj\" data-target=\"#baeda0euw1\" href='http:\/\/sites.ecclesia.pt\/liturgia\/ano-b-15-o-domingo-do-tempo-comum-lgp\/' onclick='event.preventDefault()'>\r\n\t\tAno B &#8211; 15.\u00ba Domingo do Tempo Comum &#8211; LGP\t<\/a>\r\n\t<\/div>\r\n<div id=\"baeda0euw1\" class=\"panel-collapse collapse \">\r\n\t<div class=\"panel-body\">\r\n\t\t<div class=\"pt-cv-content\"><p><iframe loading=\"lazy\" title=\"Ano B - 15\u00ba Domingo do Tempo Comum. Evangelho em l\u00edngua gestual portuguesa\" width=\"1080\" height=\"608\" src=\"https:\/\/www.youtube.com\/embed\/iQQzC-gEiy4?feature=oembed\"  allow=\"accelerometer; autoplay; clipboard-write; encrypted-media; gyroscope; picture-in-picture\" allowfullscreen><\/iframe><\/p>\n<\/div>\t<\/div>\r\n<\/div><\/div>\n<div class=\"panel panel-default pt-cv-content-item pt-cv-1-col\" >\r\n<div class=\"panel-heading pt-cv-title\">\r\n    <a class=\"panel-title\" data-toggle=\"cvcollapse\" data-parent=\"#0189b9cbfj\" data-target=\"#c8f17e5l5g\" href='http:\/\/sites.ecclesia.pt\/liturgia\/ano-b-15-o-domingo-do-tempo-comum-lgp-2\/' onclick='event.preventDefault()'>\r\n\t\tAno B &#8211; 15.\u00ba Domingo do Tempo Comum &#8211; LGP\t<\/a>\r\n\t<\/div>\r\n<div id=\"c8f17e5l5g\" class=\"panel-collapse collapse \">\r\n\t<div class=\"panel-body\">\r\n\t\t<div class=\"pt-cv-content\"><p><iframe loading=\"lazy\" title=\"Ano B - 15\u00ba Domingo do Tempo Comum. Evangelho em l\u00edngua gestual portuguesa\" width=\"1080\" height=\"608\" src=\"https:\/\/www.youtube.com\/embed\/iQQzC-gEiy4?feature=oembed\"  allow=\"accelerometer; autoplay; clipboard-write; encrypted-media; gyroscope; picture-in-picture\" allowfullscreen><\/iframe><\/p>\n<p>Evangelho em l\u00edngua gestual portuguesa<\/p>\n<\/div>\t<\/div>\r\n<\/div><\/div>\n<div class=\"panel panel-default pt-cv-content-item pt-cv-1-col\" >\r\n<div class=\"panel-heading pt-cv-title\">\r\n    <a class=\"panel-title\" data-toggle=\"cvcollapse\" data-parent=\"#0189b9cbfj\" data-target=\"#ecd7db0wlg\" href='http:\/\/sites.ecclesia.pt\/liturgia\/ano-b-17-o-domingo-do-tempo-comum-lgp\/' onclick='event.preventDefault()'>\r\n\t\tAno B &#8211; 17.\u00ba Domingo do Tempo Comum &#8211; LGP\t<\/a>\r\n\t<\/div>\r\n<div id=\"ecd7db0wlg\" class=\"panel-collapse collapse \">\r\n\t<div class=\"panel-body\">\r\n\t\t<div class=\"pt-cv-content\"><p><iframe loading=\"lazy\" title=\"Ano B - 17 Domingo do Tempo Comum. Evangelho em l\u00edngua gestual portuguesa\" width=\"1080\" height=\"608\" src=\"https:\/\/www.youtube.com\/embed\/aCRadkG8KG8?feature=oembed\"  allow=\"accelerometer; autoplay; clipboard-write; encrypted-media; gyroscope; picture-in-picture\" allowfullscreen><\/iframe><\/p>\n<p>Evangelho em l\u00edngua gestual portuguesa<\/p>\n<\/div>\t<\/div>\r\n<\/div><\/div>\n<div class=\"panel panel-default pt-cv-content-item pt-cv-1-col\" >\r\n<div class=\"panel-heading pt-cv-title\">\r\n    <a class=\"panel-title\" data-toggle=\"cvcollapse\" data-parent=\"#0189b9cbfj\" data-target=\"#e320e209tj\" href='http:\/\/sites.ecclesia.pt\/liturgia\/ano-b-24o-domingo-do-tempo-comum-lgp\/' onclick='event.preventDefault()'>\r\n\t\tAno B &#8211; 24.\u00ba Domingo do Tempo Comum &#8211; LGP\t<\/a>\r\n\t<\/div>\r\n<div id=\"e320e209tj\" class=\"panel-collapse collapse \">\r\n\t<div class=\"panel-body\">\r\n\t\t<div class=\"pt-cv-content\"><p><iframe loading=\"lazy\" title=\"Evangelho em l\u00edngua gestual portuguesa. 24.\u00ba domingo do Tempo Comum - Ano B\" width=\"1080\" height=\"608\" src=\"https:\/\/www.youtube.com\/embed\/fl3LvYNNUcA?feature=oembed\" frameborder=\"0\" allow=\"accelerometer; autoplay; encrypted-media; gyroscope; picture-in-picture\" allowfullscreen><\/iframe><\/p>\n<\/div>\t<\/div>\r\n<\/div><\/div>\n<div class=\"panel panel-default pt-cv-content-item pt-cv-1-col\" >\r\n<div class=\"panel-heading pt-cv-title\">\r\n    <a class=\"panel-title\" data-toggle=\"cvcollapse\" data-parent=\"#0189b9cbfj\" data-target=\"#2d7951ajqm\" href='http:\/\/sites.ecclesia.pt\/liturgia\/ano-b-25o-domingo-do-tempo-comum-lgp\/' onclick='event.preventDefault()'>\r\n\t\tAno B &#8211; 25.\u00ba Domingo do Tempo Comum &#8211; LGP\t<\/a>\r\n\t<\/div>\r\n<div id=\"2d7951ajqm\" class=\"panel-collapse collapse \">\r\n\t<div class=\"panel-body\">\r\n\t\t<div class=\"pt-cv-content\"><p><iframe loading=\"lazy\" title=\"Evangelho em l\u00edngua gestual portuguesa. 25.\u00ba domingo do Tempo Comum - Ano B\" width=\"1080\" height=\"608\" src=\"https:\/\/www.youtube.com\/embed\/wZDvIGIgq_g?feature=oembed\" frameborder=\"0\" allow=\"accelerometer; autoplay; encrypted-media; gyroscope; picture-in-picture\" allowfullscreen><\/iframe><\/p>\n<p>&nbsp;<\/p>\n<\/div>\t<\/div>\r\n<\/div><\/div>\n<div class=\"panel panel-default pt-cv-content-item pt-cv-1-col\" >\r\n<div class=\"panel-heading pt-cv-title\">\r\n    <a class=\"panel-title\" data-toggle=\"cvcollapse\" data-parent=\"#0189b9cbfj\" data-target=\"#e14bcf8myu\" href='http:\/\/sites.ecclesia.pt\/liturgia\/ano-b-27o-domingo-do-tempo-comum-lgp\/' onclick='event.preventDefault()'>\r\n\t\tAno B &#8211; 27.\u00ba Domingo do Tempo Comum &#8211; LGP\t<\/a>\r\n\t<\/div>\r\n<div id=\"e14bcf8myu\" class=\"panel-collapse collapse \">\r\n\t<div class=\"panel-body\">\r\n\t\t<div class=\"pt-cv-content\"><p><iframe loading=\"lazy\" title=\"Envangelho em l\u00edngua gestual portuguesa. XXVII domingo do Tempo Comum Ano B\" width=\"1080\" height=\"608\" src=\"https:\/\/www.youtube.com\/embed\/jhsRzrPgYG0?feature=oembed\" frameborder=\"0\" allow=\"accelerometer; autoplay; encrypted-media; gyroscope; picture-in-picture\" allowfullscreen><\/iframe><\/p>\n<\/div>\t<\/div>\r\n<\/div><\/div>\n<div class=\"panel panel-default pt-cv-content-item pt-cv-1-col\" >\r\n<div class=\"panel-heading pt-cv-title\">\r\n    <a class=\"panel-title\" data-toggle=\"cvcollapse\" data-parent=\"#0189b9cbfj\" data-target=\"#138a7cc6tj\" href='http:\/\/sites.ecclesia.pt\/liturgia\/ano-b-28o-domingo-do-tempo-comum-lgp\/' onclick='event.preventDefault()'>\r\n\t\tAno B &#8211; 28.\u00ba Domingo do Tempo Comum &#8211; LGP\t<\/a>\r\n\t<\/div>\r\n<div id=\"138a7cc6tj\" class=\"panel-collapse collapse \">\r\n\t<div class=\"panel-body\">\r\n\t\t<div class=\"pt-cv-content\"><p><iframe loading=\"lazy\" title=\"Evangelho em l\u00edngua gestual portuguesa. 28.\u00ba domingo do Tempo Comum - Ano B\" width=\"1080\" height=\"608\" src=\"https:\/\/www.youtube.com\/embed\/RfOvXUG4geg?feature=oembed\" frameborder=\"0\" allow=\"accelerometer; autoplay; encrypted-media; gyroscope; picture-in-picture\" allowfullscreen><\/iframe><\/p>\n<p>&nbsp;<\/p>\n<\/div>\t<\/div>\r\n<\/div><\/div>\n<div class=\"panel panel-default pt-cv-content-item pt-cv-1-col\" >\r\n<div class=\"panel-heading pt-cv-title\">\r\n    <a class=\"panel-title\" data-toggle=\"cvcollapse\" data-parent=\"#0189b9cbfj\" data-target=\"#eca840efn2\" href='http:\/\/sites.ecclesia.pt\/liturgia\/ano-b-29o-domingo-do-tempo-comum-lgp\/' onclick='event.preventDefault()'>\r\n\t\tAno B &#8211; 29.\u00ba Domingo do Tempo Comum &#8211; LGP\t<\/a>\r\n\t<\/div>\r\n<div id=\"eca840efn2\" class=\"panel-collapse collapse \">\r\n\t<div class=\"panel-body\">\r\n\t\t<div class=\"pt-cv-content\"><p><iframe loading=\"lazy\" title=\"Evangelho em l\u00edngua gestual portuguesa. XXIX domingo do tempo comum Ano B\" width=\"1080\" height=\"608\" src=\"https:\/\/www.youtube.com\/embed\/40xSZc0i0QU?feature=oembed\"  allow=\"accelerometer; autoplay; clipboard-write; encrypted-media; gyroscope; picture-in-picture\" allowfullscreen><\/iframe><\/p>\n<p>XXIX Domingo do Tempo Comum &#8211; Ano B<\/p>\n<\/div>\t<\/div>\r\n<\/div><\/div>\n<div class=\"panel panel-default pt-cv-content-item pt-cv-1-col\" >\r\n<div class=\"panel-heading pt-cv-title\">\r\n    <a class=\"panel-title\" data-toggle=\"cvcollapse\" data-parent=\"#0189b9cbfj\" data-target=\"#34e73ecr6d\" href='http:\/\/sites.ecclesia.pt\/liturgia\/ano-b-30o-domingo-do-tempo-comum-lgp\/' onclick='event.preventDefault()'>\r\n\t\tAno B &#8211; 30\u00ba Domingo do Tempo Comum &#8211; LGP\t<\/a>\r\n\t<\/div>\r\n<div id=\"34e73ecr6d\" class=\"panel-collapse collapse \">\r\n\t<div class=\"panel-body\">\r\n\t\t<div class=\"pt-cv-content\"><p><iframe loading=\"lazy\" title=\"Evangelho em l\u00edngua gestual portuguesa. 30\u00ba domingo do Tempo Comum Ano B\" width=\"1080\" height=\"608\" src=\"https:\/\/www.youtube.com\/embed\/PGo16HeH898?feature=oembed\" frameborder=\"0\" allow=\"accelerometer; autoplay; encrypted-media; gyroscope; picture-in-picture\" allowfullscreen><\/iframe><\/p>\n<p>&nbsp;<\/p>\n<\/div>\t<\/div>\r\n<\/div><\/div>\n<div class=\"panel panel-default pt-cv-content-item pt-cv-1-col\" >\r\n<div class=\"panel-heading pt-cv-title\">\r\n    <a class=\"panel-title\" data-toggle=\"cvcollapse\" data-parent=\"#0189b9cbfj\" data-target=\"#4eb5fe2ake\" href='http:\/\/sites.ecclesia.pt\/liturgia\/ano-b-31o-domingo-do-tempo-comum-lgp\/' onclick='event.preventDefault()'>\r\n\t\tAno B &#8211; 31.\u00ba Domingo do Tempo Comum &#8211; LGP\t<\/a>\r\n\t<\/div>\r\n<div id=\"4eb5fe2ake\" class=\"panel-collapse collapse \">\r\n\t<div class=\"panel-body\">\r\n\t\t<div class=\"pt-cv-content\"><p><iframe loading=\"lazy\" title=\"Evangelho em l\u00edngua gestual portuguesa. 31.\u00ba domingo do Tempo Comum - Ano B\" width=\"1080\" height=\"608\" src=\"https:\/\/www.youtube.com\/embed\/y1SwpyK5A5c?feature=oembed\" frameborder=\"0\" allow=\"accelerometer; autoplay; encrypted-media; gyroscope; picture-in-picture\" allowfullscreen><\/iframe><\/p>\n<p>&nbsp;<\/p>\n<\/div>\t<\/div>\r\n<\/div><\/div>\n<div class=\"panel panel-default pt-cv-content-item pt-cv-1-col\" >\r\n<div class=\"panel-heading pt-cv-title\">\r\n    <a class=\"panel-title\" data-toggle=\"cvcollapse\" data-parent=\"#0189b9cbfj\" data-target=\"#e5d02f8xmd\" href='http:\/\/sites.ecclesia.pt\/liturgia\/ano-b-32o-domingo-do-tempo-comum-lgp\/' onclick='event.preventDefault()'>\r\n\t\tAno B &#8211; 32.\u00ba Domingo do Tempo Comum &#8211; LGP\t<\/a>\r\n\t<\/div>\r\n<div id=\"e5d02f8xmd\" class=\"panel-collapse collapse \">\r\n\t<div class=\"panel-body\">\r\n\t\t<div class=\"pt-cv-content\"><p><iframe loading=\"lazy\" title=\"Evangelho em l\u00edngua gestual portuguesa. 32.\u00ba domingo do Tempo Comum - Ano B\" width=\"1080\" height=\"608\" src=\"https:\/\/www.youtube.com\/embed\/oIIcFsyFsPU?feature=oembed\" frameborder=\"0\" allow=\"accelerometer; autoplay; encrypted-media; gyroscope; picture-in-picture\" allowfullscreen><\/iframe><\/p>\n<p class=\"creator-editor-title\">\n<\/p><\/div>\t<\/div>\r\n<\/div><\/div>\n<div class=\"panel panel-default pt-cv-content-item pt-cv-1-col\" >\r\n<div class=\"panel-heading pt-cv-title\">\r\n    <a class=\"panel-title\" data-toggle=\"cvcollapse\" data-parent=\"#0189b9cbfj\" data-target=\"#63b3c03o86\" href='http:\/\/sites.ecclesia.pt\/liturgia\/ano-b-33o-domingo-do-tempo-comum-lgp\/' onclick='event.preventDefault()'>\r\n\t\tAno B &#8211; 33.\u00ba Domingo do Tempo Comum &#8211; LGP\t<\/a>\r\n\t<\/div>\r\n<div id=\"63b3c03o86\" class=\"panel-collapse collapse \">\r\n\t<div class=\"panel-body\">\r\n\t\t<div class=\"pt-cv-content\"><p><iframe loading=\"lazy\" title=\"Ano B - 33\u00ba domingo do tempo comum. Evangelho em l\u00edngua gestual portuguesa.\" width=\"1080\" height=\"608\" src=\"https:\/\/www.youtube.com\/embed\/7mP10rfbNls?feature=oembed\"  allow=\"accelerometer; autoplay; clipboard-write; encrypted-media; gyroscope; picture-in-picture\" allowfullscreen><\/iframe><\/p>\n<p>&nbsp;<\/p>\n<\/div>\t<\/div>\r\n<\/div><\/div><\/div><\/div><\/div><\/div>\n<p>&nbsp;<\/p>\n<p>[\/et_pb_text][\/et_pb_column][et_pb_column type=&#8221;1_2&#8243; custom_padding__hover=&#8221;|||&#8221; custom_padding=&#8221;|||&#8221;][et_pb_text admin_label=&#8221;Advento&#8221; _builder_version=&#8221;4.3.4&#8243; text_text_shadow_horizontal_length=&#8221;text_text_shadow_style,%91object Object%93&#8243; text_text_shadow_horizontal_length_tablet=&#8221;0px&#8221; text_text_shadow_vertical_length=&#8221;text_text_shadow_style,%91object Object%93&#8243; text_text_shadow_vertical_length_tablet=&#8221;0px&#8221; text_text_shadow_blur_strength=&#8221;text_text_shadow_style,%91object Object%93&#8243; text_text_shadow_blur_strength_tablet=&#8221;1px&#8221; link_text_shadow_horizontal_length=&#8221;link_text_shadow_style,%91object Object%93&#8243; link_text_shadow_horizontal_length_tablet=&#8221;0px&#8221; link_text_shadow_vertical_length=&#8221;link_text_shadow_style,%91object Object%93&#8243; link_text_shadow_vertical_length_tablet=&#8221;0px&#8221; link_text_shadow_blur_strength=&#8221;link_text_shadow_style,%91object Object%93&#8243; link_text_shadow_blur_strength_tablet=&#8221;1px&#8221; ul_text_shadow_horizontal_length=&#8221;ul_text_shadow_style,%91object Object%93&#8243; ul_text_shadow_horizontal_length_tablet=&#8221;0px&#8221; ul_text_shadow_vertical_length=&#8221;ul_text_shadow_style,%91object Object%93&#8243; ul_text_shadow_vertical_length_tablet=&#8221;0px&#8221; ul_text_shadow_blur_strength=&#8221;ul_text_shadow_style,%91object Object%93&#8243; ul_text_shadow_blur_strength_tablet=&#8221;1px&#8221; ol_text_shadow_horizontal_length=&#8221;ol_text_shadow_style,%91object Object%93&#8243; ol_text_shadow_horizontal_length_tablet=&#8221;0px&#8221; ol_text_shadow_vertical_length=&#8221;ol_text_shadow_style,%91object Object%93&#8243; ol_text_shadow_vertical_length_tablet=&#8221;0px&#8221; ol_text_shadow_blur_strength=&#8221;ol_text_shadow_style,%91object Object%93&#8243; ol_text_shadow_blur_strength_tablet=&#8221;1px&#8221; quote_text_shadow_horizontal_length=&#8221;quote_text_shadow_style,%91object Object%93&#8243; quote_text_shadow_horizontal_length_tablet=&#8221;0px&#8221; quote_text_shadow_vertical_length=&#8221;quote_text_shadow_style,%91object Object%93&#8243; quote_text_shadow_vertical_length_tablet=&#8221;0px&#8221; quote_text_shadow_blur_strength=&#8221;quote_text_shadow_style,%91object Object%93&#8243; quote_text_shadow_blur_strength_tablet=&#8221;1px&#8221; header_text_shadow_horizontal_length=&#8221;header_text_shadow_style,%91object Object%93&#8243; header_text_shadow_horizontal_length_tablet=&#8221;0px&#8221; header_text_shadow_vertical_length=&#8221;header_text_shadow_style,%91object Object%93&#8243; header_text_shadow_vertical_length_tablet=&#8221;0px&#8221; header_text_shadow_blur_strength=&#8221;header_text_shadow_style,%91object Object%93&#8243; header_text_shadow_blur_strength_tablet=&#8221;1px&#8221; header_2_text_shadow_horizontal_length=&#8221;header_2_text_shadow_style,%91object Object%93&#8243; header_2_text_shadow_horizontal_length_tablet=&#8221;0px&#8221; header_2_text_shadow_vertical_length=&#8221;header_2_text_shadow_style,%91object Object%93&#8243; header_2_text_shadow_vertical_length_tablet=&#8221;0px&#8221; header_2_text_shadow_blur_strength=&#8221;header_2_text_shadow_style,%91object Object%93&#8243; header_2_text_shadow_blur_strength_tablet=&#8221;1px&#8221; header_3_text_shadow_horizontal_length=&#8221;header_3_text_shadow_style,%91object Object%93&#8243; header_3_text_shadow_horizontal_length_tablet=&#8221;0px&#8221; header_3_text_shadow_vertical_length=&#8221;header_3_text_shadow_style,%91object Object%93&#8243; header_3_text_shadow_vertical_length_tablet=&#8221;0px&#8221; header_3_text_shadow_blur_strength=&#8221;header_3_text_shadow_style,%91object Object%93&#8243; header_3_text_shadow_blur_strength_tablet=&#8221;1px&#8221; header_4_text_shadow_horizontal_length=&#8221;header_4_text_shadow_style,%91object Object%93&#8243; header_4_text_shadow_horizontal_length_tablet=&#8221;0px&#8221; header_4_text_shadow_vertical_length=&#8221;header_4_text_shadow_style,%91object Object%93&#8243; header_4_text_shadow_vertical_length_tablet=&#8221;0px&#8221; header_4_text_shadow_blur_strength=&#8221;header_4_text_shadow_style,%91object Object%93&#8243; header_4_text_shadow_blur_strength_tablet=&#8221;1px&#8221; header_5_text_shadow_horizontal_length=&#8221;header_5_text_shadow_style,%91object Object%93&#8243; header_5_text_shadow_horizontal_length_tablet=&#8221;0px&#8221; header_5_text_shadow_vertical_length=&#8221;header_5_text_shadow_style,%91object Object%93&#8243; header_5_text_shadow_vertical_length_tablet=&#8221;0px&#8221; header_5_text_shadow_blur_strength=&#8221;header_5_text_shadow_style,%91object Object%93&#8243; header_5_text_shadow_blur_strength_tablet=&#8221;1px&#8221; header_6_text_shadow_horizontal_length=&#8221;header_6_text_shadow_style,%91object Object%93&#8243; header_6_text_shadow_horizontal_length_tablet=&#8221;0px&#8221; header_6_text_shadow_vertical_length=&#8221;header_6_text_shadow_style,%91object Object%93&#8243; header_6_text_shadow_vertical_length_tablet=&#8221;0px&#8221; header_6_text_shadow_blur_strength=&#8221;header_6_text_shadow_style,%91object Object%93&#8243; header_6_text_shadow_blur_strength_tablet=&#8221;1px&#8221; box_shadow_horizontal_tablet=&#8221;0px&#8221; box_shadow_vertical_tablet=&#8221;0px&#8221; box_shadow_blur_tablet=&#8221;40px&#8221; box_shadow_spread_tablet=&#8221;0px&#8221; vertical_offset_tablet=&#8221;0&#8243; horizontal_offset_tablet=&#8221;0&#8243; z_index_tablet=&#8221;0&#8243;]<\/p>\n<h3>ADVENTO<\/h3>\n<div class=\"pt-cv-wrapper et_smooth_scroll_disabled\"><div class=\"pt-cv-view pt-cv-collapsible\" id=\"pt-cv-view-635b9ef7g5\"><div data-id=\"pt-cv-page-1\" class=\"pt-cv-page cv-npf\" data-cvc=\"1\"><div class=\"panel-group\" id=\"70d3b9eghx\"><div class=\"panel panel-default pt-cv-content-item pt-cv-1-col\" ><div class=\"pt-cv-no-post\">N\u00e3o foram encontrados artigos.<\/div><\/div><\/div><\/div><\/div><\/div>\n<p>[\/et_pb_text][et_pb_text admin_label=&#8221;QUARESMA&#8221; _builder_version=&#8221;4.3.4&#8243; text_text_shadow_horizontal_length=&#8221;text_text_shadow_style,%91object Object%93&#8243; text_text_shadow_horizontal_length_tablet=&#8221;0px&#8221; text_text_shadow_vertical_length=&#8221;text_text_shadow_style,%91object Object%93&#8243; text_text_shadow_vertical_length_tablet=&#8221;0px&#8221; text_text_shadow_blur_strength=&#8221;text_text_shadow_style,%91object Object%93&#8243; text_text_shadow_blur_strength_tablet=&#8221;1px&#8221; link_text_shadow_horizontal_length=&#8221;link_text_shadow_style,%91object Object%93&#8243; link_text_shadow_horizontal_length_tablet=&#8221;0px&#8221; link_text_shadow_vertical_length=&#8221;link_text_shadow_style,%91object Object%93&#8243; link_text_shadow_vertical_length_tablet=&#8221;0px&#8221; link_text_shadow_blur_strength=&#8221;link_text_shadow_style,%91object Object%93&#8243; link_text_shadow_blur_strength_tablet=&#8221;1px&#8221; ul_text_shadow_horizontal_length=&#8221;ul_text_shadow_style,%91object Object%93&#8243; ul_text_shadow_horizontal_length_tablet=&#8221;0px&#8221; ul_text_shadow_vertical_length=&#8221;ul_text_shadow_style,%91object Object%93&#8243; ul_text_shadow_vertical_length_tablet=&#8221;0px&#8221; ul_text_shadow_blur_strength=&#8221;ul_text_shadow_style,%91object Object%93&#8243; ul_text_shadow_blur_strength_tablet=&#8221;1px&#8221; ol_text_shadow_horizontal_length=&#8221;ol_text_shadow_style,%91object Object%93&#8243; ol_text_shadow_horizontal_length_tablet=&#8221;0px&#8221; ol_text_shadow_vertical_length=&#8221;ol_text_shadow_style,%91object Object%93&#8243; ol_text_shadow_vertical_length_tablet=&#8221;0px&#8221; ol_text_shadow_blur_strength=&#8221;ol_text_shadow_style,%91object Object%93&#8243; ol_text_shadow_blur_strength_tablet=&#8221;1px&#8221; quote_text_shadow_horizontal_length=&#8221;quote_text_shadow_style,%91object Object%93&#8243; quote_text_shadow_horizontal_length_tablet=&#8221;0px&#8221; quote_text_shadow_vertical_length=&#8221;quote_text_shadow_style,%91object Object%93&#8243; quote_text_shadow_vertical_length_tablet=&#8221;0px&#8221; quote_text_shadow_blur_strength=&#8221;quote_text_shadow_style,%91object Object%93&#8243; quote_text_shadow_blur_strength_tablet=&#8221;1px&#8221; header_text_shadow_horizontal_length=&#8221;header_text_shadow_style,%91object Object%93&#8243; header_text_shadow_horizontal_length_tablet=&#8221;0px&#8221; header_text_shadow_vertical_length=&#8221;header_text_shadow_style,%91object Object%93&#8243; header_text_shadow_vertical_length_tablet=&#8221;0px&#8221; header_text_shadow_blur_strength=&#8221;header_text_shadow_style,%91object Object%93&#8243; header_text_shadow_blur_strength_tablet=&#8221;1px&#8221; header_2_text_shadow_horizontal_length=&#8221;header_2_text_shadow_style,%91object Object%93&#8243; header_2_text_shadow_horizontal_length_tablet=&#8221;0px&#8221; header_2_text_shadow_vertical_length=&#8221;header_2_text_shadow_style,%91object Object%93&#8243; header_2_text_shadow_vertical_length_tablet=&#8221;0px&#8221; header_2_text_shadow_blur_strength=&#8221;header_2_text_shadow_style,%91object Object%93&#8243; header_2_text_shadow_blur_strength_tablet=&#8221;1px&#8221; header_3_text_shadow_horizontal_length=&#8221;header_3_text_shadow_style,%91object Object%93&#8243; header_3_text_shadow_horizontal_length_tablet=&#8221;0px&#8221; header_3_text_shadow_vertical_length=&#8221;header_3_text_shadow_style,%91object Object%93&#8243; header_3_text_shadow_vertical_length_tablet=&#8221;0px&#8221; header_3_text_shadow_blur_strength=&#8221;header_3_text_shadow_style,%91object Object%93&#8243; header_3_text_shadow_blur_strength_tablet=&#8221;1px&#8221; header_4_text_shadow_horizontal_length=&#8221;header_4_text_shadow_style,%91object Object%93&#8243; header_4_text_shadow_horizontal_length_tablet=&#8221;0px&#8221; header_4_text_shadow_vertical_length=&#8221;header_4_text_shadow_style,%91object Object%93&#8243; header_4_text_shadow_vertical_length_tablet=&#8221;0px&#8221; header_4_text_shadow_blur_strength=&#8221;header_4_text_shadow_style,%91object Object%93&#8243; header_4_text_shadow_blur_strength_tablet=&#8221;1px&#8221; header_5_text_shadow_horizontal_length=&#8221;header_5_text_shadow_style,%91object Object%93&#8243; header_5_text_shadow_horizontal_length_tablet=&#8221;0px&#8221; header_5_text_shadow_vertical_length=&#8221;header_5_text_shadow_style,%91object Object%93&#8243; header_5_text_shadow_vertical_length_tablet=&#8221;0px&#8221; header_5_text_shadow_blur_strength=&#8221;header_5_text_shadow_style,%91object Object%93&#8243; header_5_text_shadow_blur_strength_tablet=&#8221;1px&#8221; header_6_text_shadow_horizontal_length=&#8221;header_6_text_shadow_style,%91object Object%93&#8243; header_6_text_shadow_horizontal_length_tablet=&#8221;0px&#8221; header_6_text_shadow_vertical_length=&#8221;header_6_text_shadow_style,%91object Object%93&#8243; header_6_text_shadow_vertical_length_tablet=&#8221;0px&#8221; header_6_text_shadow_blur_strength=&#8221;header_6_text_shadow_style,%91object Object%93&#8243; header_6_text_shadow_blur_strength_tablet=&#8221;1px&#8221; box_shadow_horizontal_tablet=&#8221;0px&#8221; box_shadow_vertical_tablet=&#8221;0px&#8221; box_shadow_blur_tablet=&#8221;40px&#8221; box_shadow_spread_tablet=&#8221;0px&#8221; vertical_offset_tablet=&#8221;0&#8243; horizontal_offset_tablet=&#8221;0&#8243; z_index_tablet=&#8221;0&#8243;]<\/p>\n<h3>QUARESMA<\/h3>\n<p><span><div class=\"pt-cv-wrapper et_smooth_scroll_disabled\"><div class=\"pt-cv-view pt-cv-collapsible\" id=\"pt-cv-view-5a1b32c1ec\"><div data-id=\"pt-cv-page-1\" class=\"pt-cv-page\" data-cvc=\"1\"><div class=\"panel-group\" id=\"7e508eckhq\"><div class=\"panel panel-default pt-cv-content-item pt-cv-1-col\" >\r\n<div class=\"panel-heading pt-cv-title\">\r\n    <a class=\"panel-title\" data-toggle=\"cvcollapse\" data-parent=\"#7e508eckhq\" data-target=\"#b4f13ady6r\" href='http:\/\/sites.ecclesia.pt\/liturgia\/ano-b-01o-domingo-da-quaresma-lgp\/' onclick='event.preventDefault()'>\r\n\t\tAno B &#8211; 01.\u00ba Domingo da Quaresma &#8211; LGP\t<\/a>\r\n\t<\/div>\r\n<div id=\"b4f13ady6r\" class=\"panel-collapse collapse \">\r\n\t<div class=\"panel-body\">\r\n\t\t<div class=\"pt-cv-content\"><p><iframe loading=\"lazy\" title=\"Evangelho em l\u00edngua gestual portuguesa\" width=\"1080\" height=\"608\" src=\"https:\/\/www.youtube.com\/embed\/SC4i6XP3JMI?feature=oembed\" frameborder=\"0\" allow=\"accelerometer; autoplay; encrypted-media; gyroscope; picture-in-picture\" allowfullscreen><\/iframe><\/p>\n<p>&nbsp;<\/p>\n<\/div>\t<\/div>\r\n<\/div><\/div>\n<div class=\"panel panel-default pt-cv-content-item pt-cv-1-col\" >\r\n<div class=\"panel-heading pt-cv-title\">\r\n    <a class=\"panel-title\" data-toggle=\"cvcollapse\" data-parent=\"#7e508eckhq\" data-target=\"#2e4f07dqxf\" href='http:\/\/sites.ecclesia.pt\/liturgia\/ano-b-1o-domingo-da-quaresma-lgp\/' onclick='event.preventDefault()'>\r\n\t\tAno B &#8211; 01.\u00ba Domingo da Quaresma &#8211; LGP\t<\/a>\r\n\t<\/div>\r\n<div id=\"2e4f07dqxf\" class=\"panel-collapse collapse \">\r\n\t<div class=\"panel-body\">\r\n\t\t<div class=\"pt-cv-content\"><p><iframe loading=\"lazy\" title=\"Ano B - 1.\u00ba Domingo da Quaresma. Evangelho em l\u00edngua gestual portuguesa\" width=\"1080\" height=\"608\" src=\"https:\/\/www.youtube.com\/embed\/QFerrDfGLIY?feature=oembed\"  allow=\"accelerometer; autoplay; clipboard-write; encrypted-media; gyroscope; picture-in-picture\" allowfullscreen><\/iframe><\/p>\n<\/div>\t<\/div>\r\n<\/div><\/div>\n<div class=\"panel panel-default pt-cv-content-item pt-cv-1-col\" >\r\n<div class=\"panel-heading pt-cv-title\">\r\n    <a class=\"panel-title\" data-toggle=\"cvcollapse\" data-parent=\"#7e508eckhq\" data-target=\"#c49aa61k6d\" href='http:\/\/sites.ecclesia.pt\/liturgia\/ano-b-02-o-domingo-da-quaresma-lgp\/' onclick='event.preventDefault()'>\r\n\t\tAno B &#8211; 02.\u00ba Domingo da Quaresma &#8211; LGP\t<\/a>\r\n\t<\/div>\r\n<div id=\"c49aa61k6d\" class=\"panel-collapse collapse \">\r\n\t<div class=\"panel-body\">\r\n\t\t<div class=\"pt-cv-content\"><p><iframe loading=\"lazy\" title=\"Ano B - 2\u00ba domingo da Quaresma. Evangelho em l\u00edngua gestual portuguesa.\" width=\"1080\" height=\"608\" src=\"https:\/\/www.youtube.com\/embed\/7F4YmywIh1g?feature=oembed\"  allow=\"accelerometer; autoplay; clipboard-write; encrypted-media; gyroscope; picture-in-picture\" allowfullscreen><\/iframe><\/p>\n<\/div>\t<\/div>\r\n<\/div><\/div>\n<div class=\"panel panel-default pt-cv-content-item pt-cv-1-col\" >\r\n<div class=\"panel-heading pt-cv-title\">\r\n    <a class=\"panel-title\" data-toggle=\"cvcollapse\" data-parent=\"#7e508eckhq\" data-target=\"#8c9cd70dwp\" href='http:\/\/sites.ecclesia.pt\/liturgia\/ano-b-03-o-domingo-da-quaresma-lgp\/' onclick='event.preventDefault()'>\r\n\t\tAno B &#8211; 03.\u00ba Domingo da Quaresma. LGP\t<\/a>\r\n\t<\/div>\r\n<div id=\"8c9cd70dwp\" class=\"panel-collapse collapse \">\r\n\t<div class=\"panel-body\">\r\n\t\t<div class=\"pt-cv-content\"><p><iframe loading=\"lazy\" title=\"Ano B - 03 Domingo da Quaresma. Evangelho em L\u00edngua gestual portuguesa\" width=\"1080\" height=\"608\" src=\"https:\/\/www.youtube.com\/embed\/kxRuf3muNOU?feature=oembed\"  allow=\"accelerometer; autoplay; clipboard-write; encrypted-media; gyroscope; picture-in-picture\" allowfullscreen><\/iframe><\/p>\n<\/div>\t<\/div>\r\n<\/div><\/div>\n<div class=\"panel panel-default pt-cv-content-item pt-cv-1-col\" >\r\n<div class=\"panel-heading pt-cv-title\">\r\n    <a class=\"panel-title\" data-toggle=\"cvcollapse\" data-parent=\"#7e508eckhq\" data-target=\"#ef395d2omw\" href='http:\/\/sites.ecclesia.pt\/liturgia\/ano-b-04-o-domingo-da-quaresma-lgp\/' onclick='event.preventDefault()'>\r\n\t\tAno B &#8211; 04.\u00ba Domingo da Quaresma &#8211; LGP\t<\/a>\r\n\t<\/div>\r\n<div id=\"ef395d2omw\" class=\"panel-collapse collapse \">\r\n\t<div class=\"panel-body\">\r\n\t\t<div class=\"pt-cv-content\"><p><iframe loading=\"lazy\" title=\"Ano B - 04.\u00ba Domingo da Quaresma. Evangelho em l\u00edngua gestual portuguesa\" width=\"1080\" height=\"608\" src=\"https:\/\/www.youtube.com\/embed\/Zx1K1ZBH3n0?feature=oembed\"  allow=\"accelerometer; autoplay; clipboard-write; encrypted-media; gyroscope; picture-in-picture\" allowfullscreen><\/iframe><\/p>\n<\/div>\t<\/div>\r\n<\/div><\/div>\n<div class=\"panel panel-default pt-cv-content-item pt-cv-1-col\" >\r\n<div class=\"panel-heading pt-cv-title\">\r\n    <a class=\"panel-title\" data-toggle=\"cvcollapse\" data-parent=\"#7e508eckhq\" data-target=\"#04e747b9ps\" href='http:\/\/sites.ecclesia.pt\/liturgia\/ano-b-05-o-domingo-da-quaresma-lgp\/' onclick='event.preventDefault()'>\r\n\t\tAno B \u2013 05.\u00ba Domingo da Quaresma \u2013 LGP\t<\/a>\r\n\t<\/div>\r\n<div id=\"04e747b9ps\" class=\"panel-collapse collapse \">\r\n\t<div class=\"panel-body\">\r\n\t\t<div class=\"pt-cv-content\"><p><iframe loading=\"lazy\" title=\"Ano B - 05\u00ba domingo da Quaresma. Evangelho em l\u00edngua gestual portuguesa\" width=\"1080\" height=\"608\" src=\"https:\/\/www.youtube.com\/embed\/fFKfuW17XK8?feature=oembed\"  allow=\"accelerometer; autoplay; clipboard-write; encrypted-media; gyroscope; picture-in-picture\" allowfullscreen><\/iframe><\/p>\n<\/div>\t<\/div>\r\n<\/div><\/div>\n<div class=\"panel panel-default pt-cv-content-item pt-cv-1-col\" >\r\n<div class=\"panel-heading pt-cv-title\">\r\n    <a class=\"panel-title\" data-toggle=\"cvcollapse\" data-parent=\"#7e508eckhq\" data-target=\"#57526a67xo\" href='http:\/\/sites.ecclesia.pt\/liturgia\/ano-b-domingo-de-ramos-na-paixao-do-senhor-lgp\/' onclick='event.preventDefault()'>\r\n\t\tAno B \u2013 Domingo de Ramos na Paix\u00e3o do Senhor &#8211; LGP\t<\/a>\r\n\t<\/div>\r\n<div id=\"57526a67xo\" class=\"panel-collapse collapse \">\r\n\t<div class=\"panel-body\">\r\n\t\t<div class=\"pt-cv-content\"><p><iframe loading=\"lazy\" title=\"Ano B - Domingo de Ramos. Evangelho em l\u00edngua gestual portuguesa\" width=\"1080\" height=\"608\" src=\"https:\/\/www.youtube.com\/embed\/-1aLp3ZoDIk?feature=oembed\"  allow=\"accelerometer; autoplay; clipboard-write; encrypted-media; gyroscope; picture-in-picture\" allowfullscreen><\/iframe><\/p>\n<\/div>\t<\/div>\r\n<\/div><\/div><\/div><\/div><\/div><\/div><\/span><\/p>\n<p>[\/et_pb_text][et_pb_text admin_label=&#8221;Pascoa&#8221; _builder_version=&#8221;4.3.4&#8243; text_text_shadow_horizontal_length=&#8221;text_text_shadow_style,%91object Object%93&#8243; text_text_shadow_horizontal_length_tablet=&#8221;0px&#8221; text_text_shadow_vertical_length=&#8221;text_text_shadow_style,%91object Object%93&#8243; text_text_shadow_vertical_length_tablet=&#8221;0px&#8221; text_text_shadow_blur_strength=&#8221;text_text_shadow_style,%91object Object%93&#8243; text_text_shadow_blur_strength_tablet=&#8221;1px&#8221; link_text_shadow_horizontal_length=&#8221;link_text_shadow_style,%91object Object%93&#8243; link_text_shadow_horizontal_length_tablet=&#8221;0px&#8221; link_text_shadow_vertical_length=&#8221;link_text_shadow_style,%91object Object%93&#8243; link_text_shadow_vertical_length_tablet=&#8221;0px&#8221; link_text_shadow_blur_strength=&#8221;link_text_shadow_style,%91object Object%93&#8243; link_text_shadow_blur_strength_tablet=&#8221;1px&#8221; ul_text_shadow_horizontal_length=&#8221;ul_text_shadow_style,%91object Object%93&#8243; ul_text_shadow_horizontal_length_tablet=&#8221;0px&#8221; ul_text_shadow_vertical_length=&#8221;ul_text_shadow_style,%91object Object%93&#8243; ul_text_shadow_vertical_length_tablet=&#8221;0px&#8221; ul_text_shadow_blur_strength=&#8221;ul_text_shadow_style,%91object Object%93&#8243; ul_text_shadow_blur_strength_tablet=&#8221;1px&#8221; ol_text_shadow_horizontal_length=&#8221;ol_text_shadow_style,%91object Object%93&#8243; ol_text_shadow_horizontal_length_tablet=&#8221;0px&#8221; ol_text_shadow_vertical_length=&#8221;ol_text_shadow_style,%91object Object%93&#8243; ol_text_shadow_vertical_length_tablet=&#8221;0px&#8221; ol_text_shadow_blur_strength=&#8221;ol_text_shadow_style,%91object Object%93&#8243; ol_text_shadow_blur_strength_tablet=&#8221;1px&#8221; quote_text_shadow_horizontal_length=&#8221;quote_text_shadow_style,%91object Object%93&#8243; quote_text_shadow_horizontal_length_tablet=&#8221;0px&#8221; quote_text_shadow_vertical_length=&#8221;quote_text_shadow_style,%91object Object%93&#8243; quote_text_shadow_vertical_length_tablet=&#8221;0px&#8221; quote_text_shadow_blur_strength=&#8221;quote_text_shadow_style,%91object Object%93&#8243; quote_text_shadow_blur_strength_tablet=&#8221;1px&#8221; header_text_shadow_horizontal_length=&#8221;header_text_shadow_style,%91object Object%93&#8243; header_text_shadow_horizontal_length_tablet=&#8221;0px&#8221; header_text_shadow_vertical_length=&#8221;header_text_shadow_style,%91object Object%93&#8243; header_text_shadow_vertical_length_tablet=&#8221;0px&#8221; header_text_shadow_blur_strength=&#8221;header_text_shadow_style,%91object Object%93&#8243; header_text_shadow_blur_strength_tablet=&#8221;1px&#8221; header_2_text_shadow_horizontal_length=&#8221;header_2_text_shadow_style,%91object Object%93&#8243; header_2_text_shadow_horizontal_length_tablet=&#8221;0px&#8221; header_2_text_shadow_vertical_length=&#8221;header_2_text_shadow_style,%91object Object%93&#8243; header_2_text_shadow_vertical_length_tablet=&#8221;0px&#8221; header_2_text_shadow_blur_strength=&#8221;header_2_text_shadow_style,%91object Object%93&#8243; header_2_text_shadow_blur_strength_tablet=&#8221;1px&#8221; header_3_text_shadow_horizontal_length=&#8221;header_3_text_shadow_style,%91object Object%93&#8243; header_3_text_shadow_horizontal_length_tablet=&#8221;0px&#8221; header_3_text_shadow_vertical_length=&#8221;header_3_text_shadow_style,%91object Object%93&#8243; header_3_text_shadow_vertical_length_tablet=&#8221;0px&#8221; header_3_text_shadow_blur_strength=&#8221;header_3_text_shadow_style,%91object Object%93&#8243; header_3_text_shadow_blur_strength_tablet=&#8221;1px&#8221; header_4_text_shadow_horizontal_length=&#8221;header_4_text_shadow_style,%91object Object%93&#8243; header_4_text_shadow_horizontal_length_tablet=&#8221;0px&#8221; header_4_text_shadow_vertical_length=&#8221;header_4_text_shadow_style,%91object Object%93&#8243; header_4_text_shadow_vertical_length_tablet=&#8221;0px&#8221; header_4_text_shadow_blur_strength=&#8221;header_4_text_shadow_style,%91object Object%93&#8243; header_4_text_shadow_blur_strength_tablet=&#8221;1px&#8221; header_5_text_shadow_horizontal_length=&#8221;header_5_text_shadow_style,%91object Object%93&#8243; header_5_text_shadow_horizontal_length_tablet=&#8221;0px&#8221; header_5_text_shadow_vertical_length=&#8221;header_5_text_shadow_style,%91object Object%93&#8243; header_5_text_shadow_vertical_length_tablet=&#8221;0px&#8221; header_5_text_shadow_blur_strength=&#8221;header_5_text_shadow_style,%91object Object%93&#8243; header_5_text_shadow_blur_strength_tablet=&#8221;1px&#8221; header_6_text_shadow_horizontal_length=&#8221;header_6_text_shadow_style,%91object Object%93&#8243; header_6_text_shadow_horizontal_length_tablet=&#8221;0px&#8221; header_6_text_shadow_vertical_length=&#8221;header_6_text_shadow_style,%91object Object%93&#8243; header_6_text_shadow_vertical_length_tablet=&#8221;0px&#8221; header_6_text_shadow_blur_strength=&#8221;header_6_text_shadow_style,%91object Object%93&#8243; header_6_text_shadow_blur_strength_tablet=&#8221;1px&#8221; box_shadow_horizontal_tablet=&#8221;0px&#8221; box_shadow_vertical_tablet=&#8221;0px&#8221; box_shadow_blur_tablet=&#8221;40px&#8221; box_shadow_spread_tablet=&#8221;0px&#8221; vertical_offset_tablet=&#8221;0&#8243; horizontal_offset_tablet=&#8221;0&#8243; z_index_tablet=&#8221;0&#8243;]<\/p>\n<h3>P\u00c1SCOA<\/h3>\n<p><span><div class=\"pt-cv-wrapper et_smooth_scroll_disabled\"><div class=\"pt-cv-view pt-cv-collapsible\" id=\"pt-cv-view-8495cc5oqy\"><div data-id=\"pt-cv-page-1\" class=\"pt-cv-page\" data-cvc=\"1\"><div class=\"panel-group\" id=\"3738224ty0\"><div class=\"panel panel-default pt-cv-content-item pt-cv-1-col\" >\r\n<div class=\"panel-heading pt-cv-title\">\r\n    <a class=\"panel-title\" data-toggle=\"cvcollapse\" data-parent=\"#3738224ty0\" data-target=\"#656fa5aav9\" href='http:\/\/sites.ecclesia.pt\/liturgia\/ano-b-2o-domingo-da-pascoa-lgp\/' onclick='event.preventDefault()'>\r\n\t\tAno B &#8211; 02.\u00ba Domingo da P\u00e1scoa &#8211; LGP\t<\/a>\r\n\t<\/div>\r\n<div id=\"656fa5aav9\" class=\"panel-collapse collapse \">\r\n\t<div class=\"panel-body\">\r\n\t\t<div class=\"pt-cv-content\"><p><iframe loading=\"lazy\" title=\"Ano B - 2\u00ba Domingo da P\u00e1scoa. Evangelho em l\u00edngua gestual portuguesa\" width=\"1080\" height=\"608\" src=\"https:\/\/www.youtube.com\/embed\/SsSxlM3GTe4?feature=oembed\"  allow=\"accelerometer; autoplay; clipboard-write; encrypted-media; gyroscope; picture-in-picture\" allowfullscreen><\/iframe><\/p>\n<\/div>\t<\/div>\r\n<\/div><\/div>\n<div class=\"panel panel-default pt-cv-content-item pt-cv-1-col\" >\r\n<div class=\"panel-heading pt-cv-title\">\r\n    <a class=\"panel-title\" data-toggle=\"cvcollapse\" data-parent=\"#3738224ty0\" data-target=\"#8cc67eej59\" href='http:\/\/sites.ecclesia.pt\/liturgia\/ano-b-03o-domingo-da-pascoa-lgp\/' onclick='event.preventDefault()'>\r\n\t\tAno B &#8211; 03.\u00ba Domingo da P\u00e1scoa &#8211; LGP\t<\/a>\r\n\t<\/div>\r\n<div id=\"8cc67eej59\" class=\"panel-collapse collapse \">\r\n\t<div class=\"panel-body\">\r\n\t\t<div class=\"pt-cv-content\"><p><iframe loading=\"lazy\" title=\"Evangelho do III domingo da P\u00e1scoa -  Ano B\" width=\"1080\" height=\"608\" src=\"https:\/\/www.youtube.com\/embed\/dR75Is_rr7A?feature=oembed\"  allow=\"accelerometer; autoplay; clipboard-write; encrypted-media; gyroscope; picture-in-picture\" allowfullscreen><\/iframe><\/p>\n<p>&nbsp;<\/p>\n<\/div>\t<\/div>\r\n<\/div><\/div>\n<div class=\"panel panel-default pt-cv-content-item pt-cv-1-col\" >\r\n<div class=\"panel-heading pt-cv-title\">\r\n    <a class=\"panel-title\" data-toggle=\"cvcollapse\" data-parent=\"#3738224ty0\" data-target=\"#45105f2d07\" href='http:\/\/sites.ecclesia.pt\/liturgia\/ano-b-03-o-domingo-da-pascoa-lgp\/' onclick='event.preventDefault()'>\r\n\t\tAno B &#8211; 03.\u00ba Domingo da P\u00e1scoa \u2013 LGP\t<\/a>\r\n\t<\/div>\r\n<div id=\"45105f2d07\" class=\"panel-collapse collapse \">\r\n\t<div class=\"panel-body\">\r\n\t\t<div class=\"pt-cv-content\"><p><iframe loading=\"lazy\" title=\"Ano B - 3.\u00ba  Domingo da P\u00e1scoa. Evangelho em l\u00edngua gestual portuguesa\" width=\"1080\" height=\"608\" src=\"https:\/\/www.youtube.com\/embed\/9JEqCGsL36E?feature=oembed\"  allow=\"accelerometer; autoplay; clipboard-write; encrypted-media; gyroscope; picture-in-picture\" allowfullscreen><\/iframe><\/p>\n<\/div>\t<\/div>\r\n<\/div><\/div>\n<div class=\"panel panel-default pt-cv-content-item pt-cv-1-col\" >\r\n<div class=\"panel-heading pt-cv-title\">\r\n    <a class=\"panel-title\" data-toggle=\"cvcollapse\" data-parent=\"#3738224ty0\" data-target=\"#36522221by\" href='http:\/\/sites.ecclesia.pt\/liturgia\/ano-b-04-o-domingo-da-pascoa-lgp\/' onclick='event.preventDefault()'>\r\n\t\tAno B &#8211; 04.\u00ba Domingo da P\u00e1scoa &#8211; LGP\t<\/a>\r\n\t<\/div>\r\n<div id=\"36522221by\" class=\"panel-collapse collapse \">\r\n\t<div class=\"panel-body\">\r\n\t\t<div class=\"pt-cv-content\"><p><iframe loading=\"lazy\" title=\"Ano B - 4.\u00ba Domingo da P\u00e1scoa. Evangelho em l\u00edngua gestual portuguesa\" width=\"1080\" height=\"608\" src=\"https:\/\/www.youtube.com\/embed\/r138BW3uhg4?feature=oembed\"  allow=\"accelerometer; autoplay; clipboard-write; encrypted-media; gyroscope; picture-in-picture\" allowfullscreen><\/iframe><\/p>\n<p>Evangelho em l\u00edngua gestual portuguesa<\/p>\n<\/div>\t<\/div>\r\n<\/div><\/div>\n<div class=\"panel panel-default pt-cv-content-item pt-cv-1-col\" >\r\n<div class=\"panel-heading pt-cv-title\">\r\n    <a class=\"panel-title\" data-toggle=\"cvcollapse\" data-parent=\"#3738224ty0\" data-target=\"#dfdb4b5gus\" href='http:\/\/sites.ecclesia.pt\/liturgia\/ano-b-05o-domingo-de-pascoa-lgp\/' onclick='event.preventDefault()'>\r\n\t\tAno B &#8211; 05.\u00ba Domingo de P\u00e1scoa &#8211; LGP\t<\/a>\r\n\t<\/div>\r\n<div id=\"dfdb4b5gus\" class=\"panel-collapse collapse \">\r\n\t<div class=\"panel-body\">\r\n\t\t<div class=\"pt-cv-content\"><p><iframe loading=\"lazy\" title=\"Evangelho em l\u00edngua gestual portuguesa. 5.\u00ba domingo de P\u00e1scoa\" width=\"1080\" height=\"608\" src=\"https:\/\/www.youtube.com\/embed\/mt4XncJDcJs?feature=oembed\" frameborder=\"0\" allow=\"accelerometer; autoplay; encrypted-media; gyroscope; picture-in-picture\" allowfullscreen><\/iframe><\/p>\n<p>&nbsp;<\/p>\n<\/div>\t<\/div>\r\n<\/div><\/div>\n<div class=\"panel panel-default pt-cv-content-item pt-cv-1-col\" >\r\n<div class=\"panel-heading pt-cv-title\">\r\n    <a class=\"panel-title\" data-toggle=\"cvcollapse\" data-parent=\"#3738224ty0\" data-target=\"#687098fhf9\" href='http:\/\/sites.ecclesia.pt\/liturgia\/ano-b-06-o-domingo-da-pascoa-lgp\/' onclick='event.preventDefault()'>\r\n\t\tAno B &#8211; 06.\u00ba Domingo da P\u00e1scoa &#8211; LGP\t<\/a>\r\n\t<\/div>\r\n<div id=\"687098fhf9\" class=\"panel-collapse collapse \">\r\n\t<div class=\"panel-body\">\r\n\t\t<div class=\"pt-cv-content\"><p><iframe loading=\"lazy\" title=\"Ano B - 06.\u00ba Domingo da P\u00e1scoa. Evangelho em l\u00edngua gestual portuguesa\" width=\"1080\" height=\"608\" src=\"https:\/\/www.youtube.com\/embed\/oX5cYU0tLsg?feature=oembed\"  allow=\"accelerometer; autoplay; clipboard-write; encrypted-media; gyroscope; picture-in-picture\" allowfullscreen><\/iframe><\/p>\n<p>Evangelho em l\u00edngua gestual portuguesa<\/p>\n<\/div>\t<\/div>\r\n<\/div><\/div>\n<div class=\"panel panel-default pt-cv-content-item pt-cv-1-col\" >\r\n<div class=\"panel-heading pt-cv-title\">\r\n    <a class=\"panel-title\" data-toggle=\"cvcollapse\" data-parent=\"#3738224ty0\" data-target=\"#958d9e3vl0\" href='http:\/\/sites.ecclesia.pt\/liturgia\/ano-b-06o-domingo-da-pascoa-lgp\/' onclick='event.preventDefault()'>\r\n\t\tAno B &#8211; 06.\u00ba Domingo da P\u00e1scoa &#8211; LGP\t<\/a>\r\n\t<\/div>\r\n<div id=\"958d9e3vl0\" class=\"panel-collapse collapse \">\r\n\t<div class=\"panel-body\">\r\n\t\t<div class=\"pt-cv-content\"><p><iframe loading=\"lazy\" title=\"Evangelho em l\u00edngua gestual portuguesa\" width=\"1080\" height=\"608\" src=\"https:\/\/www.youtube.com\/embed\/x-cbPMHRZWs?feature=oembed\" frameborder=\"0\" allow=\"accelerometer; autoplay; encrypted-media; gyroscope; picture-in-picture\" allowfullscreen><\/iframe><\/p>\n<p>Evangelho em l\u00edngua gestual portuguesa.<\/p>\n<\/div>\t<\/div>\r\n<\/div><\/div>\n<div class=\"panel panel-default pt-cv-content-item pt-cv-1-col\" >\r\n<div class=\"panel-heading pt-cv-title\">\r\n    <a class=\"panel-title\" data-toggle=\"cvcollapse\" data-parent=\"#3738224ty0\" data-target=\"#8f2618dqg7\" href='http:\/\/sites.ecclesia.pt\/liturgia\/ano-b-05-o-domingo-da-pascoa-lgp\/' onclick='event.preventDefault()'>\r\n\t\tAno B \u2013 05.\u00ba Domingo da P\u00e1scoa \u2013 LGP\t<\/a>\r\n\t<\/div>\r\n<div id=\"8f2618dqg7\" class=\"panel-collapse collapse \">\r\n\t<div class=\"panel-body\">\r\n\t\t<div class=\"pt-cv-content\"><p><iframe loading=\"lazy\" title=\"Ano B - 05\u00ba Domingo da P\u00e1scoa. Evangelho em l\u00edngua gestual portuguesa\" width=\"1080\" height=\"608\" src=\"https:\/\/www.youtube.com\/embed\/PoOGCWIrK0g?feature=oembed\"  allow=\"accelerometer; autoplay; clipboard-write; encrypted-media; gyroscope; picture-in-picture\" allowfullscreen><\/iframe><\/p>\n<p>Evangelho em l\u00edngua gestual portuguesa<\/p>\n<\/div>\t<\/div>\r\n<\/div><\/div><\/div><\/div><\/div><\/div><\/span><\/p>\n<p>[\/et_pb_text][et_pb_text admin_label=&#8221;SOLENIDADES E FESTAS&#8221; _builder_version=&#8221;4.3.4&#8243; text_text_shadow_horizontal_length=&#8221;text_text_shadow_style,%91object Object%93&#8243; text_text_shadow_horizontal_length_tablet=&#8221;0px&#8221; text_text_shadow_vertical_length=&#8221;text_text_shadow_style,%91object Object%93&#8243; text_text_shadow_vertical_length_tablet=&#8221;0px&#8221; text_text_shadow_blur_strength=&#8221;text_text_shadow_style,%91object Object%93&#8243; text_text_shadow_blur_strength_tablet=&#8221;1px&#8221; link_text_shadow_horizontal_length=&#8221;link_text_shadow_style,%91object Object%93&#8243; link_text_shadow_horizontal_length_tablet=&#8221;0px&#8221; link_text_shadow_vertical_length=&#8221;link_text_shadow_style,%91object Object%93&#8243; link_text_shadow_vertical_length_tablet=&#8221;0px&#8221; link_text_shadow_blur_strength=&#8221;link_text_shadow_style,%91object Object%93&#8243; link_text_shadow_blur_strength_tablet=&#8221;1px&#8221; ul_text_shadow_horizontal_length=&#8221;ul_text_shadow_style,%91object Object%93&#8243; ul_text_shadow_horizontal_length_tablet=&#8221;0px&#8221; ul_text_shadow_vertical_length=&#8221;ul_text_shadow_style,%91object Object%93&#8243; ul_text_shadow_vertical_length_tablet=&#8221;0px&#8221; ul_text_shadow_blur_strength=&#8221;ul_text_shadow_style,%91object Object%93&#8243; ul_text_shadow_blur_strength_tablet=&#8221;1px&#8221; ol_text_shadow_horizontal_length=&#8221;ol_text_shadow_style,%91object Object%93&#8243; ol_text_shadow_horizontal_length_tablet=&#8221;0px&#8221; ol_text_shadow_vertical_length=&#8221;ol_text_shadow_style,%91object Object%93&#8243; ol_text_shadow_vertical_length_tablet=&#8221;0px&#8221; ol_text_shadow_blur_strength=&#8221;ol_text_shadow_style,%91object Object%93&#8243; ol_text_shadow_blur_strength_tablet=&#8221;1px&#8221; quote_text_shadow_horizontal_length=&#8221;quote_text_shadow_style,%91object Object%93&#8243; quote_text_shadow_horizontal_length_tablet=&#8221;0px&#8221; quote_text_shadow_vertical_length=&#8221;quote_text_shadow_style,%91object Object%93&#8243; quote_text_shadow_vertical_length_tablet=&#8221;0px&#8221; quote_text_shadow_blur_strength=&#8221;quote_text_shadow_style,%91object Object%93&#8243; quote_text_shadow_blur_strength_tablet=&#8221;1px&#8221; header_text_shadow_horizontal_length=&#8221;header_text_shadow_style,%91object Object%93&#8243; header_text_shadow_horizontal_length_tablet=&#8221;0px&#8221; header_text_shadow_vertical_length=&#8221;header_text_shadow_style,%91object Object%93&#8243; header_text_shadow_vertical_length_tablet=&#8221;0px&#8221; header_text_shadow_blur_strength=&#8221;header_text_shadow_style,%91object Object%93&#8243; header_text_shadow_blur_strength_tablet=&#8221;1px&#8221; header_2_text_shadow_horizontal_length=&#8221;header_2_text_shadow_style,%91object Object%93&#8243; header_2_text_shadow_horizontal_length_tablet=&#8221;0px&#8221; header_2_text_shadow_vertical_length=&#8221;header_2_text_shadow_style,%91object Object%93&#8243; header_2_text_shadow_vertical_length_tablet=&#8221;0px&#8221; header_2_text_shadow_blur_strength=&#8221;header_2_text_shadow_style,%91object Object%93&#8243; header_2_text_shadow_blur_strength_tablet=&#8221;1px&#8221; header_3_text_shadow_horizontal_length=&#8221;header_3_text_shadow_style,%91object Object%93&#8243; header_3_text_shadow_horizontal_length_tablet=&#8221;0px&#8221; header_3_text_shadow_vertical_length=&#8221;header_3_text_shadow_style,%91object Object%93&#8243; header_3_text_shadow_vertical_length_tablet=&#8221;0px&#8221; header_3_text_shadow_blur_strength=&#8221;header_3_text_shadow_style,%91object Object%93&#8243; header_3_text_shadow_blur_strength_tablet=&#8221;1px&#8221; header_4_text_shadow_horizontal_length=&#8221;header_4_text_shadow_style,%91object Object%93&#8243; header_4_text_shadow_horizontal_length_tablet=&#8221;0px&#8221; header_4_text_shadow_vertical_length=&#8221;header_4_text_shadow_style,%91object Object%93&#8243; header_4_text_shadow_vertical_length_tablet=&#8221;0px&#8221; header_4_text_shadow_blur_strength=&#8221;header_4_text_shadow_style,%91object Object%93&#8243; header_4_text_shadow_blur_strength_tablet=&#8221;1px&#8221; header_5_text_shadow_horizontal_length=&#8221;header_5_text_shadow_style,%91object Object%93&#8243; header_5_text_shadow_horizontal_length_tablet=&#8221;0px&#8221; header_5_text_shadow_vertical_length=&#8221;header_5_text_shadow_style,%91object Object%93&#8243; header_5_text_shadow_vertical_length_tablet=&#8221;0px&#8221; header_5_text_shadow_blur_strength=&#8221;header_5_text_shadow_style,%91object Object%93&#8243; header_5_text_shadow_blur_strength_tablet=&#8221;1px&#8221; header_6_text_shadow_horizontal_length=&#8221;header_6_text_shadow_style,%91object Object%93&#8243; header_6_text_shadow_horizontal_length_tablet=&#8221;0px&#8221; header_6_text_shadow_vertical_length=&#8221;header_6_text_shadow_style,%91object Object%93&#8243; header_6_text_shadow_vertical_length_tablet=&#8221;0px&#8221; header_6_text_shadow_blur_strength=&#8221;header_6_text_shadow_style,%91object Object%93&#8243; header_6_text_shadow_blur_strength_tablet=&#8221;1px&#8221; box_shadow_horizontal_tablet=&#8221;0px&#8221; box_shadow_vertical_tablet=&#8221;0px&#8221; box_shadow_blur_tablet=&#8221;40px&#8221; box_shadow_spread_tablet=&#8221;0px&#8221; vertical_offset_tablet=&#8221;0&#8243; horizontal_offset_tablet=&#8221;0&#8243; z_index_tablet=&#8221;0&#8243;]<\/p>\n<h3>SOLENIDADES E FESTAS<\/h3>\n<p><span><div class=\"pt-cv-wrapper et_smooth_scroll_disabled\"><div class=\"pt-cv-view pt-cv-collapsible\" id=\"pt-cv-view-362e50e3st\"><div data-id=\"pt-cv-page-1\" class=\"pt-cv-page\" data-cvc=\"1\"><div class=\"panel-group\" id=\"2cd4128502\"><div class=\"panel panel-default pt-cv-content-item pt-cv-1-col\" >\r\n<div class=\"panel-heading pt-cv-title\">\r\n    <a class=\"panel-title\" data-toggle=\"cvcollapse\" data-parent=\"#2cd4128502\" data-target=\"#e1c9c93c2t\" href='http:\/\/sites.ecclesia.pt\/liturgia\/ano-b-solenidade-da-santissima-trindade-lgp\/' onclick='event.preventDefault()'>\r\n\t\tAno B &#8211; Solenidade da Sant\u00edssima Trindade &#8211; LGP\t<\/a>\r\n\t<\/div>\r\n<div id=\"e1c9c93c2t\" class=\"panel-collapse collapse \">\r\n\t<div class=\"panel-body\">\r\n\t\t<div class=\"pt-cv-content\"><p><iframe loading=\"lazy\" title=\"Ano B - Solenidade da Sant\u00edssima Trindade\" width=\"1080\" height=\"608\" src=\"https:\/\/www.youtube.com\/embed\/wA6qc-AzfDQ?feature=oembed\"  allow=\"accelerometer; autoplay; clipboard-write; encrypted-media; gyroscope; picture-in-picture\" allowfullscreen><\/iframe><\/p>\n<p>Evangelho em l\u00edngua gestual portuguesa<\/p>\n<\/div>\t<\/div>\r\n<\/div><\/div>\n<div class=\"panel panel-default pt-cv-content-item pt-cv-1-col\" >\r\n<div class=\"panel-heading pt-cv-title\">\r\n    <a class=\"panel-title\" data-toggle=\"cvcollapse\" data-parent=\"#2cd4128502\" data-target=\"#b091313cw5\" href='http:\/\/sites.ecclesia.pt\/liturgia\/ano-b-solenidade-de-cristo-rei\/' onclick='event.preventDefault()'>\r\n\t\tAno B &#8211; Solenidade de Cristo Rei &#8211; LGP\t<\/a>\r\n\t<\/div>\r\n<div id=\"b091313cw5\" class=\"panel-collapse collapse \">\r\n\t<div class=\"panel-body\">\r\n\t\t<div class=\"pt-cv-content\"><p><iframe loading=\"lazy\" title=\"Evangelho em l\u00edngua gestual portuguesa. Solenidade de Cristo Rei - Ano B\" width=\"1080\" height=\"608\" src=\"https:\/\/www.youtube.com\/embed\/6KXJCBDxysQ?feature=oembed\"  allow=\"accelerometer; autoplay; clipboard-write; encrypted-media; gyroscope; picture-in-picture\" allowfullscreen><\/iframe><\/p>\n<p>Solenidade de Cristo Rei &#8211; Ano B<\/p>\n<\/div>\t<\/div>\r\n<\/div><\/div>\n<div class=\"panel panel-default pt-cv-content-item pt-cv-1-col\" >\r\n<div class=\"panel-heading pt-cv-title\">\r\n    <a class=\"panel-title\" data-toggle=\"cvcollapse\" data-parent=\"#2cd4128502\" data-target=\"#23382a3inx\" href='http:\/\/sites.ecclesia.pt\/liturgia\/ano-b-solenidade-de-pentecostes-lgp\/' onclick='event.preventDefault()'>\r\n\t\tAno B &#8211; Solenidade de Pentecostes &#8211; LGP\t<\/a>\r\n\t<\/div>\r\n<div id=\"23382a3inx\" class=\"panel-collapse collapse \">\r\n\t<div class=\"panel-body\">\r\n\t\t<div class=\"pt-cv-content\"><p><iframe loading=\"lazy\" title=\"Evangelho em l\u00edngua gestual portuguesa. Domingo de Pentecostes.\" width=\"1080\" height=\"608\" src=\"https:\/\/www.youtube.com\/embed\/yyEUdCKYUZA?feature=oembed\" frameborder=\"0\" allow=\"accelerometer; autoplay; encrypted-media; gyroscope; picture-in-picture\" allowfullscreen><\/iframe><\/p>\n<p>Ano B &#8211; Domingo de Pentecostes.<\/p>\n<p>&nbsp;<\/p>\n<\/div>\t<\/div>\r\n<\/div><\/div>\n<div class=\"panel panel-default pt-cv-content-item pt-cv-1-col\" >\r\n<div class=\"panel-heading pt-cv-title\">\r\n    <a class=\"panel-title\" data-toggle=\"cvcollapse\" data-parent=\"#2cd4128502\" data-target=\"#972d94b4on\" href='http:\/\/sites.ecclesia.pt\/liturgia\/ano-b-solenidade-de-sao-joao-batista-lgp\/' onclick='event.preventDefault()'>\r\n\t\tAno B &#8211; Solenidade de S\u00e3o Jo\u00e3o Batista &#8211; LGP\t<\/a>\r\n\t<\/div>\r\n<div id=\"972d94b4on\" class=\"panel-collapse collapse \">\r\n\t<div class=\"panel-body\">\r\n\t\t<div class=\"pt-cv-content\"><p><iframe loading=\"lazy\" title=\"Evangelho em l\u00edngua gestual portuguesa. Solenidade de S\u00e3o Jo\u00e3o Batista - Ano B\" width=\"1080\" height=\"608\" src=\"https:\/\/www.youtube.com\/embed\/ROd5OoBossc?feature=oembed\" frameborder=\"0\" allow=\"accelerometer; autoplay; encrypted-media; gyroscope; picture-in-picture\" allowfullscreen><\/iframe><\/p>\n<\/div>\t<\/div>\r\n<\/div><\/div>\n<div class=\"panel panel-default pt-cv-content-item pt-cv-1-col\" >\r\n<div class=\"panel-heading pt-cv-title\">\r\n    <a class=\"panel-title\" data-toggle=\"cvcollapse\" data-parent=\"#2cd4128502\" data-target=\"#b6dbd9f0cw\" href='http:\/\/sites.ecclesia.pt\/liturgia\/ano-b-solenidade-do-corpo-de-deus-lgp\/' onclick='event.preventDefault()'>\r\n\t\tAno B &#8211; Solenidade do Corpo de Deus &#8211; LGP\t<\/a>\r\n\t<\/div>\r\n<div id=\"b6dbd9f0cw\" class=\"panel-collapse collapse \">\r\n\t<div class=\"panel-body\">\r\n\t\t<div class=\"pt-cv-content\"><p><iframe loading=\"lazy\" title=\"Ano B - Solenidade do Corpo de Deus - Evangelho - Mc 14, 12-16-22-26\" width=\"1080\" height=\"608\" src=\"https:\/\/www.youtube.com\/embed\/0NZViW6aTAI?feature=oembed\" frameborder=\"0\" allow=\"accelerometer; autoplay; encrypted-media; gyroscope; picture-in-picture\" allowfullscreen><\/iframe><\/p>\n<p>&nbsp;<\/p>\n<\/div>\t<\/div>\r\n<\/div><\/div>\n<div class=\"panel panel-default pt-cv-content-item pt-cv-1-col\" >\r\n<div class=\"panel-heading pt-cv-title\">\r\n    <a class=\"panel-title\" data-toggle=\"cvcollapse\" data-parent=\"#2cd4128502\" data-target=\"#04a9978fcs\" href='http:\/\/sites.ecclesia.pt\/liturgia\/ano-b-solenidade-do-pentecostes-lgp\/' onclick='event.preventDefault()'>\r\n\t\tAno B &#8211; Solenidade do Pentecostes &#8211; LGP\t<\/a>\r\n\t<\/div>\r\n<div id=\"04a9978fcs\" class=\"panel-collapse collapse \">\r\n\t<div class=\"panel-body\">\r\n\t\t<div class=\"pt-cv-content\"><p><iframe loading=\"lazy\" title=\"Ano B - Solenidade do Pentecostes. Evangelho em l\u00edngua gestual portuguesa.\" width=\"1080\" height=\"608\" src=\"https:\/\/www.youtube.com\/embed\/K9BUdnHKaqA?feature=oembed\"  allow=\"accelerometer; autoplay; clipboard-write; encrypted-media; gyroscope; picture-in-picture\" allowfullscreen><\/iframe><\/p>\n<p>Evangelho em l\u00edngua gestual portuguesa<\/p>\n<\/div>\t<\/div>\r\n<\/div><\/div><\/div><\/div><\/div><\/div><\/span><\/p>\n<p>[\/et_pb_text][\/et_pb_column][\/et_pb_row][\/et_pb_section]<\/p>\n","protected":false},"excerpt":{"rendered":"<p>Ano BL\u00edngua gestual portuguesa Evangelho <div class=\"et_pb_row et_pb_row_0 et_pb_row_empty\">\n\t\t\t\t\n\t\t\t\t\n\t\t\t\t\n\t\t\t\t\n\t\t\t\t\n\t\t\t<\/div> Tempo Comum <div class=\"pt-cv-wrapper et_smooth_scroll_disabled\"><div class=\"pt-cv-view pt-cv-collapsible\" id=\"pt-cv-view-dc4cc42lae\"><div data-id=\"pt-cv-page-1\" class=\"pt-cv-page\" data-cvc=\"1\"><div class=\"panel-group\" id=\"31aa668aku\"><div class=\"panel panel-default pt-cv-content-item pt-cv-1-col\" >\r\n<div class=\"panel-heading pt-cv-title\">\r\n    <a class=\"panel-title\" data-toggle=\"cvcollapse\" data-parent=\"#31aa668aku\" data-target=\"#a286fbey9n\" href='http:\/\/sites.ecclesia.pt\/liturgia\/evangelho-em-lingua-gestual-portuguesa-32o-domingo-do-tempo-comum-ano-b\/' onclick='event.preventDefault()'>\r\n\t\tAno B &#8211; 02.\u00ba Domingo do tempo comum &#8211; LGP\t<\/a>\r\n\t<\/div>\r\n<div id=\"a286fbey9n\" class=\"panel-collapse collapse \">\r\n\t<div class=\"panel-body\">\r\n\t\t<div class=\"pt-cv-content\"><p><iframe loading=\"lazy\" title=\"Evangelho em l\u00edngua gestual portuguesa. 32\u00ba domingo do tempo comum - Ano B\" width=\"1080\" height=\"608\" src=\"https:\/\/www.youtube.com\/embed\/oIIcFsyFsPU?feature=oembed\"  allow=\"accelerometer; autoplay; clipboard-write; encrypted-media; gyroscope; picture-in-picture\" allowfullscreen><\/iframe><\/p>\n<p class=\"creator-editor-title\">32.\u00ba domingo do tempo comum &#8211; Ano B<\/p>\n<\/div>\t<\/div>\r\n<\/div><\/div>\n<div class=\"panel panel-default pt-cv-content-item pt-cv-1-col\" >\r\n<div class=\"panel-heading pt-cv-title\">\r\n    <a class=\"panel-title\" data-toggle=\"cvcollapse\" data-parent=\"#31aa668aku\" data-target=\"#c4c2bd3jlq\" href='http:\/\/sites.ecclesia.pt\/liturgia\/ano-b-09o-domingo-do-tempo-comum-lgp\/' onclick='event.preventDefault()'>\r\n\t\tAno B &#8211; 09.\u00ba Domingo do Tempo Comum &#8211; LGP\t<\/a>\r\n\t<\/div>\r\n<div id=\"c4c2bd3jlq\" class=\"panel-collapse collapse \">\r\n\t<div class=\"panel-body\">\r\n\t\t<div class=\"pt-cv-content\"><p><iframe loading=\"lazy\" title=\"Evangelho em l\u00edngua gestual portuguesa. 9.\u00ba domingo do Tempo Comum - Ano B\" width=\"1080\" height=\"608\" src=\"https:\/\/www.youtube.com\/embed\/otGCa6V40DM?feature=oembed\" frameborder=\"0\" allow=\"accelerometer; autoplay; encrypted-media; gyroscope; picture-in-picture\" allowfullscreen><\/iframe><\/p>\n<p>&nbsp;<\/p>\n<\/div>\t<\/div>\r\n<\/div><\/div>\n<div class=\"panel panel-default pt-cv-content-item pt-cv-1-col\" >\r\n<div class=\"panel-heading pt-cv-title\">\r\n    <a class=\"panel-title\" data-toggle=\"cvcollapse\" data-parent=\"#31aa668aku\" data-target=\"#7f48df1pvr\" href='http:\/\/sites.ecclesia.pt\/liturgia\/ano-b-10-o-domingo-do-tempo-comum-lgp\/' onclick='event.preventDefault()'>\r\n\t\tAno B &#8211; 10.\u00ba Domingo do Tempo Comum &#8211; LGP\t<\/a>\r\n\t<\/div>\r\n<div id=\"7f48df1pvr\" class=\"panel-collapse collapse \">\r\n\t<div class=\"panel-body\">\r\n\t\t<div class=\"pt-cv-content\"><p><iframe loading=\"lazy\" title=\"Ano B - 10.\u00ba Domingo do Tempo Comum. Evangelho em l\u00edngua gestual portuguesa\" width=\"1080\" height=\"608\" src=\"https:\/\/www.youtube.com\/embed\/_peK-br7nY8?feature=oembed\"  allow=\"accelerometer; autoplay; clipboard-write; encrypted-media; gyroscope; picture-in-picture\" allowfullscreen><\/iframe><\/p>\n<\/div>\t<\/div>\r\n<\/div><\/div>\n<div class=\"panel panel-default pt-cv-content-item pt-cv-1-col\" >\r\n<div class=\"panel-heading pt-cv-title\">\r\n    <a class=\"panel-title\" data-toggle=\"cvcollapse\" data-parent=\"#31aa668aku\" data-target=\"#ff2f39bctl\" href='http:\/\/sites.ecclesia.pt\/liturgia\/ano-b-10o-domingo-do-tempo-comum-lgp\/' onclick='event.preventDefault()'>\r\n\t\tAno B &#8211; 10.\u00ba Domingo do Tempo Comum &#8211; LGP\t<\/a>\r\n\t<\/div>\r\n<div id=\"ff2f39bctl\" class=\"panel-collapse collapse \">\r\n\t<div class=\"panel-body\">\r\n\t\t<div class=\"pt-cv-content\"><p><iframe loading=\"lazy\" title=\"Evangelho em l\u00edngua gestual portuguesa. 10.\u00ba domingo do Tempo Comum - Ano B\" width=\"1080\" height=\"608\" src=\"https:\/\/www.youtube.com\/embed\/TUwkpTpCaDk?feature=oembed\" frameborder=\"0\" allow=\"accelerometer; autoplay; encrypted-media; gyroscope; picture-in-picture\" allowfullscreen><\/iframe><\/p>\n<p>&nbsp;<\/p>\n<\/div>\t<\/div>\r\n<\/div><\/div>\n<div class=\"panel panel-default pt-cv-content-item pt-cv-1-col\" >\r\n<div class=\"panel-heading pt-cv-title\">\r\n    <a class=\"panel-title\" data-toggle=\"cvcollapse\" data-parent=\"#31aa668aku\" data-target=\"#0e3c5bczem\" href='http:\/\/sites.ecclesia.pt\/liturgia\/ano-b-11o-domingo-do-tempo-comum-lgp\/' onclick='event.preventDefault()'>\r\n\t\tAno B &#8211; 11.\u00ba Domingo do Tempo Comum &#8211; LGP\t<\/a>\r\n\t<\/div>\r\n<div id=\"0e3c5bczem\" class=\"panel-collapse collapse \">\r\n\t<div class=\"panel-body\">\r\n\t\t<div class=\"pt-cv-content\"><p><iframe loading=\"lazy\" title=\"Evangelho em l\u00edngua gestual portuguesa. 11.\u00ba domingo do Tempo Comum - Ano B\" width=\"1080\" height=\"608\" src=\"https:\/\/www.youtube.com\/embed\/B_OosZU4KCk?feature=oembed\" frameborder=\"0\" allow=\"accelerometer; autoplay; encrypted-media; gyroscope; picture-in-picture\" allowfullscreen><\/iframe><\/p>\n<p>&nbsp;<\/p>\n<p>&nbsp;<\/p>\n<\/div>\t<\/div>\r\n<\/div><\/div>\n<div class=\"panel panel-default pt-cv-content-item pt-cv-1-col\" >\r\n<div class=\"panel-heading pt-cv-title\">\r\n    <a class=\"panel-title\" data-toggle=\"cvcollapse\" data-parent=\"#31aa668aku\" data-target=\"#68cab61ai7\" href='http:\/\/sites.ecclesia.pt\/liturgia\/ano-b-12-o-domingo-do-tempo-comum-lgp\/' onclick='event.preventDefault()'>\r\n\t\tAno B &#8211; 12.\u00ba Domingo do Tempo Comum &#8211; LGP\t<\/a>\r\n\t<\/div>\r\n<div id=\"68cab61ai7\" class=\"panel-collapse collapse \">\r\n\t<div class=\"panel-body\">\r\n\t\t<div class=\"pt-cv-content\"><p><iframe loading=\"lazy\" title=\"12.\u00ba Domingo do Tempo Comum - Ano B. Evangelho em l\u00edngua gestual portuguesa.\" width=\"1080\" height=\"608\" src=\"https:\/\/www.youtube.com\/embed\/gQm6umw60DQ?feature=oembed\"  allow=\"accelerometer; autoplay; clipboard-write; encrypted-media; gyroscope; picture-in-picture\" allowfullscreen><\/iframe><\/p>\n<p>Evangelho em l\u00edngua gestual portuguesa.<\/p>\n<\/div>\t<\/div>\r\n<\/div><\/div>\n<div class=\"panel panel-default pt-cv-content-item pt-cv-1-col\" >\r\n<div class=\"panel-heading pt-cv-title\">\r\n    <a class=\"panel-title\" data-toggle=\"cvcollapse\" data-parent=\"#31aa668aku\" data-target=\"#3eca7fe7c9\" href='http:\/\/sites.ecclesia.pt\/liturgia\/ano-b-13-o-domingo-do-tempo-comum-lgp\/' onclick='event.preventDefault()'>\r\n\t\tAno B &#8211; 13.\u00ba Domingo do Tempo Comum \u2013 LGP\t<\/a>\r\n\t<\/div>\r\n<div id=\"3eca7fe7c9\" class=\"panel-collapse collapse \">\r\n\t<div class=\"panel-body\">\r\n\t\t<div class=\"pt-cv-content\"><p><iframe loading=\"lazy\" title=\"Ano B - 13.\u00ba Domingo do Tempo Comum. Evangelho em l\u00edngua gestual portuguesa\" width=\"1080\" height=\"608\" src=\"https:\/\/www.youtube.com\/embed\/ICOWy57rYl4?feature=oembed\"  allow=\"accelerometer; autoplay; clipboard-write; encrypted-media; gyroscope; picture-in-picture\" allowfullscreen><\/iframe><\/p>\n<\/div>\t<\/div>\r\n<\/div><\/div>\n<div class=\"panel panel-default pt-cv-content-item pt-cv-1-col\" >\r\n<div class=\"panel-heading pt-cv-title\">\r\n    <a class=\"panel-title\" data-toggle=\"cvcollapse\" data-parent=\"#31aa668aku\" data-target=\"#f4a4756pcz\" href='http:\/\/sites.ecclesia.pt\/liturgia\/ano-b-14-o-domingo-do-tempo-comum-lgp\/' onclick='event.preventDefault()'>\r\n\t\tAno B &#8211; 14.\u00ba Domingo do Tempo Comum &#8211; LGP\t<\/a>\r\n\t<\/div>\r\n<div id=\"f4a4756pcz\" class=\"panel-collapse collapse \">\r\n\t<div class=\"panel-body\">\r\n\t\t<div class=\"pt-cv-content\"><p><iframe loading=\"lazy\" title=\"Ano B - 14\u00ba Domingo do Tempo Comum. Evangelho em l\u00edngua gestual portuguesa\" width=\"1080\" height=\"608\" src=\"https:\/\/www.youtube.com\/embed\/b0I-vwiFDvs?feature=oembed\"  allow=\"accelerometer; autoplay; clipboard-write; encrypted-media; gyroscope; picture-in-picture\" allowfullscreen><\/iframe><\/p>\n<\/div>\t<\/div>\r\n<\/div><\/div>\n<div class=\"panel panel-default pt-cv-content-item pt-cv-1-col\" >\r\n<div class=\"panel-heading pt-cv-title\">\r\n    <a class=\"panel-title\" data-toggle=\"cvcollapse\" data-parent=\"#31aa668aku\" data-target=\"#a3c0e7752n\" href='http:\/\/sites.ecclesia.pt\/liturgia\/ano-b-15-o-domingo-do-tempo-comum-lgp\/' onclick='event.preventDefault()'>\r\n\t\tAno B &#8211; 15.\u00ba Domingo do Tempo Comum &#8211; LGP\t<\/a>\r\n\t<\/div>\r\n<div id=\"a3c0e7752n\" class=\"panel-collapse collapse \">\r\n\t<div class=\"panel-body\">\r\n\t\t<div class=\"pt-cv-content\"><p><iframe loading=\"lazy\" title=\"Ano B - 15\u00ba Domingo do Tempo Comum. Evangelho em l\u00edngua gestual portuguesa\" width=\"1080\" height=\"608\" src=\"https:\/\/www.youtube.com\/embed\/iQQzC-gEiy4?feature=oembed\"  allow=\"accelerometer; autoplay; clipboard-write; encrypted-media; gyroscope; picture-in-picture\" allowfullscreen><\/iframe><\/p>\n<\/div>\t<\/div>\r\n<\/div><\/div>\n<div class=\"panel panel-default pt-cv-content-item pt-cv-1-col\" >\r\n<div class=\"panel-heading pt-cv-title\">\r\n    <a class=\"panel-title\" data-toggle=\"cvcollapse\" data-parent=\"#31aa668aku\" data-target=\"#062278ceck\" href='http:\/\/sites.ecclesia.pt\/liturgia\/ano-b-15-o-domingo-do-tempo-comum-lgp-2\/' onclick='event.preventDefault()'>\r\n\t\tAno B &#8211; 15.\u00ba Domingo do Tempo Comum &#8211; LGP\t<\/a>\r\n\t<\/div>\r\n<div id=\"062278ceck\" class=\"panel-collapse collapse \">\r\n\t<div class=\"panel-body\">\r\n\t\t<div class=\"pt-cv-content\"><p><iframe loading=\"lazy\" title=\"Ano B - 15\u00ba Domingo do Tempo Comum. Evangelho em l\u00edngua gestual portuguesa\" width=\"1080\" height=\"608\" src=\"https:\/\/www.youtube.com\/embed\/iQQzC-gEiy4?feature=oembed\"  allow=\"accelerometer; autoplay; clipboard-write; encrypted-media; gyroscope; picture-in-picture\" allowfullscreen><\/iframe><\/p>\n<p>Evangelho em l\u00edngua gestual portuguesa<\/p>\n<\/div>\t<\/div>\r\n<\/div><\/div>\n<div class=\"panel panel-default pt-cv-content-item pt-cv-1-col\" >\r\n<div class=\"panel-heading pt-cv-title\">\r\n    <a class=\"panel-title\" data-toggle=\"cvcollapse\" data-parent=\"#31aa668aku\" data-target=\"#9fcdec2frm\" href='http:\/\/sites.ecclesia.pt\/liturgia\/ano-b-17-o-domingo-do-tempo-comum-lgp\/' onclick='event.preventDefault()'>\r\n\t\tAno B &#8211; 17.\u00ba Domingo do Tempo Comum &#8211; LGP\t<\/a>\r\n\t<\/div>\r\n<div id=\"9fcdec2frm\" class=\"panel-collapse collapse \">\r\n\t<div class=\"panel-body\">\r\n\t\t<div class=\"pt-cv-content\"><p><iframe loading=\"lazy\" title=\"Ano B - 17 Domingo do Tempo Comum. Evangelho em l\u00edngua gestual portuguesa\" width=\"1080\" height=\"608\" src=\"https:\/\/www.youtube.com\/embed\/aCRadkG8KG8?feature=oembed\"  allow=\"accelerometer; autoplay; clipboard-write; encrypted-media; gyroscope; picture-in-picture\" allowfullscreen><\/iframe><\/p>\n<p>Evangelho em l\u00edngua gestual portuguesa<\/p>\n<\/div>\t<\/div>\r\n<\/div><\/div>\n<div class=\"panel panel-default pt-cv-content-item pt-cv-1-col\" >\r\n<div class=\"panel-heading pt-cv-title\">\r\n    <a class=\"panel-title\" data-toggle=\"cvcollapse\" data-parent=\"#31aa668aku\" data-target=\"#93fb08a8rq\" href='http:\/\/sites.ecclesia.pt\/liturgia\/ano-b-24o-domingo-do-tempo-comum-lgp\/' onclick='event.preventDefault()'>\r\n\t\tAno B &#8211; 24.\u00ba Domingo do Tempo Comum &#8211; LGP\t<\/a>\r\n\t<\/div>\r\n<div id=\"93fb08a8rq\" class=\"panel-collapse collapse \">\r\n\t<div class=\"panel-body\">\r\n\t\t<div class=\"pt-cv-content\"><p><iframe loading=\"lazy\" title=\"Evangelho em l\u00edngua gestual portuguesa. 24.\u00ba domingo do Tempo Comum - Ano B\" width=\"1080\" height=\"608\" src=\"https:\/\/www.youtube.com\/embed\/fl3LvYNNUcA?feature=oembed\" frameborder=\"0\" allow=\"accelerometer; autoplay; encrypted-media; gyroscope; picture-in-picture\" allowfullscreen><\/iframe><\/p>\n<\/div>\t<\/div>\r\n<\/div><\/div>\n<div class=\"panel panel-default pt-cv-content-item pt-cv-1-col\" >\r\n<div class=\"panel-heading pt-cv-title\">\r\n    <a class=\"panel-title\" data-toggle=\"cvcollapse\" data-parent=\"#31aa668aku\" data-target=\"#dab14850os\" href='http:\/\/sites.ecclesia.pt\/liturgia\/ano-b-25o-domingo-do-tempo-comum-lgp\/' onclick='event.preventDefault()'>\r\n\t\tAno B &#8211; 25.\u00ba Domingo do Tempo Comum &#8211; LGP\t<\/a>\r\n\t<\/div>\r\n<div id=\"dab14850os\" class=\"panel-collapse collapse \">\r\n\t<div class=\"panel-body\">\r\n\t\t<div class=\"pt-cv-content\"><p><iframe loading=\"lazy\" title=\"Evangelho em l\u00edngua gestual portuguesa. 25.\u00ba domingo do Tempo Comum - Ano B\" width=\"1080\" height=\"608\" src=\"https:\/\/www.youtube.com\/embed\/wZDvIGIgq_g?feature=oembed\" frameborder=\"0\" allow=\"accelerometer; autoplay; encrypted-media; gyroscope; picture-in-picture\" allowfullscreen><\/iframe><\/p>\n<p>&nbsp;<\/p>\n<\/div>\t<\/div>\r\n<\/div><\/div>\n<div class=\"panel panel-default pt-cv-content-item pt-cv-1-col\" >\r\n<div class=\"panel-heading pt-cv-title\">\r\n    <a class=\"panel-title\" data-toggle=\"cvcollapse\" data-parent=\"#31aa668aku\" data-target=\"#35c7286f98\" href='http:\/\/sites.ecclesia.pt\/liturgia\/ano-b-27o-domingo-do-tempo-comum-lgp\/' onclick='event.preventDefault()'>\r\n\t\tAno B &#8211; 27.\u00ba Domingo do Tempo Comum &#8211; LGP\t<\/a>\r\n\t<\/div>\r\n<div id=\"35c7286f98\" class=\"panel-collapse collapse \">\r\n\t<div class=\"panel-body\">\r\n\t\t<div class=\"pt-cv-content\"><p><iframe loading=\"lazy\" title=\"Envangelho em l\u00edngua gestual portuguesa. XXVII domingo do Tempo Comum Ano B\" width=\"1080\" height=\"608\" src=\"https:\/\/www.youtube.com\/embed\/jhsRzrPgYG0?feature=oembed\" frameborder=\"0\" allow=\"accelerometer; autoplay; encrypted-media; gyroscope; picture-in-picture\" allowfullscreen><\/iframe><\/p>\n<\/div>\t<\/div>\r\n<\/div><\/div>\n<div class=\"panel panel-default pt-cv-content-item pt-cv-1-col\" >\r\n<div class=\"panel-heading pt-cv-title\">\r\n    <a class=\"panel-title\" data-toggle=\"cvcollapse\" data-parent=\"#31aa668aku\" data-target=\"#15e6651yq2\" href='http:\/\/sites.ecclesia.pt\/liturgia\/ano-b-28o-domingo-do-tempo-comum-lgp\/' onclick='event.preventDefault()'>\r\n\t\tAno B &#8211; 28.\u00ba Domingo do Tempo Comum &#8211; LGP\t<\/a>\r\n\t<\/div>\r\n<div id=\"15e6651yq2\" class=\"panel-collapse collapse \">\r\n\t<div class=\"panel-body\">\r\n\t\t<div class=\"pt-cv-content\"><p><iframe loading=\"lazy\" title=\"Evangelho em l\u00edngua gestual portuguesa. 28.\u00ba domingo do Tempo Comum - Ano B\" width=\"1080\" height=\"608\" src=\"https:\/\/www.youtube.com\/embed\/RfOvXUG4geg?feature=oembed\" frameborder=\"0\" allow=\"accelerometer; autoplay; encrypted-media; gyroscope; picture-in-picture\" allowfullscreen><\/iframe><\/p>\n<p>&nbsp;<\/p>\n<\/div>\t<\/div>\r\n<\/div><\/div>\n<div class=\"panel panel-default pt-cv-content-item pt-cv-1-col\" >\r\n<div class=\"panel-heading pt-cv-title\">\r\n    <a class=\"panel-title\" data-toggle=\"cvcollapse\" data-parent=\"#31aa668aku\" data-target=\"#0011f72ym6\" href='http:\/\/sites.ecclesia.pt\/liturgia\/ano-b-29o-domingo-do-tempo-comum-lgp\/' onclick='event.preventDefault()'>\r\n\t\tAno B &#8211; 29.\u00ba Domingo do Tempo Comum &#8211; LGP\t<\/a>\r\n\t<\/div>\r\n<div id=\"0011f72ym6\" class=\"panel-collapse collapse \">\r\n\t<div class=\"panel-body\">\r\n\t\t<div class=\"pt-cv-content\"><p><iframe loading=\"lazy\" title=\"Evangelho em l\u00edngua gestual portuguesa. XXIX domingo do tempo comum Ano B\" width=\"1080\" height=\"608\" src=\"https:\/\/www.youtube.com\/embed\/40xSZc0i0QU?feature=oembed\"  allow=\"accelerometer; autoplay; clipboard-write; encrypted-media; gyroscope; picture-in-picture\" allowfullscreen><\/iframe><\/p>\n<p>XXIX Domingo do Tempo Comum &#8211; Ano B<\/p>\n<\/div>\t<\/div>\r\n<\/div><\/div>\n<div class=\"panel panel-default pt-cv-content-item pt-cv-1-col\" >\r\n<div class=\"panel-heading pt-cv-title\">\r\n    <a class=\"panel-title\" data-toggle=\"cvcollapse\" data-parent=\"#31aa668aku\" data-target=\"#33b5bae28y\" href='http:\/\/sites.ecclesia.pt\/liturgia\/ano-b-30o-domingo-do-tempo-comum-lgp\/' onclick='event.preventDefault()'>\r\n\t\tAno B &#8211; 30\u00ba Domingo do Tempo Comum &#8211; LGP\t<\/a>\r\n\t<\/div>\r\n<div id=\"33b5bae28y\" class=\"panel-collapse collapse \">\r\n\t<div class=\"panel-body\">\r\n\t\t<div class=\"pt-cv-content\"><p><iframe loading=\"lazy\" title=\"Evangelho em l\u00edngua gestual portuguesa. 30\u00ba domingo do Tempo Comum Ano B\" width=\"1080\" height=\"608\" src=\"https:\/\/www.youtube.com\/embed\/PGo16HeH898?feature=oembed\" frameborder=\"0\" allow=\"accelerometer; autoplay; encrypted-media; gyroscope; picture-in-picture\" allowfullscreen><\/iframe><\/p>\n<p>&nbsp;<\/p>\n<\/div>\t<\/div>\r\n<\/div><\/div>\n<div class=\"panel panel-default pt-cv-content-item pt-cv-1-col\" >\r\n<div class=\"panel-heading pt-cv-title\">\r\n    <a class=\"panel-title\" data-toggle=\"cvcollapse\" data-parent=\"#31aa668aku\" data-target=\"#248b86drjv\" href='http:\/\/sites.ecclesia.pt\/liturgia\/ano-b-31o-domingo-do-tempo-comum-lgp\/' onclick='event.preventDefault()'>\r\n\t\tAno B &#8211; 31.\u00ba Domingo do Tempo Comum &#8211; LGP\t<\/a>\r\n\t<\/div>\r\n<div id=\"248b86drjv\" class=\"panel-collapse collapse \">\r\n\t<div class=\"panel-body\">\r\n\t\t<div class=\"pt-cv-content\"><p><iframe loading=\"lazy\" title=\"Evangelho em l\u00edngua gestual portuguesa. 31.\u00ba domingo do Tempo Comum - Ano B\" width=\"1080\" height=\"608\" src=\"https:\/\/www.youtube.com\/embed\/y1SwpyK5A5c?feature=oembed\" frameborder=\"0\" allow=\"accelerometer; autoplay; encrypted-media; gyroscope; picture-in-picture\" allowfullscreen><\/iframe><\/p>\n<p>&nbsp;<\/p>\n<\/div>\t<\/div>\r\n<\/div><\/div>\n<div class=\"panel panel-default pt-cv-content-item pt-cv-1-col\" >\r\n<div class=\"panel-heading pt-cv-title\">\r\n    <a class=\"panel-title\" data-toggle=\"cvcollapse\" data-parent=\"#31aa668aku\" data-target=\"#37346aae3z\" href='http:\/\/sites.ecclesia.pt\/liturgia\/ano-b-32o-domingo-do-tempo-comum-lgp\/' onclick='event.preventDefault()'>\r\n\t\tAno B &#8211; 32.\u00ba Domingo do Tempo Comum &#8211; LGP\t<\/a>\r\n\t<\/div>\r\n<div id=\"37346aae3z\" class=\"panel-collapse collapse \">\r\n\t<div class=\"panel-body\">\r\n\t\t<div class=\"pt-cv-content\"><p><iframe loading=\"lazy\" title=\"Evangelho em l\u00edngua gestual portuguesa. 32.\u00ba domingo do Tempo Comum - Ano B\" width=\"1080\" height=\"608\" src=\"https:\/\/www.youtube.com\/embed\/oIIcFsyFsPU?feature=oembed\" frameborder=\"0\" allow=\"accelerometer; autoplay; encrypted-media; gyroscope; picture-in-picture\" allowfullscreen><\/iframe><\/p>\n<p class=\"creator-editor-title\">\n<\/p><\/div>\t<\/div>\r\n<\/div><\/div>\n<div class=\"panel panel-default pt-cv-content-item pt-cv-1-col\" >\r\n<div class=\"panel-heading pt-cv-title\">\r\n    <a class=\"panel-title\" data-toggle=\"cvcollapse\" data-parent=\"#31aa668aku\" data-target=\"#4f2d2bfqed\" href='http:\/\/sites.ecclesia.pt\/liturgia\/ano-b-33o-domingo-do-tempo-comum-lgp\/' onclick='event.preventDefault()'>\r\n\t\tAno B &#8211; 33.\u00ba Domingo do Tempo Comum &#8211; LGP\t<\/a>\r\n\t<\/div>\r\n<div id=\"4f2d2bfqed\" class=\"panel-collapse collapse \">\r\n\t<div class=\"panel-body\">\r\n\t\t<div class=\"pt-cv-content\"><p><iframe loading=\"lazy\" title=\"Ano B - 33\u00ba domingo do tempo comum. Evangelho em l\u00edngua gestual portuguesa.\" width=\"1080\" height=\"608\" src=\"https:\/\/www.youtube.com\/embed\/7mP10rfbNls?feature=oembed\"  allow=\"accelerometer; autoplay; clipboard-write; encrypted-media; gyroscope; picture-in-picture\" allowfullscreen><\/iframe><\/p>\n<p>&nbsp;<\/p>\n<\/div>\t<\/div>\r\n<\/div><\/div><\/div><\/div><\/div><\/div> &nbsp; ADVENTO <div class=\"pt-cv-wrapper et_smooth_scroll_disabled\"><div class=\"pt-cv-view pt-cv-collapsible\" id=\"pt-cv-view-635b9ef7g5\"><div data-id=\"pt-cv-page-1\" class=\"pt-cv-page cv-npf\" data-cvc=\"1\"><div class=\"panel-group\" id=\"90661934x0\"><div class=\"panel panel-default pt-cv-content-item pt-cv-1-col\" ><div class=\"pt-cv-no-post\">N\u00e3o foram encontrados artigos.<\/div><\/div><\/div><\/div><\/div><\/div> QUARESMA <div class=\"pt-cv-wrapper et_smooth_scroll_disabled\"><div class=\"pt-cv-view pt-cv-collapsible\" id=\"pt-cv-view-5a1b32c1ec\"><div data-id=\"pt-cv-page-1\" class=\"pt-cv-page\" data-cvc=\"1\"><div class=\"panel-group\" id=\"39d3a32f9z\"><div class=\"panel panel-default pt-cv-content-item pt-cv-1-col\" >\r\n<div class=\"panel-heading pt-cv-title\">\r\n    <a class=\"panel-title\" data-toggle=\"cvcollapse\" data-parent=\"#39d3a32f9z\" data-target=\"#f66bc85qkg\" href='http:\/\/sites.ecclesia.pt\/liturgia\/ano-b-01o-domingo-da-quaresma-lgp\/' onclick='event.preventDefault()'>\r\n\t\tAno B &#8211; 01.\u00ba Domingo da Quaresma &#8211; LGP\t<\/a>\r\n\t<\/div>\r\n<div id=\"f66bc85qkg\" class=\"panel-collapse collapse \">\r\n\t<div class=\"panel-body\">\r\n\t\t<div class=\"pt-cv-content\"><p><iframe loading=\"lazy\" title=\"Evangelho em l\u00edngua gestual portuguesa\" width=\"1080\" height=\"608\" src=\"https:\/\/www.youtube.com\/embed\/SC4i6XP3JMI?feature=oembed\" frameborder=\"0\" allow=\"accelerometer; autoplay; encrypted-media; gyroscope; picture-in-picture\" allowfullscreen><\/iframe><\/p>\n<p>&nbsp;<\/p>\n<\/div>\t<\/div>\r\n<\/div><\/div>\n<div class=\"panel panel-default pt-cv-content-item pt-cv-1-col\" >\r\n<div class=\"panel-heading pt-cv-title\">\r\n    <a class=\"panel-title\" data-toggle=\"cvcollapse\" data-parent=\"#39d3a32f9z\" data-target=\"#3b2bc002yg\" href='http:\/\/sites.ecclesia.pt\/liturgia\/ano-b-1o-domingo-da-quaresma-lgp\/' onclick='event.preventDefault()'>\r\n\t\tAno B &#8211; 01.\u00ba Domingo da Quaresma &#8211; LGP\t<\/a>\r\n\t<\/div>\r\n<div id=\"3b2bc002yg\" class=\"panel-collapse collapse \">\r\n\t<div class=\"panel-body\">\r\n\t\t<div class=\"pt-cv-content\"><p><iframe loading=\"lazy\" title=\"Ano B - 1.\u00ba Domingo da Quaresma. Evangelho em l\u00edngua gestual portuguesa\" width=\"1080\" height=\"608\" src=\"https:\/\/www.youtube.com\/embed\/QFerrDfGLIY?feature=oembed\"  allow=\"accelerometer; autoplay; clipboard-write; encrypted-media; gyroscope; picture-in-picture\" allowfullscreen><\/iframe><\/p>\n<\/div>\t<\/div>\r\n<\/div><\/div>\n<div class=\"panel panel-default pt-cv-content-item pt-cv-1-col\" >\r\n<div class=\"panel-heading pt-cv-title\">\r\n    <a class=\"panel-title\" data-toggle=\"cvcollapse\" data-parent=\"#39d3a32f9z\" data-target=\"#57b96f5g7t\" href='http:\/\/sites.ecclesia.pt\/liturgia\/ano-b-02-o-domingo-da-quaresma-lgp\/' onclick='event.preventDefault()'>\r\n\t\tAno B &#8211; 02.\u00ba Domingo da Quaresma &#8211; LGP\t<\/a>\r\n\t<\/div>\r\n<div id=\"57b96f5g7t\" class=\"panel-collapse collapse \">\r\n\t<div class=\"panel-body\">\r\n\t\t<div class=\"pt-cv-content\"><p><iframe loading=\"lazy\" title=\"Ano B - 2\u00ba domingo da Quaresma. Evangelho em l\u00edngua gestual portuguesa.\" width=\"1080\" height=\"608\" src=\"https:\/\/www.youtube.com\/embed\/7F4YmywIh1g?feature=oembed\"  allow=\"accelerometer; autoplay; clipboard-write; encrypted-media; gyroscope; picture-in-picture\" allowfullscreen><\/iframe><\/p>\n<\/div>\t<\/div>\r\n<\/div><\/div>\n<div class=\"panel panel-default pt-cv-content-item pt-cv-1-col\" >\r\n<div class=\"panel-heading pt-cv-title\">\r\n    <a class=\"panel-title\" data-toggle=\"cvcollapse\" data-parent=\"#39d3a32f9z\" data-target=\"#d4533bdoe1\" href='http:\/\/sites.ecclesia.pt\/liturgia\/ano-b-03-o-domingo-da-quaresma-lgp\/' onclick='event.preventDefault()'>\r\n\t\tAno B &#8211; 03.\u00ba Domingo da Quaresma. LGP\t<\/a>\r\n\t<\/div>\r\n<div id=\"d4533bdoe1\" class=\"panel-collapse collapse \">\r\n\t<div class=\"panel-body\">\r\n\t\t<div class=\"pt-cv-content\"><p><iframe loading=\"lazy\" title=\"Ano B - 03 Domingo da Quaresma. Evangelho em L\u00edngua gestual portuguesa\" width=\"1080\" height=\"608\" src=\"https:\/\/www.youtube.com\/embed\/kxRuf3muNOU?feature=oembed\"  allow=\"accelerometer; autoplay; clipboard-write; encrypted-media; gyroscope; picture-in-picture\" allowfullscreen><\/iframe><\/p>\n<\/div>\t<\/div>\r\n<\/div><\/div>\n<div class=\"panel panel-default pt-cv-content-item pt-cv-1-col\" >\r\n<div class=\"panel-heading pt-cv-title\">\r\n    <a class=\"panel-title\" data-toggle=\"cvcollapse\" data-parent=\"#39d3a32f9z\" data-target=\"#3c28071p7u\" href='http:\/\/sites.ecclesia.pt\/liturgia\/ano-b-04-o-domingo-da-quaresma-lgp\/' onclick='event.preventDefault()'>\r\n\t\tAno B &#8211; 04.\u00ba Domingo da Quaresma &#8211; LGP\t<\/a>\r\n\t<\/div>\r\n<div id=\"3c28071p7u\" class=\"panel-collapse collapse \">\r\n\t<div class=\"panel-body\">\r\n\t\t<div class=\"pt-cv-content\"><p><iframe loading=\"lazy\" title=\"Ano B - 04.\u00ba Domingo da Quaresma. Evangelho em l\u00edngua gestual portuguesa\" width=\"1080\" height=\"608\" src=\"https:\/\/www.youtube.com\/embed\/Zx1K1ZBH3n0?feature=oembed\"  allow=\"accelerometer; autoplay; clipboard-write; encrypted-media; gyroscope; picture-in-picture\" allowfullscreen><\/iframe><\/p>\n<\/div>\t<\/div>\r\n<\/div><\/div>\n<div class=\"panel panel-default pt-cv-content-item pt-cv-1-col\" >\r\n<div class=\"panel-heading pt-cv-title\">\r\n    <a class=\"panel-title\" data-toggle=\"cvcollapse\" data-parent=\"#39d3a32f9z\" data-target=\"#f2879b5itn\" href='http:\/\/sites.ecclesia.pt\/liturgia\/ano-b-05-o-domingo-da-quaresma-lgp\/' onclick='event.preventDefault()'>\r\n\t\tAno B \u2013 05.\u00ba Domingo da Quaresma \u2013 LGP\t<\/a>\r\n\t<\/div>\r\n<div id=\"f2879b5itn\" class=\"panel-collapse collapse \">\r\n\t<div class=\"panel-body\">\r\n\t\t<div class=\"pt-cv-content\"><p><iframe loading=\"lazy\" title=\"Ano B - 05\u00ba domingo da Quaresma. Evangelho em l\u00edngua gestual portuguesa\" width=\"1080\" height=\"608\" src=\"https:\/\/www.youtube.com\/embed\/fFKfuW17XK8?feature=oembed\"  allow=\"accelerometer; autoplay; clipboard-write; encrypted-media; gyroscope; picture-in-picture\" allowfullscreen><\/iframe><\/p>\n<\/div>\t<\/div>\r\n<\/div><\/div>\n<div class=\"panel panel-default pt-cv-content-item pt-cv-1-col\" >\r\n<div class=\"panel-heading pt-cv-title\">\r\n    <a class=\"panel-title\" data-toggle=\"cvcollapse\" data-parent=\"#39d3a32f9z\" data-target=\"#74f3ca58wc\" href='http:\/\/sites.ecclesia.pt\/liturgia\/ano-b-domingo-de-ramos-na-paixao-do-senhor-lgp\/' onclick='event.preventDefault()'>\r\n\t\tAno B \u2013 Domingo de Ramos na Paix\u00e3o do Senhor &#8211; LGP\t<\/a>\r\n\t<\/div>\r\n<div id=\"74f3ca58wc\" class=\"panel-collapse collapse \">\r\n\t<div class=\"panel-body\">\r\n\t\t<div class=\"pt-cv-content\"><p><iframe loading=\"lazy\" title=\"Ano B - Domingo de Ramos. Evangelho em l\u00edngua gestual portuguesa\" width=\"1080\" height=\"608\" src=\"https:\/\/www.youtube.com\/embed\/-1aLp3ZoDIk?feature=oembed\"  allow=\"accelerometer; autoplay; clipboard-write; encrypted-media; gyroscope; picture-in-picture\" allowfullscreen><\/iframe><\/p>\n<\/div>\t<\/div>\r\n<\/div><\/div><\/div><\/div><\/div><\/div> P\u00c1SCOA <div class=\"pt-cv-wrapper et_smooth_scroll_disabled\"><div class=\"pt-cv-view pt-cv-collapsible\" id=\"pt-cv-view-8495cc5oqy\"><div data-id=\"pt-cv-page-1\" class=\"pt-cv-page\" data-cvc=\"1\"><div class=\"panel-group\" id=\"0c36698eyx\"><div class=\"panel panel-default pt-cv-content-item pt-cv-1-col\" >\r\n<div class=\"panel-heading pt-cv-title\">\r\n    <a class=\"panel-title\" data-toggle=\"cvcollapse\" data-parent=\"#0c36698eyx\" data-target=\"#59e3c77gob\" href='http:\/\/sites.ecclesia.pt\/liturgia\/ano-b-2o-domingo-da-pascoa-lgp\/' onclick='event.preventDefault()'>\r\n\t\tAno B &#8211; 02.\u00ba Domingo da P\u00e1scoa &#8211; LGP\t<\/a>\r\n\t<\/div>\r\n<div id=\"59e3c77gob\" class=\"panel-collapse collapse \">\r\n\t<div class=\"panel-body\">\r\n\t\t<div class=\"pt-cv-content\"><p><iframe loading=\"lazy\" title=\"Ano B - 2\u00ba Domingo da P\u00e1scoa. Evangelho em l\u00edngua gestual portuguesa\" width=\"1080\" height=\"608\" src=\"https:\/\/www.youtube.com\/embed\/SsSxlM3GTe4?feature=oembed\"  allow=\"accelerometer; autoplay; clipboard-write; encrypted-media; gyroscope; picture-in-picture\" allowfullscreen><\/iframe><\/p>\n<\/div>\t<\/div>\r\n<\/div><\/div>\n<div class=\"panel panel-default pt-cv-content-item pt-cv-1-col\" >\r\n<div class=\"panel-heading pt-cv-title\">\r\n    <a class=\"panel-title\" data-toggle=\"cvcollapse\" data-parent=\"#0c36698eyx\" data-target=\"#53a2960v4s\" href='http:\/\/sites.ecclesia.pt\/liturgia\/ano-b-03o-domingo-da-pascoa-lgp\/' onclick='event.preventDefault()'>\r\n\t\tAno B &#8211; 03.\u00ba Domingo da P\u00e1scoa &#8211; LGP\t<\/a>\r\n\t<\/div>\r\n<div id=\"53a2960v4s\" class=\"panel-collapse collapse \">\r\n\t<div class=\"panel-body\">\r\n\t\t<div class=\"pt-cv-content\"><p><iframe loading=\"lazy\" title=\"Evangelho do III domingo da P\u00e1scoa -  Ano B\" width=\"1080\" height=\"608\" src=\"https:\/\/www.youtube.com\/embed\/dR75Is_rr7A?feature=oembed\"  allow=\"accelerometer; autoplay; clipboard-write; encrypted-media; gyroscope; picture-in-picture\" allowfullscreen><\/iframe><\/p>\n<p>&nbsp;<\/p>\n<\/div>\t<\/div>\r\n<\/div><\/div>\n<div class=\"panel panel-default pt-cv-content-item pt-cv-1-col\" >\r\n<div class=\"panel-heading pt-cv-title\">\r\n    <a class=\"panel-title\" data-toggle=\"cvcollapse\" data-parent=\"#0c36698eyx\" data-target=\"#78a83afc6j\" href='http:\/\/sites.ecclesia.pt\/liturgia\/ano-b-03-o-domingo-da-pascoa-lgp\/' onclick='event.preventDefault()'>\r\n\t\tAno B &#8211; 03.\u00ba Domingo da P\u00e1scoa \u2013 LGP\t<\/a>\r\n\t<\/div>\r\n<div id=\"78a83afc6j\" class=\"panel-collapse collapse \">\r\n\t<div class=\"panel-body\">\r\n\t\t<div class=\"pt-cv-content\"><p><iframe loading=\"lazy\" title=\"Ano B - 3.\u00ba  Domingo da P\u00e1scoa. Evangelho em l\u00edngua gestual portuguesa\" width=\"1080\" height=\"608\" src=\"https:\/\/www.youtube.com\/embed\/9JEqCGsL36E?feature=oembed\"  allow=\"accelerometer; autoplay; clipboard-write; encrypted-media; gyroscope; picture-in-picture\" allowfullscreen><\/iframe><\/p>\n<\/div>\t<\/div>\r\n<\/div><\/div>\n<div class=\"panel panel-default pt-cv-content-item pt-cv-1-col\" >\r\n<div class=\"panel-heading pt-cv-title\">\r\n    <a class=\"panel-title\" data-toggle=\"cvcollapse\" data-parent=\"#0c36698eyx\" data-target=\"#68d0c9cex3\" href='http:\/\/sites.ecclesia.pt\/liturgia\/ano-b-04-o-domingo-da-pascoa-lgp\/' onclick='event.preventDefault()'>\r\n\t\tAno B &#8211; 04.\u00ba Domingo da P\u00e1scoa &#8211; LGP\t<\/a>\r\n\t<\/div>\r\n<div id=\"68d0c9cex3\" class=\"panel-collapse collapse \">\r\n\t<div class=\"panel-body\">\r\n\t\t<div class=\"pt-cv-content\"><p><iframe loading=\"lazy\" title=\"Ano B - 4.\u00ba Domingo da P\u00e1scoa. Evangelho em l\u00edngua gestual portuguesa\" width=\"1080\" height=\"608\" src=\"https:\/\/www.youtube.com\/embed\/r138BW3uhg4?feature=oembed\"  allow=\"accelerometer; autoplay; clipboard-write; encrypted-media; gyroscope; picture-in-picture\" allowfullscreen><\/iframe><\/p>\n<p>Evangelho em l\u00edngua gestual portuguesa<\/p>\n<\/div>\t<\/div>\r\n<\/div><\/div>\n<div class=\"panel panel-default pt-cv-content-item pt-cv-1-col\" >\r\n<div class=\"panel-heading pt-cv-title\">\r\n    <a class=\"panel-title\" data-toggle=\"cvcollapse\" data-parent=\"#0c36698eyx\" data-target=\"#2ad1da8zs4\" href='http:\/\/sites.ecclesia.pt\/liturgia\/ano-b-05o-domingo-de-pascoa-lgp\/' onclick='event.preventDefault()'>\r\n\t\tAno B &#8211; 05.\u00ba Domingo de P\u00e1scoa &#8211; LGP\t<\/a>\r\n\t<\/div>\r\n<div id=\"2ad1da8zs4\" class=\"panel-collapse collapse \">\r\n\t<div class=\"panel-body\">\r\n\t\t<div class=\"pt-cv-content\"><p><iframe loading=\"lazy\" title=\"Evangelho em l\u00edngua gestual portuguesa. 5.\u00ba domingo de P\u00e1scoa\" width=\"1080\" height=\"608\" src=\"https:\/\/www.youtube.com\/embed\/mt4XncJDcJs?feature=oembed\" frameborder=\"0\" allow=\"accelerometer; autoplay; encrypted-media; gyroscope; picture-in-picture\" allowfullscreen><\/iframe><\/p>\n<p>&nbsp;<\/p>\n<\/div>\t<\/div>\r\n<\/div><\/div>\n<div class=\"panel panel-default pt-cv-content-item pt-cv-1-col\" >\r\n<div class=\"panel-heading pt-cv-title\">\r\n    <a class=\"panel-title\" data-toggle=\"cvcollapse\" data-parent=\"#0c36698eyx\" data-target=\"#1760fe6uro\" href='http:\/\/sites.ecclesia.pt\/liturgia\/ano-b-06-o-domingo-da-pascoa-lgp\/' onclick='event.preventDefault()'>\r\n\t\tAno B &#8211; 06.\u00ba Domingo da P\u00e1scoa &#8211; LGP\t<\/a>\r\n\t<\/div>\r\n<div id=\"1760fe6uro\" class=\"panel-collapse collapse \">\r\n\t<div class=\"panel-body\">\r\n\t\t<div class=\"pt-cv-content\"><p><iframe loading=\"lazy\" title=\"Ano B - 06.\u00ba Domingo da P\u00e1scoa. Evangelho em l\u00edngua gestual portuguesa\" width=\"1080\" height=\"608\" src=\"https:\/\/www.youtube.com\/embed\/oX5cYU0tLsg?feature=oembed\"  allow=\"accelerometer; autoplay; clipboard-write; encrypted-media; gyroscope; picture-in-picture\" allowfullscreen><\/iframe><\/p>\n<p>Evangelho em l\u00edngua gestual portuguesa<\/p>\n<\/div>\t<\/div>\r\n<\/div><\/div>\n<div class=\"panel panel-default pt-cv-content-item pt-cv-1-col\" >\r\n<div class=\"panel-heading pt-cv-title\">\r\n    <a class=\"panel-title\" data-toggle=\"cvcollapse\" data-parent=\"#0c36698eyx\" data-target=\"#830693d6r0\" href='http:\/\/sites.ecclesia.pt\/liturgia\/ano-b-06o-domingo-da-pascoa-lgp\/' onclick='event.preventDefault()'>\r\n\t\tAno B &#8211; 06.\u00ba Domingo da P\u00e1scoa &#8211; LGP\t<\/a>\r\n\t<\/div>\r\n<div id=\"830693d6r0\" class=\"panel-collapse collapse \">\r\n\t<div class=\"panel-body\">\r\n\t\t<div class=\"pt-cv-content\"><p><iframe loading=\"lazy\" title=\"Evangelho em l\u00edngua gestual portuguesa\" width=\"1080\" height=\"608\" src=\"https:\/\/www.youtube.com\/embed\/x-cbPMHRZWs?feature=oembed\" frameborder=\"0\" allow=\"accelerometer; autoplay; encrypted-media; gyroscope; picture-in-picture\" allowfullscreen><\/iframe><\/p>\n<p>Evangelho em l\u00edngua gestual portuguesa.<\/p>\n<\/div>\t<\/div>\r\n<\/div><\/div>\n<div class=\"panel panel-default pt-cv-content-item pt-cv-1-col\" >\r\n<div class=\"panel-heading pt-cv-title\">\r\n    <a class=\"panel-title\" data-toggle=\"cvcollapse\" data-parent=\"#0c36698eyx\" data-target=\"#f9954cber4\" href='http:\/\/sites.ecclesia.pt\/liturgia\/ano-b-05-o-domingo-da-pascoa-lgp\/' onclick='event.preventDefault()'>\r\n\t\tAno B \u2013 05.\u00ba Domingo da P\u00e1scoa \u2013 LGP\t<\/a>\r\n\t<\/div>\r\n<div id=\"f9954cber4\" class=\"panel-collapse collapse \">\r\n\t<div class=\"panel-body\">\r\n\t\t<div class=\"pt-cv-content\"><p><iframe loading=\"lazy\" title=\"Ano B - 05\u00ba Domingo da P\u00e1scoa. Evangelho em l\u00edngua gestual portuguesa\" width=\"1080\" height=\"608\" src=\"https:\/\/www.youtube.com\/embed\/PoOGCWIrK0g?feature=oembed\"  allow=\"accelerometer; autoplay; clipboard-write; encrypted-media; gyroscope; picture-in-picture\" allowfullscreen><\/iframe><\/p>\n<p>Evangelho em l\u00edngua gestual portuguesa<\/p>\n<\/div>\t<\/div>\r\n<\/div><\/div><\/div><\/div><\/div><\/div> SOLENIDADES E FESTAS <div class=\"pt-cv-wrapper et_smooth_scroll_disabled\"><div class=\"pt-cv-view pt-cv-collapsible\" id=\"pt-cv-view-362e50e3st\"><div data-id=\"pt-cv-page-1\" class=\"pt-cv-page\" data-cvc=\"1\"><div class=\"panel-group\" id=\"0450b9ap30\"><div class=\"panel panel-default pt-cv-content-item pt-cv-1-col\" >\r\n<div class=\"panel-heading pt-cv-title\">\r\n    <a class=\"panel-title\" data-toggle=\"cvcollapse\" data-parent=\"#0450b9ap30\" data-target=\"#85d720co7w\" href='http:\/\/sites.ecclesia.pt\/liturgia\/ano-b-solenidade-da-santissima-trindade-lgp\/' onclick='event.preventDefault()'>\r\n\t\tAno B &#8211; Solenidade da Sant\u00edssima Trindade &#8211; LGP\t<\/a>\r\n\t<\/div>\r\n<div id=\"85d720co7w\" class=\"panel-collapse collapse \">\r\n\t<div class=\"panel-body\">\r\n\t\t<div class=\"pt-cv-content\"><p><iframe loading=\"lazy\" title=\"Ano B - Solenidade da Sant\u00edssima Trindade\" width=\"1080\" height=\"608\" src=\"https:\/\/www.youtube.com\/embed\/wA6qc-AzfDQ?feature=oembed\"  allow=\"accelerometer; autoplay; clipboard-write; encrypted-media; gyroscope; picture-in-picture\" allowfullscreen><\/iframe><\/p>\n<p>Evangelho em l\u00edngua gestual portuguesa<\/p>\n<\/div>\t<\/div>\r\n<\/div><\/div>\n<div class=\"panel panel-default pt-cv-content-item pt-cv-1-col\" >\r\n<div class=\"panel-heading pt-cv-title\">\r\n    <a class=\"panel-title\" data-toggle=\"cvcollapse\" data-parent=\"#0450b9ap30\" data-target=\"#022833chqg\" href='http:\/\/sites.ecclesia.pt\/liturgia\/ano-b-solenidade-de-cristo-rei\/' onclick='event.preventDefault()'>\r\n\t\tAno B &#8211; Solenidade de Cristo Rei &#8211; LGP\t<\/a>\r\n\t<\/div>\r\n<div id=\"022833chqg\" class=\"panel-collapse collapse \">\r\n\t<div class=\"panel-body\">\r\n\t\t<div class=\"pt-cv-content\"><p><iframe loading=\"lazy\" title=\"Evangelho em l\u00edngua gestual portuguesa. Solenidade de Cristo Rei - Ano B\" width=\"1080\" height=\"608\" src=\"https:\/\/www.youtube.com\/embed\/6KXJCBDxysQ?feature=oembed\"  allow=\"accelerometer; autoplay; clipboard-write; encrypted-media; gyroscope; picture-in-picture\" allowfullscreen><\/iframe><\/p>\n<p>Solenidade de Cristo Rei &#8211; Ano B<\/p>\n<\/div>\t<\/div>\r\n<\/div><\/div>\n<div class=\"panel panel-default pt-cv-content-item pt-cv-1-col\" >\r\n<div class=\"panel-heading pt-cv-title\">\r\n    <a class=\"panel-title\" data-toggle=\"cvcollapse\" data-parent=\"#0450b9ap30\" data-target=\"#a089ff4jwe\" href='http:\/\/sites.ecclesia.pt\/liturgia\/ano-b-solenidade-de-pentecostes-lgp\/' onclick='event.preventDefault()'>\r\n\t\tAno B &#8211; Solenidade de Pentecostes &#8211; LGP\t<\/a>\r\n\t<\/div>\r\n<div id=\"a089ff4jwe\" class=\"panel-collapse collapse \">\r\n\t<div class=\"panel-body\">\r\n\t\t<div class=\"pt-cv-content\"><p><iframe loading=\"lazy\" title=\"Evangelho em l\u00edngua gestual portuguesa. Domingo de Pentecostes.\" width=\"1080\" height=\"608\" src=\"https:\/\/www.youtube.com\/embed\/yyEUdCKYUZA?feature=oembed\" frameborder=\"0\" allow=\"accelerometer; autoplay; encrypted-media; gyroscope; picture-in-picture\" allowfullscreen><\/iframe><\/p>\n<p>Ano B &#8211; Domingo de Pentecostes.<\/p>\n<p>&nbsp;<\/p>\n<\/div>\t<\/div>\r\n<\/div><\/div>\n<div class=\"panel panel-default pt-cv-content-item pt-cv-1-col\" >\r\n<div class=\"panel-heading pt-cv-title\">\r\n    <a class=\"panel-title\" data-toggle=\"cvcollapse\" data-parent=\"#0450b9ap30\" data-target=\"#faa613f6pj\" href='http:\/\/sites.ecclesia.pt\/liturgia\/ano-b-solenidade-de-sao-joao-batista-lgp\/' onclick='event.preventDefault()'>\r\n\t\tAno B &#8211; Solenidade de S\u00e3o Jo\u00e3o Batista &#8211; LGP\t<\/a>\r\n\t<\/div>\r\n<div id=\"faa613f6pj\" class=\"panel-collapse collapse \">\r\n\t<div class=\"panel-body\">\r\n\t\t<div class=\"pt-cv-content\"><p><iframe loading=\"lazy\" title=\"Evangelho em l\u00edngua gestual portuguesa. Solenidade de S\u00e3o Jo\u00e3o Batista - Ano B\" width=\"1080\" height=\"608\" src=\"https:\/\/www.youtube.com\/embed\/ROd5OoBossc?feature=oembed\" frameborder=\"0\" allow=\"accelerometer; autoplay; encrypted-media; gyroscope; picture-in-picture\" allowfullscreen><\/iframe><\/p>\n<\/div>\t<\/div>\r\n<\/div><\/div>\n<div class=\"panel panel-default pt-cv-content-item pt-cv-1-col\" >\r\n<div class=\"panel-heading pt-cv-title\">\r\n    <a class=\"panel-title\" data-toggle=\"cvcollapse\" data-parent=\"#0450b9ap30\" data-target=\"#fd7b4b47oi\" href='http:\/\/sites.ecclesia.pt\/liturgia\/ano-b-solenidade-do-corpo-de-deus-lgp\/' onclick='event.preventDefault()'>\r\n\t\tAno B &#8211; Solenidade do Corpo de Deus &#8211; LGP\t<\/a>\r\n\t<\/div>\r\n<div id=\"fd7b4b47oi\" class=\"panel-collapse collapse \">\r\n\t<div class=\"panel-body\">\r\n\t\t<div class=\"pt-cv-content\"><p><iframe loading=\"lazy\" title=\"Ano B - Solenidade do Corpo de Deus - Evangelho - Mc 14, 12-16-22-26\" width=\"1080\" height=\"608\" src=\"https:\/\/www.youtube.com\/embed\/0NZViW6aTAI?feature=oembed\" frameborder=\"0\" allow=\"accelerometer; autoplay; encrypted-media; gyroscope; picture-in-picture\" allowfullscreen><\/iframe><\/p>\n<p>&nbsp;<\/p>\n<\/div>\t<\/div>\r\n<\/div><\/div>\n<div class=\"panel panel-default pt-cv-content-item pt-cv-1-col\" >\r\n<div class=\"panel-heading pt-cv-title\">\r\n    <a class=\"panel-title\" data-toggle=\"cvcollapse\" data-parent=\"#0450b9ap30\" data-target=\"#ab358f82o8\" href='http:\/\/sites.ecclesia.pt\/liturgia\/ano-b-solenidade-do-pentecostes-lgp\/' onclick='event.preventDefault()'>\r\n\t\tAno B &#8211; Solenidade do Pentecostes &#8211; LGP\t<\/a>\r\n\t<\/div>\r\n<div id=\"ab358f82o8\" class=\"panel-collapse collapse \">\r\n\t<div class=\"panel-body\">\r\n\t\t<div class=\"pt-cv-content\"><p><iframe loading=\"lazy\" title=\"Ano B - Solenidade do Pentecostes. Evangelho em l\u00edngua gestual portuguesa.\" width=\"1080\" height=\"608\" src=\"https:\/\/www.youtube.com\/embed\/K9BUdnHKaqA?feature=oembed\"  allow=\"accelerometer; autoplay; clipboard-write; encrypted-media; gyroscope; picture-in-picture\" allowfullscreen><\/iframe><\/p>\n<p>Evangelho em l\u00edngua gestual portuguesa<\/p>\n<\/div>\t<\/div>\r\n<\/div><\/div><\/div><\/div><\/div><\/div><\/p>\n","protected":false},"author":1,"featured_media":0,"parent":0,"menu_order":0,"comment_status":"closed","ping_status":"closed","template":"","meta":{"_et_pb_use_builder":"on","_et_pb_old_content":"","_et_gb_content_width":"","footnotes":""},"class_list":["post-163514","page","type-page","status-publish","hentry"],"_links":{"self":[{"href":"http:\/\/sites.ecclesia.pt\/liturgia\/wp-json\/wp\/v2\/pages\/163514","targetHints":{"allow":["GET"]}}],"collection":[{"href":"http:\/\/sites.ecclesia.pt\/liturgia\/wp-json\/wp\/v2\/pages"}],"about":[{"href":"http:\/\/sites.ecclesia.pt\/liturgia\/wp-json\/wp\/v2\/types\/page"}],"author":[{"embeddable":true,"href":"http:\/\/sites.ecclesia.pt\/liturgia\/wp-json\/wp\/v2\/users\/1"}],"replies":[{"embeddable":true,"href":"http:\/\/sites.ecclesia.pt\/liturgia\/wp-json\/wp\/v2\/comments?post=163514"}],"version-history":[{"count":12,"href":"http:\/\/sites.ecclesia.pt\/liturgia\/wp-json\/wp\/v2\/pages\/163514\/revisions"}],"predecessor-version":[{"id":163971,"href":"http:\/\/sites.ecclesia.pt\/liturgia\/wp-json\/wp\/v2\/pages\/163514\/revisions\/163971"}],"wp:attachment":[{"href":"http:\/\/sites.ecclesia.pt\/liturgia\/wp-json\/wp\/v2\/media?parent=163514"}],"curies":[{"name":"wp","href":"https:\/\/api.w.org\/{rel}","templated":true}]}}