{"id":13,"date":"2021-07-30T16:27:58","date_gmt":"2021-07-30T16:27:58","guid":{"rendered":"https:\/\/sites.ecclesia.pt\/jornadas2021\/?page_id=13"},"modified":"2021-09-26T15:01:39","modified_gmt":"2021-09-26T15:01:39","slug":"entrada1","status":"publish","type":"page","link":"https:\/\/sites.ecclesia.pt\/jornadas2021\/","title":{"rendered":"entrada1"},"content":{"rendered":"<p>[et_pb_section fb_built=&#8221;1&#8243; _builder_version=&#8221;4.10.8&#8243; _module_preset=&#8221;default&#8221; background_image=&#8221;https:\/\/sites.ecclesia.pt\/jornadas2021\/wp-content\/uploads\/2021\/07\/JNCS_2021_Site1920x800-new.png&#8221; vertical_offset_tablet=&#8221;0&#8243; horizontal_offset_tablet=&#8221;0&#8243; custom_padding=&#8221;300px||200px||false|false&#8221; hover_enabled=&#8221;0&#8243; box_shadow_horizontal_tablet=&#8221;0px&#8221; box_shadow_vertical_tablet=&#8221;0px&#8221; box_shadow_blur_tablet=&#8221;40px&#8221; box_shadow_spread_tablet=&#8221;0px&#8221; global_colors_info=&#8221;{}&#8221; collapsed=&#8221;on&#8221; sticky_enabled=&#8221;0&#8243;][\/et_pb_section][et_pb_section fb_built=&#8221;1&#8243; _builder_version=&#8221;4.10.8&#8243; _module_preset=&#8221;default&#8221; hover_enabled=&#8221;0&#8243; global_colors_info=&#8221;{}&#8221; collapsed=&#8221;on&#8221; admin_label=&#8221;tabs&#8221; sticky_enabled=&#8221;0&#8243;][et_pb_row module_id=&#8221;inscricao&#8221; module_class=&#8221;equal-tabs&#8221; _builder_version=&#8221;4.10.5&#8243; _module_preset=&#8221;default&#8221; global_colors_info=&#8221;{}&#8221;][et_pb_column type=&#8221;4_4&#8243; _builder_version=&#8221;4.10.5&#8243; _module_preset=&#8221;default&#8221; global_colors_info=&#8221;{}&#8221;][et_pb_tabs active_tab_background_color=&#8221;#ff00f9&#8243; inactive_tab_background_color=&#8221;#1a3d8b&#8221; active_tab_text_color=&#8221;#ffffff&#8221; module_id=&#8221;inscricao&#8221; module_class=&#8221;equal-tabs&#8221; _builder_version=&#8221;4.10.7&#8243; _module_preset=&#8221;default&#8221; tab_text_color=&#8221;#ffffff&#8221; body_text_color=&#8221;#000000&#8243; tab_font_size=&#8221;16px&#8221; vertical_offset_tablet=&#8221;0&#8243; horizontal_offset_tablet=&#8221;0&#8243; z_index_tablet=&#8221;0&#8243; body_text_shadow_horizontal_length_tablet=&#8221;0px&#8221; body_text_shadow_vertical_length_tablet=&#8221;0px&#8221; body_text_shadow_blur_strength_tablet=&#8221;1px&#8221; tab_text_shadow_horizontal_length_tablet=&#8221;0px&#8221; tab_text_shadow_vertical_length_tablet=&#8221;0px&#8221; tab_text_shadow_blur_strength_tablet=&#8221;1px&#8221; body_link_text_shadow_horizontal_length_tablet=&#8221;0px&#8221; body_link_text_shadow_vertical_length_tablet=&#8221;0px&#8221; body_link_text_shadow_blur_strength_tablet=&#8221;1px&#8221; body_ul_text_shadow_horizontal_length_tablet=&#8221;0px&#8221; body_ul_text_shadow_vertical_length_tablet=&#8221;0px&#8221; body_ul_text_shadow_blur_strength_tablet=&#8221;1px&#8221; body_ol_text_shadow_horizontal_length_tablet=&#8221;0px&#8221; body_ol_text_shadow_vertical_length_tablet=&#8221;0px&#8221; body_ol_text_shadow_blur_strength_tablet=&#8221;1px&#8221; body_quote_text_shadow_horizontal_length_tablet=&#8221;0px&#8221; body_quote_text_shadow_vertical_length_tablet=&#8221;0px&#8221; body_quote_text_shadow_blur_strength_tablet=&#8221;1px&#8221; box_shadow_horizontal_tablet=&#8221;0px&#8221; box_shadow_vertical_tablet=&#8221;0px&#8221; box_shadow_blur_tablet=&#8221;40px&#8221; box_shadow_spread_tablet=&#8221;0px&#8221; global_colors_info=&#8221;{}&#8221;][et_pb_tab title=&#8221;CARTA\/CONVITE&#8221; title_tablet=&#8221;Carta\/Convite&#8221; title_phone=&#8221;Carta\/Convite&#8221; _builder_version=&#8221;4.10.5&#8243; _module_preset=&#8221;default&#8221; vertical_offset_tablet=&#8221;0&#8243; vertical_offset_phone=&#8221;0&#8243; horizontal_offset_tablet=&#8221;0&#8243; horizontal_offset_phone=&#8221;0&#8243; background_color_gradient_direction_tablet=&#8221;180deg&#8221; background_color_gradient_direction_phone=&#8221;180deg&#8221; background_color_gradient_start_position_tablet=&#8221;0%&#8221; background_color_gradient_start_position_phone=&#8221;0%&#8221; background_color_gradient_end_position_tablet=&#8221;100%&#8221; background_color_gradient_end_position_phone=&#8221;100%&#8221; z_index_tablet=&#8221;0&#8243; z_index_phone=&#8221;0&#8243; hover_transition_duration_tablet=&#8221;300ms&#8221; hover_transition_duration_phone=&#8221;300ms&#8221; hover_transition_delay_tablet=&#8221;0ms&#8221; hover_transition_delay_phone=&#8221;0ms&#8221; body_text_shadow_horizontal_length_tablet=&#8221;0px&#8221; body_text_shadow_horizontal_length_phone=&#8221;0px&#8221; body_text_shadow_vertical_length_tablet=&#8221;0px&#8221; body_text_shadow_vertical_length_phone=&#8221;0px&#8221; body_text_shadow_blur_strength_tablet=&#8221;1px&#8221; body_text_shadow_blur_strength_phone=&#8221;1px&#8221; tab_text_shadow_horizontal_length_tablet=&#8221;0px&#8221; tab_text_shadow_horizontal_length_phone=&#8221;0px&#8221; tab_text_shadow_vertical_length_tablet=&#8221;0px&#8221; tab_text_shadow_vertical_length_phone=&#8221;0px&#8221; tab_text_shadow_blur_strength_tablet=&#8221;1px&#8221; tab_text_shadow_blur_strength_phone=&#8221;1px&#8221; body_link_text_shadow_horizontal_length_tablet=&#8221;0px&#8221; body_link_text_shadow_horizontal_length_phone=&#8221;0px&#8221; body_link_text_shadow_vertical_length_tablet=&#8221;0px&#8221; body_link_text_shadow_vertical_length_phone=&#8221;0px&#8221; body_link_text_shadow_blur_strength_tablet=&#8221;1px&#8221; body_link_text_shadow_blur_strength_phone=&#8221;1px&#8221; body_ul_text_shadow_horizontal_length_tablet=&#8221;0px&#8221; body_ul_text_shadow_horizontal_length_phone=&#8221;0px&#8221; body_ul_text_shadow_vertical_length_tablet=&#8221;0px&#8221; body_ul_text_shadow_vertical_length_phone=&#8221;0px&#8221; body_ul_text_shadow_blur_strength_tablet=&#8221;1px&#8221; body_ul_text_shadow_blur_strength_phone=&#8221;1px&#8221; body_ol_text_shadow_horizontal_length_tablet=&#8221;0px&#8221; body_ol_text_shadow_horizontal_length_phone=&#8221;0px&#8221; body_ol_text_shadow_vertical_length_tablet=&#8221;0px&#8221; body_ol_text_shadow_vertical_length_phone=&#8221;0px&#8221; body_ol_text_shadow_blur_strength_tablet=&#8221;1px&#8221; body_ol_text_shadow_blur_strength_phone=&#8221;1px&#8221; body_quote_text_shadow_horizontal_length_tablet=&#8221;0px&#8221; body_quote_text_shadow_horizontal_length_phone=&#8221;0px&#8221; body_quote_text_shadow_vertical_length_tablet=&#8221;0px&#8221; body_quote_text_shadow_vertical_length_phone=&#8221;0px&#8221; body_quote_text_shadow_blur_strength_tablet=&#8221;1px&#8221; body_quote_text_shadow_blur_strength_phone=&#8221;1px&#8221; global_colors_info=&#8221;{}&#8221;]<\/p>\n<div class=\"pt-cv-wrapper et_smooth_scroll_disabled\"><div class=\"pt-cv-view pt-cv-grid pt-cv-colsys\" id=\"pt-cv-view-cc2a803u7b\"><div data-id=\"pt-cv-page-1\" class=\"pt-cv-page\" data-cvc=\"1\"><div class=\"col-md-12 col-sm-12 col-xs-12 pt-cv-content-item pt-cv-1-col\" ><div class='pt-cv-ifield'><div class=\"pt-cv-content\"><p>Lisboa, 2 de Setembro de 2021<\/p>\n<p>Ex.mo(a) Senhor(a)<\/p>\n<p>Como tem vindo a ser j\u00e1 habitual, o Secretariado Nacional das Comunica\u00e7\u00f5es Sociais, da Confer\u00eancia Episcopal Portuguesa, ir\u00e1 realizar as pr\u00f3ximas Jornadas de Comunica\u00e7\u00e3o Social, nos pr\u00f3ximos dias 23 e 24 de Setembro.<\/p>\n<p>Este ano, atrav\u00e9s do lema \u00abzoom in\/zoom out\u00bb, vamos partilhar esta forma de olhar para o tempo que vivemos tendo sempre como lente o papel da comunica\u00e7\u00e3o.<\/p>\n<p>Para facilitar a participa\u00e7\u00e3o, os interessados poder\u00e3o optar pela via presencial, na Domus Carmeli, F\u00e1tima, ou por via digital.<\/p>\n<p>Do programa, constar\u00e1 a partilha feita por cada Secretariado Diocesano acerca de experi\u00eancia ou projetos que marcaram a vida pastoral diocesana; contamos tamb\u00e9m com a interven\u00e7\u00e3o do Secret\u00e1rio da Comiss\u00e3o das Comunica\u00e7\u00f5es Sociais de Espanha, padre Jos\u00e9 Gabriel Vera, para nos falar sobre a sua experi\u00eancia, an\u00e1lise e perspetivas de futuro, no plano da Comunica\u00e7\u00e3o das Dioceses; ap\u00f3s um painel de convidados para quem a comunica\u00e7\u00e3o \u00e9 decisiva nas suas \u00e1reas de interven\u00e7\u00e3o, que poderemos definir \u00e0 volta de cinco verbos &#8211; Incluir, Apoiar, Aprender, Conhecer e Aproximar &#8211; as Jornadas encerrar\u00e3o com a interven\u00e7\u00e3o do diretor da Faculdade de Ci\u00eancias Humanas, da Universidade Cat\u00f3lica de Lisboa, doutor Nelson Ribeiro, que tem dedicado grande parte da sua vida acad\u00e9mica ao estudo da Comunica\u00e7\u00e3o<\/p>\n<p>As Jornadas iniciar-se-\u00e3o \u00e0s 14h30, do dia 23 de Setembro e terminar\u00e3o no dia seguinte, \u00e0s 12h30.<\/p>\n<p>Dada a import\u00e2ncia do tema a tratar e do enriquecimento que nos d\u00e1 a sua presen\u00e7a, aguardamos pela sua inscri\u00e7\u00e3o e pela sua participa\u00e7\u00e3o.<\/p>\n<p>Receba as minhas cordiais sauda\u00e7\u00f5es<\/p>\n<p><em>D. Jo\u00e3o Lavrador<\/em><br \/>\n<em>Presidente da Comiss\u00e3o Episcopal da Cultura, Bens Culturais e Comunica\u00e7\u00f5es Sociais<\/em><\/p>\n<\/div><\/div><\/div><\/div><\/div><\/div>\n<p>[\/et_pb_tab][et_pb_tab title=&#8221;PROGRAMA&#8221; title_tablet=&#8221;PROGRAMA&#8221; title_phone=&#8221;PROGRAMA&#8221; _builder_version=&#8221;4.10.5&#8243; _module_preset=&#8221;default&#8221; vertical_offset_tablet=&#8221;0&#8243; vertical_offset_phone=&#8221;0&#8243; horizontal_offset_tablet=&#8221;0&#8243; horizontal_offset_phone=&#8221;0&#8243; background_color_gradient_direction_tablet=&#8221;180deg&#8221; background_color_gradient_direction_phone=&#8221;180deg&#8221; background_color_gradient_start_position_tablet=&#8221;0%&#8221; background_color_gradient_start_position_phone=&#8221;0%&#8221; background_color_gradient_end_position_tablet=&#8221;100%&#8221; background_color_gradient_end_position_phone=&#8221;100%&#8221; z_index_tablet=&#8221;0&#8243; z_index_phone=&#8221;0&#8243; hover_transition_duration_tablet=&#8221;300ms&#8221; hover_transition_duration_phone=&#8221;300ms&#8221; hover_transition_delay_tablet=&#8221;0ms&#8221; hover_transition_delay_phone=&#8221;0ms&#8221; body_text_shadow_horizontal_length_tablet=&#8221;0px&#8221; body_text_shadow_horizontal_length_phone=&#8221;0px&#8221; body_text_shadow_vertical_length_tablet=&#8221;0px&#8221; body_text_shadow_vertical_length_phone=&#8221;0px&#8221; body_text_shadow_blur_strength_tablet=&#8221;1px&#8221; body_text_shadow_blur_strength_phone=&#8221;1px&#8221; tab_text_shadow_horizontal_length_tablet=&#8221;0px&#8221; tab_text_shadow_horizontal_length_phone=&#8221;0px&#8221; tab_text_shadow_vertical_length_tablet=&#8221;0px&#8221; tab_text_shadow_vertical_length_phone=&#8221;0px&#8221; tab_text_shadow_blur_strength_tablet=&#8221;1px&#8221; tab_text_shadow_blur_strength_phone=&#8221;1px&#8221; body_link_text_shadow_horizontal_length_tablet=&#8221;0px&#8221; body_link_text_shadow_horizontal_length_phone=&#8221;0px&#8221; body_link_text_shadow_vertical_length_tablet=&#8221;0px&#8221; body_link_text_shadow_vertical_length_phone=&#8221;0px&#8221; body_link_text_shadow_blur_strength_tablet=&#8221;1px&#8221; body_link_text_shadow_blur_strength_phone=&#8221;1px&#8221; body_ul_text_shadow_horizontal_length_tablet=&#8221;0px&#8221; body_ul_text_shadow_horizontal_length_phone=&#8221;0px&#8221; body_ul_text_shadow_vertical_length_tablet=&#8221;0px&#8221; body_ul_text_shadow_vertical_length_phone=&#8221;0px&#8221; body_ul_text_shadow_blur_strength_tablet=&#8221;1px&#8221; body_ul_text_shadow_blur_strength_phone=&#8221;1px&#8221; body_ol_text_shadow_horizontal_length_tablet=&#8221;0px&#8221; body_ol_text_shadow_horizontal_length_phone=&#8221;0px&#8221; body_ol_text_shadow_vertical_length_tablet=&#8221;0px&#8221; body_ol_text_shadow_vertical_length_phone=&#8221;0px&#8221; body_ol_text_shadow_blur_strength_tablet=&#8221;1px&#8221; body_ol_text_shadow_blur_strength_phone=&#8221;1px&#8221; body_quote_text_shadow_horizontal_length_tablet=&#8221;0px&#8221; body_quote_text_shadow_horizontal_length_phone=&#8221;0px&#8221; body_quote_text_shadow_vertical_length_tablet=&#8221;0px&#8221; body_quote_text_shadow_vertical_length_phone=&#8221;0px&#8221; body_quote_text_shadow_blur_strength_tablet=&#8221;1px&#8221; body_quote_text_shadow_blur_strength_phone=&#8221;1px&#8221; global_colors_info=&#8221;{}&#8221;]<\/p>\n<div class=\"pt-cv-wrapper et_smooth_scroll_disabled\"><div class=\"pt-cv-view pt-cv-grid pt-cv-colsys\" id=\"pt-cv-view-191d766edf\"><div data-id=\"pt-cv-page-1\" class=\"pt-cv-page\" data-cvc=\"1\"><div class=\"col-md-12 col-sm-12 col-xs-12 pt-cv-content-item pt-cv-1-col\" ><div class='pt-cv-ifield'><div class=\"pt-cv-content\"><h3><strong>Dia 23 de setembro<\/strong><\/h3>\n<p><iframe loading=\"lazy\" title=\"Confinamentos e Comunica\u00e7\u00e3o. Jornadas Nacionais de Comunicac\u0327a\u0303o Social\" width=\"1080\" height=\"608\" src=\"https:\/\/www.youtube.com\/embed\/76yMZDwgKBs?feature=oembed\"  allow=\"accelerometer; autoplay; clipboard-write; encrypted-media; gyroscope; picture-in-picture\" allowfullscreen><\/iframe><\/p>\n<p>14h30 \u2013 Abertura<br \/>\nD. Jo\u00e3o Lavrador,\u00a0<em>presidente da Comiss\u00e3o Episcopal da Cultura, Bens Culturais e Comunica\u00e7\u00f5es Sociais<br \/>\n<\/em>Isabel Figueiredo,\u00a0<em>diretora do Secretariado Nacional das Comunica\u00e7\u00f5es Sociais<\/em><\/p>\n<p>15h00 \u2013 Zoom in: Experi\u00eancias de comunica\u00e7\u00e3o &#8211; Secretariados Diocesanos das Comunica\u00e7\u00f5es Sociais<br \/>\n<em>Moderadora: Leopoldina Reis Sim\u00f5es, assessora de comunica\u00e7\u00e3o<\/em><\/p>\n<p>17h00 \u2013 Confer\u00eancia<br \/>\nZoom out: An\u00e1lise e perspetivas<br \/>\nPadre Jos\u00e9 Gabriel Vera,\u00a0<em>secretario da Comiss\u00e3o Episcopal das Comunica\u00e7\u00f5es Sociais da Confer\u00eancia Episcopal de Espanha<br \/>\n<\/em><em>Moderador: Oct\u00e1vio Carmo, Ag\u00eancia Ecclesia<\/em><\/p>\n<p><iframe loading=\"lazy\" title=\"Padre Jos\u00e9 Gabriel Vera - Comunicar no p\u00f3s-pandemia\" width=\"1080\" height=\"608\" src=\"https:\/\/www.youtube.com\/embed\/1AVQF43yFJg?feature=oembed\"  allow=\"accelerometer; autoplay; clipboard-write; encrypted-media; gyroscope; picture-in-picture\" allowfullscreen><\/iframe><\/p>\n<p>&nbsp;<\/p>\n<h4><strong>Dia 24 de setembro\u00a0<\/strong><\/h4>\n<p>09h00 \u2013 <em>Zoom in: Roteiros de Comunica\u00e7\u00e3o<br \/>\n<\/em>Apoiar \u2013 Rita Valadas, presidente da C\u00e1ritas Portuguesa<br \/>\nAprender \u2013 Jaime Barbosa, Irm\u00e3o Marista [<a href=\"https:\/\/sites.ecclesia.pt\/jornadas2021\/wp-content\/uploads\/2021\/07\/comunicacao_jcs_2021.pdf\" target=\"_blank\" rel=\"noopener\">Comunica\u00e7\u00e3o<\/a>]<br \/>\nAproximar \u2013 Lu\u00eds Jacob, presidente da Dire\u00e7\u00e3o da RUTIS [ <a href=\"https:\/\/sites.ecclesia.pt\/jornadas2021\/wp-content\/uploads\/2021\/07\/RUTIS_jcs_2021.pdf\" target=\"_blank\" rel=\"noopener\">RUTIS_jcs_2021<\/a> ]<br \/>\nConhecer \u2013 Margarida Franca e Sandra Moreira, Obra Nacional da Pastoral do Turismo <a href=\"https:\/\/sites.ecclesia.pt\/jornadas2021\/wp-content\/uploads\/2021\/07\/APT_GIDAlg_jornadas-2021.pdf\" target=\"_blank\" rel=\"noopener\">[ GIDALGARVE ]<\/a> <a href=\"https:\/\/sites.ecclesia.pt\/jornadas2021\/wp-content\/uploads\/2021\/07\/pastoral-turismo_jcs_2021.pdf\" target=\"_blank\" rel=\"noopener\">[ PASTORAL DO TURISMO ]<\/a><br \/>\nIncluir \u2013 Carmo Diniz, diretora do Servi\u00e7o de Pastoral a Pessoas com Defici\u00eancia\/Lisboa<br \/>\n<em>Moderador: Jos\u00e9 Furtado, Jornal Reconquista<\/em><\/p>\n<p><iframe loading=\"lazy\" title=\"Zoom in: Roteiros de Comunica\u00e7\u00e3o. Jornadas de Comunica\u00e7\u00e3o Social\" width=\"1080\" height=\"608\" src=\"https:\/\/www.youtube.com\/embed\/xjpAc50jbMM?feature=oembed\"  allow=\"accelerometer; autoplay; clipboard-write; encrypted-media; gyroscope; picture-in-picture\" allowfullscreen><\/iframe><\/p>\n<p>11h00 \u2013 Confer\u00eancia<br \/>\nZoom out: \u201cComunicar encontrando as pessoas onde est\u00e3o e como s\u00e3o\u201d (Papa Francisco)<br \/>\nNelson Ribeiro,\u00a0<em>diretor da Faculdade de Ci\u00eancias Humanas da UCP<br \/>\n<\/em><em>Moderadora: Bethania Pagin, Gabinete de Comunica\u00e7\u00e3o e Imagem da Uni\u00e3o das Miseric\u00f3rdias<\/em><\/p>\n<p><iframe loading=\"lazy\" title=\"Confer\u00eancia de Nelson Ribeiro \u00abZoom out: \u201cComunicar encontrando as pessoas onde est\u00e3o e como s\u00e3o\u201d\u00bb.\" width=\"1080\" height=\"608\" src=\"https:\/\/www.youtube.com\/embed\/ycD97rroQUs?feature=oembed\"  allow=\"accelerometer; autoplay; clipboard-write; encrypted-media; gyroscope; picture-in-picture\" allowfullscreen><\/iframe><\/p>\n<p>12h30 \u2013\u00a0 Encerramento<\/p>\n<p><a href=\"https:\/\/sites.ecclesia.pt\/jornadas2021\/wp-content\/uploads\/2021\/07\/JNCS2021_Programaa.pdf\">[PDF]<\/a><\/p>\n<\/div><\/div><\/div><\/div><\/div><\/div>\n<p>[\/et_pb_tab][et_pb_tab title=&#8221;DOSSIER CONFERENCISTAS&#8221; title_tablet=&#8221;INSCRI\u00c7\u00d5ES&#8221; title_phone=&#8221;INSCRI\u00c7\u00d5ES&#8221; _builder_version=&#8221;4.10.5&#8243; _module_preset=&#8221;default&#8221; vertical_offset_tablet=&#8221;0&#8243; vertical_offset_phone=&#8221;0&#8243; horizontal_offset_tablet=&#8221;0&#8243; horizontal_offset_phone=&#8221;0&#8243; background_color_gradient_direction_tablet=&#8221;180deg&#8221; background_color_gradient_direction_phone=&#8221;180deg&#8221; background_color_gradient_start_position_tablet=&#8221;0%&#8221; background_color_gradient_start_position_phone=&#8221;0%&#8221; background_color_gradient_end_position_tablet=&#8221;100%&#8221; background_color_gradient_end_position_phone=&#8221;100%&#8221; z_index_tablet=&#8221;0&#8243; z_index_phone=&#8221;0&#8243; hover_transition_duration_tablet=&#8221;300ms&#8221; hover_transition_duration_phone=&#8221;300ms&#8221; hover_transition_delay_tablet=&#8221;0ms&#8221; hover_transition_delay_phone=&#8221;0ms&#8221; body_text_shadow_horizontal_length_tablet=&#8221;0px&#8221; body_text_shadow_horizontal_length_phone=&#8221;0px&#8221; body_text_shadow_vertical_length_tablet=&#8221;0px&#8221; body_text_shadow_vertical_length_phone=&#8221;0px&#8221; body_text_shadow_blur_strength_tablet=&#8221;1px&#8221; body_text_shadow_blur_strength_phone=&#8221;1px&#8221; tab_text_shadow_horizontal_length_tablet=&#8221;0px&#8221; tab_text_shadow_horizontal_length_phone=&#8221;0px&#8221; tab_text_shadow_vertical_length_tablet=&#8221;0px&#8221; tab_text_shadow_vertical_length_phone=&#8221;0px&#8221; tab_text_shadow_blur_strength_tablet=&#8221;1px&#8221; tab_text_shadow_blur_strength_phone=&#8221;1px&#8221; body_link_text_shadow_horizontal_length_tablet=&#8221;0px&#8221; body_link_text_shadow_horizontal_length_phone=&#8221;0px&#8221; body_link_text_shadow_vertical_length_tablet=&#8221;0px&#8221; body_link_text_shadow_vertical_length_phone=&#8221;0px&#8221; body_link_text_shadow_blur_strength_tablet=&#8221;1px&#8221; body_link_text_shadow_blur_strength_phone=&#8221;1px&#8221; body_ul_text_shadow_horizontal_length_tablet=&#8221;0px&#8221; body_ul_text_shadow_horizontal_length_phone=&#8221;0px&#8221; body_ul_text_shadow_vertical_length_tablet=&#8221;0px&#8221; body_ul_text_shadow_vertical_length_phone=&#8221;0px&#8221; body_ul_text_shadow_blur_strength_tablet=&#8221;1px&#8221; body_ul_text_shadow_blur_strength_phone=&#8221;1px&#8221; body_ol_text_shadow_horizontal_length_tablet=&#8221;0px&#8221; body_ol_text_shadow_horizontal_length_phone=&#8221;0px&#8221; body_ol_text_shadow_vertical_length_tablet=&#8221;0px&#8221; body_ol_text_shadow_vertical_length_phone=&#8221;0px&#8221; body_ol_text_shadow_blur_strength_tablet=&#8221;1px&#8221; body_ol_text_shadow_blur_strength_phone=&#8221;1px&#8221; body_quote_text_shadow_horizontal_length_tablet=&#8221;0px&#8221; body_quote_text_shadow_horizontal_length_phone=&#8221;0px&#8221; body_quote_text_shadow_vertical_length_tablet=&#8221;0px&#8221; body_quote_text_shadow_vertical_length_phone=&#8221;0px&#8221; body_quote_text_shadow_blur_strength_tablet=&#8221;1px&#8221; body_quote_text_shadow_blur_strength_phone=&#8221;1px&#8221; global_colors_info=&#8221;{}&#8221;]<\/p>\n<div class=\"pt-cv-wrapper et_smooth_scroll_disabled\"><div class=\"pt-cv-view pt-cv-grid pt-cv-colsys\" id=\"pt-cv-view-49239ff8uk\"><div data-id=\"pt-cv-page-1\" class=\"pt-cv-page\" data-cvc=\"1\"><div class=\"col-md-12 col-sm-12 col-xs-12 pt-cv-content-item pt-cv-1-col\" ><div class='pt-cv-ifield'><div class=\"pt-cv-content\"><p><br \/><br \/>\n<br \/><\/p>\n<h3><a href=\"https:\/\/sites.ecclesia.pt\/jornadas2021\/wp-content\/uploads\/2021\/09\/jornadas2021-dossier.pdf\" target=\"_blank\" rel=\"noopener\">DOSSIER CONFERENCISTAS (pdf)<\/a><\/h3>\n<\/div><\/div><\/div><\/div><\/div><\/div>\n<p>[\/et_pb_tab][\/et_pb_tabs][\/et_pb_column][\/et_pb_row][\/et_pb_section]<\/p>\n","protected":false},"excerpt":{"rendered":"<p><div class=\"pt-cv-wrapper et_smooth_scroll_disabled\"><div class=\"pt-cv-view pt-cv-grid pt-cv-colsys\" id=\"pt-cv-view-cc2a803u7b\"><div data-id=\"pt-cv-page-1\" class=\"pt-cv-page\" data-cvc=\"1\"><div class=\"col-md-12 col-sm-12 col-xs-12 pt-cv-content-item pt-cv-1-col\" ><div class='pt-cv-ifield'><div class=\"pt-cv-content\"><p>Lisboa, 2 de Setembro de 2021<\/p>\n<p>Ex.mo(a) Senhor(a)<\/p>\n<p>Como tem vindo a ser j\u00e1 habitual, o Secretariado Nacional das Comunica\u00e7\u00f5es Sociais, da Confer\u00eancia Episcopal Portuguesa, ir\u00e1 realizar as pr\u00f3ximas Jornadas de Comunica\u00e7\u00e3o Social, nos pr\u00f3ximos dias 23 e 24 de Setembro.<\/p>\n<p>Este ano, atrav\u00e9s do lema \u00abzoom in\/zoom out\u00bb, vamos partilhar esta forma de olhar para o tempo que vivemos tendo sempre como lente o papel da comunica\u00e7\u00e3o.<\/p>\n<p>Para facilitar a participa\u00e7\u00e3o, os interessados poder\u00e3o optar pela via presencial, na Domus Carmeli, F\u00e1tima, ou por via digital.<\/p>\n<p>Do programa, constar\u00e1 a partilha feita por cada Secretariado Diocesano acerca de experi\u00eancia ou projetos que marcaram a vida pastoral diocesana; contamos tamb\u00e9m com a interven\u00e7\u00e3o do Secret\u00e1rio da Comiss\u00e3o das Comunica\u00e7\u00f5es Sociais de Espanha, padre Jos\u00e9 Gabriel Vera, para nos falar sobre a sua experi\u00eancia, an\u00e1lise e perspetivas de futuro, no plano da Comunica\u00e7\u00e3o das Dioceses; ap\u00f3s um painel de convidados para quem a comunica\u00e7\u00e3o \u00e9 decisiva nas suas \u00e1reas de interven\u00e7\u00e3o, que poderemos definir \u00e0 volta de cinco verbos &#8211; Incluir, Apoiar, Aprender, Conhecer e Aproximar &#8211; as Jornadas encerrar\u00e3o com a interven\u00e7\u00e3o do diretor da Faculdade de Ci\u00eancias Humanas, da Universidade Cat\u00f3lica de Lisboa, doutor Nelson Ribeiro, que tem dedicado grande parte da sua vida acad\u00e9mica ao estudo da Comunica\u00e7\u00e3o<\/p>\n<p>As Jornadas iniciar-se-\u00e3o \u00e0s 14h30, do dia 23 de Setembro e terminar\u00e3o no dia seguinte, \u00e0s 12h30.<\/p>\n<p>Dada a import\u00e2ncia do tema a tratar e do enriquecimento que nos d\u00e1 a sua presen\u00e7a, aguardamos pela sua inscri\u00e7\u00e3o e pela sua participa\u00e7\u00e3o.<\/p>\n<p>Receba as minhas cordiais sauda\u00e7\u00f5es<\/p>\n<p><em>D. Jo\u00e3o Lavrador<\/em><br \/>\n<em>Presidente da Comiss\u00e3o Episcopal da Cultura, Bens Culturais e Comunica\u00e7\u00f5es Sociais<\/em><\/p>\n<\/div><\/div><\/div><\/div><\/div><\/div> <div class=\"pt-cv-wrapper et_smooth_scroll_disabled\"><div class=\"pt-cv-view pt-cv-grid pt-cv-colsys\" id=\"pt-cv-view-191d766edf\"><div data-id=\"pt-cv-page-1\" class=\"pt-cv-page\" data-cvc=\"1\"><div class=\"col-md-12 col-sm-12 col-xs-12 pt-cv-content-item pt-cv-1-col\" ><div class='pt-cv-ifield'><div class=\"pt-cv-content\"><h3><strong>Dia 23 de setembro<\/strong><\/h3>\n<p><iframe loading=\"lazy\" title=\"Confinamentos e Comunica\u00e7\u00e3o. Jornadas Nacionais de Comunicac\u0327a\u0303o Social\" width=\"1080\" height=\"608\" src=\"https:\/\/www.youtube.com\/embed\/76yMZDwgKBs?feature=oembed\"  allow=\"accelerometer; autoplay; clipboard-write; encrypted-media; gyroscope; picture-in-picture\" allowfullscreen><\/iframe><\/p>\n<p>14h30 \u2013 Abertura<br \/>\nD. Jo\u00e3o Lavrador,\u00a0<em>presidente da Comiss\u00e3o Episcopal da Cultura, Bens Culturais e Comunica\u00e7\u00f5es Sociais<br \/>\n<\/em>Isabel Figueiredo,\u00a0<em>diretora do Secretariado Nacional das Comunica\u00e7\u00f5es Sociais<\/em><\/p>\n<p>15h00 \u2013 Zoom in: Experi\u00eancias de comunica\u00e7\u00e3o &#8211; Secretariados Diocesanos das Comunica\u00e7\u00f5es Sociais<br \/>\n<em>Moderadora: Leopoldina Reis Sim\u00f5es, assessora de comunica\u00e7\u00e3o<\/em><\/p>\n<p>17h00 \u2013 Confer\u00eancia<br \/>\nZoom out: An\u00e1lise e perspetivas<br \/>\nPadre Jos\u00e9 Gabriel Vera,\u00a0<em>secretario da Comiss\u00e3o Episcopal das Comunica\u00e7\u00f5es Sociais da Confer\u00eancia Episcopal de Espanha<br \/>\n<\/em><em>Moderador: Oct\u00e1vio Carmo, Ag\u00eancia Ecclesia<\/em><\/p>\n<p><iframe loading=\"lazy\" title=\"Padre Jos\u00e9 Gabriel Vera - Comunicar no p\u00f3s-pandemia\" width=\"1080\" height=\"608\" src=\"https:\/\/www.youtube.com\/embed\/1AVQF43yFJg?feature=oembed\"  allow=\"accelerometer; autoplay; clipboard-write; encrypted-media; gyroscope; picture-in-picture\" allowfullscreen><\/iframe><\/p>\n<p>&nbsp;<\/p>\n<h4><strong>Dia 24 de setembro\u00a0<\/strong><\/h4>\n<p>09h00 \u2013 <em>Zoom in: Roteiros de Comunica\u00e7\u00e3o<br \/>\n<\/em>Apoiar \u2013 Rita Valadas, presidente da C\u00e1ritas Portuguesa<br \/>\nAprender \u2013 Jaime Barbosa, Irm\u00e3o Marista [<a href=\"https:\/\/sites.ecclesia.pt\/jornadas2021\/wp-content\/uploads\/2021\/07\/comunicacao_jcs_2021.pdf\" target=\"_blank\" rel=\"noopener\">Comunica\u00e7\u00e3o<\/a>]<br \/>\nAproximar \u2013 Lu\u00eds Jacob, presidente da Dire\u00e7\u00e3o da RUTIS [ <a href=\"https:\/\/sites.ecclesia.pt\/jornadas2021\/wp-content\/uploads\/2021\/07\/RUTIS_jcs_2021.pdf\" target=\"_blank\" rel=\"noopener\">RUTIS_jcs_2021<\/a> ]<br \/>\nConhecer \u2013 Margarida Franca e Sandra Moreira, Obra Nacional da Pastoral do Turismo <a href=\"https:\/\/sites.ecclesia.pt\/jornadas2021\/wp-content\/uploads\/2021\/07\/APT_GIDAlg_jornadas-2021.pdf\" target=\"_blank\" rel=\"noopener\">[ GIDALGARVE ]<\/a> <a href=\"https:\/\/sites.ecclesia.pt\/jornadas2021\/wp-content\/uploads\/2021\/07\/pastoral-turismo_jcs_2021.pdf\" target=\"_blank\" rel=\"noopener\">[ PASTORAL DO TURISMO ]<\/a><br \/>\nIncluir \u2013 Carmo Diniz, diretora do Servi\u00e7o de Pastoral a Pessoas com Defici\u00eancia\/Lisboa<br \/>\n<em>Moderador: Jos\u00e9 Furtado, Jornal Reconquista<\/em><\/p>\n<p><iframe loading=\"lazy\" title=\"Zoom in: Roteiros de Comunica\u00e7\u00e3o. Jornadas de Comunica\u00e7\u00e3o Social\" width=\"1080\" height=\"608\" src=\"https:\/\/www.youtube.com\/embed\/xjpAc50jbMM?feature=oembed\"  allow=\"accelerometer; autoplay; clipboard-write; encrypted-media; gyroscope; picture-in-picture\" allowfullscreen><\/iframe><\/p>\n<p>11h00 \u2013 Confer\u00eancia<br \/>\nZoom out: \u201cComunicar encontrando as pessoas onde est\u00e3o e como s\u00e3o\u201d (Papa Francisco)<br \/>\nNelson Ribeiro,\u00a0<em>diretor da Faculdade de Ci\u00eancias Humanas da UCP<br \/>\n<\/em><em>Moderadora: Bethania Pagin, Gabinete de Comunica\u00e7\u00e3o e Imagem da Uni\u00e3o das Miseric\u00f3rdias<\/em><\/p>\n<p><iframe loading=\"lazy\" title=\"Confer\u00eancia de Nelson Ribeiro \u00abZoom out: \u201cComunicar encontrando as pessoas onde est\u00e3o e como s\u00e3o\u201d\u00bb.\" width=\"1080\" height=\"608\" src=\"https:\/\/www.youtube.com\/embed\/ycD97rroQUs?feature=oembed\"  allow=\"accelerometer; autoplay; clipboard-write; encrypted-media; gyroscope; picture-in-picture\" allowfullscreen><\/iframe><\/p>\n<p>12h30 \u2013\u00a0 Encerramento<\/p>\n<p><a href=\"https:\/\/sites.ecclesia.pt\/jornadas2021\/wp-content\/uploads\/2021\/07\/JNCS2021_Programaa.pdf\">[PDF]<\/a><\/p>\n<\/div><\/div><\/div><\/div><\/div><\/div> <div class=\"pt-cv-wrapper et_smooth_scroll_disabled\"><div class=\"pt-cv-view pt-cv-grid pt-cv-colsys\" id=\"pt-cv-view-49239ff8uk\"><div data-id=\"pt-cv-page-1\" class=\"pt-cv-page\" data-cvc=\"1\"><div class=\"col-md-12 col-sm-12 col-xs-12 pt-cv-content-item pt-cv-1-col\" ><div class='pt-cv-ifield'><div class=\"pt-cv-content\"><p><br \/><br \/>\n<br \/><\/p>\n<h3><a href=\"https:\/\/sites.ecclesia.pt\/jornadas2021\/wp-content\/uploads\/2021\/09\/jornadas2021-dossier.pdf\" target=\"_blank\" rel=\"noopener\">DOSSIER CONFERENCISTAS (pdf)<\/a><\/h3>\n<\/div><\/div><\/div><\/div><\/div><\/div><\/p>\n","protected":false},"author":1,"featured_media":0,"parent":0,"menu_order":0,"comment_status":"closed","ping_status":"closed","template":"page-template-blank.php","meta":{"_et_pb_use_builder":"on","_et_pb_old_content":"","_et_gb_content_width":"","footnotes":""},"class_list":["post-13","page","type-page","status-publish","hentry"],"_links":{"self":[{"href":"https:\/\/sites.ecclesia.pt\/jornadas2021\/wp-json\/wp\/v2\/pages\/13","targetHints":{"allow":["GET"]}}],"collection":[{"href":"https:\/\/sites.ecclesia.pt\/jornadas2021\/wp-json\/wp\/v2\/pages"}],"about":[{"href":"https:\/\/sites.ecclesia.pt\/jornadas2021\/wp-json\/wp\/v2\/types\/page"}],"author":[{"embeddable":true,"href":"https:\/\/sites.ecclesia.pt\/jornadas2021\/wp-json\/wp\/v2\/users\/1"}],"replies":[{"embeddable":true,"href":"https:\/\/sites.ecclesia.pt\/jornadas2021\/wp-json\/wp\/v2\/comments?post=13"}],"version-history":[{"count":18,"href":"https:\/\/sites.ecclesia.pt\/jornadas2021\/wp-json\/wp\/v2\/pages\/13\/revisions"}],"predecessor-version":[{"id":71,"href":"https:\/\/sites.ecclesia.pt\/jornadas2021\/wp-json\/wp\/v2\/pages\/13\/revisions\/71"}],"wp:attachment":[{"href":"https:\/\/sites.ecclesia.pt\/jornadas2021\/wp-json\/wp\/v2\/media?parent=13"}],"curies":[{"name":"wp","href":"https:\/\/api.w.org\/{rel}","templated":true}]}}