{"id":69,"date":"2020-01-03T11:19:43","date_gmt":"2020-01-03T11:19:43","guid":{"rendered":"http:\/\/sites.ecclesia.pt\/maac\/?page_id=69"},"modified":"2020-01-03T15:17:17","modified_gmt":"2020-01-03T15:17:17","slug":"actividades","status":"publish","type":"page","link":"https:\/\/sites.ecclesia.pt\/maac\/actividades\/","title":{"rendered":"Not\u00edcias"},"content":{"rendered":"<p>[et_pb_section bb_built=&#8221;1&#8243;][et_pb_row][et_pb_column type=&#8221;4_4&#8243;][et_pb_text]<\/p>\n<div class=\"pt-cv-wrapper et_smooth_scroll_disabled\"><div class=\"pt-cv-view pt-cv-grid pt-cv-colsys\" id=\"pt-cv-view-50cd39fkr3\"><div data-id=\"pt-cv-page-1\" class=\"pt-cv-page\" data-cvc=\"4\"><div class=\"col-md-3 col-sm-6 col-xs-12 pt-cv-content-item pt-cv-1-col\" ><div class='pt-cv-ifield'><a href=\"https:\/\/sites.ecclesia.pt\/maac\/2023\/11\/06\/vaticano-jovem-portugues-tomas-adrego-participa-em-encontro-mundial-com-o-papa\/\" class=\"_self pt-cv-href-thumbnail pt-cv-thumb-default\" target=\"_self\" ><img loading=\"lazy\" decoding=\"async\" width=\"400\" height=\"284\" src=\"https:\/\/sites.ecclesia.pt\/maac\/wp-content\/uploads\/2023\/11\/Tomas-vaticano-400x284.jpg\" class=\"pt-cv-thumbnail\" alt=\"\" \/><\/a>\n<h5 class=\"pt-cv-title\"><a href=\"https:\/\/sites.ecclesia.pt\/maac\/2023\/11\/06\/vaticano-jovem-portugues-tomas-adrego-participa-em-encontro-mundial-com-o-papa\/\" class=\"_self\" target=\"_self\" >Vaticano: Jovem portugu\u00eas Tom\u00e1s Adrego participa em encontro mundial com o Papa<\/a><\/h5>\n<div class=\"pt-cv-meta-fields\"><span class=\"entry-date\"> <time datetime=\"2023-11-06T16:39:40+00:00\">Novembro 6, 2023<\/time><\/span><\/div><\/div><\/div>\n<div class=\"col-md-3 col-sm-6 col-xs-12 pt-cv-content-item pt-cv-1-col\" ><div class='pt-cv-ifield'><a href=\"https:\/\/sites.ecclesia.pt\/maac\/2023\/11\/06\/tomas-adrego-de-12-anos-e-escolhido-para-conhecer-o-papa-francisco-num-encontro-de-criancas-no-vaticano\/\" class=\"_self pt-cv-href-thumbnail pt-cv-thumb-default\" target=\"_self\" ><img loading=\"lazy\" decoding=\"async\" width=\"400\" height=\"284\" src=\"https:\/\/sites.ecclesia.pt\/maac\/wp-content\/uploads\/2023\/11\/Tomas-Adrego-400x284.jpg\" class=\"pt-cv-thumbnail\" alt=\"\" \/><\/a>\n<h5 class=\"pt-cv-title\"><a href=\"https:\/\/sites.ecclesia.pt\/maac\/2023\/11\/06\/tomas-adrego-de-12-anos-e-escolhido-para-conhecer-o-papa-francisco-num-encontro-de-criancas-no-vaticano\/\" class=\"_self\" target=\"_self\" >Tom\u00e1s Adrego de 12 anos \u00e9 escolhido para conhecer o Papa Francisco num encontro de crian\u00e7as no Vaticano<\/a><\/h5>\n<div class=\"pt-cv-meta-fields\"><span class=\"entry-date\"> <time datetime=\"2023-11-06T16:26:37+00:00\">Novembro 6, 2023<\/time><\/span><\/div><\/div><\/div>\n<div class=\"col-md-3 col-sm-6 col-xs-12 pt-cv-content-item pt-cv-1-col\" ><div class='pt-cv-ifield'><a href=\"https:\/\/sites.ecclesia.pt\/maac\/2020\/12\/08\/xvii-assembleia-nacional-maac\/\" class=\"_self pt-cv-href-thumbnail pt-cv-thumb-default\" target=\"_self\" ><img loading=\"lazy\" decoding=\"async\" width=\"400\" height=\"284\" src=\"https:\/\/sites.ecclesia.pt\/maac\/wp-content\/uploads\/2020\/12\/AssNacMAAC-2020-400x284.jpg\" class=\"pt-cv-thumbnail\" alt=\"\" \/><\/a>\n<h5 class=\"pt-cv-title\"><a href=\"https:\/\/sites.ecclesia.pt\/maac\/2020\/12\/08\/xvii-assembleia-nacional-maac\/\" class=\"_self\" target=\"_self\" >XVII Assembleia Nacional MAAC<\/a><\/h5>\n<div class=\"pt-cv-meta-fields\"><span class=\"entry-date\"> <time datetime=\"2020-12-08T19:12:15+00:00\">Dezembro 8, 2020<\/time><\/span><\/div><\/div><\/div>\n<div class=\"col-md-3 col-sm-6 col-xs-12 pt-cv-content-item pt-cv-1-col\" ><div class='pt-cv-ifield'><a href=\"https:\/\/sites.ecclesia.pt\/maac\/2019\/08\/03\/iii-acampamento-nacional-do-maac\/\" class=\"_self pt-cv-href-thumbnail pt-cv-thumb-default\" target=\"_self\" ><img loading=\"lazy\" decoding=\"async\" width=\"400\" height=\"284\" src=\"https:\/\/sites.ecclesia.pt\/maac\/wp-content\/uploads\/2020\/06\/19-Large-400x284.jpg\" class=\"pt-cv-thumbnail\" alt=\"\" \/><\/a>\n<h5 class=\"pt-cv-title\"><a href=\"https:\/\/sites.ecclesia.pt\/maac\/2019\/08\/03\/iii-acampamento-nacional-do-maac\/\" class=\"_self\" target=\"_self\" >III Acampamento Nacional do MAAC<\/a><\/h5>\n<div class=\"pt-cv-meta-fields\"><span class=\"entry-date\"> <time datetime=\"2019-08-03T16:25:29+00:00\">Agosto 3, 2019<\/time><\/span><\/div><\/div><\/div>\n<div class=\"col-md-3 col-sm-6 col-xs-12 pt-cv-content-item pt-cv-1-col\" ><div class='pt-cv-ifield'><a href=\"https:\/\/sites.ecclesia.pt\/maac\/2019\/05\/15\/encontro-internacional-e-assembleia-geral-do-midade\/\" class=\"_self pt-cv-href-thumbnail pt-cv-thumb-default\" target=\"_self\" ><img loading=\"lazy\" decoding=\"async\" width=\"400\" height=\"284\" src=\"https:\/\/sites.ecclesia.pt\/maac\/wp-content\/uploads\/2019\/05\/EI-do-MIDADE-com-Liliana-400x284.jpg\" class=\"pt-cv-thumbnail\" alt=\"\" \/><\/a>\n<h5 class=\"pt-cv-title\"><a href=\"https:\/\/sites.ecclesia.pt\/maac\/2019\/05\/15\/encontro-internacional-e-assembleia-geral-do-midade\/\" class=\"_self\" target=\"_self\" >Encontro Internacional e Assembleia Geral do MIDADE<\/a><\/h5>\n<div class=\"pt-cv-meta-fields\"><span class=\"entry-date\"> <time datetime=\"2019-05-15T17:24:27+00:00\">Maio 15, 2019<\/time><\/span><\/div><\/div><\/div>\n<div class=\"col-md-3 col-sm-6 col-xs-12 pt-cv-content-item pt-cv-1-col\" ><div class='pt-cv-ifield'><a href=\"https:\/\/sites.ecclesia.pt\/maac\/2015\/06\/01\/comunicado-do-maac-dia-mundial-da-crianca-2015\/\" class=\"_self pt-cv-href-thumbnail pt-cv-thumb-default\" target=\"_self\" ><img loading=\"lazy\" decoding=\"async\" width=\"400\" height=\"284\" src=\"https:\/\/sites.ecclesia.pt\/maac\/wp-content\/uploads\/2012\/03\/enca4-400x284.jpg\" class=\"pt-cv-thumbnail\" alt=\"\" \/><\/a>\n<h5 class=\"pt-cv-title\"><a href=\"https:\/\/sites.ecclesia.pt\/maac\/2015\/06\/01\/comunicado-do-maac-dia-mundial-da-crianca-2015\/\" class=\"_self\" target=\"_self\" >Comunicado do MAAC &#8211; Dia Mundial da Crian\u00e7a 2015<\/a><\/h5>\n<div class=\"pt-cv-meta-fields\"><span class=\"entry-date\"> <time datetime=\"2015-06-01T21:21:02+00:00\">Junho 1, 2015<\/time><\/span><\/div><\/div><\/div>\n<div class=\"col-md-3 col-sm-6 col-xs-12 pt-cv-content-item pt-cv-1-col\" ><div class='pt-cv-ifield'><a href=\"https:\/\/sites.ecclesia.pt\/maac\/2014\/06\/21\/todos-nos-formamos-uma-corrente-solidaria-a-volta-do-mundo\/\" class=\"_self pt-cv-href-thumbnail pt-cv-thumb-default\" target=\"_self\" ><img loading=\"lazy\" decoding=\"async\" width=\"400\" height=\"284\" src=\"https:\/\/sites.ecclesia.pt\/maac\/wp-content\/uploads\/2014\/06\/foto-assembleia-400x284.jpg\" class=\"pt-cv-thumbnail\" alt=\"\" \/><\/a>\n<h5 class=\"pt-cv-title\"><a href=\"https:\/\/sites.ecclesia.pt\/maac\/2014\/06\/21\/todos-nos-formamos-uma-corrente-solidaria-a-volta-do-mundo\/\" class=\"_self\" target=\"_self\" >14\u00aa Assembleia Nacional do MAAC<\/a><\/h5>\n<div class=\"pt-cv-meta-fields\"><span class=\"entry-date\"> <time datetime=\"2014-06-21T18:47:45+00:00\">Junho 21, 2014<\/time><\/span><\/div><\/div><\/div>\n<div class=\"col-md-3 col-sm-6 col-xs-12 pt-cv-content-item pt-cv-1-col\" ><div class='pt-cv-ifield'><a href=\"https:\/\/sites.ecclesia.pt\/maac\/2014\/03\/06\/mensagem-das-criancas-do-maac-de-portugal-para-a-siria\/\" class=\"_self pt-cv-href-thumbnail pt-cv-thumb-default\" target=\"_self\" ><img loading=\"lazy\" decoding=\"async\" width=\"400\" height=\"284\" src=\"https:\/\/sites.ecclesia.pt\/maac\/wp-content\/uploads\/2014\/03\/l1120593-400x284.jpg\" class=\"pt-cv-thumbnail\" alt=\"\" \/><\/a>\n<h5 class=\"pt-cv-title\"><a href=\"https:\/\/sites.ecclesia.pt\/maac\/2014\/03\/06\/mensagem-das-criancas-do-maac-de-portugal-para-a-siria\/\" class=\"_self\" target=\"_self\" >Mensagem das crian\u00e7as do MAAC de Portugal para a S\u00edria<\/a><\/h5>\n<div class=\"pt-cv-meta-fields\"><span class=\"entry-date\"> <time datetime=\"2014-03-06T17:32:35+00:00\">Mar\u00e7o 6, 2014<\/time><\/span><\/div><\/div><\/div>\n<div class=\"col-md-3 col-sm-6 col-xs-12 pt-cv-content-item pt-cv-1-col\" ><div class='pt-cv-ifield'><a href=\"https:\/\/sites.ecclesia.pt\/maac\/2014\/02\/20\/encontro-nacional-de-delegados-2014\/\" class=\"_self pt-cv-href-thumbnail pt-cv-thumb-default\" target=\"_self\" ><img loading=\"lazy\" decoding=\"async\" width=\"400\" height=\"284\" src=\"https:\/\/sites.ecclesia.pt\/maac\/wp-content\/uploads\/2014\/02\/inscrio-end-2014-page-001-400x284.jpg\" class=\"pt-cv-thumbnail\" alt=\"\" \/><\/a>\n<h5 class=\"pt-cv-title\"><a href=\"https:\/\/sites.ecclesia.pt\/maac\/2014\/02\/20\/encontro-nacional-de-delegados-2014\/\" class=\"_self\" target=\"_self\" >Encontro Nacional de Delegados &#8211; 2014<\/a><\/h5>\n<div class=\"pt-cv-meta-fields\"><span class=\"entry-date\"> <time datetime=\"2014-02-20T19:10:58+00:00\">Fevereiro 20, 2014<\/time><\/span><\/div><\/div><\/div>\n<div class=\"col-md-3 col-sm-6 col-xs-12 pt-cv-content-item pt-cv-1-col\" ><div class='pt-cv-ifield'><a href=\"https:\/\/sites.ecclesia.pt\/maac\/2012\/08\/08\/o-que-nos-une-acampamento-interdiocesano\/\" class=\"_self pt-cv-href-thumbnail pt-cv-thumb-default\" target=\"_self\" ><img loading=\"lazy\" decoding=\"async\" width=\"400\" height=\"284\" src=\"https:\/\/sites.ecclesia.pt\/maac\/wp-content\/uploads\/2012\/08\/527142_420715804636605_1984293879_n-400x284.jpg\" class=\"pt-cv-thumbnail\" alt=\"\" \/><\/a>\n<h5 class=\"pt-cv-title\"><a href=\"https:\/\/sites.ecclesia.pt\/maac\/2012\/08\/08\/o-que-nos-une-acampamento-interdiocesano\/\" class=\"_self\" target=\"_self\" >\u201cO que nos une?\u201d &#8211; Acampamento Interdiocesano<\/a><\/h5>\n<div class=\"pt-cv-meta-fields\"><span class=\"entry-date\"> <time datetime=\"2012-08-08T18:42:42+00:00\">Agosto 8, 2012<\/time><\/span><\/div><\/div><\/div>\n<div class=\"col-md-3 col-sm-6 col-xs-12 pt-cv-content-item pt-cv-1-col\" ><div class='pt-cv-ifield'><a href=\"https:\/\/sites.ecclesia.pt\/maac\/2012\/06\/04\/midade\/\" class=\"_self pt-cv-href-thumbnail pt-cv-thumb-default\" target=\"_self\" ><img loading=\"lazy\" decoding=\"async\" width=\"284\" height=\"150\" src=\"https:\/\/sites.ecclesia.pt\/maac\/wp-content\/uploads\/2012\/06\/logo-midade.jpg\" class=\"pt-cv-thumbnail\" alt=\"\" \/><\/a>\n<h5 class=\"pt-cv-title\"><a href=\"https:\/\/sites.ecclesia.pt\/maac\/2012\/06\/04\/midade\/\" class=\"_self\" target=\"_self\" >Dia do MIDADE<\/a><\/h5>\n<div class=\"pt-cv-meta-fields\"><span class=\"entry-date\"> <time datetime=\"2012-06-04T17:27:20+00:00\">Junho 4, 2012<\/time><\/span><\/div><\/div><\/div>\n<div class=\"col-md-3 col-sm-6 col-xs-12 pt-cv-content-item pt-cv-1-col\" ><div class='pt-cv-ifield'><a href=\"https:\/\/sites.ecclesia.pt\/maac\/2012\/03\/27\/enca-2012\/\" class=\"_self pt-cv-href-thumbnail pt-cv-thumb-default\" target=\"_self\" ><img loading=\"lazy\" decoding=\"async\" width=\"400\" height=\"284\" src=\"https:\/\/sites.ecclesia.pt\/maac\/wp-content\/uploads\/2012\/03\/enca4-400x284.jpg\" class=\"pt-cv-thumbnail\" alt=\"\" \/><\/a>\n<h5 class=\"pt-cv-title\"><a href=\"https:\/\/sites.ecclesia.pt\/maac\/2012\/03\/27\/enca-2012\/\" class=\"_self\" target=\"_self\" >novo! ENCA 2012 &#8211; fotos e artigo<\/a><\/h5>\n<div class=\"pt-cv-meta-fields\"><span class=\"entry-date\"> <time datetime=\"2012-03-27T14:22:56+00:00\">Mar\u00e7o 27, 2012<\/time><\/span><\/div><\/div><\/div><\/div><\/div>\n<div class=\" pt-cv-pagination-wrapper\"><ul class=\"pt-cv-pagination pt-cv-ajax pagination\" data-totalpages=\"2\" data-currentpage=\"1\" data-sid=\"50cd39fkr3\" data-unid=\"\" data-isblock=\"\" data-postid=\"\"><li class=\"active\"><a href=\"#\">1<\/a><\/li>\n\t<li ><a class=\"\" href=\"https:\/\/sites.ecclesia.pt\/maac\/wp-json\/wp\/v2\/pages\/69\/?_page=2\">2<\/a><\/li>\n\t<li ><a class=\" \" href=\"https:\/\/sites.ecclesia.pt\/maac\/wp-json\/wp\/v2\/pages\/69\/?_page=2\">&rsaquo;<\/a><\/li>\n\t<\/ul><img loading=\"lazy\" decoding=\"async\" width=\"15\" height=\"15\" class=\"pt-cv-spinner\" alt=\"Loading...\" src=\"data:image\/gif;base64,R0lGODlhDwAPALMPAMrKygwMDJOTkz09PZWVla+vr3p6euTk5M7OzuXl5TMzMwAAAJmZmWZmZszMzP\/\/\/yH\/C05FVFNDQVBFMi4wAwEAAAAh+QQFCgAPACwAAAAADwAPAAAEQvDJaZaZOIcV8iQK8VRX4iTYoAwZ4iCYoAjZ4RxejhVNoT+mRGP4cyF4Pp0N98sBGIBMEMOotl6YZ3S61Bmbkm4mAgAh+QQFCgAPACwAAAAADQANAAAENPDJSRSZeA418itN8QiK8BiLITVsFiyBBIoYqnoewAD4xPw9iY4XLGYSjkQR4UAUD45DLwIAIfkEBQoADwAsAAAAAA8ACQAABC\/wyVlamTi3nSdgwFNdhEJgTJoNyoB9ISYoQmdjiZPcj7EYCAeCF1gEDo4Dz2eIAAAh+QQFCgAPACwCAAAADQANAAAEM\/DJBxiYeLKdX3IJZT1FU0iIg2RNKx3OkZVnZ98ToRD4MyiDnkAh6BkNC0MvsAj0kMpHBAAh+QQFCgAPACwGAAAACQAPAAAEMDC59KpFDll73HkAA2wVY5KgiK5b0RRoI6MuzG6EQqCDMlSGheEhUAgqgUUAFRySIgAh+QQFCgAPACwCAAIADQANAAAEM\/DJKZNLND\/kkKaHc3xk+QAMYDKsiaqmZCxGVjSFFCxB1vwy2oOgIDxuucxAMTAJFAJNBAAh+QQFCgAPACwAAAYADwAJAAAEMNAs86q1yaWwwv2Ig0jUZx3OYa4XoRAfwADXoAwfo1+CIjyFRuEho60aSNYlOPxEAAAh+QQFCgAPACwAAAIADQANAAAENPA9s4y8+IUVcqaWJ4qEQozSoAzoIyhCK2NFU2SJk0hNnyEOhKR2AzAAj4Pj4GE4W0bkJQIAOw==\" \/><div class=\"clear pt-cv-clear-pagination\"><\/div><\/div><\/div>\n<p>[\/et_pb_text][\/et_pb_column][\/et_pb_row][\/et_pb_section]<\/p>\n","protected":false},"excerpt":{"rendered":"<p><div class=\"et_pb_row et_pb_row_0 et_pb_row_empty\">\n\t\t\t\t\n\t\t\t\t\n\t\t\t\t\n\t\t\t\t\n\t\t\t\t\n\t\t\t<\/div><div class=\"et_pb_module et_pb_text et_pb_text_0  et_pb_text_align_left et_pb_bg_layout_light\">\n\t\t\t\t\n\t\t\t\t\n\t\t\t\t\n\t\t\t\t\n\t\t\t\t\n\t\t\t<\/div> <div class=\"pt-cv-wrapper et_smooth_scroll_disabled\"><div class=\"pt-cv-view pt-cv-grid pt-cv-colsys\" id=\"pt-cv-view-50cd39fkr3\"><div data-id=\"pt-cv-page-1\" class=\"pt-cv-page\" data-cvc=\"4\"><div class=\"col-md-3 col-sm-6 col-xs-12 pt-cv-content-item pt-cv-1-col\" ><div class='pt-cv-ifield'><a href=\"https:\/\/sites.ecclesia.pt\/maac\/2023\/11\/06\/vaticano-jovem-portugues-tomas-adrego-participa-em-encontro-mundial-com-o-papa\/\" class=\"_self pt-cv-href-thumbnail pt-cv-thumb-default\" target=\"_self\" ><img width=\"400\" height=\"284\" src=\"https:\/\/sites.ecclesia.pt\/maac\/wp-content\/uploads\/2023\/11\/Tomas-vaticano-400x284.jpg\" class=\"pt-cv-thumbnail\" alt=\"\" decoding=\"async\" loading=\"lazy\" \/><\/a>\n<h5 class=\"pt-cv-title\"><a href=\"https:\/\/sites.ecclesia.pt\/maac\/2023\/11\/06\/vaticano-jovem-portugues-tomas-adrego-participa-em-encontro-mundial-com-o-papa\/\" class=\"_self\" target=\"_self\" >Vaticano: Jovem portugu\u00eas Tom\u00e1s Adrego participa em encontro mundial com o Papa<\/a><\/h5>\n<div class=\"pt-cv-meta-fields\"><span class=\"entry-date\"> <time datetime=\"2023-11-06T16:39:40+00:00\">Novembro 6, 2023<\/time><\/span><\/div><\/div><\/div>\n<div class=\"col-md-3 col-sm-6 col-xs-12 pt-cv-content-item pt-cv-1-col\" ><div class='pt-cv-ifield'><a href=\"https:\/\/sites.ecclesia.pt\/maac\/2023\/11\/06\/tomas-adrego-de-12-anos-e-escolhido-para-conhecer-o-papa-francisco-num-encontro-de-criancas-no-vaticano\/\" class=\"_self pt-cv-href-thumbnail pt-cv-thumb-default\" target=\"_self\" ><img width=\"400\" height=\"284\" src=\"https:\/\/sites.ecclesia.pt\/maac\/wp-content\/uploads\/2023\/11\/Tomas-Adrego-400x284.jpg\" class=\"pt-cv-thumbnail\" alt=\"\" decoding=\"async\" loading=\"lazy\" \/><\/a>\n<h5 class=\"pt-cv-title\"><a href=\"https:\/\/sites.ecclesia.pt\/maac\/2023\/11\/06\/tomas-adrego-de-12-anos-e-escolhido-para-conhecer-o-papa-francisco-num-encontro-de-criancas-no-vaticano\/\" class=\"_self\" target=\"_self\" >Tom\u00e1s Adrego de 12 anos \u00e9 escolhido para conhecer o Papa Francisco num encontro de crian\u00e7as no Vaticano<\/a><\/h5>\n<div class=\"pt-cv-meta-fields\"><span class=\"entry-date\"> <time datetime=\"2023-11-06T16:26:37+00:00\">Novembro 6, 2023<\/time><\/span><\/div><\/div><\/div>\n<div class=\"col-md-3 col-sm-6 col-xs-12 pt-cv-content-item pt-cv-1-col\" ><div class='pt-cv-ifield'><a href=\"https:\/\/sites.ecclesia.pt\/maac\/2020\/12\/08\/xvii-assembleia-nacional-maac\/\" class=\"_self pt-cv-href-thumbnail pt-cv-thumb-default\" target=\"_self\" ><img width=\"400\" height=\"284\" src=\"https:\/\/sites.ecclesia.pt\/maac\/wp-content\/uploads\/2020\/12\/AssNacMAAC-2020-400x284.jpg\" class=\"pt-cv-thumbnail\" alt=\"\" decoding=\"async\" loading=\"lazy\" \/><\/a>\n<h5 class=\"pt-cv-title\"><a href=\"https:\/\/sites.ecclesia.pt\/maac\/2020\/12\/08\/xvii-assembleia-nacional-maac\/\" class=\"_self\" target=\"_self\" >XVII Assembleia Nacional MAAC<\/a><\/h5>\n<div class=\"pt-cv-meta-fields\"><span class=\"entry-date\"> <time datetime=\"2020-12-08T19:12:15+00:00\">Dezembro 8, 2020<\/time><\/span><\/div><\/div><\/div>\n<div class=\"col-md-3 col-sm-6 col-xs-12 pt-cv-content-item pt-cv-1-col\" ><div class='pt-cv-ifield'><a href=\"https:\/\/sites.ecclesia.pt\/maac\/2019\/08\/03\/iii-acampamento-nacional-do-maac\/\" class=\"_self pt-cv-href-thumbnail pt-cv-thumb-default\" target=\"_self\" ><img width=\"400\" height=\"284\" src=\"https:\/\/sites.ecclesia.pt\/maac\/wp-content\/uploads\/2020\/06\/19-Large-400x284.jpg\" class=\"pt-cv-thumbnail\" alt=\"\" decoding=\"async\" loading=\"lazy\" \/><\/a>\n<h5 class=\"pt-cv-title\"><a href=\"https:\/\/sites.ecclesia.pt\/maac\/2019\/08\/03\/iii-acampamento-nacional-do-maac\/\" class=\"_self\" target=\"_self\" >III Acampamento Nacional do MAAC<\/a><\/h5>\n<div class=\"pt-cv-meta-fields\"><span class=\"entry-date\"> <time datetime=\"2019-08-03T16:25:29+00:00\">Agosto 3, 2019<\/time><\/span><\/div><\/div><\/div>\n<div class=\"col-md-3 col-sm-6 col-xs-12 pt-cv-content-item pt-cv-1-col\" ><div class='pt-cv-ifield'><a href=\"https:\/\/sites.ecclesia.pt\/maac\/2019\/05\/15\/encontro-internacional-e-assembleia-geral-do-midade\/\" class=\"_self pt-cv-href-thumbnail pt-cv-thumb-default\" target=\"_self\" ><img width=\"400\" height=\"284\" src=\"https:\/\/sites.ecclesia.pt\/maac\/wp-content\/uploads\/2019\/05\/EI-do-MIDADE-com-Liliana-400x284.jpg\" class=\"pt-cv-thumbnail\" alt=\"\" decoding=\"async\" loading=\"lazy\" \/><\/a>\n<h5 class=\"pt-cv-title\"><a href=\"https:\/\/sites.ecclesia.pt\/maac\/2019\/05\/15\/encontro-internacional-e-assembleia-geral-do-midade\/\" class=\"_self\" target=\"_self\" >Encontro Internacional e Assembleia Geral do MIDADE<\/a><\/h5>\n<div class=\"pt-cv-meta-fields\"><span class=\"entry-date\"> <time datetime=\"2019-05-15T17:24:27+00:00\">Maio 15, 2019<\/time><\/span><\/div><\/div><\/div>\n<div class=\"col-md-3 col-sm-6 col-xs-12 pt-cv-content-item pt-cv-1-col\" ><div class='pt-cv-ifield'><a href=\"https:\/\/sites.ecclesia.pt\/maac\/2015\/06\/01\/comunicado-do-maac-dia-mundial-da-crianca-2015\/\" class=\"_self pt-cv-href-thumbnail pt-cv-thumb-default\" target=\"_self\" ><img width=\"400\" height=\"284\" src=\"https:\/\/sites.ecclesia.pt\/maac\/wp-content\/uploads\/2012\/03\/enca4-400x284.jpg\" class=\"pt-cv-thumbnail\" alt=\"\" decoding=\"async\" loading=\"lazy\" \/><\/a>\n<h5 class=\"pt-cv-title\"><a href=\"https:\/\/sites.ecclesia.pt\/maac\/2015\/06\/01\/comunicado-do-maac-dia-mundial-da-crianca-2015\/\" class=\"_self\" target=\"_self\" >Comunicado do MAAC &#8211; Dia Mundial da Crian\u00e7a 2015<\/a><\/h5>\n<div class=\"pt-cv-meta-fields\"><span class=\"entry-date\"> <time datetime=\"2015-06-01T21:21:02+00:00\">Junho 1, 2015<\/time><\/span><\/div><\/div><\/div>\n<div class=\"col-md-3 col-sm-6 col-xs-12 pt-cv-content-item pt-cv-1-col\" ><div class='pt-cv-ifield'><a href=\"https:\/\/sites.ecclesia.pt\/maac\/2014\/06\/21\/todos-nos-formamos-uma-corrente-solidaria-a-volta-do-mundo\/\" class=\"_self pt-cv-href-thumbnail pt-cv-thumb-default\" target=\"_self\" ><img width=\"400\" height=\"284\" src=\"https:\/\/sites.ecclesia.pt\/maac\/wp-content\/uploads\/2014\/06\/foto-assembleia-400x284.jpg\" class=\"pt-cv-thumbnail\" alt=\"\" decoding=\"async\" loading=\"lazy\" \/><\/a>\n<h5 class=\"pt-cv-title\"><a href=\"https:\/\/sites.ecclesia.pt\/maac\/2014\/06\/21\/todos-nos-formamos-uma-corrente-solidaria-a-volta-do-mundo\/\" class=\"_self\" target=\"_self\" >14\u00aa Assembleia Nacional do MAAC<\/a><\/h5>\n<div class=\"pt-cv-meta-fields\"><span class=\"entry-date\"> <time datetime=\"2014-06-21T18:47:45+00:00\">Junho 21, 2014<\/time><\/span><\/div><\/div><\/div>\n<div class=\"col-md-3 col-sm-6 col-xs-12 pt-cv-content-item pt-cv-1-col\" ><div class='pt-cv-ifield'><a href=\"https:\/\/sites.ecclesia.pt\/maac\/2014\/03\/06\/mensagem-das-criancas-do-maac-de-portugal-para-a-siria\/\" class=\"_self pt-cv-href-thumbnail pt-cv-thumb-default\" target=\"_self\" ><img width=\"400\" height=\"284\" src=\"https:\/\/sites.ecclesia.pt\/maac\/wp-content\/uploads\/2014\/03\/l1120593-400x284.jpg\" class=\"pt-cv-thumbnail\" alt=\"\" decoding=\"async\" loading=\"lazy\" \/><\/a>\n<h5 class=\"pt-cv-title\"><a href=\"https:\/\/sites.ecclesia.pt\/maac\/2014\/03\/06\/mensagem-das-criancas-do-maac-de-portugal-para-a-siria\/\" class=\"_self\" target=\"_self\" >Mensagem das crian\u00e7as do MAAC de Portugal para a S\u00edria<\/a><\/h5>\n<div class=\"pt-cv-meta-fields\"><span class=\"entry-date\"> <time datetime=\"2014-03-06T17:32:35+00:00\">Mar\u00e7o 6, 2014<\/time><\/span><\/div><\/div><\/div>\n<div class=\"col-md-3 col-sm-6 col-xs-12 pt-cv-content-item pt-cv-1-col\" ><div class='pt-cv-ifield'><a href=\"https:\/\/sites.ecclesia.pt\/maac\/2014\/02\/20\/encontro-nacional-de-delegados-2014\/\" class=\"_self pt-cv-href-thumbnail pt-cv-thumb-default\" target=\"_self\" ><img width=\"400\" height=\"284\" src=\"https:\/\/sites.ecclesia.pt\/maac\/wp-content\/uploads\/2014\/02\/inscrio-end-2014-page-001-400x284.jpg\" class=\"pt-cv-thumbnail\" alt=\"\" decoding=\"async\" loading=\"lazy\" \/><\/a>\n<h5 class=\"pt-cv-title\"><a href=\"https:\/\/sites.ecclesia.pt\/maac\/2014\/02\/20\/encontro-nacional-de-delegados-2014\/\" class=\"_self\" target=\"_self\" >Encontro Nacional de Delegados &#8211; 2014<\/a><\/h5>\n<div class=\"pt-cv-meta-fields\"><span class=\"entry-date\"> <time datetime=\"2014-02-20T19:10:58+00:00\">Fevereiro 20, 2014<\/time><\/span><\/div><\/div><\/div>\n<div class=\"col-md-3 col-sm-6 col-xs-12 pt-cv-content-item pt-cv-1-col\" ><div class='pt-cv-ifield'><a href=\"https:\/\/sites.ecclesia.pt\/maac\/2012\/08\/08\/o-que-nos-une-acampamento-interdiocesano\/\" class=\"_self pt-cv-href-thumbnail pt-cv-thumb-default\" target=\"_self\" ><img width=\"400\" height=\"284\" src=\"https:\/\/sites.ecclesia.pt\/maac\/wp-content\/uploads\/2012\/08\/527142_420715804636605_1984293879_n-400x284.jpg\" class=\"pt-cv-thumbnail\" alt=\"\" decoding=\"async\" loading=\"lazy\" \/><\/a>\n<h5 class=\"pt-cv-title\"><a href=\"https:\/\/sites.ecclesia.pt\/maac\/2012\/08\/08\/o-que-nos-une-acampamento-interdiocesano\/\" class=\"_self\" target=\"_self\" >\u201cO que nos une?\u201d &#8211; Acampamento Interdiocesano<\/a><\/h5>\n<div class=\"pt-cv-meta-fields\"><span class=\"entry-date\"> <time datetime=\"2012-08-08T18:42:42+00:00\">Agosto 8, 2012<\/time><\/span><\/div><\/div><\/div>\n<div class=\"col-md-3 col-sm-6 col-xs-12 pt-cv-content-item pt-cv-1-col\" ><div class='pt-cv-ifield'><a href=\"https:\/\/sites.ecclesia.pt\/maac\/2012\/06\/04\/midade\/\" class=\"_self pt-cv-href-thumbnail pt-cv-thumb-default\" target=\"_self\" ><img width=\"284\" height=\"150\" src=\"https:\/\/sites.ecclesia.pt\/maac\/wp-content\/uploads\/2012\/06\/logo-midade.jpg\" class=\"pt-cv-thumbnail\" alt=\"\" decoding=\"async\" loading=\"lazy\" \/><\/a>\n<h5 class=\"pt-cv-title\"><a href=\"https:\/\/sites.ecclesia.pt\/maac\/2012\/06\/04\/midade\/\" class=\"_self\" target=\"_self\" >Dia do MIDADE<\/a><\/h5>\n<div class=\"pt-cv-meta-fields\"><span class=\"entry-date\"> <time datetime=\"2012-06-04T17:27:20+00:00\">Junho 4, 2012<\/time><\/span><\/div><\/div><\/div>\n<div class=\"col-md-3 col-sm-6 col-xs-12 pt-cv-content-item pt-cv-1-col\" ><div class='pt-cv-ifield'><a href=\"https:\/\/sites.ecclesia.pt\/maac\/2012\/03\/27\/enca-2012\/\" class=\"_self pt-cv-href-thumbnail pt-cv-thumb-default\" target=\"_self\" ><img width=\"400\" height=\"284\" src=\"https:\/\/sites.ecclesia.pt\/maac\/wp-content\/uploads\/2012\/03\/enca4-400x284.jpg\" class=\"pt-cv-thumbnail\" alt=\"\" decoding=\"async\" loading=\"lazy\" \/><\/a>\n<h5 class=\"pt-cv-title\"><a href=\"https:\/\/sites.ecclesia.pt\/maac\/2012\/03\/27\/enca-2012\/\" class=\"_self\" target=\"_self\" >novo! ENCA 2012 &#8211; fotos e artigo<\/a><\/h5>\n<div class=\"pt-cv-meta-fields\"><span class=\"entry-date\"> <time datetime=\"2012-03-27T14:22:56+00:00\">Mar\u00e7o 27, 2012<\/time><\/span><\/div><\/div><\/div><\/div><\/div>\n<div class=\" pt-cv-pagination-wrapper\"><ul class=\"pt-cv-pagination pt-cv-ajax pagination\" data-totalpages=\"2\" data-currentpage=\"1\" data-sid=\"50cd39fkr3\" data-unid=\"\" data-isblock=\"\" data-postid=\"\"><li class=\"active\"><a href=\"#\">1<\/a><\/li>\n\t<li ><a class=\"\" href=\"https:\/\/sites.ecclesia.pt\/maac\/wp-json\/wp\/v2\/pages\/69\/?_page=2\">2<\/a><\/li>\n\t<li ><a class=\" \" href=\"https:\/\/sites.ecclesia.pt\/maac\/wp-json\/wp\/v2\/pages\/69\/?_page=2\">&rsaquo;<\/a><\/li>\n\t<\/ul><img loading=\"lazy\" decoding=\"async\" width=\"15\" height=\"15\" class=\"pt-cv-spinner\" alt=\"Loading...\" src=\"data:image\/gif;base64,R0lGODlhDwAPALMPAMrKygwMDJOTkz09PZWVla+vr3p6euTk5M7OzuXl5TMzMwAAAJmZmWZmZszMzP\/\/\/yH\/C05FVFNDQVBFMi4wAwEAAAAh+QQFCgAPACwAAAAADwAPAAAEQvDJaZaZOIcV8iQK8VRX4iTYoAwZ4iCYoAjZ4RxejhVNoT+mRGP4cyF4Pp0N98sBGIBMEMOotl6YZ3S61Bmbkm4mAgAh+QQFCgAPACwAAAAADQANAAAENPDJSRSZeA418itN8QiK8BiLITVsFiyBBIoYqnoewAD4xPw9iY4XLGYSjkQR4UAUD45DLwIAIfkEBQoADwAsAAAAAA8ACQAABC\/wyVlamTi3nSdgwFNdhEJgTJoNyoB9ISYoQmdjiZPcj7EYCAeCF1gEDo4Dz2eIAAAh+QQFCgAPACwCAAAADQANAAAEM\/DJBxiYeLKdX3IJZT1FU0iIg2RNKx3OkZVnZ98ToRD4MyiDnkAh6BkNC0MvsAj0kMpHBAAh+QQFCgAPACwGAAAACQAPAAAEMDC59KpFDll73HkAA2wVY5KgiK5b0RRoI6MuzG6EQqCDMlSGheEhUAgqgUUAFRySIgAh+QQFCgAPACwCAAIADQANAAAEM\/DJKZNLND\/kkKaHc3xk+QAMYDKsiaqmZCxGVjSFFCxB1vwy2oOgIDxuucxAMTAJFAJNBAAh+QQFCgAPACwAAAYADwAJAAAEMNAs86q1yaWwwv2Ig0jUZx3OYa4XoRAfwADXoAwfo1+CIjyFRuEho60aSNYlOPxEAAAh+QQFCgAPACwAAAIADQANAAAENPA9s4y8+IUVcqaWJ4qEQozSoAzoIyhCK2NFU2SJk0hNnyEOhKR2AzAAj4Pj4GE4W0bkJQIAOw==\" \/><div class=\"clear pt-cv-clear-pagination\"><\/div><\/div><\/div><\/p>\n","protected":false},"author":1,"featured_media":0,"parent":0,"menu_order":0,"comment_status":"closed","ping_status":"closed","template":"","meta":{"_et_pb_use_builder":"on","_et_pb_old_content":"<p>[pt_view id=\"50cd39fkr3\"]<\/p>","_et_gb_content_width":"","footnotes":""},"class_list":["post-69","page","type-page","status-publish","hentry"],"_links":{"self":[{"href":"https:\/\/sites.ecclesia.pt\/maac\/wp-json\/wp\/v2\/pages\/69","targetHints":{"allow":["GET"]}}],"collection":[{"href":"https:\/\/sites.ecclesia.pt\/maac\/wp-json\/wp\/v2\/pages"}],"about":[{"href":"https:\/\/sites.ecclesia.pt\/maac\/wp-json\/wp\/v2\/types\/page"}],"author":[{"embeddable":true,"href":"https:\/\/sites.ecclesia.pt\/maac\/wp-json\/wp\/v2\/users\/1"}],"replies":[{"embeddable":true,"href":"https:\/\/sites.ecclesia.pt\/maac\/wp-json\/wp\/v2\/comments?post=69"}],"version-history":[{"count":2,"href":"https:\/\/sites.ecclesia.pt\/maac\/wp-json\/wp\/v2\/pages\/69\/revisions"}],"predecessor-version":[{"id":196,"href":"https:\/\/sites.ecclesia.pt\/maac\/wp-json\/wp\/v2\/pages\/69\/revisions\/196"}],"wp:attachment":[{"href":"https:\/\/sites.ecclesia.pt\/maac\/wp-json\/wp\/v2\/media?parent=69"}],"curies":[{"name":"wp","href":"https:\/\/api.w.org\/{rel}","templated":true}]}}